{"id":8015,"date":"2020-12-29T12:29:06","date_gmt":"2020-12-29T12:29:06","guid":{"rendered":"https:\/\/www.les-sablons.com\/canal-du-midi\/"},"modified":"2021-09-06T13:25:53","modified_gmt":"2021-09-06T13:25:53","slug":"canal-du-midi","status":"publish","type":"page","link":"https:\/\/www.les-sablons.com\/nl\/sehenswertes\/canal-du-midi\/","title":{"rendered":"Canal du Midi"},"content":{"rendered":"<p>[et_pb_section fb_built=&#8221;1&#8243; fullwidth=&#8221;on&#8221; module_class=&#8221;ls_top_slide&#8221; _builder_version=&#8221;4.7.7&#8243; _module_preset=&#8221;default&#8221;][et_pb_fullwidth_slider show_arrows=&#8221;off&#8221; show_pagination=&#8221;off&#8221; _builder_version=&#8221;4.7.7&#8243; _module_preset=&#8221;default&#8221; auto=&#8221;on&#8221;][et_pb_slide heading=&#8221;CANAL DU MIDI&#8221; admin_title=&#8221;LE CANAL DU MIDI&#8221; _builder_version=&#8221;4.7.7&#8243; _module_preset=&#8221;default&#8221; background_image=&#8221;https:\/\/www.les-sablons.com\/wp-content\/uploads\/2020\/12\/CANAL-MIDI-2015-1030&#215;684-1.jpg&#8221; background_enable_image=&#8221;on&#8221; sticky_transition=&#8221;on&#8221;][\/et_pb_slide][et_pb_slide heading=&#8221;CANAL DU MIDI&#8221; admin_title=&#8221;En p\u00e9niche, \u00e0 pied ou \u00e0 v\u00e9lo!&#8221; _builder_version=&#8221;4.7.7&#8243; _module_preset=&#8221;default&#8221; background_image=&#8221;https:\/\/www.les-sablons.com\/wp-content\/uploads\/2020\/12\/CANAL-MIDI-2015-7-1030&#215;688-1.jpg&#8221; background_enable_image=&#8221;on&#8221; sticky_transition=&#8221;on&#8221;][\/et_pb_slide][et_pb_slide heading=&#8221;CANAL DU MIDI&#8221; admin_title=&#8221;En p\u00e9niche, \u00e0 pied ou \u00e0 v\u00e9lo!&#8221; _builder_version=&#8221;4.7.7&#8243; _module_preset=&#8221;default&#8221; background_image=&#8221;https:\/\/www.les-sablons.com\/wp-content\/uploads\/2021\/01\/CANAL-MIDI-2015-5-1500&#215;1001-1.jpg&#8221; background_enable_image=&#8221;on&#8221; sticky_transition=&#8221;on&#8221;][\/et_pb_slide][\/et_pb_fullwidth_slider][\/et_pb_section][et_pb_section fb_built=&#8221;1&#8243; _builder_version=&#8221;4.3.2&#8243; vertical_offset_tablet=&#8221;0&#8243; horizontal_offset_tablet=&#8221;0&#8243; custom_padding=&#8221;||0px|&#8221; z_index_tablet=&#8221;0&#8243; box_shadow_horizontal_tablet=&#8221;0px&#8221; box_shadow_vertical_tablet=&#8221;0px&#8221; box_shadow_blur_tablet=&#8221;40px&#8221; box_shadow_spread_tablet=&#8221;0px&#8221;][et_pb_row custom_padding_last_edited=&#8221;on|desktop&#8221; _builder_version=&#8221;4.3.2&#8243; custom_margin=&#8221;||||false|false&#8221; custom_padding=&#8221;||||false|false&#8221; custom_padding_tablet=&#8221;||0px||false|false&#8221; custom_padding_phone=&#8221;&#8221;][et_pb_column type=&#8221;4_4&#8243; _builder_version=&#8221;4.3.2&#8243;][et_pb_text admin_label=&#8221;En p\u00e9niche, \u00e0 pied ou \u00e0 v\u00e9lo!&#8221; _builder_version=&#8221;4.7.7&#8243; header_2_font_size=&#8221;30px&#8221; vertical_offset_tablet=&#8221;0&#8243; horizontal_offset_tablet=&#8221;0&#8243; header_2_font_size_tablet=&#8221;25px&#8221; header_2_font_size_phone=&#8221;&#8221; header_2_font_size_last_edited=&#8221;on|desktop&#8221; z_index_tablet=&#8221;0&#8243; text_text_shadow_horizontal_length_tablet=&#8221;0px&#8221; text_text_shadow_vertical_length_tablet=&#8221;0px&#8221; text_text_shadow_blur_strength_tablet=&#8221;1px&#8221; link_text_shadow_horizontal_length_tablet=&#8221;0px&#8221; link_text_shadow_vertical_length_tablet=&#8221;0px&#8221; link_text_shadow_blur_strength_tablet=&#8221;1px&#8221; ul_text_shadow_horizontal_length_tablet=&#8221;0px&#8221; ul_text_shadow_vertical_length_tablet=&#8221;0px&#8221; ul_text_shadow_blur_strength_tablet=&#8221;1px&#8221; ol_text_shadow_horizontal_length_tablet=&#8221;0px&#8221; ol_text_shadow_vertical_length_tablet=&#8221;0px&#8221; ol_text_shadow_blur_strength_tablet=&#8221;1px&#8221; quote_text_shadow_horizontal_length_tablet=&#8221;0px&#8221; quote_text_shadow_vertical_length_tablet=&#8221;0px&#8221; quote_text_shadow_blur_strength_tablet=&#8221;1px&#8221; header_text_shadow_horizontal_length_tablet=&#8221;0px&#8221; header_text_shadow_vertical_length_tablet=&#8221;0px&#8221; header_text_shadow_blur_strength_tablet=&#8221;1px&#8221; header_2_text_shadow_horizontal_length_tablet=&#8221;0px&#8221; header_2_text_shadow_vertical_length_tablet=&#8221;0px&#8221; header_2_text_shadow_blur_strength_tablet=&#8221;1px&#8221; header_3_text_shadow_horizontal_length_tablet=&#8221;0px&#8221; header_3_text_shadow_vertical_length_tablet=&#8221;0px&#8221; header_3_text_shadow_blur_strength_tablet=&#8221;1px&#8221; header_4_text_shadow_horizontal_length_tablet=&#8221;0px&#8221; header_4_text_shadow_vertical_length_tablet=&#8221;0px&#8221; header_4_text_shadow_blur_strength_tablet=&#8221;1px&#8221; header_5_text_shadow_horizontal_length_tablet=&#8221;0px&#8221; header_5_text_shadow_vertical_length_tablet=&#8221;0px&#8221; header_5_text_shadow_blur_strength_tablet=&#8221;1px&#8221; header_6_text_shadow_horizontal_length_tablet=&#8221;0px&#8221; header_6_text_shadow_vertical_length_tablet=&#8221;0px&#8221; header_6_text_shadow_blur_strength_tablet=&#8221;1px&#8221; box_shadow_horizontal_tablet=&#8221;0px&#8221; box_shadow_vertical_tablet=&#8221;0px&#8221; box_shadow_blur_tablet=&#8221;40px&#8221; box_shadow_spread_tablet=&#8221;0px&#8221;]<\/p>\n<h2 class=\"av-special-heading-tag\">RONDVAARTBOOT , TE VOET OF MET DE FIETS !<\/h2>\n<p>[\/et_pb_text][\/et_pb_column][\/et_pb_row][et_pb_row column_structure=&#8221;1_2,1_2&#8243; use_custom_gutter=&#8221;on&#8221; make_equal=&#8221;on&#8221; custom_padding_last_edited=&#8221;on|desktop&#8221; _builder_version=&#8221;4.3.2&#8243; vertical_offset_tablet=&#8221;0&#8243; horizontal_offset_tablet=&#8221;0&#8243; custom_padding_tablet=&#8221;0px||||false|false&#8221; custom_padding_phone=&#8221;&#8221; z_index_tablet=&#8221;0&#8243; box_shadow_horizontal_tablet=&#8221;0px&#8221; box_shadow_vertical_tablet=&#8221;0px&#8221; box_shadow_blur_tablet=&#8221;40px&#8221; box_shadow_spread_tablet=&#8221;0px&#8221;][et_pb_column type=&#8221;1_2&#8243; _builder_version=&#8221;4.3.2&#8243;][et_pb_text admin_label=&#8221;1km, direction les terres, apr\u00e8s la sortie du camping,&#8221; _builder_version=&#8221;4.7.7&#8243; vertical_offset_tablet=&#8221;0&#8243; horizontal_offset_tablet=&#8221;0&#8243; text_orientation=&#8221;justified&#8221; z_index_tablet=&#8221;0&#8243; text_orientation_tablet=&#8221;center&#8221; text_orientation_phone=&#8221;&#8221; text_orientation_last_edited=&#8221;on|tablet&#8221; text_text_shadow_horizontal_length_tablet=&#8221;0px&#8221; text_text_shadow_vertical_length_tablet=&#8221;0px&#8221; text_text_shadow_blur_strength_tablet=&#8221;1px&#8221; link_text_shadow_horizontal_length_tablet=&#8221;0px&#8221; link_text_shadow_vertical_length_tablet=&#8221;0px&#8221; link_text_shadow_blur_strength_tablet=&#8221;1px&#8221; ul_text_shadow_horizontal_length_tablet=&#8221;0px&#8221; ul_text_shadow_vertical_length_tablet=&#8221;0px&#8221; ul_text_shadow_blur_strength_tablet=&#8221;1px&#8221; ol_text_shadow_horizontal_length_tablet=&#8221;0px&#8221; ol_text_shadow_vertical_length_tablet=&#8221;0px&#8221; ol_text_shadow_blur_strength_tablet=&#8221;1px&#8221; quote_text_shadow_horizontal_length_tablet=&#8221;0px&#8221; quote_text_shadow_vertical_length_tablet=&#8221;0px&#8221; quote_text_shadow_blur_strength_tablet=&#8221;1px&#8221; header_text_shadow_horizontal_length_tablet=&#8221;0px&#8221; header_text_shadow_vertical_length_tablet=&#8221;0px&#8221; header_text_shadow_blur_strength_tablet=&#8221;1px&#8221; header_2_text_shadow_horizontal_length_tablet=&#8221;0px&#8221; header_2_text_shadow_vertical_length_tablet=&#8221;0px&#8221; header_2_text_shadow_blur_strength_tablet=&#8221;1px&#8221; header_3_text_shadow_horizontal_length_tablet=&#8221;0px&#8221; header_3_text_shadow_vertical_length_tablet=&#8221;0px&#8221; header_3_text_shadow_blur_strength_tablet=&#8221;1px&#8221; header_4_text_shadow_horizontal_length_tablet=&#8221;0px&#8221; header_4_text_shadow_vertical_length_tablet=&#8221;0px&#8221; header_4_text_shadow_blur_strength_tablet=&#8221;1px&#8221; header_5_text_shadow_horizontal_length_tablet=&#8221;0px&#8221; header_5_text_shadow_vertical_length_tablet=&#8221;0px&#8221; header_5_text_shadow_blur_strength_tablet=&#8221;1px&#8221; header_6_text_shadow_horizontal_length_tablet=&#8221;0px&#8221; header_6_text_shadow_vertical_length_tablet=&#8221;0px&#8221; header_6_text_shadow_blur_strength_tablet=&#8221;1px&#8221; box_shadow_horizontal_tablet=&#8221;0px&#8221; box_shadow_vertical_tablet=&#8221;0px&#8221; box_shadow_blur_tablet=&#8221;40px&#8221; box_shadow_spread_tablet=&#8221;0px&#8221;]<\/p>\n<p>1 km, vanaf de uitgang van de camping bevindt zich \u2018le Canal du Midi. Dit mooie kanaal wordt gekenmerkt door haar rustige water, haar platanen die de paden van schaduw voorzien, de Peniche (speciale boten), de narcissen \u2026<br \/>Als u ervoor kiest om naar links te gaan, dan kunt u een fietspad volgen naar Toulouse. Maar nog voor dat u daar aan komt kunt u reeds, de 9 sluizen van Fons\u00e9rannes bezichtigen (op 20km).<\/p>\n<p>[\/et_pb_text][\/et_pb_column][et_pb_column type=&#8221;1_2&#8243; _builder_version=&#8221;4.3.2&#8243;][et_pb_text admin_label=&#8221;Si vous choisissez de partir vers la droite (direction Vias),&#8221; _builder_version=&#8221;4.9.4&#8243; vertical_offset_tablet=&#8221;0&#8243; horizontal_offset_tablet=&#8221;0&#8243; text_orientation=&#8221;justified&#8221; hover_enabled=&#8221;0&#8243; z_index_tablet=&#8221;0&#8243; text_orientation_tablet=&#8221;center&#8221; text_orientation_phone=&#8221;&#8221; text_orientation_last_edited=&#8221;on|tablet&#8221; text_text_shadow_horizontal_length_tablet=&#8221;0px&#8221; text_text_shadow_vertical_length_tablet=&#8221;0px&#8221; text_text_shadow_blur_strength_tablet=&#8221;1px&#8221; link_text_shadow_horizontal_length_tablet=&#8221;0px&#8221; link_text_shadow_vertical_length_tablet=&#8221;0px&#8221; link_text_shadow_blur_strength_tablet=&#8221;1px&#8221; ul_text_shadow_horizontal_length_tablet=&#8221;0px&#8221; ul_text_shadow_vertical_length_tablet=&#8221;0px&#8221; ul_text_shadow_blur_strength_tablet=&#8221;1px&#8221; ol_text_shadow_horizontal_length_tablet=&#8221;0px&#8221; ol_text_shadow_vertical_length_tablet=&#8221;0px&#8221; ol_text_shadow_blur_strength_tablet=&#8221;1px&#8221; quote_text_shadow_horizontal_length_tablet=&#8221;0px&#8221; quote_text_shadow_vertical_length_tablet=&#8221;0px&#8221; quote_text_shadow_blur_strength_tablet=&#8221;1px&#8221; header_text_shadow_horizontal_length_tablet=&#8221;0px&#8221; header_text_shadow_vertical_length_tablet=&#8221;0px&#8221; header_text_shadow_blur_strength_tablet=&#8221;1px&#8221; header_2_text_shadow_horizontal_length_tablet=&#8221;0px&#8221; header_2_text_shadow_vertical_length_tablet=&#8221;0px&#8221; header_2_text_shadow_blur_strength_tablet=&#8221;1px&#8221; header_3_text_shadow_horizontal_length_tablet=&#8221;0px&#8221; header_3_text_shadow_vertical_length_tablet=&#8221;0px&#8221; header_3_text_shadow_blur_strength_tablet=&#8221;1px&#8221; header_4_text_shadow_horizontal_length_tablet=&#8221;0px&#8221; header_4_text_shadow_vertical_length_tablet=&#8221;0px&#8221; header_4_text_shadow_blur_strength_tablet=&#8221;1px&#8221; header_5_text_shadow_horizontal_length_tablet=&#8221;0px&#8221; header_5_text_shadow_vertical_length_tablet=&#8221;0px&#8221; header_5_text_shadow_blur_strength_tablet=&#8221;1px&#8221; header_6_text_shadow_horizontal_length_tablet=&#8221;0px&#8221; header_6_text_shadow_vertical_length_tablet=&#8221;0px&#8221; header_6_text_shadow_blur_strength_tablet=&#8221;1px&#8221; box_shadow_horizontal_tablet=&#8221;0px&#8221; box_shadow_vertical_tablet=&#8221;0px&#8221; box_shadow_blur_tablet=&#8221;40px&#8221; box_shadow_spread_tablet=&#8221;0px&#8221; sticky_enabled=&#8221;0&#8243;]<\/p>\n<p>En mocht de Tramontagne (de regionale koele wind) aanwezig zijn, dan is het een garantie dat deze op de heenweg een tegenwind is en op de terugweg voor een steun in de rug zorgt.<br \/>U kunt er ook voor kiezen om rechtsaf in de richting van Vias gaan. Dit wandelpad -10 km heen\/terug- tot aan de bijzondere sluizen van Libron, is tevens zeer geliefd bij joggers. Voor de \u2018zoetwatervaarders\u2019 is er tevens de mogelijkheid om een boot (4 tot 8 pers.) te huren; een vaarbewijs is hier niet voor nodig.<\/p>\n<p><a href=\"https:\/\/www.les-sablons.com\/nl\/natuur-en-cultuur\/\">Ontdek hier meer activiteiten.<\/a><\/p>\n<p>[\/et_pb_text][\/et_pb_column][\/et_pb_row][\/et_pb_section][et_pb_section fb_built=&#8221;1&#8243; use_custom_gutter=&#8221;on&#8221; _builder_version=&#8221;4.7.7&#8243; width=&#8221;100%&#8221; max_width=&#8221;95%&#8221;][et_pb_row _builder_version=&#8221;4.7.7&#8243; _module_preset=&#8221;default&#8221;][et_pb_column type=&#8221;4_4&#8243; _builder_version=&#8221;4.7.7&#8243; _module_preset=&#8221;default&#8221;][et_pb_gallery gallery_ids=&#8221;5307,5311,5315,5319,5323,5327,5331,5335&#8243; posts_number=&#8221;8&#8243; show_title_and_caption=&#8221;off&#8221; _builder_version=&#8221;4.7.7&#8243; _module_preset=&#8221;default&#8221;][\/et_pb_gallery][\/et_pb_column][\/et_pb_row][\/et_pb_section][et_pb_section fb_built=&#8221;1&#8243; fullwidth=&#8221;on&#8221; _builder_version=&#8221;4.6.1&#8243; _module_preset=&#8221;default&#8221;][et_pb_fullwidth_code _builder_version=&#8221;4.6.1&#8243; _module_preset=&#8221;default&#8221;][\/et_pb_fullwidth_code][\/et_pb_section][et_pb_section fb_built=&#8221;1&#8243; module_class=&#8221;ls_link_before_footer&#8221; _builder_version=&#8221;4.7.7&#8243; background_color=&#8221;#afd4dd&#8221; global_module=&#8221;4180&#8243;][et_pb_row _builder_version=&#8221;4.3.2&#8243;][et_pb_column type=&#8221;4_4&#8243; _builder_version=&#8221;4.3.2&#8243;][et_pb_text admin_label=&#8221;CAMPING 5* LES SABLONS&#8221; module_class=&#8221;texte-cloud&#8221; _builder_version=&#8221;4.7.7&#8243; text_text_color=&#8221;#463c3c&#8221; text_font_size=&#8221;15px&#8221; header_2_font_size=&#8221;30px&#8221; header_3_font_size=&#8221;30px&#8221; header_2_font_size_tablet=&#8221;25px&#8221; header_2_font_size_phone=&#8221;&#8221; header_2_font_size_last_edited=&#8221;on|desktop&#8221; header_3_font_size_tablet=&#8221;25px&#8221; header_3_font_size_phone=&#8221;&#8221; header_3_font_size_last_edited=&#8221;on|desktop&#8221;]<\/p>\n<h3>CAMPING 5*<br \/>LES SABLONS<\/h3>\n<p>Een onafhankelijke familiecamping vanaf de opening ( 1969)<\/p>\n<p>[\/et_pb_text][\/et_pb_column][\/et_pb_row][et_pb_row column_structure=&#8221;1_3,1_3,1_3&#8243; use_custom_gutter=&#8221;on&#8221; gutter_width=&#8221;2&#8243; make_equal=&#8221;on&#8221; _builder_version=&#8221;4.3.2&#8243;][et_pb_column type=&#8221;1_3&#8243; _builder_version=&#8221;4.3.2&#8243;][et_pb_blurb title=&#8221;DE PLAATS&#8221; image=&#8221;https:\/\/www.les-sablons.com\/wp-content\/uploads\/2020\/12\/camping-les-sablons-le-lieu-1-11.jpg&#8221; admin_label=&#8221;DE PLAATS&#8221; _builder_version=&#8221;4.7.7&#8243; custom_css_blurb_image=&#8221;margin-left: -16px;&#8221; custom_css_blurb_title=&#8221;margin-top: -10px;&#8221;]<\/p>\n<p>Directe toegang tot het strand<br \/>De natuur overal aanwezig<br \/>Het gevoel van ruimte<br \/>De gematigde lucht van de kuststrook<\/p>\n<p>[\/et_pb_blurb][\/et_pb_column][et_pb_column type=&#8221;1_3&#8243; _builder_version=&#8221;4.3.2&#8243;][et_pb_blurb title=&#8221;DE SFEER&#8221; image=&#8221;https:\/\/www.les-sablons.com\/wp-content\/uploads\/2020\/12\/camping-les-sablons-l-ambiance-1-1-1.jpg&#8221; admin_label=&#8221;DE SFEER&#8221; _builder_version=&#8221;4.7.7&#8243; custom_css_blurb_image=&#8221;margin-left: -16px;&#8221; custom_css_blurb_title=&#8221;margin-top: -10px;&#8221;]<\/p>\n<p>Het animatie programma<br \/>De gecombineerde energie\u00ebn op 1 plek<br \/>De Europese smeltkroes<br \/>Communicatieve vreugde van de kinderen<\/p>\n<p>[\/et_pb_blurb][\/et_pb_column][et_pb_column type=&#8221;1_3&#8243; _builder_version=&#8221;4.3.2&#8243;][et_pb_blurb title=&#8221;HET WATERPARK&#8221; image=&#8221;https:\/\/www.les-sablons.com\/wp-content\/uploads\/2020\/12\/camping-les-sablons-parc-aquatique-1.jpg&#8221; admin_label=&#8221;HET WATERPARK&#8221; _builder_version=&#8221;4.7.7&#8243; custom_css_blurb_image=&#8221;margin-left: -16px;&#8221; custom_css_blurb_title=&#8221;margin-top: -10px;&#8221;]<\/p>\n<p>1 zwembad om te spelen, 1 om te zwemmen<br \/>1 pierenbad, 5 glijbanen<br \/>1 Ontspanningszwembad alleen voor volwassenen<br \/>Verwarmd en altijd onder toezicht<\/p>\n<p>[\/et_pb_blurb][\/et_pb_column][\/et_pb_row][et_pb_row column_structure=&#8221;1_3,1_3,1_3&#8243; use_custom_gutter=&#8221;on&#8221; gutter_width=&#8221;2&#8243; make_equal=&#8221;on&#8221; _builder_version=&#8221;4.3.2&#8243;][et_pb_column type=&#8221;1_3&#8243; _builder_version=&#8221;4.3.2&#8243;][et_pb_blurb title=&#8221;KEUZE&#8221; image=&#8221;https:\/\/www.les-sablons.com\/wp-content\/uploads\/2020\/12\/camping-les-sablons-le-choix-1.jpg&#8221; admin_label=&#8221;KEUZE&#8221; _builder_version=&#8221;4.7.7&#8243; custom_css_blurb_image=&#8221;margin-left: -16px;&#8221; custom_css_blurb_title=&#8221;margin-top: -10px;&#8221;]<\/p>\n<p>120 staanplaatsen voor caravans en tenten (nog steeds!)<br \/>Mobil-Homes, Chalets<br \/>Lodge tenten &amp; V.I.P gedeelte<br \/>Alle Mobile homes en Chalets geclimatiseerd<\/p>\n<p>[\/et_pb_blurb][\/et_pb_column][et_pb_column type=&#8221;1_3&#8243; _builder_version=&#8221;4.3.2&#8243;][et_pb_blurb title=&#8221;DE DIENSTEN&#8221; image=&#8221;https:\/\/www.les-sablons.com\/wp-content\/uploads\/2020\/12\/camping-les-sablons-les-services-1.jpg&#8221; admin_label=&#8221;DE DIENSTEN&#8221; _builder_version=&#8221;4.7.7&#8243; custom_css_blurb_image=&#8221;margin-left: -16px;&#8221; custom_css_blurb_title=&#8221;margin-top: -10px;&#8221;]<\/p>\n<p>Rastaurant, Bar, Supermarkt, Krantenwinkeltje, Fietsenverhuur, Food Trucks, Bakker, Pinautomaat ter plaatse, 7 dagen per week<br \/>Het infopunt voor activiteiten<\/p>\n<p>[\/et_pb_blurb][\/et_pb_column][et_pb_column type=&#8221;1_3&#8243; _builder_version=&#8221;4.3.2&#8243;][et_pb_blurb title=&#8221;EXTRA&#8221; image=&#8221;https:\/\/www.les-sablons.com\/wp-content\/uploads\/2020\/12\/camping-les-sablons-le-plus-1.jpg&#8221; admin_label=&#8221;EXTRA&#8221; _builder_version=&#8221;4.7.7&#8243; custom_css_blurb_image=&#8221;margin-left: -16px;&#8221; custom_css_blurb_title=&#8221;margin-top: -10px;&#8221;]<\/p>\n<p>Dag aankomst\/vertrek naar keuze<br \/>Onafhankelijke camping<br \/>50 jaar ervaring<br \/>Stamgasten die terugkomen<\/p>\n<p>[\/et_pb_blurb][\/et_pb_column][\/et_pb_row][\/et_pb_section][et_pb_section fb_built=&#8221;1&#8243; module_class=&#8221;footer-widgets&#8221; _builder_version=&#8221;4.7.7&#8243; background_color=&#8221;#3796aa&#8221; custom_padding=&#8221;0px||10px||false|false&#8221; global_module=&#8221;1035&#8243; saved_tabs=&#8221;all&#8221; collapsed=&#8221;off&#8221;][et_pb_row column_structure=&#8221;1_3,1_3,1_3&#8243; use_custom_gutter=&#8221;on&#8221; gutter_width=&#8221;2&#8243; make_equal=&#8221;on&#8221; disabled_on=&#8221;on|on|off&#8221; module_class=&#8221;footer-infos&#8221; _builder_version=&#8221;4.2.2&#8243; width=&#8221;100%&#8221; width_tablet=&#8221;auto&#8221; width_phone=&#8221;auto&#8221; width_last_edited=&#8221;on|phone&#8221; max_width=&#8221;1235px&#8221; max_width_tablet=&#8221;none&#8221; max_width_phone=&#8221;none&#8221; max_width_last_edited=&#8221;on|phone&#8221; custom_padding=&#8221;||10px||false|false&#8221;][et_pb_column type=&#8221;1_3&#8243; _builder_version=&#8221;4.2.2&#8243; custom_padding=&#8221;|||20px|false|false&#8221; custom_padding_tablet=&#8221;|||0px|false|false&#8221; custom_padding_phone=&#8221;&#8221; custom_padding_last_edited=&#8221;on|desktop&#8221;][et_pb_blurb title=&#8221;Hotline 7\/7j&#8221; admin_label=&#8221;Hotline 7\/7j&#8221; _builder_version=&#8221;4.7.7&#8243; header_font=&#8221;|||on|||||&#8221; header_text_color=&#8221;#ffffff&#8221; body_text_color=&#8221;#ffffff&#8221;]<\/p>\n<p class=\"ls_footer_social_2\">Stel ons al uw vragen van 9.00 uur tot 19.00 uur.<\/p>\n<p><a href=\"tel:+33467909055\"><span style=\"color: #ffffff; font-size: 16px;\">+33 4 67 90 90 55<\/span><\/a>[\/et_pb_blurb][\/et_pb_column][et_pb_column type=&#8221;1_3&#8243; _builder_version=&#8221;4.2.2&#8243;][et_pb_blurb title=&#8221;Volg ons&#8221; admin_label=&#8221;Volg ons&#8221; _builder_version=&#8221;4.7.7&#8243; header_font=&#8221;|||on|||||&#8221; header_text_color=&#8221;#ffffff&#8221; body_text_color=&#8221;#ffffff&#8221; custom_padding=&#8221;||0px||false|false&#8221; custom_css_main_element=&#8221;margin-bottom: 0 !important;&#8221;]<\/p>\n<p class=\"ls_footer_social\">Deel het kampeerleven met uw vrienden en familie<\/p>\n<p>[\/et_pb_blurb][et_pb_social_media_follow admin_label=&#8221;Follow us on social media&#8221; _builder_version=&#8221;4.7.7&#8243;][et_pb_social_media_follow_network social_network=&#8221;facebook&#8221; url=&#8221;https:\/\/www.facebook.com\/CampingClubLesSablons&#8221; icon_color=&#8221;#ffffff&#8221; _builder_version=&#8221;4.2.2&#8243; background_color=&#8221;rgba(59,89,152,0)&#8221; background_enable_color=&#8221;on&#8221; follow_button=&#8221;off&#8221; url_new_window=&#8221;on&#8221;]facebook[\/et_pb_social_media_follow_network][et_pb_social_media_follow_network social_network=&#8221;pinterest&#8221; url=&#8221;https:\/\/www.pinterest.fr\/campingsablons\/&#8221; icon_color=&#8221;#ffffff&#8221; _builder_version=&#8221;4.2.2&#8243; background_color=&#8221;rgba(203,32,39,0)&#8221; background_enable_color=&#8221;on&#8221; follow_button=&#8221;off&#8221; url_new_window=&#8221;on&#8221;]pinterest[\/et_pb_social_media_follow_network][et_pb_social_media_follow_network social_network=&#8221;youtube&#8221; url=&#8221;https:\/\/www.youtube.com\/channel\/UCJH1bcXs5nLomrHW-Efn-JA?feature=mhee&#8221; icon_color=&#8221;#ffffff&#8221; _builder_version=&#8221;4.2.2&#8243; background_color=&#8221;rgba(168,36,0,0)&#8221; background_enable_color=&#8221;on&#8221; follow_button=&#8221;off&#8221; url_new_window=&#8221;on&#8221;]youtube[\/et_pb_social_media_follow_network][et_pb_social_media_follow_network social_network=&#8221;instagram&#8221; url=&#8221;https:\/\/www.instagram.com\/campinglessablons\/&#8221; icon_color=&#8221;#ffffff&#8221; _builder_version=&#8221;4.2.2&#8243; background_color=&#8221;rgba(10,4,1,0)&#8221; background_enable_color=&#8221;on&#8221; follow_button=&#8221;off&#8221; url_new_window=&#8221;on&#8221;]instagram[\/et_pb_social_media_follow_network][\/et_pb_social_media_follow][\/et_pb_column][et_pb_column type=&#8221;1_3&#8243; _builder_version=&#8221;4.2.2&#8243;][et_pb_blurb title=&#8221;Nieuwsbrief&#8221; admin_label=&#8221;Nieuwsbrief&#8221; _builder_version=&#8221;4.7.7&#8243; header_font=&#8221;|||on|||||&#8221; header_text_color=&#8221;#ffffff&#8221; body_text_color=&#8221;#ffffff&#8221; custom_css_main_element=&#8221;margin-bottom: 0px !important;&#8221;]<\/p>\n<p>Ontvang nieuws en aanbiedingen van uw camping<\/p>\n<p>[\/et_pb_blurb][et_pb_code admin_label=&#8221;Code &#8211; Newsletter&#8221; _builder_version=&#8221;4.7.7&#8243; custom_margin=&#8221;-20px||||false|false&#8221;]<p><div class=\"tnp tnp-subscription \">\n<form method=\"post\" action=\"https:\/\/www.les-sablons.com\/nl\/?na=s\">\n\n<input type=\"hidden\" name=\"nlang\" value=\"nl\"><div class=\"tnp-field tnp-field-email\"><label for=\"tnp-1\">E-mail<\/label>\n<input class=\"tnp-email\" type=\"email\" name=\"ne\" id=\"tnp-1\" value=\"\" required><\/div>\n<div class=\"tnp-field tnp-field-button\"><input class=\"tnp-submit\" type=\"submit\" value=\"https:\/\/www.les-sablons.com\/wp-content\/uploads\/2020\/02\/send.png\" >\n<\/div>\n<\/form>\n<\/div>\n<\/p>[\/et_pb_code][\/et_pb_column][\/et_pb_row][et_pb_row disabled_on=&#8221;on|on|off&#8221; _builder_version=&#8221;4.2.2&#8243; width=&#8221;100%&#8221; width_tablet=&#8221;auto&#8221; width_phone=&#8221;auto&#8221; width_last_edited=&#8221;on|phone&#8221; max_width=&#8221;1235px&#8221; max_width_tablet=&#8221;none&#8221; max_width_phone=&#8221;none&#8221; max_width_last_edited=&#8221;on|phone&#8221; custom_margin=&#8221;0px||||false|false&#8221; custom_padding=&#8221;0px||0px||true|false&#8221;][et_pb_column type=&#8221;4_4&#8243; _builder_version=&#8221;4.2.2&#8243;][et_pb_divider color=&#8221;#333333&#8243; divider_position=&#8221;center&#8221; divider_weight=&#8221;1px&#8221; _builder_version=&#8221;4.7.7&#8243; module_alignment=&#8221;center&#8221; height=&#8221;1px&#8221;][\/et_pb_divider][\/et_pb_column][\/et_pb_row][et_pb_row column_structure=&#8221;2_3,1_3&#8243; use_custom_gutter=&#8221;on&#8221; gutter_width=&#8221;4&#8243; make_equal=&#8221;on&#8221; disabled_on=&#8221;on|on|off&#8221; module_class=&#8221;footer-recrutons&#8221; _builder_version=&#8221;4.2.2&#8243; width=&#8221;100%&#8221; width_tablet=&#8221;auto&#8221; width_phone=&#8221;auto&#8221; width_last_edited=&#8221;on|phone&#8221; max_width=&#8221;1235px&#8221; max_width_tablet=&#8221;none&#8221; max_width_phone=&#8221;none&#8221; max_width_last_edited=&#8221;on|phone&#8221;][et_pb_column type=&#8221;2_3&#8243; _builder_version=&#8221;4.2.2&#8243; custom_padding=&#8221;|||20px|false|false&#8221; custom_padding_tablet=&#8221;|||0px|false|false&#8221; custom_padding_phone=&#8221;&#8221; custom_padding_last_edited=&#8221;on|desktop&#8221;][et_pb_text admin_label=&#8221;Camping 5 \u00e9toiles Les Sablons&#8221; _builder_version=&#8221;4.7.7&#8243; text_text_color=&#8221;#ffffff&#8221; link_option_url=&#8221;https:\/\/www.google.fr\/maps\/place\/Camping+les+Sablons+5+%C3%A9toiles\/@43.2801167,3.3615559,17z\/data=!3m1!4b1!4m8!3m7!1s0x12b110cb8904248b:0xa4f1250526d3159!5m2!4m1!1i2!8m2!3d43.2801167!4d3.3637446&#8243; link_option_url_new_window=&#8221;on&#8221;]<\/p>\n<p>Camping 5 \u00e9toiles Les Sablons<br \/>Avenue des M\u00fbriers<br \/>34420 Portiragnes-Plage<br \/>France<\/p>\n<p>[\/et_pb_text][et_pb_text disabled_on=&#8221;off|off|off&#8221; admin_label=&#8221;Bouton &#8211; Menu&#8221; _builder_version=&#8221;4.7.7&#8243; text_text_color=&#8221;#ffffff&#8221;]<\/p>\n<div class=\"footer-button\">\n<a href=\"\/plan-dacces\/\" class=\"learn_more\">ROUTE<\/a>\n<\/div>\n<div class=\"footer-button\">\n<a href=\"\/contact\/\" class=\"learn_more\">CONTACTEER ONS<\/a>\n<\/div>\n<div class=\"footer-button\">\n<a href=\"\/questions-frequentes\/\" class=\"learn_more\">F.A.Q<\/a>\n<\/div>\n<div class=\"footer-button\">\n<a href=\"https:\/\/thelisresa.webcamp.fr\/formulaire.php?camping=sablons&#038;lang=nl\" class=\"learn_more\">RESERVEREN<\/a>\n<\/div>\n<p>[\/et_pb_text][\/et_pb_column][et_pb_column type=&#8221;1_3&#8243; _builder_version=&#8221;4.2.2&#8243;][et_pb_blurb title=&#8221;We huren&#8221; admin_label=&#8221;We huren&#8221; _builder_version=&#8221;4.7.7&#8243; header_font=&#8221;|||on|||||&#8221; header_text_color=&#8221;#ffffff&#8221; body_text_color=&#8221;#ffffff&#8221; custom_css_main_element=&#8221;margin-bottom: 20px !important;&#8221;]Elk seizoen werft Camping Les Sablons nieuwe medewerkers aan voor verschillende diensten:<br \/>\nAnimatie, zwembad, bar, receptie, groen en onderhoud, onderhoud en schoonmaak en meer!<br \/>\nSchroom niet om te solliciteren voor een seizoenscontract of een stage[\/et_pb_blurb][et_pb_button button_url=&#8221;https:\/\/careers.werecruit.io\/fr\/camping-les-sablons&#8221; url_new_window=&#8221;on&#8221; button_text=&#8221;Toepassen&#8221; button_alignment=&#8221;left&#8221; button_alignment_tablet=&#8221;center&#8221; button_alignment_phone=&#8221;&#8221; button_alignment_last_edited=&#8221;on|tablet&#8221; admin_label=&#8221;Bouton &#8211; Postuler&#8221; _builder_version=&#8221;4.7.7&#8243; custom_button=&#8221;on&#8221; button_text_size=&#8221;12px&#8221; button_text_color=&#8221;#ffffff&#8221; button_border_width=&#8221;1px&#8221; button_border_color=&#8221;#ffffff&#8221; button_font=&#8221;|||on|||||&#8221; button_use_icon=&#8221;off&#8221; button_text_size__hover_enabled=&#8221;on|hover&#8221; button_bg_color__hover_enabled=&#8221;on|hover&#8221; button_text_color__hover_enabled=&#8221;on|hover&#8221; button_text_color__hover=&#8221;#40a8c5&#8243; button_bg_color__hover=&#8221;#ffffff&#8221; button_bg_enable_color__hover=&#8221;on&#8221; button_border_color__hover_enabled=&#8221;on|desktop&#8221; button_border_color__hover=&#8221;#ffffff&#8221;][\/et_pb_button][\/et_pb_column][\/et_pb_row][et_pb_row disabled_on=&#8221;on|on|off&#8221; _builder_version=&#8221;4.2.2&#8243; width=&#8221;100%&#8221; width_tablet=&#8221;auto&#8221; width_phone=&#8221;auto&#8221; width_last_edited=&#8221;on|phone&#8221; max_width=&#8221;1235px&#8221; max_width_tablet=&#8221;none&#8221; max_width_phone=&#8221;&#8221; max_width_last_edited=&#8221;on|phone&#8221; custom_margin=&#8221;0px||||false|false&#8221; custom_padding=&#8221;0px||0px||true|false&#8221;][et_pb_column type=&#8221;4_4&#8243; _builder_version=&#8221;4.2.2&#8243;][et_pb_divider color=&#8221;#333333&#8243; divider_position=&#8221;center&#8221; divider_weight=&#8221;1px&#8221; _builder_version=&#8221;4.7.7&#8243; module_alignment=&#8221;center&#8221; height=&#8221;1px&#8221;][\/et_pb_divider][\/et_pb_column][\/et_pb_row][et_pb_row disabled_on=&#8221;off|off|on&#8221; _builder_version=&#8221;4.2.2&#8243;][et_pb_column type=&#8221;4_4&#8243; _builder_version=&#8221;4.2.2&#8243;][et_pb_blurb title=&#8221;Hotline 7\/7j&#8221; admin_label=&#8221;Hotline 7\/7j&#8221; module_class=&#8221;footer-info&#8221; _builder_version=&#8221;4.7.7&#8243; header_font=&#8221;|||on|||||&#8221; header_text_color=&#8221;#ffffff&#8221; body_text_color=&#8221;#ffffff&#8221; custom_css_main_element=&#8221;margin-bottom: 20px !important;&#8221;]Stel ons al uw vragen van 9.00 uur tot 19.00 uur.<br \/>\n<a href=\"tel:+33467909055\"><span style=\"color: #ffffff; font-size: 16px;\">+33 4 67 90 90 55<\/span><\/a>[\/et_pb_blurb][et_pb_divider color=&#8221;#9d1412&#8243; divider_position=&#8221;center&#8221; divider_weight=&#8221;1px&#8221; _builder_version=&#8221;4.2.2&#8243; module_alignment=&#8221;center&#8221; height=&#8221;1px&#8221;][\/et_pb_divider][et_pb_blurb title=&#8221;Nieuwsbrief&#8221; admin_label=&#8221;Nieuwsbrief&#8221; module_class=&#8221;footer-info&#8221; _builder_version=&#8221;4.7.7&#8243; header_font=&#8221;|||on|||||&#8221; header_text_color=&#8221;#ff4e1f&#8221; body_text_color=&#8221;#ffffff&#8221; custom_css_main_element=&#8221;margin-bottom: 0px !important;&#8221;]<\/p>\n<p>Ontvang nieuws en aanbiedingen van uw camping<\/p>\n<p>[\/et_pb_blurb][et_pb_code admin_label=&#8221;Code &#8211; Newsletter&#8221; _builder_version=&#8221;4.2.2&#8243; custom_margin=&#8221;-20px||||false|false&#8221;]<p><div class=\"tnp tnp-subscription \">\n<form method=\"post\" action=\"https:\/\/www.les-sablons.com\/nl\/?na=s\">\n\n<input type=\"hidden\" name=\"nlang\" value=\"nl\"><div class=\"tnp-field tnp-field-email\"><label for=\"tnp-3\">E-mail<\/label>\n<input class=\"tnp-email\" type=\"email\" name=\"ne\" id=\"tnp-3\" value=\"\" required><\/div>\n<div class=\"tnp-field tnp-field-button\"><input class=\"tnp-submit\" type=\"submit\" value=\"https:\/\/www.les-sablons.com\/wp-content\/uploads\/2020\/02\/send.png\" >\n<\/div>\n<\/form>\n<\/div>\n<\/p>[\/et_pb_code][et_pb_divider color=&#8221;#9d1412&#8243; divider_position=&#8221;center&#8221; divider_weight=&#8221;1px&#8221; _builder_version=&#8221;4.2.2&#8243; module_alignment=&#8221;center&#8221; height=&#8221;1px&#8221;][\/et_pb_divider][et_pb_blurb title=&#8221;We huren&#8221; admin_label=&#8221;We huren&#8221; module_class=&#8221;footer-info&#8221; _builder_version=&#8221;4.7.7&#8243; header_font=&#8221;|||on|||||&#8221; header_text_color=&#8221;#ff4e1f&#8221; body_text_color=&#8221;#ffffff&#8221; custom_css_main_element=&#8221;margin-bottom: 20px !important;&#8221;]Elk seizoen werft Camping Les Sablons nieuwe medewerkers aan voor verschillende diensten:<br \/>\nAnimatie, zwembad, bar, receptie, groen en onderhoud, onderhoud en schoonmaak en meer!<br \/>\nSchroom niet om te solliciteren voor een seizoenscontract of een stage[\/et_pb_blurb][et_pb_button button_url=&#8221;https:\/\/careers.werecruit.io\/fr\/camping-les-sablons&#8221; url_new_window=&#8221;on&#8221; button_text=&#8221;Toepassen&#8221; button_alignment=&#8221;left&#8221; button_alignment_tablet=&#8221;center&#8221; button_alignment_phone=&#8221;&#8221; button_alignment_last_edited=&#8221;on|tablet&#8221; admin_label=&#8221;Bouton &#8211; Postuler&#8221; _builder_version=&#8221;4.7.7&#8243; custom_button=&#8221;on&#8221; button_text_size=&#8221;12px&#8221; button_text_color=&#8221;#ffffff&#8221; button_border_width=&#8221;1px&#8221; button_border_color=&#8221;#ffffff&#8221; button_font=&#8221;|||on|||||&#8221; button_use_icon=&#8221;off&#8221; button_text_size__hover_enabled=&#8221;on|hover&#8221; button_bg_color__hover_enabled=&#8221;on|hover&#8221; button_text_color__hover_enabled=&#8221;on|desktop&#8221; button_text_color__hover=&#8221;#ffffff&#8221; button_bg_color__hover=&#8221;#eb1d1a&#8221; button_bg_enable_color__hover=&#8221;on&#8221; button_border_color__hover_enabled=&#8221;on|desktop&#8221; button_border_color__hover=&#8221;#eb1d1a&#8221;][\/et_pb_button][et_pb_divider color=&#8221;#9d1412&#8243; divider_position=&#8221;center&#8221; divider_weight=&#8221;1px&#8221; _builder_version=&#8221;4.2.2&#8243; module_alignment=&#8221;center&#8221; height=&#8221;1px&#8221;][\/et_pb_divider][et_pb_blurb title=&#8221;Volg ons&#8221; admin_label=&#8221;Volg ons&#8221; module_class=&#8221;footer-info&#8221; _builder_version=&#8221;4.7.7&#8243; header_font=&#8221;|||on|||||&#8221; header_text_color=&#8221;#ffffff&#8221; body_text_color=&#8221;#ffffff&#8221; custom_padding=&#8221;||0px||false|false&#8221; custom_css_main_element=&#8221;margin-bottom: 0 !important;&#8221;]<\/p>\n<p>Deel het kampeerleven met uw vrienden en familie<\/p>\n<p>[\/et_pb_blurb][et_pb_social_media_follow _builder_version=&#8221;4.7.7&#8243;][et_pb_social_media_follow_network social_network=&#8221;facebook&#8221; url=&#8221;https:\/\/www.facebook.com\/CampingClubLesSablons&#8221; icon_color=&#8221;#ffffff&#8221; _builder_version=&#8221;4.2.2&#8243; background_color=&#8221;rgba(59,89,152,0)&#8221; background_enable_color=&#8221;on&#8221; follow_button=&#8221;off&#8221; url_new_window=&#8221;on&#8221;]facebook[\/et_pb_social_media_follow_network][et_pb_social_media_follow_network social_network=&#8221;pinterest&#8221; url=&#8221;https:\/\/www.pinterest.fr\/campingsablons\/&#8221; icon_color=&#8221;#ffffff&#8221; _builder_version=&#8221;4.2.2&#8243; background_color=&#8221;rgba(203,32,39,0)&#8221; background_enable_color=&#8221;on&#8221; follow_button=&#8221;off&#8221; url_new_window=&#8221;on&#8221;]pinterest[\/et_pb_social_media_follow_network][et_pb_social_media_follow_network social_network=&#8221;youtube&#8221; url=&#8221;https:\/\/www.youtube.com\/channel\/UCJH1bcXs5nLomrHW-Efn-JA?feature=mhee&#8221; icon_color=&#8221;#ffffff&#8221; _builder_version=&#8221;4.2.2&#8243; background_color=&#8221;rgba(168,36,0,0)&#8221; background_enable_color=&#8221;on&#8221; follow_button=&#8221;off&#8221; url_new_window=&#8221;on&#8221;]youtube[\/et_pb_social_media_follow_network][et_pb_social_media_follow_network social_network=&#8221;instagram&#8221; url=&#8221;https:\/\/www.instagram.com\/campinglessablons\/&#8221; icon_color=&#8221;#ffffff&#8221; _builder_version=&#8221;4.2.2&#8243; background_color=&#8221;rgba(10,4,1,0)&#8221; background_enable_color=&#8221;on&#8221; follow_button=&#8221;off&#8221; url_new_window=&#8221;on&#8221;]instagram[\/et_pb_social_media_follow_network][\/et_pb_social_media_follow][et_pb_divider color=&#8221;#9d1412&#8243; divider_position=&#8221;center&#8221; divider_weight=&#8221;1px&#8221; _builder_version=&#8221;4.2.2&#8243; module_alignment=&#8221;center&#8221; height=&#8221;1px&#8221;][\/et_pb_divider][et_pb_text module_class=&#8221;footer-propos&#8221; _builder_version=&#8221;4.9.4&#8243; text_text_color=&#8221;#ffffff&#8221; text_orientation=&#8221;center&#8221; link_option_url=&#8221;https:\/\/www.google.fr\/maps\/place\/Camping+les+Sablons+5+%C3%A9toiles\/@43.2801167,3.3615559,17z\/data=!3m1!4b1!4m8!3m7!1s0x12b110cb8904248b:0xa4f1250526d3159!5m2!4m1!1i2!8m2!3d43.2801167!4d3.3637446&#8243; link_option_url_new_window=&#8221;on&#8221;]<\/p>\n<p>Camping 5 \u00e9toiles Les Sablons<br \/>Avenue des M\u00fbriers<br \/>34420 Portiragnes-Plage<br \/>France<br \/><a href=\"https:\/\/qualite-tourisme-occitanie.fr\/\" target=\"_blank\" rel=\"noopener\"><img decoding=\"async\" class=\"qualite_tourisme wp-image-14179 aligncenter\" src=\"https:\/\/www.les-sablons.com\/wp-content\/uploads\/2020\/02\/logo-qualite\u0301-tourisme.png\" alt=\"\" width=\"125\" height=\"121\" \/><\/a><\/p>\n<p>[\/et_pb_text][et_pb_divider color=&#8221;#9d1412&#8243; divider_position=&#8221;center&#8221; divider_weight=&#8221;1px&#8221; _builder_version=&#8221;4.2.2&#8243; module_alignment=&#8221;center&#8221; height=&#8221;1px&#8221;][\/et_pb_divider][et_pb_text disabled_on=&#8221;off|off|off&#8221; admin_label=&#8221;Bouton &#8211; Menu&#8221; _builder_version=&#8221;4.7.7&#8243; text_text_color=&#8221;#ffffff&#8221;]<\/p>\n<div class=\"footer-button\"><a class=\"learn_more\" target=\"_blanke\" href=\"\/nl\/access-map\/\" rel=\"noopener\">ROUTE<\/a><\/div>\n<div class=\"footer-button\"><a class=\"learn_more\" target=\"_blanke\" href=\"\/contact\/\" rel=\"noopener\">CONTACTEER ONS<\/a><\/div>\n<div class=\"footer-button\"><a class=\"learn_more\" target=\"_blanke\" href=\"\/nl\/veelgestelde-vraag\/\" rel=\"noopener\">F.A.Q<\/a><\/div>\n<div class=\"footer-button\"><a class=\"learn_more\" target=\"_blanke\" href=\"https:\/\/thelisresa.webcamp.fr\/formulaire.php?camping=sablons&#038;lang=nl\" rel=\"noopener\">RESERVEREN<\/a><\/div>\n<p>[\/et_pb_text][\/et_pb_column][\/et_pb_row][\/et_pb_section]<\/p>\n","protected":false},"excerpt":{"rendered":"<p>Lorem ipsum dolor sit amet, consectetur adipiscing elit. Fusce facilisis sollicitudin leo vitae egestas. Sed urna tortor, cursus in condimentum eget, consequat et sem. Fusce fermentum, magna sit amet mollis placerat, diam arcu vulputate dolor, at suscipit ipsum tellus in turpis<\/p>\n","protected":false},"author":1,"featured_media":5312,"parent":8406,"menu_order":0,"comment_status":"closed","ping_status":"closed","template":"","meta":{"_acf_changed":false,"_et_pb_use_builder":"on","_et_pb_old_content":"","_et_gb_content_width":"","inline_featured_image":false,"footnotes":""},"acf":[],"yoast_head":"<!-- This site is optimized with the Yoast SEO plugin v22.0 - https:\/\/yoast.com\/wordpress\/plugins\/seo\/ -->\n<title>Canal du Midi<\/title>\n<meta name=\"description\" content=\"1 km, vanaf de uitgang van de camping bevindt zich \u2018le Canal du Midi. Dit mooie kanaal wordt gekenmerkt door haar rustige water, haar platanen\" \/>\n<meta name=\"robots\" content=\"index, follow, max-snippet:-1, max-image-preview:large, max-video-preview:-1\" \/>\n<link rel=\"canonical\" href=\"https:\/\/www.les-sablons.com\/nl\/sehenswertes\/canal-du-midi\/\" \/>\n<meta property=\"og:locale\" content=\"nl_NL\" \/>\n<meta property=\"og:type\" content=\"article\" \/>\n<meta property=\"og:title\" content=\"Canal du Midi\" \/>\n<meta property=\"og:description\" content=\"1 km, vanaf de uitgang van de camping bevindt zich \u2018le Canal du Midi. Dit mooie kanaal wordt gekenmerkt door haar rustige water, haar platanen\" \/>\n<meta property=\"og:url\" content=\"https:\/\/www.les-sablons.com\/nl\/sehenswertes\/canal-du-midi\/\" \/>\n<meta property=\"og:site_name\" content=\"Camping ***** les Sablons\" \/>\n<meta property=\"article:modified_time\" content=\"2021-09-06T13:25:53+00:00\" \/>\n<meta property=\"og:image\" content=\"https:\/\/www.les-sablons.com\/wp-content\/uploads\/2020\/12\/CANAL-MIDI-2015-3-1030x684-1.jpg\" \/>\n\t<meta property=\"og:image:width\" content=\"1030\" \/>\n\t<meta property=\"og:image:height\" content=\"684\" \/>\n\t<meta property=\"og:image:type\" content=\"image\/jpeg\" \/>\n<meta name=\"twitter:card\" content=\"summary_large_image\" \/>\n<meta name=\"twitter:label1\" content=\"Geschatte leestijd\" \/>\n\t<meta name=\"twitter:data1\" content=\"19 minuten\" \/>\n<script type=\"application\/ld+json\" class=\"yoast-schema-graph\">{\"@context\":\"https:\/\/schema.org\",\"@graph\":[{\"@type\":\"WebPage\",\"@id\":\"https:\/\/www.les-sablons.com\/nl\/sehenswertes\/canal-du-midi\/\",\"url\":\"https:\/\/www.les-sablons.com\/nl\/sehenswertes\/canal-du-midi\/\",\"name\":\"Canal du Midi\",\"isPartOf\":{\"@id\":\"https:\/\/www.les-sablons.com\/nl\/#website\"},\"datePublished\":\"2020-12-29T12:29:06+00:00\",\"dateModified\":\"2021-09-06T13:25:53+00:00\",\"description\":\"1 km, vanaf de uitgang van de camping bevindt zich \u2018le Canal du Midi. Dit mooie kanaal wordt gekenmerkt door haar rustige water, haar platanen\",\"breadcrumb\":{\"@id\":\"https:\/\/www.les-sablons.com\/nl\/sehenswertes\/canal-du-midi\/#breadcrumb\"},\"inLanguage\":\"nl-NL\",\"potentialAction\":[{\"@type\":\"ReadAction\",\"target\":[\"https:\/\/www.les-sablons.com\/nl\/sehenswertes\/canal-du-midi\/\"]}]},{\"@type\":\"BreadcrumbList\",\"@id\":\"https:\/\/www.les-sablons.com\/nl\/sehenswertes\/canal-du-midi\/#breadcrumb\",\"itemListElement\":[{\"@type\":\"ListItem\",\"position\":1,\"name\":\"Accueil\",\"item\":\"https:\/\/www.les-sablons.com\/nl\/\"},{\"@type\":\"ListItem\",\"position\":2,\"name\":\"Sehenswertes\",\"item\":\"https:\/\/www.les-sablons.com\/nl\/sehenswertes\/\"},{\"@type\":\"ListItem\",\"position\":3,\"name\":\"Canal du Midi\"}]},{\"@type\":\"WebSite\",\"@id\":\"https:\/\/www.les-sablons.com\/nl\/#website\",\"url\":\"https:\/\/www.les-sablons.com\/nl\/\",\"name\":\"Camping ***** les Sablons\",\"description\":\"les Sablons \u00e0 Portiragnes-Plage, bord de mer M\u00e9diterran\u00e9e, proche Cap d&#039;Agde, Languedoc Roussillon\",\"potentialAction\":[{\"@type\":\"SearchAction\",\"target\":{\"@type\":\"EntryPoint\",\"urlTemplate\":\"https:\/\/www.les-sablons.com\/nl\/?s={search_term_string}\"},\"query-input\":\"required name=search_term_string\"}],\"inLanguage\":\"nl-NL\"}]}<\/script>\n<!-- \/ Yoast SEO plugin. -->","yoast_head_json":{"title":"Canal du Midi","description":"1 km, vanaf de uitgang van de camping bevindt zich \u2018le Canal du Midi. Dit mooie kanaal wordt gekenmerkt door haar rustige water, haar platanen","robots":{"index":"index","follow":"follow","max-snippet":"max-snippet:-1","max-image-preview":"max-image-preview:large","max-video-preview":"max-video-preview:-1"},"canonical":"https:\/\/www.les-sablons.com\/nl\/sehenswertes\/canal-du-midi\/","og_locale":"nl_NL","og_type":"article","og_title":"Canal du Midi","og_description":"1 km, vanaf de uitgang van de camping bevindt zich \u2018le Canal du Midi. Dit mooie kanaal wordt gekenmerkt door haar rustige water, haar platanen","og_url":"https:\/\/www.les-sablons.com\/nl\/sehenswertes\/canal-du-midi\/","og_site_name":"Camping ***** les Sablons","article_modified_time":"2021-09-06T13:25:53+00:00","og_image":[{"width":1030,"height":684,"url":"https:\/\/www.les-sablons.com\/wp-content\/uploads\/2020\/12\/CANAL-MIDI-2015-3-1030x684-1.jpg","type":"image\/jpeg"}],"twitter_card":"summary_large_image","twitter_misc":{"Geschatte leestijd":"19 minuten"},"schema":{"@context":"https:\/\/schema.org","@graph":[{"@type":"WebPage","@id":"https:\/\/www.les-sablons.com\/nl\/sehenswertes\/canal-du-midi\/","url":"https:\/\/www.les-sablons.com\/nl\/sehenswertes\/canal-du-midi\/","name":"Canal du Midi","isPartOf":{"@id":"https:\/\/www.les-sablons.com\/nl\/#website"},"datePublished":"2020-12-29T12:29:06+00:00","dateModified":"2021-09-06T13:25:53+00:00","description":"1 km, vanaf de uitgang van de camping bevindt zich \u2018le Canal du Midi. Dit mooie kanaal wordt gekenmerkt door haar rustige water, haar platanen","breadcrumb":{"@id":"https:\/\/www.les-sablons.com\/nl\/sehenswertes\/canal-du-midi\/#breadcrumb"},"inLanguage":"nl-NL","potentialAction":[{"@type":"ReadAction","target":["https:\/\/www.les-sablons.com\/nl\/sehenswertes\/canal-du-midi\/"]}]},{"@type":"BreadcrumbList","@id":"https:\/\/www.les-sablons.com\/nl\/sehenswertes\/canal-du-midi\/#breadcrumb","itemListElement":[{"@type":"ListItem","position":1,"name":"Accueil","item":"https:\/\/www.les-sablons.com\/nl\/"},{"@type":"ListItem","position":2,"name":"Sehenswertes","item":"https:\/\/www.les-sablons.com\/nl\/sehenswertes\/"},{"@type":"ListItem","position":3,"name":"Canal du Midi"}]},{"@type":"WebSite","@id":"https:\/\/www.les-sablons.com\/nl\/#website","url":"https:\/\/www.les-sablons.com\/nl\/","name":"Camping ***** les Sablons","description":"les Sablons \u00e0 Portiragnes-Plage, bord de mer M\u00e9diterran\u00e9e, proche Cap d&#039;Agde, Languedoc Roussillon","potentialAction":[{"@type":"SearchAction","target":{"@type":"EntryPoint","urlTemplate":"https:\/\/www.les-sablons.com\/nl\/?s={search_term_string}"},"query-input":"required name=search_term_string"}],"inLanguage":"nl-NL"}]}},"_links":{"self":[{"href":"https:\/\/www.les-sablons.com\/nl\/wp-json\/wp\/v2\/pages\/8015"}],"collection":[{"href":"https:\/\/www.les-sablons.com\/nl\/wp-json\/wp\/v2\/pages"}],"about":[{"href":"https:\/\/www.les-sablons.com\/nl\/wp-json\/wp\/v2\/types\/page"}],"author":[{"embeddable":true,"href":"https:\/\/www.les-sablons.com\/nl\/wp-json\/wp\/v2\/users\/1"}],"replies":[{"embeddable":true,"href":"https:\/\/www.les-sablons.com\/nl\/wp-json\/wp\/v2\/comments?post=8015"}],"version-history":[{"count":0,"href":"https:\/\/www.les-sablons.com\/nl\/wp-json\/wp\/v2\/pages\/8015\/revisions"}],"up":[{"embeddable":true,"href":"https:\/\/www.les-sablons.com\/nl\/wp-json\/wp\/v2\/pages\/8406"}],"wp:featuredmedia":[{"embeddable":true,"href":"https:\/\/www.les-sablons.com\/nl\/wp-json\/wp\/v2\/media\/5312"}],"wp:attachment":[{"href":"https:\/\/www.les-sablons.com\/nl\/wp-json\/wp\/v2\/media?parent=8015"}],"curies":[{"name":"wp","href":"https:\/\/api.w.org\/{rel}","templated":true}]}}