{"id":7721,"date":"2020-12-30T09:02:02","date_gmt":"2020-12-30T09:02:02","guid":{"rendered":"https:\/\/www.les-sablons.com\/extra-diensten\/le-restaurantlejardindessablons\/"},"modified":"2026-02-11T16:29:33","modified_gmt":"2026-02-11T16:29:33","slug":"le-restaurantlejardindessablons","status":"publish","type":"page","link":"https:\/\/www.les-sablons.com\/nl\/extra-diensten\/le-restaurantlejardindessablons\/","title":{"rendered":"Het Restaurant"},"content":{"rendered":"<p>[et_pb_section fb_built=&#8221;1&#8243; admin_label=&#8221;Hero Section&#8221; module_class=&#8221;imageParrallax-heroSection&#8221; _builder_version=&#8221;4.9.4&#8243; _module_preset=&#8221;default&#8221; background_image=&#8221;https:\/\/www.les-sablons.com\/wp-content\/uploads\/2024\/10\/\u00a9Sablons2024_Restaurants-13.jpg&#8221; parallax=&#8221;on&#8221; custom_css_main_element=&#8221;padding:0 !important;&#8221; custom_css_after=&#8221;content:%22%22;||display: block;||height: 100%;||width: 100%;||background-color: rgba(0, 0, 0, 0.6);||position: absolute;||top: 0;&#8221;][et_pb_row column_structure=&#8221;3_5,2_5&#8243; make_equal=&#8221;on&#8221; admin_label=&#8221;Hero-block&#8221; module_class=&#8221;imageParrallax-heroSection__block&#8221; _builder_version=&#8221;4.9.4&#8243; _module_preset=&#8221;default&#8221; width=&#8221;100%&#8221; max_width=&#8221;1300px&#8221; min_height=&#8221;90vh&#8221; min_height_tablet=&#8221;&#8221; min_height_phone=&#8221;80vh&#8221; min_height_last_edited=&#8221;on|phone&#8221; custom_padding=&#8221;0px|15px|0px|15px|true|true&#8221; custom_css_main_element=&#8221;display:flex;||align-items:center;&#8221; custom_css_main_element_last_edited=&#8221;on|desktop&#8221; custom_css_main_element_phone=&#8221;flex-direction:column-reverse;&#8221;][et_pb_column type=&#8221;3_5&#8243; _builder_version=&#8221;4.9.4&#8243; _module_preset=&#8221;default&#8221; custom_css_main_element_last_edited=&#8221;off|phone&#8221;][et_pb_blurb title=&#8221;<span>Le Jardin des Sablons <\/span>Restaurant in Portiragnes met terras en eetzaal met airconditioning&#8221; content_max_width=&#8221;100%&#8221; _builder_version=&#8221;4.9.4&#8243; _module_preset=&#8221;default&#8221; header_level=&#8221;h1&#8243; header_font=&#8221;|800||on|||||&#8221; header_text_color=&#8221;#FFFFFF&#8221; header_font_size=&#8221;40px&#8221; header_line_height=&#8221;1.1em&#8221; body_text_color=&#8221;#d8d8d8&#8243; body_font_size=&#8221;18px&#8221; body_line_height=&#8221;1.5rem&#8221; header_font_size_tablet=&#8221;30px&#8221; header_font_size_phone=&#8221;25px&#8221; header_font_size_last_edited=&#8221;on|desktop&#8221; body_font_size_tablet=&#8221;&#8221; body_font_size_phone=&#8221;16px&#8221; body_font_size_last_edited=&#8221;on|phone&#8221;]Ons restaurant, Le Jardin des Sablons, serveert een kleurrijke, verfijnde keuken. Dankzij de expertise van onze teams kunt u genieten van een moment van gezelligheid en ontspanning in een groene omgeving.[\/et_pb_blurb][et_pb_button button_url=&#8221;https:\/\/linktr.ee\/sablonsrestaurants&#8221; button_text=&#8221;Men\u00fc anzeigen&#8221; button_alignment=&#8221;left&#8221; _builder_version=&#8221;4.9.4&#8243; _module_preset=&#8221;default&#8221; custom_button=&#8221;on&#8221; button_text_size=&#8221;15px&#8221; button_bg_color=&#8221;#96c896&#8243; button_border_width=&#8221;0px&#8221; button_icon=&#8221;%%20%%&#8221; button_icon_color=&#8221;#FFFFFF&#8221; button_on_hover=&#8221;off&#8221; background_layout=&#8221;dark&#8221; custom_padding=&#8221;10px|20px|10px|20px|true|true&#8221; locked=&#8221;off&#8221; custom_css_main_element_last_edited=&#8221;on|phone&#8221; custom_css_main_element_phone=&#8221;font-size:1.1rem !important;&#8221;][\/et_pb_button][\/et_pb_column][et_pb_column type=&#8221;2_5&#8243; _builder_version=&#8221;4.9.4&#8243; _module_preset=&#8221;default&#8221;][et_pb_image src=&#8221;https:\/\/www.les-sablons.com\/wp-content\/uploads\/2023\/07\/lejardinlogo.png&#8221; title_text=&#8221;lejardinlogo&#8221; admin_label=&#8221;logo-jardin&#8221; module_class=&#8221;imageParrallax-heroSection__logo&#8221; _builder_version=&#8221;4.9.4&#8243; _module_preset=&#8221;default&#8221; custom_css_main_element=&#8221;max-width: 250px;||margin: 30px auto !important;||&#8221;][\/et_pb_image][\/et_pb_column][\/et_pb_row][\/et_pb_section][et_pb_section fb_built=&#8221;1&#8243; _builder_version=&#8221;4.9.4&#8243; _module_preset=&#8221;default&#8221; locked=&#8221;off&#8221;][et_pb_row column_structure=&#8221;1_2,1_2&#8243; use_custom_gutter=&#8221;on&#8221; gutter_width=&#8221;1&#8243; make_equal=&#8221;on&#8221; _builder_version=&#8221;4.9.4&#8243; _module_preset=&#8221;default&#8221; width=&#8221;100%&#8221; max_width=&#8221;1280px&#8221; custom_css_main_element=&#8221;align-items:center;&#8221; custom_css_main_element_last_edited=&#8221;on|desktop&#8221;][et_pb_column type=&#8221;1_2&#8243; _builder_version=&#8221;4.9.4&#8243; _module_preset=&#8221;default&#8221;][et_pb_image src=&#8221;https:\/\/www.les-sablons.com\/wp-content\/uploads\/2020\/12\/RESTAURANT-LE-JARDIN-DES-SABLONS-01072019-10-1500&#215;1000-1-1024&#215;683.jpg&#8221; title_text=&#8221;RESTAURANT-LE-JARDIN-DES-SABLONS-01072019-10-1500&#215;1000&#8243; module_class=&#8221;section_image_scaled&#8221; _builder_version=&#8221;4.9.4&#8243; _module_preset=&#8221;default&#8221; min_height=&#8221;100%&#8221; custom_padding=&#8221;|15px||15px|false|true&#8221; animation_direction=&#8221;bottom&#8221; custom_css_main_element=&#8221;height:100%;&#8221; locked=&#8221;off&#8221;][\/et_pb_image][\/et_pb_column][et_pb_column type=&#8221;1_2&#8243; _builder_version=&#8221;4.9.4&#8243; _module_preset=&#8221;default&#8221; custom_padding=&#8221;|||3%|false|false&#8221; custom_padding_tablet=&#8221;&#8221; custom_padding_phone=&#8221;|0px||0px|false|false&#8221; custom_padding_last_edited=&#8221;on|desktop&#8221;][et_pb_blurb title=&#8221;<span>Culinaire ervaring<\/span>Een gastronomische keuken die de smaakpapillen in verrukking brengt, in een ontspannende omgeving.&#8221; content_max_width=&#8221;669px&#8221; content_max_width_tablet=&#8221;940px&#8221; content_max_width_phone=&#8221;100%&#8221; content_max_width_last_edited=&#8221;on|tablet&#8221; module_class=&#8221;text-withSpan-block&#8221; _builder_version=&#8221;4.9.4&#8243; _module_preset=&#8221;default&#8221; header_level=&#8221;h2&#8243; header_font=&#8221;|800||on|||||&#8221; header_text_align=&#8221;left&#8221; header_font_size=&#8221;2rem&#8221; header_line_height=&#8221;2.5rem&#8221; body_text_align=&#8221;left&#8221; body_font_size=&#8221;1rem&#8221; body_line_height=&#8221;1.7rem&#8221; custom_padding_tablet=&#8221;|20px||20px|false|true&#8221; custom_padding_phone=&#8221;15px|15px|15px|15px|false|false&#8221; custom_padding_last_edited=&#8221;on|tablet&#8221; header_font_size_tablet=&#8221;&#8221; header_font_size_phone=&#8221;1.5rem&#8221; header_font_size_last_edited=&#8221;on|phone&#8221; custom_css_blurb_title=&#8221;margin-bottom:25px;&#8221; locked=&#8221;off&#8221;]&#8221;Jardin des Sablons\u201d is de definitie van de zonnige, mediterraan ge\u00efnspireerde keuken. Genesteld in een waar juwelenkistje van groen, nodigt het restaurant je uit voor een reis door zonovergoten smaken.<\/p>\n<p>Een oase van rust in het hart van een schaduwrijke, met bomen beplante tuin, waar je het genoegen hebt om in alle gezelligheid een maaltijd te delen.<\/p>\n<p>Wissel je geneugten af door tussen land en zee te varen en kom aan boord voor een traditionele zomerkeuken die je smaakpapillen in verrukking zal brengen.<\/p>\n<p>Of u nu vegetari\u00ebr, vleesliefhebber of fijnproever bent, laat u verleiden door de &#8220;Jardin des Sablons&#8221;.[\/et_pb_blurb][dnxte_feature_list_parent dnxte_feature_list_icon_color=&#8221;#12b312&#8243; dnxte_feature_list_icon_bg_color=&#8221;RGBA(0,0,0,0)&#8221; dnxte_feature_list_item_margin=&#8221;||15px||false|false&#8221; dnxte_feature_list_item_padding=&#8221;||||false|true&#8221; dnxte_feature_list_item_padding_tablet=&#8221;|20px||20px|false|true&#8221; dnxte_feature_list_item_padding_phone=&#8221;|20px||20px|false|true&#8221; dnxte_feature_list_item_padding_last_edited=&#8221;on|desktop&#8221; module_class=&#8221;list-featured-list&#8221; _builder_version=&#8221;4.9.4&#8243; _module_preset=&#8221;default&#8221; title_font=&#8221;|700|||||||&#8221; custom_css_main_element=&#8221;margin-bottom:1.7rem !important;||margin-top:1.7rem;&#8221; custom_css_feature_list_icon=&#8221;background:none !important;&#8221; dnxte_feature_list_item_padding__hover_enabled=&#8221;off|desktop&#8221;][dnxte_feature_list_child dnxte_feature_list_title=&#8221;Zonnige keuken met diverse inspiratiebronnen&#8221; _builder_version=&#8221;4.9.4&#8243; _module_preset=&#8221;default&#8221; custom_css_feature_list_icon=&#8221;background:none;&#8221;][\/dnxte_feature_list_child][dnxte_feature_list_child dnxte_feature_list_title=&#8221;Een oase van rust in het hart van een tuin&#8221; _builder_version=&#8221;4.9.4&#8243; _module_preset=&#8221;default&#8221;][\/dnxte_feature_list_child][dnxte_feature_list_child dnxte_feature_list_title=&#8221;Voor vegetari\u00ebrs, vleesliefhebbers of fijnproevers&#8221; _builder_version=&#8221;4.9.4&#8243; _module_preset=&#8221;default&#8221;][\/dnxte_feature_list_child][\/dnxte_feature_list_parent][et_pb_button button_url=&#8221;https:\/\/linktr.ee\/sablonsrestaurants&#8221; url_new_window=&#8221;on&#8221; button_text=&#8221;Bekijk de kaart&#8221; button_alignment=&#8221;left&#8221; _builder_version=&#8221;4.9.4&#8243; _module_preset=&#8221;default&#8221; custom_button=&#8221;on&#8221; button_text_size=&#8221;17px&#8221; button_bg_color=&#8221;#40a8c5&#8243; button_border_width=&#8221;0px&#8221; button_icon=&#8221;%%20%%&#8221; button_icon_color=&#8221;#FFFFFF&#8221; button_on_hover=&#8221;off&#8221; background_layout=&#8221;dark&#8221; custom_margin_tablet=&#8221;&#8221; custom_margin_phone=&#8221;|||15px|false|false&#8221; custom_margin_last_edited=&#8221;on|phone&#8221; custom_padding=&#8221;10px|20px|10px|20px|true|true&#8221; locked=&#8221;off&#8221;][\/et_pb_button][\/et_pb_column][\/et_pb_row][\/et_pb_section][et_pb_section fb_built=&#8221;1&#8243; _builder_version=&#8221;4.9.4&#8243; _module_preset=&#8221;default&#8221;][et_pb_row column_structure=&#8221;1_3,1_3,1_3&#8243; make_equal=&#8221;on&#8221; _builder_version=&#8221;4.9.4&#8243; _module_preset=&#8221;default&#8221; width=&#8221;100%&#8221; max_width=&#8221;1280px&#8221; custom_padding=&#8221;20px||20px||true|false&#8221; custom_css_main_element=&#8221;align-items:center;&#8221; border_width_top=&#8221;1px&#8221; border_color_top=&#8221;#dedede&#8221;][et_pb_column type=&#8221;1_3&#8243; _builder_version=&#8221;4.9.4&#8243; _module_preset=&#8221;default&#8221;][et_pb_blurb title=&#8221;Een tafel die de zintuigen prikkelt&#8221; image=&#8221;https:\/\/www.les-sablons.com\/wp-content\/uploads\/2025\/06\/cuisine-service-icon.png&#8221; icon_placement=&#8221;left&#8221; _builder_version=&#8221;4.9.4&#8243; _module_preset=&#8221;default&#8221; header_font=&#8221;|700|||||||&#8221; header_font_size=&#8221;1.1rem&#8221; body_font_size=&#8221;1rem&#8221; header_font_size_tablet=&#8221;&#8221; header_font_size_phone=&#8221;1rem&#8221; header_font_size_last_edited=&#8221;on|phone&#8221; custom_css_blurb_image=&#8221;width: 90px;||padding: 10px;&#8221;]Een authentieke keuken, met gevarieerde en zonnige invloeden[\/et_pb_blurb][\/et_pb_column][et_pb_column type=&#8221;1_3&#8243; _builder_version=&#8221;4.9.4&#8243; _module_preset=&#8221;default&#8221;][et_pb_blurb title=&#8221;Een complete culinaire ervaring&#8221; image=&#8221;https:\/\/www.les-sablons.com\/wp-content\/uploads\/2025\/06\/cuisine-preparation-icon.png&#8221; icon_placement=&#8221;left&#8221; _builder_version=&#8221;4.9.4&#8243; _module_preset=&#8221;default&#8221; header_font=&#8221;|700|||||||&#8221; header_font_size=&#8221;1.1rem&#8221; body_font_size=&#8221;1rem&#8221; header_font_size_tablet=&#8221;&#8221; header_font_size_phone=&#8221;1rem&#8221; header_font_size_last_edited=&#8221;on|phone&#8221; custom_css_blurb_image=&#8221;width: 90px;||padding: 10px;&#8221;]<\/p>\n<p>Een keuken die het plezier van ontdekken en proeven combineert<\/p>\n<p>[\/et_pb_blurb][\/et_pb_column][et_pb_column type=&#8221;1_3&#8243; _builder_version=&#8221;4.9.4&#8243; _module_preset=&#8221;default&#8221;][et_pb_blurb title=&#8221; Een rijk en gevarieerd menu&#8221; image=&#8221;https:\/\/www.les-sablons.com\/wp-content\/uploads\/2025\/06\/cuisine-plat-icon.png&#8221; icon_placement=&#8221;left&#8221; _builder_version=&#8221;4.9.4&#8243; _module_preset=&#8221;default&#8221; header_font=&#8221;|700|||||||&#8221; header_font_size=&#8221;1.1rem&#8221; body_font_size=&#8221;1rem&#8221; header_font_size_tablet=&#8221;&#8221; header_font_size_phone=&#8221;1rem&#8221; header_font_size_last_edited=&#8221;on|phone&#8221; custom_css_blurb_image=&#8221;width: 90px;||padding: 10px;&#8221;]<\/p>\n<p>Vegetari\u00ebrs, vleesliefhebbers of levensgenieters, iedereen vindt hier wat hij zoekt&#8230;<\/p>\n<p>[\/et_pb_blurb][\/et_pb_column][\/et_pb_row][\/et_pb_section][et_pb_section fb_built=&#8221;1&#8243; _builder_version=&#8221;4.9.4&#8243; _module_preset=&#8221;default&#8221; background_color=&#8221;#f7f2ec&#8221; custom_padding=&#8221;||15px||false|false&#8221;][et_pb_row _builder_version=&#8221;4.9.4&#8243; _module_preset=&#8221;default&#8221; custom_padding=&#8221;0px||||false|false&#8221;][et_pb_column type=&#8221;4_4&#8243; _builder_version=&#8221;4.9.4&#8243; _module_preset=&#8221;default&#8221;][et_pb_blurb title=&#8221;<span>Onze keuken <\/span>  Wij vervullen uw wensen met<br \/> de expertise van onze teams&#8221; content_max_width=&#8221;640px&#8221; content_max_width_tablet=&#8221;940px&#8221; content_max_width_phone=&#8221;100%&#8221; content_max_width_last_edited=&#8221;on|tablet&#8221; module_class=&#8221;text-withSpan-block&#8221; _builder_version=&#8221;4.9.4&#8243; _module_preset=&#8221;default&#8221; header_level=&#8221;h2&#8243; header_font=&#8221;|800|||||||&#8221; header_text_align=&#8221;center&#8221; header_font_size=&#8221;2rem&#8221; header_line_height=&#8221;2.5rem&#8221; body_text_align=&#8221;center&#8221; body_font_size=&#8221;1rem&#8221; body_line_height=&#8221;1.7rem&#8221; text_orientation=&#8221;center&#8221; custom_padding_tablet=&#8221;|20px||20px|false|true&#8221; custom_padding_phone=&#8221;15px|15px|15px|15px|false|false&#8221; custom_padding_last_edited=&#8221;on|tablet&#8221; header_font_size_tablet=&#8221;&#8221; header_font_size_phone=&#8221;1.5rem&#8221; header_font_size_last_edited=&#8221;on|phone&#8221; locked=&#8221;off&#8221;]<\/p>\n<p>Dankzij de expertise van onze teams nodigt ons restaurant u uit voor een unieke culinaire reis langs zonnige smaken, die tot hun recht komen in onze beste gerechten.<\/p>\n<p>[\/et_pb_blurb][\/et_pb_column][\/et_pb_row][\/et_pb_section][et_pb_section fb_built=&#8221;1&#8243; admin_label=&#8221;Section Plats&#8221; _builder_version=&#8221;4.9.4&#8243; _module_preset=&#8221;default&#8221; background_color=&#8221;#f7f2ec&#8221; custom_padding=&#8221;30px||||false|false&#8221;][et_pb_row column_structure=&#8221;1_4,1_4,1_4,1_4&#8243; use_custom_gutter=&#8221;on&#8221; gutter_width=&#8221;1&#8243; make_equal=&#8221;on&#8221; module_class=&#8221;block-goto-menu&#8221; _builder_version=&#8221;4.9.4&#8243; _module_preset=&#8221;default&#8221; width=&#8221;100%&#8221; max_width=&#8221;1280px&#8221; custom_padding=&#8221;|15px||15px|false|true&#8221; custom_css_main_element=&#8221;justify-content:center;||gap:15px;&#8221;][et_pb_column type=&#8221;1_4&#8243; _builder_version=&#8221;4.9.4&#8243; _module_preset=&#8221;default&#8221;][et_pb_blurb title=&#8221;De smakelijke belofte&#8221; image=&#8221;https:\/\/www.les-sablons.com\/wp-content\/uploads\/2020\/12\/RESTAURANT-LE-JARDIN-DES-SABLONS-01072019-8-1270&#215;847-1-1024&#215;683.jpg&#8221; admin_label=&#8221;La promesse gourmande&#8221; module_class=&#8221;overlayered-featured-item&#8221; _builder_version=&#8221;4.9.4&#8243; _module_preset=&#8221;default&#8221; header_font=&#8221;|700|||||||&#8221; header_text_align=&#8221;center&#8221; header_font_size=&#8221;15px&#8221; header_letter_spacing=&#8221;0.05rem&#8221; body_text_align=&#8221;center&#8221; text_orientation=&#8221;center&#8221; background_layout=&#8221;dark&#8221; header_font_size_tablet=&#8221;&#8221; header_font_size_phone=&#8221;13px&#8221; header_font_size_last_edited=&#8221;on|phone&#8221; custom_css_before=&#8221;content: &#8221;;||position: absolute;||bottom: 0;||left: 0;||right: 0;||background: linear-gradient(180deg, rgba(0, 0, 0, 0) 0%, #000000 100%);||width: 100%;||height: 65%;||z-index: 1;&#8221; custom_css_main_element=&#8221;position:relative;||overflow:hidden;||height:100%;&#8221; custom_css_blurb_image=&#8221;margin-bottom:0 !important;||transition: all 0.4s ease-in-out;||height:100%;&#8221; custom_css_blurb_content=&#8221;height:100%;&#8221;]<\/p>\n<p>Elk gerecht is een belofte van  traditionele, zomerse gerechten die uw smaakpapillen zullen prikkelen.<\/p>\n<p>[\/et_pb_blurb][\/et_pb_column][et_pb_column type=&#8221;1_4&#8243; _builder_version=&#8221;4.9.4&#8243; _module_preset=&#8221;default&#8221;][et_pb_blurb title=&#8221;De smaak van de zomer&#8221; image=&#8221;https:\/\/www.les-sablons.com\/wp-content\/uploads\/2022\/05\/cocktails-cheers-1024&#215;1024.jpeg&#8221; admin_label=&#8221;Le go\u00fbt de l&#8217;\u00e9t\u00e9&#8221; module_class=&#8221;overlayered-featured-item&#8221; _builder_version=&#8221;4.9.4&#8243; _module_preset=&#8221;default&#8221; header_font=&#8221;|700|||||||&#8221; header_text_align=&#8221;center&#8221; header_font_size=&#8221;15px&#8221; header_letter_spacing=&#8221;0.05rem&#8221; body_text_align=&#8221;center&#8221; text_orientation=&#8221;center&#8221; background_layout=&#8221;dark&#8221; header_font_size_tablet=&#8221;&#8221; header_font_size_phone=&#8221;13px&#8221; header_font_size_last_edited=&#8221;on|desktop&#8221; custom_css_before=&#8221;content: &#8221;;||position: absolute;||bottom: 0;||left: 0;||right: 0;||background: linear-gradient(180deg, rgba(0, 0, 0, 0) 0%, #000000 100%);||width: 100%;||height: 65%;||z-index: 1;&#8221; custom_css_main_element=&#8221;position:relative;||overflow:hidden;||height:100%;&#8221; custom_css_blurb_image=&#8221;margin-bottom:0 !important;||transition: all 0.4s ease-in-out;||height:100%;&#8221; custom_css_blurb_content=&#8221;height:100%;&#8221;]<\/p>\n<p>Ontdek de frisheid en lichtheid van de zomer in onze gerechten, speciaal samengesteld voor mooie dagen.<\/p>\n<p>[\/et_pb_blurb][\/et_pb_column][et_pb_column type=&#8221;1_4&#8243; _builder_version=&#8221;4.9.4&#8243; _module_preset=&#8221;default&#8221;][et_pb_blurb title=&#8221;Kleuren op het bord&#8221; image=&#8221;https:\/\/www.les-sablons.com\/wp-content\/uploads\/2024\/10\/PHOTO911-SABLONS-SUNELIA-26-scaled.jpg&#8221; admin_label=&#8221;Des couleurs dans l&#8217;assiette&#8221; module_class=&#8221;overlayered-featured-item&#8221; _builder_version=&#8221;4.9.4&#8243; _module_preset=&#8221;default&#8221; header_font=&#8221;|700|||||||&#8221; header_text_align=&#8221;center&#8221; header_font_size=&#8221;15px&#8221; header_letter_spacing=&#8221;0.05rem&#8221; body_text_align=&#8221;center&#8221; text_orientation=&#8221;center&#8221; background_layout=&#8221;dark&#8221; header_font_size_tablet=&#8221;&#8221; header_font_size_phone=&#8221;13px&#8221; header_font_size_last_edited=&#8221;on|phone&#8221; custom_css_before=&#8221;content: &#8221;;||position: absolute;||bottom: 0;||left: 0;||right: 0;||background: linear-gradient(180deg, rgba(0, 0, 0, 0) 0%, #000000 100%);||width: 100%;||height: 65%;||z-index: 1;&#8221; custom_css_main_element=&#8221;position:relative;||overflow:hidden;||height:100%;&#8221; custom_css_blurb_image=&#8221;margin-bottom:0 !important;||transition: all 0.4s ease-in-out;||height:100%;&#8221; custom_css_blurb_content=&#8221;height:100%;&#8221;]<\/p>\n<p>Zelfs voordat u de eerste hap neemt, zijn onze gerechten een lust voor het oog. Bekijk onze menukaart eens.<\/p>\n<p>[\/et_pb_blurb][\/et_pb_column][et_pb_column type=&#8221;1_4&#8243; _builder_version=&#8221;4.9.4&#8243; _module_preset=&#8221;default&#8221;][et_pb_blurb title=&#8221;Uw ideale maaltijd&#8221; image=&#8221;https:\/\/www.les-sablons.com\/wp-content\/uploads\/2024\/10\/Camping-Les-sablons-19072024-light-17-1024&#215;682.jpg&#8221; admin_label=&#8221;Votre repas Id\u00e9al&#8221; module_class=&#8221;overlayered-featured-item&#8221; _builder_version=&#8221;4.9.4&#8243; _module_preset=&#8221;default&#8221; header_font=&#8221;|700|||||||&#8221; header_text_align=&#8221;center&#8221; header_font_size=&#8221;15px&#8221; header_letter_spacing=&#8221;0.05rem&#8221; body_text_align=&#8221;center&#8221; text_orientation=&#8221;center&#8221; background_layout=&#8221;dark&#8221; header_font_size_tablet=&#8221;&#8221; header_font_size_phone=&#8221;13px&#8221; header_font_size_last_edited=&#8221;on|phone&#8221; custom_css_before=&#8221;content: &#8221;;||position: absolute;||bottom: 0;||left: 0;||right: 0;||background: linear-gradient(180deg, rgba(0, 0, 0, 0) 0%, #000000 100%);||width: 100%;||height: 65%;||z-index: 1;&#8221; custom_css_main_element=&#8221;position:relative;||overflow:hidden;||height:100%;&#8221; custom_css_blurb_image=&#8221;margin-bottom:0 !important;||transition: all 0.4s ease-in-out;||height:100%;&#8221; custom_css_blurb_content=&#8221;height:100%;&#8221;]<\/p>\n<p>Stel uw eigen maaltijd samen, ons menu biedt u een compleet overzicht om uw perfecte culinaire ervaring te cre\u00ebren.<\/p>\n<p>[\/et_pb_blurb][\/et_pb_column][\/et_pb_row][\/et_pb_section][et_pb_section fb_built=&#8221;1&#8243; admin_label=&#8221;Section Plats&#8221; _builder_version=&#8221;4.9.4&#8243; _module_preset=&#8221;default&#8221; background_color=&#8221;#f7f2ec&#8221; custom_padding=&#8221;0px||||false|false&#8221;][et_pb_row _builder_version=&#8221;4.9.4&#8243; _module_preset=&#8221;default&#8221;][et_pb_column type=&#8221;4_4&#8243; _builder_version=&#8221;4.9.4&#8243; _module_preset=&#8221;default&#8221;][et_pb_text _builder_version=&#8221;4.9.4&#8243; _module_preset=&#8221;default&#8221; text_font=&#8221;|600|||||||&#8221; text_font_size=&#8221;15px&#8221; text_orientation=&#8221;center&#8221;]<\/p>\n<p><strong>Klaar voor een culinaire escapade? <a style=\"color: #90785c;\" href=\"https:\/\/linktr.ee\/sablonsrestaurants\" target=\"_blank\" rel=\"noopener\">Bekijk onze kaart!<\/a><\/strong><\/p>\n<p>[\/et_pb_text][\/et_pb_column][\/et_pb_row][\/et_pb_section][et_pb_section fb_built=&#8221;1&#8243; _builder_version=&#8221;4.9.4&#8243; _module_preset=&#8221;default&#8221; locked=&#8221;off&#8221;][et_pb_row column_structure=&#8221;1_2,1_2&#8243; use_custom_gutter=&#8221;on&#8221; gutter_width=&#8221;1&#8243; make_equal=&#8221;on&#8221; _builder_version=&#8221;4.9.4&#8243; _module_preset=&#8221;default&#8221; width=&#8221;100%&#8221; max_width=&#8221;1280px&#8221; custom_css_main_element=&#8221;align-items:center;&#8221; custom_css_main_element_last_edited=&#8221;on|desktop&#8221;][et_pb_column type=&#8221;1_2&#8243; _builder_version=&#8221;4.9.4&#8243; _module_preset=&#8221;default&#8221;][et_pb_image src=&#8221;https:\/\/www.les-sablons.com\/wp-content\/uploads\/2020\/12\/RESTAURANT-LE-JARDIN-DES-SABLONS-01072019-6-1270&#215;847-1-1024&#215;683.jpg&#8221; title_text=&#8221;RESTAURANT-LE-JARDIN-DES-SABLONS-01072019-6-1270&#215;847&#8243; module_class=&#8221; &#8221; _builder_version=&#8221;4.9.4&#8243; _module_preset=&#8221;default&#8221; min_height=&#8221;100%&#8221; custom_padding=&#8221;|15px||15px|false|true&#8221; animation_direction=&#8221;bottom&#8221; custom_css_main_element=&#8221;height:100%;&#8221; locked=&#8221;off&#8221;][\/et_pb_image][\/et_pb_column][et_pb_column type=&#8221;1_2&#8243; _builder_version=&#8221;4.9.4&#8243; _module_preset=&#8221;default&#8221; custom_padding=&#8221;|||3%|false|false&#8221; custom_padding_tablet=&#8221;&#8221; custom_padding_phone=&#8221;|0px||0px|false|false&#8221; custom_padding_last_edited=&#8221;on|desktop&#8221;][et_pb_blurb title=&#8221;<span>Onze locatie <\/span> Een groene omgeving&#8221; content_max_width=&#8221;669px&#8221; content_max_width_tablet=&#8221;940px&#8221; content_max_width_phone=&#8221;100%&#8221; content_max_width_last_edited=&#8221;on|tablet&#8221; module_class=&#8221;text-withSpan-block&#8221; _builder_version=&#8221;4.9.4&#8243; _module_preset=&#8221;default&#8221; header_level=&#8221;h2&#8243; header_font=&#8221;|800||on|||||&#8221; header_text_align=&#8221;left&#8221; header_font_size=&#8221;2rem&#8221; header_line_height=&#8221;2.5rem&#8221; body_text_align=&#8221;left&#8221; body_font_size=&#8221;1rem&#8221; body_line_height=&#8221;1.7rem&#8221; custom_padding_tablet=&#8221;|20px||20px|false|true&#8221; custom_padding_phone=&#8221;15px|15px|15px|15px|false|false&#8221; custom_padding_last_edited=&#8221;on|tablet&#8221; header_font_size_tablet=&#8221;&#8221; header_font_size_phone=&#8221;1.5rem&#8221; header_font_size_last_edited=&#8221;on|phone&#8221; custom_css_blurb_title=&#8221;margin-bottom:25px;&#8221; locked=&#8221;off&#8221;]Op slechts 5 minuten lopen van het strand van Portiragnes verwelkomen onze ma\u00eetre d\u2019 en zijn vriendelijke team je met de glimlach. Je kunt kiezen tussen ons buitenterras, omringd door weelderige vegetatie, of onze eetzaal binnen met airconditioning. We verwelkomen zowel onze eigen als externe gasten van april tot september.[\/et_pb_blurb][dnxte_feature_list_parent dnxte_feature_list_icon_color=&#8221;#12b312&#8243; dnxte_feature_list_icon_bg_color=&#8221;RGBA(0,0,0,0)&#8221; dnxte_feature_list_item_margin=&#8221;||15px||false|false&#8221; dnxte_feature_list_item_padding=&#8221;||||false|true&#8221; dnxte_feature_list_item_padding_tablet=&#8221;|20px||20px|false|true&#8221; dnxte_feature_list_item_padding_phone=&#8221;|20px||20px|false|true&#8221; dnxte_feature_list_item_padding_last_edited=&#8221;on|desktop&#8221; module_class=&#8221;list-featured-list&#8221; _builder_version=&#8221;4.9.4&#8243; _module_preset=&#8221;default&#8221; title_font=&#8221;|700|||||||&#8221; custom_css_main_element=&#8221;margin-bottom:1.7rem !important;||margin-top:1.7rem;&#8221; custom_css_feature_list_icon=&#8221;background:none !important;&#8221; dnxte_feature_list_item_padding__hover_enabled=&#8221;off|desktop&#8221;][dnxte_feature_list_child dnxte_feature_list_title=&#8221;Schaduwrijke plek met bomen&#8221; _builder_version=&#8221;4.9.4&#8243; _module_preset=&#8221;default&#8221; custom_css_feature_list_icon=&#8221;background:none;&#8221;][\/dnxte_feature_list_child][dnxte_feature_list_child dnxte_feature_list_title=&#8221;Binnenruimte met airconditioning&#8221; _builder_version=&#8221;4.9.4&#8243; _module_preset=&#8221;default&#8221;][\/dnxte_feature_list_child][dnxte_feature_list_child dnxte_feature_list_title=&#8221;5 minuten lopen naar het strand&#8221; _builder_version=&#8221;4.9.4&#8243; _module_preset=&#8221;default&#8221;][\/dnxte_feature_list_child][dnxte_feature_list_child dnxte_feature_list_title=&#8221;Open voor iedereen, van april tot september&#8221; _builder_version=&#8221;4.9.4&#8243; _module_preset=&#8221;default&#8221;][\/dnxte_feature_list_child][\/dnxte_feature_list_parent][et_pb_button button_url=&#8221;https:\/\/linktr.ee\/sablonsrestaurants&#8221; url_new_window=&#8221;on&#8221; button_text=&#8221;Bekijk ons menu&#8221; button_alignment=&#8221;left&#8221; _builder_version=&#8221;4.9.4&#8243; _module_preset=&#8221;default&#8221; custom_button=&#8221;on&#8221; button_text_size=&#8221;17px&#8221; button_bg_color=&#8221;#40a8c5&#8243; button_border_width=&#8221;0px&#8221; button_icon=&#8221;%%20%%&#8221; button_icon_color=&#8221;#FFFFFF&#8221; button_on_hover=&#8221;off&#8221; background_layout=&#8221;dark&#8221; custom_margin_tablet=&#8221;&#8221; custom_margin_phone=&#8221;|||15px|false|false&#8221; custom_margin_last_edited=&#8221;on|phone&#8221; custom_padding=&#8221;10px|20px|10px|20px|true|true&#8221; locked=&#8221;off&#8221;][\/et_pb_button][\/et_pb_column][\/et_pb_row][\/et_pb_section][et_pb_section fb_built=&#8221;1&#8243; custom_padding_last_edited=&#8221;on|desktop&#8221; _builder_version=&#8221;4.9.4&#8243; _module_preset=&#8221;default&#8221; background_color=&#8221;#fbfbfb&#8221; custom_padding=&#8221;100px||100px||false|false&#8221; custom_padding_tablet=&#8221;&#8221; custom_padding_phone=&#8221;4%|15px|4%|15px|true|true&#8221; locked=&#8221;off&#8221;][et_pb_row column_structure=&#8221;1_2,1_2&#8243; make_equal=&#8221;on&#8221; _builder_version=&#8221;4.9.4&#8243; _module_preset=&#8221;default&#8221; width=&#8221;1280px&#8221; max_width=&#8221;100%&#8221; custom_css_main_element=&#8221;align-items:center;&#8221; locked=&#8221;off&#8221; custom_css_main_element_last_edited=&#8221;on|phone&#8221; custom_css_main_element_phone=&#8221;flex-direction:column-reverse;&#8221;][et_pb_column type=&#8221;1_2&#8243; _builder_version=&#8221;4.9.4&#8243; _module_preset=&#8221;default&#8221; custom_css_main_element=&#8221;padding:45px;&#8221; custom_css_main_element_last_edited=&#8221;on|phone&#8221; custom_css_main_element_phone=&#8221;padding:unset;&#8221; custom_css_main_element_tablet=&#8221;padding:unset;&#8221;][et_pb_blurb title=&#8221;<span>Contact &#038; openingstijden<\/span> Van juni tot en met september geopend voor iedereen&#8221; content_max_width=&#8221;669px&#8221; content_max_width_tablet=&#8221;940px&#8221; content_max_width_phone=&#8221;100%&#8221; content_max_width_last_edited=&#8221;on|tablet&#8221; module_class=&#8221;text-withSpan-block&#8221; _builder_version=&#8221;4.9.4&#8243; _module_preset=&#8221;default&#8221; header_level=&#8221;h2&#8243; header_font=&#8221;|800||on|||||&#8221; header_text_align=&#8221;left&#8221; header_font_size=&#8221;2rem&#8221; header_line_height=&#8221;2.5rem&#8221; body_text_align=&#8221;left&#8221; body_font_size=&#8221;1rem&#8221; body_line_height=&#8221;1.7rem&#8221; custom_padding_tablet=&#8221;|20px||20px|false|true&#8221; custom_padding_phone=&#8221;15px|15px|15px|15px|false|false&#8221; custom_padding_last_edited=&#8221;on|tablet&#8221; hover_enabled=&#8221;0&#8243; header_font_size_tablet=&#8221;&#8221; header_font_size_phone=&#8221;1.5rem&#8221; header_font_size_last_edited=&#8221;on|phone&#8221; custom_css_blurb_title=&#8221;margin-bottom:25px;&#8221; locked=&#8221;off&#8221; sticky_enabled=&#8221;0&#8243;]<\/p>\n<p>Of u nu op onze camping verblijft of op bezoek bent in de omgeving, wij verwelkomen u graag tijdens het hele zomerseizoen.<\/p>\n<p>[\/et_pb_blurb][et_pb_text admin_label=&#8221;contact&#8221; _builder_version=&#8221;4.9.4&#8243; _module_preset=&#8221;default&#8221; header_5_font_size=&#8221;25px&#8221; custom_margin=&#8221;||0px||false|false&#8221; custom_padding=&#8221;||30px||false|false&#8221; hover_enabled=&#8221;0&#8243; border_width_bottom=&#8221;1px&#8221; border_color_bottom=&#8221;#dedede&#8221; sticky_enabled=&#8221;0&#8243;]<\/p>\n<p data-start=\"1452\" data-end=\"1540\"><strong data-start=\"1452\" data-end=\"1485\">Van 05-06-2026 tot 31-08-2026<\/strong><br data-start=\"1485\" data-end=\"1488\" \/>Alleen diner, <strong data-start=\"1502\" data-end=\"1539\">dagelijks van 18:00 tot 22:00 uur<\/strong>.<\/p>\n<p data-start=\"1542\" data-end=\"1679\"><strong data-start=\"1542\" data-end=\"1575\">Van 01-09-2026 tot 27-09-2027<\/strong><br data-start=\"1575\" data-end=\"1578\" \/>Alleen diner, <strong data-start=\"1592\" data-end=\"1651\">van woensdag tot en met maandag van 18:00 tot 22:00 uur<\/strong><br data-start=\"1651\" data-end=\"1654\" \/><em data-start=\"1654\" data-end=\"1677\">(Gesloten op dinsdag)<\/em><\/p>\n<p data-start=\"1681\" data-end=\"1736\">Informatie en reserveringen: <strong data-start=\"1710\" data-end=\"1734\">+33 (0)6 19 49 11 83<\/strong><\/p>\n<p data-start=\"1738\" data-end=\"1784\">Adres: Avenue des M\u00fbriers, 34420 Portiragnes<\/p>\n<p>[\/et_pb_text][et_pb_social_media_follow icon_color=&#8221;#000000&#8243; use_icon_font_size=&#8221;on&#8221; icon_font_size=&#8221;30px&#8221; module_class=&#8221;list-res-follow&#8221; _builder_version=&#8221;4.9.4&#8243; _module_preset=&#8221;default&#8221; custom_margin=&#8221;30px||||false|false&#8221; border_width_all=&#8221;1px&#8221; border_color_all=&#8221;#dedede&#8221;][et_pb_social_media_follow_network social_network=&#8221;facebook&#8221; url=&#8221;https:\/\/www.facebook.com\/lejardindessablons\/&#8221; _builder_version=&#8221;4.9.4&#8243; _module_preset=&#8221;default&#8221; background_color=&#8221;RGBA(0,0,0,0)&#8221; background_enable_color=&#8221;on&#8221; follow_button=&#8221;off&#8221; url_new_window=&#8221;on&#8221;]facebook[\/et_pb_social_media_follow_network][et_pb_social_media_follow_network social_network=&#8221;instagram&#8221; url=&#8221;https:\/\/www.instagram.com\/lejardindessablons\/&#8221; _builder_version=&#8221;4.9.4&#8243; _module_preset=&#8221;default&#8221; background_enable_color=&#8221;off&#8221; custom_css_before=&#8221;color:purple;&#8221; follow_button=&#8221;off&#8221; url_new_window=&#8221;on&#8221;]instagram[\/et_pb_social_media_follow_network][\/et_pb_social_media_follow][\/et_pb_column][et_pb_column type=&#8221;1_2&#8243; _builder_version=&#8221;4.9.4&#8243; _module_preset=&#8221;default&#8221;][et_pb_blurb image=&#8221;https:\/\/www.les-sablons.com\/wp-content\/uploads\/2021\/08\/2021-travellers-choice.png&#8221; content_max_width=&#8221;150px&#8221; content_max_width_tablet=&#8221;&#8221; content_max_width_phone=&#8221;150px&#8221; content_max_width_last_edited=&#8221;on|desktop&#8221; admin_label=&#8221;logo TripAdvisor&#8221; module_class=&#8221;infos-contact__badge&#8221; _builder_version=&#8221;4.9.4&#8243; _module_preset=&#8221;default&#8221; header_text_align=&#8221;center&#8221; header_text_color=&#8221;#FFFFFF&#8221; header_font_size=&#8221;1rem&#8221; body_text_color=&#8221;#FFFFFF&#8221; body_font_size=&#8221;16px&#8221; background_enable_color=&#8221;off&#8221; positioning=&#8221;absolute&#8221; vertical_offset=&#8221;100px&#8221; horizontal_offset=&#8221;-290px&#8221; z_index=&#8221;2&#8243; position_origin_a_tablet=&#8221;&#8221; position_origin_a_phone=&#8221;&#8221; position_origin_a_last_edited=&#8221;on|phone&#8221; position_origin_f_tablet=&#8221;&#8221; position_origin_f_phone=&#8221;&#8221; position_origin_f_last_edited=&#8221;on|phone&#8221; position_origin_r_tablet=&#8221;&#8221; position_origin_r_phone=&#8221;&#8221; position_origin_r_last_edited=&#8221;on|phone&#8221; text_orientation=&#8221;center&#8221; width=&#8221;100%&#8221; custom_padding=&#8221;20px|20px|20px|20px|true|true&#8221; positioning_tablet=&#8221;&#8221; positioning_phone=&#8221;none&#8221; positioning_last_edited=&#8221;on|desktop&#8221; custom_css_blurb_image=&#8221;margin-bottom:0;&#8221; custom_css_blurb_title=&#8221;margin-bottom:10px;&#8221; custom_css_blurb_content=&#8221;background: #ffffff;||padding: 25px 15px;||border-radius: 10px;||border: 1px solid #dedede;||box-shadow: 0 0 25px -5px rgba(0, 0, 0, .15);&#8221;][\/et_pb_blurb][et_pb_image src=&#8221;https:\/\/www.les-sablons.com\/wp-content\/uploads\/2021\/05\/RESTAURANT-37-1024&#215;683.jpg&#8221; title_text=&#8221;RESTAURANT-37&#8243; align=&#8221;center&#8221; _builder_version=&#8221;4.9.4&#8243; _module_preset=&#8221;default&#8221; custom_padding=&#8221;26px||||false|false&#8221;][\/et_pb_image][\/et_pb_column][\/et_pb_row][\/et_pb_section][et_pb_section fb_built=&#8221;1&#8243; _builder_version=&#8221;4.3.2&#8243; width=&#8221;100%&#8221; custom_margin=&#8221;||50px||false|false&#8221; custom_padding=&#8221;14px|||||&#8221;][et_pb_row use_custom_gutter=&#8221;on&#8221; _builder_version=&#8221;4.9.4&#8243; _module_preset=&#8221;default&#8221; width=&#8221;100%&#8221; max_width=&#8221;95%&#8221; custom_margin=&#8221;0px||||false|false&#8221; custom_padding=&#8221;0px||||false|false&#8221;][et_pb_column type=&#8221;4_4&#8243; _builder_version=&#8221;4.7.7&#8243; _module_preset=&#8221;default&#8221;][et_pb_gallery gallery_ids=&#8221;5750,5758,13089,13093,13097,13085,14850,14046,14054,14855&#8243; posts_number=&#8221;10&#8243; show_title_and_caption=&#8221;off&#8221; show_pagination=&#8221;off&#8221; module_id=&#8221;bloc-gallery-image-inline&#8221; _builder_version=&#8221;4.9.4&#8243; _module_preset=&#8221;default&#8221; transform_translate_linked=&#8221;off&#8221; custom_css_overlay_icon=&#8221;    color: #ffffff !important;&#8221; locked=&#8221;off&#8221; custom_css_overlay__hover_enabled=&#8221;off|desktop&#8221; custom_css_overlay_last_edited=&#8221;off|desktop&#8221;][\/et_pb_gallery][\/et_pb_column][\/et_pb_row][\/et_pb_section][et_pb_section fb_built=&#8221;1&#8243; module_class=&#8221;footer-widgets&#8221; _builder_version=&#8221;4.7.7&#8243; background_color=&#8221;#3796aa&#8221; custom_padding=&#8221;0px||10px||false|false&#8221; global_module=&#8221;8108&#8243; saved_tabs=&#8221;all&#8221; locked=&#8221;on&#8221; collapsed=&#8221;on&#8221;][et_pb_row column_structure=&#8221;1_3,1_3,1_3&#8243; use_custom_gutter=&#8221;on&#8221; gutter_width=&#8221;2&#8243; make_equal=&#8221;on&#8221; disabled_on=&#8221;on|on|off&#8221; module_class=&#8221;footer-infos&#8221; _builder_version=&#8221;4.2.2&#8243; width=&#8221;100%&#8221; width_tablet=&#8221;auto&#8221; width_phone=&#8221;auto&#8221; width_last_edited=&#8221;on|phone&#8221; max_width=&#8221;1235px&#8221; max_width_tablet=&#8221;none&#8221; max_width_phone=&#8221;none&#8221; max_width_last_edited=&#8221;on|phone&#8221; custom_padding=&#8221;||10px||false|false&#8221;][et_pb_column type=&#8221;1_3&#8243; _builder_version=&#8221;4.2.2&#8243; custom_padding=&#8221;|||20px|false|false&#8221; custom_padding_tablet=&#8221;|||0px|false|false&#8221; custom_padding_phone=&#8221;&#8221; custom_padding_last_edited=&#8221;on|desktop&#8221;][et_pb_blurb title=&#8221;Hotline 7\/7j&#8221; admin_label=&#8221;Hotline 7\/7j&#8221; _builder_version=&#8221;4.9.4&#8243; header_font=&#8221;|||on|||||&#8221; header_text_color=&#8221;#ffffff&#8221; body_text_color=&#8221;#ffffff&#8221;]<\/p>\n<p class=\"ls_footer_social_2\">Stel ons al uw vragen van 9.00 uur tot 18.00 uur.<\/p>\n<p><a href=\"tel:+33467909055\"><span style=\"color: #ffffff; font-size: 16px;\">+33 4 67 90 90 55<\/span><\/a><\/p>\n<p>[\/et_pb_blurb][\/et_pb_column][et_pb_column type=&#8221;1_3&#8243; _builder_version=&#8221;4.2.2&#8243;][et_pb_blurb title=&#8221;Volg ons&#8221; admin_label=&#8221;Volg ons&#8221; _builder_version=&#8221;4.7.7&#8243; header_font=&#8221;|||on|||||&#8221; header_text_color=&#8221;#ffffff&#8221; body_text_color=&#8221;#ffffff&#8221; custom_padding=&#8221;||0px||false|false&#8221; custom_css_main_element=&#8221;margin-bottom: 0 !important;&#8221;]<\/p>\n<p class=\"ls_footer_social\">Deel het kampeerleven met uw vrienden en familie<\/p>\n<p>[\/et_pb_blurb][et_pb_social_media_follow admin_label=&#8221;Follow us on social media&#8221; _builder_version=&#8221;4.7.7&#8243;][et_pb_social_media_follow_network social_network=&#8221;facebook&#8221; url=&#8221;https:\/\/www.facebook.com\/CampingClubLesSablons&#8221; icon_color=&#8221;#ffffff&#8221; _builder_version=&#8221;4.2.2&#8243; background_color=&#8221;rgba(59,89,152,0)&#8221; background_enable_color=&#8221;on&#8221;]facebook[\/et_pb_social_media_follow_network][et_pb_social_media_follow_network social_network=&#8221;pinterest&#8221; url=&#8221;https:\/\/www.pinterest.fr\/campingsablons\/&#8221; icon_color=&#8221;#ffffff&#8221; _builder_version=&#8221;4.2.2&#8243; background_color=&#8221;rgba(203,32,39,0)&#8221; background_enable_color=&#8221;on&#8221;]pinterest[\/et_pb_social_media_follow_network][et_pb_social_media_follow_network social_network=&#8221;youtube&#8221; url=&#8221;https:\/\/www.youtube.com\/channel\/UCJH1bcXs5nLomrHW-Efn-JA?feature=mhee&#8221; icon_color=&#8221;#ffffff&#8221; _builder_version=&#8221;4.2.2&#8243; background_color=&#8221;rgba(168,36,0,0)&#8221; background_enable_color=&#8221;on&#8221;]youtube[\/et_pb_social_media_follow_network][et_pb_social_media_follow_network social_network=&#8221;instagram&#8221; url=&#8221;https:\/\/www.instagram.com\/campinglessablons\/&#8221; icon_color=&#8221;#ffffff&#8221; _builder_version=&#8221;4.2.2&#8243; background_color=&#8221;rgba(10,4,1,0)&#8221; background_enable_color=&#8221;on&#8221;]instagram[\/et_pb_social_media_follow_network][\/et_pb_social_media_follow][\/et_pb_column][et_pb_column type=&#8221;1_3&#8243; _builder_version=&#8221;4.2.2&#8243;][et_pb_blurb title=&#8221;Nieuwsbrief&#8221; admin_label=&#8221;Nieuwsbrief&#8221; _builder_version=&#8221;4.7.7&#8243; header_font=&#8221;|||on|||||&#8221; header_text_color=&#8221;#ffffff&#8221; body_text_color=&#8221;#ffffff&#8221; custom_css_main_element=&#8221;margin-bottom: 0px !important;&#8221;]<\/p>\n<p>Ontvang nieuws en aanbiedingen van uw camping<\/p>\n<p>[\/et_pb_blurb][et_pb_code admin_label=&#8221;Code &#8211; Newsletter&#8221; _builder_version=&#8221;4.7.7&#8243; custom_margin=&#8221;-20px||||false|false&#8221;]<p><div class=\"tnp tnp-subscription \">\n<form method=\"post\" action=\"https:\/\/www.les-sablons.com\/nl\/?na=s\">\n\n<input type=\"hidden\" name=\"nlang\" value=\"nl\"><div class=\"tnp-field tnp-field-email\"><label for=\"tnp-1\">E-mail<\/label>\n<input class=\"tnp-email\" type=\"email\" name=\"ne\" id=\"tnp-1\" value=\"\" required><\/div>\n<div class=\"tnp-field tnp-field-button\"><input class=\"tnp-submit\" type=\"submit\" value=\"https:\/\/www.les-sablons.com\/wp-content\/uploads\/2020\/02\/send.png\" >\n<\/div>\n<\/form>\n<\/div>\n<\/p>[\/et_pb_code][\/et_pb_column][\/et_pb_row][et_pb_row disabled_on=&#8221;on|on|off&#8221; _builder_version=&#8221;4.2.2&#8243; width=&#8221;100%&#8221; width_tablet=&#8221;auto&#8221; width_phone=&#8221;auto&#8221; width_last_edited=&#8221;on|phone&#8221; max_width=&#8221;1235px&#8221; max_width_tablet=&#8221;none&#8221; max_width_phone=&#8221;none&#8221; max_width_last_edited=&#8221;on|phone&#8221; custom_margin=&#8221;0px||||false|false&#8221; custom_padding=&#8221;0px||0px||true|false&#8221;][et_pb_column type=&#8221;4_4&#8243; _builder_version=&#8221;4.2.2&#8243;][et_pb_divider color=&#8221;#333333&#8243; divider_position=&#8221;center&#8221; divider_weight=&#8221;1px&#8221; _builder_version=&#8221;4.7.7&#8243; module_alignment=&#8221;center&#8221; height=&#8221;1px&#8221;][\/et_pb_divider][et_pb_text _builder_version=&#8221;4.9.4&#8243; _module_preset=&#8221;default&#8221; text_font_size=&#8221;16px&#8221;]<\/p>\n<p style=\"text-align: center;\">* All of the photographs on our website and reservation platform are non-contractual *<\/p>\n<p>[\/et_pb_text][et_pb_divider color=&#8221;#333333&#8243; divider_position=&#8221;center&#8221; divider_weight=&#8221;1px&#8221; _builder_version=&#8221;4.7.7&#8243; module_alignment=&#8221;center&#8221; height=&#8221;1px&#8221;][\/et_pb_divider][\/et_pb_column][\/et_pb_row][et_pb_row column_structure=&#8221;2_3,1_3&#8243; use_custom_gutter=&#8221;on&#8221; gutter_width=&#8221;4&#8243; make_equal=&#8221;on&#8221; disabled_on=&#8221;on|on|off&#8221; module_class=&#8221;footer-recrutons&#8221; _builder_version=&#8221;4.2.2&#8243; width=&#8221;100%&#8221; width_tablet=&#8221;auto&#8221; width_phone=&#8221;auto&#8221; width_last_edited=&#8221;on|phone&#8221; max_width=&#8221;1235px&#8221; max_width_tablet=&#8221;none&#8221; max_width_phone=&#8221;none&#8221; max_width_last_edited=&#8221;on|phone&#8221;][et_pb_column type=&#8221;2_3&#8243; _builder_version=&#8221;4.2.2&#8243; custom_padding=&#8221;|||20px|false|false&#8221; custom_padding_tablet=&#8221;|||0px|false|false&#8221; custom_padding_phone=&#8221;&#8221; custom_padding_last_edited=&#8221;on|desktop&#8221;][et_pb_text admin_label=&#8221;Camping 5 \u00e9toiles Les Sablons&#8221; _builder_version=&#8221;4.9.4&#8243; text_text_color=&#8221;#ffffff&#8221; link_option_url=&#8221;https:\/\/www.google.fr\/maps\/place\/Camping+les+Sablons+5+%C3%A9toiles\/@43.2801167,3.3615559,17z\/data=!3m1!4b1!4m8!3m7!1s0x12b110cb8904248b:0xa4f1250526d3159!5m2!4m1!1i2!8m2!3d43.2801167!4d3.3637446&#8243; link_option_url_new_window=&#8221;on&#8221;]Camping 5 \u00e9toiles Les Sablons<br \/>\nAvenue des M\u00fbriers<br \/>\n34420 Portiragnes-Plage<br \/>\nFrance<\/p>\n<p><a href=\"https:\/\/qualite-tourisme-occitanie.fr\/\" target=\"_blank\" rel=\"noopener\"><img decoding=\"async\" class=\"qualite_tourisme alignleft wp-image-14179\" src=\"https:\/\/www.les-sablons.com\/wp-content\/uploads\/2020\/02\/logo-qualite\u0301-tourisme.png\" alt=\"\" width=\"125\" height=\"121\" \/><\/a><a href=\"https:\/\/www.laclefverte.org\/\" target=\"_blank\" rel=\"noopener\"><img decoding=\"async\" class=\"clef_verte alignleft wp-image-14179\" style=\"margin-left: 20px;\" src=\"https:\/\/www.les-sablons.com\/wp-content\/uploads\/2022\/02\/icone-clef-verte.svg\" width=\"100\" \/><\/a><\/p>\n<div id=\"e6444e82-8043-4eae-aa3f-6fcda8e3eab8\" class=\"avis-footer nl\"><\/div>\n<p><script async charset=\"utf-8\" src=\"https:\/\/widgets.rr.skeepers.io\/generated\/5b3aff52-4d28-bc94-d148-f1bf8652f4a2\/e6444e82-8043-4eae-aa3f-6fcda8e3eab8.js\"><\/script>[\/et_pb_text][et_pb_text disabled_on=&#8221;off|off|off&#8221; admin_label=&#8221;Bouton &#8211; Menu&#8221; _builder_version=&#8221;4.7.7&#8243; text_text_color=&#8221;#ffffff&#8221;]<\/p>\n<div class=\"footer-button\">\n<a href=\"\/plan-dacces\/\" class=\"learn_more\">ROUTE<\/a>\n<\/div>\n<div class=\"footer-button\">\n<a href=\"\/contact\/\" class=\"learn_more\">CONTACTEER ONS<\/a>\n<\/div>\n<div class=\"footer-button\">\n<a href=\"\/questions-frequentes\/\" class=\"learn_more\">F.A.Q<\/a>\n<\/div>\n<div class=\"footer-button\">\n<a href=\"https:\/\/thelisresa.webcamp.fr\/formulaire.php?camping=sablons&#038;lang=nl\" class=\"learn_more\">RESERVEREN<\/a>\n<\/div>\n<p>[\/et_pb_text][\/et_pb_column][et_pb_column type=&#8221;1_3&#8243; _builder_version=&#8221;4.2.2&#8243;][et_pb_blurb title=&#8221;We huren&#8221; admin_label=&#8221;We huren&#8221; _builder_version=&#8221;4.7.7&#8243; header_font=&#8221;|||on|||||&#8221; header_text_color=&#8221;#ffffff&#8221; body_text_color=&#8221;#ffffff&#8221; custom_css_main_element=&#8221;margin-bottom: 20px !important;&#8221;]Elk seizoen werft Camping Les Sablons nieuwe medewerkers aan voor verschillende diensten:<br \/>\nAnimatie, zwembad, bar, receptie, groen en onderhoud, onderhoud en schoonmaak en meer!<br \/>\nSchroom niet om te solliciteren voor een seizoenscontract of een stage[\/et_pb_blurb][et_pb_button button_url=&#8221;https:\/\/careers.werecruit.io\/fr\/camping-les-sablons&#8221; url_new_window=&#8221;on&#8221; button_text=&#8221;Toepassen&#8221; button_alignment=&#8221;left&#8221; button_alignment_tablet=&#8221;center&#8221; button_alignment_phone=&#8221;&#8221; button_alignment_last_edited=&#8221;on|tablet&#8221; admin_label=&#8221;Bouton &#8211; Postuler&#8221; _builder_version=&#8221;4.7.7&#8243; custom_button=&#8221;on&#8221; button_text_size=&#8221;12px&#8221; button_text_color=&#8221;#ffffff&#8221; button_border_width=&#8221;1px&#8221; button_border_color=&#8221;#ffffff&#8221; button_font=&#8221;|||on|||||&#8221; button_use_icon=&#8221;off&#8221; button_text_size__hover_enabled=&#8221;on|hover&#8221; button_bg_color__hover_enabled=&#8221;on|hover&#8221; button_text_color__hover_enabled=&#8221;on|hover&#8221; button_text_color__hover=&#8221;#40a8c5&#8243; button_bg_color__hover=&#8221;#ffffff&#8221; button_bg_enable_color__hover=&#8221;on&#8221; button_border_color__hover_enabled=&#8221;on|desktop&#8221; button_border_color__hover=&#8221;#ffffff&#8221;][\/et_pb_button][\/et_pb_column][\/et_pb_row][et_pb_row disabled_on=&#8221;on|on|off&#8221; _builder_version=&#8221;4.2.2&#8243; width=&#8221;100%&#8221; width_tablet=&#8221;auto&#8221; width_phone=&#8221;auto&#8221; width_last_edited=&#8221;on|phone&#8221; max_width=&#8221;1235px&#8221; max_width_tablet=&#8221;none&#8221; max_width_phone=&#8221;&#8221; max_width_last_edited=&#8221;on|phone&#8221; custom_margin=&#8221;0px||||false|false&#8221; custom_padding=&#8221;0px||0px||true|false&#8221;][et_pb_column type=&#8221;4_4&#8243; _builder_version=&#8221;4.2.2&#8243;][et_pb_divider color=&#8221;#333333&#8243; divider_position=&#8221;center&#8221; divider_weight=&#8221;1px&#8221; _builder_version=&#8221;4.7.7&#8243; module_alignment=&#8221;center&#8221; height=&#8221;1px&#8221;][\/et_pb_divider][\/et_pb_column][\/et_pb_row][et_pb_row disabled_on=&#8221;off|off|on&#8221; _builder_version=&#8221;4.2.2&#8243;][et_pb_column type=&#8221;4_4&#8243; _builder_version=&#8221;4.2.2&#8243;][et_pb_text _builder_version=&#8221;4.9.4&#8243; _module_preset=&#8221;default&#8221;]<\/p>\n<p style=\"text-align: center;\">* All of the photographs on our website and reservation platform are non-contractual *<\/p>\n<p>[\/et_pb_text][et_pb_blurb title=&#8221;Hotline 7\/7j&#8221; admin_label=&#8221;Hotline 7\/7j&#8221; module_class=&#8221;footer-info&#8221; _builder_version=&#8221;4.7.7&#8243; header_font=&#8221;|||on|||||&#8221; header_text_color=&#8221;#ffffff&#8221; body_text_color=&#8221;#ffffff&#8221; custom_css_main_element=&#8221;margin-bottom: 20px !important;&#8221;]Stel ons al uw vragen van 9.00 uur tot 19.00 uur.<br \/>\n<a href=\"tel:+33467909055\"><span style=\"color: #ffffff; font-size: 16px;\">+33 4 67 90 90 55<\/span><\/a>[\/et_pb_blurb][et_pb_divider color=&#8221;#9d1412&#8243; divider_position=&#8221;center&#8221; divider_weight=&#8221;1px&#8221; _builder_version=&#8221;4.2.2&#8243; module_alignment=&#8221;center&#8221; height=&#8221;1px&#8221;][\/et_pb_divider][et_pb_blurb title=&#8221;Nieuwsbrief&#8221; admin_label=&#8221;Nieuwsbrief&#8221; module_class=&#8221;footer-info&#8221; _builder_version=&#8221;4.7.7&#8243; header_font=&#8221;|||on|||||&#8221; header_text_color=&#8221;#ff4e1f&#8221; body_text_color=&#8221;#ffffff&#8221; custom_css_main_element=&#8221;margin-bottom: 0px !important;&#8221;]<\/p>\n<p>Ontvang nieuws en aanbiedingen van uw camping<\/p>\n<p>[\/et_pb_blurb][et_pb_code admin_label=&#8221;Code &#8211; Newsletter&#8221; _builder_version=&#8221;4.2.2&#8243; custom_margin=&#8221;-20px||||false|false&#8221;]<p><div class=\"tnp tnp-subscription \">\n<form method=\"post\" action=\"https:\/\/www.les-sablons.com\/nl\/?na=s\">\n\n<input type=\"hidden\" name=\"nlang\" value=\"nl\"><div class=\"tnp-field tnp-field-email\"><label for=\"tnp-3\">E-mail<\/label>\n<input class=\"tnp-email\" type=\"email\" name=\"ne\" id=\"tnp-3\" value=\"\" required><\/div>\n<div class=\"tnp-field tnp-field-button\"><input class=\"tnp-submit\" type=\"submit\" value=\"https:\/\/www.les-sablons.com\/wp-content\/uploads\/2020\/02\/send.png\" >\n<\/div>\n<\/form>\n<\/div>\n<\/p>[\/et_pb_code][et_pb_divider color=&#8221;#9d1412&#8243; divider_position=&#8221;center&#8221; divider_weight=&#8221;1px&#8221; _builder_version=&#8221;4.2.2&#8243; module_alignment=&#8221;center&#8221; height=&#8221;1px&#8221;][\/et_pb_divider][et_pb_blurb title=&#8221;We huren&#8221; admin_label=&#8221;We huren&#8221; module_class=&#8221;footer-info&#8221; _builder_version=&#8221;4.7.7&#8243; header_font=&#8221;|||on|||||&#8221; header_text_color=&#8221;#ff4e1f&#8221; body_text_color=&#8221;#ffffff&#8221; custom_css_main_element=&#8221;margin-bottom: 20px !important;&#8221;]Elk seizoen werft Camping Les Sablons nieuwe medewerkers aan voor verschillende diensten:<br \/>\nAnimatie, zwembad, bar, receptie, groen en onderhoud, onderhoud en schoonmaak en meer!<br \/>\nSchroom niet om te solliciteren voor een seizoenscontract of een stage[\/et_pb_blurb][et_pb_button button_url=&#8221;https:\/\/careers.werecruit.io\/fr\/camping-les-sablons&#8221; url_new_window=&#8221;on&#8221; button_text=&#8221;Toepassen&#8221; button_alignment=&#8221;left&#8221; button_alignment_tablet=&#8221;center&#8221; button_alignment_phone=&#8221;&#8221; button_alignment_last_edited=&#8221;on|tablet&#8221; admin_label=&#8221;Bouton &#8211; Postuler&#8221; _builder_version=&#8221;4.7.7&#8243; custom_button=&#8221;on&#8221; button_text_size=&#8221;12px&#8221; button_text_color=&#8221;#ffffff&#8221; button_border_width=&#8221;1px&#8221; button_border_color=&#8221;#ffffff&#8221; button_font=&#8221;|||on|||||&#8221; button_use_icon=&#8221;off&#8221; button_text_size__hover_enabled=&#8221;on|hover&#8221; button_bg_color__hover_enabled=&#8221;on|hover&#8221; button_text_color__hover_enabled=&#8221;on|desktop&#8221; button_text_color__hover=&#8221;#ffffff&#8221; button_bg_color__hover=&#8221;#eb1d1a&#8221; button_bg_enable_color__hover=&#8221;on&#8221; button_border_color__hover_enabled=&#8221;on|desktop&#8221; button_border_color__hover=&#8221;#eb1d1a&#8221;][\/et_pb_button][et_pb_divider color=&#8221;#9d1412&#8243; divider_position=&#8221;center&#8221; divider_weight=&#8221;1px&#8221; _builder_version=&#8221;4.2.2&#8243; module_alignment=&#8221;center&#8221; height=&#8221;1px&#8221;][\/et_pb_divider][et_pb_blurb title=&#8221;Volg ons&#8221; admin_label=&#8221;Volg ons&#8221; module_class=&#8221;footer-info&#8221; _builder_version=&#8221;4.7.7&#8243; header_font=&#8221;|||on|||||&#8221; header_text_color=&#8221;#ffffff&#8221; body_text_color=&#8221;#ffffff&#8221; custom_padding=&#8221;||0px||false|false&#8221; custom_css_main_element=&#8221;margin-bottom: 0 !important;&#8221;]<\/p>\n<p>Deel het kampeerleven met uw vrienden en familie<\/p>\n<p>[\/et_pb_blurb][et_pb_social_media_follow _builder_version=&#8221;4.7.7&#8243;][et_pb_social_media_follow_network social_network=&#8221;facebook&#8221; url=&#8221;https:\/\/www.facebook.com\/CampingClubLesSablons&#8221; icon_color=&#8221;#ffffff&#8221; _builder_version=&#8221;4.2.2&#8243; background_color=&#8221;rgba(59,89,152,0)&#8221; background_enable_color=&#8221;on&#8221;]facebook[\/et_pb_social_media_follow_network][et_pb_social_media_follow_network social_network=&#8221;pinterest&#8221; url=&#8221;https:\/\/www.pinterest.fr\/campingsablons\/&#8221; icon_color=&#8221;#ffffff&#8221; _builder_version=&#8221;4.2.2&#8243; background_color=&#8221;rgba(203,32,39,0)&#8221; background_enable_color=&#8221;on&#8221;]pinterest[\/et_pb_social_media_follow_network][et_pb_social_media_follow_network social_network=&#8221;youtube&#8221; url=&#8221;https:\/\/www.youtube.com\/channel\/UCJH1bcXs5nLomrHW-Efn-JA?feature=mhee&#8221; icon_color=&#8221;#ffffff&#8221; _builder_version=&#8221;4.2.2&#8243; background_color=&#8221;rgba(168,36,0,0)&#8221; background_enable_color=&#8221;on&#8221;]youtube[\/et_pb_social_media_follow_network][et_pb_social_media_follow_network social_network=&#8221;instagram&#8221; url=&#8221;https:\/\/www.instagram.com\/campinglessablons\/&#8221; icon_color=&#8221;#ffffff&#8221; _builder_version=&#8221;4.2.2&#8243; background_color=&#8221;rgba(10,4,1,0)&#8221; background_enable_color=&#8221;on&#8221;]instagram[\/et_pb_social_media_follow_network][\/et_pb_social_media_follow][et_pb_divider color=&#8221;#9d1412&#8243; divider_position=&#8221;center&#8221; divider_weight=&#8221;1px&#8221; _builder_version=&#8221;4.2.2&#8243; module_alignment=&#8221;center&#8221; height=&#8221;1px&#8221;][\/et_pb_divider][et_pb_text module_class=&#8221;footer-propos&#8221; _builder_version=&#8221;4.9.4&#8243; text_text_color=&#8221;#ffffff&#8221; text_orientation=&#8221;center&#8221; link_option_url=&#8221;https:\/\/www.google.fr\/maps\/place\/Camping+les+Sablons+5+%C3%A9toiles\/@43.2801167,3.3615559,17z\/data=!3m1!4b1!4m8!3m7!1s0x12b110cb8904248b:0xa4f1250526d3159!5m2!4m1!1i2!8m2!3d43.2801167!4d3.3637446&#8243; link_option_url_new_window=&#8221;on&#8221;]<\/p>\n<p>Camping 5 \u00e9toiles Les Sablons<br \/>Avenue des M\u00fbriers<br \/>34420 Portiragnes-Plage<br \/>France<br \/>\n<a href=\"https:\/\/qualite-tourisme-occitanie.fr\/\" target=\"_blank\" rel=\"noopener\"><img decoding=\"async\" class=\"qualite_tourisme alignleft wp-image-14179\" src=\"https:\/\/www.les-sablons.com\/wp-content\/uploads\/2024\/08\/logo-qualite-tourisme-3.png\" alt=\"\" width=\"100\"  \/><\/a><a href=\"https:\/\/www.laclefverte.org\/\" target=\"_blank\" rel=\"noopener\"><img decoding=\"async\" class=\"clef_verte alignleft wp-image-14179\" style=\"margin-left: 20px;\" src=\"https:\/\/www.les-sablons.com\/wp-content\/uploads\/2022\/02\/icone-clef-verte.svg\" width=\"80\" \/><\/a><span id=\"resp-avis\"><\/span>[\/et_pb_text][et_pb_divider color=&#8221;#9d1412&#8243; divider_position=&#8221;center&#8221; divider_weight=&#8221;1px&#8221; _builder_version=&#8221;4.9.4&#8243; module_alignment=&#8221;center&#8221; height=&#8221;1px&#8221; custom_margin=&#8221;140px||||false|false&#8221;][\/et_pb_divider][et_pb_text disabled_on=&#8221;off|off|off&#8221; admin_label=&#8221;Bouton &#8211; Menu&#8221; _builder_version=&#8221;4.7.7&#8243; text_text_color=&#8221;#ffffff&#8221;]<\/p>\n<div class=\"footer-button\"><a class=\"learn_more\" target=\"_blanke\" href=\"\/nl\/access-map\/\" rel=\"noopener\">ROUTE<\/a><\/div>\n<div class=\"footer-button\"><a class=\"learn_more\" target=\"_blanke\" href=\"\/contact\/\" rel=\"noopener\">CONTACTEER ONS<\/a><\/div>\n<div class=\"footer-button\"><a class=\"learn_more\" target=\"_blanke\" href=\"\/nl\/veelgestelde-vraag\/\" rel=\"noopener\">F.A.Q<\/a><\/div>\n<div class=\"footer-button\"><a class=\"learn_more\" target=\"_blanke\" href=\"https:\/\/thelisresa.webcamp.fr\/formulaire.php?camping=sablons&#038;lang=nl\" rel=\"noopener\">RESERVEREN<\/a><\/div>\n<p>[\/et_pb_text][\/et_pb_column][\/et_pb_row][\/et_pb_section]<\/p>\n","protected":false},"excerpt":{"rendered":"<p>[et_pb_section fb_built=&#8221;1&#8243; admin_label=&#8221;Hero Section&#8221; module_class=&#8221;imageParrallax-heroSection&#8221; _builder_version=&#8221;4.9.4&#8243; _module_preset=&#8221;default&#8221; background_image=&#8221;https:\/\/www.les-sablons.com\/wp-content\/uploads\/2024\/10\/\u00a9Sablons2024_Restaurants-13.jpg&#8221; parallax=&#8221;on&#8221; custom_css_main_element=&#8221;padding:0 !important;&#8221; custom_css_after=&#8221;content:%22%22;||display: block;||height: 100%;||width: 100%;||background-color: rgba(0, 0, 0, 0.6);||position: absolute;||top: 0;&#8221;][et_pb_row column_structure=&#8221;3_5,2_5&#8243; make_equal=&#8221;on&#8221; admin_label=&#8221;Hero-block&#8221; module_class=&#8221;imageParrallax-heroSection__block&#8221; _builder_version=&#8221;4.9.4&#8243; _module_preset=&#8221;default&#8221; width=&#8221;100%&#8221; max_width=&#8221;1300px&#8221; min_height=&#8221;90vh&#8221; min_height_tablet=&#8221;&#8221; min_height_phone=&#8221;80vh&#8221; min_height_last_edited=&#8221;on|phone&#8221; custom_padding=&#8221;0px|15px|0px|15px|true|true&#8221; custom_css_main_element=&#8221;display:flex;||align-items:center;&#8221; custom_css_main_element_last_edited=&#8221;on|desktop&#8221; custom_css_main_element_phone=&#8221;flex-direction:column-reverse;&#8221;][et_pb_column type=&#8221;3_5&#8243; _builder_version=&#8221;4.9.4&#8243; _module_preset=&#8221;default&#8221; custom_css_main_element_last_edited=&#8221;off|phone&#8221;][et_pb_blurb title=&#8221;Le Jardin des Sablons Restaurant in Portiragnes met terras en eetzaal met airconditioning&#8221; content_max_width=&#8221;100%&#8221; [&hellip;]<\/p>\n","protected":false},"author":1,"featured_media":0,"parent":7684,"menu_order":0,"comment_status":"closed","ping_status":"closed","template":"","meta":{"_acf_changed":false,"_et_pb_use_builder":"on","_et_pb_old_content":"","_et_gb_content_width":"","inline_featured_image":false,"footnotes":""},"acf":[],"yoast_head":"<!-- This site is optimized with the Yoast SEO plugin v22.0 - https:\/\/yoast.com\/wordpress\/plugins\/seo\/ -->\n<title>Le Jardin des Sablons Restaurant \u00e0 Portiragnes avec terrasse<\/title>\n<meta name=\"description\" content=\"Le Jardin des Sablons, restaurant \u00e0 Portiragnes avec terrasse vous propose sa carte de produits frais, p\u00e2tes &amp; pizzas 100% Maison &amp; autres saveurs du sud\" \/>\n<meta name=\"robots\" content=\"index, follow, max-snippet:-1, max-image-preview:large, max-video-preview:-1\" \/>\n<link rel=\"canonical\" href=\"https:\/\/www.les-sablons.com\/nl\/extra-diensten\/le-restaurantlejardindessablons\/\" \/>\n<meta property=\"og:locale\" content=\"nl_NL\" \/>\n<meta property=\"og:type\" content=\"article\" \/>\n<meta property=\"og:title\" content=\"Le Jardin des Sablons Restaurant \u00e0 Portiragnes avec terrasse\" \/>\n<meta property=\"og:description\" content=\"Le Jardin des Sablons, restaurant \u00e0 Portiragnes avec terrasse vous propose sa carte de produits frais, p\u00e2tes &amp; pizzas 100% Maison &amp; autres saveurs du sud\" \/>\n<meta property=\"og:url\" content=\"https:\/\/www.les-sablons.com\/nl\/extra-diensten\/le-restaurantlejardindessablons\/\" \/>\n<meta property=\"og:site_name\" content=\"Camping ***** les Sablons\" \/>\n<meta property=\"article:modified_time\" content=\"2026-02-11T16:29:33+00:00\" \/>\n<meta property=\"og:image\" content=\"https:\/\/www.les-sablons.com\/wp-content\/uploads\/2022\/02\/icone-clef-verte.svg\" \/>\n<meta name=\"twitter:card\" content=\"summary_large_image\" \/>\n<meta name=\"twitter:label1\" content=\"Geschatte leestijd\" \/>\n\t<meta name=\"twitter:data1\" content=\"10 minuten\" \/>\n<script type=\"application\/ld+json\" class=\"yoast-schema-graph\">{\"@context\":\"https:\/\/schema.org\",\"@graph\":[{\"@type\":\"WebPage\",\"@id\":\"https:\/\/www.les-sablons.com\/nl\/extra-diensten\/le-restaurantlejardindessablons\/\",\"url\":\"https:\/\/www.les-sablons.com\/nl\/extra-diensten\/le-restaurantlejardindessablons\/\",\"name\":\"Le Jardin des Sablons Restaurant \u00e0 Portiragnes avec terrasse\",\"isPartOf\":{\"@id\":\"https:\/\/www.les-sablons.com\/nl\/#website\"},\"datePublished\":\"2020-12-30T09:02:02+00:00\",\"dateModified\":\"2026-02-11T16:29:33+00:00\",\"description\":\"Le Jardin des Sablons, restaurant \u00e0 Portiragnes avec terrasse vous propose sa carte de produits frais, p\u00e2tes & pizzas 100% Maison & autres saveurs du sud\",\"breadcrumb\":{\"@id\":\"https:\/\/www.les-sablons.com\/nl\/extra-diensten\/le-restaurantlejardindessablons\/#breadcrumb\"},\"inLanguage\":\"nl-NL\",\"potentialAction\":[{\"@type\":\"ReadAction\",\"target\":[\"https:\/\/www.les-sablons.com\/nl\/extra-diensten\/le-restaurantlejardindessablons\/\"]}]},{\"@type\":\"BreadcrumbList\",\"@id\":\"https:\/\/www.les-sablons.com\/nl\/extra-diensten\/le-restaurantlejardindessablons\/#breadcrumb\",\"itemListElement\":[{\"@type\":\"ListItem\",\"position\":1,\"name\":\"Accueil\",\"item\":\"https:\/\/www.les-sablons.com\/nl\/\"},{\"@type\":\"ListItem\",\"position\":2,\"name\":\"Extra diensten\",\"item\":\"https:\/\/www.les-sablons.com\/nl\/extra-diensten\/\"},{\"@type\":\"ListItem\",\"position\":3,\"name\":\"Het Restaurant\"}]},{\"@type\":\"WebSite\",\"@id\":\"https:\/\/www.les-sablons.com\/nl\/#website\",\"url\":\"https:\/\/www.les-sablons.com\/nl\/\",\"name\":\"Camping ***** les Sablons\",\"description\":\"les Sablons \u00e0 Portiragnes-Plage, bord de mer M\u00e9diterran\u00e9e, proche Cap d&#039;Agde, Languedoc Roussillon\",\"potentialAction\":[{\"@type\":\"SearchAction\",\"target\":{\"@type\":\"EntryPoint\",\"urlTemplate\":\"https:\/\/www.les-sablons.com\/nl\/?s={search_term_string}\"},\"query-input\":\"required name=search_term_string\"}],\"inLanguage\":\"nl-NL\"}]}<\/script>\n<!-- \/ Yoast SEO plugin. -->","yoast_head_json":{"title":"Le Jardin des Sablons Restaurant \u00e0 Portiragnes avec terrasse","description":"Le Jardin des Sablons, restaurant \u00e0 Portiragnes avec terrasse vous propose sa carte de produits frais, p\u00e2tes & pizzas 100% Maison & autres saveurs du sud","robots":{"index":"index","follow":"follow","max-snippet":"max-snippet:-1","max-image-preview":"max-image-preview:large","max-video-preview":"max-video-preview:-1"},"canonical":"https:\/\/www.les-sablons.com\/nl\/extra-diensten\/le-restaurantlejardindessablons\/","og_locale":"nl_NL","og_type":"article","og_title":"Le Jardin des Sablons Restaurant \u00e0 Portiragnes avec terrasse","og_description":"Le Jardin des Sablons, restaurant \u00e0 Portiragnes avec terrasse vous propose sa carte de produits frais, p\u00e2tes & pizzas 100% Maison & autres saveurs du sud","og_url":"https:\/\/www.les-sablons.com\/nl\/extra-diensten\/le-restaurantlejardindessablons\/","og_site_name":"Camping ***** les Sablons","article_modified_time":"2026-02-11T16:29:33+00:00","og_image":[{"url":"https:\/\/www.les-sablons.com\/wp-content\/uploads\/2022\/02\/icone-clef-verte.svg"}],"twitter_card":"summary_large_image","twitter_misc":{"Geschatte leestijd":"10 minuten"},"schema":{"@context":"https:\/\/schema.org","@graph":[{"@type":"WebPage","@id":"https:\/\/www.les-sablons.com\/nl\/extra-diensten\/le-restaurantlejardindessablons\/","url":"https:\/\/www.les-sablons.com\/nl\/extra-diensten\/le-restaurantlejardindessablons\/","name":"Le Jardin des Sablons Restaurant \u00e0 Portiragnes avec terrasse","isPartOf":{"@id":"https:\/\/www.les-sablons.com\/nl\/#website"},"datePublished":"2020-12-30T09:02:02+00:00","dateModified":"2026-02-11T16:29:33+00:00","description":"Le Jardin des Sablons, restaurant \u00e0 Portiragnes avec terrasse vous propose sa carte de produits frais, p\u00e2tes & pizzas 100% Maison & autres saveurs du sud","breadcrumb":{"@id":"https:\/\/www.les-sablons.com\/nl\/extra-diensten\/le-restaurantlejardindessablons\/#breadcrumb"},"inLanguage":"nl-NL","potentialAction":[{"@type":"ReadAction","target":["https:\/\/www.les-sablons.com\/nl\/extra-diensten\/le-restaurantlejardindessablons\/"]}]},{"@type":"BreadcrumbList","@id":"https:\/\/www.les-sablons.com\/nl\/extra-diensten\/le-restaurantlejardindessablons\/#breadcrumb","itemListElement":[{"@type":"ListItem","position":1,"name":"Accueil","item":"https:\/\/www.les-sablons.com\/nl\/"},{"@type":"ListItem","position":2,"name":"Extra diensten","item":"https:\/\/www.les-sablons.com\/nl\/extra-diensten\/"},{"@type":"ListItem","position":3,"name":"Het Restaurant"}]},{"@type":"WebSite","@id":"https:\/\/www.les-sablons.com\/nl\/#website","url":"https:\/\/www.les-sablons.com\/nl\/","name":"Camping ***** les Sablons","description":"les Sablons \u00e0 Portiragnes-Plage, bord de mer M\u00e9diterran\u00e9e, proche Cap d&#039;Agde, Languedoc Roussillon","potentialAction":[{"@type":"SearchAction","target":{"@type":"EntryPoint","urlTemplate":"https:\/\/www.les-sablons.com\/nl\/?s={search_term_string}"},"query-input":"required name=search_term_string"}],"inLanguage":"nl-NL"}]}},"_links":{"self":[{"href":"https:\/\/www.les-sablons.com\/nl\/wp-json\/wp\/v2\/pages\/7721"}],"collection":[{"href":"https:\/\/www.les-sablons.com\/nl\/wp-json\/wp\/v2\/pages"}],"about":[{"href":"https:\/\/www.les-sablons.com\/nl\/wp-json\/wp\/v2\/types\/page"}],"author":[{"embeddable":true,"href":"https:\/\/www.les-sablons.com\/nl\/wp-json\/wp\/v2\/users\/1"}],"replies":[{"embeddable":true,"href":"https:\/\/www.les-sablons.com\/nl\/wp-json\/wp\/v2\/comments?post=7721"}],"version-history":[{"count":2,"href":"https:\/\/www.les-sablons.com\/nl\/wp-json\/wp\/v2\/pages\/7721\/revisions"}],"predecessor-version":[{"id":47492,"href":"https:\/\/www.les-sablons.com\/nl\/wp-json\/wp\/v2\/pages\/7721\/revisions\/47492"}],"up":[{"embeddable":true,"href":"https:\/\/www.les-sablons.com\/nl\/wp-json\/wp\/v2\/pages\/7684"}],"wp:attachment":[{"href":"https:\/\/www.les-sablons.com\/nl\/wp-json\/wp\/v2\/media?parent=7721"}],"curies":[{"name":"wp","href":"https:\/\/api.w.org\/{rel}","templated":true}]}}