{"id":33056,"date":"2024-09-23T14:06:39","date_gmt":"2024-09-23T14:06:39","guid":{"rendered":"https:\/\/www.les-sablons.com\/les-mobilhomes\/mobilhome-casa\/"},"modified":"2025-03-01T08:55:25","modified_gmt":"2025-03-01T08:55:25","slug":"mobilhome-casa","status":"publish","type":"page","link":"https:\/\/www.les-sablons.com\/nl\/les-mobilhomes\/mobilhome-casa\/","title":{"rendered":"Mobilhome CASA"},"content":{"rendered":"<p>[et_pb_section fb_built=&#8221;1&#8243; fullwidth=&#8221;on&#8221; admin_label=&#8221;SECTION-VIDEO&#8221; module_id=&#8221;home-video-hero&#8221; module_class=&#8221;video-hero-section&#8221; _builder_version=&#8221;4.9.4&#8243; _module_preset=&#8221;default&#8221; background_color=&#8221;RGBA(0,0,0,0)&#8221; background_image=&#8221;https:\/\/www.les-sablons.com\/wp-content\/uploads\/2024\/08\/2-HOME.jpg&#8221; custom_css_main_element=&#8221;height:90vh;&#8221; locked=&#8221;off&#8221; collapsed=&#8221;off&#8221; custom_css_main_element_last_edited=&#8221;on|desktop&#8221; custom_css_main_element_phone=&#8221;height:80vh;&#8221;][et_pb_fullwidth_header title=&#8221;CASA STACARAVANS&#8221; subhead=&#8221;Ontdek deze stacaravan die natuurlijke charme combineert met Franse elegantie !&#8221; module_class=&#8221;hero-video-title_container&#8221; _builder_version=&#8221;4.9.4&#8243; _module_preset=&#8221;default&#8221; background_enable_color=&#8221;off&#8221; positioning=&#8221;absolute&#8221; position_origin_a=&#8221;center_center&#8221; z_index=&#8221;10&#8243; width=&#8221;100%&#8221;]<span class=\"ls_24_fake_btn\">QUARTIER CARIGNAN<\/span>[\/et_pb_fullwidth_header][et_pb_fullwidth_code disabled_on=&#8221;on|off|off&#8221; admin_label=&#8221;CODE-VIDEO-DESKTOP&#8221; module_class=&#8221;hero-video-codecontainer&#8221; _builder_version=&#8221;4.9.4&#8243; _module_preset=&#8221;default&#8221;]<div class=\"nk-awb \" ><div class=\"nk-awb-wrap\" data-awb-type=\"yt_vm_video\" data-awb-image-background-size=\"cover\" data-awb-image-background-position=\"50% 50%\" data-awb-video=\"https:\/\/youtu.be\/K_BX03IM7sw?si=Hvdr294t5MwJY4D5\" data-awb-video-start-time=\"0\" data-awb-video-end-time=\"0\" data-awb-video-volume=\"0\" data-awb-video-mobile=\"false\"><div  class=\"nk-awb-inner\"><\/div><\/div><\/div>[\/et_pb_fullwidth_code][et_pb_fullwidth_code disabled_on=&#8221;off|on|on&#8221; admin_label=&#8221;CODE-VIDEO-MOBILE&#8221; module_class=&#8221;hero-video-codecontainer&#8221; _builder_version=&#8221;4.9.4&#8243; _module_preset=&#8221;default&#8221;]<div class=\"nk-awb \" ><div class=\"nk-awb-wrap\" data-awb-type=\"yt_vm_video\" data-awb-image-background-size=\"cover\" data-awb-image-background-position=\"50% 50%\" data-awb-video=\"https:\/\/youtube.com\/shorts\/nExjD50WP50\" data-awb-video-start-time=\"0\" data-awb-video-end-time=\"0\" data-awb-video-volume=\"0\" data-awb-video-mobile=\"true\"><div  class=\"nk-awb-inner\"><\/div><\/div><\/div>[\/et_pb_fullwidth_code][\/et_pb_section][et_pb_section fb_built=&#8221;1&#8243; fullwidth=&#8221;on&#8221; disabled_on=&#8221;on|on|on&#8221; module_class=&#8221;home_top24&#8243; _builder_version=&#8221;4.9.4&#8243; _module_preset=&#8221;default&#8221; background_color=&#8221;RGBA(0,0,0,0)&#8221; background_image=&#8221;https:\/\/www.les-sablons.com\/wp-content\/uploads\/2024\/09\/1920&#215;1080-HEADER-Casa.jpg&#8221; width_tablet=&#8221;&#8221; width_phone=&#8221;&#8221; width_last_edited=&#8221;on|phone&#8221; disabled=&#8221;on&#8221; locked=&#8221;off&#8221; collapsed=&#8221;on&#8221;][et_pb_fullwidth_header title=&#8221; CASA STACARAVANS&#8221; subhead=&#8221;Ontdek deze stacaravan die natuurlijke charme combineert  met Franse elegantie !&#8221; module_class=&#8221;ls_24_entete&#8221; _builder_version=&#8221;4.9.4&#8243; _module_preset=&#8221;default&#8221; background_enable_color=&#8221;off&#8221; button_one_bg_color=&#8221;#3796aa&#8221; button_one_border_width=&#8221;0px&#8221; button_one_border_color=&#8221;RGBA(0,0,0,0)&#8221;]<\/p>\n<p><span class=\"ls_24_fake_btn\">WIJK CARIGNAN<\/span><\/p>\n<p>[\/et_pb_fullwidth_header][\/et_pb_section][et_pb_section fb_built=&#8221;1&#8243; module_class=&#8221;bleu_medi24&#8243; _builder_version=&#8221;4.9.4&#8243; _module_preset=&#8221;default&#8221; locked=&#8221;off&#8221;][et_pb_row _builder_version=&#8221;4.9.4&#8243; _module_preset=&#8221;default&#8221; max_width=&#8221;1200px&#8221;][et_pb_column type=&#8221;4_4&#8243; _builder_version=&#8221;4.9.4&#8243; _module_preset=&#8221;default&#8221;][et_pb_text disabled_on=&#8221;off|off|off&#8221; admin_label=&#8221;DESCRIPTION&#8221; module_class=&#8221;ls_24_desc_bloc&#8221; _builder_version=&#8221;4.9.4&#8243; _module_preset=&#8221;default&#8221; header_3_text_color=&#8221;#3796aa&#8221; text_orientation=&#8221;center&#8221; custom_padding=&#8221;||15px||false|false&#8221; text_orientation_tablet=&#8221;&#8221; text_orientation_phone=&#8221;left&#8221; text_orientation_last_edited=&#8221;on|phone&#8221; border_style_all=&#8221;none&#8221; border_width_bottom=&#8221;2px&#8221; border_color_bottom=&#8221;#3796aa&#8221;]<\/p>\n<h2>BESCHRIJVING<\/h2>\n<p style=\"text-align: center;\">40 m\u00b2 \u2022 Van 1 tot 3 slaapkamers \u2022 1 tot 6 personen<\/p>\n<p style=\"text-align: center;\">Een dubbele terras voor nog meer buitenruimte in het hart van onze P\u00eacherie-wijk.<\/p>\n<p style=\"text-align: center;\">Dompel jezelf onder in een maritieme sfeer: visnetten, verfijnde decoratie en het geluid van de golven vlak naast je. Het vierzijdige dak breekt met de Loft-uitstraling van de TAOS, de kleur van het hout is dicht bij de natuurlijke tinten en het witte stalen dak doet denken aan strandhuisjes en weerkaatst de UV-stralen. <br \/>De eetruimte buiten is losgekoppeld van de woning, onder een gazebo met een buitenkeuken die een plancha en een tuinhuisje bevat. Binnen ademen de kleuren, materialen en volumes de Franse elegantie. De tuin is een combinatie van gazon en gevarieerde vegetatie met een overvloed aan siergrassen die in de wind bewegen en zo de kleuren doen golven. Geniet in alle rust van de zeelucht onder je gazebo.<\/p>\n<p>[\/et_pb_text][et_pb_button button_url=&#8221;#ls_disponibilities&#8221; button_text=&#8221; Boek een verblijf&#8221; admin_label=&#8221; R\u00e9server un s\u00e9jour&#8221; module_class=&#8221;ls_24_btn&#8221; _builder_version=&#8221;4.9.4&#8243; _module_preset=&#8221;default&#8221; custom_button=&#8221;on&#8221; button_text_color=&#8221;#FFFFFF&#8221; button_bg_color=&#8221;#3796aa&#8221; button_icon=&#8221;%%20%%&#8221; button_icon_color=&#8221;#FFFFFF&#8221; button_on_hover=&#8221;off&#8221; background_layout=&#8221;dark&#8221; locked=&#8221;off&#8221;][\/et_pb_button][\/et_pb_column][\/et_pb_row][\/et_pb_section][et_pb_section fb_built=&#8221;1&#8243; custom_padding_last_edited=&#8221;on|phone&#8221; module_class=&#8221;heb24_centter_vertical_col&#8221; _builder_version=&#8221;4.9.4&#8243; _module_preset=&#8221;default&#8221; module_alignment=&#8221;center&#8221; custom_padding_tablet=&#8221;&#8221; custom_padding_phone=&#8221;0px||||false|false&#8221; locked=&#8221;off&#8221;][et_pb_row make_equal=&#8221;on&#8221; _builder_version=&#8221;4.9.4&#8243; _module_preset=&#8221;default&#8221; max_width=&#8221;1200px&#8221; module_alignment=&#8221;center&#8221;][et_pb_column type=&#8221;4_4&#8243; _builder_version=&#8221;4.9.4&#8243; _module_preset=&#8221;default&#8221; background_enable_image=&#8221;off&#8221; background_size=&#8221;initial&#8221; background_position=&#8221;top_left&#8221;][et_pb_text admin_label=&#8221;UNE PARENTH\u00c8SE D\u00c9PAYSANTE \u00c0 LA MER&#8221; _builder_version=&#8221;4.9.4&#8243; _module_preset=&#8221;default&#8221; text_font_size=&#8221;16px&#8221;]<\/p>\n<h2 class=\"heb_soleil_title_24 heb_title_w_quote\">EEN ONTSPANNENDE PAUZE AAN DE ZEE<\/h2>\n<p><span style=\"color: #3796aa;\"><strong>De hoogtepunten van de accommodatie :<\/strong> <\/span>landschappelijk gebied, modern en eenvoudig ontwerp.Landschappelijk gebied, modern en eenvoudig ontwerp.<\/p>\n<p>[\/et_pb_text][\/et_pb_column][\/et_pb_row][\/et_pb_section][et_pb_section fb_built=&#8221;1&#8243; custom_padding_last_edited=&#8221;on|phone&#8221; module_class=&#8221;heb24_slide_sejour&#8221; _builder_version=&#8221;4.9.4&#8243; _module_preset=&#8221;default&#8221; background_enable_color=&#8221;off&#8221; custom_padding_tablet=&#8221;&#8221; custom_padding_phone=&#8221;||0px||false|false&#8221; locked=&#8221;off&#8221;][et_pb_row _builder_version=&#8221;4.9.4&#8243; _module_preset=&#8221;default&#8221; width=&#8221;100%&#8221; max_width=&#8221;100%&#8221; module_alignment=&#8221;center&#8221;][et_pb_column type=&#8221;4_4&#8243; _builder_version=&#8221;4.9.4&#8243; _module_preset=&#8221;default&#8221;][dnxte_coverflowslider_parent dnxte_coverflow_autoplay_show_hide=&#8221;off&#8221; dnxte_coverflow_loop=&#8221;on&#8221; dnxte_coverflow_centered_slides=&#8221;on&#8221; dnxte_coverflow_auto_height=&#8221;off&#8221; dnxte_coverflow_grab=&#8221;on&#8221; dnxte_coverflow_mousewheel_enable=&#8221;off&#8221; dnxte_coverflow_dots_color=&#8221;#adadad&#8221; dnxte_coverflow_dots_active_color=&#8221;#3796aa&#8221; _builder_version=&#8221;4.9.4&#8243; _module_preset=&#8221;default&#8221; hover_enabled=&#8221;0&#8243; border_width_all_image_border=&#8221;10px&#8221; border_color_all_image_border=&#8221;#FFFFFF&#8221; sticky_enabled=&#8221;0&#8243;][dnxte_coverflowslider_child coverflowslider_image=&#8221;https:\/\/www.les-sablons.com\/wp-content\/uploads\/2025\/03\/Casa.png&#8221; coverflowslider_alt=&#8221; &#8221; _builder_version=&#8221;4.9.4&#8243; _module_preset=&#8221;default&#8221; hover_enabled=&#8221;0&#8243; title_text=&#8221;Casa&#8221; sticky_enabled=&#8221;0&#8243;][\/dnxte_coverflowslider_child][dnxte_coverflowslider_child coverflowslider_image=&#8221;https:\/\/www.les-sablons.com\/wp-content\/uploads\/2025\/03\/Casa-7.png&#8221; coverflowslider_alt=&#8221; &#8221; _builder_version=&#8221;4.9.4&#8243; _module_preset=&#8221;default&#8221; hover_enabled=&#8221;0&#8243; title_text=&#8221;Casa (7)&#8221; sticky_enabled=&#8221;0&#8243;][\/dnxte_coverflowslider_child][dnxte_coverflowslider_child coverflowslider_image=&#8221;https:\/\/www.les-sablons.com\/wp-content\/uploads\/2025\/03\/Casa-6.png&#8221; coverflowslider_alt=&#8221; &#8221; _builder_version=&#8221;4.9.4&#8243; _module_preset=&#8221;default&#8221; hover_enabled=&#8221;0&#8243; title_text=&#8221;Casa (6)&#8221; sticky_enabled=&#8221;0&#8243;][\/dnxte_coverflowslider_child][dnxte_coverflowslider_child coverflowslider_image=&#8221;https:\/\/www.les-sablons.com\/wp-content\/uploads\/2025\/03\/Casa-5.png&#8221; coverflowslider_alt=&#8221; &#8221; _builder_version=&#8221;4.9.4&#8243; _module_preset=&#8221;default&#8221; hover_enabled=&#8221;0&#8243; title_text=&#8221;Casa (5)&#8221; sticky_enabled=&#8221;0&#8243;][\/dnxte_coverflowslider_child][dnxte_coverflowslider_child coverflowslider_image=&#8221;https:\/\/www.les-sablons.com\/wp-content\/uploads\/2025\/03\/Casa-4.png&#8221; coverflowslider_alt=&#8221; &#8221; _builder_version=&#8221;4.9.4&#8243; _module_preset=&#8221;default&#8221; hover_enabled=&#8221;0&#8243; title_text=&#8221;Casa (4)&#8221; sticky_enabled=&#8221;0&#8243;][\/dnxte_coverflowslider_child][dnxte_coverflowslider_child coverflowslider_image=&#8221;https:\/\/www.les-sablons.com\/wp-content\/uploads\/2025\/03\/Casa-3.png&#8221; coverflowslider_alt=&#8221; &#8221; _builder_version=&#8221;4.9.4&#8243; _module_preset=&#8221;default&#8221; hover_enabled=&#8221;0&#8243; title_text=&#8221;Casa (3)&#8221; sticky_enabled=&#8221;0&#8243;][\/dnxte_coverflowslider_child][dnxte_coverflowslider_child coverflowslider_image=&#8221;https:\/\/www.les-sablons.com\/wp-content\/uploads\/2025\/03\/Casa-2.png&#8221; coverflowslider_alt=&#8221; &#8221; _builder_version=&#8221;4.9.4&#8243; _module_preset=&#8221;default&#8221; hover_enabled=&#8221;0&#8243; title_text=&#8221;Casa (2)&#8221; sticky_enabled=&#8221;0&#8243;][\/dnxte_coverflowslider_child][dnxte_coverflowslider_child _builder_version=&#8221;4.9.4&#8243; _module_preset=&#8221;default&#8221; coverflowslider_alt=&#8221; &#8221; title_text=&#8221;Casa (1)&#8221; coverflowslider_image=&#8221;https:\/\/www.les-sablons.com\/wp-content\/uploads\/2025\/03\/Casa-1.png&#8221; hover_enabled=&#8221;0&#8243; sticky_enabled=&#8221;0&#8243;][\/dnxte_coverflowslider_child][\/dnxte_coverflowslider_parent][\/et_pb_column][\/et_pb_row][\/et_pb_section][et_pb_section fb_built=&#8221;1&#8243; module_class=&#8221;bleu_medi24&#8243; _builder_version=&#8221;4.9.4&#8243; _module_preset=&#8221;default&#8221; background_color=&#8221;#f7f2ec&#8221; locked=&#8221;off&#8221;][et_pb_row _builder_version=&#8221;4.9.4&#8243; _module_preset=&#8221;default&#8221; max_width=&#8221;1200px&#8221;][et_pb_column type=&#8221;4_4&#8243; _builder_version=&#8221;4.9.4&#8243; _module_preset=&#8221;default&#8221;][et_pb_text disabled_on=&#8221;off|off|off&#8221; admin_label=&#8221;BIENVENUE DANS LE QUARTIER CARIGNAN&#8221; module_class=&#8221;ls_border_bottom&#8221; _builder_version=&#8221;4.9.4&#8243; _module_preset=&#8221;default&#8221; header_3_text_color=&#8221;#3796aa&#8221; text_orientation=&#8221;center&#8221; custom_padding=&#8221;||15px||false|false&#8221; border_style_all=&#8221;none&#8221; border_width_bottom=&#8221;2px&#8221; border_color_bottom=&#8221;#3796aa&#8221;]<\/p>\n<h2>WELKOM IN DE WIJK CARIGNAN<\/h2>\n<p>[\/et_pb_text][\/et_pb_column][\/et_pb_row][\/et_pb_section][et_pb_section fb_built=&#8221;1&#8243; module_class=&#8221;vacance_reve24&#8243; _builder_version=&#8221;4.9.4&#8243; _module_preset=&#8221;default&#8221; background_color=&#8221;#f7f2ec&#8221; locked=&#8221;off&#8221;][et_pb_row _builder_version=&#8221;4.9.4&#8243; _module_preset=&#8221;default&#8221; max_width=&#8221;1200px&#8221;][et_pb_column type=&#8221;4_4&#8243; _builder_version=&#8221;4.9.4&#8243; _module_preset=&#8221;default&#8221;][et_pb_image src=&#8221;https:\/\/www.les-sablons.com\/wp-content\/uploads\/2024\/09\/1920&#215;1080-BAS-carignan.jpg&#8221; title_text=&#8221;1920&#215;1080-BAS-carignan&#8221; _builder_version=&#8221;4.9.4&#8243; _module_preset=&#8221;default&#8221;][\/et_pb_image][\/et_pb_column][\/et_pb_row][et_pb_row _builder_version=&#8221;4.9.4&#8243; _module_preset=&#8221;default&#8221; max_width=&#8221;1200px&#8221;][et_pb_column type=&#8221;4_4&#8243; _builder_version=&#8221;4.9.4&#8243; _module_preset=&#8221;default&#8221;][et_pb_text disabled_on=&#8221;off|off|off&#8221; admin_label=&#8221;Profitez d\u2019une double terrasse offrant un large espace ext\u00e9rieur&#8221; module_class=&#8221;bloc_vacance24&#8243; _builder_version=&#8221;4.9.4&#8243; _module_preset=&#8221;default&#8221; header_3_text_color=&#8221;#3796aa&#8221; text_orientation=&#8221;center&#8221; custom_padding=&#8221;||15px||false|false&#8221; border_style_all=&#8221;none&#8221; border_width_bottom=&#8221;2px&#8221; border_color_bottom=&#8221;#3796aa&#8221;]<\/p>\n<p style=\"text-align: center;\">Geniet van een dubbele terras met een ruime buitenruimte in het hart van de visserijwijk.<br \/>Dompel uzelf onder in een maritieme sfeer met vissersnetten, smaakvolle decoratie en het geluid van golven op de achtergrond.<\/p>\n<p>[\/et_pb_text][\/et_pb_column][\/et_pb_row][\/et_pb_section][et_pb_section fb_built=&#8221;1&#8243; _builder_version=&#8221;4.9.4&#8243; _module_preset=&#8221;default&#8221; background_color=&#8221;#f7f2ec&#8221; custom_padding=&#8221;0px||||false|false&#8221; locked=&#8221;off&#8221;][et_pb_row _builder_version=&#8221;4.9.4&#8243; _module_preset=&#8221;default&#8221; max_width=&#8221;1200px&#8221;][et_pb_column type=&#8221;4_4&#8243; _builder_version=&#8221;4.9.4&#8243; _module_preset=&#8221;default&#8221;][et_pb_text disabled_on=&#8221;off|off|off&#8221; admin_label=&#8221;TROUVER VOTRE LOGEMENT SUR LA CARTE&#8221; module_class=&#8221;ls_24_title_carte&#8221; _builder_version=&#8221;4.9.4&#8243; _module_preset=&#8221;default&#8221; header_3_text_color=&#8221;#3796aa&#8221; text_orientation=&#8221;center&#8221; custom_padding=&#8221;||15px||false|false&#8221; border_style_all=&#8221;none&#8221; border_width_bottom=&#8221;2px&#8221; border_color_bottom=&#8221;#3796aa&#8221;]<\/p>\n<h2>VIND UW ACCOMMODATIE OP DE KAART<\/h2>\n<p>[\/et_pb_text][et_pb_image src=&#8221;https:\/\/www.les-sablons.com\/wp-content\/uploads\/2024\/09\/carte-mobilhome-luxe.jpg&#8221; title_text=&#8221;carte-mobilhome-luxe&#8221; show_in_lightbox=&#8221;on&#8221; module_class=&#8221;ls_24_carte_interactive&#8221; _builder_version=&#8221;4.9.4&#8243; _module_preset=&#8221;default&#8221; locked=&#8221;off&#8221;][\/et_pb_image][et_pb_button button_url=&#8221;@ET-DC@eyJkeW5hbWljIjp0cnVlLCJjb250ZW50IjoicG9zdF9saW5rX3VybF9wYWdlIiwic2V0dGluZ3MiOnsicG9zdF9pZCI6IjMyMTk5In19@&#8221; button_text=&#8221; Alle luxe accommodaties&#8221; admin_label=&#8221;Tous les mobilehomes luxes&#8221; module_class=&#8221;ls_24_btn&#8221; _builder_version=&#8221;4.9.4&#8243; _dynamic_attributes=&#8221;button_url&#8221; _module_preset=&#8221;default&#8221; custom_button=&#8221;on&#8221; button_text_color=&#8221;#FFFFFF&#8221; button_bg_color=&#8221;#3796aa&#8221; button_icon=&#8221;%%20%%&#8221; button_icon_color=&#8221;#FFFFFF&#8221; button_on_hover=&#8221;off&#8221; background_layout=&#8221;dark&#8221; locked=&#8221;off&#8221;][\/et_pb_button][\/et_pb_column][\/et_pb_row][\/et_pb_section][et_pb_section fb_built=&#8221;1&#8243; module_class=&#8221;heb24_centter_vertical_col&#8221; _builder_version=&#8221;4.9.4&#8243; _module_preset=&#8221;default&#8221; module_alignment=&#8221;center&#8221; locked=&#8221;off&#8221;][et_pb_row make_equal=&#8221;on&#8221; _builder_version=&#8221;4.9.4&#8243; _module_preset=&#8221;default&#8221; max_width=&#8221;1200px&#8221; module_alignment=&#8221;center&#8221;][et_pb_column type=&#8221;4_4&#8243; _builder_version=&#8221;4.9.4&#8243; _module_preset=&#8221;default&#8221; background_enable_image=&#8221;off&#8221; background_size=&#8221;initial&#8221; background_position=&#8221;top_left&#8221;][et_pb_text admin_label=&#8221;Vos \u00e9quipements pour un s\u00e9jour comme \u00e0 la maison !&#8221; _builder_version=&#8221;4.9.4&#8243; _module_preset=&#8221;default&#8221; text_font_size=&#8221;16px&#8221;]<\/p>\n<h2 class=\"heb_soleil_title_24 heb_title_w_quote\">Uw voorzieningen voor een verblijf als thuis !<\/h2>\n<p>[\/et_pb_text][et_pb_toggle title=&#8221;Inclusieve Voorzieningen &#038; Diensten&#8221; admin_label=&#8221;\u00c9quipements &#038; services inclus&#8221; module_class=&#8221;ls_24_accordeon&#8221; _builder_version=&#8221;4.9.4&#8243; _module_preset=&#8221;default&#8221;]<\/p>\n<table style=\"border-collapse: collapse; width: 100%;\" border=\"1\">\n<tbody>\n<tr>\n<td style=\"width: 50%;\">\n<p><strong>Keuken<br \/><\/strong>Volledig uitgeruste keuken<br \/>Koelkast &amp; vriezer<br \/>Vaatwasser<br \/>Gaskookplaat<br \/>Combi-magnetron<br \/>Nespresso koffiemachine<br \/>Broodrooster en waterkoker<br \/>Plancha<\/p>\n<p><strong>Slaapruimte<br \/><\/strong>Slaapkamer 1: 1 tweepersoonsbed 160&#215;200<br \/>Slaapkamer 2: 1 stapelbed 90&#215;190<br \/>Woonkamer: 1 slaapbank 140&#215;190<\/p>\n<p><strong>Badkamer<\/strong><br \/>Handdoeken &amp; badjassen<br \/>Haardroger<br \/>1 badkamer met douche en WC<br \/>Schoonmaakdienst<\/p>\n<\/td>\n<td style=\"width: 50%;\">\n<p><strong>Huishouden<br \/><\/strong>Wasmachine<br \/>Strijkijzer en strijkplank (op aanvraag)<br \/>Eindschoonmaak<br \/>Inloopkast<\/p>\n<p><strong>Gecentraliseerde airconditioning<\/strong><br \/>WIFI-verbinding (tot 4 apparaten)<br \/>Kluis<br \/>2 satelliettelevisies<\/p>\n<p><strong>Terrasse &amp; ext\u00e9rieurs<br \/><\/strong>Terras<br \/>Tuinmeubilair<br \/>3 ligstoelen<\/p>\n<\/td>\n<\/tr>\n<\/tbody>\n<\/table>\n<p>[\/et_pb_toggle][et_pb_toggle title=&#8221; Optioneel&#8221; admin_label=&#8221;En option&#8221; module_class=&#8221;ls_24_accordeon&#8221; _builder_version=&#8221;4.9.4&#8243; _module_preset=&#8221;default&#8221;]<\/p>\n<p><strong>Babyset op reservering<\/strong><\/p>\n<p><strong>Huisdier toegestaan<\/strong><\/p>\n<p><strong>Restaurantformule (half pension \u00b7 volpension)<\/strong><\/p>\n<p>[\/et_pb_toggle][\/et_pb_column][\/et_pb_row][\/et_pb_section][et_pb_section fb_built=&#8221;1&#8243; fullwidth=&#8221;on&#8221; custom_padding_last_edited=&#8221;on|phone&#8221; _builder_version=&#8221;4.9.4&#8243; _module_preset=&#8221;default&#8221; background_color=&#8221;#3796aa&#8221; custom_padding_tablet=&#8221;&#8221; custom_padding_phone=&#8221;15px||15px||false|false&#8221;][et_pb_fullwidth_header title=&#8221;NUTTIGE INFORMATIE&#8221; admin_label=&#8221;Informations utiles&#8221; _builder_version=&#8221;4.9.4&#8243; _module_preset=&#8221;default&#8221; title_level=&#8221;h2&#8243; title_font=&#8221;|||on|||||&#8221;]<\/p>\n<div class=\"ls_24_infos_utiles\">\n<div class=\"ls_24_infos_utiles_ctnr ls_24_infos_utiles_arrivee\">\n<div class=\"ls_24_infos_utiles_picto\"><img decoding=\"async\" class=\"wp-image-32489 aligncenter size-full\" src=\"https:\/\/www.les-sablons.com\/wp-content\/uploads\/2024\/09\/arrivee-1.svg\" alt=\"\" width=\"90\" height=\"89\" \/><\/div>\n<div class=\"ls_24_infos_utiles_txt ls_24_infos_utiles_txt_arrivee\">\n<p><strong>Aankomst<\/strong><\/p>\n<p>Van 16:00 tot 19:00 uur (18:00 uur in het laagseizoen)<\/p>\n<\/div>\n<\/div>\n<div class=\"ls_24_infos_utiles_ctnr ls_24_infos_utiles_depart\">\n<div class=\"ls_24_infos_utiles_picto\"><img decoding=\"async\" class=\"wp-image-32485 aligncenter size-full\" src=\"https:\/\/www.les-sablons.com\/wp-content\/uploads\/2024\/09\/depart.svg\" alt=\"\" width=\"108\" height=\"108\" \/><\/div>\n<div class=\"ls_24_infos_utiles_txt ls_24_infos_utiles_txt_depart\">\n<p><strong>Vertrek<\/strong><\/p>\n<p>Van 08:00 tot 10:00 uur<\/p>\n<\/div>\n<\/div>\n<\/div>\n<p>[\/et_pb_fullwidth_header][\/et_pb_section][et_pb_section fb_built=&#8221;1&#8243; module_id=&#8221;ls_disponibilities&#8221; _builder_version=&#8221;4.9.4&#8243; _module_preset=&#8221;default&#8221; locked=&#8221;off&#8221;][et_pb_row _builder_version=&#8221;4.9.4&#8243; _module_preset=&#8221;default&#8221; width=&#8221;100%&#8221; max_width=&#8221;1200px&#8221; custom_margin_tablet=&#8221;&#8221; custom_margin_phone=&#8221;&#8221; custom_margin_last_edited=&#8221;on|tablet&#8221; custom_padding=&#8221;|15px||15px|false|false&#8221;][et_pb_column type=&#8221;4_4&#8243; _builder_version=&#8221;4.9.4&#8243; _module_preset=&#8221;default&#8221;][et_pb_text admin_label=&#8221;TARIFS ET DISPONIBILIT\u00c9S&#8221; _builder_version=&#8221;4.9.4&#8243; _module_preset=&#8221;default&#8221; header_text_align=&#8221;center&#8221; text_orientation=&#8221;center&#8221; module_alignment=&#8221;center&#8221; custom_margin=&#8221;|30px|||false|false&#8221; custom_margin_tablet=&#8221;&#8221; custom_margin_phone=&#8221;|0px|||false|false&#8221; custom_margin_last_edited=&#8221;on|phone&#8221; text_orientation_tablet=&#8221;&#8221; text_orientation_phone=&#8221;center&#8221; text_orientation_last_edited=&#8221;on|desktop&#8221; module_alignment_tablet=&#8221;center&#8221; module_alignment_phone=&#8221;center&#8221; module_alignment_last_edited=&#8221;on|desktop&#8221; locked=&#8221;off&#8221;]<\/p>\n<h2>Tarieven en beschikbaarheid<\/h2>\n<p>[\/et_pb_text][et_pb_code _builder_version=&#8221;4.9.4&#8243; _module_preset=&#8221;default&#8221;]<ctv-availability data-product-id=\"136367, 136373, 136374\" data- background-color=\"#FFFFFFFF\" ><\/ctv-availability>[\/et_pb_code][\/et_pb_column][\/et_pb_row][\/et_pb_section][et_pb_section fb_built=&#8221;1&#8243; fullwidth=&#8221;on&#8221; module_class=&#8221;ls_bottom_banner&#8221; _builder_version=&#8221;4.9.4&#8243; _module_preset=&#8221;default&#8221; background_color=&#8221;RGBA(0,0,0,0)&#8221; background_image=&#8221;https:\/\/www.les-sablons.com\/wp-content\/uploads\/2024\/09\/tous-les-hebergements-les-sablons.jpg&#8221; locked=&#8221;off&#8221;][et_pb_fullwidth_header title=&#8221;ALLE ACCOMMODATIES&#8221; button_one_text=&#8221;Terug naar accommodaties&#8221; button_one_url=&#8221;@ET-DC@eyJkeW5hbWljIjp0cnVlLCJjb250ZW50IjoicG9zdF9saW5rX3VybF9wYWdlIiwic2V0dGluZ3MiOnsicG9zdF9pZCI6IjI3MDUxIn19@&#8221; _builder_version=&#8221;4.9.4&#8243; _dynamic_attributes=&#8221;button_one_url&#8221; _module_preset=&#8221;default&#8221; background_enable_color=&#8221;off&#8221;][\/et_pb_fullwidth_header][\/et_pb_section]<\/p>\n","protected":false},"excerpt":{"rendered":"<p>[et_pb_section fb_built=&#8221;1&#8243; fullwidth=&#8221;on&#8221; admin_label=&#8221;SECTION-VIDEO&#8221; module_id=&#8221;home-video-hero&#8221; module_class=&#8221;video-hero-section&#8221; _builder_version=&#8221;4.9.4&#8243; _module_preset=&#8221;default&#8221; background_color=&#8221;RGBA(0,0,0,0)&#8221; background_image=&#8221;https:\/\/www.les-sablons.com\/wp-content\/uploads\/2024\/08\/2-HOME.jpg&#8221; custom_css_main_element=&#8221;height:90vh;&#8221; locked=&#8221;off&#8221; collapsed=&#8221;off&#8221; custom_css_main_element_last_edited=&#8221;on|desktop&#8221; custom_css_main_element_phone=&#8221;height:80vh;&#8221;][et_pb_fullwidth_header title=&#8221;CASA STACARAVANS&#8221; subhead=&#8221;Ontdek deze stacaravan die natuurlijke charme combineert met Franse elegantie !&#8221; module_class=&#8221;hero-video-title_container&#8221; _builder_version=&#8221;4.9.4&#8243; _module_preset=&#8221;default&#8221; background_enable_color=&#8221;off&#8221; positioning=&#8221;absolute&#8221; position_origin_a=&#8221;center_center&#8221; z_index=&#8221;10&#8243; width=&#8221;100%&#8221;]QUARTIER CARIGNAN[\/et_pb_fullwidth_header][et_pb_fullwidth_code disabled_on=&#8221;on|off|off&#8221; admin_label=&#8221;CODE-VIDEO-DESKTOP&#8221; module_class=&#8221;hero-video-codecontainer&#8221; _builder_version=&#8221;4.9.4&#8243; _module_preset=&#8221;default&#8221;][\/et_pb_fullwidth_code][et_pb_fullwidth_code disabled_on=&#8221;off|on|on&#8221; admin_label=&#8221;CODE-VIDEO-MOBILE&#8221; module_class=&#8221;hero-video-codecontainer&#8221; _builder_version=&#8221;4.9.4&#8243; _module_preset=&#8221;default&#8221;][\/et_pb_fullwidth_code][\/et_pb_section][et_pb_section fb_built=&#8221;1&#8243; fullwidth=&#8221;on&#8221; disabled_on=&#8221;on|on|on&#8221; module_class=&#8221;home_top24&#8243; _builder_version=&#8221;4.9.4&#8243; _module_preset=&#8221;default&#8221; background_color=&#8221;RGBA(0,0,0,0)&#8221; background_image=&#8221;https:\/\/www.les-sablons.com\/wp-content\/uploads\/2024\/09\/1920&#215;1080-HEADER-Casa.jpg&#8221; [&hellip;]<\/p>\n","protected":false},"author":1,"featured_media":0,"parent":33047,"menu_order":0,"comment_status":"closed","ping_status":"closed","template":"","meta":{"_acf_changed":false,"_et_pb_use_builder":"on","_et_pb_old_content":"","_et_gb_content_width":"","inline_featured_image":false,"footnotes":""},"acf":[],"yoast_head":"<!-- This site is optimized with the Yoast SEO plugin v22.0 - https:\/\/yoast.com\/wordpress\/plugins\/seo\/ -->\n<title>Mobilhome CASA - Camping ***** les Sablons<\/title>\n<meta name=\"robots\" content=\"index, follow, max-snippet:-1, max-image-preview:large, max-video-preview:-1\" \/>\n<link rel=\"canonical\" href=\"https:\/\/www.les-sablons.com\/nl\/les-mobilhomes\/mobilhome-casa\/\" \/>\n<meta property=\"og:locale\" content=\"nl_NL\" \/>\n<meta property=\"og:type\" content=\"article\" \/>\n<meta property=\"og:title\" content=\"Mobilhome CASA - Camping ***** les Sablons\" \/>\n<meta property=\"og:description\" content=\"[et_pb_section fb_built=&#8221;1&#8243; fullwidth=&#8221;on&#8221; admin_label=&#8221;SECTION-VIDEO&#8221; module_id=&#8221;home-video-hero&#8221; module_class=&#8221;video-hero-section&#8221; _builder_version=&#8221;4.9.4&#8243; _module_preset=&#8221;default&#8221; background_color=&#8221;RGBA(0,0,0,0)&#8221; background_image=&#8221;https:\/\/www.les-sablons.com\/wp-content\/uploads\/2024\/08\/2-HOME.jpg&#8221; custom_css_main_element=&#8221;height:90vh;&#8221; locked=&#8221;off&#8221; collapsed=&#8221;off&#8221; custom_css_main_element_last_edited=&#8221;on|desktop&#8221; custom_css_main_element_phone=&#8221;height:80vh;&#8221;][et_pb_fullwidth_header title=&#8221;CASA STACARAVANS&#8221; subhead=&#8221;Ontdek deze stacaravan die natuurlijke charme combineert met Franse elegantie !&#8221; module_class=&#8221;hero-video-title_container&#8221; _builder_version=&#8221;4.9.4&#8243; _module_preset=&#8221;default&#8221; background_enable_color=&#8221;off&#8221; positioning=&#8221;absolute&#8221; position_origin_a=&#8221;center_center&#8221; z_index=&#8221;10&#8243; width=&#8221;100%&#8221;]QUARTIER CARIGNAN[\/et_pb_fullwidth_header][et_pb_fullwidth_code disabled_on=&#8221;on|off|off&#8221; admin_label=&#8221;CODE-VIDEO-DESKTOP&#8221; module_class=&#8221;hero-video-codecontainer&#8221; _builder_version=&#8221;4.9.4&#8243; _module_preset=&#8221;default&#8221;][\/et_pb_fullwidth_code][et_pb_fullwidth_code disabled_on=&#8221;off|on|on&#8221; admin_label=&#8221;CODE-VIDEO-MOBILE&#8221; module_class=&#8221;hero-video-codecontainer&#8221; _builder_version=&#8221;4.9.4&#8243; _module_preset=&#8221;default&#8221;][\/et_pb_fullwidth_code][\/et_pb_section][et_pb_section fb_built=&#8221;1&#8243; fullwidth=&#8221;on&#8221; disabled_on=&#8221;on|on|on&#8221; module_class=&#8221;home_top24&#8243; _builder_version=&#8221;4.9.4&#8243; _module_preset=&#8221;default&#8221; background_color=&#8221;RGBA(0,0,0,0)&#8221; background_image=&#8221;https:\/\/www.les-sablons.com\/wp-content\/uploads\/2024\/09\/1920&#215;1080-HEADER-Casa.jpg&#8221; [&hellip;]\" \/>\n<meta property=\"og:url\" content=\"https:\/\/www.les-sablons.com\/nl\/les-mobilhomes\/mobilhome-casa\/\" \/>\n<meta property=\"og:site_name\" content=\"Camping ***** les Sablons\" \/>\n<meta property=\"article:modified_time\" content=\"2025-03-01T08:55:25+00:00\" \/>\n<meta property=\"og:image\" content=\"https:\/\/www.les-sablons.com\/wp-content\/uploads\/2024\/09\/arrivee-1.svg\" \/>\n<meta name=\"twitter:card\" content=\"summary_large_image\" \/>\n<meta name=\"twitter:label1\" content=\"Geschatte leestijd\" \/>\n\t<meta name=\"twitter:data1\" content=\"5 minuten\" \/>\n<script type=\"application\/ld+json\" class=\"yoast-schema-graph\">{\"@context\":\"https:\/\/schema.org\",\"@graph\":[{\"@type\":\"WebPage\",\"@id\":\"https:\/\/www.les-sablons.com\/nl\/les-mobilhomes\/mobilhome-casa\/\",\"url\":\"https:\/\/www.les-sablons.com\/nl\/les-mobilhomes\/mobilhome-casa\/\",\"name\":\"Mobilhome CASA - Camping ***** les Sablons\",\"isPartOf\":{\"@id\":\"https:\/\/www.les-sablons.com\/nl\/#website\"},\"datePublished\":\"2024-09-23T14:06:39+00:00\",\"dateModified\":\"2025-03-01T08:55:25+00:00\",\"breadcrumb\":{\"@id\":\"https:\/\/www.les-sablons.com\/nl\/les-mobilhomes\/mobilhome-casa\/#breadcrumb\"},\"inLanguage\":\"nl-NL\",\"potentialAction\":[{\"@type\":\"ReadAction\",\"target\":[\"https:\/\/www.les-sablons.com\/nl\/les-mobilhomes\/mobilhome-casa\/\"]}]},{\"@type\":\"BreadcrumbList\",\"@id\":\"https:\/\/www.les-sablons.com\/nl\/les-mobilhomes\/mobilhome-casa\/#breadcrumb\",\"itemListElement\":[{\"@type\":\"ListItem\",\"position\":1,\"name\":\"Accueil\",\"item\":\"https:\/\/www.les-sablons.com\/nl\/\"},{\"@type\":\"ListItem\",\"position\":2,\"name\":\"2024 Les mobilhomes Luxes\",\"item\":\"https:\/\/www.les-sablons.com\/nl\/les-mobilhomes\/\"},{\"@type\":\"ListItem\",\"position\":3,\"name\":\"Mobilhome CASA\"}]},{\"@type\":\"WebSite\",\"@id\":\"https:\/\/www.les-sablons.com\/nl\/#website\",\"url\":\"https:\/\/www.les-sablons.com\/nl\/\",\"name\":\"Camping ***** les Sablons\",\"description\":\"les Sablons \u00e0 Portiragnes-Plage, bord de mer M\u00e9diterran\u00e9e, proche Cap d&#039;Agde, Languedoc Roussillon\",\"potentialAction\":[{\"@type\":\"SearchAction\",\"target\":{\"@type\":\"EntryPoint\",\"urlTemplate\":\"https:\/\/www.les-sablons.com\/nl\/?s={search_term_string}\"},\"query-input\":\"required name=search_term_string\"}],\"inLanguage\":\"nl-NL\"}]}<\/script>\n<!-- \/ Yoast SEO plugin. -->","yoast_head_json":{"title":"Mobilhome CASA - Camping ***** les Sablons","robots":{"index":"index","follow":"follow","max-snippet":"max-snippet:-1","max-image-preview":"max-image-preview:large","max-video-preview":"max-video-preview:-1"},"canonical":"https:\/\/www.les-sablons.com\/nl\/les-mobilhomes\/mobilhome-casa\/","og_locale":"nl_NL","og_type":"article","og_title":"Mobilhome CASA - Camping ***** les Sablons","og_description":"[et_pb_section fb_built=&#8221;1&#8243; fullwidth=&#8221;on&#8221; admin_label=&#8221;SECTION-VIDEO&#8221; module_id=&#8221;home-video-hero&#8221; module_class=&#8221;video-hero-section&#8221; _builder_version=&#8221;4.9.4&#8243; _module_preset=&#8221;default&#8221; background_color=&#8221;RGBA(0,0,0,0)&#8221; background_image=&#8221;https:\/\/www.les-sablons.com\/wp-content\/uploads\/2024\/08\/2-HOME.jpg&#8221; custom_css_main_element=&#8221;height:90vh;&#8221; locked=&#8221;off&#8221; collapsed=&#8221;off&#8221; custom_css_main_element_last_edited=&#8221;on|desktop&#8221; custom_css_main_element_phone=&#8221;height:80vh;&#8221;][et_pb_fullwidth_header title=&#8221;CASA STACARAVANS&#8221; subhead=&#8221;Ontdek deze stacaravan die natuurlijke charme combineert met Franse elegantie !&#8221; module_class=&#8221;hero-video-title_container&#8221; _builder_version=&#8221;4.9.4&#8243; _module_preset=&#8221;default&#8221; background_enable_color=&#8221;off&#8221; positioning=&#8221;absolute&#8221; position_origin_a=&#8221;center_center&#8221; z_index=&#8221;10&#8243; width=&#8221;100%&#8221;]QUARTIER CARIGNAN[\/et_pb_fullwidth_header][et_pb_fullwidth_code disabled_on=&#8221;on|off|off&#8221; admin_label=&#8221;CODE-VIDEO-DESKTOP&#8221; module_class=&#8221;hero-video-codecontainer&#8221; _builder_version=&#8221;4.9.4&#8243; _module_preset=&#8221;default&#8221;][\/et_pb_fullwidth_code][et_pb_fullwidth_code disabled_on=&#8221;off|on|on&#8221; admin_label=&#8221;CODE-VIDEO-MOBILE&#8221; module_class=&#8221;hero-video-codecontainer&#8221; _builder_version=&#8221;4.9.4&#8243; _module_preset=&#8221;default&#8221;][\/et_pb_fullwidth_code][\/et_pb_section][et_pb_section fb_built=&#8221;1&#8243; fullwidth=&#8221;on&#8221; disabled_on=&#8221;on|on|on&#8221; module_class=&#8221;home_top24&#8243; _builder_version=&#8221;4.9.4&#8243; _module_preset=&#8221;default&#8221; background_color=&#8221;RGBA(0,0,0,0)&#8221; background_image=&#8221;https:\/\/www.les-sablons.com\/wp-content\/uploads\/2024\/09\/1920&#215;1080-HEADER-Casa.jpg&#8221; [&hellip;]","og_url":"https:\/\/www.les-sablons.com\/nl\/les-mobilhomes\/mobilhome-casa\/","og_site_name":"Camping ***** les Sablons","article_modified_time":"2025-03-01T08:55:25+00:00","og_image":[{"url":"https:\/\/www.les-sablons.com\/wp-content\/uploads\/2024\/09\/arrivee-1.svg"}],"twitter_card":"summary_large_image","twitter_misc":{"Geschatte leestijd":"5 minuten"},"schema":{"@context":"https:\/\/schema.org","@graph":[{"@type":"WebPage","@id":"https:\/\/www.les-sablons.com\/nl\/les-mobilhomes\/mobilhome-casa\/","url":"https:\/\/www.les-sablons.com\/nl\/les-mobilhomes\/mobilhome-casa\/","name":"Mobilhome CASA - Camping ***** les Sablons","isPartOf":{"@id":"https:\/\/www.les-sablons.com\/nl\/#website"},"datePublished":"2024-09-23T14:06:39+00:00","dateModified":"2025-03-01T08:55:25+00:00","breadcrumb":{"@id":"https:\/\/www.les-sablons.com\/nl\/les-mobilhomes\/mobilhome-casa\/#breadcrumb"},"inLanguage":"nl-NL","potentialAction":[{"@type":"ReadAction","target":["https:\/\/www.les-sablons.com\/nl\/les-mobilhomes\/mobilhome-casa\/"]}]},{"@type":"BreadcrumbList","@id":"https:\/\/www.les-sablons.com\/nl\/les-mobilhomes\/mobilhome-casa\/#breadcrumb","itemListElement":[{"@type":"ListItem","position":1,"name":"Accueil","item":"https:\/\/www.les-sablons.com\/nl\/"},{"@type":"ListItem","position":2,"name":"2024 Les mobilhomes Luxes","item":"https:\/\/www.les-sablons.com\/nl\/les-mobilhomes\/"},{"@type":"ListItem","position":3,"name":"Mobilhome CASA"}]},{"@type":"WebSite","@id":"https:\/\/www.les-sablons.com\/nl\/#website","url":"https:\/\/www.les-sablons.com\/nl\/","name":"Camping ***** les Sablons","description":"les Sablons \u00e0 Portiragnes-Plage, bord de mer M\u00e9diterran\u00e9e, proche Cap d&#039;Agde, Languedoc Roussillon","potentialAction":[{"@type":"SearchAction","target":{"@type":"EntryPoint","urlTemplate":"https:\/\/www.les-sablons.com\/nl\/?s={search_term_string}"},"query-input":"required name=search_term_string"}],"inLanguage":"nl-NL"}]}},"_links":{"self":[{"href":"https:\/\/www.les-sablons.com\/nl\/wp-json\/wp\/v2\/pages\/33056"}],"collection":[{"href":"https:\/\/www.les-sablons.com\/nl\/wp-json\/wp\/v2\/pages"}],"about":[{"href":"https:\/\/www.les-sablons.com\/nl\/wp-json\/wp\/v2\/types\/page"}],"author":[{"embeddable":true,"href":"https:\/\/www.les-sablons.com\/nl\/wp-json\/wp\/v2\/users\/1"}],"replies":[{"embeddable":true,"href":"https:\/\/www.les-sablons.com\/nl\/wp-json\/wp\/v2\/comments?post=33056"}],"version-history":[{"count":0,"href":"https:\/\/www.les-sablons.com\/nl\/wp-json\/wp\/v2\/pages\/33056\/revisions"}],"up":[{"embeddable":true,"href":"https:\/\/www.les-sablons.com\/nl\/wp-json\/wp\/v2\/pages\/33047"}],"wp:attachment":[{"href":"https:\/\/www.les-sablons.com\/nl\/wp-json\/wp\/v2\/media?parent=33056"}],"curies":[{"name":"wp","href":"https:\/\/api.w.org\/{rel}","templated":true}]}}