{"id":33050,"date":"2024-09-25T11:42:55","date_gmt":"2024-09-25T11:42:55","guid":{"rendered":"https:\/\/www.les-sablons.com\/les-mobilhomes\/les-mobilhomes-luxes-disponibilites\/"},"modified":"2024-10-02T11:42:51","modified_gmt":"2024-10-02T11:42:51","slug":"les-mobilhomes-luxes-disponibilites","status":"publish","type":"page","link":"https:\/\/www.les-sablons.com\/nl\/les-mobilhomes\/les-mobilhomes-luxes-disponibilites\/","title":{"rendered":"Les mobilhomes Luxes disponibilit\u00e9s"},"content":{"rendered":"<p>[et_pb_section fb_built=&#8221;1&#8243; fullwidth=&#8221;on&#8221; module_class=&#8221;home_top24&#8243; _builder_version=&#8221;4.9.4&#8243; _module_preset=&#8221;default&#8221; background_color=&#8221;RGBA(0,0,0,0)&#8221; background_image=&#8221;https:\/\/www.les-sablons.com\/wp-content\/uploads\/2024\/09\/les-mobilhomes-luxes-les-sablons.jpg&#8221; width_tablet=&#8221;&#8221; width_phone=&#8221;&#8221; width_last_edited=&#8221;on|phone&#8221; locked=&#8221;off&#8221;][et_pb_fullwidth_header title=&#8221;DISPONIBILIT\u00c9S MOBILHOMES LUXES&#8221; subhead=&#8221;Entre d\u00e9tente et \u00e9vasion, profitez de prestations premium et d\u2019ambiances uniques pour des vacances sur-mesure !&#8221; module_class=&#8221;ls_24_entete&#8221; _builder_version=&#8221;4.9.4&#8243; _module_preset=&#8221;default&#8221; background_enable_color=&#8221;off&#8221;][\/et_pb_fullwidth_header][\/et_pb_section][et_pb_section fb_built=&#8221;1&#8243; module_class=&#8221;bleu_medi24&#8243; _builder_version=&#8221;4.9.4&#8243; _module_preset=&#8221;default&#8221; background_color=&#8221;#f7f2ec&#8221; locked=&#8221;off&#8221;][et_pb_row _builder_version=&#8221;4.9.4&#8243; _module_preset=&#8221;default&#8221;][et_pb_column type=&#8221;4_4&#8243; _builder_version=&#8221;4.9.4&#8243; _module_preset=&#8221;default&#8221;][et_pb_text disabled_on=&#8221;off|off|off&#8221; admin_label=&#8221;S\u00c9JOURS D&#8217;EXCEPTION&#8221; _builder_version=&#8221;4.9.4&#8243; _module_preset=&#8221;default&#8221; header_3_text_color=&#8221;#3796aa&#8221; text_orientation=&#8221;center&#8221; custom_padding=&#8221;||15px||false|false&#8221; border_style_all=&#8221;none&#8221; border_width_bottom=&#8221;2px&#8221; border_color_bottom=&#8221;#3796aa&#8221;]<\/p>\n<h2>S\u00c9JOURS D&#8217;EXCEPTION<\/h2>\n<p style=\"text-align: center\">D\u00e9couvrez nos mobilhomes de luxe, situ\u00e9s dans des quartiers pi\u00e9tonniers et v\u00e9g\u00e9talis\u00e9s o\u00f9 nature et s\u00e9r\u00e9nit\u00e9 s\u2019harmonisent parfaitement. Que vous choisissiez les mod\u00e8les Casa, Keywest ou Taos chaque h\u00e9bergement propose des agencements personnalis\u00e9s, du studio aux 3 chambres, pour r\u00e9pondre \u00e0 toutes vos attentes.\n<\/p>\n<p>[\/et_pb_text][\/et_pb_column][\/et_pb_row][\/et_pb_section][et_pb_section fb_built=&#8221;1&#8243; module_id=&#8221;ls_disponibilities&#8221; _builder_version=&#8221;4.9.4&#8243; _module_preset=&#8221;default&#8221; locked=&#8221;off&#8221;][et_pb_row _builder_version=&#8221;4.9.4&#8243; _module_preset=&#8221;default&#8221; width=&#8221;100%&#8221; max_width=&#8221;1200px&#8221; custom_margin_tablet=&#8221;&#8221; custom_margin_phone=&#8221;&#8221; custom_margin_last_edited=&#8221;on|tablet&#8221; custom_padding=&#8221;|15px||15px|false|false&#8221;][et_pb_column type=&#8221;4_4&#8243; _builder_version=&#8221;4.9.4&#8243; _module_preset=&#8221;default&#8221;][et_pb_text admin_label=&#8221;TARIFS ET DISPONIBILIT\u00c9S&#8221; _builder_version=&#8221;4.9.4&#8243; _module_preset=&#8221;default&#8221; header_text_align=&#8221;center&#8221; text_orientation=&#8221;center&#8221; module_alignment=&#8221;center&#8221; custom_margin=&#8221;|30px|||false|false&#8221; custom_margin_tablet=&#8221;&#8221; custom_margin_phone=&#8221;|0px|||false|false&#8221; custom_margin_last_edited=&#8221;on|phone&#8221; text_orientation_tablet=&#8221;&#8221; text_orientation_phone=&#8221;center&#8221; text_orientation_last_edited=&#8221;on|desktop&#8221; module_alignment_tablet=&#8221;center&#8221; module_alignment_phone=&#8221;center&#8221; module_alignment_last_edited=&#8221;on|desktop&#8221; locked=&#8221;off&#8221;]<\/p>\n<h2>TARIFS ET DISPONIBILIT\u00c9S<\/h2>\n<p>[\/et_pb_text][et_pb_code _builder_version=&#8221;4.9.4&#8243; _module_preset=&#8221;default&#8221;]<ctv-availability data-product-id=\"136367, 136373, 136374, 136375, 136442, 136402, 136418, 136419, 136428, 136429, 136430, 136431\" data- background-color=\"#FFFFFFFF\" ><\/ctv-availability>[\/et_pb_code][\/et_pb_column][\/et_pb_row][\/et_pb_section][et_pb_section fb_built=&#8221;1&#8243; fullwidth=&#8221;on&#8221; module_class=&#8221;ls_bottom_banner&#8221; _builder_version=&#8221;4.9.4&#8243; _module_preset=&#8221;default&#8221; background_color=&#8221;RGBA(0,0,0,0)&#8221; background_image=&#8221;https:\/\/www.les-sablons.com\/wp-content\/uploads\/2024\/09\/tous-les-hebergements-les-sablons.jpg&#8221; locked=&#8221;off&#8221;][et_pb_fullwidth_header title=&#8221;TOUS LES H\u00c9BERGEMENTS&#8221; button_one_text=&#8221;Revenir aux h\u00e9bergements&#8221; button_one_url=&#8221;\/camping-hebergements\/&#8221; _builder_version=&#8221;4.9.4&#8243; _module_preset=&#8221;default&#8221; background_enable_color=&#8221;off&#8221;][\/et_pb_fullwidth_header][\/et_pb_section]<\/p>\n","protected":false},"excerpt":{"rendered":"<p>[et_pb_section fb_built=&#8221;1&#8243; fullwidth=&#8221;on&#8221; module_class=&#8221;home_top24&#8243; _builder_version=&#8221;4.9.4&#8243; _module_preset=&#8221;default&#8221; background_color=&#8221;RGBA(0,0,0,0)&#8221; background_image=&#8221;https:\/\/www.les-sablons.com\/wp-content\/uploads\/2024\/09\/les-mobilhomes-luxes-les-sablons.jpg&#8221; width_tablet=&#8221;&#8221; width_phone=&#8221;&#8221; width_last_edited=&#8221;on|phone&#8221; locked=&#8221;off&#8221;][et_pb_fullwidth_header title=&#8221;DISPONIBILIT\u00c9S MOBILHOMES LUXES&#8221; subhead=&#8221;Entre d\u00e9tente et \u00e9vasion, profitez de prestations premium et d\u2019ambiances uniques pour des vacances sur-mesure !&#8221; module_class=&#8221;ls_24_entete&#8221; _builder_version=&#8221;4.9.4&#8243; _module_preset=&#8221;default&#8221; background_enable_color=&#8221;off&#8221;][\/et_pb_fullwidth_header][\/et_pb_section][et_pb_section fb_built=&#8221;1&#8243; module_class=&#8221;bleu_medi24&#8243; _builder_version=&#8221;4.9.4&#8243; _module_preset=&#8221;default&#8221; background_color=&#8221;#f7f2ec&#8221; locked=&#8221;off&#8221;][et_pb_row _builder_version=&#8221;4.9.4&#8243; _module_preset=&#8221;default&#8221;][et_pb_column type=&#8221;4_4&#8243; _builder_version=&#8221;4.9.4&#8243; _module_preset=&#8221;default&#8221;][et_pb_text disabled_on=&#8221;off|off|off&#8221; admin_label=&#8221;S\u00c9JOURS D&#8217;EXCEPTION&#8221; _builder_version=&#8221;4.9.4&#8243; _module_preset=&#8221;default&#8221; header_3_text_color=&#8221;#3796aa&#8221; text_orientation=&#8221;center&#8221; custom_padding=&#8221;||15px||false|false&#8221; border_style_all=&#8221;none&#8221; [&hellip;]<\/p>\n","protected":false},"author":1,"featured_media":0,"parent":33047,"menu_order":0,"comment_status":"closed","ping_status":"closed","template":"","meta":{"_acf_changed":false,"_et_pb_use_builder":"on","_et_pb_old_content":"","_et_gb_content_width":"","inline_featured_image":false,"footnotes":""},"acf":[],"yoast_head":"<!-- This site is optimized with the Yoast SEO plugin v22.0 - https:\/\/yoast.com\/wordpress\/plugins\/seo\/ -->\n<title>Les mobilhomes Luxes disponibilit\u00e9s - Camping ***** les Sablons<\/title>\n<meta name=\"robots\" content=\"index, follow, max-snippet:-1, max-image-preview:large, max-video-preview:-1\" \/>\n<link rel=\"canonical\" href=\"https:\/\/www.les-sablons.com\/nl\/les-mobilhomes\/les-mobilhomes-luxes-disponibilites\/\" \/>\n<meta property=\"og:locale\" content=\"nl_NL\" \/>\n<meta property=\"og:type\" content=\"article\" \/>\n<meta property=\"og:title\" content=\"Les mobilhomes Luxes disponibilit\u00e9s - Camping ***** les Sablons\" \/>\n<meta property=\"og:description\" content=\"[et_pb_section fb_built=&#8221;1&#8243; fullwidth=&#8221;on&#8221; module_class=&#8221;home_top24&#8243; _builder_version=&#8221;4.9.4&#8243; _module_preset=&#8221;default&#8221; background_color=&#8221;RGBA(0,0,0,0)&#8221; background_image=&#8221;https:\/\/www.les-sablons.com\/wp-content\/uploads\/2024\/09\/les-mobilhomes-luxes-les-sablons.jpg&#8221; width_tablet=&#8221;&#8221; width_phone=&#8221;&#8221; width_last_edited=&#8221;on|phone&#8221; locked=&#8221;off&#8221;][et_pb_fullwidth_header title=&#8221;DISPONIBILIT\u00c9S MOBILHOMES LUXES&#8221; subhead=&#8221;Entre d\u00e9tente et \u00e9vasion, profitez de prestations premium et d\u2019ambiances uniques pour des vacances sur-mesure !&#8221; module_class=&#8221;ls_24_entete&#8221; _builder_version=&#8221;4.9.4&#8243; _module_preset=&#8221;default&#8221; background_enable_color=&#8221;off&#8221;][\/et_pb_fullwidth_header][\/et_pb_section][et_pb_section fb_built=&#8221;1&#8243; module_class=&#8221;bleu_medi24&#8243; _builder_version=&#8221;4.9.4&#8243; _module_preset=&#8221;default&#8221; background_color=&#8221;#f7f2ec&#8221; locked=&#8221;off&#8221;][et_pb_row _builder_version=&#8221;4.9.4&#8243; _module_preset=&#8221;default&#8221;][et_pb_column type=&#8221;4_4&#8243; _builder_version=&#8221;4.9.4&#8243; _module_preset=&#8221;default&#8221;][et_pb_text disabled_on=&#8221;off|off|off&#8221; admin_label=&#8221;S\u00c9JOURS D&#8217;EXCEPTION&#8221; _builder_version=&#8221;4.9.4&#8243; _module_preset=&#8221;default&#8221; header_3_text_color=&#8221;#3796aa&#8221; text_orientation=&#8221;center&#8221; custom_padding=&#8221;||15px||false|false&#8221; border_style_all=&#8221;none&#8221; [&hellip;]\" \/>\n<meta property=\"og:url\" content=\"https:\/\/www.les-sablons.com\/nl\/les-mobilhomes\/les-mobilhomes-luxes-disponibilites\/\" \/>\n<meta property=\"og:site_name\" content=\"Camping ***** les Sablons\" \/>\n<meta property=\"article:modified_time\" content=\"2024-10-02T11:42:51+00:00\" \/>\n<meta name=\"twitter:card\" content=\"summary_large_image\" \/>\n<meta name=\"twitter:label1\" content=\"Geschatte leestijd\" \/>\n\t<meta name=\"twitter:data1\" content=\"1 minuut\" \/>\n<script type=\"application\/ld+json\" class=\"yoast-schema-graph\">{\"@context\":\"https:\/\/schema.org\",\"@graph\":[{\"@type\":\"WebPage\",\"@id\":\"https:\/\/www.les-sablons.com\/nl\/les-mobilhomes\/les-mobilhomes-luxes-disponibilites\/\",\"url\":\"https:\/\/www.les-sablons.com\/nl\/les-mobilhomes\/les-mobilhomes-luxes-disponibilites\/\",\"name\":\"Les mobilhomes Luxes disponibilit\u00e9s - Camping ***** les Sablons\",\"isPartOf\":{\"@id\":\"https:\/\/www.les-sablons.com\/nl\/#website\"},\"datePublished\":\"2024-09-25T11:42:55+00:00\",\"dateModified\":\"2024-10-02T11:42:51+00:00\",\"breadcrumb\":{\"@id\":\"https:\/\/www.les-sablons.com\/nl\/les-mobilhomes\/les-mobilhomes-luxes-disponibilites\/#breadcrumb\"},\"inLanguage\":\"nl-NL\",\"potentialAction\":[{\"@type\":\"ReadAction\",\"target\":[\"https:\/\/www.les-sablons.com\/nl\/les-mobilhomes\/les-mobilhomes-luxes-disponibilites\/\"]}]},{\"@type\":\"BreadcrumbList\",\"@id\":\"https:\/\/www.les-sablons.com\/nl\/les-mobilhomes\/les-mobilhomes-luxes-disponibilites\/#breadcrumb\",\"itemListElement\":[{\"@type\":\"ListItem\",\"position\":1,\"name\":\"Accueil\",\"item\":\"https:\/\/www.les-sablons.com\/nl\/\"},{\"@type\":\"ListItem\",\"position\":2,\"name\":\"2024 Les mobilhomes Luxes\",\"item\":\"https:\/\/www.les-sablons.com\/nl\/les-mobilhomes\/\"},{\"@type\":\"ListItem\",\"position\":3,\"name\":\"Les mobilhomes Luxes disponibilit\u00e9s\"}]},{\"@type\":\"WebSite\",\"@id\":\"https:\/\/www.les-sablons.com\/nl\/#website\",\"url\":\"https:\/\/www.les-sablons.com\/nl\/\",\"name\":\"Camping ***** les Sablons\",\"description\":\"les Sablons \u00e0 Portiragnes-Plage, bord de mer M\u00e9diterran\u00e9e, proche Cap d&#039;Agde, Languedoc Roussillon\",\"potentialAction\":[{\"@type\":\"SearchAction\",\"target\":{\"@type\":\"EntryPoint\",\"urlTemplate\":\"https:\/\/www.les-sablons.com\/nl\/?s={search_term_string}\"},\"query-input\":\"required name=search_term_string\"}],\"inLanguage\":\"nl-NL\"}]}<\/script>\n<!-- \/ Yoast SEO plugin. -->","yoast_head_json":{"title":"Les mobilhomes Luxes disponibilit\u00e9s - Camping ***** les Sablons","robots":{"index":"index","follow":"follow","max-snippet":"max-snippet:-1","max-image-preview":"max-image-preview:large","max-video-preview":"max-video-preview:-1"},"canonical":"https:\/\/www.les-sablons.com\/nl\/les-mobilhomes\/les-mobilhomes-luxes-disponibilites\/","og_locale":"nl_NL","og_type":"article","og_title":"Les mobilhomes Luxes disponibilit\u00e9s - Camping ***** les Sablons","og_description":"[et_pb_section fb_built=&#8221;1&#8243; fullwidth=&#8221;on&#8221; module_class=&#8221;home_top24&#8243; _builder_version=&#8221;4.9.4&#8243; _module_preset=&#8221;default&#8221; background_color=&#8221;RGBA(0,0,0,0)&#8221; background_image=&#8221;https:\/\/www.les-sablons.com\/wp-content\/uploads\/2024\/09\/les-mobilhomes-luxes-les-sablons.jpg&#8221; width_tablet=&#8221;&#8221; width_phone=&#8221;&#8221; width_last_edited=&#8221;on|phone&#8221; locked=&#8221;off&#8221;][et_pb_fullwidth_header title=&#8221;DISPONIBILIT\u00c9S MOBILHOMES LUXES&#8221; subhead=&#8221;Entre d\u00e9tente et \u00e9vasion, profitez de prestations premium et d\u2019ambiances uniques pour des vacances sur-mesure !&#8221; module_class=&#8221;ls_24_entete&#8221; _builder_version=&#8221;4.9.4&#8243; _module_preset=&#8221;default&#8221; background_enable_color=&#8221;off&#8221;][\/et_pb_fullwidth_header][\/et_pb_section][et_pb_section fb_built=&#8221;1&#8243; module_class=&#8221;bleu_medi24&#8243; _builder_version=&#8221;4.9.4&#8243; _module_preset=&#8221;default&#8221; background_color=&#8221;#f7f2ec&#8221; locked=&#8221;off&#8221;][et_pb_row _builder_version=&#8221;4.9.4&#8243; _module_preset=&#8221;default&#8221;][et_pb_column type=&#8221;4_4&#8243; _builder_version=&#8221;4.9.4&#8243; _module_preset=&#8221;default&#8221;][et_pb_text disabled_on=&#8221;off|off|off&#8221; admin_label=&#8221;S\u00c9JOURS D&#8217;EXCEPTION&#8221; _builder_version=&#8221;4.9.4&#8243; _module_preset=&#8221;default&#8221; header_3_text_color=&#8221;#3796aa&#8221; text_orientation=&#8221;center&#8221; custom_padding=&#8221;||15px||false|false&#8221; border_style_all=&#8221;none&#8221; [&hellip;]","og_url":"https:\/\/www.les-sablons.com\/nl\/les-mobilhomes\/les-mobilhomes-luxes-disponibilites\/","og_site_name":"Camping ***** les Sablons","article_modified_time":"2024-10-02T11:42:51+00:00","twitter_card":"summary_large_image","twitter_misc":{"Geschatte leestijd":"1 minuut"},"schema":{"@context":"https:\/\/schema.org","@graph":[{"@type":"WebPage","@id":"https:\/\/www.les-sablons.com\/nl\/les-mobilhomes\/les-mobilhomes-luxes-disponibilites\/","url":"https:\/\/www.les-sablons.com\/nl\/les-mobilhomes\/les-mobilhomes-luxes-disponibilites\/","name":"Les mobilhomes Luxes disponibilit\u00e9s - Camping ***** les Sablons","isPartOf":{"@id":"https:\/\/www.les-sablons.com\/nl\/#website"},"datePublished":"2024-09-25T11:42:55+00:00","dateModified":"2024-10-02T11:42:51+00:00","breadcrumb":{"@id":"https:\/\/www.les-sablons.com\/nl\/les-mobilhomes\/les-mobilhomes-luxes-disponibilites\/#breadcrumb"},"inLanguage":"nl-NL","potentialAction":[{"@type":"ReadAction","target":["https:\/\/www.les-sablons.com\/nl\/les-mobilhomes\/les-mobilhomes-luxes-disponibilites\/"]}]},{"@type":"BreadcrumbList","@id":"https:\/\/www.les-sablons.com\/nl\/les-mobilhomes\/les-mobilhomes-luxes-disponibilites\/#breadcrumb","itemListElement":[{"@type":"ListItem","position":1,"name":"Accueil","item":"https:\/\/www.les-sablons.com\/nl\/"},{"@type":"ListItem","position":2,"name":"2024 Les mobilhomes Luxes","item":"https:\/\/www.les-sablons.com\/nl\/les-mobilhomes\/"},{"@type":"ListItem","position":3,"name":"Les mobilhomes Luxes disponibilit\u00e9s"}]},{"@type":"WebSite","@id":"https:\/\/www.les-sablons.com\/nl\/#website","url":"https:\/\/www.les-sablons.com\/nl\/","name":"Camping ***** les Sablons","description":"les Sablons \u00e0 Portiragnes-Plage, bord de mer M\u00e9diterran\u00e9e, proche Cap d&#039;Agde, Languedoc Roussillon","potentialAction":[{"@type":"SearchAction","target":{"@type":"EntryPoint","urlTemplate":"https:\/\/www.les-sablons.com\/nl\/?s={search_term_string}"},"query-input":"required name=search_term_string"}],"inLanguage":"nl-NL"}]}},"_links":{"self":[{"href":"https:\/\/www.les-sablons.com\/nl\/wp-json\/wp\/v2\/pages\/33050"}],"collection":[{"href":"https:\/\/www.les-sablons.com\/nl\/wp-json\/wp\/v2\/pages"}],"about":[{"href":"https:\/\/www.les-sablons.com\/nl\/wp-json\/wp\/v2\/types\/page"}],"author":[{"embeddable":true,"href":"https:\/\/www.les-sablons.com\/nl\/wp-json\/wp\/v2\/users\/1"}],"replies":[{"embeddable":true,"href":"https:\/\/www.les-sablons.com\/nl\/wp-json\/wp\/v2\/comments?post=33050"}],"version-history":[{"count":0,"href":"https:\/\/www.les-sablons.com\/nl\/wp-json\/wp\/v2\/pages\/33050\/revisions"}],"up":[{"embeddable":true,"href":"https:\/\/www.les-sablons.com\/nl\/wp-json\/wp\/v2\/pages\/33047"}],"wp:attachment":[{"href":"https:\/\/www.les-sablons.com\/nl\/wp-json\/wp\/v2\/media?parent=33050"}],"curies":[{"name":"wp","href":"https:\/\/api.w.org\/{rel}","templated":true}]}}