{"id":13360,"date":"2021-06-20T15:41:52","date_gmt":"2021-06-20T15:41:52","guid":{"rendered":"https:\/\/www.les-sablons.com\/?page_id=13360"},"modified":"2025-07-29T17:11:43","modified_gmt":"2025-07-29T17:11:43","slug":"onze-ecologische-benaderingen","status":"publish","type":"page","link":"https:\/\/www.les-sablons.com\/nl\/onze-ecologische-benaderingen\/","title":{"rendered":"ONZE ECOLOGISCHE BENADERINGEN"},"content":{"rendered":"<p>[et_pb_section fb_built=&#8221;1&#8243; admin_label=&#8221;Hero Section&#8221; module_class=&#8221;imageParrallax-heroSection&#8221; _builder_version=&#8221;4.9.4&#8243; _module_preset=&#8221;default&#8221; background_image=&#8221;https:\/\/www.les-sablons.com\/wp-content\/uploads\/2023\/11\/2023-SABLONS\u00a9perma.jpg&#8221; parallax=&#8221;on&#8221; custom_padding=&#8221;0px||0px||true|false&#8221; custom_css_main_element=&#8221;padding:0 !important;&#8221; custom_css_after=&#8221;content:%22%22;||display: block;||height: 100%;||width: 100%;||background-color: rgba(3, 34, 27, 0.5);||position: absolute;||top: 0;&#8221; locked=&#8221;off&#8221;][et_pb_row column_structure=&#8221;3_5,2_5&#8243; make_equal=&#8221;on&#8221; admin_label=&#8221;Hero-block&#8221; module_class=&#8221;imageParrallax-heroSection__block&#8221; _builder_version=&#8221;4.9.4&#8243; _module_preset=&#8221;default&#8221; width=&#8221;100%&#8221; max_width=&#8221;1300px&#8221; min_height=&#8221;90vh&#8221; min_height_tablet=&#8221;&#8221; min_height_phone=&#8221;80vh&#8221; min_height_last_edited=&#8221;on|phone&#8221; custom_margin=&#8221;0px||0px||true|false&#8221; custom_padding=&#8221;0px|15px|0px|15px|true|true&#8221; custom_css_main_element=&#8221;display:flex;||align-items:center;&#8221; custom_css_main_element_last_edited=&#8221;on|desktop&#8221; custom_css_main_element_phone=&#8221;flex-direction:column-reverse;&#8221;][et_pb_column type=&#8221;3_5&#8243; _builder_version=&#8221;4.9.4&#8243; _module_preset=&#8221;default&#8221; custom_padding=&#8221;100px||100px||true|false&#8221; custom_css_main_element_last_edited=&#8221;off|phone&#8221;][et_pb_blurb title=&#8221;<span>Onze ecologische benaderingen<\/span>%22De aarde is geen erfenis, maar een erfgoed dat we doorgeven.%22&#8243; content_max_width=&#8221;100%&#8221; module_class=&#8221;text-withSpan-block&#8221; _builder_version=&#8221;4.9.4&#8243; _module_preset=&#8221;default&#8221; header_level=&#8221;h1&#8243; header_font=&#8221;|800||on|||||&#8221; header_text_color=&#8221;#FFFFFF&#8221; header_font_size=&#8221;40px&#8221; header_line_height=&#8221;1.1em&#8221; body_text_color=&#8221;#d8d8d8&#8243; body_font_size=&#8221;18px&#8221; body_line_height=&#8221;1.5rem&#8221; header_font_size_tablet=&#8221;30px&#8221; header_font_size_phone=&#8221;25px&#8221; header_font_size_last_edited=&#8221;on|desktop&#8221; body_font_size_tablet=&#8221;&#8221; body_font_size_phone=&#8221;16px&#8221; body_font_size_last_edited=&#8221;on|phone&#8221;][\/et_pb_blurb][et_pb_button button_url=&#8221;https:\/\/www.les-sablons.com\/wp-content\/uploads\/2024\/06\/2024-politique-charte-environnementale_v4.pdf&#8221; url_new_window=&#8221;on&#8221; button_text=&#8221;Meer informatie&#8221; button_alignment=&#8221;left&#8221; disabled_on=&#8221;off|off|off&#8221; admin_label=&#8221;Politique Environnementale&#8221; _builder_version=&#8221;4.9.4&#8243; _module_preset=&#8221;default&#8221; custom_button=&#8221;on&#8221; button_text_size=&#8221;15px&#8221; button_bg_color=&#8221;#96c896&#8243; button_border_width=&#8221;0px&#8221; button_icon=&#8221;%%20%%&#8221; button_icon_color=&#8221;#FFFFFF&#8221; button_on_hover=&#8221;off&#8221; z_index=&#8221;0&#8243; background_layout=&#8221;dark&#8221; custom_padding=&#8221;10px|20px|10px|20px|true|true&#8221; locked=&#8221;off&#8221; custom_css_main_element_last_edited=&#8221;on|phone&#8221; custom_css_main_element_phone=&#8221;font-size:1.1rem !important;&#8221;][\/et_pb_button][\/et_pb_column][et_pb_column type=&#8221;2_5&#8243; _builder_version=&#8221;4.9.4&#8243; _module_preset=&#8221;default&#8221;][et_pb_image src=&#8221;https:\/\/www.les-sablons.com\/wp-content\/uploads\/2025\/07\/logo_carrebleu_site-1-315&#215;340.png&#8221; title_text=&#8221;logo_carrebleu_site-1&#8243; disabled_on=&#8221;on|on|on&#8221; admin_label=&#8221;logo &#8221; module_class=&#8221;imageParrallax-heroSection__logo&#8221; _builder_version=&#8221;4.9.4&#8243; _module_preset=&#8221;default&#8221; filter_brightness=&#8221;0%&#8221; filter_invert=&#8221;100%&#8221; custom_css_main_element=&#8221;max-width: 250px;||margin: 30px auto !important;||&#8221; disabled=&#8221;on&#8221; locked=&#8221;off&#8221;][\/et_pb_image][\/et_pb_column][\/et_pb_row][\/et_pb_section][et_pb_section fb_built=&#8221;1&#8243; _builder_version=&#8221;4.9.4&#8243; _module_preset=&#8221;default&#8221; background_color=&#8221;#f7f2ec&#8221; custom_padding=&#8221;|15px||15px|false|true&#8221; locked=&#8221;off&#8221;][et_pb_row column_structure=&#8221;1_3,1_3,1_3&#8243; use_custom_gutter=&#8221;on&#8221; gutter_width=&#8221;2&#8243; make_equal=&#8221;on&#8221; module_id=&#8221;block-reservation-setps&#8221; module_class=&#8221;block-reservation-setpsClass&#8221; _builder_version=&#8221;4.9.4&#8243; _module_preset=&#8221;default&#8221; width=&#8221;100%&#8221; max_width=&#8221;1280px&#8221;][et_pb_column type=&#8221;1_3&#8243; _builder_version=&#8221;4.9.4&#8243; _module_preset=&#8221;default&#8221;][et_pb_blurb title=&#8221;Biodiversiteit&#8221; url=&#8221;#biodiversiteit&#8221; image=&#8221;https:\/\/www.les-sablons.com\/wp-content\/uploads\/2021\/09\/MINI-FERME-2020-3-1024&#215;682.jpg&#8221; icon_alignment=&#8221;left&#8221; _builder_version=&#8221;4.9.4&#8243; _module_preset=&#8221;default&#8221; header_font=&#8221;|700|||||||&#8221; header_font_size=&#8221;20px&#8221; body_font_size=&#8221;15px&#8221; body_line_height=&#8221;1.5rem&#8221; custom_margin=&#8221;||25px||false|false&#8221; link_option_url=&#8221;#biodiversiteit&#8221; header_font_size_tablet=&#8221;&#8221; header_font_size_phone=&#8221;18px&#8221; header_font_size_last_edited=&#8221;on|phone&#8221; custom_css_blurb_title=&#8221;margin-bottom:10px;||letter-spacing: 0.025rem;&#8221;]We cre\u00ebren een ware oase van rust. Dankzij onze voetgangerszones[\/et_pb_blurb][\/et_pb_column][et_pb_column type=&#8221;1_3&#8243; _builder_version=&#8221;4.9.4&#8243; _module_preset=&#8221;default&#8221;][et_pb_blurb title=&#8221;Afvalrecycling&#8221; url=&#8221;#afvalrecycling&#8221; image=&#8221;https:\/\/www.les-sablons.com\/wp-content\/uploads\/2022\/09\/nettoyage-etang-1-1024&#215;683.png&#8221; icon_alignment=&#8221;left&#8221; _builder_version=&#8221;4.9.4&#8243; _module_preset=&#8221;default&#8221; header_font=&#8221;|700|||||||&#8221; header_font_size=&#8221;20px&#8221; body_font_size=&#8221;15px&#8221; body_line_height=&#8221;1.5rem&#8221; custom_margin=&#8221;||25px||false|false&#8221; link_option_url=&#8221;#afvalrecycling&#8221; header_font_size_tablet=&#8221;&#8221; header_font_size_phone=&#8221;18px&#8221; header_font_size_last_edited=&#8221;on|phone&#8221; custom_css_blurb_title=&#8221;margin-bottom:10px;||letter-spacing: 0.025rem;&#8221;]Verminder en recycleer ons afval en word u bewust van de noodzaak om onze impact op het milieu te minimaliseren.[\/et_pb_blurb][\/et_pb_column][et_pb_column type=&#8221;1_3&#8243; _builder_version=&#8221;4.9.4&#8243; _module_preset=&#8221;default&#8221;][et_pb_blurb title=&#8221;Waterbeheer&#8221; url=&#8221;#waterbeheer&#8221; image=&#8221;https:\/\/www.les-sablons.com\/wp-content\/uploads\/2020\/10\/Tente-Lodge-1270&#215;848-1-1024&#215;684.jpg&#8221; icon_alignment=&#8221;left&#8221; _builder_version=&#8221;4.9.4&#8243; _module_preset=&#8221;default&#8221; header_font=&#8221;|700|||||||&#8221; header_font_size=&#8221;20px&#8221; body_font_size=&#8221;15px&#8221; body_line_height=&#8221;1.5rem&#8221; custom_margin=&#8221;||25px||false|false&#8221; link_option_url=&#8221;#waterbeheer&#8221; header_font_size_tablet=&#8221;&#8221; header_font_size_phone=&#8221;18px&#8221; header_font_size_last_edited=&#8221;on|phone&#8221; custom_css_blurb_title=&#8221;margin-bottom:10px;||letter-spacing: 0.025rem;&#8221;]Onze acties om ons verbruik te beperken en deze hulpbron te behouden[\/et_pb_blurb][\/et_pb_column][\/et_pb_row][\/et_pb_section][et_pb_section fb_built=&#8221;1&#8243; custom_padding_last_edited=&#8221;on|tablet&#8221; _builder_version=&#8221;4.9.4&#8243; _module_preset=&#8221;default&#8221; custom_padding_tablet=&#8221;|15px||15px|false|true&#8221; custom_padding_phone=&#8221;|15px||15px|false|true&#8221; locked=&#8221;off&#8221;][et_pb_row column_structure=&#8221;3_5,2_5&#8243; use_custom_gutter=&#8221;on&#8221; make_equal=&#8221;on&#8221; custom_padding_last_edited=&#8221;on|tablet&#8221; module_class=&#8221;column-wth-pb&#8221; _builder_version=&#8221;4.9.4&#8243; _module_preset=&#8221;default&#8221; width=&#8221;100%&#8221; max_width=&#8221;1280px&#8221; custom_padding_tablet=&#8221;|15px||15px|false|true&#8221; custom_padding_phone=&#8221;&#8221; custom_css_main_element=&#8221;align-items:center;&#8221; custom_css_main_element_last_edited=&#8221;on|tablet&#8221; custom_css_main_element_tablet=&#8221;align-items:center;||flex-direction:column-reverse;||display:flex;||gap:20px;&#8221;][et_pb_column type=&#8221;3_5&#8243; _builder_version=&#8221;4.9.4&#8243; _module_preset=&#8221;default&#8221; custom_css_main_element_last_edited=&#8221;on|tablet&#8221; custom_css_main_element_tablet=&#8221;width:100% !important;&#8221;][et_pb_blurb title=&#8221;<span> Onze plicht<\/span> Ons natuurlijk erfgoed behouden en herstellen&#8221; icon_alignment=&#8221;left&#8221; content_max_width=&#8221;100%&#8221; module_id=&#8221;bloc-with-small-span&#8221; _builder_version=&#8221;4.9.4&#8243; _module_preset=&#8221;default&#8221; header_level=&#8221;h2&#8243; header_font=&#8221;|800|||||||&#8221; header_font_size=&#8221;30px&#8221; body_font_size=&#8221;0.95rem&#8221; module_alignment=&#8221;right&#8221; header_font_size_tablet=&#8221;&#8221; header_font_size_phone=&#8221;20px&#8221; header_font_size_last_edited=&#8221;on|phone&#8221; custom_css_main_element=&#8221;margin-bottom:25px !important;&#8221; custom_css_blurb_title=&#8221;line-height:1.2;||font-size:1.6rem;||margin-bottom:.9rem;&#8221;]Bij de camping Sun\u00ealia Les Sablons waarderen we de natuurlijke omgeving om ons heen. Wij genieten van 3 ecosystemen : De zee met een direkt toegang, de vijver die de natuurlijke habitat van een groot aantal vogels en het land met een rijke en gevarieerde vegetatie is.<\/p>\n<p>Elk van deze ecosystemen is van kritiek belang. Het is onze plicht ze te behouden en hun vroegere kracht en verscheidenheid te herstellen. Wij zijn voortdurend op zoek naar nieuwe oplossingen en investeren in de uitvoering daarvan. Om nog sneller te gaan, hebben we de hulp van onze klanten nodig, via eenvoudige alledaagse gebaren.[\/et_pb_blurb][et_pb_button button_url=&#8221;https:\/\/www.les-sablons.com\/wp-content\/uploads\/2024\/06\/2024-politique-charte-environnementale_v4.pdf&#8221; button_text=&#8221;Download ons milieubeleid&#8221; button_alignment=&#8221;left&#8221; _builder_version=&#8221;4.9.4&#8243; _module_preset=&#8221;default&#8221; custom_button=&#8221;on&#8221; button_text_size=&#8221;15px&#8221; button_bg_color=&#8221;#96c896&#8243; button_border_width=&#8221;0px&#8221; button_icon=&#8221;%%20%%&#8221; button_icon_color=&#8221;#FFFFFF&#8221; button_on_hover=&#8221;off&#8221; background_layout=&#8221;dark&#8221; custom_padding=&#8221;10px|20px|10px|20px|true|true&#8221; locked=&#8221;off&#8221; custom_css_main_element_last_edited=&#8221;on|phone&#8221; custom_css_main_element_phone=&#8221;font-size:1.1rem !important;&#8221;][\/et_pb_button][\/et_pb_column][et_pb_column type=&#8221;2_5&#8243; disabled_on=&#8221;off|off|off&#8221; _builder_version=&#8221;4.9.4&#8243; _module_preset=&#8221;default&#8221; custom_css_main_element_last_edited=&#8221;on|phone&#8221; custom_css_main_element_tablet=&#8221;width:100% !!important;&#8221;][et_pb_image src=&#8221;https:\/\/www.les-sablons.com\/wp-content\/uploads\/2025\/07\/logo_charte_environnementale-1024&#215;855.jpg&#8221; title_text=&#8221;logo_charte_environnementale&#8221; module_class=&#8221;section_image_scaled&#8221; _builder_version=&#8221;4.9.4&#8243; _module_preset=&#8221;default&#8221; border_width_all=&#8221;1px&#8221; border_color_all=&#8221;#dedede&#8221; border_width_all_phone=&#8221;1px&#8221; border_width_all_last_edited=&#8221;off|desktop&#8221; custom_css_main_element_last_edited=&#8221;off|desktop&#8221;][\/et_pb_image][\/et_pb_column][\/et_pb_row][\/et_pb_section][et_pb_section fb_built=&#8221;1&#8243; _builder_version=&#8221;4.9.4&#8243; _module_preset=&#8221;default&#8221; background_color=&#8221;#205a65&#8243; collapsed=&#8221;off&#8221;][et_pb_row _builder_version=&#8221;4.9.4&#8243; _module_preset=&#8221;default&#8221;][et_pb_column type=&#8221;4_4&#8243; _builder_version=&#8221;4.9.4&#8243; _module_preset=&#8221;default&#8221;][et_pb_blurb title=&#8221;Water, een kostbare hulpbron&#8221; content_max_width=&#8221;640px&#8221; image_max_width_tablet=&#8221;&#8221; image_max_width_phone=&#8221;&#8221; image_max_width_last_edited=&#8221;on|phone&#8221; disabled_on=&#8221;off|off|off&#8221; admin_label=&#8221;L&#8217;eau, une ressource pr\u00e9cieuse&#8221; _builder_version=&#8221;4.9.4&#8243; _module_preset=&#8221;default&#8221; header_level=&#8221;h2&#8243; header_font=&#8221;|700|||||||&#8221; header_text_align=&#8221;center&#8221; header_text_color=&#8221;#FFFFFF&#8221; header_font_size=&#8221;40px&#8221; body_text_align=&#8221;center&#8221; body_font_size=&#8221;1.1rem&#8221; body_line_height=&#8221;1.5rem&#8221; header_font_size_tablet=&#8221;&#8221; header_font_size_phone=&#8221;25px&#8221; header_font_size_last_edited=&#8221;on|phone&#8221; body_font_size_tablet=&#8221;&#8221; body_font_size_phone=&#8221;14px&#8221; body_font_size_last_edited=&#8221;on|phone&#8221; custom_css_blurb_title=&#8221;margin-bottom:25px;&#8221;][\/et_pb_blurb][et_pb_video src=&#8221;https:\/\/youtu.be\/HnPxoGxL2x4?feature=shared&#8221; image_src=&#8221;https:\/\/www.les-sablons.com\/wp-content\/uploads\/2025\/07\/lecteur-vid-bg-1.png&#8221; _builder_version=&#8221;4.9.4&#8243; _module_preset=&#8221;default&#8221; locked=&#8221;off&#8221;][\/et_pb_video][\/et_pb_column][\/et_pb_row][\/et_pb_section][et_pb_section fb_built=&#8221;1&#8243; admin_label=&#8221;Section-bio-diversite&#8221; module_id=&#8221;biodiversiteit&#8221; _builder_version=&#8221;4.9.4&#8243; _module_preset=&#8221;default&#8221; background_enable_image=&#8221;off&#8221; background_size=&#8221;contain&#8221; background_position=&#8221;top_left&#8221; min_height=&#8221;650px&#8221; min_height_tablet=&#8221;&#8221; min_height_phone=&#8221;&#8221; min_height_last_edited=&#8221;on|desktop&#8221; locked=&#8221;off&#8221; collapsed=&#8221;off&#8221;][et_pb_row column_structure=&#8221;1_2,1_2&#8243; use_custom_gutter=&#8221;on&#8221; gutter_width=&#8221;2&#8243; make_equal=&#8221;on&#8221; module_class=&#8221;small-fermer&#8221; _builder_version=&#8221;4.9.4&#8243; _module_preset=&#8221;default&#8221; background_enable_image=&#8221;off&#8221; background_position=&#8221;top_left&#8221; width=&#8221;100%&#8221; max_width=&#8221;1280px&#8221;][et_pb_column type=&#8221;1_2&#8243; _builder_version=&#8221;4.9.4&#8243; _module_preset=&#8221;default&#8221; background_enable_image=&#8221;off&#8221;][et_pb_image src=&#8221;https:\/\/www.les-sablons.com\/wp-content\/uploads\/2021\/05\/QUARTIER-CASA-66-1-1024&#215;682.jpg&#8221; title_text=&#8221;QUARTIER CASA-66 (1)&#8221; _builder_version=&#8221;4.9.4&#8243; _module_preset=&#8221;default&#8221; custom_padding_tablet=&#8221;&#8221; custom_padding_phone=&#8221;15px|15px|15px|15px|true|true&#8221; custom_padding_last_edited=&#8221;on|phone&#8221;][\/et_pb_image][\/et_pb_column][et_pb_column type=&#8221;1_2&#8243; _builder_version=&#8221;4.9.4&#8243; _module_preset=&#8221;default&#8221;][et_pb_blurb title=&#8221;<span>Onze verbintenissen<\/span>De biodiversiteit van de camping&#8221; content_max_width=&#8221;100%&#8221; module_class=&#8221;small-fermer-resume&#8221; _builder_version=&#8221;4.9.4&#8243; _module_preset=&#8221;default&#8221; header_level=&#8221;h2&#8243; header_font=&#8221;|800||on|||||&#8221; header_text_color=&#8221;#000000&#8243; header_font_size=&#8221;2rem&#8221; header_line_height=&#8221;2.5rem&#8221; body_font_size=&#8221;1rem&#8221; body_line_height=&#8221;1.5rem&#8221; custom_padding_tablet=&#8221;&#8221; custom_padding_phone=&#8221;15px|15px|15px|15px|true|true&#8221; custom_padding_last_edited=&#8221;on|phone&#8221; header_font_size_tablet=&#8221;&#8221; header_font_size_phone=&#8221;1.5rem&#8221; header_font_size_last_edited=&#8221;on|phone&#8221; body_font_size_tablet=&#8221;&#8221; body_font_size_phone=&#8221;&#8221; body_font_size_last_edited=&#8221;on|phone&#8221; custom_css_blurb_title=&#8221;margin-bottom:1.2rem;&#8221;]Onze camping Sun\u00ealia les Sablons geniet van een mediterrane vegetatie. Sinds de aanleg van onze voetgangerszones hebben wij een groot aantal soorten herbeplant die aan ons klimaat zijn aangepast.[\/et_pb_blurb][et_pb_accordion closed_toggle_text_color=&#8221;#000000&#8243; closed_toggle_background_color=&#8221;#FFFFFF&#8221; icon_color=&#8221;#3796aa&#8221; use_icon_font_size=&#8221;on&#8221; icon_font_size=&#8221;20px&#8221; admin_label=&#8221;ACTIONS&#8221; module_class=&#8221;custom-toggle-element&#8221; _builder_version=&#8221;4.9.4&#8243; _module_preset=&#8221;default&#8221; toggle_text_color=&#8221;#3f3f3f&#8221; toggle_font=&#8221;|700|||||||&#8221; closed_toggle_font=&#8221;|700|||||||&#8221; hover_enabled=&#8221;0&#8243; custom_css_toggle=&#8221;padding:0;&#8221; custom_css_toggle_title=&#8221;background:white;||padding:20px;||border: 1px solid #E3E3E3;&#8221; custom_css_toggle_icon=&#8221;right:20px;&#8221; custom_css_toggle_content=&#8221;padding:20px;||border: 1px solid #E3E3E3;||border-top: 0;||&#8221; border_color_all=&#8221;RGBA(0,0,0,0)&#8221; locked=&#8221;off&#8221; sticky_enabled=&#8221;0&#8243;][et_pb_accordion_item title=&#8221;Onze acties&#8221; open=&#8221;on&#8221; _builder_version=&#8221;4.9.4&#8243; _module_preset=&#8221;default&#8221;]<\/p>\n<ul class=\"ul-list-arrow\">\n<li>Creatie van autovrije en groene district<\/li>\n<li>Lijst van planten en vogels aanwezig op de camping\n<\/li>\n<li>Het opzetten van een permacultuur ruimte en lesworkshop\n<\/li>\n<li>Kleine boerderij\n<\/li>\n<\/ul>\n<p>[\/et_pb_accordion_item][et_pb_accordion_item title=&#8221;Uw acties&#8221; _builder_version=&#8221;4.9.4&#8243; _module_preset=&#8221;default&#8221; hover_enabled=&#8221;0&#8243; open=&#8221;off&#8221; sticky_enabled=&#8221;0&#8243;]<\/p>\n<ul class=\"ul-list-arrow\">\n<li>Behoud van het ecosysteem door alleen op bestaande paden te lopen<\/li>\n<li>Liever fietsen of wandelen voor korte uitsapjes<\/li>\n<\/ul>\n<p>[\/et_pb_accordion_item][\/et_pb_accordion][\/et_pb_column][\/et_pb_row][\/et_pb_section][et_pb_section fb_built=&#8221;1&#8243; admin_label=&#8221;Section &#8211; recyclage-dechets&#8221; module_id=&#8221;afvalrecycling&#8221; _builder_version=&#8221;4.9.4&#8243; _module_preset=&#8221;default&#8221; background_color=&#8221;#f7f2ec&#8221; locked=&#8221;off&#8221; collapsed=&#8221;off&#8221;][et_pb_row column_structure=&#8221;1_2,1_2&#8243; use_custom_gutter=&#8221;on&#8221; gutter_width=&#8221;1&#8243; make_equal=&#8221;on&#8221; _builder_version=&#8221;4.9.4&#8243; _module_preset=&#8221;default&#8221; width=&#8221;100%&#8221; max_width=&#8221;1280px&#8221; custom_css_main_element=&#8221;align-items:center;&#8221; custom_css_main_element_last_edited=&#8221;on|desktop&#8221;][et_pb_column type=&#8221;1_2&#8243; _builder_version=&#8221;4.9.4&#8243; _module_preset=&#8221;default&#8221;][et_pb_blurb title=&#8221;<span> Onze verbintenissen<\/span> Afvalrecycling&#8221; content_max_width=&#8221;100%&#8221; content_max_width_tablet=&#8221;940px&#8221; content_max_width_phone=&#8221;100%&#8221; content_max_width_last_edited=&#8221;on|tablet&#8221; module_class=&#8221;text-withSpan-block&#8221; _builder_version=&#8221;4.9.4&#8243; _module_preset=&#8221;default&#8221; header_level=&#8221;h2&#8243; header_font=&#8221;|800||on|||||&#8221; header_text_align=&#8221;left&#8221; header_font_size=&#8221;2rem&#8221; header_line_height=&#8221;2.5rem&#8221; body_text_align=&#8221;left&#8221; body_font_size=&#8221;1rem&#8221; body_line_height=&#8221;1.7rem&#8221; custom_padding_tablet=&#8221;|20px||20px|false|true&#8221; custom_padding_phone=&#8221;15px|15px|15px|15px|false|false&#8221; custom_padding_last_edited=&#8221;on|tablet&#8221; header_font_size_tablet=&#8221;&#8221; header_font_size_phone=&#8221;1.5rem&#8221; header_font_size_last_edited=&#8221;on|phone&#8221; custom_css_blurb_title=&#8221;margin-bottom:25px;&#8221; locked=&#8221;off&#8221;]Al onze afdelingen zijn zich bewust van afvalbeheer om afval te verminderen en te recycleren. Van groen tot catering, we willen onze impact blijven beperken.[\/et_pb_blurb][et_pb_accordion closed_toggle_text_color=&#8221;#000000&#8243; closed_toggle_background_color=&#8221;#FFFFFF&#8221; icon_color=&#8221;#3796aa&#8221; use_icon_font_size=&#8221;on&#8221; icon_font_size=&#8221;20px&#8221; admin_label=&#8221;ACTIONS&#8221; module_class=&#8221;custom-toggle-element&#8221; _builder_version=&#8221;4.9.4&#8243; _module_preset=&#8221;default&#8221; toggle_text_color=&#8221;#3f3f3f&#8221; toggle_font=&#8221;|700|||||||&#8221; closed_toggle_font=&#8221;|700|||||||&#8221; custom_css_toggle=&#8221;padding:0;&#8221; custom_css_toggle_title=&#8221;background:white;||padding:20px;&#8221; custom_css_toggle_icon=&#8221;right:20px;&#8221; custom_css_toggle_content=&#8221;padding:20px;&#8221; border_color_all=&#8221;RGBA(0,0,0,0)&#8221; locked=&#8221;off&#8221;][et_pb_accordion_item title=&#8221;Onze acties&#8221; open=&#8221;on&#8221; _builder_version=&#8221;4.9.4&#8243; _module_preset=&#8221;default&#8221;]<\/p>\n<ul class=\"ul-list-arrow\">\n<li>Compost voor bodemverrijking<\/li>\n<li>De permacultuurruimte verrijken met bio-afval<\/li>\n<li>Sorteren van bio-afval om de dieren van de miniboerderij te voeden<\/li>\n<li>Recyclage bakken<\/li>\n<\/ul>\n<p>[\/et_pb_accordion_item][et_pb_accordion_item title=&#8221;Uw acties&#8221; _builder_version=&#8221;4.9.4&#8243; _module_preset=&#8221;default&#8221; open=&#8221;off&#8221;]<\/p>\n<ul class=\"ul-list-arrow\">\n<li>Gebruik de containers op de kaart om te recycleren\n<\/li>\n<li>Gebruik de vuilnisbakken en asbakken voor uw sigarettenpeuken\n<\/li>\n<\/ul>\n<p>[\/et_pb_accordion_item][\/et_pb_accordion][\/et_pb_column][et_pb_column type=&#8221;1_2&#8243; _builder_version=&#8221;4.9.4&#8243; _module_preset=&#8221;default&#8221; custom_padding=&#8221;|||3%|false|false&#8221; custom_padding_tablet=&#8221;&#8221; custom_padding_phone=&#8221;|0px||0px|false|false&#8221; custom_padding_last_edited=&#8221;on|desktop&#8221;][et_pb_image src=&#8221;https:\/\/www.les-sablons.com\/wp-content\/uploads\/2021\/03\/MINI-FERME-11-1024&#215;683.jpg&#8221; title_text=&#8221;MINI-FERME-11&#8243; module_class=&#8221;section_image_scaled&#8221; _builder_version=&#8221;4.9.4&#8243; _module_preset=&#8221;default&#8221; min_height=&#8221;100%&#8221; custom_padding=&#8221;|15px||15px|false|true&#8221; animation_direction=&#8221;bottom&#8221; custom_css_main_element=&#8221;height:100%;&#8221; locked=&#8221;off&#8221;][\/et_pb_image][\/et_pb_column][\/et_pb_row][\/et_pb_section][et_pb_section fb_built=&#8221;1&#8243; admin_label=&#8221;Section gestion-de-leau&#8221; module_id=&#8221;gestion-de-leau&#8221; _builder_version=&#8221;4.9.4&#8243; _module_preset=&#8221;default&#8221; background_enable_image=&#8221;off&#8221; background_size=&#8221;contain&#8221; background_position=&#8221;top_left&#8221; min_height=&#8221;650px&#8221; min_height_tablet=&#8221;&#8221; min_height_phone=&#8221;&#8221; min_height_last_edited=&#8221;on|desktop&#8221; locked=&#8221;off&#8221; collapsed=&#8221;off&#8221;][et_pb_row column_structure=&#8221;1_2,1_2&#8243; use_custom_gutter=&#8221;on&#8221; gutter_width=&#8221;2&#8243; make_equal=&#8221;on&#8221; module_class=&#8221;small-fermer&#8221; _builder_version=&#8221;4.9.4&#8243; _module_preset=&#8221;default&#8221; background_enable_image=&#8221;off&#8221; background_position=&#8221;top_left&#8221; width=&#8221;100%&#8221; max_width=&#8221;1280px&#8221;][et_pb_column type=&#8221;1_2&#8243; _builder_version=&#8221;4.9.4&#8243; _module_preset=&#8221;default&#8221; background_enable_image=&#8221;off&#8221;][et_pb_image src=&#8221;https:\/\/www.les-sablons.com\/wp-content\/uploads\/2020\/08\/Tente-Lodge-2-1024&#215;683.jpg&#8221; title_text=&#8221;Tente Lodge&#8221; _builder_version=&#8221;4.9.4&#8243; _module_preset=&#8221;default&#8221; custom_padding_tablet=&#8221;&#8221; custom_padding_phone=&#8221;15px|15px|15px|15px|true|true&#8221; custom_padding_last_edited=&#8221;on|phone&#8221;][\/et_pb_image][\/et_pb_column][et_pb_column type=&#8221;1_2&#8243; _builder_version=&#8221;4.9.4&#8243; _module_preset=&#8221;default&#8221;][et_pb_blurb title=&#8221;<span>Onze verbintenissen<\/span>Onze waterhuishouding&#8221; content_max_width=&#8221;100%&#8221; module_class=&#8221;small-fermer-resume&#8221; _builder_version=&#8221;4.9.4&#8243; _module_preset=&#8221;default&#8221; header_level=&#8221;h2&#8243; header_font=&#8221;|800||on|||||&#8221; header_text_color=&#8221;#000000&#8243; header_font_size=&#8221;2rem&#8221; header_line_height=&#8221;2.5rem&#8221; body_font_size=&#8221;1rem&#8221; body_line_height=&#8221;1.5rem&#8221; custom_padding_tablet=&#8221;&#8221; custom_padding_phone=&#8221;15px|15px|15px|15px|true|true&#8221; custom_padding_last_edited=&#8221;on|phone&#8221; header_font_size_tablet=&#8221;&#8221; header_font_size_phone=&#8221;1.5rem&#8221; header_font_size_last_edited=&#8221;on|phone&#8221; body_font_size_tablet=&#8221;&#8221; body_font_size_phone=&#8221;&#8221; body_font_size_last_edited=&#8221;on|phone&#8221; custom_css_blurb_title=&#8221;margin-bottom:1.2rem;&#8221;]<\/p>\n<p style=\"font-size: 1.4rem;font-style:italic;line-height: 1.2;\">Onze camping Sun\u00ealia les Sablons ligt boven een watertafel van hoge kwaliteit.  <\/p>\n<p>Water is kostbaar en we blijven oplossingen te bieden om de consumptie ervan te beperken.<\/p>\n<p>[\/et_pb_blurb][et_pb_accordion closed_toggle_text_color=&#8221;#000000&#8243; closed_toggle_background_color=&#8221;#FFFFFF&#8221; icon_color=&#8221;#3796aa&#8221; use_icon_font_size=&#8221;on&#8221; icon_font_size=&#8221;20px&#8221; admin_label=&#8221;ACTIONS&#8221; module_class=&#8221;custom-toggle-element&#8221; _builder_version=&#8221;4.9.4&#8243; _module_preset=&#8221;default&#8221; toggle_text_color=&#8221;#3f3f3f&#8221; toggle_font=&#8221;|700|||||||&#8221; closed_toggle_font=&#8221;|700|||||||&#8221; custom_css_toggle=&#8221;padding:0;&#8221; custom_css_toggle_title=&#8221;background:white;||padding:20px;||border: 1px solid #E3E3E3;&#8221; custom_css_toggle_icon=&#8221;right:20px;&#8221; custom_css_toggle_content=&#8221;padding:20px;||border: 1px solid #E3E3E3;||border-top: 0;||&#8221; border_color_all=&#8221;RGBA(0,0,0,0)&#8221; locked=&#8221;off&#8221;][et_pb_accordion_item title=&#8221;Onze acties&#8221; open=&#8221;on&#8221; _builder_version=&#8221;4.9.4&#8243; _module_preset=&#8221;default&#8221;]<\/p>\n<ul class=\"ul-list-arrow\">\n<li>Vermindering van bewatering in onze voetgangerszones\n<\/li>\n<li>Recyclage van het zwembadwater\n<\/li>\n<li>Waterbesparende kranen\n<\/li>\n<li>Installatie van een sub-meter voor betere lekdetectie\n<\/li>\n<\/ul>\n<p>[\/et_pb_accordion_item][et_pb_accordion_item title=&#8221;Uw acties&#8221; _builder_version=&#8221;4.9.4&#8243; _module_preset=&#8221;default&#8221; open=&#8221;off&#8221;]<\/p>\n<ul class=\"ul-list-arrow\">\n<li>Water is kostbaar, bewaar het !<\/li>\n<li>Gebruik uw containers (glazen flessen\/kantines) bij de waterfonteinen\n<\/li>\n<\/ul>\n<p>[\/et_pb_accordion_item][\/et_pb_accordion][\/et_pb_column][\/et_pb_row][\/et_pb_section][et_pb_section fb_built=&#8221;1&#8243; module_class=&#8221;heb24_slide_sejour&#8221; _builder_version=&#8221;4.9.4&#8243; _module_preset=&#8221;default&#8221; background_color=&#8221;#f7f2ec&#8221; locked=&#8221;off&#8221;][et_pb_row _builder_version=&#8221;4.9.4&#8243; _module_preset=&#8221;default&#8221; width=&#8221;100%&#8221; max_width=&#8221;100%&#8221; module_alignment=&#8221;center&#8221;][et_pb_column type=&#8221;4_4&#8243; _builder_version=&#8221;4.9.4&#8243; _module_preset=&#8221;default&#8221;][et_pb_blurb title=&#8221;Onze aard, ons engagement&#8221; disabled_on=&#8221;off|off|off&#8221; _builder_version=&#8221;4.9.4&#8243; _module_preset=&#8221;default&#8221; header_level=&#8221;h3&#8243; header_font=&#8221;|700|||||||&#8221; header_text_align=&#8221;center&#8221; header_text_color=&#8221;#000000&#8243; header_font_size=&#8221;30px&#8221; body_text_align=&#8221;center&#8221; body_text_color=&#8221;#000000&#8243; body_font_size=&#8221;1rem&#8221; background_layout=&#8221;dark&#8221; custom_margin=&#8221;50px||||false|false&#8221; custom_margin_tablet=&#8221;&#8221; custom_margin_phone=&#8221;35px||||false|false&#8221; custom_margin_last_edited=&#8221;on|phone&#8221; header_font_size_tablet=&#8221;&#8221; header_font_size_phone=&#8221;20px&#8221; header_font_size_last_edited=&#8221;on|phone&#8221;]Zee, vijver en land: wij zetten ons in om deze met uw hulp te behouden en nieuw leven in te blazen.[\/et_pb_blurb][dnxte_coverflowslider_parent dnxte_coverflow_autoplay_show_hide=&#8221;off&#8221; dnxte_coverflow_loop=&#8221;on&#8221; dnxte_coverflow_centered_slides=&#8221;on&#8221; dnxte_coverflow_auto_height=&#8221;off&#8221; dnxte_coverflow_grab=&#8221;on&#8221; dnxte_coverflow_mousewheel_enable=&#8221;off&#8221; dnxte_coverflow_pagination_bullets=&#8221;off&#8221; dnxte_coverflow_dots_color=&#8221;#FFFFFF&#8221; dnxte_coverflow_dots_active_color=&#8221;#3796aa&#8221; _builder_version=&#8221;4.9.4&#8243; _module_preset=&#8221;default&#8221; border_width_all_image_border=&#8221;10px&#8221; border_color_all_image_border=&#8221;#FFFFFF&#8221;][dnxte_coverflowslider_child coverflowslider_image=&#8221;https:\/\/www.les-sablons.com\/wp-content\/uploads\/2022\/09\/permaculture-1024&#215;683.jpg&#8221; coverflowslider_alt=&#8221; &#8221; _builder_version=&#8221;4.9.4&#8243; _module_preset=&#8221;default&#8221;][\/dnxte_coverflowslider_child][dnxte_coverflowslider_child coverflowslider_image=&#8221;https:\/\/www.les-sablons.com\/wp-content\/uploads\/2022\/09\/permacutlture-1024&#215;683.png&#8221; coverflowslider_alt=&#8221; &#8221; _builder_version=&#8221;4.9.4&#8243; _module_preset=&#8221;default&#8221;][\/dnxte_coverflowslider_child][dnxte_coverflowslider_child coverflowslider_image=&#8221;https:\/\/www.les-sablons.com\/wp-content\/uploads\/2022\/09\/panneau-solaire-3-1024&#215;683.png&#8221; coverflowslider_alt=&#8221; &#8221; _builder_version=&#8221;4.9.4&#8243; _module_preset=&#8221;default&#8221;][\/dnxte_coverflowslider_child][dnxte_coverflowslider_child coverflowslider_image=&#8221;https:\/\/www.les-sablons.com\/wp-content\/uploads\/2021\/05\/BRF-1.jpg&#8221; coverflowslider_alt=&#8221; &#8221; _builder_version=&#8221;4.9.4&#8243; _module_preset=&#8221;default&#8221;][\/dnxte_coverflowslider_child][dnxte_coverflowslider_child coverflowslider_image=&#8221;https:\/\/www.les-sablons.com\/wp-content\/uploads\/2022\/08\/ARM3526-1024&#215;683.jpg&#8221; coverflowslider_alt=&#8221; &#8221; _builder_version=&#8221;4.9.4&#8243; _module_preset=&#8221;default&#8221;][\/dnxte_coverflowslider_child][dnxte_coverflowslider_child coverflowslider_image=&#8221;https:\/\/www.les-sablons.com\/wp-content\/uploads\/2022\/08\/ARM6348-1024&#215;683.jpg&#8221; coverflowslider_alt=&#8221; &#8221; _builder_version=&#8221;4.9.4&#8243; _module_preset=&#8221;default&#8221;][\/dnxte_coverflowslider_child][dnxte_coverflowslider_child coverflowslider_image=&#8221;https:\/\/www.les-sablons.com\/wp-content\/uploads\/2022\/09\/Espace-vert-1024&#215;683.png&#8221; coverflowslider_alt=&#8221; &#8221; _builder_version=&#8221;4.9.4&#8243; _module_preset=&#8221;default&#8221;][\/dnxte_coverflowslider_child][dnxte_coverflowslider_child coverflowslider_image=&#8221;https:\/\/www.les-sablons.com\/wp-content\/uploads\/2022\/07\/produits-permaculture-1024&#215;683.png&#8221; coverflowslider_alt=&#8221; &#8221; _builder_version=&#8221;4.9.4&#8243; _module_preset=&#8221;default&#8221;][\/dnxte_coverflowslider_child][\/dnxte_coverflowslider_parent][\/et_pb_column][\/et_pb_row][\/et_pb_section][et_pb_section fb_built=&#8221;1&#8243; module_class=&#8221;footer-widgets&#8221; _builder_version=&#8221;4.7.7&#8243; background_color=&#8221;#3796aa&#8221; custom_padding=&#8221;0px||10px||false|false&#8221; global_module=&#8221;8108&#8243; saved_tabs=&#8221;all&#8221; locked=&#8221;on&#8221; collapsed=&#8221;on&#8221;][et_pb_row column_structure=&#8221;1_3,1_3,1_3&#8243; use_custom_gutter=&#8221;on&#8221; gutter_width=&#8221;2&#8243; make_equal=&#8221;on&#8221; disabled_on=&#8221;on|on|off&#8221; module_class=&#8221;footer-infos&#8221; _builder_version=&#8221;4.2.2&#8243; width=&#8221;100%&#8221; width_tablet=&#8221;auto&#8221; width_phone=&#8221;auto&#8221; width_last_edited=&#8221;on|phone&#8221; max_width=&#8221;1235px&#8221; max_width_tablet=&#8221;none&#8221; max_width_phone=&#8221;none&#8221; max_width_last_edited=&#8221;on|phone&#8221; custom_padding=&#8221;||10px||false|false&#8221;][et_pb_column type=&#8221;1_3&#8243; _builder_version=&#8221;4.2.2&#8243; custom_padding=&#8221;|||20px|false|false&#8221; custom_padding_tablet=&#8221;|||0px|false|false&#8221; custom_padding_phone=&#8221;&#8221; custom_padding_last_edited=&#8221;on|desktop&#8221;][et_pb_blurb title=&#8221;Hotline 7\/7j&#8221; admin_label=&#8221;Hotline 7\/7j&#8221; _builder_version=&#8221;4.9.4&#8243; header_font=&#8221;|||on|||||&#8221; header_text_color=&#8221;#ffffff&#8221; body_text_color=&#8221;#ffffff&#8221;]<\/p>\n<p class=\"ls_footer_social_2\">Stel ons al uw vragen van 9.00 uur tot 18.00 uur.<\/p>\n<p><a href=\"tel:+33467909055\"><span style=\"color: #ffffff; font-size: 16px;\">+33 4 67 90 90 55<\/span><\/a><\/p>\n<p>[\/et_pb_blurb][\/et_pb_column][et_pb_column type=&#8221;1_3&#8243; _builder_version=&#8221;4.2.2&#8243;][et_pb_blurb title=&#8221;Volg ons&#8221; admin_label=&#8221;Volg ons&#8221; _builder_version=&#8221;4.7.7&#8243; header_font=&#8221;|||on|||||&#8221; header_text_color=&#8221;#ffffff&#8221; body_text_color=&#8221;#ffffff&#8221; custom_padding=&#8221;||0px||false|false&#8221; custom_css_main_element=&#8221;margin-bottom: 0 !important;&#8221;]<\/p>\n<p class=\"ls_footer_social\">Deel het kampeerleven met uw vrienden en familie<\/p>\n<p>[\/et_pb_blurb][et_pb_social_media_follow admin_label=&#8221;Follow us on social media&#8221; _builder_version=&#8221;4.7.7&#8243;][et_pb_social_media_follow_network social_network=&#8221;facebook&#8221; url=&#8221;https:\/\/www.facebook.com\/CampingClubLesSablons&#8221; icon_color=&#8221;#ffffff&#8221; _builder_version=&#8221;4.2.2&#8243; background_color=&#8221;rgba(59,89,152,0)&#8221; background_enable_color=&#8221;on&#8221;]facebook[\/et_pb_social_media_follow_network][et_pb_social_media_follow_network social_network=&#8221;pinterest&#8221; url=&#8221;https:\/\/www.pinterest.fr\/campingsablons\/&#8221; icon_color=&#8221;#ffffff&#8221; _builder_version=&#8221;4.2.2&#8243; background_color=&#8221;rgba(203,32,39,0)&#8221; background_enable_color=&#8221;on&#8221;]pinterest[\/et_pb_social_media_follow_network][et_pb_social_media_follow_network social_network=&#8221;youtube&#8221; url=&#8221;https:\/\/www.youtube.com\/channel\/UCJH1bcXs5nLomrHW-Efn-JA?feature=mhee&#8221; icon_color=&#8221;#ffffff&#8221; _builder_version=&#8221;4.2.2&#8243; background_color=&#8221;rgba(168,36,0,0)&#8221; background_enable_color=&#8221;on&#8221;]youtube[\/et_pb_social_media_follow_network][et_pb_social_media_follow_network social_network=&#8221;instagram&#8221; url=&#8221;https:\/\/www.instagram.com\/campinglessablons\/&#8221; icon_color=&#8221;#ffffff&#8221; _builder_version=&#8221;4.2.2&#8243; background_color=&#8221;rgba(10,4,1,0)&#8221; background_enable_color=&#8221;on&#8221;]instagram[\/et_pb_social_media_follow_network][\/et_pb_social_media_follow][\/et_pb_column][et_pb_column type=&#8221;1_3&#8243; _builder_version=&#8221;4.2.2&#8243;][et_pb_blurb title=&#8221;Nieuwsbrief&#8221; admin_label=&#8221;Nieuwsbrief&#8221; _builder_version=&#8221;4.7.7&#8243; header_font=&#8221;|||on|||||&#8221; header_text_color=&#8221;#ffffff&#8221; body_text_color=&#8221;#ffffff&#8221; custom_css_main_element=&#8221;margin-bottom: 0px !important;&#8221;]<\/p>\n<p>Ontvang nieuws en aanbiedingen van uw camping<\/p>\n<p>[\/et_pb_blurb][et_pb_code admin_label=&#8221;Code &#8211; Newsletter&#8221; _builder_version=&#8221;4.7.7&#8243; custom_margin=&#8221;-20px||||false|false&#8221;]<p><div class=\"tnp tnp-subscription \">\n<form method=\"post\" action=\"https:\/\/www.les-sablons.com\/nl\/?na=s\">\n\n<input type=\"hidden\" name=\"nlang\" value=\"nl\"><div class=\"tnp-field tnp-field-email\"><label for=\"tnp-1\">E-mail<\/label>\n<input class=\"tnp-email\" type=\"email\" name=\"ne\" id=\"tnp-1\" value=\"\" required><\/div>\n<div class=\"tnp-field tnp-field-button\"><input class=\"tnp-submit\" type=\"submit\" value=\"https:\/\/www.les-sablons.com\/wp-content\/uploads\/2020\/02\/send.png\" >\n<\/div>\n<\/form>\n<\/div>\n<\/p>[\/et_pb_code][\/et_pb_column][\/et_pb_row][et_pb_row disabled_on=&#8221;on|on|off&#8221; _builder_version=&#8221;4.2.2&#8243; width=&#8221;100%&#8221; width_tablet=&#8221;auto&#8221; width_phone=&#8221;auto&#8221; width_last_edited=&#8221;on|phone&#8221; max_width=&#8221;1235px&#8221; max_width_tablet=&#8221;none&#8221; max_width_phone=&#8221;none&#8221; max_width_last_edited=&#8221;on|phone&#8221; custom_margin=&#8221;0px||||false|false&#8221; custom_padding=&#8221;0px||0px||true|false&#8221;][et_pb_column type=&#8221;4_4&#8243; _builder_version=&#8221;4.2.2&#8243;][et_pb_divider color=&#8221;#333333&#8243; divider_position=&#8221;center&#8221; divider_weight=&#8221;1px&#8221; _builder_version=&#8221;4.7.7&#8243; module_alignment=&#8221;center&#8221; height=&#8221;1px&#8221;][\/et_pb_divider][et_pb_text _builder_version=&#8221;4.9.4&#8243; _module_preset=&#8221;default&#8221; text_font_size=&#8221;16px&#8221;]<\/p>\n<p style=\"text-align: center;\">* All of the photographs on our website and reservation platform are non-contractual *<\/p>\n<p>[\/et_pb_text][et_pb_divider color=&#8221;#333333&#8243; divider_position=&#8221;center&#8221; divider_weight=&#8221;1px&#8221; _builder_version=&#8221;4.7.7&#8243; module_alignment=&#8221;center&#8221; height=&#8221;1px&#8221;][\/et_pb_divider][\/et_pb_column][\/et_pb_row][et_pb_row column_structure=&#8221;2_3,1_3&#8243; use_custom_gutter=&#8221;on&#8221; gutter_width=&#8221;4&#8243; make_equal=&#8221;on&#8221; disabled_on=&#8221;on|on|off&#8221; module_class=&#8221;footer-recrutons&#8221; _builder_version=&#8221;4.2.2&#8243; width=&#8221;100%&#8221; width_tablet=&#8221;auto&#8221; width_phone=&#8221;auto&#8221; width_last_edited=&#8221;on|phone&#8221; max_width=&#8221;1235px&#8221; max_width_tablet=&#8221;none&#8221; max_width_phone=&#8221;none&#8221; max_width_last_edited=&#8221;on|phone&#8221;][et_pb_column type=&#8221;2_3&#8243; _builder_version=&#8221;4.2.2&#8243; custom_padding=&#8221;|||20px|false|false&#8221; custom_padding_tablet=&#8221;|||0px|false|false&#8221; custom_padding_phone=&#8221;&#8221; custom_padding_last_edited=&#8221;on|desktop&#8221;][et_pb_text admin_label=&#8221;Camping 5 \u00e9toiles Les Sablons&#8221; _builder_version=&#8221;4.9.4&#8243; text_text_color=&#8221;#ffffff&#8221; link_option_url=&#8221;https:\/\/www.google.fr\/maps\/place\/Camping+les+Sablons+5+%C3%A9toiles\/@43.2801167,3.3615559,17z\/data=!3m1!4b1!4m8!3m7!1s0x12b110cb8904248b:0xa4f1250526d3159!5m2!4m1!1i2!8m2!3d43.2801167!4d3.3637446&#8243; link_option_url_new_window=&#8221;on&#8221;]Camping 5 \u00e9toiles Les Sablons<br \/>\nAvenue des M\u00fbriers<br \/>\n34420 Portiragnes-Plage<br \/>\nFrance<\/p>\n<p><a href=\"https:\/\/qualite-tourisme-occitanie.fr\/\" target=\"_blank\" rel=\"noopener\"><img decoding=\"async\" class=\"qualite_tourisme alignleft wp-image-14179\" src=\"https:\/\/www.les-sablons.com\/wp-content\/uploads\/2020\/02\/logo-qualite\u0301-tourisme.png\" alt=\"\" width=\"125\" height=\"121\" \/><\/a><a href=\"https:\/\/www.laclefverte.org\/\" target=\"_blank\" rel=\"noopener\"><img decoding=\"async\" class=\"clef_verte alignleft wp-image-14179\" style=\"margin-left: 20px;\" src=\"https:\/\/www.les-sablons.com\/wp-content\/uploads\/2022\/02\/icone-clef-verte.svg\" width=\"100\" \/><\/a><\/p>\n<div id=\"e6444e82-8043-4eae-aa3f-6fcda8e3eab8\" class=\"avis-footer nl\"><\/div>\n<p><script async charset=\"utf-8\" src=\"https:\/\/widgets.rr.skeepers.io\/generated\/5b3aff52-4d28-bc94-d148-f1bf8652f4a2\/e6444e82-8043-4eae-aa3f-6fcda8e3eab8.js\"><\/script>[\/et_pb_text][et_pb_text disabled_on=&#8221;off|off|off&#8221; admin_label=&#8221;Bouton &#8211; Menu&#8221; _builder_version=&#8221;4.7.7&#8243; text_text_color=&#8221;#ffffff&#8221;]<\/p>\n<div class=\"footer-button\">\n<a href=\"\/plan-dacces\/\" class=\"learn_more\">ROUTE<\/a>\n<\/div>\n<div class=\"footer-button\">\n<a href=\"\/contact\/\" class=\"learn_more\">CONTACTEER ONS<\/a>\n<\/div>\n<div class=\"footer-button\">\n<a href=\"\/questions-frequentes\/\" class=\"learn_more\">F.A.Q<\/a>\n<\/div>\n<div class=\"footer-button\">\n<a href=\"https:\/\/thelisresa.webcamp.fr\/formulaire.php?camping=sablons&#038;lang=nl\" class=\"learn_more\">RESERVEREN<\/a>\n<\/div>\n<p>[\/et_pb_text][\/et_pb_column][et_pb_column type=&#8221;1_3&#8243; _builder_version=&#8221;4.2.2&#8243;][et_pb_blurb title=&#8221;We huren&#8221; admin_label=&#8221;We huren&#8221; _builder_version=&#8221;4.7.7&#8243; header_font=&#8221;|||on|||||&#8221; header_text_color=&#8221;#ffffff&#8221; body_text_color=&#8221;#ffffff&#8221; custom_css_main_element=&#8221;margin-bottom: 20px !important;&#8221;]Elk seizoen werft Camping Les Sablons nieuwe medewerkers aan voor verschillende diensten:<br \/>\nAnimatie, zwembad, bar, receptie, groen en onderhoud, onderhoud en schoonmaak en meer!<br \/>\nSchroom niet om te solliciteren voor een seizoenscontract of een stage[\/et_pb_blurb][et_pb_button button_url=&#8221;https:\/\/careers.werecruit.io\/fr\/camping-les-sablons&#8221; url_new_window=&#8221;on&#8221; button_text=&#8221;Toepassen&#8221; button_alignment=&#8221;left&#8221; button_alignment_tablet=&#8221;center&#8221; button_alignment_phone=&#8221;&#8221; button_alignment_last_edited=&#8221;on|tablet&#8221; admin_label=&#8221;Bouton &#8211; Postuler&#8221; _builder_version=&#8221;4.7.7&#8243; custom_button=&#8221;on&#8221; button_text_size=&#8221;12px&#8221; button_text_color=&#8221;#ffffff&#8221; button_border_width=&#8221;1px&#8221; button_border_color=&#8221;#ffffff&#8221; button_font=&#8221;|||on|||||&#8221; button_use_icon=&#8221;off&#8221; button_text_size__hover_enabled=&#8221;on|hover&#8221; button_bg_color__hover_enabled=&#8221;on|hover&#8221; button_text_color__hover_enabled=&#8221;on|hover&#8221; button_text_color__hover=&#8221;#40a8c5&#8243; button_bg_color__hover=&#8221;#ffffff&#8221; button_bg_enable_color__hover=&#8221;on&#8221; button_border_color__hover_enabled=&#8221;on|desktop&#8221; button_border_color__hover=&#8221;#ffffff&#8221;][\/et_pb_button][\/et_pb_column][\/et_pb_row][et_pb_row disabled_on=&#8221;on|on|off&#8221; _builder_version=&#8221;4.2.2&#8243; width=&#8221;100%&#8221; width_tablet=&#8221;auto&#8221; width_phone=&#8221;auto&#8221; width_last_edited=&#8221;on|phone&#8221; max_width=&#8221;1235px&#8221; max_width_tablet=&#8221;none&#8221; max_width_phone=&#8221;&#8221; max_width_last_edited=&#8221;on|phone&#8221; custom_margin=&#8221;0px||||false|false&#8221; custom_padding=&#8221;0px||0px||true|false&#8221;][et_pb_column type=&#8221;4_4&#8243; _builder_version=&#8221;4.2.2&#8243;][et_pb_divider color=&#8221;#333333&#8243; divider_position=&#8221;center&#8221; divider_weight=&#8221;1px&#8221; _builder_version=&#8221;4.7.7&#8243; module_alignment=&#8221;center&#8221; height=&#8221;1px&#8221;][\/et_pb_divider][\/et_pb_column][\/et_pb_row][et_pb_row disabled_on=&#8221;off|off|on&#8221; _builder_version=&#8221;4.2.2&#8243;][et_pb_column type=&#8221;4_4&#8243; _builder_version=&#8221;4.2.2&#8243;][et_pb_text _builder_version=&#8221;4.9.4&#8243; _module_preset=&#8221;default&#8221;]<\/p>\n<p style=\"text-align: center;\">* All of the photographs on our website and reservation platform are non-contractual *<\/p>\n<p>[\/et_pb_text][et_pb_blurb title=&#8221;Hotline 7\/7j&#8221; admin_label=&#8221;Hotline 7\/7j&#8221; module_class=&#8221;footer-info&#8221; _builder_version=&#8221;4.7.7&#8243; header_font=&#8221;|||on|||||&#8221; header_text_color=&#8221;#ffffff&#8221; body_text_color=&#8221;#ffffff&#8221; custom_css_main_element=&#8221;margin-bottom: 20px !important;&#8221;]Stel ons al uw vragen van 9.00 uur tot 19.00 uur.<br \/>\n<a href=\"tel:+33467909055\"><span style=\"color: #ffffff; font-size: 16px;\">+33 4 67 90 90 55<\/span><\/a>[\/et_pb_blurb][et_pb_divider color=&#8221;#9d1412&#8243; divider_position=&#8221;center&#8221; divider_weight=&#8221;1px&#8221; _builder_version=&#8221;4.2.2&#8243; module_alignment=&#8221;center&#8221; height=&#8221;1px&#8221;][\/et_pb_divider][et_pb_blurb title=&#8221;Nieuwsbrief&#8221; admin_label=&#8221;Nieuwsbrief&#8221; module_class=&#8221;footer-info&#8221; _builder_version=&#8221;4.7.7&#8243; header_font=&#8221;|||on|||||&#8221; header_text_color=&#8221;#ff4e1f&#8221; body_text_color=&#8221;#ffffff&#8221; custom_css_main_element=&#8221;margin-bottom: 0px !important;&#8221;]<\/p>\n<p>Ontvang nieuws en aanbiedingen van uw camping<\/p>\n<p>[\/et_pb_blurb][et_pb_code admin_label=&#8221;Code &#8211; Newsletter&#8221; _builder_version=&#8221;4.2.2&#8243; custom_margin=&#8221;-20px||||false|false&#8221;]<p><div class=\"tnp tnp-subscription \">\n<form method=\"post\" action=\"https:\/\/www.les-sablons.com\/nl\/?na=s\">\n\n<input type=\"hidden\" name=\"nlang\" value=\"nl\"><div class=\"tnp-field tnp-field-email\"><label for=\"tnp-3\">E-mail<\/label>\n<input class=\"tnp-email\" type=\"email\" name=\"ne\" id=\"tnp-3\" value=\"\" required><\/div>\n<div class=\"tnp-field tnp-field-button\"><input class=\"tnp-submit\" type=\"submit\" value=\"https:\/\/www.les-sablons.com\/wp-content\/uploads\/2020\/02\/send.png\" >\n<\/div>\n<\/form>\n<\/div>\n<\/p>[\/et_pb_code][et_pb_divider color=&#8221;#9d1412&#8243; divider_position=&#8221;center&#8221; divider_weight=&#8221;1px&#8221; _builder_version=&#8221;4.2.2&#8243; module_alignment=&#8221;center&#8221; height=&#8221;1px&#8221;][\/et_pb_divider][et_pb_blurb title=&#8221;We huren&#8221; admin_label=&#8221;We huren&#8221; module_class=&#8221;footer-info&#8221; _builder_version=&#8221;4.7.7&#8243; header_font=&#8221;|||on|||||&#8221; header_text_color=&#8221;#ff4e1f&#8221; body_text_color=&#8221;#ffffff&#8221; custom_css_main_element=&#8221;margin-bottom: 20px !important;&#8221;]Elk seizoen werft Camping Les Sablons nieuwe medewerkers aan voor verschillende diensten:<br \/>\nAnimatie, zwembad, bar, receptie, groen en onderhoud, onderhoud en schoonmaak en meer!<br \/>\nSchroom niet om te solliciteren voor een seizoenscontract of een stage[\/et_pb_blurb][et_pb_button button_url=&#8221;https:\/\/careers.werecruit.io\/fr\/camping-les-sablons&#8221; url_new_window=&#8221;on&#8221; button_text=&#8221;Toepassen&#8221; button_alignment=&#8221;left&#8221; button_alignment_tablet=&#8221;center&#8221; button_alignment_phone=&#8221;&#8221; button_alignment_last_edited=&#8221;on|tablet&#8221; admin_label=&#8221;Bouton &#8211; Postuler&#8221; _builder_version=&#8221;4.7.7&#8243; custom_button=&#8221;on&#8221; button_text_size=&#8221;12px&#8221; button_text_color=&#8221;#ffffff&#8221; button_border_width=&#8221;1px&#8221; button_border_color=&#8221;#ffffff&#8221; button_font=&#8221;|||on|||||&#8221; button_use_icon=&#8221;off&#8221; button_text_size__hover_enabled=&#8221;on|hover&#8221; button_bg_color__hover_enabled=&#8221;on|hover&#8221; button_text_color__hover_enabled=&#8221;on|desktop&#8221; button_text_color__hover=&#8221;#ffffff&#8221; button_bg_color__hover=&#8221;#eb1d1a&#8221; button_bg_enable_color__hover=&#8221;on&#8221; button_border_color__hover_enabled=&#8221;on|desktop&#8221; button_border_color__hover=&#8221;#eb1d1a&#8221;][\/et_pb_button][et_pb_divider color=&#8221;#9d1412&#8243; divider_position=&#8221;center&#8221; divider_weight=&#8221;1px&#8221; _builder_version=&#8221;4.2.2&#8243; module_alignment=&#8221;center&#8221; height=&#8221;1px&#8221;][\/et_pb_divider][et_pb_blurb title=&#8221;Volg ons&#8221; admin_label=&#8221;Volg ons&#8221; module_class=&#8221;footer-info&#8221; _builder_version=&#8221;4.7.7&#8243; header_font=&#8221;|||on|||||&#8221; header_text_color=&#8221;#ffffff&#8221; body_text_color=&#8221;#ffffff&#8221; custom_padding=&#8221;||0px||false|false&#8221; custom_css_main_element=&#8221;margin-bottom: 0 !important;&#8221;]<\/p>\n<p>Deel het kampeerleven met uw vrienden en familie<\/p>\n<p>[\/et_pb_blurb][et_pb_social_media_follow _builder_version=&#8221;4.7.7&#8243;][et_pb_social_media_follow_network social_network=&#8221;facebook&#8221; url=&#8221;https:\/\/www.facebook.com\/CampingClubLesSablons&#8221; icon_color=&#8221;#ffffff&#8221; _builder_version=&#8221;4.2.2&#8243; background_color=&#8221;rgba(59,89,152,0)&#8221; background_enable_color=&#8221;on&#8221;]facebook[\/et_pb_social_media_follow_network][et_pb_social_media_follow_network social_network=&#8221;pinterest&#8221; url=&#8221;https:\/\/www.pinterest.fr\/campingsablons\/&#8221; icon_color=&#8221;#ffffff&#8221; _builder_version=&#8221;4.2.2&#8243; background_color=&#8221;rgba(203,32,39,0)&#8221; background_enable_color=&#8221;on&#8221;]pinterest[\/et_pb_social_media_follow_network][et_pb_social_media_follow_network social_network=&#8221;youtube&#8221; url=&#8221;https:\/\/www.youtube.com\/channel\/UCJH1bcXs5nLomrHW-Efn-JA?feature=mhee&#8221; icon_color=&#8221;#ffffff&#8221; _builder_version=&#8221;4.2.2&#8243; background_color=&#8221;rgba(168,36,0,0)&#8221; background_enable_color=&#8221;on&#8221;]youtube[\/et_pb_social_media_follow_network][et_pb_social_media_follow_network social_network=&#8221;instagram&#8221; url=&#8221;https:\/\/www.instagram.com\/campinglessablons\/&#8221; icon_color=&#8221;#ffffff&#8221; _builder_version=&#8221;4.2.2&#8243; background_color=&#8221;rgba(10,4,1,0)&#8221; background_enable_color=&#8221;on&#8221;]instagram[\/et_pb_social_media_follow_network][\/et_pb_social_media_follow][et_pb_divider color=&#8221;#9d1412&#8243; divider_position=&#8221;center&#8221; divider_weight=&#8221;1px&#8221; _builder_version=&#8221;4.2.2&#8243; module_alignment=&#8221;center&#8221; height=&#8221;1px&#8221;][\/et_pb_divider][et_pb_text module_class=&#8221;footer-propos&#8221; _builder_version=&#8221;4.9.4&#8243; text_text_color=&#8221;#ffffff&#8221; text_orientation=&#8221;center&#8221; link_option_url=&#8221;https:\/\/www.google.fr\/maps\/place\/Camping+les+Sablons+5+%C3%A9toiles\/@43.2801167,3.3615559,17z\/data=!3m1!4b1!4m8!3m7!1s0x12b110cb8904248b:0xa4f1250526d3159!5m2!4m1!1i2!8m2!3d43.2801167!4d3.3637446&#8243; link_option_url_new_window=&#8221;on&#8221;]<\/p>\n<p>Camping 5 \u00e9toiles Les Sablons<br \/>Avenue des M\u00fbriers<br \/>34420 Portiragnes-Plage<br \/>France<br \/>\n<a href=\"https:\/\/qualite-tourisme-occitanie.fr\/\" target=\"_blank\" rel=\"noopener\"><img decoding=\"async\" class=\"qualite_tourisme alignleft wp-image-14179\" src=\"https:\/\/www.les-sablons.com\/wp-content\/uploads\/2024\/08\/logo-qualite-tourisme-3.png\" alt=\"\" width=\"100\"  \/><\/a><a href=\"https:\/\/www.laclefverte.org\/\" target=\"_blank\" rel=\"noopener\"><img decoding=\"async\" class=\"clef_verte alignleft wp-image-14179\" style=\"margin-left: 20px;\" src=\"https:\/\/www.les-sablons.com\/wp-content\/uploads\/2022\/02\/icone-clef-verte.svg\" width=\"80\" \/><\/a><span id=\"resp-avis\"><\/span>[\/et_pb_text][et_pb_divider color=&#8221;#9d1412&#8243; divider_position=&#8221;center&#8221; divider_weight=&#8221;1px&#8221; _builder_version=&#8221;4.9.4&#8243; module_alignment=&#8221;center&#8221; height=&#8221;1px&#8221; custom_margin=&#8221;140px||||false|false&#8221;][\/et_pb_divider][et_pb_text disabled_on=&#8221;off|off|off&#8221; admin_label=&#8221;Bouton &#8211; Menu&#8221; _builder_version=&#8221;4.7.7&#8243; text_text_color=&#8221;#ffffff&#8221;]<\/p>\n<div class=\"footer-button\"><a class=\"learn_more\" target=\"_blanke\" href=\"\/nl\/access-map\/\" rel=\"noopener\">ROUTE<\/a><\/div>\n<div class=\"footer-button\"><a class=\"learn_more\" target=\"_blanke\" href=\"\/contact\/\" rel=\"noopener\">CONTACTEER ONS<\/a><\/div>\n<div class=\"footer-button\"><a class=\"learn_more\" target=\"_blanke\" href=\"\/nl\/veelgestelde-vraag\/\" rel=\"noopener\">F.A.Q<\/a><\/div>\n<div class=\"footer-button\"><a class=\"learn_more\" target=\"_blanke\" href=\"https:\/\/thelisresa.webcamp.fr\/formulaire.php?camping=sablons&#038;lang=nl\" rel=\"noopener\">RESERVEREN<\/a><\/div>\n<p>[\/et_pb_text][\/et_pb_column][\/et_pb_row][\/et_pb_section]<\/p>\n","protected":false},"excerpt":{"rendered":"<p>[et_pb_section fb_built=&#8221;1&#8243; admin_label=&#8221;Hero Section&#8221; module_class=&#8221;imageParrallax-heroSection&#8221; _builder_version=&#8221;4.9.4&#8243; _module_preset=&#8221;default&#8221; background_image=&#8221;https:\/\/www.les-sablons.com\/wp-content\/uploads\/2023\/11\/2023-SABLONS\u00a9perma.jpg&#8221; parallax=&#8221;on&#8221; custom_padding=&#8221;0px||0px||true|false&#8221; custom_css_main_element=&#8221;padding:0 !important;&#8221; custom_css_after=&#8221;content:%22%22;||display: block;||height: 100%;||width: 100%;||background-color: rgba(3, 34, 27, 0.5);||position: absolute;||top: 0;&#8221; locked=&#8221;off&#8221;][et_pb_row column_structure=&#8221;3_5,2_5&#8243; make_equal=&#8221;on&#8221; admin_label=&#8221;Hero-block&#8221; module_class=&#8221;imageParrallax-heroSection__block&#8221; _builder_version=&#8221;4.9.4&#8243; _module_preset=&#8221;default&#8221; width=&#8221;100%&#8221; max_width=&#8221;1300px&#8221; min_height=&#8221;90vh&#8221; min_height_tablet=&#8221;&#8221; min_height_phone=&#8221;80vh&#8221; min_height_last_edited=&#8221;on|phone&#8221; custom_margin=&#8221;0px||0px||true|false&#8221; custom_padding=&#8221;0px|15px|0px|15px|true|true&#8221; custom_css_main_element=&#8221;display:flex;||align-items:center;&#8221; custom_css_main_element_last_edited=&#8221;on|desktop&#8221; custom_css_main_element_phone=&#8221;flex-direction:column-reverse;&#8221;][et_pb_column type=&#8221;3_5&#8243; _builder_version=&#8221;4.9.4&#8243; _module_preset=&#8221;default&#8221; custom_padding=&#8221;100px||100px||true|false&#8221; custom_css_main_element_last_edited=&#8221;off|phone&#8221;][et_pb_blurb title=&#8221;Onze ecologische benaderingen%22De aarde is geen erfenis, maar een erfgoed [&hellip;]<\/p>\n","protected":false},"author":12,"featured_media":0,"parent":0,"menu_order":0,"comment_status":"closed","ping_status":"closed","template":"","meta":{"_acf_changed":false,"_et_pb_use_builder":"on","_et_pb_old_content":"<p>[et_pb_section fb_built=\"1\" fullwidth=\"on\" module_class=\"ls_top_slide\" _builder_version=\"4.7.7\" _module_preset=\"default\"][et_pb_fullwidth_slider show_arrows=\"off\" show_pagination=\"off\" _builder_version=\"4.9.4\" _module_preset=\"default\" auto=\"on\"][et_pb_slide heading=\"NOS D\u00c9MARCHES \u00c9COLOGIQUES\" admin_title=\"LE CANAL DU MIDI\" _builder_version=\"4.9.4\" _module_preset=\"default\" background_image=\"https:\/\/www.les-sablons.com\/wp-content\/uploads\/2021\/05\/DOMAINE-VUE-GENERALE-2020-15-1.jpg\" background_enable_image=\"on\" sticky_transition=\"on\"][\/et_pb_slide][\/et_pb_fullwidth_slider][\/et_pb_section][et_pb_section fb_built=\"1\" _builder_version=\"4.3.2\" vertical_offset_tablet=\"0\" horizontal_offset_tablet=\"0\" custom_padding=\"||0px|\" z_index_tablet=\"0\" box_shadow_horizontal_tablet=\"0px\" box_shadow_vertical_tablet=\"0px\" box_shadow_blur_tablet=\"40px\" box_shadow_spread_tablet=\"0px\"][et_pb_row custom_padding_last_edited=\"on|desktop\" _builder_version=\"4.3.2\" custom_margin=\"||||false|false\" custom_padding=\"||||false|false\" custom_padding_tablet=\"||0px||false|false\" custom_padding_phone=\"\"][et_pb_column type=\"4_4\" _builder_version=\"4.3.2\"][et_pb_text admin_label=\"citation\" _builder_version=\"4.9.4\" header_2_font_size=\"30px\" vertical_offset_tablet=\"0\" horizontal_offset_tablet=\"0\" header_2_font_size_tablet=\"25px\" header_2_font_size_phone=\"\" header_2_font_size_last_edited=\"on|desktop\" z_index_tablet=\"0\" text_text_shadow_horizontal_length_tablet=\"0px\" text_text_shadow_vertical_length_tablet=\"0px\" text_text_shadow_blur_strength_tablet=\"1px\" link_text_shadow_horizontal_length_tablet=\"0px\" link_text_shadow_vertical_length_tablet=\"0px\" link_text_shadow_blur_strength_tablet=\"1px\" ul_text_shadow_horizontal_length_tablet=\"0px\" ul_text_shadow_vertical_length_tablet=\"0px\" ul_text_shadow_blur_strength_tablet=\"1px\" ol_text_shadow_horizontal_length_tablet=\"0px\" ol_text_shadow_vertical_length_tablet=\"0px\" ol_text_shadow_blur_strength_tablet=\"1px\" quote_text_shadow_horizontal_length_tablet=\"0px\" quote_text_shadow_vertical_length_tablet=\"0px\" quote_text_shadow_blur_strength_tablet=\"1px\" header_text_shadow_horizontal_length_tablet=\"0px\" header_text_shadow_vertical_length_tablet=\"0px\" header_text_shadow_blur_strength_tablet=\"1px\" header_2_text_shadow_horizontal_length_tablet=\"0px\" header_2_text_shadow_vertical_length_tablet=\"0px\" header_2_text_shadow_blur_strength_tablet=\"1px\" header_3_text_shadow_horizontal_length_tablet=\"0px\" header_3_text_shadow_vertical_length_tablet=\"0px\" header_3_text_shadow_blur_strength_tablet=\"1px\" header_4_text_shadow_horizontal_length_tablet=\"0px\" header_4_text_shadow_vertical_length_tablet=\"0px\" header_4_text_shadow_blur_strength_tablet=\"1px\" header_5_text_shadow_horizontal_length_tablet=\"0px\" header_5_text_shadow_vertical_length_tablet=\"0px\" header_5_text_shadow_blur_strength_tablet=\"1px\" header_6_text_shadow_horizontal_length_tablet=\"0px\" header_6_text_shadow_vertical_length_tablet=\"0px\" header_6_text_shadow_blur_strength_tablet=\"1px\" box_shadow_horizontal_tablet=\"0px\" box_shadow_vertical_tablet=\"0px\" box_shadow_blur_tablet=\"40px\" box_shadow_spread_tablet=\"0px\"]<\/p><h2 style=\"text-align: center;\"><b><i>\u00ab\u00a0La terre n\u2019est pas un h\u00e9ritage dont on dispose, mais un patrimoine que l\u2019on transmet.\u00a0\u00bb<\/i><\/b><\/h2><p>[\/et_pb_text][\/et_pb_column][\/et_pb_row][et_pb_row use_custom_gutter=\"on\" make_equal=\"on\" custom_padding_last_edited=\"on|desktop\" _builder_version=\"4.3.2\" vertical_offset_tablet=\"0\" horizontal_offset_tablet=\"0\" custom_padding_tablet=\"0px||||false|false\" custom_padding_phone=\"\" z_index_tablet=\"0\" box_shadow_horizontal_tablet=\"0px\" box_shadow_vertical_tablet=\"0px\" box_shadow_blur_tablet=\"40px\" box_shadow_spread_tablet=\"0px\"][et_pb_column type=\"4_4\" _builder_version=\"4.3.2\"][et_pb_text admin_label=\"texte\" _builder_version=\"4.9.4\" vertical_offset_tablet=\"0\" horizontal_offset_tablet=\"0\" text_orientation=\"justified\" z_index_tablet=\"0\" text_orientation_tablet=\"center\" text_orientation_phone=\"\" text_orientation_last_edited=\"on|tablet\" text_text_shadow_horizontal_length_tablet=\"0px\" text_text_shadow_vertical_length_tablet=\"0px\" text_text_shadow_blur_strength_tablet=\"1px\" link_text_shadow_horizontal_length_tablet=\"0px\" link_text_shadow_vertical_length_tablet=\"0px\" link_text_shadow_blur_strength_tablet=\"1px\" ul_text_shadow_horizontal_length_tablet=\"0px\" ul_text_shadow_vertical_length_tablet=\"0px\" ul_text_shadow_blur_strength_tablet=\"1px\" ol_text_shadow_horizontal_length_tablet=\"0px\" ol_text_shadow_vertical_length_tablet=\"0px\" ol_text_shadow_blur_strength_tablet=\"1px\" quote_text_shadow_horizontal_length_tablet=\"0px\" quote_text_shadow_vertical_length_tablet=\"0px\" quote_text_shadow_blur_strength_tablet=\"1px\" header_text_shadow_horizontal_length_tablet=\"0px\" header_text_shadow_vertical_length_tablet=\"0px\" header_text_shadow_blur_strength_tablet=\"1px\" header_2_text_shadow_horizontal_length_tablet=\"0px\" header_2_text_shadow_vertical_length_tablet=\"0px\" header_2_text_shadow_blur_strength_tablet=\"1px\" header_3_text_shadow_horizontal_length_tablet=\"0px\" header_3_text_shadow_vertical_length_tablet=\"0px\" header_3_text_shadow_blur_strength_tablet=\"1px\" header_4_text_shadow_horizontal_length_tablet=\"0px\" header_4_text_shadow_vertical_length_tablet=\"0px\" header_4_text_shadow_blur_strength_tablet=\"1px\" header_5_text_shadow_horizontal_length_tablet=\"0px\" header_5_text_shadow_vertical_length_tablet=\"0px\" header_5_text_shadow_blur_strength_tablet=\"1px\" header_6_text_shadow_horizontal_length_tablet=\"0px\" header_6_text_shadow_vertical_length_tablet=\"0px\" header_6_text_shadow_blur_strength_tablet=\"1px\" box_shadow_horizontal_tablet=\"0px\" box_shadow_vertical_tablet=\"0px\" box_shadow_blur_tablet=\"40px\" box_shadow_spread_tablet=\"0px\"]<\/p><p>Au camping Sun\u00ealia les Sablons, nous portons une grande importance \u00e0 la nature qui nous entoure. Nous b\u00e9n\u00e9ficions de 3 \u00e9cosyst\u00e8mes : la mer avec <a href=\"https:\/\/www.les-sablons.com\/camping-bord-de-mer-mediterranee\/\">acc\u00e8s direct<\/a>, l\u2019\u00e9tang qui est l\u2019habitat naturel pour un grand nombre d\u2019oiseaux et la terre avec une v\u00e9g\u00e9tation riche et vari\u00e9e.<\/p><p>Chacun de ces \u00e9cosyst\u00e8mes sont primordiaux. Nous avons pour devoir de les pr\u00e9server et de leur redonner leur force et diversit\u00e9 d\u2019antan. Nous travaillons continuellement pour trouver de nouvelles solutions et nous investissons dans leurs mises en place. Pour aller d'autant plus vite, nous avons besoin de l'aide de nos clients, gr\u00e2ce \u00e0 de simples gestes de la vie quotidienne.<\/p><p>[\/et_pb_text][\/et_pb_column][\/et_pb_row][\/et_pb_section][et_pb_section fb_built=\"1\" _builder_version=\"4.9.4\" _module_preset=\"default\" bottom_divider_style=\"arrow3\" bottom_divider_color=\"#96c896\"][et_pb_row column_structure=\"1_3,1_3,1_3\" use_custom_gutter=\"on\" gutter_width=\"4\" make_equal=\"on\" _builder_version=\"4.9.4\" _module_preset=\"default\" background_enable_color=\"off\" module_alignment=\"center\"][et_pb_column type=\"1_3\" _builder_version=\"4.9.4\" _module_preset=\"default\" background_enable_color=\"off\"][et_pb_button button_url=\"#biodiversite\" button_text=\"BIODIVERSIT\u00c9\" _builder_version=\"4.9.4\" _module_preset=\"default\" custom_padding=\"|20%||20%|false|false\" box_shadow_style=\"preset2\"][\/et_pb_button][\/et_pb_column][et_pb_column type=\"1_3\" _builder_version=\"4.9.4\" _module_preset=\"default\"][et_pb_button button_url=\"#eau\" button_text=\"EAU\" _builder_version=\"4.9.4\" _module_preset=\"default\" custom_padding=\"|33%||33%|false|false\" box_shadow_style=\"preset2\"][\/et_pb_button][\/et_pb_column][et_pb_column type=\"1_3\" _builder_version=\"4.9.4\" _module_preset=\"default\"][et_pb_button button_url=\"#recyclage\" button_text=\"RECYCLAGE\" _builder_version=\"4.9.4\" _module_preset=\"default\" custom_padding=\"|22%||22%|false|false\" box_shadow_style=\"preset2\"][\/et_pb_button][\/et_pb_column][\/et_pb_row][\/et_pb_section][et_pb_section fb_built=\"1\" module_id=\"biodiversite\" _builder_version=\"4.9.4\" _module_preset=\"default\" background_color=\"#96c896\"][et_pb_row column_structure=\"1_4,1_2,1_4\" _builder_version=\"4.9.4\" _module_preset=\"default\"][et_pb_column type=\"1_4\" _builder_version=\"4.9.4\" _module_preset=\"default\"][et_pb_image src=\"https:\/\/www.les-sablons.com\/wp-content\/uploads\/2021\/05\/biodiversite.svg\" title_text=\"biodiversit\u00e9\" align=\"center\" _builder_version=\"4.9.4\" _module_preset=\"default\" width=\"40%\"][\/et_pb_image][\/et_pb_column][et_pb_column type=\"1_2\" _builder_version=\"4.9.4\" _module_preset=\"default\"][et_pb_text admin_label=\"BIODIVERSIT\u00c9\" _builder_version=\"4.9.4\" _module_preset=\"default\" text_text_color=\"#FFFFFF\"]<\/p><h2 style=\"text-align: center;\">LA BIODIVERSIT\u00c9 DU CAMPING<\/h2><p>[\/et_pb_text][et_pb_text _builder_version=\"4.9.4\" _module_preset=\"default\"]Notre camping Sun\u00ealia les Sablons b\u00e9n\u00e9ficie d\u2019une v\u00e9g\u00e9tation m\u00e9diterran\u00e9enne. Depuis la cr\u00e9ation de nos quartiers pi\u00e9tonniers, nous r\u00e9implantons un grand nombre d\u2019esp\u00e8ces adapt\u00e9es \u00e0 notre climat.<br \/>[\/et_pb_text][\/et_pb_column][et_pb_column type=\"1_4\" _builder_version=\"4.9.4\" _module_preset=\"default\"][et_pb_image src=\"https:\/\/www.les-sablons.com\/wp-content\/uploads\/2021\/05\/biodiversite.svg\" title_text=\"biodiversit\u00e9\" align=\"center\" _builder_version=\"4.9.4\" _module_preset=\"default\" width=\"40%\"][\/et_pb_image][\/et_pb_column][\/et_pb_row][et_pb_row column_structure=\"1_2,1_2\" make_equal=\"on\" _builder_version=\"4.9.4\" _module_preset=\"default\"][et_pb_column type=\"1_2\" _builder_version=\"4.9.4\" _module_preset=\"default\"][et_pb_image src=\"https:\/\/www.les-sablons.com\/wp-content\/uploads\/2021\/05\/QUARTIER-CASA-66-1.jpg\" title_text=\"QUARTIER CASA-66 (1)\" _builder_version=\"4.9.4\" _module_preset=\"default\"][\/et_pb_image][\/et_pb_column][et_pb_column type=\"1_2\" _builder_version=\"4.9.4\" _module_preset=\"default\"][et_pb_text admin_label=\"actions biodiversit\u00e9\" _builder_version=\"4.9.4\" _module_preset=\"default\"]<\/p><h4 style=\"text-align: center;\">Nos actions<\/h4><ul><li>Cr\u00e9ation de quartiers sans voiture, v\u00e9g\u00e9talis\u00e9s<\/li><li>Recensement des plantes et oiseaux pr\u00e9sents dans le camping<\/li><li>Mise en place d\u2019un espace de permaculture et atelier p\u00e9dagogique<\/li><li>Mini-ferme<\/li><\/ul><p>\u00a0<\/p><h4 style=\"text-align: center;\">Vos actions<\/h4><ul><li>Pr\u00e9servez l\u2019\u00e9cosyst\u00e8me en ne marchant que sur les chemins existants<\/li><li>Privil\u00e9giez le v\u00e9lo ou la marche pour les d\u00e9placements courts<\/li><\/ul><p>[\/et_pb_text][\/et_pb_column][\/et_pb_row][\/et_pb_section][et_pb_section fb_built=\"1\" module_id=\"eau\" _builder_version=\"4.9.4\" _module_preset=\"default\" background_enable_color=\"off\" top_divider_style=\"arrow3\" top_divider_color=\"#96c896\" bottom_divider_style=\"arrow3\" bottom_divider_color=\"#96c896\"][et_pb_row column_structure=\"1_4,1_2,1_4\" _builder_version=\"4.9.4\" _module_preset=\"default\"][et_pb_column type=\"1_4\" _builder_version=\"4.9.4\" _module_preset=\"default\"][et_pb_image src=\"https:\/\/www.les-sablons.com\/wp-content\/uploads\/2021\/05\/eau.svg\" title_text=\"eau\" align=\"center\" _builder_version=\"4.9.4\" _module_preset=\"default\" width=\"40%\"][\/et_pb_image][\/et_pb_column][et_pb_column type=\"1_2\" _builder_version=\"4.9.4\" _module_preset=\"default\"][et_pb_text admin_label=\"EAU\" _builder_version=\"4.9.4\" _module_preset=\"default\" text_text_color=\"#FFFFFF\"]<\/p><h2 style=\"text-align: center;\">NOTRE GESTION DE L'EAU<\/h2><p>[\/et_pb_text][et_pb_text _builder_version=\"4.9.4\" _module_preset=\"default\"]Notre camping Sun\u00ealia les Sablons est situ\u00e9 au-dessus d\u2019une nappe phr\u00e9atique de qualit\u00e9. L\u2019eau est pr\u00e9cieuse et nous continuons d\u2019apporter des solutions afin d\u2019en limiter sa consommation.<br \/>[\/et_pb_text][\/et_pb_column][et_pb_column type=\"1_4\" _builder_version=\"4.9.4\" _module_preset=\"default\"][et_pb_image src=\"https:\/\/www.les-sablons.com\/wp-content\/uploads\/2021\/05\/eau.svg\" title_text=\"eau\" align=\"center\" _builder_version=\"4.9.4\" _module_preset=\"default\" width=\"40%\"][\/et_pb_image][\/et_pb_column][\/et_pb_row][et_pb_row column_structure=\"1_2,1_2\" make_equal=\"on\" _builder_version=\"4.9.4\" _module_preset=\"default\"][et_pb_column type=\"1_2\" _builder_version=\"4.9.4\" _module_preset=\"default\"][et_pb_text admin_label=\"actions eau\" _builder_version=\"4.9.4\" _module_preset=\"default\" hover_enabled=\"0\" sticky_enabled=\"0\"]<\/p><h4 style=\"text-align: center;\">Nos actions<\/h4><ul><li>R\u00e9duction de l\u2019arrosage dans nos quartiers pi\u00e9tonnier<\/li><li>Recyclage de l\u2019eau des piscines<\/li><li>Robinetterie hydro-\u00e9conome<\/li><li>Installation de compteurs divisionnaires pour une meilleure d\u00e9tection des fuites<\/li><\/ul><p>\u00a0<\/p><h4 style=\"text-align: center;\">Vos actions<\/h4><ul><li>L\u2019eau est pr\u00e9cieuse, \u00e9conomisez l\u00e0\u00a0!<\/li><li>Utilisez vos contenants (gourdes\/bouteilles en verre) aux fontaines \u00e0 eau<\/li><\/ul><p>[\/et_pb_text][\/et_pb_column][et_pb_column type=\"1_2\" _builder_version=\"4.9.4\" _module_preset=\"default\"][et_pb_image src=\"https:\/\/www.les-sablons.com\/wp-content\/uploads\/2020\/08\/Tente-Lodge-2.jpg\" title_text=\"Tente Lodge\" _builder_version=\"4.9.4\" _module_preset=\"default\"][\/et_pb_image][\/et_pb_column][\/et_pb_row][\/et_pb_section][et_pb_section fb_built=\"1\" module_id=\"recyclage\" _builder_version=\"4.9.4\" _module_preset=\"default\" background_color=\"#96c896\" top_divider_color=\"#96c896\"][et_pb_row column_structure=\"1_4,1_2,1_4\" _builder_version=\"4.9.4\" _module_preset=\"default\"][et_pb_column type=\"1_4\" _builder_version=\"4.9.4\" _module_preset=\"default\"][et_pb_image src=\"https:\/\/www.les-sablons.com\/wp-content\/uploads\/2021\/05\/dechet.svg\" title_text=\"d\u00e9chet\" align=\"center\" _builder_version=\"4.9.4\" _module_preset=\"default\" width=\"40%\"][\/et_pb_image][\/et_pb_column][et_pb_column type=\"1_2\" _builder_version=\"4.9.4\" _module_preset=\"default\"][et_pb_text admin_label=\"RECYCLAGE DECHETS\" _builder_version=\"4.9.4\" _module_preset=\"default\" text_text_color=\"#FFFFFF\"]<\/p><h2 style=\"text-align: center;\">RECYCLAGE DES D\u00c9CHETS<\/h2><p>[\/et_pb_text][et_pb_text _builder_version=\"4.9.4\" _module_preset=\"default\"]Tous nos services sont sensibilis\u00e9s \u00e0 la gestion des d\u00e9chets afin de les r\u00e9duire et de les revaloriser. Des espaces verts \u00e0 la restauration, nous souhaitons continuer \u00e0 limiter notre impact.<br \/>[\/et_pb_text][\/et_pb_column][et_pb_column type=\"1_4\" _builder_version=\"4.9.4\" _module_preset=\"default\"][et_pb_image src=\"https:\/\/www.les-sablons.com\/wp-content\/uploads\/2021\/05\/dechet.svg\" title_text=\"d\u00e9chet\" align=\"center\" _builder_version=\"4.9.4\" _module_preset=\"default\" width=\"40%\"][\/et_pb_image][\/et_pb_column][\/et_pb_row][et_pb_row column_structure=\"1_2,1_2\" make_equal=\"on\" _builder_version=\"4.9.4\" _module_preset=\"default\"][et_pb_column type=\"1_2\" _builder_version=\"4.9.4\" _module_preset=\"default\"][et_pb_image src=\"https:\/\/www.les-sablons.com\/wp-content\/uploads\/2021\/03\/MINI-FERME-11.jpg\" title_text=\"MINI-FERME-11\" _builder_version=\"4.9.4\" _module_preset=\"default\"][\/et_pb_image][\/et_pb_column][et_pb_column type=\"1_2\" _builder_version=\"4.9.4\" _module_preset=\"default\"][et_pb_text admin_label=\"actions recyclage\" _builder_version=\"4.9.4\" _module_preset=\"default\"]<\/p><h4 style=\"text-align: center;\">Nos actions<\/h4><ul><li>Compost pour l'enrichissement du sol<\/li><li>Enrichissement de l'espace de permaculture avec les bio d\u00e9chets<\/li><li>Tri dans les bio d\u00e9chets pour nourrir les animaux de la mini ferme<\/li><li>Bac de recyclage<\/li><\/ul><p>\u00a0<\/p><h4 style=\"text-align: center;\">Vos actions<\/h4><ul><li>Utilisez les containers affich\u00e9s sur le plan pour le recyclage des d\u00e9chets<\/li><li>Utilisez les poubelles et cendriers pour vos m\u00e9gots<\/li><\/ul><p>[\/et_pb_text][\/et_pb_column][\/et_pb_row][\/et_pb_section][et_pb_section fb_built=\"1\" use_custom_gutter=\"on\" _builder_version=\"4.9.4\" width=\"100%\" max_width=\"95%\" top_divider_color=\"#96c896\"][et_pb_row _builder_version=\"4.7.7\" _module_preset=\"default\"][et_pb_column type=\"4_4\" _builder_version=\"4.7.7\" _module_preset=\"default\"][et_pb_gallery gallery_ids=\"12243,12251,12239,12255,12247,7396,5685,13110\" posts_number=\"8\" show_title_and_caption=\"off\" _builder_version=\"4.9.4\" _module_preset=\"default\"][\/et_pb_gallery][\/et_pb_column][\/et_pb_row][\/et_pb_section][et_pb_section fb_built=\"1\" fullwidth=\"on\" _builder_version=\"4.6.1\" _module_preset=\"default\"][et_pb_fullwidth_code _builder_version=\"4.6.1\" _module_preset=\"default\"][ls_other_activities][\/et_pb_fullwidth_code][\/et_pb_section][et_pb_section fb_built=\"1\" module_class=\"ls_link_before_footer\" _builder_version=\"4.7.7\" background_color=\"#afd4dd\" global_module=\"4180\" collapsed=\"on\"][et_pb_row _builder_version=\"4.3.2\"][et_pb_column type=\"4_4\" _builder_version=\"4.3.2\"][et_pb_text admin_label=\"CAMPING 5 \u00c9TOILES LES SABLONS\" module_class=\"texte-cloud\" _builder_version=\"4.7.7\" text_text_color=\"#463c3c\" text_font_size=\"15px\" header_2_font_size=\"30px\" header_3_font_size=\"30px\" header_2_font_size_tablet=\"25px\" header_2_font_size_phone=\"\" header_2_font_size_last_edited=\"on|desktop\" header_3_font_size_tablet=\"25px\" header_3_font_size_phone=\"\" header_3_font_size_last_edited=\"on|desktop\"]<\/p><h3>CAMPING 5 \u00c9TOILES<br \/>LES SABLONS<\/h3><p>Camping en bord de mer entre Vias et Portiragnes.<\/p><p>[\/et_pb_text][\/et_pb_column][\/et_pb_row][et_pb_row column_structure=\"1_3,1_3,1_3\" use_custom_gutter=\"on\" gutter_width=\"2\" make_equal=\"on\" _builder_version=\"4.3.2\"][et_pb_column type=\"1_3\" _builder_version=\"4.3.2\"][et_pb_blurb title=\"LE LIEU\" image=\"https:\/\/www.les-sablons.com\/wp-content\/uploads\/2020\/12\/camping-les-sablons-le-lieu-1-11.jpg\" admin_label=\"LE LIEU\" _builder_version=\"4.7.7\" custom_css_blurb_image=\"margin-left: -16px;\" custom_css_blurb_title=\"margin-top: -10px;\"]<\/p><p><a href=\"\/camping-bord-de-mer-mediterranee\/\">L\u2019acc\u00e8s direct \u00e0 la plage<\/a><br \/>La nature omnipr\u00e9sente<br \/>La sensation d\u2019espace<br \/>L\u2019air temp\u00e9r\u00e9 de la bande littorale<\/p><p>[\/et_pb_blurb][\/et_pb_column][et_pb_column type=\"1_3\" _builder_version=\"4.3.2\"][et_pb_blurb title=\"L'AMBIANCE\" image=\"https:\/\/www.les-sablons.com\/wp-content\/uploads\/2020\/12\/camping-les-sablons-l-ambiance-1-1-1.jpg\" admin_label=\"L'AMBIANCE\" _builder_version=\"4.7.7\" custom_css_blurb_image=\"margin-left: -16px;\" custom_css_blurb_title=\"margin-top: -10px;\"]<\/p><p><a href=\"\/planning-des-animations\/\">Le Programme des animations<\/a><br \/>Les \u00e9nergies rassembl\u00e9es en 1 seul point<br \/>Le melting pot europ\u00e9en<br \/><a href=\"\/les-sablons-camping-5-etoiles\/dabord-les-enfants\/\">La joie communicative des enfants<\/a><\/p><p>[\/et_pb_blurb][\/et_pb_column][et_pb_column type=\"1_3\" _builder_version=\"4.3.2\"][et_pb_blurb title=\"LE PARC AQUATIQUE\" image=\"https:\/\/www.les-sablons.com\/wp-content\/uploads\/2020\/12\/camping-les-sablons-parc-aquatique-1.jpg\" admin_label=\"LE PARC AQUATIQUE\" _builder_version=\"4.7.7\" custom_css_blurb_image=\"margin-left: -16px;\" custom_css_blurb_title=\"margin-top: -10px;\"]<\/p><p>1 bassin pour jouer , 1 bassin pour nager<br \/>1 pataugeoire, 5 toboggans<br \/><a href=\"\/balneo\/\">1 baln\u00e9o r\u00e9serv\u00e9e aux adultes<\/a><br \/>Le tout chauff\u00e9 et toujours surveill\u00e9<\/p><p>[\/et_pb_blurb][\/et_pb_column][\/et_pb_row][et_pb_row column_structure=\"1_3,1_3,1_3\" use_custom_gutter=\"on\" gutter_width=\"2\" make_equal=\"on\" _builder_version=\"4.3.2\"][et_pb_column type=\"1_3\" _builder_version=\"4.3.2\"][et_pb_blurb title=\"LE CHOIX\" image=\"https:\/\/www.les-sablons.com\/wp-content\/uploads\/2020\/12\/camping-les-sablons-le-choix-1.jpg\" admin_label=\"LE CHOIX\" _builder_version=\"4.7.7\" custom_css_blurb_image=\"margin-left: -16px;\" custom_css_blurb_title=\"margin-top: -10px;\"]<\/p><p>120 places de campings (encore!)<br \/><a href=\"\/hebergements\/location-mobil-home\/\">Mobil-Homes<\/a>, <a href=\"\/hebergements\/location-chalets-mer\/\">Chalets<\/a><br \/><a href=\"\/glamping-location-tente-lodge-luxe\/\">Tentes Lodges<\/a> & <a href=\"\/hebergements\/location-chalet\/mh-taos-vip\/\">quartier VIP<\/a><br \/>Tous les locatifs \u00ab durs \u00bb climatis\u00e9s<\/p><p>[\/et_pb_blurb][\/et_pb_column][et_pb_column type=\"1_3\" _builder_version=\"4.3.2\"][et_pb_blurb title=\"LES SERVICES\" image=\"https:\/\/www.les-sablons.com\/wp-content\/uploads\/2020\/12\/camping-les-sablons-les-services-1.jpg\" admin_label=\"LES SERVICES\" _builder_version=\"4.7.7\" custom_css_blurb_image=\"margin-left: -16px;\" custom_css_blurb_title=\"margin-top: -10px;\"]<\/p><p><a href=\"\/les-services\/le-restaurantlejardindessablons\/\">Resto<\/a>, <a href=\"\/les-services\/le-bar\/\">Bar<\/a>, <a href=\"\/les-services\/commerces\/\">Supermarch\u00e9<\/a>, Location v\u00e9los, Food<br \/>Trucks, Boulangerie, Presse, DAB\u2026<br \/><a href=\"\/camping-village\/\">Tout sur place 7j\/7<\/a><br \/>Le Point Infos pour les activit\u00e9s<\/p><p>[\/et_pb_blurb][\/et_pb_column][et_pb_column type=\"1_3\" _builder_version=\"4.3.2\"][et_pb_blurb title=\"ET EN PLUS\" image=\"https:\/\/www.les-sablons.com\/wp-content\/uploads\/2020\/12\/camping-les-sablons-le-plus-1.jpg\" admin_label=\"ET EN PLUS\" _builder_version=\"4.7.7\" custom_css_blurb_image=\"margin-left: -16px;\" custom_css_blurb_title=\"margin-top: -10px;\"]<\/p><p>Arriv\u00e9e \/ D\u00e9part jour libre<br \/>Camping ind\u00e9pendant<br \/>50 ans de savoir-faire<br \/>Des habitu\u00e9s qui reviennent<\/p><p>[\/et_pb_blurb][\/et_pb_column][\/et_pb_row][\/et_pb_section][et_pb_section fb_built=\"1\" module_class=\"footer-widgets\" _builder_version=\"4.7.7\" background_color=\"#3796aa\" custom_padding=\"0px||10px||false|false\" global_module=\"1035\" saved_tabs=\"all\" collapsed=\"off\"][et_pb_row column_structure=\"1_3,1_3,1_3\" use_custom_gutter=\"on\" gutter_width=\"2\" make_equal=\"on\" disabled_on=\"on|on|off\" module_class=\"footer-infos\" _builder_version=\"4.2.2\" width=\"100%\" width_tablet=\"auto\" width_phone=\"auto\" width_last_edited=\"on|phone\" max_width=\"1235px\" max_width_tablet=\"none\" max_width_phone=\"none\" max_width_last_edited=\"on|phone\" custom_padding=\"||10px||false|false\"][et_pb_column type=\"1_3\" _builder_version=\"4.2.2\" custom_padding=\"|||20px|false|false\" custom_padding_tablet=\"|||0px|false|false\" custom_padding_phone=\"\" custom_padding_last_edited=\"on|desktop\"][et_pb_blurb title=\"Hotline 7\/7j\" admin_label=\"Hotline 7\/7j\" _builder_version=\"4.7.7\" header_font=\"|||on|||||\" header_text_color=\"#ffffff\" body_text_color=\"#ffffff\"]<\/p><p class=\"ls_footer_social_2\">Posez-nous toutes vos questions de 9h00 \u00e0 19h00.<\/p><p><a href=\"tel:+33467909055\"><span style=\"color: #ffffff; font-size: 16px;\">+33 4 67 90 90 55<\/span><\/a><\/p><p>[\/et_pb_blurb][\/et_pb_column][et_pb_column type=\"1_3\" _builder_version=\"4.2.2\"][et_pb_blurb title=\"Suivez nous\" admin_label=\"Suivez nous\" _builder_version=\"4.7.7\" header_font=\"|||on|||||\" header_text_color=\"#ffffff\" body_text_color=\"#ffffff\" custom_padding=\"||0px||false|false\" custom_css_main_element=\"margin-bottom: 0 !important;\"]<\/p><p class=\"ls_footer_social\">Partagez la vie de camping avec vos amis et votre famille<\/p><p>[\/et_pb_blurb][et_pb_social_media_follow admin_label=\"Follow us on social media\" _builder_version=\"4.7.7\"][et_pb_social_media_follow_network social_network=\"facebook\" url=\"https:\/\/www.facebook.com\/CampingClubLesSablons\" icon_color=\"#ffffff\" _builder_version=\"4.2.2\" background_color=\"rgba(59,89,152,0)\" background_enable_color=\"on\" follow_button=\"off\" url_new_window=\"on\"]facebook[\/et_pb_social_media_follow_network][et_pb_social_media_follow_network social_network=\"pinterest\" url=\"https:\/\/www.pinterest.fr\/campingsablons\/\" icon_color=\"#ffffff\" _builder_version=\"4.2.2\" background_color=\"rgba(203,32,39,0)\" background_enable_color=\"on\" follow_button=\"off\" url_new_window=\"on\"]pinterest[\/et_pb_social_media_follow_network][et_pb_social_media_follow_network social_network=\"youtube\" url=\"https:\/\/www.youtube.com\/channel\/UCJH1bcXs5nLomrHW-Efn-JA?feature=mhee\" icon_color=\"#ffffff\" _builder_version=\"4.2.2\" background_color=\"rgba(168,36,0,0)\" background_enable_color=\"on\" follow_button=\"off\" url_new_window=\"on\"]youtube[\/et_pb_social_media_follow_network][et_pb_social_media_follow_network social_network=\"instagram\" url=\"https:\/\/www.instagram.com\/campinglessablons\/\" icon_color=\"#ffffff\" _builder_version=\"4.2.2\" background_color=\"rgba(10,4,1,0)\" background_enable_color=\"on\" follow_button=\"off\" url_new_window=\"on\"]instagram[\/et_pb_social_media_follow_network][\/et_pb_social_media_follow][\/et_pb_column][et_pb_column type=\"1_3\" _builder_version=\"4.2.2\"][et_pb_blurb title=\"Newsletter\" admin_label=\"Newsletter\" _builder_version=\"4.7.7\" header_font=\"|||on|||||\" header_text_color=\"#ffffff\" body_text_color=\"#ffffff\" custom_css_main_element=\"margin-bottom: 0px !important;\"]<\/p><p>Recevez les actualit\u00e9s et promotions de votre camping<\/p><p>[\/et_pb_blurb][et_pb_code admin_label=\"Code - Newsletter\" _builder_version=\"4.7.7\" custom_margin=\"-20px||||false|false\"][newsletter][\/et_pb_code][\/et_pb_column][\/et_pb_row][et_pb_row disabled_on=\"on|on|off\" _builder_version=\"4.2.2\" width=\"100%\" width_tablet=\"auto\" width_phone=\"auto\" width_last_edited=\"on|phone\" max_width=\"1235px\" max_width_tablet=\"none\" max_width_phone=\"none\" max_width_last_edited=\"on|phone\" custom_margin=\"0px||||false|false\" custom_padding=\"0px||0px||true|false\"][et_pb_column type=\"4_4\" _builder_version=\"4.2.2\"][et_pb_divider color=\"#333333\" divider_position=\"center\" divider_weight=\"1px\" _builder_version=\"4.7.7\" module_alignment=\"center\" height=\"1px\"][\/et_pb_divider][\/et_pb_column][\/et_pb_row][et_pb_row column_structure=\"2_3,1_3\" use_custom_gutter=\"on\" gutter_width=\"4\" make_equal=\"on\" disabled_on=\"on|on|off\" module_class=\"footer-recrutons\" _builder_version=\"4.2.2\" width=\"100%\" width_tablet=\"auto\" width_phone=\"auto\" width_last_edited=\"on|phone\" max_width=\"1235px\" max_width_tablet=\"none\" max_width_phone=\"none\" max_width_last_edited=\"on|phone\"][et_pb_column type=\"2_3\" _builder_version=\"4.2.2\" custom_padding=\"|||20px|false|false\" custom_padding_tablet=\"|||0px|false|false\" custom_padding_phone=\"\" custom_padding_last_edited=\"on|desktop\"][et_pb_text admin_label=\"Camping 5 \u00e9toiles Les Sablons\" _builder_version=\"4.7.7\" text_text_color=\"#ffffff\" link_option_url=\"https:\/\/www.google.fr\/maps\/place\/Camping+les+Sablons+5+%C3%A9toiles\/@43.2801167,3.3615559,17z\/data=!3m1!4b1!4m8!3m7!1s0x12b110cb8904248b:0xa4f1250526d3159!5m2!4m1!1i2!8m2!3d43.2801167!4d3.3637446\" link_option_url_new_window=\"on\"]<\/p><p>Camping 5 \u00e9toiles Les Sablons<br \/>Avenue des M\u00fbriers<br \/>34420 Portiragnes-Plage<br \/>France<\/p><p>[\/et_pb_text][et_pb_divider show_divider=\"off\" _builder_version=\"4.2.2\" height=\"20px\"][\/et_pb_divider][et_pb_text disabled_on=\"off|off|off\" admin_label=\"Bouton - Menu\" _builder_version=\"4.7.7\" text_text_color=\"#ffffff\"]<\/p><div class=\"footer-button\"><a class=\"learn_more\" href=\"\/plan-dacces\/\">ACC\u00c8S<\/a><\/div><div class=\"footer-button\"><a class=\"learn_more\" href=\"\/contact\/\">NOUS CONTACTER<\/a><\/div><div class=\"footer-button\"><a class=\"learn_more\" href=\"\/questions-frequentes\/\">F.A.Q<\/a><\/div><div class=\"footer-button\"><a class=\"learn_more\" href=\"https:\/\/thelisresa.webcamp.fr\/formulaire.php?camping=sablons&lang=fr\">RESERVER<\/a><\/div><p>[\/et_pb_text][\/et_pb_column][et_pb_column type=\"1_3\" _builder_version=\"4.2.2\"][et_pb_blurb title=\"Nous recrutons\" admin_label=\"Nous recrutons\" _builder_version=\"4.7.7\" header_font=\"|||on|||||\" header_text_color=\"#ffffff\" body_text_color=\"#ffffff\" custom_css_main_element=\"margin-bottom: 20px !important;\"]Chaque saison, le Camping Les Sablons recrute de nouveaux collaborateurs pour diff\u00e9rents services:<br \/>Animation, piscine, bar, r\u00e9ception, espaces verts et entretien, entretien et nettoyage, et plus encore!<br \/>Pour un contrat saisonnier ou un stage, n'h\u00e9sitez pas \u00e0 postuler[\/et_pb_blurb][et_pb_button button_url=\"https:\/\/careers.werecruit.io\/fr\/camping-les-sablons\" url_new_window=\"on\" button_text=\"Postuler\" button_alignment=\"left\" button_alignment_tablet=\"center\" button_alignment_phone=\"\" button_alignment_last_edited=\"on|tablet\" admin_label=\"Bouton - Postuler\" _builder_version=\"4.7.7\" custom_button=\"on\" button_text_size=\"12px\" button_text_color=\"#ffffff\" button_border_width=\"1px\" button_border_color=\"#ffffff\" button_font=\"|||on|||||\" button_use_icon=\"off\" button_text_size__hover_enabled=\"on|hover\" button_bg_color__hover_enabled=\"on|hover\" button_text_color__hover_enabled=\"on|hover\" button_text_color__hover=\"#40a8c5\" button_bg_color__hover=\"#ffffff\" button_bg_enable_color__hover=\"on\" button_border_color__hover_enabled=\"on|desktop\" button_border_color__hover=\"#ffffff\"][\/et_pb_button][\/et_pb_column][\/et_pb_row][et_pb_row disabled_on=\"on|on|off\" _builder_version=\"4.2.2\" width=\"100%\" width_tablet=\"auto\" width_phone=\"auto\" width_last_edited=\"on|phone\" max_width=\"1235px\" max_width_tablet=\"none\" max_width_phone=\"\" max_width_last_edited=\"on|phone\" custom_margin=\"0px||||false|false\" custom_padding=\"0px||0px||true|false\"][et_pb_column type=\"4_4\" _builder_version=\"4.2.2\"][et_pb_divider color=\"#333333\" divider_position=\"center\" divider_weight=\"1px\" _builder_version=\"4.7.7\" module_alignment=\"center\" height=\"1px\"][\/et_pb_divider][\/et_pb_column][\/et_pb_row][et_pb_row disabled_on=\"off|off|on\" _builder_version=\"4.2.2\"][et_pb_column type=\"4_4\" _builder_version=\"4.2.2\"][et_pb_blurb title=\"Hotline 7\/7j\" admin_label=\"Hotline 7\/7j\" module_class=\"footer-info\" _builder_version=\"4.7.7\" header_font=\"|||on|||||\" header_text_color=\"#ffffff\" body_text_color=\"#ffffff\" custom_css_main_element=\"margin-bottom: 20px !important;\"]Posez-nous toutes vos questions de 9h00 \u00e0 19h00.<br \/><a href=\"tel:+33467909055\"><span style=\"color: #ffffff; font-size: 16px;\">+33 4 67 90 90 55<\/span><\/a>[\/et_pb_blurb][et_pb_divider color=\"#9d1412\" divider_position=\"center\" divider_weight=\"1px\" _builder_version=\"4.2.2\" module_alignment=\"center\" height=\"1px\"][\/et_pb_divider][et_pb_blurb title=\"Newsletter\" admin_label=\"Newsletter\" module_class=\"footer-info\" _builder_version=\"4.7.7\" header_font=\"|||on|||||\" header_text_color=\"#ff4e1f\" body_text_color=\"#ffffff\" custom_css_main_element=\"margin-bottom: 0px !important;\"]Recevez les actualit\u00e9s et promotions de votre camping[\/et_pb_blurb][et_pb_code admin_label=\"Code - Newsletter\" _builder_version=\"4.2.2\" custom_margin=\"-20px||||false|false\"][newsletter][\/et_pb_code][et_pb_divider color=\"#9d1412\" divider_position=\"center\" divider_weight=\"1px\" _builder_version=\"4.2.2\" module_alignment=\"center\" height=\"1px\"][\/et_pb_divider][et_pb_blurb title=\"Nous recrutons\" admin_label=\"Nous recrutons\" module_class=\"footer-info\" _builder_version=\"4.7.7\" header_font=\"|||on|||||\" header_text_color=\"#ff4e1f\" body_text_color=\"#ffffff\" custom_css_main_element=\"margin-bottom: 20px !important;\"]Chaque saison, le Camping Les Sablons recrute de nouveaux collaborateurs pour diff\u00e9rents services:<br \/>Animation, piscine, bar, r\u00e9ception, espaces verts et entretien, entretien et nettoyage, et plus encore!<br \/>Pour un contrat saisonnier ou un stage, n'h\u00e9sitez pas \u00e0 postuler[\/et_pb_blurb][et_pb_button button_url=\"https:\/\/careers.werecruit.io\/fr\/camping-les-sablons\" url_new_window=\"on\" button_text=\"Postuler\" button_alignment=\"left\" button_alignment_tablet=\"center\" button_alignment_phone=\"\" button_alignment_last_edited=\"on|tablet\" admin_label=\"Bouton - Postuler\" _builder_version=\"4.7.7\" custom_button=\"on\" button_text_size=\"12px\" button_text_color=\"#ffffff\" button_border_width=\"1px\" button_border_color=\"#ffffff\" button_font=\"|||on|||||\" button_use_icon=\"off\" button_text_size__hover_enabled=\"on|hover\" button_bg_color__hover_enabled=\"on|hover\" button_text_color__hover_enabled=\"on|desktop\" button_text_color__hover=\"#ffffff\" button_bg_color__hover=\"#eb1d1a\" button_bg_enable_color__hover=\"on\" button_border_color__hover_enabled=\"on|desktop\" button_border_color__hover=\"#eb1d1a\"][\/et_pb_button][et_pb_divider color=\"#9d1412\" divider_position=\"center\" divider_weight=\"1px\" _builder_version=\"4.2.2\" module_alignment=\"center\" height=\"1px\"][\/et_pb_divider][et_pb_blurb title=\"Suivez nous\" admin_label=\"Nous suivre\" module_class=\"footer-info\" _builder_version=\"4.7.7\" header_font=\"|||on|||||\" header_text_color=\"#ffffff\" body_text_color=\"#ffffff\" custom_padding=\"||0px||false|false\" custom_css_main_element=\"margin-bottom: 0 !important;\"]<\/p><p>Partagez la vie de camping avec vos amis et votre famille<\/p><p>[\/et_pb_blurb][et_pb_social_media_follow _builder_version=\"4.7.7\"][et_pb_social_media_follow_network social_network=\"facebook\" url=\"https:\/\/www.facebook.com\/CampingClubLesSablons\" icon_color=\"#ffffff\" _builder_version=\"4.2.2\" background_color=\"rgba(59,89,152,0)\" background_enable_color=\"on\" follow_button=\"off\" url_new_window=\"on\"]facebook[\/et_pb_social_media_follow_network][et_pb_social_media_follow_network social_network=\"pinterest\" url=\"https:\/\/www.pinterest.fr\/campingsablons\/\" icon_color=\"#ffffff\" _builder_version=\"4.2.2\" background_color=\"rgba(203,32,39,0)\" background_enable_color=\"on\" follow_button=\"off\" url_new_window=\"on\"]pinterest[\/et_pb_social_media_follow_network][et_pb_social_media_follow_network social_network=\"youtube\" url=\"https:\/\/www.youtube.com\/channel\/UCJH1bcXs5nLomrHW-Efn-JA?feature=mhee\" icon_color=\"#ffffff\" _builder_version=\"4.2.2\" background_color=\"rgba(168,36,0,0)\" background_enable_color=\"on\" follow_button=\"off\" url_new_window=\"on\"]youtube[\/et_pb_social_media_follow_network][et_pb_social_media_follow_network social_network=\"instagram\" url=\"https:\/\/www.instagram.com\/campinglessablons\/\" icon_color=\"#ffffff\" _builder_version=\"4.2.2\" background_color=\"rgba(10,4,1,0)\" background_enable_color=\"on\" follow_button=\"off\" url_new_window=\"on\"]instagram[\/et_pb_social_media_follow_network][\/et_pb_social_media_follow][et_pb_divider color=\"#9d1412\" divider_position=\"center\" divider_weight=\"1px\" _builder_version=\"4.2.2\" module_alignment=\"center\" height=\"1px\"][\/et_pb_divider][et_pb_text module_class=\"footer-propos\" _builder_version=\"4.7.7\" text_text_color=\"#ffffff\" text_orientation=\"center\" link_option_url=\"https:\/\/www.google.fr\/maps\/place\/Camping+les+Sablons+5+%C3%A9toiles\/@43.2801167,3.3615559,17z\/data=!3m1!4b1!4m8!3m7!1s0x12b110cb8904248b:0xa4f1250526d3159!5m2!4m1!1i2!8m2!3d43.2801167!4d3.3637446\" link_option_url_new_window=\"on\"]<\/p><p>Camping 5 \u00e9toiles Les Sablons<br \/>Avenue des M\u00fbriers<br \/>34420 Portiragnes-Plage<br \/>France<\/p><p>[\/et_pb_text][et_pb_text disabled_on=\"off|off|off\" admin_label=\"Bouton - Menu\" _builder_version=\"4.7.7\" text_text_color=\"#ffffff\"]<\/p><div class=\"footer-button\"><a class=\"learn_more\" href=\"\/plan-dacces\/\">ACC\u00c8S<\/a><\/div><div class=\"footer-button\"><a class=\"learn_more\" href=\"\/contact\/\">NOUS CONTACTER<\/a><\/div><div class=\"footer-button\"><a class=\"learn_more\" href=\"\/questions-frequentes\/\">F.A.Q<\/a><\/div><div class=\"footer-button\"><a class=\"learn_more\" href=\"https:\/\/thelisresa.webcamp.fr\/formulaire.php?camping=sablons&lang=fr\" target=\"_blank\" rel=\"noopener\">RESERVATION<\/a><\/div><p>[\/et_pb_text][\/et_pb_column][\/et_pb_row][\/et_pb_section]<\/p>","_et_gb_content_width":"","inline_featured_image":false,"footnotes":""},"acf":[],"yoast_head":"<!-- This site is optimized with the Yoast SEO plugin v22.0 - https:\/\/yoast.com\/wordpress\/plugins\/seo\/ -->\n<title>ONZE ECOLOGISCHE BENADERINGEN - Camping ***** les Sablons<\/title>\n<meta name=\"robots\" content=\"index, follow, max-snippet:-1, max-image-preview:large, max-video-preview:-1\" \/>\n<link rel=\"canonical\" href=\"https:\/\/www.les-sablons.com\/nl\/onze-ecologische-benaderingen\/\" \/>\n<meta property=\"og:locale\" content=\"nl_NL\" \/>\n<meta property=\"og:type\" content=\"article\" \/>\n<meta property=\"og:title\" content=\"ONZE ECOLOGISCHE BENADERINGEN - Camping ***** les Sablons\" \/>\n<meta property=\"og:description\" content=\"[et_pb_section fb_built=&#8221;1&#8243; admin_label=&#8221;Hero Section&#8221; module_class=&#8221;imageParrallax-heroSection&#8221; _builder_version=&#8221;4.9.4&#8243; _module_preset=&#8221;default&#8221; background_image=&#8221;https:\/\/www.les-sablons.com\/wp-content\/uploads\/2023\/11\/2023-SABLONS\u00a9perma.jpg&#8221; parallax=&#8221;on&#8221; custom_padding=&#8221;0px||0px||true|false&#8221; custom_css_main_element=&#8221;padding:0 !important;&#8221; custom_css_after=&#8221;content:%22%22;||display: block;||height: 100%;||width: 100%;||background-color: rgba(3, 34, 27, 0.5);||position: absolute;||top: 0;&#8221; locked=&#8221;off&#8221;][et_pb_row column_structure=&#8221;3_5,2_5&#8243; make_equal=&#8221;on&#8221; admin_label=&#8221;Hero-block&#8221; module_class=&#8221;imageParrallax-heroSection__block&#8221; _builder_version=&#8221;4.9.4&#8243; _module_preset=&#8221;default&#8221; width=&#8221;100%&#8221; max_width=&#8221;1300px&#8221; min_height=&#8221;90vh&#8221; min_height_tablet=&#8221;&#8221; min_height_phone=&#8221;80vh&#8221; min_height_last_edited=&#8221;on|phone&#8221; custom_margin=&#8221;0px||0px||true|false&#8221; custom_padding=&#8221;0px|15px|0px|15px|true|true&#8221; custom_css_main_element=&#8221;display:flex;||align-items:center;&#8221; custom_css_main_element_last_edited=&#8221;on|desktop&#8221; custom_css_main_element_phone=&#8221;flex-direction:column-reverse;&#8221;][et_pb_column type=&#8221;3_5&#8243; _builder_version=&#8221;4.9.4&#8243; _module_preset=&#8221;default&#8221; custom_padding=&#8221;100px||100px||true|false&#8221; custom_css_main_element_last_edited=&#8221;off|phone&#8221;][et_pb_blurb title=&#8221;Onze ecologische benaderingen%22De aarde is geen erfenis, maar een erfgoed [&hellip;]\" \/>\n<meta property=\"og:url\" content=\"https:\/\/www.les-sablons.com\/nl\/onze-ecologische-benaderingen\/\" \/>\n<meta property=\"og:site_name\" content=\"Camping ***** les Sablons\" \/>\n<meta property=\"article:modified_time\" content=\"2025-07-29T17:11:43+00:00\" \/>\n<meta property=\"og:image\" content=\"https:\/\/www.les-sablons.com\/wp-content\/uploads\/2022\/02\/icone-clef-verte.svg\" \/>\n<meta name=\"twitter:card\" content=\"summary_large_image\" \/>\n<meta name=\"twitter:label1\" content=\"Geschatte leestijd\" \/>\n\t<meta name=\"twitter:data1\" content=\"8 minuten\" \/>\n<script type=\"application\/ld+json\" class=\"yoast-schema-graph\">{\"@context\":\"https:\/\/schema.org\",\"@graph\":[{\"@type\":\"WebPage\",\"@id\":\"https:\/\/www.les-sablons.com\/nl\/onze-ecologische-benaderingen\/\",\"url\":\"https:\/\/www.les-sablons.com\/nl\/onze-ecologische-benaderingen\/\",\"name\":\"ONZE ECOLOGISCHE BENADERINGEN - Camping ***** les Sablons\",\"isPartOf\":{\"@id\":\"https:\/\/www.les-sablons.com\/nl\/#website\"},\"datePublished\":\"2021-06-20T15:41:52+00:00\",\"dateModified\":\"2025-07-29T17:11:43+00:00\",\"breadcrumb\":{\"@id\":\"https:\/\/www.les-sablons.com\/nl\/onze-ecologische-benaderingen\/#breadcrumb\"},\"inLanguage\":\"nl-NL\",\"potentialAction\":[{\"@type\":\"ReadAction\",\"target\":[\"https:\/\/www.les-sablons.com\/nl\/onze-ecologische-benaderingen\/\"]}]},{\"@type\":\"BreadcrumbList\",\"@id\":\"https:\/\/www.les-sablons.com\/nl\/onze-ecologische-benaderingen\/#breadcrumb\",\"itemListElement\":[{\"@type\":\"ListItem\",\"position\":1,\"name\":\"Accueil\",\"item\":\"https:\/\/www.les-sablons.com\/nl\/\"},{\"@type\":\"ListItem\",\"position\":2,\"name\":\"ONZE ECOLOGISCHE BENADERINGEN\"}]},{\"@type\":\"WebSite\",\"@id\":\"https:\/\/www.les-sablons.com\/nl\/#website\",\"url\":\"https:\/\/www.les-sablons.com\/nl\/\",\"name\":\"Camping ***** les Sablons\",\"description\":\"les Sablons \u00e0 Portiragnes-Plage, bord de mer M\u00e9diterran\u00e9e, proche Cap d&#039;Agde, Languedoc Roussillon\",\"potentialAction\":[{\"@type\":\"SearchAction\",\"target\":{\"@type\":\"EntryPoint\",\"urlTemplate\":\"https:\/\/www.les-sablons.com\/nl\/?s={search_term_string}\"},\"query-input\":\"required name=search_term_string\"}],\"inLanguage\":\"nl-NL\"}]}<\/script>\n<!-- \/ Yoast SEO plugin. -->","yoast_head_json":{"title":"ONZE ECOLOGISCHE BENADERINGEN - Camping ***** les Sablons","robots":{"index":"index","follow":"follow","max-snippet":"max-snippet:-1","max-image-preview":"max-image-preview:large","max-video-preview":"max-video-preview:-1"},"canonical":"https:\/\/www.les-sablons.com\/nl\/onze-ecologische-benaderingen\/","og_locale":"nl_NL","og_type":"article","og_title":"ONZE ECOLOGISCHE BENADERINGEN - Camping ***** les Sablons","og_description":"[et_pb_section fb_built=&#8221;1&#8243; admin_label=&#8221;Hero Section&#8221; module_class=&#8221;imageParrallax-heroSection&#8221; _builder_version=&#8221;4.9.4&#8243; _module_preset=&#8221;default&#8221; background_image=&#8221;https:\/\/www.les-sablons.com\/wp-content\/uploads\/2023\/11\/2023-SABLONS\u00a9perma.jpg&#8221; parallax=&#8221;on&#8221; custom_padding=&#8221;0px||0px||true|false&#8221; custom_css_main_element=&#8221;padding:0 !important;&#8221; custom_css_after=&#8221;content:%22%22;||display: block;||height: 100%;||width: 100%;||background-color: rgba(3, 34, 27, 0.5);||position: absolute;||top: 0;&#8221; locked=&#8221;off&#8221;][et_pb_row column_structure=&#8221;3_5,2_5&#8243; make_equal=&#8221;on&#8221; admin_label=&#8221;Hero-block&#8221; module_class=&#8221;imageParrallax-heroSection__block&#8221; _builder_version=&#8221;4.9.4&#8243; _module_preset=&#8221;default&#8221; width=&#8221;100%&#8221; max_width=&#8221;1300px&#8221; min_height=&#8221;90vh&#8221; min_height_tablet=&#8221;&#8221; min_height_phone=&#8221;80vh&#8221; min_height_last_edited=&#8221;on|phone&#8221; custom_margin=&#8221;0px||0px||true|false&#8221; custom_padding=&#8221;0px|15px|0px|15px|true|true&#8221; custom_css_main_element=&#8221;display:flex;||align-items:center;&#8221; custom_css_main_element_last_edited=&#8221;on|desktop&#8221; custom_css_main_element_phone=&#8221;flex-direction:column-reverse;&#8221;][et_pb_column type=&#8221;3_5&#8243; _builder_version=&#8221;4.9.4&#8243; _module_preset=&#8221;default&#8221; custom_padding=&#8221;100px||100px||true|false&#8221; custom_css_main_element_last_edited=&#8221;off|phone&#8221;][et_pb_blurb title=&#8221;Onze ecologische benaderingen%22De aarde is geen erfenis, maar een erfgoed [&hellip;]","og_url":"https:\/\/www.les-sablons.com\/nl\/onze-ecologische-benaderingen\/","og_site_name":"Camping ***** les Sablons","article_modified_time":"2025-07-29T17:11:43+00:00","og_image":[{"url":"https:\/\/www.les-sablons.com\/wp-content\/uploads\/2022\/02\/icone-clef-verte.svg"}],"twitter_card":"summary_large_image","twitter_misc":{"Geschatte leestijd":"8 minuten"},"schema":{"@context":"https:\/\/schema.org","@graph":[{"@type":"WebPage","@id":"https:\/\/www.les-sablons.com\/nl\/onze-ecologische-benaderingen\/","url":"https:\/\/www.les-sablons.com\/nl\/onze-ecologische-benaderingen\/","name":"ONZE ECOLOGISCHE BENADERINGEN - Camping ***** les Sablons","isPartOf":{"@id":"https:\/\/www.les-sablons.com\/nl\/#website"},"datePublished":"2021-06-20T15:41:52+00:00","dateModified":"2025-07-29T17:11:43+00:00","breadcrumb":{"@id":"https:\/\/www.les-sablons.com\/nl\/onze-ecologische-benaderingen\/#breadcrumb"},"inLanguage":"nl-NL","potentialAction":[{"@type":"ReadAction","target":["https:\/\/www.les-sablons.com\/nl\/onze-ecologische-benaderingen\/"]}]},{"@type":"BreadcrumbList","@id":"https:\/\/www.les-sablons.com\/nl\/onze-ecologische-benaderingen\/#breadcrumb","itemListElement":[{"@type":"ListItem","position":1,"name":"Accueil","item":"https:\/\/www.les-sablons.com\/nl\/"},{"@type":"ListItem","position":2,"name":"ONZE ECOLOGISCHE BENADERINGEN"}]},{"@type":"WebSite","@id":"https:\/\/www.les-sablons.com\/nl\/#website","url":"https:\/\/www.les-sablons.com\/nl\/","name":"Camping ***** les Sablons","description":"les Sablons \u00e0 Portiragnes-Plage, bord de mer M\u00e9diterran\u00e9e, proche Cap d&#039;Agde, Languedoc Roussillon","potentialAction":[{"@type":"SearchAction","target":{"@type":"EntryPoint","urlTemplate":"https:\/\/www.les-sablons.com\/nl\/?s={search_term_string}"},"query-input":"required name=search_term_string"}],"inLanguage":"nl-NL"}]}},"_links":{"self":[{"href":"https:\/\/www.les-sablons.com\/nl\/wp-json\/wp\/v2\/pages\/13360"}],"collection":[{"href":"https:\/\/www.les-sablons.com\/nl\/wp-json\/wp\/v2\/pages"}],"about":[{"href":"https:\/\/www.les-sablons.com\/nl\/wp-json\/wp\/v2\/types\/page"}],"author":[{"embeddable":true,"href":"https:\/\/www.les-sablons.com\/nl\/wp-json\/wp\/v2\/users\/12"}],"replies":[{"embeddable":true,"href":"https:\/\/www.les-sablons.com\/nl\/wp-json\/wp\/v2\/comments?post=13360"}],"version-history":[{"count":2,"href":"https:\/\/www.les-sablons.com\/nl\/wp-json\/wp\/v2\/pages\/13360\/revisions"}],"predecessor-version":[{"id":44880,"href":"https:\/\/www.les-sablons.com\/nl\/wp-json\/wp\/v2\/pages\/13360\/revisions\/44880"}],"wp:attachment":[{"href":"https:\/\/www.les-sablons.com\/nl\/wp-json\/wp\/v2\/media?parent=13360"}],"curies":[{"name":"wp","href":"https:\/\/api.w.org\/{rel}","templated":true}]}}