{"id":8017,"date":"2020-12-29T12:29:06","date_gmt":"2020-12-29T12:29:06","guid":{"rendered":"https:\/\/www.les-sablons.com\/canal-du-midi\/"},"modified":"2021-09-06T13:25:37","modified_gmt":"2021-09-06T13:25:37","slug":"canal-du-midi","status":"publish","type":"page","link":"https:\/\/www.les-sablons.com\/de\/sehenswertes\/canal-du-midi\/","title":{"rendered":"canal du Midi"},"content":{"rendered":"<p>[et_pb_section fb_built=&#8220;1&#8243; fullwidth=&#8220;on&#8220; module_class=&#8220;ls_top_slide&#8220; _builder_version=&#8220;4.7.7&#8243; _module_preset=&#8220;default&#8220;][et_pb_fullwidth_slider show_arrows=&#8220;off&#8220; show_pagination=&#8220;off&#8220; _builder_version=&#8220;4.7.7&#8243; _module_preset=&#8220;default&#8220; auto=&#8220;on&#8220;][et_pb_slide heading=&#8220;DER KANAL DU MIDI&#8220; admin_title=&#8220;LE CANAL DU MIDI&#8220; _builder_version=&#8220;4.7.7&#8243; _module_preset=&#8220;default&#8220; background_image=&#8220;https:\/\/www.les-sablons.com\/wp-content\/uploads\/2020\/12\/CANAL-MIDI-2015-1030&#215;684-1.jpg&#8220; background_enable_image=&#8220;on&#8220; sticky_transition=&#8220;on&#8220;][\/et_pb_slide][et_pb_slide heading=&#8220;DER KANAL DU MIDI&#8220; admin_title=&#8220;En p\u00e9niche, \u00e0 pied ou \u00e0 v\u00e9lo!&#8220; _builder_version=&#8220;4.7.7&#8243; _module_preset=&#8220;default&#8220; background_image=&#8220;https:\/\/www.les-sablons.com\/wp-content\/uploads\/2020\/12\/CANAL-MIDI-2015-7-1030&#215;688-1.jpg&#8220; background_enable_image=&#8220;on&#8220; sticky_transition=&#8220;on&#8220;][\/et_pb_slide][et_pb_slide heading=&#8220;DER KANAL DU MIDI&#8220; admin_title=&#8220;En p\u00e9niche, \u00e0 pied ou \u00e0 v\u00e9lo!&#8220; _builder_version=&#8220;4.7.7&#8243; _module_preset=&#8220;default&#8220; background_image=&#8220;https:\/\/www.les-sablons.com\/wp-content\/uploads\/2021\/01\/CANAL-MIDI-2015-5-1500&#215;1001-1.jpg&#8220; background_enable_image=&#8220;on&#8220; sticky_transition=&#8220;on&#8220;][\/et_pb_slide][\/et_pb_fullwidth_slider][\/et_pb_section][et_pb_section fb_built=&#8220;1&#8243; _builder_version=&#8220;4.3.2&#8243; vertical_offset_tablet=&#8220;0&#8243; horizontal_offset_tablet=&#8220;0&#8243; custom_padding=&#8220;||0px|&#8220; z_index_tablet=&#8220;0&#8243; box_shadow_horizontal_tablet=&#8220;0px&#8220; box_shadow_vertical_tablet=&#8220;0px&#8220; box_shadow_blur_tablet=&#8220;40px&#8220; box_shadow_spread_tablet=&#8220;0px&#8220;][et_pb_row custom_padding_last_edited=&#8220;on|desktop&#8220; _builder_version=&#8220;4.3.2&#8243; custom_margin=&#8220;||||false|false&#8220; custom_padding=&#8220;||||false|false&#8220; custom_padding_tablet=&#8220;||0px||false|false&#8220; custom_padding_phone=&#8220;&#8220;][et_pb_column type=&#8220;4_4&#8243; _builder_version=&#8220;4.3.2&#8243;][et_pb_text admin_label=&#8220;En p\u00e9niche, \u00e0 pied ou \u00e0 v\u00e9lo!&#8220; _builder_version=&#8220;4.7.7&#8243; header_2_font_size=&#8220;30px&#8220; vertical_offset_tablet=&#8220;0&#8243; horizontal_offset_tablet=&#8220;0&#8243; header_2_font_size_tablet=&#8220;25px&#8220; header_2_font_size_phone=&#8220;&#8220; header_2_font_size_last_edited=&#8220;on|desktop&#8220; z_index_tablet=&#8220;0&#8243; text_text_shadow_horizontal_length_tablet=&#8220;0px&#8220; text_text_shadow_vertical_length_tablet=&#8220;0px&#8220; text_text_shadow_blur_strength_tablet=&#8220;1px&#8220; link_text_shadow_horizontal_length_tablet=&#8220;0px&#8220; link_text_shadow_vertical_length_tablet=&#8220;0px&#8220; link_text_shadow_blur_strength_tablet=&#8220;1px&#8220; ul_text_shadow_horizontal_length_tablet=&#8220;0px&#8220; ul_text_shadow_vertical_length_tablet=&#8220;0px&#8220; ul_text_shadow_blur_strength_tablet=&#8220;1px&#8220; ol_text_shadow_horizontal_length_tablet=&#8220;0px&#8220; ol_text_shadow_vertical_length_tablet=&#8220;0px&#8220; ol_text_shadow_blur_strength_tablet=&#8220;1px&#8220; quote_text_shadow_horizontal_length_tablet=&#8220;0px&#8220; quote_text_shadow_vertical_length_tablet=&#8220;0px&#8220; quote_text_shadow_blur_strength_tablet=&#8220;1px&#8220; header_text_shadow_horizontal_length_tablet=&#8220;0px&#8220; header_text_shadow_vertical_length_tablet=&#8220;0px&#8220; header_text_shadow_blur_strength_tablet=&#8220;1px&#8220; header_2_text_shadow_horizontal_length_tablet=&#8220;0px&#8220; header_2_text_shadow_vertical_length_tablet=&#8220;0px&#8220; header_2_text_shadow_blur_strength_tablet=&#8220;1px&#8220; header_3_text_shadow_horizontal_length_tablet=&#8220;0px&#8220; header_3_text_shadow_vertical_length_tablet=&#8220;0px&#8220; header_3_text_shadow_blur_strength_tablet=&#8220;1px&#8220; header_4_text_shadow_horizontal_length_tablet=&#8220;0px&#8220; header_4_text_shadow_vertical_length_tablet=&#8220;0px&#8220; header_4_text_shadow_blur_strength_tablet=&#8220;1px&#8220; header_5_text_shadow_horizontal_length_tablet=&#8220;0px&#8220; header_5_text_shadow_vertical_length_tablet=&#8220;0px&#8220; header_5_text_shadow_blur_strength_tablet=&#8220;1px&#8220; header_6_text_shadow_horizontal_length_tablet=&#8220;0px&#8220; header_6_text_shadow_vertical_length_tablet=&#8220;0px&#8220; header_6_text_shadow_blur_strength_tablet=&#8220;1px&#8220; box_shadow_horizontal_tablet=&#8220;0px&#8220; box_shadow_vertical_tablet=&#8220;0px&#8220; box_shadow_blur_tablet=&#8220;40px&#8220; box_shadow_spread_tablet=&#8220;0px&#8220;]<\/p>\n<h2 class=\"av-special-heading-tag\">MIT DEM HAUSBOOT, ZU FUSS ODER MIT DEM RAD<\/h2>\n<p>[\/et_pb_text][\/et_pb_column][\/et_pb_row][et_pb_row column_structure=&#8220;1_2,1_2&#8243; use_custom_gutter=&#8220;on&#8220; make_equal=&#8220;on&#8220; custom_padding_last_edited=&#8220;on|desktop&#8220; _builder_version=&#8220;4.3.2&#8243; vertical_offset_tablet=&#8220;0&#8243; horizontal_offset_tablet=&#8220;0&#8243; custom_padding_tablet=&#8220;0px||||false|false&#8220; custom_padding_phone=&#8220;&#8220; z_index_tablet=&#8220;0&#8243; box_shadow_horizontal_tablet=&#8220;0px&#8220; box_shadow_vertical_tablet=&#8220;0px&#8220; box_shadow_blur_tablet=&#8220;40px&#8220; box_shadow_spread_tablet=&#8220;0px&#8220;][et_pb_column type=&#8220;1_2&#8243; _builder_version=&#8220;4.3.2&#8243;][et_pb_text admin_label=&#8220;1km, direction les terres, apr\u00e8s la sortie du camping,&#8220; _builder_version=&#8220;4.7.7&#8243; vertical_offset_tablet=&#8220;0&#8243; horizontal_offset_tablet=&#8220;0&#8243; text_orientation=&#8220;justified&#8220; z_index_tablet=&#8220;0&#8243; text_orientation_tablet=&#8220;center&#8220; text_orientation_phone=&#8220;&#8220; text_orientation_last_edited=&#8220;on|tablet&#8220; text_text_shadow_horizontal_length_tablet=&#8220;0px&#8220; text_text_shadow_vertical_length_tablet=&#8220;0px&#8220; text_text_shadow_blur_strength_tablet=&#8220;1px&#8220; link_text_shadow_horizontal_length_tablet=&#8220;0px&#8220; link_text_shadow_vertical_length_tablet=&#8220;0px&#8220; link_text_shadow_blur_strength_tablet=&#8220;1px&#8220; ul_text_shadow_horizontal_length_tablet=&#8220;0px&#8220; ul_text_shadow_vertical_length_tablet=&#8220;0px&#8220; ul_text_shadow_blur_strength_tablet=&#8220;1px&#8220; ol_text_shadow_horizontal_length_tablet=&#8220;0px&#8220; ol_text_shadow_vertical_length_tablet=&#8220;0px&#8220; ol_text_shadow_blur_strength_tablet=&#8220;1px&#8220; quote_text_shadow_horizontal_length_tablet=&#8220;0px&#8220; quote_text_shadow_vertical_length_tablet=&#8220;0px&#8220; quote_text_shadow_blur_strength_tablet=&#8220;1px&#8220; header_text_shadow_horizontal_length_tablet=&#8220;0px&#8220; header_text_shadow_vertical_length_tablet=&#8220;0px&#8220; header_text_shadow_blur_strength_tablet=&#8220;1px&#8220; header_2_text_shadow_horizontal_length_tablet=&#8220;0px&#8220; header_2_text_shadow_vertical_length_tablet=&#8220;0px&#8220; header_2_text_shadow_blur_strength_tablet=&#8220;1px&#8220; header_3_text_shadow_horizontal_length_tablet=&#8220;0px&#8220; header_3_text_shadow_vertical_length_tablet=&#8220;0px&#8220; header_3_text_shadow_blur_strength_tablet=&#8220;1px&#8220; header_4_text_shadow_horizontal_length_tablet=&#8220;0px&#8220; header_4_text_shadow_vertical_length_tablet=&#8220;0px&#8220; header_4_text_shadow_blur_strength_tablet=&#8220;1px&#8220; header_5_text_shadow_horizontal_length_tablet=&#8220;0px&#8220; header_5_text_shadow_vertical_length_tablet=&#8220;0px&#8220; header_5_text_shadow_blur_strength_tablet=&#8220;1px&#8220; header_6_text_shadow_horizontal_length_tablet=&#8220;0px&#8220; header_6_text_shadow_vertical_length_tablet=&#8220;0px&#8220; header_6_text_shadow_blur_strength_tablet=&#8220;1px&#8220; box_shadow_horizontal_tablet=&#8220;0px&#8220; box_shadow_vertical_tablet=&#8220;0px&#8220; box_shadow_blur_tablet=&#8220;40px&#8220; box_shadow_spread_tablet=&#8220;0px&#8220;]<\/p>\n<p>Der Canal du Midi liegt etwa 1km vom Ausgang des Campingplatzes in Richtung der L\u00e4ndereien entfernt\u00a0: Stille Gew\u00e4sser, schattenspendende\u00a0 Platanen, Hausboote und Osterglocken machen den historischen Kanal zu einem beliebten Ort f\u00fcr Naturfreunde.<br \/>Wenn Sie den Weg nach links einschlagen, k\u00f6nnen Sie auf geteerten Fahrradwegen bis nach Toulouse fahren. Aber schon nach 20km haben Sie Sicht auf die 9 Schleusen von Fons\u00e9rannes.<\/p>\n<p>[\/et_pb_text][\/et_pb_column][et_pb_column type=&#8220;1_2&#8243; _builder_version=&#8220;4.3.2&#8243;][et_pb_text admin_label=&#8220;Si vous choisissez de partir vers la droite (direction Vias),&#8220; _builder_version=&#8220;4.9.4&#8243; vertical_offset_tablet=&#8220;0&#8243; horizontal_offset_tablet=&#8220;0&#8243; text_orientation=&#8220;justified&#8220; hover_enabled=&#8220;0&#8243; z_index_tablet=&#8220;0&#8243; text_orientation_tablet=&#8220;center&#8220; text_orientation_phone=&#8220;&#8220; text_orientation_last_edited=&#8220;on|tablet&#8220; text_text_shadow_horizontal_length_tablet=&#8220;0px&#8220; text_text_shadow_vertical_length_tablet=&#8220;0px&#8220; text_text_shadow_blur_strength_tablet=&#8220;1px&#8220; link_text_shadow_horizontal_length_tablet=&#8220;0px&#8220; link_text_shadow_vertical_length_tablet=&#8220;0px&#8220; link_text_shadow_blur_strength_tablet=&#8220;1px&#8220; ul_text_shadow_horizontal_length_tablet=&#8220;0px&#8220; ul_text_shadow_vertical_length_tablet=&#8220;0px&#8220; ul_text_shadow_blur_strength_tablet=&#8220;1px&#8220; ol_text_shadow_horizontal_length_tablet=&#8220;0px&#8220; ol_text_shadow_vertical_length_tablet=&#8220;0px&#8220; ol_text_shadow_blur_strength_tablet=&#8220;1px&#8220; quote_text_shadow_horizontal_length_tablet=&#8220;0px&#8220; quote_text_shadow_vertical_length_tablet=&#8220;0px&#8220; quote_text_shadow_blur_strength_tablet=&#8220;1px&#8220; header_text_shadow_horizontal_length_tablet=&#8220;0px&#8220; header_text_shadow_vertical_length_tablet=&#8220;0px&#8220; header_text_shadow_blur_strength_tablet=&#8220;1px&#8220; header_2_text_shadow_horizontal_length_tablet=&#8220;0px&#8220; header_2_text_shadow_vertical_length_tablet=&#8220;0px&#8220; header_2_text_shadow_blur_strength_tablet=&#8220;1px&#8220; header_3_text_shadow_horizontal_length_tablet=&#8220;0px&#8220; header_3_text_shadow_vertical_length_tablet=&#8220;0px&#8220; header_3_text_shadow_blur_strength_tablet=&#8220;1px&#8220; header_4_text_shadow_horizontal_length_tablet=&#8220;0px&#8220; header_4_text_shadow_vertical_length_tablet=&#8220;0px&#8220; header_4_text_shadow_blur_strength_tablet=&#8220;1px&#8220; header_5_text_shadow_horizontal_length_tablet=&#8220;0px&#8220; header_5_text_shadow_vertical_length_tablet=&#8220;0px&#8220; header_5_text_shadow_blur_strength_tablet=&#8220;1px&#8220; header_6_text_shadow_horizontal_length_tablet=&#8220;0px&#8220; header_6_text_shadow_vertical_length_tablet=&#8220;0px&#8220; header_6_text_shadow_blur_strength_tablet=&#8220;1px&#8220; box_shadow_horizontal_tablet=&#8220;0px&#8220; box_shadow_vertical_tablet=&#8220;0px&#8220; box_shadow_blur_tablet=&#8220;40px&#8220; box_shadow_spread_tablet=&#8220;0px&#8220; sticky_enabled=&#8220;0&#8243;]<\/p>\n<p>Bei starken Windb\u00f6en (hier heisst dieser Wind\u00ab\u00a0Tramontana\u00a0\u00bb), ist es nicht sehr ratsam dort hinzugehen\u00a0; auf dem R\u00fcckweg haben Sie starken R\u00fcckenwind.<br \/>Der Weg nach rechts\u00a0 (Richtung Vias)\u00a0ist ein h\u00fcgeligerer Pfad am Kanalufer, der haupts\u00e4chlich und viel von Joggern genutzt wird. 10km weiter finden Sie die einzigartigen Schleusen von Libron. F\u00fcr begeisterte S\u00fcsswasser-Matrosen gibt es auch die M\u00f6glichkeit vor Ort Motorboote mit jeweils 4 oder\u00a08 Pl\u00e4tzen auszuleihen f\u00fcr die kein Bootsschein ben\u00f6tigt wird.<\/p>\n<p><a href=\"https:\/\/www.les-sablons.com\/de\/natur-und-kultur\/\">Entdecken Sie hier weitere Aktivit\u00e4ten.<\/a><\/p>\n<p>[\/et_pb_text][\/et_pb_column][\/et_pb_row][\/et_pb_section][et_pb_section fb_built=&#8220;1&#8243; use_custom_gutter=&#8220;on&#8220; _builder_version=&#8220;4.7.7&#8243; width=&#8220;100%&#8220; max_width=&#8220;95%&#8220;][et_pb_row _builder_version=&#8220;4.7.7&#8243; _module_preset=&#8220;default&#8220;][et_pb_column type=&#8220;4_4&#8243; _builder_version=&#8220;4.7.7&#8243; _module_preset=&#8220;default&#8220;][et_pb_gallery gallery_ids=&#8220;5307,5311,5315,5319,5323,5327,5331,5335&#8243; posts_number=&#8220;8&#8243; show_title_and_caption=&#8220;off&#8220; _builder_version=&#8220;4.7.7&#8243; _module_preset=&#8220;default&#8220;][\/et_pb_gallery][\/et_pb_column][\/et_pb_row][\/et_pb_section][et_pb_section fb_built=&#8220;1&#8243; fullwidth=&#8220;on&#8220; _builder_version=&#8220;4.6.1&#8243; _module_preset=&#8220;default&#8220;][et_pb_fullwidth_code _builder_version=&#8220;4.6.1&#8243; _module_preset=&#8220;default&#8220;][\/et_pb_fullwidth_code][\/et_pb_section][et_pb_section fb_built=&#8220;1&#8243; module_class=&#8220;ls_link_before_footer&#8220; _builder_version=&#8220;4.7.7&#8243; background_color=&#8220;#afd4dd&#8220; global_module=&#8220;4180&#8243;][et_pb_row _builder_version=&#8220;4.3.2&#8243;][et_pb_column type=&#8220;4_4&#8243; _builder_version=&#8220;4.3.2&#8243;][et_pb_text admin_label=&#8220;CAMPINGPLATZ 5* LES SABLONS&#8220; module_class=&#8220;texte-cloud&#8220; _builder_version=&#8220;4.7.7&#8243; text_text_color=&#8220;#463c3c&#8220; text_font_size=&#8220;15px&#8220; header_2_font_size=&#8220;30px&#8220; header_3_font_size=&#8220;30px&#8220; header_2_font_size_tablet=&#8220;25px&#8220; header_2_font_size_phone=&#8220;&#8220; header_2_font_size_last_edited=&#8220;on|desktop&#8220; header_3_font_size_tablet=&#8220;25px&#8220; header_3_font_size_phone=&#8220;&#8220; header_3_font_size_last_edited=&#8220;on|desktop&#8220;]<\/p>\n<h3>CAMPINGPLATZ 5*<br \/>LES SABLONS<\/h3>\n<p>Camping 5* Les Sablons am meer zwischen Vias &#038; Portiragnes<\/p>\n<p>[\/et_pb_text][\/et_pb_column][\/et_pb_row][et_pb_row column_structure=&#8220;1_3,1_3,1_3&#8243; use_custom_gutter=&#8220;on&#8220; gutter_width=&#8220;2&#8243; make_equal=&#8220;on&#8220; _builder_version=&#8220;4.3.2&#8243;][et_pb_column type=&#8220;1_3&#8243; _builder_version=&#8220;4.3.2&#8243;][et_pb_blurb title=&#8220;STANDORT&#8220; image=&#8220;https:\/\/www.les-sablons.com\/wp-content\/uploads\/2020\/12\/camping-les-sablons-le-lieu-1-11.jpg&#8220; admin_label=&#8220;STANDORT&#8220; _builder_version=&#8220;4.7.7&#8243; custom_css_blurb_image=&#8220;margin-left: -16px;&#8220; custom_css_blurb_title=&#8220;margin-top: -10px;&#8220;]<\/p>\n<p>Direkter Zugang zum Strand<br \/>Allgegenw\u00e4rtige Natur<br \/>Gro\u00dfz\u00fcgige Pl\u00e4tze<br \/>Mediterranes Klima<\/p>\n<p>[\/et_pb_blurb][\/et_pb_column][et_pb_column type=&#8220;1_3&#8243; _builder_version=&#8220;4.3.2&#8243;][et_pb_blurb title=&#8220;AMBIANCE&#8220; image=&#8220;https:\/\/www.les-sablons.com\/wp-content\/uploads\/2020\/12\/camping-les-sablons-l-ambiance-1-1-1.jpg&#8220; admin_label=&#8220;AMBIANCE&#8220; _builder_version=&#8220;4.7.7&#8243; custom_css_blurb_image=&#8220;margin-left: -16px;&#8220; custom_css_blurb_title=&#8220;margin-top: -10px;&#8220;]<\/p>\n<p>Animationsprogramm<br \/>Konzentrierte und ansteckende Energie<br \/>Ein europ\u00e4ischer \u201cMelting Pot\u201d<br \/>Die kommunikative Freude der Kinder<\/p>\n<p>[\/et_pb_blurb][\/et_pb_column][et_pb_column type=&#8220;1_3&#8243; _builder_version=&#8220;4.3.2&#8243;][et_pb_blurb title=&#8220;POOLANLAGE&#8220; image=&#8220;https:\/\/www.les-sablons.com\/wp-content\/uploads\/2020\/12\/camping-les-sablons-parc-aquatique-1.jpg&#8220; admin_label=&#8220;POOLANLAGE&#8220; _builder_version=&#8220;4.7.7&#8243; custom_css_blurb_image=&#8220;margin-left: -16px;&#8220; custom_css_blurb_title=&#8220;margin-top: -10px;&#8220;]<\/p>\n<p>1 Becken zum Spielen, 1 Becken zum Schwimmen<br \/>1 Planschbecken, 5 Wasserrutschen<br \/>1 Wellnessbereich f\u00fcr Erwachsene<br \/>Alles beheizt und st\u00e4ndig bewacht<\/p>\n<p>[\/et_pb_blurb][\/et_pb_column][\/et_pb_row][et_pb_row column_structure=&#8220;1_3,1_3,1_3&#8243; use_custom_gutter=&#8220;on&#8220; gutter_width=&#8220;2&#8243; make_equal=&#8220;on&#8220; _builder_version=&#8220;4.3.2&#8243;][et_pb_column type=&#8220;1_3&#8243; _builder_version=&#8220;4.3.2&#8243;][et_pb_blurb title=&#8220;AUSWAHL&#8220; image=&#8220;https:\/\/www.les-sablons.com\/wp-content\/uploads\/2020\/12\/camping-les-sablons-le-choix-1.jpg&#8220; admin_label=&#8220;AUSWAHL&#8220; _builder_version=&#8220;4.7.7&#8243; custom_css_blurb_image=&#8220;margin-left: -16px;&#8220; custom_css_blurb_title=&#8220;margin-top: -10px;&#8220;]<\/p>\n<p>120 Stellpl\u00e4tze<br \/>Mobilheime, Chalets<br \/>Lodge Zelte &amp; VIP Bereich<br \/>Alle Unterk\u00fcnfte sind klimatisiert (ausser Zelte)<\/p>\n<p>[\/et_pb_blurb][\/et_pb_column][et_pb_column type=&#8220;1_3&#8243; _builder_version=&#8220;4.3.2&#8243;][et_pb_blurb title=&#8220;SERVICE-EINRICHTUNGEN&#8220; image=&#8220;https:\/\/www.les-sablons.com\/wp-content\/uploads\/2020\/12\/camping-les-sablons-les-services-1.jpg&#8220; admin_label=&#8220;SERVICE-EINRICHTUNGEN&#8220; _builder_version=&#8220;4.7.7&#8243; custom_css_blurb_image=&#8220;margin-left: -16px;&#8220; custom_css_blurb_title=&#8220;margin-top: -10px;&#8220;]<\/p>\n<p>Restaurant, Bar, Supermarkt, Fahrradverleih, Food Trucks<br \/>B\u00e4ckerei, Zeitungsstand, Geldautomat\u2026<br \/>Alles am Platz 7\/7<br \/>Das Informationsb\u00fcro<\/p>\n<p>[\/et_pb_blurb][\/et_pb_column][et_pb_column type=&#8220;1_3&#8243; _builder_version=&#8220;4.3.2&#8243;][et_pb_blurb title=&#8220;UND AUSSERDEM&#8220; image=&#8220;https:\/\/www.les-sablons.com\/wp-content\/uploads\/2020\/12\/camping-les-sablons-le-plus-1.jpg&#8220; admin_label=&#8220;UND AUSSERDEM&#8220; _builder_version=&#8220;4.7.7&#8243; custom_css_blurb_image=&#8220;margin-left: -16px;&#8220; custom_css_blurb_title=&#8220;margin-top: -10px;&#8220;]<\/p>\n<p>Freie Wahl des An- und Abreisedatums<br \/>Unabh\u00e4ngiger Campingplatz in privater Hand<br \/>50 Jahre Erfahrung<br \/>Eine gro\u00dfe Gemeinschaft von langj\u00e4hrigen G\u00e4sten<\/p>\n<p>[\/et_pb_blurb][\/et_pb_column][\/et_pb_row][\/et_pb_section][et_pb_section fb_built=&#8220;1&#8243; module_class=&#8220;footer-widgets&#8220; _builder_version=&#8220;4.7.7&#8243; background_color=&#8220;#3796aa&#8220; custom_padding=&#8220;0px||10px||false|false&#8220; global_module=&#8220;1035&#8243; saved_tabs=&#8220;all&#8220; collapsed=&#8220;off&#8220;][et_pb_row column_structure=&#8220;1_3,1_3,1_3&#8243; use_custom_gutter=&#8220;on&#8220; gutter_width=&#8220;2&#8243; make_equal=&#8220;on&#8220; disabled_on=&#8220;on|on|off&#8220; module_class=&#8220;footer-infos&#8220; _builder_version=&#8220;4.2.2&#8243; width=&#8220;100%&#8220; width_tablet=&#8220;auto&#8220; width_phone=&#8220;auto&#8220; width_last_edited=&#8220;on|phone&#8220; max_width=&#8220;1235px&#8220; max_width_tablet=&#8220;none&#8220; max_width_phone=&#8220;none&#8220; max_width_last_edited=&#8220;on|phone&#8220; custom_padding=&#8220;||10px||false|false&#8220;][et_pb_column type=&#8220;1_3&#8243; _builder_version=&#8220;4.2.2&#8243; custom_padding=&#8220;|||20px|false|false&#8220; custom_padding_tablet=&#8220;|||0px|false|false&#8220; custom_padding_phone=&#8220;&#8220; custom_padding_last_edited=&#8220;on|desktop&#8220;][et_pb_blurb title=&#8220;Hotline 7\/7j&#8220; admin_label=&#8220;Hotline 7\/7j&#8220; _builder_version=&#8220;4.7.7&#8243; header_font=&#8220;|||on|||||&#8220; header_text_color=&#8220;#ffffff&#8220; body_text_color=&#8220;#ffffff&#8220;]<\/p>\n<p class=\"ls_footer_social_2\">Stellen Sie uns alle Ihre Fragen von 9.00 bis 19.00 Uhr.<\/p>\n<p><a href=\"tel:+33467909055\"><span style=\"color: #ffffff; font-size: 16px;\">+33 4 67 90 90 55<\/span><\/a><\/p>\n<p>[\/et_pb_blurb][\/et_pb_column][et_pb_column type=&#8220;1_3&#8243; _builder_version=&#8220;4.2.2&#8243;][et_pb_blurb title=&#8220;Folge uns&#8220; admin_label=&#8220;Follow us&#8220; _builder_version=&#8220;4.7.7&#8243; header_font=&#8220;|||on|||||&#8220; header_text_color=&#8220;#ffffff&#8220; body_text_color=&#8220;#ffffff&#8220; custom_padding=&#8220;||0px||false|false&#8220; custom_css_main_element=&#8220;margin-bottom: 0 !important;&#8220;]<\/p>\n<p class=\"ls_footer_social\">Teilen Sie das Campingleben mit Ihren Freunden und Ihrer Familie<\/p>\n<p>[\/et_pb_blurb][et_pb_social_media_follow admin_label=&#8220;Follow us on social media&#8220; _builder_version=&#8220;4.7.7&#8243;][et_pb_social_media_follow_network social_network=&#8220;facebook&#8220; url=&#8220;https:\/\/www.facebook.com\/CampingClubLesSablons&#8220; icon_color=&#8220;#ffffff&#8220; _builder_version=&#8220;4.2.2&#8243; background_color=&#8220;rgba(59,89,152,0)&#8220; background_enable_color=&#8220;on&#8220; follow_button=&#8220;off&#8220; url_new_window=&#8220;on&#8220;]facebook[\/et_pb_social_media_follow_network][et_pb_social_media_follow_network social_network=&#8220;pinterest&#8220; url=&#8220;https:\/\/www.pinterest.fr\/campingsablons\/&#8220; icon_color=&#8220;#ffffff&#8220; _builder_version=&#8220;4.2.2&#8243; background_color=&#8220;rgba(203,32,39,0)&#8220; background_enable_color=&#8220;on&#8220; follow_button=&#8220;off&#8220; url_new_window=&#8220;on&#8220;]pinterest[\/et_pb_social_media_follow_network][et_pb_social_media_follow_network social_network=&#8220;youtube&#8220; url=&#8220;https:\/\/www.youtube.com\/channel\/UCJH1bcXs5nLomrHW-Efn-JA?feature=mhee&#8220; icon_color=&#8220;#ffffff&#8220; _builder_version=&#8220;4.2.2&#8243; background_color=&#8220;rgba(168,36,0,0)&#8220; background_enable_color=&#8220;on&#8220; follow_button=&#8220;off&#8220; url_new_window=&#8220;on&#8220;]youtube[\/et_pb_social_media_follow_network][et_pb_social_media_follow_network social_network=&#8220;instagram&#8220; url=&#8220;https:\/\/www.instagram.com\/campinglessablons\/&#8220; icon_color=&#8220;#ffffff&#8220; _builder_version=&#8220;4.2.2&#8243; background_color=&#8220;rgba(10,4,1,0)&#8220; background_enable_color=&#8220;on&#8220; follow_button=&#8220;off&#8220; url_new_window=&#8220;on&#8220;]instagram[\/et_pb_social_media_follow_network][\/et_pb_social_media_follow][\/et_pb_column][et_pb_column type=&#8220;1_3&#8243; _builder_version=&#8220;4.2.2&#8243;][et_pb_blurb title=&#8220;Newsletter&#8220; admin_label=&#8220;Newsletter&#8220; _builder_version=&#8220;4.7.7&#8243; header_font=&#8220;|||on|||||&#8220; header_text_color=&#8220;#ffffff&#8220; body_text_color=&#8220;#ffffff&#8220; custom_css_main_element=&#8220;margin-bottom: 0px !important;&#8220;]<\/p>\n<p>Erhalten Sie Neuigkeiten und Aktionen von Ihrem Campingplatz<\/p>\n<p>[\/et_pb_blurb][et_pb_code admin_label=&#8220;Code &#8211; Newsletter&#8220; _builder_version=&#8220;4.7.7&#8243; custom_margin=&#8220;-20px||||false|false&#8220;]<p><div class=\"tnp tnp-subscription \">\n<form method=\"post\" action=\"https:\/\/www.les-sablons.com\/de\/?na=s\">\n\n<input type=\"hidden\" name=\"nlang\" value=\"de\"><div class=\"tnp-field tnp-field-email\"><label for=\"tnp-1\">E-Mail-Adresse<\/label>\n<input class=\"tnp-email\" type=\"email\" name=\"ne\" id=\"tnp-1\" value=\"\" required><\/div>\n<div class=\"tnp-field tnp-field-button\"><input class=\"tnp-submit\" type=\"submit\" value=\"https:\/\/www.les-sablons.com\/wp-content\/uploads\/2020\/02\/send.png\" >\n<\/div>\n<\/form>\n<\/div>\n<\/p>[\/et_pb_code][\/et_pb_column][\/et_pb_row][et_pb_row disabled_on=&#8220;on|on|off&#8220; _builder_version=&#8220;4.2.2&#8243; width=&#8220;100%&#8220; width_tablet=&#8220;auto&#8220; width_phone=&#8220;auto&#8220; width_last_edited=&#8220;on|phone&#8220; max_width=&#8220;1235px&#8220; max_width_tablet=&#8220;none&#8220; max_width_phone=&#8220;none&#8220; max_width_last_edited=&#8220;on|phone&#8220; custom_margin=&#8220;0px||||false|false&#8220; custom_padding=&#8220;0px||0px||true|false&#8220;][et_pb_column type=&#8220;4_4&#8243; _builder_version=&#8220;4.2.2&#8243;][et_pb_divider color=&#8220;#333333&#8243; divider_position=&#8220;center&#8220; divider_weight=&#8220;1px&#8220; _builder_version=&#8220;4.7.7&#8243; module_alignment=&#8220;center&#8220; height=&#8220;1px&#8220;][\/et_pb_divider][\/et_pb_column][\/et_pb_row][et_pb_row column_structure=&#8220;2_3,1_3&#8243; use_custom_gutter=&#8220;on&#8220; gutter_width=&#8220;4&#8243; make_equal=&#8220;on&#8220; disabled_on=&#8220;on|on|off&#8220; module_class=&#8220;footer-recrutons&#8220; _builder_version=&#8220;4.2.2&#8243; width=&#8220;100%&#8220; width_tablet=&#8220;auto&#8220; width_phone=&#8220;auto&#8220; width_last_edited=&#8220;on|phone&#8220; max_width=&#8220;1235px&#8220; max_width_tablet=&#8220;none&#8220; max_width_phone=&#8220;none&#8220; max_width_last_edited=&#8220;on|phone&#8220;][et_pb_column type=&#8220;2_3&#8243; _builder_version=&#8220;4.2.2&#8243; custom_padding=&#8220;|||20px|false|false&#8220; custom_padding_tablet=&#8220;|||0px|false|false&#8220; custom_padding_phone=&#8220;&#8220; custom_padding_last_edited=&#8220;on|desktop&#8220;][et_pb_text admin_label=&#8220;5 star campsite Les Sablons&#8220; _builder_version=&#8220;4.9.4&#8243; text_text_color=&#8220;#ffffff&#8220; link_option_url=&#8220;https:\/\/www.google.fr\/maps\/place\/Camping+les+Sablons+5+%C3%A9toiles\/@43.2801167,3.3615559,17z\/data=!3m1!4b1!4m8!3m7!1s0x12b110cb8904248b:0xa4f1250526d3159!5m2!4m1!1i2!8m2!3d43.2801167!4d3.3637446&#8243; link_option_url_new_window=&#8220;on&#8220;]Camping 5 \u00e9toiles Les Sablons<br \/>\nAvenue des M\u00fbriers<br \/>\n34420 Portiragnes-Plage<br \/>\nFrance<br \/>\n<a href=\"https:\/\/qualite-tourisme-occitanie.fr\/\" target=\"_blank\" rel=\"noopener\"><img decoding=\"async\" class=\"qualite_tourisme alignleft wp-image-14181\" src=\"https:\/\/www.les-sablons.com\/wp-content\/uploads\/2020\/02\/logo-qualite\u0301-tourisme.png\" alt=\"\" width=\"125\" height=\"121\" \/><\/a>[\/et_pb_text][et_pb_text disabled_on=&#8220;off|off|off&#8220; admin_label=&#8220;Bouton &#8211; Menu&#8220; _builder_version=&#8220;4.7.7&#8243; text_text_color=&#8220;#ffffff&#8220;]<\/p>\n<div class=\"footer-button\">\n<a href=\"\/plan-dacces\/\" class=\"learn_more\">Stra\u00dfenkarte<\/a>\n<\/div>\n<div class=\"footer-button\">\n<a href=\"\/contact\/\" class=\"learn_more\">KONTAKTIERE UNS<\/a>\n<\/div>\n<div class=\"footer-button\">\n<a href=\"\/questions-frequentes\/\" class=\"learn_more\">F.A.Q<\/a>\n<\/div>\n<div class=\"footer-button\">\n<a href=\"https:\/\/thelisresa.webcamp.fr\/formulaire.php?camping=sablons&#038;lang=de\" class=\"learn_more\">BUCH<\/a>\n<\/div>\n<p>[\/et_pb_text][\/et_pb_column][et_pb_column type=&#8220;1_3&#8243; _builder_version=&#8220;4.2.2&#8243;][et_pb_blurb title=&#8220;Wir stellen ein&#8220; admin_label=&#8220;Nous recrutons&#8220; _builder_version=&#8220;4.7.7&#8243; header_font=&#8220;|||on|||||&#8220; header_text_color=&#8220;#ffffff&#8220; body_text_color=&#8220;#ffffff&#8220; custom_css_main_element=&#8220;margin-bottom: 20px !important;&#8220;]In jeder Saison stellt Camping Les Sablons neue Mitarbeiter f\u00fcr verschiedene Dienstleistungen ein:<br \/>\nAnimation, Schwimmbad, Bar, Rezeption, Gr\u00fcnfl\u00e4chen und Wartung, Wartung und Reinigung und mehr!<br \/>\nZ\u00f6gern Sie nicht, sich f\u00fcr einen Saisonvertrag oder ein Praktikum zu bewerben[\/et_pb_blurb][et_pb_button button_url=&#8220;https:\/\/careers.werecruit.io\/fr\/camping-les-sablons&#8220; url_new_window=&#8220;on&#8220; button_text=&#8220;Postulat&#8220; button_alignment=&#8220;left&#8220; button_alignment_tablet=&#8220;center&#8220; button_alignment_phone=&#8220;&#8220; button_alignment_last_edited=&#8220;on|tablet&#8220; admin_label=&#8220;Bouton &#8211; Postuler&#8220; _builder_version=&#8220;4.7.7&#8243; custom_button=&#8220;on&#8220; button_text_size=&#8220;12px&#8220; button_text_color=&#8220;#ffffff&#8220; button_border_width=&#8220;1px&#8220; button_border_color=&#8220;#ffffff&#8220; button_font=&#8220;|||on|||||&#8220; button_use_icon=&#8220;off&#8220; button_text_size__hover_enabled=&#8220;on|hover&#8220; button_bg_color__hover_enabled=&#8220;on|hover&#8220; button_text_color__hover_enabled=&#8220;on|hover&#8220; button_text_color__hover=&#8220;#40a8c5&#8243; button_bg_color__hover=&#8220;#ffffff&#8220; button_bg_enable_color__hover=&#8220;on&#8220; button_border_color__hover_enabled=&#8220;on|desktop&#8220; button_border_color__hover=&#8220;#ffffff&#8220;][\/et_pb_button][\/et_pb_column][\/et_pb_row][et_pb_row disabled_on=&#8220;on|on|off&#8220; _builder_version=&#8220;4.2.2&#8243; width=&#8220;100%&#8220; width_tablet=&#8220;auto&#8220; width_phone=&#8220;auto&#8220; width_last_edited=&#8220;on|phone&#8220; max_width=&#8220;1235px&#8220; max_width_tablet=&#8220;none&#8220; max_width_phone=&#8220;&#8220; max_width_last_edited=&#8220;on|phone&#8220; custom_margin=&#8220;0px||||false|false&#8220; custom_padding=&#8220;0px||0px||true|false&#8220;][et_pb_column type=&#8220;4_4&#8243; _builder_version=&#8220;4.2.2&#8243;][et_pb_divider color=&#8220;#333333&#8243; divider_position=&#8220;center&#8220; divider_weight=&#8220;1px&#8220; _builder_version=&#8220;4.7.7&#8243; module_alignment=&#8220;center&#8220; height=&#8220;1px&#8220;][\/et_pb_divider][\/et_pb_column][\/et_pb_row][et_pb_row disabled_on=&#8220;off|off|on&#8220; _builder_version=&#8220;4.2.2&#8243;][et_pb_column type=&#8220;4_4&#8243; _builder_version=&#8220;4.2.2&#8243;][et_pb_blurb title=&#8220;Hotline 7\/7j&#8220; admin_label=&#8220;Hotline 7\/7j&#8220; module_class=&#8220;footer-info&#8220; _builder_version=&#8220;4.7.7&#8243; header_font=&#8220;|||on|||||&#8220; header_text_color=&#8220;#ffffff&#8220; body_text_color=&#8220;#ffffff&#8220; custom_css_main_element=&#8220;margin-bottom: 20px !important;&#8220;]Stellen Sie uns alle Ihre Fragen von 9.00 bis 19.00 Uhr.<br \/>\n<a href=\"tel:+33467909055\"><span style=\"color: #ffffff; font-size: 16px;\">+33 4 67 90 90 55<\/span><\/a>[\/et_pb_blurb][et_pb_divider color=&#8220;#9d1412&#8243; divider_position=&#8220;center&#8220; divider_weight=&#8220;1px&#8220; _builder_version=&#8220;4.2.2&#8243; module_alignment=&#8220;center&#8220; height=&#8220;1px&#8220;][\/et_pb_divider][et_pb_blurb title=&#8220;Newsletter&#8220; admin_label=&#8220;Newsletter&#8220; module_class=&#8220;footer-info&#8220; _builder_version=&#8220;4.7.7&#8243; header_font=&#8220;|||on|||||&#8220; header_text_color=&#8220;#ff4e1f&#8220; body_text_color=&#8220;#ffffff&#8220; custom_css_main_element=&#8220;margin-bottom: 0px !important;&#8220;]<\/p>\n<p>Erhalten Sie Neuigkeiten und Aktionen von Ihrem Campingplatz<\/p>\n<p>[\/et_pb_blurb][et_pb_code admin_label=&#8220;Code &#8211; Newsletter&#8220; _builder_version=&#8220;4.2.2&#8243; custom_margin=&#8220;-20px||||false|false&#8220;]<p><div class=\"tnp tnp-subscription \">\n<form method=\"post\" action=\"https:\/\/www.les-sablons.com\/de\/?na=s\">\n\n<input type=\"hidden\" name=\"nlang\" value=\"de\"><div class=\"tnp-field tnp-field-email\"><label for=\"tnp-3\">E-Mail-Adresse<\/label>\n<input class=\"tnp-email\" type=\"email\" name=\"ne\" id=\"tnp-3\" value=\"\" required><\/div>\n<div class=\"tnp-field tnp-field-button\"><input class=\"tnp-submit\" type=\"submit\" value=\"https:\/\/www.les-sablons.com\/wp-content\/uploads\/2020\/02\/send.png\" >\n<\/div>\n<\/form>\n<\/div>\n<\/p>[\/et_pb_code][et_pb_divider color=&#8220;#9d1412&#8243; divider_position=&#8220;center&#8220; divider_weight=&#8220;1px&#8220; _builder_version=&#8220;4.2.2&#8243; module_alignment=&#8220;center&#8220; height=&#8220;1px&#8220;][\/et_pb_divider][et_pb_blurb title=&#8220;Wir stellen ein&#8220; admin_label=&#8220;Nous recrutons&#8220; module_class=&#8220;footer-info&#8220; _builder_version=&#8220;4.7.7&#8243; header_font=&#8220;|||on|||||&#8220; header_text_color=&#8220;#ff4e1f&#8220; body_text_color=&#8220;#ffffff&#8220; custom_css_main_element=&#8220;margin-bottom: 20px !important;&#8220;]In jeder Saison stellt Camping Les Sablons neue Mitarbeiter f\u00fcr verschiedene Dienstleistungen ein:<br \/>\nAnimation, Schwimmbad, Bar, Rezeption, Gr\u00fcnfl\u00e4chen und Wartung, Wartung und Reinigung und mehr!<br \/>\nZ\u00f6gern Sie nicht, sich f\u00fcr einen Saisonvertrag oder ein Praktikum zu bewerben[\/et_pb_blurb][et_pb_button button_url=&#8220;https:\/\/careers.werecruit.io\/fr\/camping-les-sablons&#8220; url_new_window=&#8220;on&#8220; button_text=&#8220;Postulat&#8220; button_alignment=&#8220;left&#8220; button_alignment_tablet=&#8220;center&#8220; button_alignment_phone=&#8220;&#8220; button_alignment_last_edited=&#8220;on|tablet&#8220; admin_label=&#8220;Bouton &#8211; Postuler&#8220; _builder_version=&#8220;4.7.7&#8243; custom_button=&#8220;on&#8220; button_text_size=&#8220;12px&#8220; button_text_color=&#8220;#ffffff&#8220; button_border_width=&#8220;1px&#8220; button_border_color=&#8220;#ffffff&#8220; button_font=&#8220;|||on|||||&#8220; button_use_icon=&#8220;off&#8220; button_text_size__hover_enabled=&#8220;on|hover&#8220; button_bg_color__hover_enabled=&#8220;on|hover&#8220; button_text_color__hover_enabled=&#8220;on|desktop&#8220; button_text_color__hover=&#8220;#ffffff&#8220; button_bg_color__hover=&#8220;#eb1d1a&#8220; button_bg_enable_color__hover=&#8220;on&#8220; button_border_color__hover_enabled=&#8220;on|desktop&#8220; button_border_color__hover=&#8220;#eb1d1a&#8220;][\/et_pb_button][et_pb_divider color=&#8220;#9d1412&#8243; divider_position=&#8220;center&#8220; divider_weight=&#8220;1px&#8220; _builder_version=&#8220;4.2.2&#8243; module_alignment=&#8220;center&#8220; height=&#8220;1px&#8220;][\/et_pb_divider][et_pb_blurb title=&#8220;Folge uns&#8220; admin_label=&#8220;Nous suivre&#8220; module_class=&#8220;footer-info&#8220; _builder_version=&#8220;4.7.7&#8243; header_font=&#8220;|||on|||||&#8220; header_text_color=&#8220;#ffffff&#8220; body_text_color=&#8220;#ffffff&#8220; custom_padding=&#8220;||0px||false|false&#8220; custom_css_main_element=&#8220;margin-bottom: 0 !important;&#8220;]<\/p>\n<p>Teilen Sie das Campingleben mit Ihren Freunden und Ihrer Familie<\/p>\n<p>[\/et_pb_blurb][et_pb_social_media_follow _builder_version=&#8220;4.7.7&#8243;][et_pb_social_media_follow_network social_network=&#8220;facebook&#8220; url=&#8220;https:\/\/www.facebook.com\/CampingClubLesSablons&#8220; icon_color=&#8220;#ffffff&#8220; _builder_version=&#8220;4.2.2&#8243; background_color=&#8220;rgba(59,89,152,0)&#8220; background_enable_color=&#8220;on&#8220; follow_button=&#8220;off&#8220; url_new_window=&#8220;on&#8220;]facebook[\/et_pb_social_media_follow_network][et_pb_social_media_follow_network social_network=&#8220;pinterest&#8220; url=&#8220;https:\/\/www.pinterest.fr\/campingsablons\/&#8220; icon_color=&#8220;#ffffff&#8220; _builder_version=&#8220;4.2.2&#8243; background_color=&#8220;rgba(203,32,39,0)&#8220; background_enable_color=&#8220;on&#8220; follow_button=&#8220;off&#8220; url_new_window=&#8220;on&#8220;]pinterest[\/et_pb_social_media_follow_network][et_pb_social_media_follow_network social_network=&#8220;youtube&#8220; url=&#8220;https:\/\/www.youtube.com\/channel\/UCJH1bcXs5nLomrHW-Efn-JA?feature=mhee&#8220; icon_color=&#8220;#ffffff&#8220; _builder_version=&#8220;4.2.2&#8243; background_color=&#8220;rgba(168,36,0,0)&#8220; background_enable_color=&#8220;on&#8220; follow_button=&#8220;off&#8220; url_new_window=&#8220;on&#8220;]youtube[\/et_pb_social_media_follow_network][et_pb_social_media_follow_network social_network=&#8220;instagram&#8220; url=&#8220;https:\/\/www.instagram.com\/campinglessablons\/&#8220; icon_color=&#8220;#ffffff&#8220; _builder_version=&#8220;4.2.2&#8243; background_color=&#8220;rgba(10,4,1,0)&#8220; background_enable_color=&#8220;on&#8220; follow_button=&#8220;off&#8220; url_new_window=&#8220;on&#8220;]instagram[\/et_pb_social_media_follow_network][\/et_pb_social_media_follow][et_pb_divider color=&#8220;#9d1412&#8243; divider_position=&#8220;center&#8220; divider_weight=&#8220;1px&#8220; _builder_version=&#8220;4.2.2&#8243; module_alignment=&#8220;center&#8220; height=&#8220;1px&#8220;][\/et_pb_divider][et_pb_text module_class=&#8220;footer-propos&#8220; _builder_version=&#8220;4.9.4&#8243; text_text_color=&#8220;#ffffff&#8220; text_orientation=&#8220;center&#8220; link_option_url=&#8220;https:\/\/www.google.fr\/maps\/place\/Camping+les+Sablons+5+%C3%A9toiles\/@43.2801167,3.3615559,17z\/data=!3m1!4b1!4m8!3m7!1s0x12b110cb8904248b:0xa4f1250526d3159!5m2!4m1!1i2!8m2!3d43.2801167!4d3.3637446&#8243; link_option_url_new_window=&#8220;on&#8220;]<\/p>\n<p>Camping 5 \u00e9toiles Les Sablons<br \/>Avenue des M\u00fbriers<br \/>34420 Portiragnes-Plage<br \/>France<\/p>\n<p><a href=\"https:\/\/qualite-tourisme-occitanie.fr\/\" target=\"_blank\" rel=\"noopener\"><img decoding=\"async\" class=\"qualite_tourisme wp-image-14181 aligncenter\" src=\"https:\/\/www.les-sablons.com\/wp-content\/uploads\/2020\/02\/logo-qualite\u0301-tourisme.png\" alt=\"\" width=\"125\" height=\"121\" \/><\/a><\/p>\n<p>[\/et_pb_text][et_pb_divider color=&#8220;#9d1412&#8243; divider_position=&#8220;center&#8220; divider_weight=&#8220;1px&#8220; _builder_version=&#8220;4.2.2&#8243; module_alignment=&#8220;center&#8220; height=&#8220;1px&#8220;][\/et_pb_divider][et_pb_text disabled_on=&#8220;off|off|off&#8220; admin_label=&#8220;Bouton &#8211; Menu&#8220; _builder_version=&#8220;4.7.7&#8243; text_text_color=&#8220;#ffffff&#8220;]<\/p>\n<div class=\"footer-button\"><a class=\"learn_more\" href=\"\/de\/anreiseplan\/\">Stra\u00dfenkarte<\/a><\/div>\n<div class=\"footer-button\"><a class=\"learn_more\" href=\"\/contact\/\">KONTAKTIERE UNS<\/a><\/div>\n<div class=\"footer-button\"><a class=\"learn_more\" href=\"\/de\/haeufig-fragen\/\">F.A.Q<\/a><\/div>\n<div class=\"footer-button\"><a class=\"learn_more\" href=\"https:\/\/thelisresa.webcamp.fr\/formulaire.php?camping=sablons&#038;lang=de\">BUCH<\/a><\/div>\n<p>[\/et_pb_text][\/et_pb_column][\/et_pb_row][\/et_pb_section]<\/p>\n","protected":false},"excerpt":{"rendered":"<p>Lorem ipsum dolor sit amet, consectetur adipiscing elit. Fusce facilisis sollicitudin leo vitae egestas. Sed urna tortor, cursus in condimentum eget, consequat et sem. Fusce fermentum, magna sit amet mollis placerat, diam arcu vulputate dolor, at suscipit ipsum tellus in turpis<\/p>\n","protected":false},"author":1,"featured_media":5314,"parent":8408,"menu_order":0,"comment_status":"closed","ping_status":"closed","template":"","meta":{"_acf_changed":false,"_et_pb_use_builder":"on","_et_pb_old_content":"","_et_gb_content_width":"","inline_featured_image":false,"footnotes":""},"acf":[],"yoast_head":"<!-- This site is optimized with the Yoast SEO plugin v22.0 - https:\/\/yoast.com\/wordpress\/plugins\/seo\/ -->\n<title>Der Kanal du Midi<\/title>\n<meta name=\"description\" content=\"Der Canal du Midi liegt etwa 1km vom Ausgang des Campingplatzes in Richtung der L\u00e4ndereien entfernt : Stille Gew\u00e4sser, schattenspendende Platanen\" \/>\n<meta name=\"robots\" content=\"index, follow, max-snippet:-1, max-image-preview:large, max-video-preview:-1\" \/>\n<link rel=\"canonical\" href=\"https:\/\/www.les-sablons.com\/de\/sehenswertes\/canal-du-midi\/\" \/>\n<meta property=\"og:locale\" content=\"de_DE\" \/>\n<meta property=\"og:type\" content=\"article\" \/>\n<meta property=\"og:title\" content=\"Der Kanal du Midi\" \/>\n<meta property=\"og:description\" content=\"Der Canal du Midi liegt etwa 1km vom Ausgang des Campingplatzes in Richtung der L\u00e4ndereien entfernt : Stille Gew\u00e4sser, schattenspendende Platanen\" \/>\n<meta property=\"og:url\" content=\"https:\/\/www.les-sablons.com\/de\/sehenswertes\/canal-du-midi\/\" \/>\n<meta property=\"og:site_name\" content=\"Camping ***** les Sablons\" \/>\n<meta property=\"article:modified_time\" content=\"2021-09-06T13:25:37+00:00\" \/>\n<meta property=\"og:image\" content=\"https:\/\/www.les-sablons.com\/wp-content\/uploads\/2020\/12\/CANAL-MIDI-2015-3-1030x684-1.jpg\" \/>\n\t<meta property=\"og:image:width\" content=\"1030\" \/>\n\t<meta property=\"og:image:height\" content=\"684\" \/>\n\t<meta property=\"og:image:type\" content=\"image\/jpeg\" \/>\n<meta name=\"twitter:card\" content=\"summary_large_image\" \/>\n<meta name=\"twitter:label1\" content=\"Gesch\u00e4tzte Lesezeit\" \/>\n\t<meta name=\"twitter:data1\" content=\"19\u00a0Minuten\" \/>\n<script type=\"application\/ld+json\" class=\"yoast-schema-graph\">{\"@context\":\"https:\/\/schema.org\",\"@graph\":[{\"@type\":\"WebPage\",\"@id\":\"https:\/\/www.les-sablons.com\/de\/sehenswertes\/canal-du-midi\/\",\"url\":\"https:\/\/www.les-sablons.com\/de\/sehenswertes\/canal-du-midi\/\",\"name\":\"Der Kanal du Midi\",\"isPartOf\":{\"@id\":\"https:\/\/www.les-sablons.com\/de\/#website\"},\"datePublished\":\"2020-12-29T12:29:06+00:00\",\"dateModified\":\"2021-09-06T13:25:37+00:00\",\"description\":\"Der Canal du Midi liegt etwa 1km vom Ausgang des Campingplatzes in Richtung der L\u00e4ndereien entfernt : Stille Gew\u00e4sser, schattenspendende Platanen\",\"breadcrumb\":{\"@id\":\"https:\/\/www.les-sablons.com\/de\/sehenswertes\/canal-du-midi\/#breadcrumb\"},\"inLanguage\":\"de\",\"potentialAction\":[{\"@type\":\"ReadAction\",\"target\":[\"https:\/\/www.les-sablons.com\/de\/sehenswertes\/canal-du-midi\/\"]}]},{\"@type\":\"BreadcrumbList\",\"@id\":\"https:\/\/www.les-sablons.com\/de\/sehenswertes\/canal-du-midi\/#breadcrumb\",\"itemListElement\":[{\"@type\":\"ListItem\",\"position\":1,\"name\":\"Accueil\",\"item\":\"https:\/\/www.les-sablons.com\/de\/\"},{\"@type\":\"ListItem\",\"position\":2,\"name\":\"Sehenswertes\",\"item\":\"https:\/\/www.les-sablons.com\/de\/sehenswertes\/\"},{\"@type\":\"ListItem\",\"position\":3,\"name\":\"canal du Midi\"}]},{\"@type\":\"WebSite\",\"@id\":\"https:\/\/www.les-sablons.com\/de\/#website\",\"url\":\"https:\/\/www.les-sablons.com\/de\/\",\"name\":\"Camping ***** les Sablons\",\"description\":\"les Sablons \u00e0 Portiragnes-Plage, bord de mer M\u00e9diterran\u00e9e, proche Cap d&#039;Agde, Languedoc Roussillon\",\"potentialAction\":[{\"@type\":\"SearchAction\",\"target\":{\"@type\":\"EntryPoint\",\"urlTemplate\":\"https:\/\/www.les-sablons.com\/de\/?s={search_term_string}\"},\"query-input\":\"required name=search_term_string\"}],\"inLanguage\":\"de\"}]}<\/script>\n<!-- \/ Yoast SEO plugin. -->","yoast_head_json":{"title":"Der Kanal du Midi","description":"Der Canal du Midi liegt etwa 1km vom Ausgang des Campingplatzes in Richtung der L\u00e4ndereien entfernt : Stille Gew\u00e4sser, schattenspendende Platanen","robots":{"index":"index","follow":"follow","max-snippet":"max-snippet:-1","max-image-preview":"max-image-preview:large","max-video-preview":"max-video-preview:-1"},"canonical":"https:\/\/www.les-sablons.com\/de\/sehenswertes\/canal-du-midi\/","og_locale":"de_DE","og_type":"article","og_title":"Der Kanal du Midi","og_description":"Der Canal du Midi liegt etwa 1km vom Ausgang des Campingplatzes in Richtung der L\u00e4ndereien entfernt : Stille Gew\u00e4sser, schattenspendende Platanen","og_url":"https:\/\/www.les-sablons.com\/de\/sehenswertes\/canal-du-midi\/","og_site_name":"Camping ***** les Sablons","article_modified_time":"2021-09-06T13:25:37+00:00","og_image":[{"width":1030,"height":684,"url":"https:\/\/www.les-sablons.com\/wp-content\/uploads\/2020\/12\/CANAL-MIDI-2015-3-1030x684-1.jpg","type":"image\/jpeg"}],"twitter_card":"summary_large_image","twitter_misc":{"Gesch\u00e4tzte Lesezeit":"19\u00a0Minuten"},"schema":{"@context":"https:\/\/schema.org","@graph":[{"@type":"WebPage","@id":"https:\/\/www.les-sablons.com\/de\/sehenswertes\/canal-du-midi\/","url":"https:\/\/www.les-sablons.com\/de\/sehenswertes\/canal-du-midi\/","name":"Der Kanal du Midi","isPartOf":{"@id":"https:\/\/www.les-sablons.com\/de\/#website"},"datePublished":"2020-12-29T12:29:06+00:00","dateModified":"2021-09-06T13:25:37+00:00","description":"Der Canal du Midi liegt etwa 1km vom Ausgang des Campingplatzes in Richtung der L\u00e4ndereien entfernt : Stille Gew\u00e4sser, schattenspendende Platanen","breadcrumb":{"@id":"https:\/\/www.les-sablons.com\/de\/sehenswertes\/canal-du-midi\/#breadcrumb"},"inLanguage":"de","potentialAction":[{"@type":"ReadAction","target":["https:\/\/www.les-sablons.com\/de\/sehenswertes\/canal-du-midi\/"]}]},{"@type":"BreadcrumbList","@id":"https:\/\/www.les-sablons.com\/de\/sehenswertes\/canal-du-midi\/#breadcrumb","itemListElement":[{"@type":"ListItem","position":1,"name":"Accueil","item":"https:\/\/www.les-sablons.com\/de\/"},{"@type":"ListItem","position":2,"name":"Sehenswertes","item":"https:\/\/www.les-sablons.com\/de\/sehenswertes\/"},{"@type":"ListItem","position":3,"name":"canal du Midi"}]},{"@type":"WebSite","@id":"https:\/\/www.les-sablons.com\/de\/#website","url":"https:\/\/www.les-sablons.com\/de\/","name":"Camping ***** les Sablons","description":"les Sablons \u00e0 Portiragnes-Plage, bord de mer M\u00e9diterran\u00e9e, proche Cap d&#039;Agde, Languedoc Roussillon","potentialAction":[{"@type":"SearchAction","target":{"@type":"EntryPoint","urlTemplate":"https:\/\/www.les-sablons.com\/de\/?s={search_term_string}"},"query-input":"required name=search_term_string"}],"inLanguage":"de"}]}},"_links":{"self":[{"href":"https:\/\/www.les-sablons.com\/de\/wp-json\/wp\/v2\/pages\/8017"}],"collection":[{"href":"https:\/\/www.les-sablons.com\/de\/wp-json\/wp\/v2\/pages"}],"about":[{"href":"https:\/\/www.les-sablons.com\/de\/wp-json\/wp\/v2\/types\/page"}],"author":[{"embeddable":true,"href":"https:\/\/www.les-sablons.com\/de\/wp-json\/wp\/v2\/users\/1"}],"replies":[{"embeddable":true,"href":"https:\/\/www.les-sablons.com\/de\/wp-json\/wp\/v2\/comments?post=8017"}],"version-history":[{"count":0,"href":"https:\/\/www.les-sablons.com\/de\/wp-json\/wp\/v2\/pages\/8017\/revisions"}],"up":[{"embeddable":true,"href":"https:\/\/www.les-sablons.com\/de\/wp-json\/wp\/v2\/pages\/8408"}],"wp:featuredmedia":[{"embeddable":true,"href":"https:\/\/www.les-sablons.com\/de\/wp-json\/wp\/v2\/media\/5314"}],"wp:attachment":[{"href":"https:\/\/www.les-sablons.com\/de\/wp-json\/wp\/v2\/media?parent=8017"}],"curies":[{"name":"wp","href":"https:\/\/api.w.org\/{rel}","templated":true}]}}