{"id":7963,"date":"2020-12-30T16:16:13","date_gmt":"2020-12-30T16:16:13","guid":{"rendered":"https:\/\/www.les-sablons.com\/plan-dacces\/"},"modified":"2024-09-24T10:04:27","modified_gmt":"2024-09-24T10:04:27","slug":"plan-dacces","status":"publish","type":"page","link":"https:\/\/www.les-sablons.com\/de\/plan-dacces\/","title":{"rendered":"Karte und Zugang"},"content":{"rendered":"<p>[et_pb_section fb_built=&#8220;1&#8243; fullwidth=&#8220;on&#8220; module_class=&#8220;ls_top_slide&#8220; _builder_version=&#8220;4.7.7&#8243; _module_preset=&#8220;default&#8220;][et_pb_fullwidth_slider show_arrows=&#8220;off&#8220; show_pagination=&#8220;off&#8220; _builder_version=&#8220;4.9.4&#8243; _module_preset=&#8220;default&#8220; auto=&#8220;on&#8220;][et_pb_slide heading=&#8220;Karte und Zugang&#8220; _builder_version=&#8220;4.9.4&#8243; _module_preset=&#8220;default&#8220; background_image=&#8220;https:\/\/www.les-sablons.com\/wp-content\/uploads\/2021\/05\/AERIEN-2.jpg&#8220; background_enable_image=&#8220;on&#8220; sticky_transition=&#8220;on&#8220;][\/et_pb_slide][\/et_pb_fullwidth_slider][\/et_pb_section][et_pb_section fb_built=&#8220;1&#8243; _builder_version=&#8220;4.3.2&#8243; vertical_offset_tablet=&#8220;0&#8243; horizontal_offset_tablet=&#8220;0&#8243; custom_padding=&#8220;||0px|&#8220; z_index_tablet=&#8220;0&#8243; box_shadow_horizontal_tablet=&#8220;0px&#8220; box_shadow_vertical_tablet=&#8220;0px&#8220; box_shadow_blur_tablet=&#8220;40px&#8220; box_shadow_spread_tablet=&#8220;0px&#8220;][et_pb_row custom_padding_last_edited=&#8220;on|desktop&#8220; _builder_version=&#8220;4.3.2&#8243; custom_margin=&#8220;||||false|false&#8220; custom_padding=&#8220;||||false|false&#8220; custom_padding_tablet=&#8220;||0px||false|false&#8220; custom_padding_phone=&#8220;&#8220;][et_pb_column type=&#8220;4_4&#8243; _builder_version=&#8220;4.3.2&#8243;][et_pb_text admin_label=&#8220;carte&#8220; _builder_version=&#8220;4.9.4&#8243; header_2_font_size=&#8220;30px&#8220; vertical_offset_tablet=&#8220;0&#8243; horizontal_offset_tablet=&#8220;0&#8243; header_2_font_size_tablet=&#8220;25px&#8220; header_2_font_size_phone=&#8220;&#8220; header_2_font_size_last_edited=&#8220;on|desktop&#8220; z_index_tablet=&#8220;0&#8243; text_text_shadow_horizontal_length_tablet=&#8220;0px&#8220; text_text_shadow_vertical_length_tablet=&#8220;0px&#8220; text_text_shadow_blur_strength_tablet=&#8220;1px&#8220; link_text_shadow_horizontal_length_tablet=&#8220;0px&#8220; link_text_shadow_vertical_length_tablet=&#8220;0px&#8220; link_text_shadow_blur_strength_tablet=&#8220;1px&#8220; ul_text_shadow_horizontal_length_tablet=&#8220;0px&#8220; ul_text_shadow_vertical_length_tablet=&#8220;0px&#8220; ul_text_shadow_blur_strength_tablet=&#8220;1px&#8220; ol_text_shadow_horizontal_length_tablet=&#8220;0px&#8220; ol_text_shadow_vertical_length_tablet=&#8220;0px&#8220; ol_text_shadow_blur_strength_tablet=&#8220;1px&#8220; quote_text_shadow_horizontal_length_tablet=&#8220;0px&#8220; quote_text_shadow_vertical_length_tablet=&#8220;0px&#8220; quote_text_shadow_blur_strength_tablet=&#8220;1px&#8220; header_text_shadow_horizontal_length_tablet=&#8220;0px&#8220; header_text_shadow_vertical_length_tablet=&#8220;0px&#8220; header_text_shadow_blur_strength_tablet=&#8220;1px&#8220; header_2_text_shadow_horizontal_length_tablet=&#8220;0px&#8220; header_2_text_shadow_vertical_length_tablet=&#8220;0px&#8220; header_2_text_shadow_blur_strength_tablet=&#8220;1px&#8220; header_3_text_shadow_horizontal_length_tablet=&#8220;0px&#8220; header_3_text_shadow_vertical_length_tablet=&#8220;0px&#8220; header_3_text_shadow_blur_strength_tablet=&#8220;1px&#8220; header_4_text_shadow_horizontal_length_tablet=&#8220;0px&#8220; header_4_text_shadow_vertical_length_tablet=&#8220;0px&#8220; header_4_text_shadow_blur_strength_tablet=&#8220;1px&#8220; header_5_text_shadow_horizontal_length_tablet=&#8220;0px&#8220; header_5_text_shadow_vertical_length_tablet=&#8220;0px&#8220; header_5_text_shadow_blur_strength_tablet=&#8220;1px&#8220; header_6_text_shadow_horizontal_length_tablet=&#8220;0px&#8220; header_6_text_shadow_vertical_length_tablet=&#8220;0px&#8220; header_6_text_shadow_blur_strength_tablet=&#8220;1px&#8220; box_shadow_horizontal_tablet=&#8220;0px&#8220; box_shadow_vertical_tablet=&#8220;0px&#8220; box_shadow_blur_tablet=&#8220;40px&#8220; box_shadow_spread_tablet=&#8220;0px&#8220;]<\/p>\n<h2 style=\"text-align: center;\">KARTE DES CAMPINGPLATZES SUN\u00caLIA LES SABLONS<\/h2>\n<p>&nbsp;<\/p>\n<p>Klicken Sie unten, um die Karte des Campingplatzes herunterzuladen:<\/p>\n<p>[\/et_pb_text][et_pb_image src=&#8220;https:\/\/www.les-sablons.com\/wp-content\/uploads\/2024\/09\/web-plan-2024.png&#8220; title_text=&#8220;web-plan-2024&#8243; url=&#8220;https:\/\/www.les-sablons.com\/wp-content\/uploads\/2024\/09\/web-plan-2024.png&#8220; url_new_window=&#8220;on&#8220; _builder_version=&#8220;4.9.4&#8243; _module_preset=&#8220;default&#8220; hover_enabled=&#8220;0&#8243; alt=&#8220;plan 2024&#8243; sticky_enabled=&#8220;0&#8243;][\/et_pb_image][\/et_pb_column][\/et_pb_row][\/et_pb_section][et_pb_section fb_built=&#8220;1&#8243; _builder_version=&#8220;4.9.4&#8243; _module_preset=&#8220;default&#8220;][et_pb_row _builder_version=&#8220;4.9.4&#8243; _module_preset=&#8220;default&#8220;][et_pb_column type=&#8220;4_4&#8243; _builder_version=&#8220;4.9.4&#8243; _module_preset=&#8220;default&#8220;][et_pb_text _builder_version=&#8220;4.9.4&#8243; _module_preset=&#8220;default&#8220;]<\/p>\n<h3><strong>Besuchen Sie uns auf dem Campingplatz Sun\u00ealia Les Sablons:<\/strong><\/h3>\n<p>[\/et_pb_text][\/et_pb_column][\/et_pb_row][et_pb_row column_structure=&#8220;1_4,3_4&#8243; make_equal=&#8220;on&#8220; _builder_version=&#8220;4.9.4&#8243; _module_preset=&#8220;default&#8220;][et_pb_column type=&#8220;1_4&#8243; _builder_version=&#8220;4.9.4&#8243; _module_preset=&#8220;default&#8220;][et_pb_image src=&#8220;https:\/\/www.les-sablons.com\/wp-content\/uploads\/2021\/05\/voiture.svg&#8220; title_text=&#8220;voiture&#8220; align=&#8220;center&#8220; admin_label=&#8220;voiture&#8220; _builder_version=&#8220;4.9.4&#8243; _module_preset=&#8220;default&#8220; width=&#8220;50%&#8220; max_width=&#8220;50%&#8220;][\/et_pb_image][\/et_pb_column][et_pb_column type=&#8220;3_4&#8243; _builder_version=&#8220;4.9.4&#8243; _module_preset=&#8220;default&#8220;][et_pb_text admin_label=&#8220;voiture&#8220; _builder_version=&#8220;4.9.4&#8243; _module_preset=&#8220;default&#8220;]<\/p>\n<h4><b>CAR<\/b><\/h4>\n<p>Avenue des M\u00fbriers, 34420 Portiragnes. Wir befinden uns 20 Autominuten von B\u00e9ziers entfernt.<\/p>\n<p>Sobald Ihr Auto auf dem Campingplatz geparkt ist, brauchen Sie es w\u00e4hrend Ihres Aufenthalts nicht mehr. Restaurant, Gesch\u00e4fte, direkter Zugang zum Strand, alles wird zu Fu\u00df erledigt!<\/p>\n<p>[\/et_pb_text][\/et_pb_column][\/et_pb_row][et_pb_row column_structure=&#8220;1_4,3_4&#8243; _builder_version=&#8220;4.9.4&#8243; _module_preset=&#8220;default&#8220;][et_pb_column type=&#8220;1_4&#8243; _builder_version=&#8220;4.9.4&#8243; _module_preset=&#8220;default&#8220;][et_pb_image src=&#8220;https:\/\/www.les-sablons.com\/wp-content\/uploads\/2021\/05\/Fichier-16.svg&#8220; title_text=&#8220;Fichier 16&#8243; align=&#8220;center&#8220; admin_label=&#8220;train&#8220; _builder_version=&#8220;4.9.4&#8243; _module_preset=&#8220;default&#8220; width=&#8220;50%&#8220; max_width=&#8220;50%&#8220;][\/et_pb_image][\/et_pb_column][et_pb_column type=&#8220;3_4&#8243; _builder_version=&#8220;4.9.4&#8243; _module_preset=&#8220;default&#8220;][et_pb_text admin_label=&#8220;train &#038; bus&#8220; _builder_version=&#8220;4.9.4&#8243; _module_preset=&#8220;default&#8220;]<\/p>\n<h4><strong>ZUG und BUS<\/strong><\/h4>\n<p>Wir befinden uns zwischen 2 Bahnh\u00f6fen (BEZIERS und AGDE), Sie k\u00f6nnen je nach Ihrer Herkunft w\u00e4hlen. B\u00e9ziers bietet Busverbindungen vom Bahnhof nach Les Sablons. Konsultieren Sie den Fahrplan der Linie 651 auf <a href=\"http:\/\/www.herault-transport.fr\">www.herault-transport.fr<\/a> (Haltestelle Portiragnes &#8211; Les Sablons)<\/p>\n<p>[\/et_pb_text][\/et_pb_column][\/et_pb_row][et_pb_row column_structure=&#8220;1_4,3_4&#8243; _builder_version=&#8220;4.9.4&#8243; _module_preset=&#8220;default&#8220;][et_pb_column type=&#8220;1_4&#8243; _builder_version=&#8220;4.9.4&#8243; _module_preset=&#8220;default&#8220;][et_pb_image src=&#8220;https:\/\/www.les-sablons.com\/wp-content\/uploads\/2021\/05\/avion.svg&#8220; title_text=&#8220;avion&#8220; align=&#8220;center&#8220; admin_label=&#8220;avion&#8220; _builder_version=&#8220;4.9.4&#8243; _module_preset=&#8220;default&#8220; width=&#8220;50%&#8220; max_width=&#8220;50%&#8220;][\/et_pb_image][\/et_pb_column][et_pb_column type=&#8220;3_4&#8243; _builder_version=&#8220;4.9.4&#8243; _module_preset=&#8220;default&#8220;][et_pb_text admin_label=&#8220;avion&#8220; _builder_version=&#8220;4.9.4&#8243; _module_preset=&#8220;default&#8220;]<\/p>\n<h4><strong>FLUGZEUG<\/strong><\/h4>\n<p>B\u00e9ziers Cap d&#8217;Agde (12 km) ist ein Flughafen, der haupts\u00e4chlich von Billigfluggesellschaften angeflogen wird. Es gibt keinen Shuttle von diesem Flughafen, die Verbindung wird mit dem Taxi gemacht (15 mn).<\/p>\n<p>Montpellier (60km) hat eine gr\u00f6\u00dfere Kapazit\u00e4t und wird von AIR France angeflogen.<\/p>\n<p>Perpignan (1h) und Carcassonne (1h) bieten eine gute Erg\u00e4nzung.<\/p>\n<p>[\/et_pb_text][\/et_pb_column][\/et_pb_row][et_pb_row column_structure=&#8220;1_4,3_4&#8243; _builder_version=&#8220;4.9.4&#8243; _module_preset=&#8220;default&#8220;][et_pb_column type=&#8220;1_4&#8243; _builder_version=&#8220;4.9.4&#8243; _module_preset=&#8220;default&#8220;][et_pb_image src=&#8220;https:\/\/www.les-sablons.com\/wp-content\/uploads\/2021\/05\/voiture.svg&#8220; title_text=&#8220;voiture&#8220; align=&#8220;center&#8220; admin_label=&#8220;voiture&#8220; _builder_version=&#8220;4.9.4&#8243; _module_preset=&#8220;default&#8220; width=&#8220;50%&#8220; max_width=&#8220;50%&#8220;][\/et_pb_image][\/et_pb_column][et_pb_column type=&#8220;3_4&#8243; _builder_version=&#8220;4.9.4&#8243; _module_preset=&#8220;default&#8220;][et_pb_text admin_label=&#8220;taxi&#8220; _builder_version=&#8220;4.9.4&#8243; _module_preset=&#8220;default&#8220;]<\/p>\n<h4><strong>TAXI<\/strong><\/h4>\n<p>Buchen Sie Ihre Fahrt bei unserem Partner INTER TAXIS. Kontaktieren Sie ihn unter 04 67 39 82 82 oder per Mail intertaxi34@gmail.com .<\/p>\n<p>[\/et_pb_text][\/et_pb_column][\/et_pb_row][et_pb_row column_structure=&#8220;1_4,3_4&#8243; _builder_version=&#8220;4.9.4&#8243; _module_preset=&#8220;default&#8220;][et_pb_column type=&#8220;1_4&#8243; _builder_version=&#8220;4.9.4&#8243; _module_preset=&#8220;default&#8220;][et_pb_image src=&#8220;https:\/\/www.les-sablons.com\/wp-content\/uploads\/2021\/05\/velo.svg&#8220; title_text=&#8220;velo&#8220; align=&#8220;center&#8220; admin_label=&#8220;v\u00e9lo&#8220; _builder_version=&#8220;4.9.4&#8243; _module_preset=&#8220;default&#8220; width=&#8220;50%&#8220; max_width=&#8220;50%&#8220;][\/et_pb_image][\/et_pb_column][et_pb_column type=&#8220;3_4&#8243; _builder_version=&#8220;4.9.4&#8243; _module_preset=&#8220;default&#8220;][et_pb_text admin_label=&#8220;v\u00e9lo&#8220; _builder_version=&#8220;4.9.4&#8243; _module_preset=&#8220;default&#8220;]<\/p>\n<h4><strong>BIKE<\/strong><\/h4>\n<p>F\u00fcr die Abenteuerlustigen: Folgen Sie dem Canal du Midi und kommen Sie auf dem Campingplatz zur Ruhe!<\/p>\n<p>[\/et_pb_text][\/et_pb_column][\/et_pb_row][et_pb_row use_custom_gutter=&#8220;on&#8220; make_equal=&#8220;on&#8220; custom_padding_last_edited=&#8220;on|desktop&#8220; _builder_version=&#8220;4.3.2&#8243; vertical_offset_tablet=&#8220;0&#8243; horizontal_offset_tablet=&#8220;0&#8243; custom_padding_tablet=&#8220;0px||||false|false&#8220; custom_padding_phone=&#8220;&#8220; z_index_tablet=&#8220;0&#8243; box_shadow_horizontal_tablet=&#8220;0px&#8220; box_shadow_vertical_tablet=&#8220;0px&#8220; box_shadow_blur_tablet=&#8220;40px&#8220; box_shadow_spread_tablet=&#8220;0px&#8220;][et_pb_column type=&#8220;4_4&#8243; _builder_version=&#8220;4.3.2&#8243;][et_pb_text admin_label=&#8220;Vous connaissez ces villages flottants&#8220; _builder_version=&#8220;4.9.4&#8243; vertical_offset_tablet=&#8220;0&#8243; horizontal_offset_tablet=&#8220;0&#8243; text_orientation=&#8220;justified&#8220; z_index_tablet=&#8220;0&#8243; text_orientation_tablet=&#8220;center&#8220; text_orientation_phone=&#8220;&#8220; text_orientation_last_edited=&#8220;on|tablet&#8220; text_text_shadow_horizontal_length_tablet=&#8220;0px&#8220; text_text_shadow_vertical_length_tablet=&#8220;0px&#8220; text_text_shadow_blur_strength_tablet=&#8220;1px&#8220; link_text_shadow_horizontal_length_tablet=&#8220;0px&#8220; link_text_shadow_vertical_length_tablet=&#8220;0px&#8220; link_text_shadow_blur_strength_tablet=&#8220;1px&#8220; ul_text_shadow_horizontal_length_tablet=&#8220;0px&#8220; ul_text_shadow_vertical_length_tablet=&#8220;0px&#8220; ul_text_shadow_blur_strength_tablet=&#8220;1px&#8220; ol_text_shadow_horizontal_length_tablet=&#8220;0px&#8220; ol_text_shadow_vertical_length_tablet=&#8220;0px&#8220; ol_text_shadow_blur_strength_tablet=&#8220;1px&#8220; quote_text_shadow_horizontal_length_tablet=&#8220;0px&#8220; quote_text_shadow_vertical_length_tablet=&#8220;0px&#8220; quote_text_shadow_blur_strength_tablet=&#8220;1px&#8220; header_text_shadow_horizontal_length_tablet=&#8220;0px&#8220; header_text_shadow_vertical_length_tablet=&#8220;0px&#8220; header_text_shadow_blur_strength_tablet=&#8220;1px&#8220; header_2_text_shadow_horizontal_length_tablet=&#8220;0px&#8220; header_2_text_shadow_vertical_length_tablet=&#8220;0px&#8220; header_2_text_shadow_blur_strength_tablet=&#8220;1px&#8220; header_3_text_shadow_horizontal_length_tablet=&#8220;0px&#8220; header_3_text_shadow_vertical_length_tablet=&#8220;0px&#8220; header_3_text_shadow_blur_strength_tablet=&#8220;1px&#8220; header_4_text_shadow_horizontal_length_tablet=&#8220;0px&#8220; header_4_text_shadow_vertical_length_tablet=&#8220;0px&#8220; header_4_text_shadow_blur_strength_tablet=&#8220;1px&#8220; header_5_text_shadow_horizontal_length_tablet=&#8220;0px&#8220; header_5_text_shadow_vertical_length_tablet=&#8220;0px&#8220; header_5_text_shadow_blur_strength_tablet=&#8220;1px&#8220; header_6_text_shadow_horizontal_length_tablet=&#8220;0px&#8220; header_6_text_shadow_vertical_length_tablet=&#8220;0px&#8220; header_6_text_shadow_blur_strength_tablet=&#8220;1px&#8220; box_shadow_horizontal_tablet=&#8220;0px&#8220; box_shadow_vertical_tablet=&#8220;0px&#8220; box_shadow_blur_tablet=&#8220;40px&#8220; box_shadow_spread_tablet=&#8220;0px&#8220;]<\/p>\n<h4>Schauen Sie sich Ihre Route zu unserem Campingplatz Sun\u00ealia les Sablons an:<\/h4>\n<p style=\"text-align: center;\"><iframe loading=\"lazy\" src=\"https:\/\/www.google.com\/maps\/embed?pb=!1m14!1m8!1m3!1d2904.6068429956567!2d3.3643642!3d43.2806118!3m2!1i1024!2i768!4f13.1!3m3!1m2!1s0x0%3A0xa4f1250526d3159!2sCamping+les+Sablons!5e0!3m2!1sfr!2sfr!4v1394623724118\" width=\"1030\" height=\"720\" frameborder=\"0\" scrolling=\"no\"><\/iframe><\/p>\n<p>[\/et_pb_text][\/et_pb_column][\/et_pb_row][\/et_pb_section][et_pb_section fb_built=&#8220;1&#8243; fullwidth=&#8220;on&#8220; _builder_version=&#8220;4.6.1&#8243; _module_preset=&#8220;default&#8220;][et_pb_fullwidth_code _builder_version=&#8220;4.6.1&#8243; _module_preset=&#8220;default&#8220;][\/et_pb_fullwidth_code][\/et_pb_section][et_pb_section fb_built=&#8220;1&#8243; module_class=&#8220;ls_link_before_footer&#8220; _builder_version=&#8220;4.7.7&#8243; background_color=&#8220;#afd4dd&#8220; global_module=&#8220;4180&#8243; collapsed=&#8220;on&#8220;][et_pb_row _builder_version=&#8220;4.3.2&#8243;][et_pb_column type=&#8220;4_4&#8243; _builder_version=&#8220;4.3.2&#8243;][et_pb_text admin_label=&#8220;CAMPINGPLATZ 5* LES SABLONS&#8220; module_class=&#8220;texte-cloud&#8220; _builder_version=&#8220;4.7.7&#8243; text_text_color=&#8220;#463c3c&#8220; text_font_size=&#8220;15px&#8220; header_2_font_size=&#8220;30px&#8220; header_3_font_size=&#8220;30px&#8220; header_2_font_size_tablet=&#8220;25px&#8220; header_2_font_size_phone=&#8220;&#8220; header_2_font_size_last_edited=&#8220;on|desktop&#8220; header_3_font_size_tablet=&#8220;25px&#8220; header_3_font_size_phone=&#8220;&#8220; header_3_font_size_last_edited=&#8220;on|desktop&#8220;]<\/p>\n<h3>CAMPINGPLATZ 5*<br \/>LES SABLONS<\/h3>\n<p>Camping 5* Les Sablons am meer zwischen Vias &#038; Portiragnes<\/p>\n<p>[\/et_pb_text][\/et_pb_column][\/et_pb_row][et_pb_row column_structure=&#8220;1_3,1_3,1_3&#8243; use_custom_gutter=&#8220;on&#8220; gutter_width=&#8220;2&#8243; make_equal=&#8220;on&#8220; _builder_version=&#8220;4.3.2&#8243;][et_pb_column type=&#8220;1_3&#8243; _builder_version=&#8220;4.3.2&#8243;][et_pb_blurb title=&#8220;STANDORT&#8220; image=&#8220;https:\/\/www.les-sablons.com\/wp-content\/uploads\/2020\/12\/camping-les-sablons-le-lieu-1-11.jpg&#8220; admin_label=&#8220;STANDORT&#8220; _builder_version=&#8220;4.7.7&#8243; custom_css_blurb_image=&#8220;margin-left: -16px;&#8220; custom_css_blurb_title=&#8220;margin-top: -10px;&#8220;]<\/p>\n<p>Direkter Zugang zum Strand<br \/>Allgegenw\u00e4rtige Natur<br \/>Gro\u00dfz\u00fcgige Pl\u00e4tze<br \/>Mediterranes Klima<\/p>\n<p>[\/et_pb_blurb][\/et_pb_column][et_pb_column type=&#8220;1_3&#8243; _builder_version=&#8220;4.3.2&#8243;][et_pb_blurb title=&#8220;AMBIANCE&#8220; image=&#8220;https:\/\/www.les-sablons.com\/wp-content\/uploads\/2020\/12\/camping-les-sablons-l-ambiance-1-1-1.jpg&#8220; admin_label=&#8220;AMBIANCE&#8220; _builder_version=&#8220;4.7.7&#8243; custom_css_blurb_image=&#8220;margin-left: -16px;&#8220; custom_css_blurb_title=&#8220;margin-top: -10px;&#8220;]<\/p>\n<p>Animationsprogramm<br \/>Konzentrierte und ansteckende Energie<br \/>Ein europ\u00e4ischer \u201cMelting Pot\u201d<br \/>Die kommunikative Freude der Kinder<\/p>\n<p>[\/et_pb_blurb][\/et_pb_column][et_pb_column type=&#8220;1_3&#8243; _builder_version=&#8220;4.3.2&#8243;][et_pb_blurb title=&#8220;POOLANLAGE&#8220; image=&#8220;https:\/\/www.les-sablons.com\/wp-content\/uploads\/2020\/12\/camping-les-sablons-parc-aquatique-1.jpg&#8220; admin_label=&#8220;POOLANLAGE&#8220; _builder_version=&#8220;4.7.7&#8243; custom_css_blurb_image=&#8220;margin-left: -16px;&#8220; custom_css_blurb_title=&#8220;margin-top: -10px;&#8220;]<\/p>\n<p>1 Becken zum Spielen, 1 Becken zum Schwimmen<br \/>1 Planschbecken, 5 Wasserrutschen<br \/>1 Wellnessbereich f\u00fcr Erwachsene<br \/>Alles beheizt und st\u00e4ndig bewacht<\/p>\n<p>[\/et_pb_blurb][\/et_pb_column][\/et_pb_row][et_pb_row column_structure=&#8220;1_3,1_3,1_3&#8243; use_custom_gutter=&#8220;on&#8220; gutter_width=&#8220;2&#8243; make_equal=&#8220;on&#8220; _builder_version=&#8220;4.3.2&#8243;][et_pb_column type=&#8220;1_3&#8243; _builder_version=&#8220;4.3.2&#8243;][et_pb_blurb title=&#8220;AUSWAHL&#8220; image=&#8220;https:\/\/www.les-sablons.com\/wp-content\/uploads\/2020\/12\/camping-les-sablons-le-choix-1.jpg&#8220; admin_label=&#8220;AUSWAHL&#8220; _builder_version=&#8220;4.7.7&#8243; custom_css_blurb_image=&#8220;margin-left: -16px;&#8220; custom_css_blurb_title=&#8220;margin-top: -10px;&#8220;]<\/p>\n<p>120 Stellpl\u00e4tze<br \/>Mobilheime, Chalets<br \/>Lodge Zelte &amp; VIP Bereich<br \/>Alle Unterk\u00fcnfte sind klimatisiert (ausser Zelte)<\/p>\n<p>[\/et_pb_blurb][\/et_pb_column][et_pb_column type=&#8220;1_3&#8243; _builder_version=&#8220;4.3.2&#8243;][et_pb_blurb title=&#8220;SERVICE-EINRICHTUNGEN&#8220; image=&#8220;https:\/\/www.les-sablons.com\/wp-content\/uploads\/2020\/12\/camping-les-sablons-les-services-1.jpg&#8220; admin_label=&#8220;SERVICE-EINRICHTUNGEN&#8220; _builder_version=&#8220;4.7.7&#8243; custom_css_blurb_image=&#8220;margin-left: -16px;&#8220; custom_css_blurb_title=&#8220;margin-top: -10px;&#8220;]<\/p>\n<p>Restaurant, Bar, Supermarkt, Fahrradverleih, Food Trucks<br \/>B\u00e4ckerei, Zeitungsstand, Geldautomat\u2026<br \/>Alles am Platz 7\/7<br \/>Das Informationsb\u00fcro<\/p>\n<p>[\/et_pb_blurb][\/et_pb_column][et_pb_column type=&#8220;1_3&#8243; _builder_version=&#8220;4.3.2&#8243;][et_pb_blurb title=&#8220;UND AUSSERDEM&#8220; image=&#8220;https:\/\/www.les-sablons.com\/wp-content\/uploads\/2020\/12\/camping-les-sablons-le-plus-1.jpg&#8220; admin_label=&#8220;UND AUSSERDEM&#8220; _builder_version=&#8220;4.7.7&#8243; custom_css_blurb_image=&#8220;margin-left: -16px;&#8220; custom_css_blurb_title=&#8220;margin-top: -10px;&#8220;]<\/p>\n<p>Freie Wahl des An- und Abreisedatums<br \/>Unabh\u00e4ngiger Campingplatz in privater Hand<br \/>50 Jahre Erfahrung<br \/>Eine gro\u00dfe Gemeinschaft von langj\u00e4hrigen G\u00e4sten<\/p>\n<p>[\/et_pb_blurb][\/et_pb_column][\/et_pb_row][\/et_pb_section][et_pb_section fb_built=&#8220;1&#8243; module_class=&#8220;footer-widgets&#8220; _builder_version=&#8220;4.7.7&#8243; background_color=&#8220;#3796aa&#8220; custom_padding=&#8220;0px||10px||false|false&#8220; global_module=&#8220;1035&#8243; saved_tabs=&#8220;all&#8220; locked=&#8220;on&#8220; collapsed=&#8220;off&#8220;][et_pb_row column_structure=&#8220;1_3,1_3,1_3&#8243; use_custom_gutter=&#8220;on&#8220; gutter_width=&#8220;2&#8243; make_equal=&#8220;on&#8220; disabled_on=&#8220;on|on|off&#8220; module_class=&#8220;footer-infos&#8220; _builder_version=&#8220;4.2.2&#8243; width=&#8220;100%&#8220; width_tablet=&#8220;auto&#8220; width_phone=&#8220;auto&#8220; width_last_edited=&#8220;on|phone&#8220; max_width=&#8220;1235px&#8220; max_width_tablet=&#8220;none&#8220; max_width_phone=&#8220;none&#8220; max_width_last_edited=&#8220;on|phone&#8220; custom_padding=&#8220;||10px||false|false&#8220;][et_pb_column type=&#8220;1_3&#8243; _builder_version=&#8220;4.2.2&#8243; custom_padding=&#8220;|||20px|false|false&#8220; custom_padding_tablet=&#8220;|||0px|false|false&#8220; custom_padding_phone=&#8220;&#8220; custom_padding_last_edited=&#8220;on|desktop&#8220;][et_pb_blurb title=&#8220;Hotline 7\/7j&#8220; admin_label=&#8220;Hotline 7\/7j&#8220; _builder_version=&#8220;4.9.4&#8243; header_font=&#8220;|||on|||||&#8220; header_text_color=&#8220;#ffffff&#8220; body_text_color=&#8220;#ffffff&#8220;]<\/p>\n<p class=\"ls_footer_social_2\">Stellen Sie uns alle Ihre Fragen von 9.00 bis 18.00 Uhr.<\/p>\n<p><a href=\"tel:+33467909055\"><span style=\"color: #ffffff; font-size: 16px;\">+33 4 67 90 90 55<\/span><\/a><\/p>\n<p>[\/et_pb_blurb][\/et_pb_column][et_pb_column type=&#8220;1_3&#8243; _builder_version=&#8220;4.2.2&#8243;][et_pb_blurb title=&#8220;Folge uns&#8220; admin_label=&#8220;Follow us&#8220; _builder_version=&#8220;4.7.7&#8243; header_font=&#8220;|||on|||||&#8220; header_text_color=&#8220;#ffffff&#8220; body_text_color=&#8220;#ffffff&#8220; custom_padding=&#8220;||0px||false|false&#8220; custom_css_main_element=&#8220;margin-bottom: 0 !important;&#8220;]<\/p>\n<p class=\"ls_footer_social\">Teilen Sie das Campingleben mit Ihren Freunden und Ihrer Familie<\/p>\n<p>[\/et_pb_blurb][et_pb_social_media_follow admin_label=&#8220;Follow us on social media&#8220; _builder_version=&#8220;4.7.7&#8243;][et_pb_social_media_follow_network social_network=&#8220;facebook&#8220; url=&#8220;https:\/\/www.facebook.com\/CampingClubLesSablons&#8220; icon_color=&#8220;#ffffff&#8220; _builder_version=&#8220;4.2.2&#8243; background_color=&#8220;rgba(59,89,152,0)&#8220; background_enable_color=&#8220;on&#8220; follow_button=&#8220;off&#8220; url_new_window=&#8220;on&#8220;]facebook[\/et_pb_social_media_follow_network][et_pb_social_media_follow_network social_network=&#8220;pinterest&#8220; url=&#8220;https:\/\/www.pinterest.fr\/campingsablons\/&#8220; icon_color=&#8220;#ffffff&#8220; _builder_version=&#8220;4.2.2&#8243; background_color=&#8220;rgba(203,32,39,0)&#8220; background_enable_color=&#8220;on&#8220; follow_button=&#8220;off&#8220; url_new_window=&#8220;on&#8220;]pinterest[\/et_pb_social_media_follow_network][et_pb_social_media_follow_network social_network=&#8220;youtube&#8220; url=&#8220;https:\/\/www.youtube.com\/channel\/UCJH1bcXs5nLomrHW-Efn-JA?feature=mhee&#8220; icon_color=&#8220;#ffffff&#8220; _builder_version=&#8220;4.2.2&#8243; background_color=&#8220;rgba(168,36,0,0)&#8220; background_enable_color=&#8220;on&#8220; follow_button=&#8220;off&#8220; url_new_window=&#8220;on&#8220;]youtube[\/et_pb_social_media_follow_network][et_pb_social_media_follow_network social_network=&#8220;instagram&#8220; url=&#8220;https:\/\/www.instagram.com\/campinglessablons\/&#8220; icon_color=&#8220;#ffffff&#8220; _builder_version=&#8220;4.2.2&#8243; background_color=&#8220;rgba(10,4,1,0)&#8220; background_enable_color=&#8220;on&#8220; follow_button=&#8220;off&#8220; url_new_window=&#8220;on&#8220;]instagram[\/et_pb_social_media_follow_network][\/et_pb_social_media_follow][\/et_pb_column][et_pb_column type=&#8220;1_3&#8243; _builder_version=&#8220;4.2.2&#8243;][et_pb_blurb title=&#8220;Newsletter&#8220; admin_label=&#8220;Newsletter&#8220; _builder_version=&#8220;4.7.7&#8243; header_font=&#8220;|||on|||||&#8220; header_text_color=&#8220;#ffffff&#8220; body_text_color=&#8220;#ffffff&#8220; custom_css_main_element=&#8220;margin-bottom: 0px !important;&#8220;]<\/p>\n<p>Erhalten Sie Neuigkeiten und Aktionen von Ihrem Campingplatz<\/p>\n<p>[\/et_pb_blurb][et_pb_code admin_label=&#8220;Code &#8211; Newsletter&#8220; _builder_version=&#8220;4.7.7&#8243; custom_margin=&#8220;-20px||||false|false&#8220;]<p><div class=\"tnp tnp-subscription \">\n<form method=\"post\" action=\"https:\/\/www.les-sablons.com\/de\/?na=s\">\n\n<input type=\"hidden\" name=\"nlang\" value=\"de\"><div class=\"tnp-field tnp-field-email\"><label for=\"tnp-1\">E-Mail-Adresse<\/label>\n<input class=\"tnp-email\" type=\"email\" name=\"ne\" id=\"tnp-1\" value=\"\" required><\/div>\n<div class=\"tnp-field tnp-field-button\"><input class=\"tnp-submit\" type=\"submit\" value=\"https:\/\/www.les-sablons.com\/wp-content\/uploads\/2020\/02\/send.png\" >\n<\/div>\n<\/form>\n<\/div>\n<\/p>[\/et_pb_code][\/et_pb_column][\/et_pb_row][et_pb_row disabled_on=&#8220;on|on|off&#8220; _builder_version=&#8220;4.2.2&#8243; width=&#8220;100%&#8220; width_tablet=&#8220;auto&#8220; width_phone=&#8220;auto&#8220; width_last_edited=&#8220;on|phone&#8220; max_width=&#8220;1235px&#8220; max_width_tablet=&#8220;none&#8220; max_width_phone=&#8220;none&#8220; max_width_last_edited=&#8220;on|phone&#8220; custom_margin=&#8220;0px||||false|false&#8220; custom_padding=&#8220;0px||0px||true|false&#8220;][et_pb_column type=&#8220;4_4&#8243; _builder_version=&#8220;4.2.2&#8243;][et_pb_divider color=&#8220;#333333&#8243; divider_position=&#8220;center&#8220; divider_weight=&#8220;1px&#8220; _builder_version=&#8220;4.7.7&#8243; module_alignment=&#8220;center&#8220; height=&#8220;1px&#8220;][\/et_pb_divider][et_pb_text _builder_version=&#8220;4.9.4&#8243; _module_preset=&#8220;default&#8220; text_font_size=&#8220;16px&#8220;]<\/p>\n<p style=\"text-align: center;\">* All of the photographs on our website and reservation platform are non-contractual *<\/p>\n<p>[\/et_pb_text][et_pb_divider color=&#8220;#333333&#8243; divider_position=&#8220;center&#8220; divider_weight=&#8220;1px&#8220; _builder_version=&#8220;4.7.7&#8243; module_alignment=&#8220;center&#8220; height=&#8220;1px&#8220;][\/et_pb_divider][\/et_pb_column][\/et_pb_row][et_pb_row column_structure=&#8220;2_3,1_3&#8243; use_custom_gutter=&#8220;on&#8220; gutter_width=&#8220;4&#8243; make_equal=&#8220;on&#8220; disabled_on=&#8220;on|on|off&#8220; module_class=&#8220;footer-recrutons&#8220; _builder_version=&#8220;4.2.2&#8243; width=&#8220;100%&#8220; width_tablet=&#8220;auto&#8220; width_phone=&#8220;auto&#8220; width_last_edited=&#8220;on|phone&#8220; max_width=&#8220;1235px&#8220; max_width_tablet=&#8220;none&#8220; max_width_phone=&#8220;none&#8220; max_width_last_edited=&#8220;on|phone&#8220;][et_pb_column type=&#8220;2_3&#8243; _builder_version=&#8220;4.2.2&#8243; custom_padding=&#8220;|||20px|false|false&#8220; custom_padding_tablet=&#8220;|||0px|false|false&#8220; custom_padding_phone=&#8220;&#8220; custom_padding_last_edited=&#8220;on|desktop&#8220;][et_pb_text admin_label=&#8220;5 star campsite Les Sablons&#8220; _builder_version=&#8220;4.9.4&#8243; text_text_color=&#8220;#ffffff&#8220; link_option_url=&#8220;https:\/\/www.google.fr\/maps\/place\/Camping+les+Sablons+5+%C3%A9toiles\/@43.2801167,3.3615559,17z\/data=!3m1!4b1!4m8!3m7!1s0x12b110cb8904248b:0xa4f1250526d3159!5m2!4m1!1i2!8m2!3d43.2801167!4d3.3637446&#8243; link_option_url_new_window=&#8220;on&#8220;]Camping 5 \u00e9toiles Les Sablons<br \/>\nAvenue des M\u00fbriers<br \/>\n34420 Portiragnes-Plage<br \/>\nFrance<\/p>\n<p><a href=\"https:\/\/qualite-tourisme-occitanie.fr\/\" target=\"_blank\" rel=\"noopener\"><img decoding=\"async\" class=\"qualite_tourisme alignleft wp-image-14181\" src=\"https:\/\/www.les-sablons.com\/wp-content\/uploads\/2020\/02\/logo-qualite\u0301-tourisme.png\" alt=\"\" width=\"125\" height=\"100\" \/><\/a><a href=\"https:\/\/www.laclefverte.org\/\" target=\"_blank\" rel=\"noopener\"><img decoding=\"async\" class=\"clef_verte alignleft wp-image-14179\" style=\"margin-left: 20px;\" src=\"https:\/\/www.les-sablons.com\/wp-content\/uploads\/2022\/02\/icone-clef-verte.svg\" width=\"80\" \/><\/a><a href=\"https:\/\/thelisresa.webcamp.fr\/list.php?camping=sablons&amp;lang=fr&amp;type=2&amp;criteria%5B%5D=10\"><img decoding=\"async\" src=\"https:\/\/www.les-sablons.com\/wp-content\/uploads\/2023\/07\/Nos-usagers-et-visiteurs-en-situation-de-handicap_articleimage.png\" width=\"100\" style=\"margin-left: 20px;\" alt=\"\" class=\"wp-image-26301 alignleft size-full\" \/><\/a><\/p>\n<div id=\"e6444e82-8043-4eae-aa3f-6fcda8e3eab8\" class=\"avis-footer de\"><\/div>\n<p><script async charset=\"utf-8\" src=\"https:\/\/widgets.rr.skeepers.io\/generated\/5b3aff52-4d28-bc94-d148-f1bf8652f4a2\/e6444e82-8043-4eae-aa3f-6fcda8e3eab8.js\"><\/script>[\/et_pb_text][et_pb_text disabled_on=&#8220;off|off|off&#8220; admin_label=&#8220;Bouton &#8211; Menu&#8220; _builder_version=&#8220;4.7.7&#8243; text_text_color=&#8220;#ffffff&#8220;]<\/p>\n<div class=\"footer-button\">\n<a href=\"\/plan-dacces\/\" class=\"learn_more\">Stra\u00dfenkarte<\/a>\n<\/div>\n<div class=\"footer-button\">\n<a href=\"\/contact\/\" class=\"learn_more\">KONTAKTIERE UNS<\/a>\n<\/div>\n<div class=\"footer-button\">\n<a href=\"\/questions-frequentes\/\" class=\"learn_more\">F.A.Q<\/a>\n<\/div>\n<div class=\"footer-button\">\n<a href=\"https:\/\/thelisresa.webcamp.fr\/formulaire.php?camping=sablons&#038;lang=de\" class=\"learn_more\">BUCH<\/a>\n<\/div>\n<p>[\/et_pb_text][\/et_pb_column][et_pb_column type=&#8220;1_3&#8243; _builder_version=&#8220;4.2.2&#8243;][et_pb_blurb title=&#8220;Wir stellen ein&#8220; admin_label=&#8220;Nous recrutons&#8220; _builder_version=&#8220;4.7.7&#8243; header_font=&#8220;|||on|||||&#8220; header_text_color=&#8220;#ffffff&#8220; body_text_color=&#8220;#ffffff&#8220; custom_css_main_element=&#8220;margin-bottom: 20px !important;&#8220;]In jeder Saison stellt Camping Les Sablons neue Mitarbeiter f\u00fcr verschiedene Dienstleistungen ein:<br \/>\nAnimation, Schwimmbad, Bar, Rezeption, Gr\u00fcnfl\u00e4chen und Wartung, Wartung und Reinigung und mehr!<br \/>\nZ\u00f6gern Sie nicht, sich f\u00fcr einen Saisonvertrag oder ein Praktikum zu bewerben[\/et_pb_blurb][et_pb_button button_url=&#8220;https:\/\/careers.werecruit.io\/fr\/camping-les-sablons&#8220; url_new_window=&#8220;on&#8220; button_text=&#8220;Postulat&#8220; button_alignment=&#8220;left&#8220; button_alignment_tablet=&#8220;center&#8220; button_alignment_phone=&#8220;&#8220; button_alignment_last_edited=&#8220;on|tablet&#8220; admin_label=&#8220;Bouton &#8211; Postuler&#8220; _builder_version=&#8220;4.7.7&#8243; custom_button=&#8220;on&#8220; button_text_size=&#8220;12px&#8220; button_text_color=&#8220;#ffffff&#8220; button_border_width=&#8220;1px&#8220; button_border_color=&#8220;#ffffff&#8220; button_font=&#8220;|||on|||||&#8220; button_use_icon=&#8220;off&#8220; button_text_size__hover_enabled=&#8220;on|hover&#8220; button_bg_color__hover_enabled=&#8220;on|hover&#8220; button_text_color__hover_enabled=&#8220;on|hover&#8220; button_text_color__hover=&#8220;#40a8c5&#8243; button_bg_color__hover=&#8220;#ffffff&#8220; button_bg_enable_color__hover=&#8220;on&#8220; button_border_color__hover_enabled=&#8220;on|desktop&#8220; button_border_color__hover=&#8220;#ffffff&#8220;][\/et_pb_button][\/et_pb_column][\/et_pb_row][et_pb_row disabled_on=&#8220;on|on|off&#8220; _builder_version=&#8220;4.2.2&#8243; width=&#8220;100%&#8220; width_tablet=&#8220;auto&#8220; width_phone=&#8220;auto&#8220; width_last_edited=&#8220;on|phone&#8220; max_width=&#8220;1235px&#8220; max_width_tablet=&#8220;none&#8220; max_width_phone=&#8220;&#8220; max_width_last_edited=&#8220;on|phone&#8220; custom_margin=&#8220;0px||||false|false&#8220; custom_padding=&#8220;0px||0px||true|false&#8220;][et_pb_column type=&#8220;4_4&#8243; _builder_version=&#8220;4.2.2&#8243;][et_pb_divider color=&#8220;#333333&#8243; divider_position=&#8220;center&#8220; divider_weight=&#8220;1px&#8220; _builder_version=&#8220;4.7.7&#8243; module_alignment=&#8220;center&#8220; height=&#8220;1px&#8220;][\/et_pb_divider][\/et_pb_column][\/et_pb_row][et_pb_row disabled_on=&#8220;off|off|on&#8220; _builder_version=&#8220;4.2.2&#8243;][et_pb_column type=&#8220;4_4&#8243; _builder_version=&#8220;4.2.2&#8243;][et_pb_text _builder_version=&#8220;4.9.4&#8243; _module_preset=&#8220;default&#8220; custom_padding=&#8220;||0px|||&#8220;]<\/p>\n<p style=\"text-align: center;\">* All of the photographs on our website and reservation platform are non-contractual *<\/p>\n<p>[\/et_pb_text][et_pb_blurb title=&#8220;Hotline 7\/7j&#8220; admin_label=&#8220;Hotline 7\/7j&#8220; module_class=&#8220;footer-info&#8220; _builder_version=&#8220;4.7.7&#8243; header_font=&#8220;|||on|||||&#8220; header_text_color=&#8220;#ffffff&#8220; body_text_color=&#8220;#ffffff&#8220; custom_css_main_element=&#8220;margin-bottom: 20px !important;&#8220;]Stellen Sie uns alle Ihre Fragen von 9.00 bis 19.00 Uhr.<br \/>\n<a href=\"tel:+33467909055\"><span style=\"color: #ffffff; font-size: 16px;\">+33 4 67 90 90 55<\/span><\/a>[\/et_pb_blurb][et_pb_divider color=&#8220;#9d1412&#8243; divider_position=&#8220;center&#8220; divider_weight=&#8220;1px&#8220; _builder_version=&#8220;4.2.2&#8243; module_alignment=&#8220;center&#8220; height=&#8220;1px&#8220;][\/et_pb_divider][et_pb_blurb title=&#8220;Newsletter&#8220; admin_label=&#8220;Newsletter&#8220; module_class=&#8220;footer-info&#8220; _builder_version=&#8220;4.7.7&#8243; header_font=&#8220;|||on|||||&#8220; header_text_color=&#8220;#ff4e1f&#8220; body_text_color=&#8220;#ffffff&#8220; custom_css_main_element=&#8220;margin-bottom: 0px !important;&#8220;]<\/p>\n<p>Erhalten Sie Neuigkeiten und Aktionen von Ihrem Campingplatz<\/p>\n<p>[\/et_pb_blurb][et_pb_code admin_label=&#8220;Code &#8211; Newsletter&#8220; _builder_version=&#8220;4.2.2&#8243; custom_margin=&#8220;-20px||||false|false&#8220;]<p><div class=\"tnp tnp-subscription \">\n<form method=\"post\" action=\"https:\/\/www.les-sablons.com\/de\/?na=s\">\n\n<input type=\"hidden\" name=\"nlang\" value=\"de\"><div class=\"tnp-field tnp-field-email\"><label for=\"tnp-3\">E-Mail-Adresse<\/label>\n<input class=\"tnp-email\" type=\"email\" name=\"ne\" id=\"tnp-3\" value=\"\" required><\/div>\n<div class=\"tnp-field tnp-field-button\"><input class=\"tnp-submit\" type=\"submit\" value=\"https:\/\/www.les-sablons.com\/wp-content\/uploads\/2020\/02\/send.png\" >\n<\/div>\n<\/form>\n<\/div>\n<\/p>[\/et_pb_code][et_pb_divider color=&#8220;#9d1412&#8243; divider_position=&#8220;center&#8220; divider_weight=&#8220;1px&#8220; _builder_version=&#8220;4.2.2&#8243; module_alignment=&#8220;center&#8220; height=&#8220;1px&#8220;][\/et_pb_divider][et_pb_blurb title=&#8220;Wir stellen ein&#8220; admin_label=&#8220;Nous recrutons&#8220; module_class=&#8220;footer-info&#8220; _builder_version=&#8220;4.7.7&#8243; header_font=&#8220;|||on|||||&#8220; header_text_color=&#8220;#ff4e1f&#8220; body_text_color=&#8220;#ffffff&#8220; custom_css_main_element=&#8220;margin-bottom: 20px !important;&#8220;]In jeder Saison stellt Camping Les Sablons neue Mitarbeiter f\u00fcr verschiedene Dienstleistungen ein:<br \/>\nAnimation, Schwimmbad, Bar, Rezeption, Gr\u00fcnfl\u00e4chen und Wartung, Wartung und Reinigung und mehr!<br \/>\nZ\u00f6gern Sie nicht, sich f\u00fcr einen Saisonvertrag oder ein Praktikum zu bewerben[\/et_pb_blurb][et_pb_button button_url=&#8220;https:\/\/careers.werecruit.io\/fr\/camping-les-sablons&#8220; url_new_window=&#8220;on&#8220; button_text=&#8220;Postulat&#8220; button_alignment=&#8220;left&#8220; button_alignment_tablet=&#8220;center&#8220; button_alignment_phone=&#8220;&#8220; button_alignment_last_edited=&#8220;on|tablet&#8220; admin_label=&#8220;Bouton &#8211; Postuler&#8220; _builder_version=&#8220;4.7.7&#8243; custom_button=&#8220;on&#8220; button_text_size=&#8220;12px&#8220; button_text_color=&#8220;#ffffff&#8220; button_border_width=&#8220;1px&#8220; button_border_color=&#8220;#ffffff&#8220; button_font=&#8220;|||on|||||&#8220; button_use_icon=&#8220;off&#8220; button_text_size__hover_enabled=&#8220;on|hover&#8220; button_bg_color__hover_enabled=&#8220;on|hover&#8220; button_text_color__hover_enabled=&#8220;on|desktop&#8220; button_text_color__hover=&#8220;#ffffff&#8220; button_bg_color__hover=&#8220;#eb1d1a&#8220; button_bg_enable_color__hover=&#8220;on&#8220; button_border_color__hover_enabled=&#8220;on|desktop&#8220; button_border_color__hover=&#8220;#eb1d1a&#8220;][\/et_pb_button][et_pb_divider color=&#8220;#9d1412&#8243; divider_position=&#8220;center&#8220; divider_weight=&#8220;1px&#8220; _builder_version=&#8220;4.2.2&#8243; module_alignment=&#8220;center&#8220; height=&#8220;1px&#8220;][\/et_pb_divider][et_pb_blurb title=&#8220;Folge uns&#8220; admin_label=&#8220;Nous suivre&#8220; module_class=&#8220;footer-info&#8220; _builder_version=&#8220;4.7.7&#8243; header_font=&#8220;|||on|||||&#8220; header_text_color=&#8220;#ffffff&#8220; body_text_color=&#8220;#ffffff&#8220; custom_padding=&#8220;||0px||false|false&#8220; custom_css_main_element=&#8220;margin-bottom: 0 !important;&#8220;]<\/p>\n<p>Teilen Sie das Campingleben mit Ihren Freunden und Ihrer Familie<\/p>\n<p>[\/et_pb_blurb][et_pb_social_media_follow _builder_version=&#8220;4.7.7&#8243;][et_pb_social_media_follow_network social_network=&#8220;facebook&#8220; url=&#8220;https:\/\/www.facebook.com\/CampingClubLesSablons&#8220; icon_color=&#8220;#ffffff&#8220; _builder_version=&#8220;4.2.2&#8243; background_color=&#8220;rgba(59,89,152,0)&#8220; background_enable_color=&#8220;on&#8220; follow_button=&#8220;off&#8220; url_new_window=&#8220;on&#8220;]facebook[\/et_pb_social_media_follow_network][et_pb_social_media_follow_network social_network=&#8220;pinterest&#8220; url=&#8220;https:\/\/www.pinterest.fr\/campingsablons\/&#8220; icon_color=&#8220;#ffffff&#8220; _builder_version=&#8220;4.2.2&#8243; background_color=&#8220;rgba(203,32,39,0)&#8220; background_enable_color=&#8220;on&#8220; follow_button=&#8220;off&#8220; url_new_window=&#8220;on&#8220;]pinterest[\/et_pb_social_media_follow_network][et_pb_social_media_follow_network social_network=&#8220;youtube&#8220; url=&#8220;https:\/\/www.youtube.com\/channel\/UCJH1bcXs5nLomrHW-Efn-JA?feature=mhee&#8220; icon_color=&#8220;#ffffff&#8220; _builder_version=&#8220;4.2.2&#8243; background_color=&#8220;rgba(168,36,0,0)&#8220; background_enable_color=&#8220;on&#8220; follow_button=&#8220;off&#8220; url_new_window=&#8220;on&#8220;]youtube[\/et_pb_social_media_follow_network][et_pb_social_media_follow_network social_network=&#8220;instagram&#8220; url=&#8220;https:\/\/www.instagram.com\/campinglessablons\/&#8220; icon_color=&#8220;#ffffff&#8220; _builder_version=&#8220;4.2.2&#8243; background_color=&#8220;rgba(10,4,1,0)&#8220; background_enable_color=&#8220;on&#8220; follow_button=&#8220;off&#8220; url_new_window=&#8220;on&#8220;]instagram[\/et_pb_social_media_follow_network][\/et_pb_social_media_follow][et_pb_divider color=&#8220;#9d1412&#8243; divider_position=&#8220;center&#8220; divider_weight=&#8220;1px&#8220; _builder_version=&#8220;4.2.2&#8243; module_alignment=&#8220;center&#8220; height=&#8220;1px&#8220;][\/et_pb_divider][et_pb_text module_class=&#8220;footer-propos&#8220; _builder_version=&#8220;4.9.4&#8243; text_text_color=&#8220;#ffffff&#8220; text_orientation=&#8220;center&#8220; link_option_url=&#8220;https:\/\/www.google.fr\/maps\/place\/Camping+les+Sablons+5+%C3%A9toiles\/@43.2801167,3.3615559,17z\/data=!3m1!4b1!4m8!3m7!1s0x12b110cb8904248b:0xa4f1250526d3159!5m2!4m1!1i2!8m2!3d43.2801167!4d3.3637446&#8243; link_option_url_new_window=&#8220;on&#8220;]<\/p>\n<p>Camping 5 \u00e9toiles Les Sablons<br \/>Avenue des M\u00fbriers<br \/>34420 Portiragnes-Plage<br \/>France<br \/>\n<a href=\"https:\/\/qualite-tourisme-occitanie.fr\/\" target=\"_blank\" rel=\"noopener\"><img decoding=\"async\" class=\"qualite_tourisme alignleft wp-image-14179\" src=\"https:\/\/www.les-sablons.com\/wp-content\/uploads\/2024\/08\/logo-qualite-tourisme-3.png\" alt=\"\" width=\"100\"  \/><\/a><a href=\"https:\/\/www.laclefverte.org\/\" target=\"_blank\" rel=\"noopener\"><img decoding=\"async\" class=\"clef_verte alignleft wp-image-14179\" style=\"margin-left: 20px;\" src=\"https:\/\/www.les-sablons.com\/wp-content\/uploads\/2022\/02\/icone-clef-verte.svg\" width=\"80\" \/><\/a><a href=\"https:\/\/www.les-sablons.com\/locations-pmr\/\"><img decoding=\"async\" src=\"https:\/\/www.les-sablons.com\/wp-content\/uploads\/2023\/07\/Nos-usagers-et-visiteurs-en-situation-de-handicap_articleimage.png\" width=\"100\" style=\"margin-left: 20px;\" alt=\"\" class=\"wp-image-26298 alignleft size-full\" \/><\/a><span id=\"resp-avis\"><\/span>[\/et_pb_text][et_pb_divider color=&#8220;#9d1412&#8243; divider_position=&#8220;center&#8220; divider_weight=&#8220;1px&#8220; _builder_version=&#8220;4.9.4&#8243; module_alignment=&#8220;center&#8220; height=&#8220;1px&#8220; custom_margin=&#8220;140px||||false|false&#8220;][\/et_pb_divider][et_pb_text disabled_on=&#8220;off|off|off&#8220; admin_label=&#8220;Bouton &#8211; Menu&#8220; _builder_version=&#8220;4.7.7&#8243; text_text_color=&#8220;#ffffff&#8220;]<\/p>\n<div class=\"footer-button\"><a class=\"learn_more\" href=\"\/de\/anreiseplan\/\">Stra\u00dfenkarte<\/a><\/div>\n<div class=\"footer-button\"><a class=\"learn_more\" href=\"\/contact\/\">KONTAKTIERE UNS<\/a><\/div>\n<div class=\"footer-button\"><a class=\"learn_more\" href=\"\/de\/haeufig-fragen\/\">F.A.Q<\/a><\/div>\n<div class=\"footer-button\"><a class=\"learn_more\" href=\"https:\/\/thelisresa.webcamp.fr\/formulaire.php?camping=sablons&#038;lang=de\">BUCH<\/a><\/div>\n<p>[\/et_pb_text][\/et_pb_column][\/et_pb_row][\/et_pb_section]<\/p>\n","protected":false},"excerpt":{"rendered":"<p>[et_pb_section fb_built=&#8220;1&#8243; fullwidth=&#8220;on&#8220; module_class=&#8220;ls_top_slide&#8220; _builder_version=&#8220;4.7.7&#8243; _module_preset=&#8220;default&#8220;][et_pb_fullwidth_slider show_arrows=&#8220;off&#8220; show_pagination=&#8220;off&#8220; _builder_version=&#8220;4.9.4&#8243; _module_preset=&#8220;default&#8220; auto=&#8220;on&#8220;][et_pb_slide heading=&#8220;Karte und Zugang&#8220; _builder_version=&#8220;4.9.4&#8243; _module_preset=&#8220;default&#8220; background_image=&#8220;https:\/\/www.les-sablons.com\/wp-content\/uploads\/2021\/05\/AERIEN-2.jpg&#8220; background_enable_image=&#8220;on&#8220; sticky_transition=&#8220;on&#8220;][\/et_pb_slide][\/et_pb_fullwidth_slider][\/et_pb_section][et_pb_section fb_built=&#8220;1&#8243; _builder_version=&#8220;4.3.2&#8243; vertical_offset_tablet=&#8220;0&#8243; horizontal_offset_tablet=&#8220;0&#8243; custom_padding=&#8220;||0px|&#8220; z_index_tablet=&#8220;0&#8243; box_shadow_horizontal_tablet=&#8220;0px&#8220; box_shadow_vertical_tablet=&#8220;0px&#8220; box_shadow_blur_tablet=&#8220;40px&#8220; box_shadow_spread_tablet=&#8220;0px&#8220;][et_pb_row custom_padding_last_edited=&#8220;on|desktop&#8220; _builder_version=&#8220;4.3.2&#8243; custom_margin=&#8220;||||false|false&#8220; custom_padding=&#8220;||||false|false&#8220; custom_padding_tablet=&#8220;||0px||false|false&#8220; custom_padding_phone=&#8220;&#8220;][et_pb_column type=&#8220;4_4&#8243; _builder_version=&#8220;4.3.2&#8243;][et_pb_text admin_label=&#8220;carte&#8220; _builder_version=&#8220;4.9.4&#8243; header_2_font_size=&#8220;30px&#8220; vertical_offset_tablet=&#8220;0&#8243; horizontal_offset_tablet=&#8220;0&#8243; header_2_font_size_tablet=&#8220;25px&#8220; header_2_font_size_phone=&#8220;&#8220; header_2_font_size_last_edited=&#8220;on|desktop&#8220; z_index_tablet=&#8220;0&#8243; text_text_shadow_horizontal_length_tablet=&#8220;0px&#8220; text_text_shadow_vertical_length_tablet=&#8220;0px&#8220; text_text_shadow_blur_strength_tablet=&#8220;1px&#8220; link_text_shadow_horizontal_length_tablet=&#8220;0px&#8220; link_text_shadow_vertical_length_tablet=&#8220;0px&#8220; link_text_shadow_blur_strength_tablet=&#8220;1px&#8220; ul_text_shadow_horizontal_length_tablet=&#8220;0px&#8220; ul_text_shadow_vertical_length_tablet=&#8220;0px&#8220; ul_text_shadow_blur_strength_tablet=&#8220;1px&#8220; [&hellip;]<\/p>\n","protected":false},"author":1,"featured_media":0,"parent":0,"menu_order":0,"comment_status":"closed","ping_status":"closed","template":"","meta":{"_acf_changed":false,"_et_pb_use_builder":"on","_et_pb_old_content":"","_et_gb_content_width":"","inline_featured_image":false,"footnotes":""},"acf":[],"yoast_head":"<!-- This site is optimized with the Yoast SEO plugin v22.0 - https:\/\/yoast.com\/wordpress\/plugins\/seo\/ -->\n<title>Karte und Zugang - Camping ***** les Sablons<\/title>\n<meta name=\"robots\" content=\"index, follow, max-snippet:-1, max-image-preview:large, max-video-preview:-1\" \/>\n<link rel=\"canonical\" href=\"https:\/\/www.les-sablons.com\/de\/plan-dacces\/\" \/>\n<meta property=\"og:locale\" content=\"de_DE\" \/>\n<meta property=\"og:type\" content=\"article\" \/>\n<meta property=\"og:title\" content=\"Karte und Zugang - Camping ***** les Sablons\" \/>\n<meta property=\"og:description\" content=\"[et_pb_section fb_built=&#8220;1&#8243; fullwidth=&#8220;on&#8220; module_class=&#8220;ls_top_slide&#8220; _builder_version=&#8220;4.7.7&#8243; _module_preset=&#8220;default&#8220;][et_pb_fullwidth_slider show_arrows=&#8220;off&#8220; show_pagination=&#8220;off&#8220; _builder_version=&#8220;4.9.4&#8243; _module_preset=&#8220;default&#8220; auto=&#8220;on&#8220;][et_pb_slide heading=&#8220;Karte und Zugang&#8220; _builder_version=&#8220;4.9.4&#8243; _module_preset=&#8220;default&#8220; background_image=&#8220;https:\/\/www.les-sablons.com\/wp-content\/uploads\/2021\/05\/AERIEN-2.jpg&#8220; background_enable_image=&#8220;on&#8220; sticky_transition=&#8220;on&#8220;][\/et_pb_slide][\/et_pb_fullwidth_slider][\/et_pb_section][et_pb_section fb_built=&#8220;1&#8243; _builder_version=&#8220;4.3.2&#8243; vertical_offset_tablet=&#8220;0&#8243; horizontal_offset_tablet=&#8220;0&#8243; custom_padding=&#8220;||0px|&#8220; z_index_tablet=&#8220;0&#8243; box_shadow_horizontal_tablet=&#8220;0px&#8220; box_shadow_vertical_tablet=&#8220;0px&#8220; box_shadow_blur_tablet=&#8220;40px&#8220; box_shadow_spread_tablet=&#8220;0px&#8220;][et_pb_row custom_padding_last_edited=&#8220;on|desktop&#8220; _builder_version=&#8220;4.3.2&#8243; custom_margin=&#8220;||||false|false&#8220; custom_padding=&#8220;||||false|false&#8220; custom_padding_tablet=&#8220;||0px||false|false&#8220; custom_padding_phone=&#8220;&#8220;][et_pb_column type=&#8220;4_4&#8243; _builder_version=&#8220;4.3.2&#8243;][et_pb_text admin_label=&#8220;carte&#8220; _builder_version=&#8220;4.9.4&#8243; header_2_font_size=&#8220;30px&#8220; vertical_offset_tablet=&#8220;0&#8243; horizontal_offset_tablet=&#8220;0&#8243; header_2_font_size_tablet=&#8220;25px&#8220; header_2_font_size_phone=&#8220;&#8220; header_2_font_size_last_edited=&#8220;on|desktop&#8220; z_index_tablet=&#8220;0&#8243; text_text_shadow_horizontal_length_tablet=&#8220;0px&#8220; text_text_shadow_vertical_length_tablet=&#8220;0px&#8220; text_text_shadow_blur_strength_tablet=&#8220;1px&#8220; link_text_shadow_horizontal_length_tablet=&#8220;0px&#8220; link_text_shadow_vertical_length_tablet=&#8220;0px&#8220; link_text_shadow_blur_strength_tablet=&#8220;1px&#8220; ul_text_shadow_horizontal_length_tablet=&#8220;0px&#8220; ul_text_shadow_vertical_length_tablet=&#8220;0px&#8220; ul_text_shadow_blur_strength_tablet=&#8220;1px&#8220; [&hellip;]\" \/>\n<meta property=\"og:url\" content=\"https:\/\/www.les-sablons.com\/de\/plan-dacces\/\" \/>\n<meta property=\"og:site_name\" content=\"Camping ***** les Sablons\" \/>\n<meta property=\"article:modified_time\" content=\"2024-09-24T10:04:27+00:00\" \/>\n<meta property=\"og:image\" content=\"https:\/\/www.les-sablons.com\/wp-content\/uploads\/2022\/02\/icone-clef-verte.svg\" \/>\n<meta name=\"twitter:card\" content=\"summary_large_image\" \/>\n<meta name=\"twitter:label1\" content=\"Gesch\u00e4tzte Lesezeit\" \/>\n\t<meta name=\"twitter:data1\" content=\"6\u00a0Minuten\" \/>\n<script type=\"application\/ld+json\" class=\"yoast-schema-graph\">{\"@context\":\"https:\/\/schema.org\",\"@graph\":[{\"@type\":\"WebPage\",\"@id\":\"https:\/\/www.les-sablons.com\/de\/plan-dacces\/\",\"url\":\"https:\/\/www.les-sablons.com\/de\/plan-dacces\/\",\"name\":\"Karte und Zugang - Camping ***** les Sablons\",\"isPartOf\":{\"@id\":\"https:\/\/www.les-sablons.com\/de\/#website\"},\"datePublished\":\"2020-12-30T16:16:13+00:00\",\"dateModified\":\"2024-09-24T10:04:27+00:00\",\"breadcrumb\":{\"@id\":\"https:\/\/www.les-sablons.com\/de\/plan-dacces\/#breadcrumb\"},\"inLanguage\":\"de\",\"potentialAction\":[{\"@type\":\"ReadAction\",\"target\":[\"https:\/\/www.les-sablons.com\/de\/plan-dacces\/\"]}]},{\"@type\":\"BreadcrumbList\",\"@id\":\"https:\/\/www.les-sablons.com\/de\/plan-dacces\/#breadcrumb\",\"itemListElement\":[{\"@type\":\"ListItem\",\"position\":1,\"name\":\"Accueil\",\"item\":\"https:\/\/www.les-sablons.com\/de\/\"},{\"@type\":\"ListItem\",\"position\":2,\"name\":\"Karte und Zugang\"}]},{\"@type\":\"WebSite\",\"@id\":\"https:\/\/www.les-sablons.com\/de\/#website\",\"url\":\"https:\/\/www.les-sablons.com\/de\/\",\"name\":\"Camping ***** les Sablons\",\"description\":\"les Sablons \u00e0 Portiragnes-Plage, bord de mer M\u00e9diterran\u00e9e, proche Cap d&#039;Agde, Languedoc Roussillon\",\"potentialAction\":[{\"@type\":\"SearchAction\",\"target\":{\"@type\":\"EntryPoint\",\"urlTemplate\":\"https:\/\/www.les-sablons.com\/de\/?s={search_term_string}\"},\"query-input\":\"required name=search_term_string\"}],\"inLanguage\":\"de\"}]}<\/script>\n<!-- \/ Yoast SEO plugin. -->","yoast_head_json":{"title":"Karte und Zugang - Camping ***** les Sablons","robots":{"index":"index","follow":"follow","max-snippet":"max-snippet:-1","max-image-preview":"max-image-preview:large","max-video-preview":"max-video-preview:-1"},"canonical":"https:\/\/www.les-sablons.com\/de\/plan-dacces\/","og_locale":"de_DE","og_type":"article","og_title":"Karte und Zugang - Camping ***** les Sablons","og_description":"[et_pb_section fb_built=&#8220;1&#8243; fullwidth=&#8220;on&#8220; module_class=&#8220;ls_top_slide&#8220; _builder_version=&#8220;4.7.7&#8243; _module_preset=&#8220;default&#8220;][et_pb_fullwidth_slider show_arrows=&#8220;off&#8220; show_pagination=&#8220;off&#8220; _builder_version=&#8220;4.9.4&#8243; _module_preset=&#8220;default&#8220; auto=&#8220;on&#8220;][et_pb_slide heading=&#8220;Karte und Zugang&#8220; _builder_version=&#8220;4.9.4&#8243; _module_preset=&#8220;default&#8220; background_image=&#8220;https:\/\/www.les-sablons.com\/wp-content\/uploads\/2021\/05\/AERIEN-2.jpg&#8220; background_enable_image=&#8220;on&#8220; sticky_transition=&#8220;on&#8220;][\/et_pb_slide][\/et_pb_fullwidth_slider][\/et_pb_section][et_pb_section fb_built=&#8220;1&#8243; _builder_version=&#8220;4.3.2&#8243; vertical_offset_tablet=&#8220;0&#8243; horizontal_offset_tablet=&#8220;0&#8243; custom_padding=&#8220;||0px|&#8220; z_index_tablet=&#8220;0&#8243; box_shadow_horizontal_tablet=&#8220;0px&#8220; box_shadow_vertical_tablet=&#8220;0px&#8220; box_shadow_blur_tablet=&#8220;40px&#8220; box_shadow_spread_tablet=&#8220;0px&#8220;][et_pb_row custom_padding_last_edited=&#8220;on|desktop&#8220; _builder_version=&#8220;4.3.2&#8243; custom_margin=&#8220;||||false|false&#8220; custom_padding=&#8220;||||false|false&#8220; custom_padding_tablet=&#8220;||0px||false|false&#8220; custom_padding_phone=&#8220;&#8220;][et_pb_column type=&#8220;4_4&#8243; _builder_version=&#8220;4.3.2&#8243;][et_pb_text admin_label=&#8220;carte&#8220; _builder_version=&#8220;4.9.4&#8243; header_2_font_size=&#8220;30px&#8220; vertical_offset_tablet=&#8220;0&#8243; horizontal_offset_tablet=&#8220;0&#8243; header_2_font_size_tablet=&#8220;25px&#8220; header_2_font_size_phone=&#8220;&#8220; header_2_font_size_last_edited=&#8220;on|desktop&#8220; z_index_tablet=&#8220;0&#8243; text_text_shadow_horizontal_length_tablet=&#8220;0px&#8220; text_text_shadow_vertical_length_tablet=&#8220;0px&#8220; text_text_shadow_blur_strength_tablet=&#8220;1px&#8220; link_text_shadow_horizontal_length_tablet=&#8220;0px&#8220; link_text_shadow_vertical_length_tablet=&#8220;0px&#8220; link_text_shadow_blur_strength_tablet=&#8220;1px&#8220; ul_text_shadow_horizontal_length_tablet=&#8220;0px&#8220; ul_text_shadow_vertical_length_tablet=&#8220;0px&#8220; ul_text_shadow_blur_strength_tablet=&#8220;1px&#8220; [&hellip;]","og_url":"https:\/\/www.les-sablons.com\/de\/plan-dacces\/","og_site_name":"Camping ***** les Sablons","article_modified_time":"2024-09-24T10:04:27+00:00","og_image":[{"url":"https:\/\/www.les-sablons.com\/wp-content\/uploads\/2022\/02\/icone-clef-verte.svg"}],"twitter_card":"summary_large_image","twitter_misc":{"Gesch\u00e4tzte Lesezeit":"6\u00a0Minuten"},"schema":{"@context":"https:\/\/schema.org","@graph":[{"@type":"WebPage","@id":"https:\/\/www.les-sablons.com\/de\/plan-dacces\/","url":"https:\/\/www.les-sablons.com\/de\/plan-dacces\/","name":"Karte und Zugang - Camping ***** les Sablons","isPartOf":{"@id":"https:\/\/www.les-sablons.com\/de\/#website"},"datePublished":"2020-12-30T16:16:13+00:00","dateModified":"2024-09-24T10:04:27+00:00","breadcrumb":{"@id":"https:\/\/www.les-sablons.com\/de\/plan-dacces\/#breadcrumb"},"inLanguage":"de","potentialAction":[{"@type":"ReadAction","target":["https:\/\/www.les-sablons.com\/de\/plan-dacces\/"]}]},{"@type":"BreadcrumbList","@id":"https:\/\/www.les-sablons.com\/de\/plan-dacces\/#breadcrumb","itemListElement":[{"@type":"ListItem","position":1,"name":"Accueil","item":"https:\/\/www.les-sablons.com\/de\/"},{"@type":"ListItem","position":2,"name":"Karte und Zugang"}]},{"@type":"WebSite","@id":"https:\/\/www.les-sablons.com\/de\/#website","url":"https:\/\/www.les-sablons.com\/de\/","name":"Camping ***** les Sablons","description":"les Sablons \u00e0 Portiragnes-Plage, bord de mer M\u00e9diterran\u00e9e, proche Cap d&#039;Agde, Languedoc Roussillon","potentialAction":[{"@type":"SearchAction","target":{"@type":"EntryPoint","urlTemplate":"https:\/\/www.les-sablons.com\/de\/?s={search_term_string}"},"query-input":"required name=search_term_string"}],"inLanguage":"de"}]}},"_links":{"self":[{"href":"https:\/\/www.les-sablons.com\/de\/wp-json\/wp\/v2\/pages\/7963"}],"collection":[{"href":"https:\/\/www.les-sablons.com\/de\/wp-json\/wp\/v2\/pages"}],"about":[{"href":"https:\/\/www.les-sablons.com\/de\/wp-json\/wp\/v2\/types\/page"}],"author":[{"embeddable":true,"href":"https:\/\/www.les-sablons.com\/de\/wp-json\/wp\/v2\/users\/1"}],"replies":[{"embeddable":true,"href":"https:\/\/www.les-sablons.com\/de\/wp-json\/wp\/v2\/comments?post=7963"}],"version-history":[{"count":0,"href":"https:\/\/www.les-sablons.com\/de\/wp-json\/wp\/v2\/pages\/7963\/revisions"}],"wp:attachment":[{"href":"https:\/\/www.les-sablons.com\/de\/wp-json\/wp\/v2\/media?parent=7963"}],"curies":[{"name":"wp","href":"https:\/\/api.w.org\/{rel}","templated":true}]}}