{"id":36658,"date":"2025-01-30T10:37:17","date_gmt":"2025-01-30T10:37:17","guid":{"rendered":"https:\/\/www.les-sablons.com\/?page_id=36658"},"modified":"2025-01-30T10:37:23","modified_gmt":"2025-01-30T10:37:23","slug":"camping-location-luxes","status":"publish","type":"page","link":"https:\/\/www.les-sablons.com\/de\/camping-location-luxes\/","title":{"rendered":"2024 comparaison luxes"},"content":{"rendered":"<p>[et_pb_section fb_built=&#8220;1&#8243; fullwidth=&#8220;on&#8220; _builder_version=&#8220;4.9.4&#8243; _module_preset=&#8220;default&#8220; background_color=&#8220;#000000&#8243; background_image=&#8220;https:\/\/www.les-sablons.com\/wp-content\/uploads\/2024\/10\/sablonmobilhomeV2-2-56-scaled.jpg&#8220; min_height=&#8220;0px&#8220; height=&#8220;600px&#8220; height_tablet=&#8220;&#8220; height_phone=&#8220;400px&#8220; height_last_edited=&#8220;on|phone&#8220;][et_pb_fullwidth_header title=&#8220;Die Luxe&#8220; text_orientation=&#8220;center&#8220; _builder_version=&#8220;4.9.4&#8243; _module_preset=&#8220;default&#8220; background_color=&#8220;rgba(0,0,0,0.5)&#8220; background_enable_image=&#8220;off&#8220; module_alignment=&#8220;center&#8220; min_height=&#8220;500px&#8220; min_height_tablet=&#8220;&#8220; min_height_phone=&#8220;300px&#8220; min_height_last_edited=&#8220;on|phone&#8220; height=&#8220;600px&#8220; height_tablet=&#8220;&#8220; height_phone=&#8220;400px&#8220; height_last_edited=&#8220;on|phone&#8220; custom_margin=&#8220;||||false|false&#8220; custom_padding=&#8220;50px||50px||false|false&#8220;][\/et_pb_fullwidth_header][\/et_pb_section][et_pb_section fb_built=&#8220;1&#8243; _builder_version=&#8220;4.9.4&#8243; _module_preset=&#8220;default&#8220; custom_padding=&#8220;||0px|||&#8220;][et_pb_row _builder_version=&#8220;4.9.4&#8243; _module_preset=&#8220;default&#8220; width=&#8220;100%&#8220; max_width=&#8220;1240px&#8220; custom_margin=&#8220;|auto|-4px|auto||&#8220; custom_padding=&#8220;||0px|||&#8220;][et_pb_column type=&#8220;4_4&#8243; _builder_version=&#8220;4.9.4&#8243; _module_preset=&#8220;default&#8220;][et_pb_pricing_tables featured_table_background_color=&#8220;#E09900&#8243; show_bullet=&#8220;off&#8220; featured_table_bullet_color=&#8220;#E09900&#8243; show_featured_drop_shadow=&#8220;off&#8220; disabled_on=&#8220;on|on|off&#8220; admin_label=&#8220;Comparaison Desktop&#8220; module_class=&#8220;tb_compare_services&#8220; _builder_version=&#8220;4.9.4&#8243; _module_preset=&#8220;default&#8220; excluded_text_color=&#8220;#a9a9a9&#8243; header_font_size=&#8220;20px&#8220; subheader_font_size=&#8220;15px&#8220; price_text_align=&#8220;center&#8220; price_font_size=&#8220;20px&#8220; price_line_height=&#8220;0px&#8220; background_color=&#8220;RGBA(0,0,0,0)&#8220; transform_translate=&#8220;0px|-135px&#8220; transform_translate_linked=&#8220;off&#8220; custom_margin=&#8220;||||false|false&#8220; custom_padding=&#8220;||||false|false&#8220; custom_css_featured_table=&#8220;width:15%;&#8220; border_width_all=&#8220;0px&#8220; border_color_all=&#8220;#E02B20&#8243; box_shadow_style=&#8220;preset4&#8243; box_shadow_horizontal=&#8220;0px&#8220; box_shadow_vertical=&#8220;9px&#8220; box_shadow_blur=&#8220;26px&#8220; box_shadow_spread=&#8220;-15px&#8220;][et_pb_pricing_table title=&#8220;-&#8220; subtitle=&#8220;Services &#8220; sum=&#8220;-&#8220; price_background_color=&#8220;#FFFFFF&#8220; header_background_color=&#8220;#FFFFFF&#8220; _builder_version=&#8220;4.9.4&#8243; _module_preset=&#8220;default&#8220; price_text_color=&#8220;#FFFFFF&#8220; subheader_text_color=&#8220;#000000&#8243; custom_padding=&#8220;15px|0px|15px|0px|false|false&#8220; custom_css_main_element=&#8220;width:15% !important;&#8220; custom_css_pricing_content=&#8220;padding-top:0 !important;&#8220; sticky_transition=&#8220;on&#8220;]<strong>Anzahl der Zimmer<\/strong><br \/>\n<strong>Elternsuite<\/strong><br \/>\n<strong>Klimaanlage<\/strong><br \/>\n<strong>Geschirrsp\u00fcler<\/strong><br \/>\n<strong>Bettlaken<\/strong><br \/>\n<strong>Handt\u00fccher<\/strong><br \/>\n<strong>Badet\u00fccher<\/strong><br \/>\n<strong>Grillplatte<\/strong><br \/>\n<strong>Betten bei Ankunft bezogen<\/strong><br \/>\n<strong>Endreinigung<\/strong><\/p>\n<p><span class=\"empty-item\">&nbsp;<\/span>[\/et_pb_pricing_table][et_pb_pricing_table title=&#8220;Taos&#8220; subtitle=&#8220;1 bis 6 Personen&#8220; sum=&#8220;19 bis 40 m\u00b2&#8220; button_url=&#8220;#ls_disponibilities&#8220; button_text=&#8220;Buchen&#8220; price_background_color=&#8220;#3796aa&#8220; header_background_color=&#8220;#3796aa&#8220; _builder_version=&#8220;4.9.4&#8243; _module_preset=&#8220;default&#8220; price_text_color=&#8220;#FFFFFF&#8220; body_text_align=&#8220;center&#8220; excluded_text_color=&#8220;#E02B20&#8243; custom_button=&#8220;on&#8220; button_text_size=&#8220;14px&#8220; button_border_width=&#8220;1px&#8220; button_border_radius=&#8220;0px&#8220; button_letter_spacing=&#8220;1px&#8220; button_use_icon=&#8220;off&#8220; custom_padding=&#8220;15px|0px|15px|0px|false|false&#8220; custom_css_main_element=&#8220;width:15% !important;&#8220; custom_css_pricing_button=&#8220;margin-bottom: 35px;&#8220; button_border_color__hover_enabled=&#8220;on|desktop&#8220; button_text_color__hover_enabled=&#8220;on|hover&#8220; button_text_color__hover=&#8220;#FFFFFF&#8220; button_icon_color__hover_enabled=&#8220;on|desktop&#8220; sticky_transition=&#8220;on&#8220;]Studio, 1, 2 und 3<br \/>\n+ Ja, in 2 und 3 Zimmern<br \/>\n+ <i class=\"dashicons dashicons-yes\"><\/i><br \/>\n+ <i class=\"dashicons dashicons-yes\"><\/i><br \/>\n+ <i class=\"dashicons dashicons-yes\"><\/i><br \/>\n+ <i class=\"dashicons dashicons-yes\"><\/i><br \/>\n+ <i class=\"dashicons dashicons-yes\"><\/i><br \/>\n+ <i class=\"dashicons dashicons-yes\"><\/i><br \/>\n+ <i class=\"dashicons dashicons-yes\"><\/i><br \/>\n+ <i class=\"dashicons dashicons-yes\"><\/i><\/p>\n<p><a class=\"ls_btn_heb ls_btn_heb_w_hover\" href=\"https:\/\/www.les-sablons.com\/de\/les-mobilhomes\/mobilehome-taos\">Mehr erfahren<\/a><\/p>\n<p>[\/et_pb_pricing_table][et_pb_pricing_table title=&#8220;Keywest&#8220; subtitle=&#8220;1 bis 6 Personen&#8220; sum=&#8220;19 bis 40 m\u00b2&#8220; button_url=&#8220;#ls_disponibilities&#8220; button_text=&#8220;Buchen&#8220; price_background_color=&#8220;#3796aa&#8220; header_background_color=&#8220;#3796aa&#8220; _builder_version=&#8220;4.9.4&#8243; _module_preset=&#8220;default&#8220; price_text_color=&#8220;#FFFFFF&#8220; body_text_align=&#8220;center&#8220; excluded_text_color=&#8220;#E02B20&#8243; custom_button=&#8220;on&#8220; button_text_size=&#8220;14px&#8220; button_border_width=&#8220;1px&#8220; button_border_radius=&#8220;0px&#8220; button_letter_spacing=&#8220;1px&#8220; button_use_icon=&#8220;off&#8220; custom_padding=&#8220;15px|0px|15px|0px|false|false&#8220; custom_css_main_element=&#8220;width:15% !important;&#8220; custom_css_pricing_button=&#8220;margin-bottom: 35px;&#8220; button_border_color__hover_enabled=&#8220;on|desktop&#8220; button_text_color__hover_enabled=&#8220;on|hover&#8220; button_text_color__hover=&#8220;#FFFFFF&#8220; button_icon_color__hover_enabled=&#8220;on|desktop&#8220; sticky_transition=&#8220;on&#8220;]1 und 3<br \/>\n+ Ja, in 3 Zimmern<br \/>\n+ <i class=\"dashicons dashicons-yes\"><\/i><br \/>\n+ <i class=\"dashicons dashicons-yes\"><\/i><br \/>\n+ <i class=\"dashicons dashicons-yes\"><\/i><br \/>\n+ <i class=\"dashicons dashicons-yes\"><\/i><br \/>\n+ <i class=\"dashicons dashicons-yes\"><\/i><br \/>\n+ <i class=\"dashicons dashicons-yes\"><\/i><br \/>\n+ <i class=\"dashicons dashicons-yes\"><\/i><br \/>\n+ <i class=\"dashicons dashicons-yes\"><\/i><\/p>\n<p><a class=\"ls_btn_heb ls_btn_heb_w_hover\" href=\"https:\/\/www.les-sablons.com\/de\/les-mobilhomes\/mobilhome-keywest\">Mehr erfahren<\/a><\/p>\n<p>[\/et_pb_pricing_table][et_pb_pricing_table title=&#8220;Casa&#8220; subtitle=&#8220;1 bis 6 Personen&#8220; sum=&#8220;19 bis 40 m\u00b2&#8220; button_url=&#8220;#ls_disponibilities&#8220; button_text=&#8220;Buchen&#8220; price_background_color=&#8220;#3796aa&#8220; header_background_color=&#8220;#3796aa&#8220; _builder_version=&#8220;4.9.4&#8243; _module_preset=&#8220;default&#8220; price_text_color=&#8220;#FFFFFF&#8220; body_text_align=&#8220;center&#8220; excluded_text_color=&#8220;#E02B20&#8243; custom_button=&#8220;on&#8220; button_text_size=&#8220;14px&#8220; button_border_width=&#8220;1px&#8220; button_border_radius=&#8220;0px&#8220; button_letter_spacing=&#8220;1px&#8220; button_use_icon=&#8220;off&#8220; custom_padding=&#8220;15px|0px|15px|0px|false|false&#8220; custom_css_main_element=&#8220;width:15% !important;&#8220; custom_css_pricing_button=&#8220;margin-bottom: 35px;&#8220; button_border_color__hover_enabled=&#8220;on|desktop&#8220; button_text_color__hover_enabled=&#8220;on|hover&#8220; button_text_color__hover=&#8220;#FFFFFF&#8220; button_icon_color__hover_enabled=&#8220;on|desktop&#8220; sticky_transition=&#8220;on&#8220;]Studio, 2 und 3<br \/>\n+ Ja in 2 und 3 Zimmern<br \/>\n+ <i class=\"dashicons dashicons-yes\"><\/i><br \/>\n+ <i class=\"dashicons dashicons-yes\"><\/i><br \/>\n+ <i class=\"dashicons dashicons-yes\"><\/i><br \/>\n+ <i class=\"dashicons dashicons-yes\"><\/i><br \/>\n+ <i class=\"dashicons dashicons-yes\"><\/i><br \/>\n+ <i class=\"dashicons dashicons-yes\"><\/i><br \/>\n+ <i class=\"dashicons dashicons-yes\"><\/i><br \/>\n+ <i class=\"dashicons dashicons-yes\"><\/i><\/p>\n<p><a class=\"ls_btn_heb ls_btn_heb_w_hover\" href=\"https:\/\/www.les-sablons.com\/de\/les-mobilhomes\/mobilhome-casa\">Mehr erfahren<\/a><\/p>\n<p>[\/et_pb_pricing_table][et_pb_pricing_table title=&#8220;Chalets&#8220; subtitle=&#8220;5 bis 8 Personen&#8220; sum=&#8220;49 bis 63 m\u00b2&#8220; button_url=&#8220;#ls_disponibilities&#8220; button_text=&#8220;Buchen&#8220; price_background_color=&#8220;#40abc1&#8243; header_background_color=&#8220;#40abc1&#8243; _builder_version=&#8220;4.9.4&#8243; _module_preset=&#8220;default&#8220; price_text_color=&#8220;#FFFFFF&#8220; body_text_align=&#8220;center&#8220; subheader_text_color=&#8220;#FFFFFF&#8220; excluded_text_color=&#8220;#E02B20&#8243; custom_button=&#8220;on&#8220; button_text_size=&#8220;14px&#8220; button_border_width=&#8220;1px&#8220; button_border_radius=&#8220;0px&#8220; button_letter_spacing=&#8220;1px&#8220; button_alignment=&#8220;center&#8220; custom_padding=&#8220;15px|0px|15px|0px|false|false&#8220; custom_css_main_element=&#8220;width:15% !important;||margin-top:0 !important;&#8220; custom_css_pricing_button=&#8220;margin-bottom: 35px;&#8220; button_text_color__hover_enabled=&#8220;on|hover&#8220; button_text_color__hover=&#8220;#FFFFFF&#8220; button_bg_color__hover_enabled=&#8220;on|hover&#8220; sticky_transition=&#8220;on&#8220;]2 oder 3<br \/>\n+ <i class=\"dashicons dashicons-yes\"><\/i><br \/>\n+ <i class=\"dashicons dashicons-yes\"><\/i><br \/>\n+ <i class=\"dashicons dashicons-yes\"><\/i><br \/>\n+ <i class=\"dashicons dashicons-yes\"><\/i><br \/>\n+ <i class=\"dashicons dashicons-yes\"><\/i><br \/>\n+ <i class=\"dashicons dashicons-yes\"><\/i><br \/>\n+ <i class=\"dashicons dashicons-yes\"><\/i><br \/>\n+ <i class=\"dashicons dashicons-yes\"><\/i><br \/>\n+ <i class=\"dashicons dashicons-yes\"><\/i><\/p>\n<p><a class=\"ls_btn_heb ls_btn_heb_w_hover\" href=\"https:\/\/www.les-sablons.com\/de\/camping-location-luxes\/les-chalets\">Mehr erfahren<\/a><\/p>\n<p>[\/et_pb_pricing_table][\/et_pb_pricing_tables][et_pb_pricing_tables featured_table_background_color=&#8220;#E09900&#8243; show_bullet=&#8220;off&#8220; featured_table_bullet_color=&#8220;#E09900&#8243; show_featured_drop_shadow=&#8220;off&#8220; disabled_on=&#8220;off|off|on&#8220; admin_label=&#8220;Comparaison Mobile&#8220; module_class=&#8220;tb_compare_services&#8220; _builder_version=&#8220;4.9.4&#8243; _module_preset=&#8220;default&#8220; excluded_text_color=&#8220;#a9a9a9&#8243; header_font_size=&#8220;22px&#8220; subheader_font_size=&#8220;15px&#8220; price_text_align=&#8220;center&#8220; price_font_size=&#8220;20px&#8220; price_line_height=&#8220;0px&#8220; background_color=&#8220;RGBA(0,0,0,0)&#8220; transform_translate=&#8220;0px|-135px&#8220; transform_translate_linked=&#8220;off&#8220; border_width_all=&#8220;0px&#8220; box_shadow_style=&#8220;preset4&#8243; box_shadow_horizontal=&#8220;0px&#8220; box_shadow_vertical=&#8220;9px&#8220; box_shadow_blur=&#8220;26px&#8220; box_shadow_spread=&#8220;-15px&#8220;][et_pb_pricing_table title=&#8220;Taos&#8220; subtitle=&#8220;1 bis 6 Personen&#8220; sum=&#8220;19 bis 40 m\u00b2&#8220; button_url=&#8220;#&#8220; button_text=&#8220;Buchen&#8220; price_background_color=&#8220;#3796aa&#8220; header_background_color=&#8220;#3796aa&#8220; _builder_version=&#8220;4.9.4&#8243; _module_preset=&#8220;default&#8220; price_text_color=&#8220;#FFFFFF&#8220; body_text_align=&#8220;center&#8220; custom_button=&#8220;on&#8220; button_text_size=&#8220;14px&#8220; button_border_width=&#8220;1px&#8220; button_border_radius=&#8220;0px&#8220; button_letter_spacing=&#8220;1px&#8220; custom_padding=&#8220;15px|0px|15px|0px|false|false&#8220; button_border_color__hover_enabled=&#8220;on|desktop&#8220; button_text_color__hover_enabled=&#8220;on|hover&#8220; button_text_color__hover=&#8220;#FFFFFF&#8220; sticky_transition=&#8220;on&#8220;]Studio, 1, 2 und 3 Schlafzimmer <i class=\"dashicons dashicons-yes\"><\/i><br \/>\nElternsuite, in 2 und 3 Zimmern <i class=\"dashicons dashicons-yes\"><\/i><br \/>\nKlimaanlage <i class=\"dashicons dashicons-yes\"><\/i><br \/>\nGeschirrsp\u00fcler <i class=\"dashicons dashicons-yes\"><\/i><br \/>\nBettlaken <i class=\"dashicons dashicons-yes\"><\/i><br \/>\nHandt\u00fccher <i class=\"dashicons dashicons-yes\"><\/i><br \/>\nBadet\u00fccher <i class=\"dashicons dashicons-yes\"><\/i><br \/>\nGrillplatte <i class=\"dashicons dashicons-yes\"><\/i><br \/>\nBetten bei Ankunft bezogen <i class=\"dashicons dashicons-yes\"><\/i><br \/>\nEndreinigung <i class=\"dashicons dashicons-yes\"><\/i><\/p>\n<p><a class=\"ls_btn_heb ls_btn_heb_w_hover\" href=\"https:\/\/www.les-sablons.com\/de\/les-mobilhomes\/mobilehome-taos\">Mehr erfahren<\/a><\/p>\n<p>[\/et_pb_pricing_table][et_pb_pricing_table title=&#8220;Keywest&#8220; subtitle=&#8220;1 bis 6 Personen&#8220; sum=&#8220;19 bis 40 m\u00b2&#8220; button_url=&#8220;#&#8220; button_text=&#8220;Buchen&#8220; price_background_color=&#8220;#3796aa&#8220; header_background_color=&#8220;#3796aa&#8220; _builder_version=&#8220;4.9.4&#8243; _module_preset=&#8220;default&#8220; price_text_color=&#8220;#FFFFFF&#8220; body_text_align=&#8220;center&#8220; custom_button=&#8220;on&#8220; button_text_size=&#8220;14px&#8220; button_border_width=&#8220;1px&#8220; button_border_radius=&#8220;0px&#8220; button_letter_spacing=&#8220;1px&#8220; custom_padding=&#8220;15px|0px|15px|0px|false|false&#8220; button_border_color__hover_enabled=&#8220;on|desktop&#8220; button_text_color__hover_enabled=&#8220;on|hover&#8220; button_text_color__hover=&#8220;#FFFFFF&#8220; sticky_transition=&#8220;on&#8220;]1und 2 Schlafzimmer <i class=\"dashicons dashicons-yes\"><\/i><br \/>\nElternsuite, in 2 und 3 Zimmern <i class=\"dashicons dashicons-yes\"><\/i><br \/>\nKlimaanlage <i class=\"dashicons dashicons-yes\"><\/i><br \/>\nGeschirrsp\u00fcler <i class=\"dashicons dashicons-yes\"><\/i><br \/>\nBettlaken <i class=\"dashicons dashicons-yes\"><\/i><br \/>\nHandt\u00fccher <i class=\"dashicons dashicons-yes\"><\/i><br \/>\nBadet\u00fccher <i class=\"dashicons dashicons-yes\"><\/i><br \/>\nGrillplatte <i class=\"dashicons dashicons-yes\"><\/i><br \/>\nBetten bei Ankunft bezogen <i class=\"dashicons dashicons-yes\"><\/i><br \/>\nEndreinigung <i class=\"dashicons dashicons-yes\"><\/i><\/p>\n<p><a class=\"ls_btn_heb ls_btn_heb_w_hover\" href=\"https:\/\/www.les-sablons.com\/de\/les-mobilhomes\/mobilhome-keywest\">Mehr erfahren<\/a><\/p>\n<p>[\/et_pb_pricing_table][et_pb_pricing_table title=&#8220;Casa &#8220; subtitle=&#8220;1 bis 6 Personen&#8220; sum=&#8220;19 bis 40 m\u00b2&#8220; button_url=&#8220;#&#8220; button_text=&#8220;Buchen&#8220; price_background_color=&#8220;#3796aa&#8220; header_background_color=&#8220;#3796aa&#8220; _builder_version=&#8220;4.9.4&#8243; _module_preset=&#8220;default&#8220; price_text_color=&#8220;#FFFFFF&#8220; body_text_align=&#8220;center&#8220; custom_button=&#8220;on&#8220; button_text_size=&#8220;14px&#8220; button_border_width=&#8220;1px&#8220; button_border_radius=&#8220;0px&#8220; button_letter_spacing=&#8220;1px&#8220; custom_padding=&#8220;15px|0px|15px|0px|false|false&#8220; button_border_color__hover_enabled=&#8220;on|desktop&#8220; button_text_color__hover_enabled=&#8220;on|hover&#8220; button_text_color__hover=&#8220;#FFFFFF&#8220; sticky_transition=&#8220;on&#8220;]Studio, 2 und 3 Schlafzimmer <i class=\"dashicons dashicons-yes\"><\/i><br \/>\nElternsuite, in 2 und 3 Zimmern <i class=\"dashicons dashicons-yes\"><\/i><br \/>\nKlimaanlage <i class=\"dashicons dashicons-yes\"><\/i><br \/>\nGeschirrsp\u00fcler <i class=\"dashicons dashicons-yes\"><\/i><br \/>\nBettlaken <i class=\"dashicons dashicons-yes\"><\/i><br \/>\nHandt\u00fccher <i class=\"dashicons dashicons-yes\"><\/i><br \/>\nBadet\u00fccher <i class=\"dashicons dashicons-yes\"><\/i><br \/>\nGrillplatte <i class=\"dashicons dashicons-yes\"><\/i><br \/>\nBetten bei Ankunft bezogen <i class=\"dashicons dashicons-yes\"><\/i><br \/>\nEndreinigung <i class=\"dashicons dashicons-yes\"><\/i><\/p>\n<p><a class=\"ls_btn_heb ls_btn_heb_w_hover\" href=\"https:\/\/www.les-sablons.com\/de\/les-mobilhomes\/mobilhome-casa\">Mehr erfahren<\/a><\/p>\n<p>[\/et_pb_pricing_table][et_pb_pricing_table title=&#8220;Chalets&#8220; subtitle=&#8220;5 bis 8 Personen&#8220; sum=&#8220;49 bis 63 m\u00b2&#8220; button_url=&#8220;#&#8220; button_text=&#8220;R\u00e9server&#8220; price_background_color=&#8220;#40abc1&#8243; header_background_color=&#8220;#40abc1&#8243; _builder_version=&#8220;4.9.4&#8243; _module_preset=&#8220;default&#8220; price_text_color=&#8220;#FFFFFF&#8220; body_text_align=&#8220;center&#8220; subheader_text_color=&#8220;#FFFFFF&#8220; custom_button=&#8220;on&#8220; button_text_size=&#8220;14px&#8220; button_border_width=&#8220;1px&#8220; button_border_radius=&#8220;0px&#8220; button_letter_spacing=&#8220;1px&#8220; button_alignment=&#8220;center&#8220; custom_padding=&#8220;15px|0px|15px|0px|false|false&#8220; button_text_color__hover_enabled=&#8220;on|hover&#8220; button_text_color__hover=&#8220;#FFFFFF&#8220; button_bg_color__hover_enabled=&#8220;on|hover&#8220; sticky_transition=&#8220;on&#8220;]2 oder 3 Schlafzimmer <i class=\"dashicons dashicons-yes\"><\/i><br \/>\nElternsuite, in 2 und 3 Zimmern <i class=\"dashicons dashicons-yes\"><\/i><br \/>\nKlimaanlage <i class=\"dashicons dashicons-yes\"><\/i><br \/>\nGeschirrsp\u00fcler <i class=\"dashicons dashicons-yes\"><\/i><br \/>\nBettlaken <i class=\"dashicons dashicons-yes\"><\/i><br \/>\nHandt\u00fccher <i class=\"dashicons dashicons-yes\"><\/i><br \/>\nBadet\u00fccher <i class=\"dashicons dashicons-yes\"><\/i><br \/>\nGrillplatte <i class=\"dashicons dashicons-yes\"><\/i><br \/>\nBetten bei Ankunft bezogen <i class=\"dashicons dashicons-yes\"><\/i><br \/>\nEndreinigung <i class=\"dashicons dashicons-yes\"><\/i><\/p>\n<p><a class=\"ls_btn_heb ls_btn_heb_w_hover\" href=\"https:\/\/www.les-sablons.com\/de\/camping-location-luxes\/les-chalets\">Mehr erfahren<\/a><\/p>\n<p>[\/et_pb_pricing_table][\/et_pb_pricing_tables][\/et_pb_column][\/et_pb_row][\/et_pb_section][et_pb_section fb_built=&#8220;1&#8243; disabled_on=&#8220;on|on|on&#8220; _builder_version=&#8220;4.9.4&#8243; _module_preset=&#8220;default&#8220; background_color=&#8220;#3796aa&#8220; disabled=&#8220;on&#8220; locked=&#8220;off&#8220;][et_pb_row column_structure=&#8220;1_5,3_5,1_5&#8243; use_custom_gutter=&#8220;on&#8220; gutter_width=&#8220;2&#8243; _builder_version=&#8220;4.9.4&#8243; _module_preset=&#8220;default&#8220;][et_pb_column type=&#8220;1_5&#8243; _builder_version=&#8220;4.9.4&#8243; _module_preset=&#8220;default&#8220;][\/et_pb_column][et_pb_column type=&#8220;3_5&#8243; _builder_version=&#8220;4.9.4&#8243; _module_preset=&#8220;default&#8220; custom_padding=&#8220;15px||||false|false&#8220;][et_pb_text _builder_version=&#8220;4.9.4&#8243; _module_preset=&#8220;default&#8220; text_text_color=&#8220;#FFFFFF&#8220; module_alignment=&#8220;center&#8220;]<\/p>\n<div class=\"et_pb_module et_pb_text et_pb_text_3  et_pb_text_align_center et_pb_bg_layout_light\">\n<div class=\"et_pb_text_inner\">\n<p style=\"text-align: center;\">VOS DATES DE VACANCES SONT<span>\u00a0<\/span><strong>D\u00c9J\u00c0 COMPL\u00c8TES<\/strong><span>\u00a0<\/span>?<\/p>\n<\/div>\n<\/div>\n<div class=\"et_pb_module et_pb_text et_pb_text_4  et_pb_text_align_center et_pb_bg_layout_light\">\n<div class=\"et_pb_text_inner\">\n<p style=\"text-align: center;\">Nous avons encore<span>\u00a0<\/span><strong>des disponibilit\u00e9s<\/strong><span>\u00a0<\/span>pour<span>\u00a0<\/span><strong>des courts s\u00e9jours <\/strong>et peut-\u00eatre<strong><span>\u00a0<\/span>la solution id\u00e9ale<\/strong><span>\u00a0<\/span>pour vos vacances !<\/p>\n<\/div>\n<\/div>\n<p>[\/et_pb_text][et_pb_button button_url=&#8220;https:\/\/www.les-sablons.com\/last-minute-derniere-disponibilites&#8220; button_text=&#8220;Nous contacter&#8220; button_alignment=&#8220;center&#8220; _builder_version=&#8220;4.9.4&#8243; _module_preset=&#8220;default&#8220; background_layout=&#8220;dark&#8220;][\/et_pb_button][\/et_pb_column][et_pb_column type=&#8220;1_5&#8243; _builder_version=&#8220;4.9.4&#8243; _module_preset=&#8220;default&#8220;][\/et_pb_column][\/et_pb_row][\/et_pb_section][et_pb_section fb_built=&#8220;1&#8243; module_id=&#8220;ls_disponibilities&#8220; _builder_version=&#8220;4.9.4&#8243; _module_preset=&#8220;default&#8220; border_width_top=&#8220;1px&#8220; border_color_top=&#8220;#dedede&#8220; locked=&#8220;off&#8220;][et_pb_row _builder_version=&#8220;4.9.4&#8243; _module_preset=&#8220;default&#8220; width=&#8220;100%&#8220; max_width=&#8220;1200px&#8220; custom_margin_tablet=&#8220;&#8220; custom_margin_phone=&#8220;&#8220; custom_margin_last_edited=&#8220;on|tablet&#8220; custom_padding=&#8220;|15px||15px|false|false&#8220;][et_pb_column type=&#8220;4_4&#8243; _builder_version=&#8220;4.9.4&#8243; _module_preset=&#8220;default&#8220;][et_pb_text admin_label=&#8220;TARIFS ET DISPONIBILIT\u00c9S&#8220; _builder_version=&#8220;4.9.4&#8243; _module_preset=&#8220;default&#8220; header_text_align=&#8220;center&#8220; text_orientation=&#8220;center&#8220; module_alignment=&#8220;center&#8220; custom_margin=&#8220;|30px|||false|false&#8220; custom_margin_tablet=&#8220;&#8220; custom_margin_phone=&#8220;|0px|||false|false&#8220; custom_margin_last_edited=&#8220;on|phone&#8220; text_orientation_tablet=&#8220;&#8220; text_orientation_phone=&#8220;center&#8220; text_orientation_last_edited=&#8220;on|desktop&#8220; module_alignment_tablet=&#8220;center&#8220; module_alignment_phone=&#8220;center&#8220; module_alignment_last_edited=&#8220;on|desktop&#8220; locked=&#8220;off&#8220;]<\/p>\n<h2>PREISE UND VERF\u00dcGBARKEITEN<\/h2>\n<p>.[\/et_pb_text][et_pb_code _builder_version=&#8220;4.9.4&#8243; _module_preset=&#8220;default&#8220;]<ctv-availability data-product-id=\"111078, 111079,111080, 111082, 111085, 111086\" data- background-color=\"#FFFFFFFF\" ><\/ctv-availability>[\/et_pb_code][\/et_pb_column][\/et_pb_row][\/et_pb_section][et_pb_section fb_built=&#8220;1&#8243; module_class=&#8220;footer-widgets&#8220; _builder_version=&#8220;4.7.7&#8243; background_color=&#8220;#3796aa&#8220; custom_padding=&#8220;0px||10px||false|false&#8220; global_module=&#8220;1035&#8243; saved_tabs=&#8220;all&#8220; locked=&#8220;on&#8220; collapsed=&#8220;off&#8220;][et_pb_row column_structure=&#8220;1_3,1_3,1_3&#8243; use_custom_gutter=&#8220;on&#8220; gutter_width=&#8220;2&#8243; make_equal=&#8220;on&#8220; disabled_on=&#8220;on|on|off&#8220; module_class=&#8220;footer-infos&#8220; _builder_version=&#8220;4.2.2&#8243; width=&#8220;100%&#8220; width_tablet=&#8220;auto&#8220; width_phone=&#8220;auto&#8220; width_last_edited=&#8220;on|phone&#8220; max_width=&#8220;1235px&#8220; max_width_tablet=&#8220;none&#8220; max_width_phone=&#8220;none&#8220; max_width_last_edited=&#8220;on|phone&#8220; custom_padding=&#8220;||10px||false|false&#8220;][et_pb_column type=&#8220;1_3&#8243; _builder_version=&#8220;4.2.2&#8243; custom_padding=&#8220;|||20px|false|false&#8220; custom_padding_tablet=&#8220;|||0px|false|false&#8220; custom_padding_phone=&#8220;&#8220; custom_padding_last_edited=&#8220;on|desktop&#8220;][et_pb_blurb title=&#8220;Hotline 7\/7j&#8220; admin_label=&#8220;Hotline 7\/7j&#8220; _builder_version=&#8220;4.9.4&#8243; header_font=&#8220;|||on|||||&#8220; header_text_color=&#8220;#ffffff&#8220; body_text_color=&#8220;#ffffff&#8220;]<\/p>\n<p class=\"ls_footer_social_2\">Stellen Sie uns alle Ihre Fragen von 9.00 bis 18.00 Uhr.<\/p>\n<p><a href=\"tel:+33467909055\"><span style=\"color: #ffffff; font-size: 16px;\">+33 4 67 90 90 55<\/span><\/a><\/p>\n<p>[\/et_pb_blurb][\/et_pb_column][et_pb_column type=&#8220;1_3&#8243; _builder_version=&#8220;4.2.2&#8243;][et_pb_blurb title=&#8220;Folge uns&#8220; admin_label=&#8220;Follow us&#8220; _builder_version=&#8220;4.7.7&#8243; header_font=&#8220;|||on|||||&#8220; header_text_color=&#8220;#ffffff&#8220; body_text_color=&#8220;#ffffff&#8220; custom_padding=&#8220;||0px||false|false&#8220; custom_css_main_element=&#8220;margin-bottom: 0 !important;&#8220;]<\/p>\n<p class=\"ls_footer_social\">Teilen Sie das Campingleben mit Ihren Freunden und Ihrer Familie<\/p>\n<p>[\/et_pb_blurb][et_pb_social_media_follow admin_label=&#8220;Follow us on social media&#8220; _builder_version=&#8220;4.7.7&#8243;][et_pb_social_media_follow_network social_network=&#8220;facebook&#8220; url=&#8220;https:\/\/www.facebook.com\/CampingClubLesSablons&#8220; icon_color=&#8220;#ffffff&#8220; _builder_version=&#8220;4.2.2&#8243; background_color=&#8220;rgba(59,89,152,0)&#8220; background_enable_color=&#8220;on&#8220; follow_button=&#8220;off&#8220; url_new_window=&#8220;on&#8220;]facebook[\/et_pb_social_media_follow_network][et_pb_social_media_follow_network social_network=&#8220;pinterest&#8220; url=&#8220;https:\/\/www.pinterest.fr\/campingsablons\/&#8220; icon_color=&#8220;#ffffff&#8220; _builder_version=&#8220;4.2.2&#8243; background_color=&#8220;rgba(203,32,39,0)&#8220; background_enable_color=&#8220;on&#8220; follow_button=&#8220;off&#8220; url_new_window=&#8220;on&#8220;]pinterest[\/et_pb_social_media_follow_network][et_pb_social_media_follow_network social_network=&#8220;youtube&#8220; url=&#8220;https:\/\/www.youtube.com\/channel\/UCJH1bcXs5nLomrHW-Efn-JA?feature=mhee&#8220; icon_color=&#8220;#ffffff&#8220; _builder_version=&#8220;4.2.2&#8243; background_color=&#8220;rgba(168,36,0,0)&#8220; background_enable_color=&#8220;on&#8220; follow_button=&#8220;off&#8220; url_new_window=&#8220;on&#8220;]youtube[\/et_pb_social_media_follow_network][et_pb_social_media_follow_network social_network=&#8220;instagram&#8220; url=&#8220;https:\/\/www.instagram.com\/campinglessablons\/&#8220; icon_color=&#8220;#ffffff&#8220; _builder_version=&#8220;4.2.2&#8243; background_color=&#8220;rgba(10,4,1,0)&#8220; background_enable_color=&#8220;on&#8220; follow_button=&#8220;off&#8220; url_new_window=&#8220;on&#8220;]instagram[\/et_pb_social_media_follow_network][\/et_pb_social_media_follow][\/et_pb_column][et_pb_column type=&#8220;1_3&#8243; _builder_version=&#8220;4.2.2&#8243;][et_pb_blurb title=&#8220;Newsletter&#8220; admin_label=&#8220;Newsletter&#8220; _builder_version=&#8220;4.7.7&#8243; header_font=&#8220;|||on|||||&#8220; header_text_color=&#8220;#ffffff&#8220; body_text_color=&#8220;#ffffff&#8220; custom_css_main_element=&#8220;margin-bottom: 0px !important;&#8220;]<\/p>\n<p>Erhalten Sie Neuigkeiten und Aktionen von Ihrem Campingplatz<\/p>\n<p>[\/et_pb_blurb][et_pb_code admin_label=&#8220;Code &#8211; Newsletter&#8220; _builder_version=&#8220;4.7.7&#8243; custom_margin=&#8220;-20px||||false|false&#8220;]<p><div class=\"tnp tnp-subscription \">\n<form method=\"post\" action=\"https:\/\/www.les-sablons.com\/de\/?na=s\">\n\n<input type=\"hidden\" name=\"nlang\" value=\"de\"><div class=\"tnp-field tnp-field-email\"><label for=\"tnp-1\">E-Mail-Adresse<\/label>\n<input class=\"tnp-email\" type=\"email\" name=\"ne\" id=\"tnp-1\" value=\"\" required><\/div>\n<div class=\"tnp-field tnp-field-button\"><input class=\"tnp-submit\" type=\"submit\" value=\"https:\/\/www.les-sablons.com\/wp-content\/uploads\/2020\/02\/send.png\" >\n<\/div>\n<\/form>\n<\/div>\n<\/p>[\/et_pb_code][\/et_pb_column][\/et_pb_row][et_pb_row disabled_on=&#8220;on|on|off&#8220; _builder_version=&#8220;4.2.2&#8243; width=&#8220;100%&#8220; width_tablet=&#8220;auto&#8220; width_phone=&#8220;auto&#8220; width_last_edited=&#8220;on|phone&#8220; max_width=&#8220;1235px&#8220; max_width_tablet=&#8220;none&#8220; max_width_phone=&#8220;none&#8220; max_width_last_edited=&#8220;on|phone&#8220; custom_margin=&#8220;0px||||false|false&#8220; custom_padding=&#8220;0px||0px||true|false&#8220;][et_pb_column type=&#8220;4_4&#8243; _builder_version=&#8220;4.2.2&#8243;][et_pb_divider color=&#8220;#333333&#8243; divider_position=&#8220;center&#8220; divider_weight=&#8220;1px&#8220; _builder_version=&#8220;4.7.7&#8243; module_alignment=&#8220;center&#8220; height=&#8220;1px&#8220;][\/et_pb_divider][et_pb_text _builder_version=&#8220;4.9.4&#8243; _module_preset=&#8220;default&#8220; text_font_size=&#8220;16px&#8220;]<\/p>\n<p style=\"text-align: center;\">* All of the photographs on our website and reservation platform are non-contractual *<\/p>\n<p>[\/et_pb_text][et_pb_divider color=&#8220;#333333&#8243; divider_position=&#8220;center&#8220; divider_weight=&#8220;1px&#8220; _builder_version=&#8220;4.7.7&#8243; module_alignment=&#8220;center&#8220; height=&#8220;1px&#8220;][\/et_pb_divider][\/et_pb_column][\/et_pb_row][et_pb_row column_structure=&#8220;2_3,1_3&#8243; use_custom_gutter=&#8220;on&#8220; gutter_width=&#8220;4&#8243; make_equal=&#8220;on&#8220; disabled_on=&#8220;on|on|off&#8220; module_class=&#8220;footer-recrutons&#8220; _builder_version=&#8220;4.2.2&#8243; width=&#8220;100%&#8220; width_tablet=&#8220;auto&#8220; width_phone=&#8220;auto&#8220; width_last_edited=&#8220;on|phone&#8220; max_width=&#8220;1235px&#8220; max_width_tablet=&#8220;none&#8220; max_width_phone=&#8220;none&#8220; max_width_last_edited=&#8220;on|phone&#8220;][et_pb_column type=&#8220;2_3&#8243; _builder_version=&#8220;4.2.2&#8243; custom_padding=&#8220;|||20px|false|false&#8220; custom_padding_tablet=&#8220;|||0px|false|false&#8220; custom_padding_phone=&#8220;&#8220; custom_padding_last_edited=&#8220;on|desktop&#8220;][et_pb_text admin_label=&#8220;5 star campsite Les Sablons&#8220; _builder_version=&#8220;4.9.4&#8243; text_text_color=&#8220;#ffffff&#8220; link_option_url=&#8220;https:\/\/www.google.fr\/maps\/place\/Camping+les+Sablons+5+%C3%A9toiles\/@43.2801167,3.3615559,17z\/data=!3m1!4b1!4m8!3m7!1s0x12b110cb8904248b:0xa4f1250526d3159!5m2!4m1!1i2!8m2!3d43.2801167!4d3.3637446&#8243; link_option_url_new_window=&#8220;on&#8220;]Camping 5 \u00e9toiles Les Sablons<br \/>\nAvenue des M\u00fbriers<br \/>\n34420 Portiragnes-Plage<br \/>\nFrance<\/p>\n<p><a href=\"https:\/\/qualite-tourisme-occitanie.fr\/\" target=\"_blank\" rel=\"noopener\"><img decoding=\"async\" class=\"qualite_tourisme alignleft wp-image-14181\" src=\"https:\/\/www.les-sablons.com\/wp-content\/uploads\/2020\/02\/logo-qualite\u0301-tourisme.png\" alt=\"\" width=\"125\" height=\"100\" \/><\/a><a href=\"https:\/\/www.laclefverte.org\/\" target=\"_blank\" rel=\"noopener\"><img decoding=\"async\" class=\"clef_verte alignleft wp-image-14179\" style=\"margin-left: 20px;\" src=\"https:\/\/www.les-sablons.com\/wp-content\/uploads\/2022\/02\/icone-clef-verte.svg\" width=\"80\" \/><\/a><a href=\"https:\/\/thelisresa.webcamp.fr\/list.php?camping=sablons&amp;lang=fr&amp;type=2&amp;criteria%5B%5D=10\"><img decoding=\"async\" src=\"https:\/\/www.les-sablons.com\/wp-content\/uploads\/2023\/07\/Nos-usagers-et-visiteurs-en-situation-de-handicap_articleimage.png\" width=\"100\" style=\"margin-left: 20px;\" alt=\"\" class=\"wp-image-26301 alignleft size-full\" \/><\/a><\/p>\n<div id=\"e6444e82-8043-4eae-aa3f-6fcda8e3eab8\" class=\"avis-footer de\"><\/div>\n<p><script async charset=\"utf-8\" src=\"https:\/\/widgets.rr.skeepers.io\/generated\/5b3aff52-4d28-bc94-d148-f1bf8652f4a2\/e6444e82-8043-4eae-aa3f-6fcda8e3eab8.js\"><\/script>[\/et_pb_text][et_pb_text disabled_on=&#8220;off|off|off&#8220; admin_label=&#8220;Bouton &#8211; Menu&#8220; _builder_version=&#8220;4.7.7&#8243; text_text_color=&#8220;#ffffff&#8220;]<\/p>\n<div class=\"footer-button\">\n<a href=\"\/plan-dacces\/\" class=\"learn_more\">Stra\u00dfenkarte<\/a>\n<\/div>\n<div class=\"footer-button\">\n<a href=\"\/contact\/\" class=\"learn_more\">KONTAKTIERE UNS<\/a>\n<\/div>\n<div class=\"footer-button\">\n<a href=\"\/questions-frequentes\/\" class=\"learn_more\">F.A.Q<\/a>\n<\/div>\n<div class=\"footer-button\">\n<a href=\"https:\/\/thelisresa.webcamp.fr\/formulaire.php?camping=sablons&#038;lang=de\" class=\"learn_more\">BUCH<\/a>\n<\/div>\n<p>[\/et_pb_text][\/et_pb_column][et_pb_column type=&#8220;1_3&#8243; _builder_version=&#8220;4.2.2&#8243;][et_pb_blurb title=&#8220;Wir stellen ein&#8220; admin_label=&#8220;Nous recrutons&#8220; _builder_version=&#8220;4.7.7&#8243; header_font=&#8220;|||on|||||&#8220; header_text_color=&#8220;#ffffff&#8220; body_text_color=&#8220;#ffffff&#8220; custom_css_main_element=&#8220;margin-bottom: 20px !important;&#8220;]In jeder Saison stellt Camping Les Sablons neue Mitarbeiter f\u00fcr verschiedene Dienstleistungen ein:<br \/>\nAnimation, Schwimmbad, Bar, Rezeption, Gr\u00fcnfl\u00e4chen und Wartung, Wartung und Reinigung und mehr!<br \/>\nZ\u00f6gern Sie nicht, sich f\u00fcr einen Saisonvertrag oder ein Praktikum zu bewerben[\/et_pb_blurb][et_pb_button button_url=&#8220;https:\/\/careers.werecruit.io\/fr\/camping-les-sablons&#8220; url_new_window=&#8220;on&#8220; button_text=&#8220;Postulat&#8220; button_alignment=&#8220;left&#8220; button_alignment_tablet=&#8220;center&#8220; button_alignment_phone=&#8220;&#8220; button_alignment_last_edited=&#8220;on|tablet&#8220; admin_label=&#8220;Bouton &#8211; Postuler&#8220; _builder_version=&#8220;4.7.7&#8243; custom_button=&#8220;on&#8220; button_text_size=&#8220;12px&#8220; button_text_color=&#8220;#ffffff&#8220; button_border_width=&#8220;1px&#8220; button_border_color=&#8220;#ffffff&#8220; button_font=&#8220;|||on|||||&#8220; button_use_icon=&#8220;off&#8220; button_text_size__hover_enabled=&#8220;on|hover&#8220; button_bg_color__hover_enabled=&#8220;on|hover&#8220; button_text_color__hover_enabled=&#8220;on|hover&#8220; button_text_color__hover=&#8220;#40a8c5&#8243; button_bg_color__hover=&#8220;#ffffff&#8220; button_bg_enable_color__hover=&#8220;on&#8220; button_border_color__hover_enabled=&#8220;on|desktop&#8220; button_border_color__hover=&#8220;#ffffff&#8220;][\/et_pb_button][\/et_pb_column][\/et_pb_row][et_pb_row disabled_on=&#8220;on|on|off&#8220; _builder_version=&#8220;4.2.2&#8243; width=&#8220;100%&#8220; width_tablet=&#8220;auto&#8220; width_phone=&#8220;auto&#8220; width_last_edited=&#8220;on|phone&#8220; max_width=&#8220;1235px&#8220; max_width_tablet=&#8220;none&#8220; max_width_phone=&#8220;&#8220; max_width_last_edited=&#8220;on|phone&#8220; custom_margin=&#8220;0px||||false|false&#8220; custom_padding=&#8220;0px||0px||true|false&#8220;][et_pb_column type=&#8220;4_4&#8243; _builder_version=&#8220;4.2.2&#8243;][et_pb_divider color=&#8220;#333333&#8243; divider_position=&#8220;center&#8220; divider_weight=&#8220;1px&#8220; _builder_version=&#8220;4.7.7&#8243; module_alignment=&#8220;center&#8220; height=&#8220;1px&#8220;][\/et_pb_divider][\/et_pb_column][\/et_pb_row][et_pb_row disabled_on=&#8220;off|off|on&#8220; _builder_version=&#8220;4.2.2&#8243;][et_pb_column type=&#8220;4_4&#8243; _builder_version=&#8220;4.2.2&#8243;][et_pb_text _builder_version=&#8220;4.9.4&#8243; _module_preset=&#8220;default&#8220; custom_padding=&#8220;||0px|||&#8220;]<\/p>\n<p style=\"text-align: center;\">* All of the photographs on our website and reservation platform are non-contractual *<\/p>\n<p>[\/et_pb_text][et_pb_blurb title=&#8220;Hotline 7\/7j&#8220; admin_label=&#8220;Hotline 7\/7j&#8220; module_class=&#8220;footer-info&#8220; _builder_version=&#8220;4.7.7&#8243; header_font=&#8220;|||on|||||&#8220; header_text_color=&#8220;#ffffff&#8220; body_text_color=&#8220;#ffffff&#8220; custom_css_main_element=&#8220;margin-bottom: 20px !important;&#8220;]Stellen Sie uns alle Ihre Fragen von 9.00 bis 19.00 Uhr.<br \/>\n<a href=\"tel:+33467909055\"><span style=\"color: #ffffff; font-size: 16px;\">+33 4 67 90 90 55<\/span><\/a>[\/et_pb_blurb][et_pb_divider color=&#8220;#9d1412&#8243; divider_position=&#8220;center&#8220; divider_weight=&#8220;1px&#8220; _builder_version=&#8220;4.2.2&#8243; module_alignment=&#8220;center&#8220; height=&#8220;1px&#8220;][\/et_pb_divider][et_pb_blurb title=&#8220;Newsletter&#8220; admin_label=&#8220;Newsletter&#8220; module_class=&#8220;footer-info&#8220; _builder_version=&#8220;4.7.7&#8243; header_font=&#8220;|||on|||||&#8220; header_text_color=&#8220;#ff4e1f&#8220; body_text_color=&#8220;#ffffff&#8220; custom_css_main_element=&#8220;margin-bottom: 0px !important;&#8220;]<\/p>\n<p>Erhalten Sie Neuigkeiten und Aktionen von Ihrem Campingplatz<\/p>\n<p>[\/et_pb_blurb][et_pb_code admin_label=&#8220;Code &#8211; Newsletter&#8220; _builder_version=&#8220;4.2.2&#8243; custom_margin=&#8220;-20px||||false|false&#8220;]<p><div class=\"tnp tnp-subscription \">\n<form method=\"post\" action=\"https:\/\/www.les-sablons.com\/de\/?na=s\">\n\n<input type=\"hidden\" name=\"nlang\" value=\"de\"><div class=\"tnp-field tnp-field-email\"><label for=\"tnp-3\">E-Mail-Adresse<\/label>\n<input class=\"tnp-email\" type=\"email\" name=\"ne\" id=\"tnp-3\" value=\"\" required><\/div>\n<div class=\"tnp-field tnp-field-button\"><input class=\"tnp-submit\" type=\"submit\" value=\"https:\/\/www.les-sablons.com\/wp-content\/uploads\/2020\/02\/send.png\" >\n<\/div>\n<\/form>\n<\/div>\n<\/p>[\/et_pb_code][et_pb_divider color=&#8220;#9d1412&#8243; divider_position=&#8220;center&#8220; divider_weight=&#8220;1px&#8220; _builder_version=&#8220;4.2.2&#8243; module_alignment=&#8220;center&#8220; height=&#8220;1px&#8220;][\/et_pb_divider][et_pb_blurb title=&#8220;Wir stellen ein&#8220; admin_label=&#8220;Nous recrutons&#8220; module_class=&#8220;footer-info&#8220; _builder_version=&#8220;4.7.7&#8243; header_font=&#8220;|||on|||||&#8220; header_text_color=&#8220;#ff4e1f&#8220; body_text_color=&#8220;#ffffff&#8220; custom_css_main_element=&#8220;margin-bottom: 20px !important;&#8220;]In jeder Saison stellt Camping Les Sablons neue Mitarbeiter f\u00fcr verschiedene Dienstleistungen ein:<br \/>\nAnimation, Schwimmbad, Bar, Rezeption, Gr\u00fcnfl\u00e4chen und Wartung, Wartung und Reinigung und mehr!<br \/>\nZ\u00f6gern Sie nicht, sich f\u00fcr einen Saisonvertrag oder ein Praktikum zu bewerben[\/et_pb_blurb][et_pb_button button_url=&#8220;https:\/\/careers.werecruit.io\/fr\/camping-les-sablons&#8220; url_new_window=&#8220;on&#8220; button_text=&#8220;Postulat&#8220; button_alignment=&#8220;left&#8220; button_alignment_tablet=&#8220;center&#8220; button_alignment_phone=&#8220;&#8220; button_alignment_last_edited=&#8220;on|tablet&#8220; admin_label=&#8220;Bouton &#8211; Postuler&#8220; _builder_version=&#8220;4.7.7&#8243; custom_button=&#8220;on&#8220; button_text_size=&#8220;12px&#8220; button_text_color=&#8220;#ffffff&#8220; button_border_width=&#8220;1px&#8220; button_border_color=&#8220;#ffffff&#8220; button_font=&#8220;|||on|||||&#8220; button_use_icon=&#8220;off&#8220; button_text_size__hover_enabled=&#8220;on|hover&#8220; button_bg_color__hover_enabled=&#8220;on|hover&#8220; button_text_color__hover_enabled=&#8220;on|desktop&#8220; button_text_color__hover=&#8220;#ffffff&#8220; button_bg_color__hover=&#8220;#eb1d1a&#8220; button_bg_enable_color__hover=&#8220;on&#8220; button_border_color__hover_enabled=&#8220;on|desktop&#8220; button_border_color__hover=&#8220;#eb1d1a&#8220;][\/et_pb_button][et_pb_divider color=&#8220;#9d1412&#8243; divider_position=&#8220;center&#8220; divider_weight=&#8220;1px&#8220; _builder_version=&#8220;4.2.2&#8243; module_alignment=&#8220;center&#8220; height=&#8220;1px&#8220;][\/et_pb_divider][et_pb_blurb title=&#8220;Folge uns&#8220; admin_label=&#8220;Nous suivre&#8220; module_class=&#8220;footer-info&#8220; _builder_version=&#8220;4.7.7&#8243; header_font=&#8220;|||on|||||&#8220; header_text_color=&#8220;#ffffff&#8220; body_text_color=&#8220;#ffffff&#8220; custom_padding=&#8220;||0px||false|false&#8220; custom_css_main_element=&#8220;margin-bottom: 0 !important;&#8220;]<\/p>\n<p>Teilen Sie das Campingleben mit Ihren Freunden und Ihrer Familie<\/p>\n<p>[\/et_pb_blurb][et_pb_social_media_follow _builder_version=&#8220;4.7.7&#8243;][et_pb_social_media_follow_network social_network=&#8220;facebook&#8220; url=&#8220;https:\/\/www.facebook.com\/CampingClubLesSablons&#8220; icon_color=&#8220;#ffffff&#8220; _builder_version=&#8220;4.2.2&#8243; background_color=&#8220;rgba(59,89,152,0)&#8220; background_enable_color=&#8220;on&#8220; follow_button=&#8220;off&#8220; url_new_window=&#8220;on&#8220;]facebook[\/et_pb_social_media_follow_network][et_pb_social_media_follow_network social_network=&#8220;pinterest&#8220; url=&#8220;https:\/\/www.pinterest.fr\/campingsablons\/&#8220; icon_color=&#8220;#ffffff&#8220; _builder_version=&#8220;4.2.2&#8243; background_color=&#8220;rgba(203,32,39,0)&#8220; background_enable_color=&#8220;on&#8220; follow_button=&#8220;off&#8220; url_new_window=&#8220;on&#8220;]pinterest[\/et_pb_social_media_follow_network][et_pb_social_media_follow_network social_network=&#8220;youtube&#8220; url=&#8220;https:\/\/www.youtube.com\/channel\/UCJH1bcXs5nLomrHW-Efn-JA?feature=mhee&#8220; icon_color=&#8220;#ffffff&#8220; _builder_version=&#8220;4.2.2&#8243; background_color=&#8220;rgba(168,36,0,0)&#8220; background_enable_color=&#8220;on&#8220; follow_button=&#8220;off&#8220; url_new_window=&#8220;on&#8220;]youtube[\/et_pb_social_media_follow_network][et_pb_social_media_follow_network social_network=&#8220;instagram&#8220; url=&#8220;https:\/\/www.instagram.com\/campinglessablons\/&#8220; icon_color=&#8220;#ffffff&#8220; _builder_version=&#8220;4.2.2&#8243; background_color=&#8220;rgba(10,4,1,0)&#8220; background_enable_color=&#8220;on&#8220; follow_button=&#8220;off&#8220; url_new_window=&#8220;on&#8220;]instagram[\/et_pb_social_media_follow_network][\/et_pb_social_media_follow][et_pb_divider color=&#8220;#9d1412&#8243; divider_position=&#8220;center&#8220; divider_weight=&#8220;1px&#8220; _builder_version=&#8220;4.2.2&#8243; module_alignment=&#8220;center&#8220; height=&#8220;1px&#8220;][\/et_pb_divider][et_pb_text module_class=&#8220;footer-propos&#8220; _builder_version=&#8220;4.9.4&#8243; text_text_color=&#8220;#ffffff&#8220; text_orientation=&#8220;center&#8220; link_option_url=&#8220;https:\/\/www.google.fr\/maps\/place\/Camping+les+Sablons+5+%C3%A9toiles\/@43.2801167,3.3615559,17z\/data=!3m1!4b1!4m8!3m7!1s0x12b110cb8904248b:0xa4f1250526d3159!5m2!4m1!1i2!8m2!3d43.2801167!4d3.3637446&#8243; link_option_url_new_window=&#8220;on&#8220;]<\/p>\n<p>Camping 5 \u00e9toiles Les Sablons<br \/>Avenue des M\u00fbriers<br \/>34420 Portiragnes-Plage<br \/>France<br \/>\n<a href=\"https:\/\/qualite-tourisme-occitanie.fr\/\" target=\"_blank\" rel=\"noopener\"><img decoding=\"async\" class=\"qualite_tourisme alignleft wp-image-14179\" src=\"https:\/\/www.les-sablons.com\/wp-content\/uploads\/2024\/08\/logo-qualite-tourisme-3.png\" alt=\"\" width=\"100\"  \/><\/a><a href=\"https:\/\/www.laclefverte.org\/\" target=\"_blank\" rel=\"noopener\"><img decoding=\"async\" class=\"clef_verte alignleft wp-image-14179\" style=\"margin-left: 20px;\" src=\"https:\/\/www.les-sablons.com\/wp-content\/uploads\/2022\/02\/icone-clef-verte.svg\" width=\"80\" \/><\/a><a href=\"https:\/\/www.les-sablons.com\/locations-pmr\/\"><img decoding=\"async\" src=\"https:\/\/www.les-sablons.com\/wp-content\/uploads\/2023\/07\/Nos-usagers-et-visiteurs-en-situation-de-handicap_articleimage.png\" width=\"100\" style=\"margin-left: 20px;\" alt=\"\" class=\"wp-image-26298 alignleft size-full\" \/><\/a><span id=\"resp-avis\"><\/span>[\/et_pb_text][et_pb_divider color=&#8220;#9d1412&#8243; divider_position=&#8220;center&#8220; divider_weight=&#8220;1px&#8220; _builder_version=&#8220;4.9.4&#8243; module_alignment=&#8220;center&#8220; height=&#8220;1px&#8220; custom_margin=&#8220;140px||||false|false&#8220;][\/et_pb_divider][et_pb_text disabled_on=&#8220;off|off|off&#8220; admin_label=&#8220;Bouton &#8211; Menu&#8220; _builder_version=&#8220;4.7.7&#8243; text_text_color=&#8220;#ffffff&#8220;]<\/p>\n<div class=\"footer-button\"><a class=\"learn_more\" href=\"\/de\/anreiseplan\/\">Stra\u00dfenkarte<\/a><\/div>\n<div class=\"footer-button\"><a class=\"learn_more\" href=\"\/contact\/\">KONTAKTIERE UNS<\/a><\/div>\n<div class=\"footer-button\"><a class=\"learn_more\" href=\"\/de\/haeufig-fragen\/\">F.A.Q<\/a><\/div>\n<div class=\"footer-button\"><a class=\"learn_more\" href=\"https:\/\/thelisresa.webcamp.fr\/formulaire.php?camping=sablons&#038;lang=de\">BUCH<\/a><\/div>\n<p>[\/et_pb_text][\/et_pb_column][\/et_pb_row][\/et_pb_section]<\/p>\n","protected":false},"excerpt":{"rendered":"<p>[et_pb_section fb_built=&#8220;1&#8243; fullwidth=&#8220;on&#8220; _builder_version=&#8220;4.9.4&#8243; _module_preset=&#8220;default&#8220; background_color=&#8220;#000000&#8243; background_image=&#8220;https:\/\/www.les-sablons.com\/wp-content\/uploads\/2024\/10\/sablonmobilhomeV2-2-56-scaled.jpg&#8220; min_height=&#8220;0px&#8220; height=&#8220;600px&#8220; height_tablet=&#8220;&#8220; height_phone=&#8220;400px&#8220; height_last_edited=&#8220;on|phone&#8220;][et_pb_fullwidth_header title=&#8220;Die Luxe&#8220; text_orientation=&#8220;center&#8220; _builder_version=&#8220;4.9.4&#8243; _module_preset=&#8220;default&#8220; background_color=&#8220;rgba(0,0,0,0.5)&#8220; background_enable_image=&#8220;off&#8220; module_alignment=&#8220;center&#8220; min_height=&#8220;500px&#8220; min_height_tablet=&#8220;&#8220; min_height_phone=&#8220;300px&#8220; min_height_last_edited=&#8220;on|phone&#8220; height=&#8220;600px&#8220; height_tablet=&#8220;&#8220; height_phone=&#8220;400px&#8220; height_last_edited=&#8220;on|phone&#8220; custom_margin=&#8220;||||false|false&#8220; custom_padding=&#8220;50px||50px||false|false&#8220;][\/et_pb_fullwidth_header][\/et_pb_section][et_pb_section fb_built=&#8220;1&#8243; _builder_version=&#8220;4.9.4&#8243; _module_preset=&#8220;default&#8220; custom_padding=&#8220;||0px|||&#8220;][et_pb_row _builder_version=&#8220;4.9.4&#8243; _module_preset=&#8220;default&#8220; width=&#8220;100%&#8220; max_width=&#8220;1240px&#8220; custom_margin=&#8220;|auto|-4px|auto||&#8220; custom_padding=&#8220;||0px|||&#8220;][et_pb_column type=&#8220;4_4&#8243; _builder_version=&#8220;4.9.4&#8243; _module_preset=&#8220;default&#8220;][et_pb_pricing_tables featured_table_background_color=&#8220;#E09900&#8243; show_bullet=&#8220;off&#8220; featured_table_bullet_color=&#8220;#E09900&#8243; show_featured_drop_shadow=&#8220;off&#8220; disabled_on=&#8220;on|on|off&#8220; admin_label=&#8220;Comparaison Desktop&#8220; module_class=&#8220;tb_compare_services&#8220; _builder_version=&#8220;4.9.4&#8243; _module_preset=&#8220;default&#8220; excluded_text_color=&#8220;#a9a9a9&#8243; header_font_size=&#8220;20px&#8220; [&hellip;]<\/p>\n","protected":false},"author":11,"featured_media":0,"parent":0,"menu_order":0,"comment_status":"closed","ping_status":"closed","template":"","meta":{"_acf_changed":false,"_et_pb_use_builder":"on","_et_pb_old_content":"","_et_gb_content_width":"","inline_featured_image":false,"footnotes":""},"acf":[],"yoast_head":"<!-- This site is optimized with the Yoast SEO plugin v22.0 - https:\/\/yoast.com\/wordpress\/plugins\/seo\/ -->\n<title>2024 comparaison luxes - Camping ***** les Sablons<\/title>\n<meta name=\"robots\" content=\"index, follow, max-snippet:-1, max-image-preview:large, max-video-preview:-1\" \/>\n<link rel=\"canonical\" href=\"https:\/\/www.les-sablons.com\/de\/camping-location-luxes\/\" \/>\n<meta property=\"og:locale\" content=\"de_DE\" \/>\n<meta property=\"og:type\" content=\"article\" \/>\n<meta property=\"og:title\" content=\"2024 comparaison luxes - Camping ***** les Sablons\" \/>\n<meta property=\"og:description\" content=\"[et_pb_section fb_built=&#8220;1&#8243; fullwidth=&#8220;on&#8220; _builder_version=&#8220;4.9.4&#8243; _module_preset=&#8220;default&#8220; background_color=&#8220;#000000&#8243; background_image=&#8220;https:\/\/www.les-sablons.com\/wp-content\/uploads\/2024\/10\/sablonmobilhomeV2-2-56-scaled.jpg&#8220; min_height=&#8220;0px&#8220; height=&#8220;600px&#8220; height_tablet=&#8220;&#8220; height_phone=&#8220;400px&#8220; height_last_edited=&#8220;on|phone&#8220;][et_pb_fullwidth_header title=&#8220;Die Luxe&#8220; text_orientation=&#8220;center&#8220; _builder_version=&#8220;4.9.4&#8243; _module_preset=&#8220;default&#8220; background_color=&#8220;rgba(0,0,0,0.5)&#8220; background_enable_image=&#8220;off&#8220; module_alignment=&#8220;center&#8220; min_height=&#8220;500px&#8220; min_height_tablet=&#8220;&#8220; min_height_phone=&#8220;300px&#8220; min_height_last_edited=&#8220;on|phone&#8220; height=&#8220;600px&#8220; height_tablet=&#8220;&#8220; height_phone=&#8220;400px&#8220; height_last_edited=&#8220;on|phone&#8220; custom_margin=&#8220;||||false|false&#8220; custom_padding=&#8220;50px||50px||false|false&#8220;][\/et_pb_fullwidth_header][\/et_pb_section][et_pb_section fb_built=&#8220;1&#8243; _builder_version=&#8220;4.9.4&#8243; _module_preset=&#8220;default&#8220; custom_padding=&#8220;||0px|||&#8220;][et_pb_row _builder_version=&#8220;4.9.4&#8243; _module_preset=&#8220;default&#8220; width=&#8220;100%&#8220; max_width=&#8220;1240px&#8220; custom_margin=&#8220;|auto|-4px|auto||&#8220; custom_padding=&#8220;||0px|||&#8220;][et_pb_column type=&#8220;4_4&#8243; _builder_version=&#8220;4.9.4&#8243; _module_preset=&#8220;default&#8220;][et_pb_pricing_tables featured_table_background_color=&#8220;#E09900&#8243; show_bullet=&#8220;off&#8220; featured_table_bullet_color=&#8220;#E09900&#8243; show_featured_drop_shadow=&#8220;off&#8220; disabled_on=&#8220;on|on|off&#8220; admin_label=&#8220;Comparaison Desktop&#8220; module_class=&#8220;tb_compare_services&#8220; _builder_version=&#8220;4.9.4&#8243; _module_preset=&#8220;default&#8220; excluded_text_color=&#8220;#a9a9a9&#8243; header_font_size=&#8220;20px&#8220; [&hellip;]\" \/>\n<meta property=\"og:url\" content=\"https:\/\/www.les-sablons.com\/de\/camping-location-luxes\/\" \/>\n<meta property=\"og:site_name\" content=\"Camping ***** les Sablons\" \/>\n<meta property=\"article:modified_time\" content=\"2025-01-30T10:37:23+00:00\" \/>\n<meta property=\"og:image\" content=\"https:\/\/www.les-sablons.com\/wp-content\/uploads\/2022\/02\/icone-clef-verte.svg\" \/>\n<meta name=\"twitter:card\" content=\"summary_large_image\" \/>\n<meta name=\"twitter:label1\" content=\"Gesch\u00e4tzte Lesezeit\" \/>\n\t<meta name=\"twitter:data1\" content=\"4\u00a0Minuten\" \/>\n<script type=\"application\/ld+json\" class=\"yoast-schema-graph\">{\"@context\":\"https:\/\/schema.org\",\"@graph\":[{\"@type\":\"WebPage\",\"@id\":\"https:\/\/www.les-sablons.com\/de\/camping-location-luxes\/\",\"url\":\"https:\/\/www.les-sablons.com\/de\/camping-location-luxes\/\",\"name\":\"2024 comparaison luxes - Camping ***** les Sablons\",\"isPartOf\":{\"@id\":\"https:\/\/www.les-sablons.com\/de\/#website\"},\"datePublished\":\"2025-01-30T10:37:17+00:00\",\"dateModified\":\"2025-01-30T10:37:23+00:00\",\"breadcrumb\":{\"@id\":\"https:\/\/www.les-sablons.com\/de\/camping-location-luxes\/#breadcrumb\"},\"inLanguage\":\"de\",\"potentialAction\":[{\"@type\":\"ReadAction\",\"target\":[\"https:\/\/www.les-sablons.com\/de\/camping-location-luxes\/\"]}]},{\"@type\":\"BreadcrumbList\",\"@id\":\"https:\/\/www.les-sablons.com\/de\/camping-location-luxes\/#breadcrumb\",\"itemListElement\":[{\"@type\":\"ListItem\",\"position\":1,\"name\":\"Accueil\",\"item\":\"https:\/\/www.les-sablons.com\/de\/\"},{\"@type\":\"ListItem\",\"position\":2,\"name\":\"2024 comparaison luxes\"}]},{\"@type\":\"WebSite\",\"@id\":\"https:\/\/www.les-sablons.com\/de\/#website\",\"url\":\"https:\/\/www.les-sablons.com\/de\/\",\"name\":\"Camping ***** les Sablons\",\"description\":\"les Sablons \u00e0 Portiragnes-Plage, bord de mer M\u00e9diterran\u00e9e, proche Cap d&#039;Agde, Languedoc Roussillon\",\"potentialAction\":[{\"@type\":\"SearchAction\",\"target\":{\"@type\":\"EntryPoint\",\"urlTemplate\":\"https:\/\/www.les-sablons.com\/de\/?s={search_term_string}\"},\"query-input\":\"required name=search_term_string\"}],\"inLanguage\":\"de\"}]}<\/script>\n<!-- \/ Yoast SEO plugin. -->","yoast_head_json":{"title":"2024 comparaison luxes - Camping ***** les Sablons","robots":{"index":"index","follow":"follow","max-snippet":"max-snippet:-1","max-image-preview":"max-image-preview:large","max-video-preview":"max-video-preview:-1"},"canonical":"https:\/\/www.les-sablons.com\/de\/camping-location-luxes\/","og_locale":"de_DE","og_type":"article","og_title":"2024 comparaison luxes - Camping ***** les Sablons","og_description":"[et_pb_section fb_built=&#8220;1&#8243; fullwidth=&#8220;on&#8220; _builder_version=&#8220;4.9.4&#8243; _module_preset=&#8220;default&#8220; background_color=&#8220;#000000&#8243; background_image=&#8220;https:\/\/www.les-sablons.com\/wp-content\/uploads\/2024\/10\/sablonmobilhomeV2-2-56-scaled.jpg&#8220; min_height=&#8220;0px&#8220; height=&#8220;600px&#8220; height_tablet=&#8220;&#8220; height_phone=&#8220;400px&#8220; height_last_edited=&#8220;on|phone&#8220;][et_pb_fullwidth_header title=&#8220;Die Luxe&#8220; text_orientation=&#8220;center&#8220; _builder_version=&#8220;4.9.4&#8243; _module_preset=&#8220;default&#8220; background_color=&#8220;rgba(0,0,0,0.5)&#8220; background_enable_image=&#8220;off&#8220; module_alignment=&#8220;center&#8220; min_height=&#8220;500px&#8220; min_height_tablet=&#8220;&#8220; min_height_phone=&#8220;300px&#8220; min_height_last_edited=&#8220;on|phone&#8220; height=&#8220;600px&#8220; height_tablet=&#8220;&#8220; height_phone=&#8220;400px&#8220; height_last_edited=&#8220;on|phone&#8220; custom_margin=&#8220;||||false|false&#8220; custom_padding=&#8220;50px||50px||false|false&#8220;][\/et_pb_fullwidth_header][\/et_pb_section][et_pb_section fb_built=&#8220;1&#8243; _builder_version=&#8220;4.9.4&#8243; _module_preset=&#8220;default&#8220; custom_padding=&#8220;||0px|||&#8220;][et_pb_row _builder_version=&#8220;4.9.4&#8243; _module_preset=&#8220;default&#8220; width=&#8220;100%&#8220; max_width=&#8220;1240px&#8220; custom_margin=&#8220;|auto|-4px|auto||&#8220; custom_padding=&#8220;||0px|||&#8220;][et_pb_column type=&#8220;4_4&#8243; _builder_version=&#8220;4.9.4&#8243; _module_preset=&#8220;default&#8220;][et_pb_pricing_tables featured_table_background_color=&#8220;#E09900&#8243; show_bullet=&#8220;off&#8220; featured_table_bullet_color=&#8220;#E09900&#8243; show_featured_drop_shadow=&#8220;off&#8220; disabled_on=&#8220;on|on|off&#8220; admin_label=&#8220;Comparaison Desktop&#8220; module_class=&#8220;tb_compare_services&#8220; _builder_version=&#8220;4.9.4&#8243; _module_preset=&#8220;default&#8220; excluded_text_color=&#8220;#a9a9a9&#8243; header_font_size=&#8220;20px&#8220; [&hellip;]","og_url":"https:\/\/www.les-sablons.com\/de\/camping-location-luxes\/","og_site_name":"Camping ***** les Sablons","article_modified_time":"2025-01-30T10:37:23+00:00","og_image":[{"url":"https:\/\/www.les-sablons.com\/wp-content\/uploads\/2022\/02\/icone-clef-verte.svg"}],"twitter_card":"summary_large_image","twitter_misc":{"Gesch\u00e4tzte Lesezeit":"4\u00a0Minuten"},"schema":{"@context":"https:\/\/schema.org","@graph":[{"@type":"WebPage","@id":"https:\/\/www.les-sablons.com\/de\/camping-location-luxes\/","url":"https:\/\/www.les-sablons.com\/de\/camping-location-luxes\/","name":"2024 comparaison luxes - Camping ***** les Sablons","isPartOf":{"@id":"https:\/\/www.les-sablons.com\/de\/#website"},"datePublished":"2025-01-30T10:37:17+00:00","dateModified":"2025-01-30T10:37:23+00:00","breadcrumb":{"@id":"https:\/\/www.les-sablons.com\/de\/camping-location-luxes\/#breadcrumb"},"inLanguage":"de","potentialAction":[{"@type":"ReadAction","target":["https:\/\/www.les-sablons.com\/de\/camping-location-luxes\/"]}]},{"@type":"BreadcrumbList","@id":"https:\/\/www.les-sablons.com\/de\/camping-location-luxes\/#breadcrumb","itemListElement":[{"@type":"ListItem","position":1,"name":"Accueil","item":"https:\/\/www.les-sablons.com\/de\/"},{"@type":"ListItem","position":2,"name":"2024 comparaison luxes"}]},{"@type":"WebSite","@id":"https:\/\/www.les-sablons.com\/de\/#website","url":"https:\/\/www.les-sablons.com\/de\/","name":"Camping ***** les Sablons","description":"les Sablons \u00e0 Portiragnes-Plage, bord de mer M\u00e9diterran\u00e9e, proche Cap d&#039;Agde, Languedoc Roussillon","potentialAction":[{"@type":"SearchAction","target":{"@type":"EntryPoint","urlTemplate":"https:\/\/www.les-sablons.com\/de\/?s={search_term_string}"},"query-input":"required name=search_term_string"}],"inLanguage":"de"}]}},"_links":{"self":[{"href":"https:\/\/www.les-sablons.com\/de\/wp-json\/wp\/v2\/pages\/36658"}],"collection":[{"href":"https:\/\/www.les-sablons.com\/de\/wp-json\/wp\/v2\/pages"}],"about":[{"href":"https:\/\/www.les-sablons.com\/de\/wp-json\/wp\/v2\/types\/page"}],"author":[{"embeddable":true,"href":"https:\/\/www.les-sablons.com\/de\/wp-json\/wp\/v2\/users\/11"}],"replies":[{"embeddable":true,"href":"https:\/\/www.les-sablons.com\/de\/wp-json\/wp\/v2\/comments?post=36658"}],"version-history":[{"count":0,"href":"https:\/\/www.les-sablons.com\/de\/wp-json\/wp\/v2\/pages\/36658\/revisions"}],"wp:attachment":[{"href":"https:\/\/www.les-sablons.com\/de\/wp-json\/wp\/v2\/media?parent=36658"}],"curies":[{"name":"wp","href":"https:\/\/api.w.org\/{rel}","templated":true}]}}