{"id":33061,"date":"2024-09-26T11:55:45","date_gmt":"2024-09-26T11:55:45","guid":{"rendered":"https:\/\/www.les-sablons.com\/les-mobilhomes\/mobilhome-keywest\/"},"modified":"2025-09-04T12:47:08","modified_gmt":"2025-09-04T12:47:08","slug":"mobilhome-keywest","status":"publish","type":"page","link":"https:\/\/www.les-sablons.com\/de\/les-mobilhomes\/mobilhome-keywest\/","title":{"rendered":"Mobilhome KEYWEST"},"content":{"rendered":"<p>[et_pb_section fb_built=&#8220;1&#8243; fullwidth=&#8220;on&#8220; admin_label=&#8220;SECTION-VIDEO&#8220; module_id=&#8220;home-video-hero&#8220; module_class=&#8220;video-hero-section&#8220; _builder_version=&#8220;4.9.4&#8243; _module_preset=&#8220;default&#8220; background_color=&#8220;RGBA(0,0,0,0)&#8220; background_image=&#8220;https:\/\/www.les-sablons.com\/wp-content\/uploads\/2024\/09\/1920&#215;1080-HEADER-keywest.jpg&#8220; background_last_edited=&#8220;on|phone&#8220; background_image_phone=&#8220;https:\/\/www.les-sablons.com\/wp-content\/uploads\/2025\/02\/SmallDvice-HEADER-keywest.jpg&#8220; background_enable_image_phone=&#8220;on&#8220; custom_css_main_element=&#8220;height:90vh;&#8220; locked=&#8220;off&#8220; collapsed=&#8220;off&#8220; custom_css_main_element_last_edited=&#8220;on|desktop&#8220; custom_css_main_element_phone=&#8220;height:80vh;&#8220;][et_pb_fullwidth_header title=&#8220;MOBILHEIM KEYWEST&#8220; subhead=&#8220;Entdecken Sie dieses Mobilheim, das nat\u00fcrlichen Charme mit franz\u00f6sischer Eleganz verbindet!&#8220; module_class=&#8220;hero-video-title_container&#8220; _builder_version=&#8220;4.9.4&#8243; _module_preset=&#8220;default&#8220; background_enable_color=&#8220;off&#8220; positioning=&#8220;absolute&#8220; position_origin_a=&#8220;center_center&#8220; z_index=&#8220;10&#8243; width=&#8220;100%&#8220;]<span class=\"ls_24_fake_btn\">VORSTADT MUSCAT<\/span>[\/et_pb_fullwidth_header][et_pb_fullwidth_code disabled_on=&#8220;on|off|off&#8220; admin_label=&#8220;CODE-VIDEO-DESKTOP&#8220; module_class=&#8220;hero-video-codecontainer&#8220; _builder_version=&#8220;4.9.4&#8243; _module_preset=&#8220;default&#8220;]<div class=\"nk-awb \" ><div class=\"nk-awb-wrap\" data-awb-type=\"yt_vm_video\" data-awb-image-background-size=\"cover\" data-awb-image-background-position=\"50% 50%\" data-awb-video=\"https:\/\/youtu.be\/kg4Yvzdj0uY\" data-awb-video-start-time=\"0\" data-awb-video-end-time=\"0\" data-awb-video-volume=\"0\" data-awb-video-mobile=\"false\"><div  class=\"nk-awb-inner\"><\/div><\/div><\/div>[\/et_pb_fullwidth_code][et_pb_fullwidth_code disabled_on=&#8220;off|on|on&#8220; admin_label=&#8220;CODE-VIDEO-MOBILE&#8220; module_class=&#8220;hero-video-codecontainer&#8220; _builder_version=&#8220;4.9.4&#8243; _module_preset=&#8220;default&#8220;]<div class=\"nk-awb \" ><div class=\"nk-awb-wrap\" data-awb-type=\"yt_vm_video\" data-awb-image-background-size=\"cover\" data-awb-image-background-position=\"50% 50%\" data-awb-video=\"https:\/\/youtube.com\/shorts\/5ivGiX6lJO0\" data-awb-video-start-time=\"0\" data-awb-video-end-time=\"0\" data-awb-video-volume=\"0\" data-awb-video-mobile=\"true\"><div  class=\"nk-awb-inner\"><\/div><\/div><\/div>[\/et_pb_fullwidth_code][\/et_pb_section][et_pb_section fb_built=&#8220;1&#8243; module_class=&#8220;bleu_medi24&#8243; _builder_version=&#8220;4.9.4&#8243; _module_preset=&#8220;default&#8220; locked=&#8220;off&#8220;][et_pb_row _builder_version=&#8220;4.9.4&#8243; _module_preset=&#8220;default&#8220; max_width=&#8220;1200px&#8220;][et_pb_column type=&#8220;4_4&#8243; _builder_version=&#8220;4.9.4&#8243; _module_preset=&#8220;default&#8220;][et_pb_text disabled_on=&#8220;off|off|off&#8220; admin_label=&#8220;DESCRIPTION&#8220; module_class=&#8220;ls_24_desc_bloc&#8220; _builder_version=&#8220;4.9.4&#8243; _module_preset=&#8220;default&#8220; header_3_text_color=&#8220;#3796aa&#8220; text_orientation=&#8220;center&#8220; custom_padding=&#8220;||15px||false|false&#8220; text_orientation_tablet=&#8220;&#8220; text_orientation_phone=&#8220;left&#8220; text_orientation_last_edited=&#8220;on|phone&#8220; border_style_all=&#8220;none&#8220; border_width_bottom=&#8220;2px&#8220; border_color_bottom=&#8220;#3796aa&#8220;]<\/p>\n<h2>BESCHREIBUNG<\/h2>\n<p style=\"text-align: center;\">40 m\u00b2. Von 1 bis 3 Schlafzimmer. F\u00fcr 1 bis 6 Personen.<\/p>\n<p style=\"text-align: center;\">Das KEYWEST-Mobilheim von O\u2019Hara ist perfekt f\u00fcr einen Familienurlaub, der auf Entspannung und Komfort ausgerichtet ist. Mit seinem modernen Design und der funktionalen Anordnung erf\u00fcllt es die Bed\u00fcrfnisse von Familien, die einen einladenden und ruhigen Raum suchen. Die 1 bis 3 Schlafzimmer bieten Platz f\u00fcr bis zu 6 Personen und erm\u00f6glichen jedem seinen eigenen pers\u00f6nlichen Raum, w\u00e4hrend gemeinsame Momente gef\u00f6rdert werden. Das Innere des KEYWEST ist dank der gro\u00dfen Schiebet\u00fcr, die auf eine ger\u00e4umige Terrasse f\u00fchrt, von nat\u00fcrlichem Licht durchflutet\u2014ideal f\u00fcr Mahlzeiten im Freien oder Qualit\u00e4tszeit mit der Familie. Die offene K\u00fcche und der Wohnbereich sind hell und ger\u00e4umig, so gestaltet, dass der Alltag erleichtert wird, w\u00e4hrend das moderne Badezimmer und die verbesserte D\u00e4mmung optimalen Komfort bieten, selbst in der Nebensaison. Entworfen, um eine warme und intime Atmosph\u00e4re zu schaffen, ist der KEYWEST der perfekte Ort f\u00fcr einen friedlichen Urlaub, umgeben von der Natur, mit Ihren Lieben.<\/p>\n<p>Die kleinen Extras des KEYWEST bei Les Sablons:<br \/>Ein Au\u00dfenbett, zus\u00e4tzlich zu Ihren Liegen, zum Entspannen auf Ihrer Terrasse.<\/p>\n<p>[\/et_pb_text][et_pb_button button_url=&#8220;#ls_disponibilities&#8220; button_text=&#8220;Buchen Sie Ihren Aufenthalt&#8220; admin_label=&#8220; R\u00e9server un s\u00e9jour&#8220; module_class=&#8220;ls_24_btn&#8220; _builder_version=&#8220;4.9.4&#8243; _module_preset=&#8220;default&#8220; custom_button=&#8220;on&#8220; button_text_color=&#8220;#FFFFFF&#8220; button_bg_color=&#8220;#3796aa&#8220; button_icon=&#8220;%%20%%&#8220; button_icon_color=&#8220;#FFFFFF&#8220; button_on_hover=&#8220;off&#8220; background_layout=&#8220;dark&#8220; locked=&#8220;off&#8220;][\/et_pb_button][\/et_pb_column][\/et_pb_row][\/et_pb_section][et_pb_section fb_built=&#8220;1&#8243; custom_padding_last_edited=&#8220;on|phone&#8220; module_class=&#8220;heb24_centter_vertical_col&#8220; _builder_version=&#8220;4.9.4&#8243; _module_preset=&#8220;default&#8220; module_alignment=&#8220;center&#8220; custom_padding_tablet=&#8220;&#8220; custom_padding_phone=&#8220;0px||||false|false&#8220; locked=&#8220;off&#8220;][et_pb_row make_equal=&#8220;on&#8220; _builder_version=&#8220;4.9.4&#8243; _module_preset=&#8220;default&#8220; max_width=&#8220;1200px&#8220; module_alignment=&#8220;center&#8220;][et_pb_column type=&#8220;4_4&#8243; _builder_version=&#8220;4.9.4&#8243; _module_preset=&#8220;default&#8220; background_enable_image=&#8220;off&#8220; background_size=&#8220;initial&#8220; background_position=&#8220;top_left&#8220;][et_pb_text admin_label=&#8220;UNE PARENTH\u00c8SE D\u00c9PAYSANTE \u00c0 LA MER&#8220; _builder_version=&#8220;4.9.4&#8243; _module_preset=&#8220;default&#8220; text_font_size=&#8220;16px&#8220;]<\/p>\n<h2 class=\"heb_soleil_title_24 heb_title_w_quote\">EIN ERFRISCHENDES ENTKOMMEN AM MEER<\/h2>\n<p><span style=\"color: #3796aa;\"><strong>Wichtige Merkmale der Unterkunft:<\/strong> <\/span> Landschaftlich gestaltete Nachbarschaft, modernes und minimalistisches Design.[\/et_pb_text][\/et_pb_column][\/et_pb_row][\/et_pb_section][et_pb_section fb_built=&#8220;1&#8243; custom_padding_last_edited=&#8220;on|phone&#8220; module_class=&#8220;heb24_slide_sejour&#8220; _builder_version=&#8220;4.9.4&#8243; _module_preset=&#8220;default&#8220; background_enable_color=&#8220;off&#8220; custom_padding_tablet=&#8220;&#8220; custom_padding_phone=&#8220;||0px||false|false&#8220; locked=&#8220;off&#8220;][et_pb_row _builder_version=&#8220;4.9.4&#8243; _module_preset=&#8220;default&#8220; width=&#8220;100%&#8220; max_width=&#8220;100%&#8220; module_alignment=&#8220;center&#8220;][et_pb_column type=&#8220;4_4&#8243; _builder_version=&#8220;4.9.4&#8243; _module_preset=&#8220;default&#8220;][dnxte_coverflowslider_parent dnxte_coverflow_autoplay_show_hide=&#8220;off&#8220; dnxte_coverflow_loop=&#8220;on&#8220; dnxte_coverflow_centered_slides=&#8220;on&#8220; dnxte_coverflow_auto_height=&#8220;off&#8220; dnxte_coverflow_grab=&#8220;on&#8220; dnxte_coverflow_mousewheel_enable=&#8220;off&#8220; dnxte_coverflow_dots_color=&#8220;#adadad&#8220; dnxte_coverflow_dots_active_color=&#8220;#3796aa&#8220; _builder_version=&#8220;4.9.4&#8243; _module_preset=&#8220;default&#8220; border_width_all_image_border=&#8220;10px&#8220; border_color_all_image_border=&#8220;#FFFFFF&#8220;][dnxte_coverflowslider_child coverflowslider_image=&#8220;https:\/\/www.les-sablons.com\/wp-content\/uploads\/2025\/03\/KEYWEST-1.png&#8220; coverflowslider_alt=&#8220; &#8220; _builder_version=&#8220;4.9.4&#8243; _module_preset=&#8220;default&#8220;][\/dnxte_coverflowslider_child][dnxte_coverflowslider_child coverflowslider_image=&#8220;https:\/\/www.les-sablons.com\/wp-content\/uploads\/2025\/03\/KEYWEST-2.png&#8220; coverflowslider_alt=&#8220; &#8220; _builder_version=&#8220;4.9.4&#8243; _module_preset=&#8220;default&#8220;][\/dnxte_coverflowslider_child][dnxte_coverflowslider_child coverflowslider_image=&#8220;https:\/\/www.les-sablons.com\/wp-content\/uploads\/2025\/03\/KEYWEST-3.png&#8220; coverflowslider_alt=&#8220; &#8220; _builder_version=&#8220;4.9.4&#8243; _module_preset=&#8220;default&#8220;][\/dnxte_coverflowslider_child][dnxte_coverflowslider_child coverflowslider_image=&#8220;https:\/\/www.les-sablons.com\/wp-content\/uploads\/2025\/03\/KEYWEST-4.png&#8220; coverflowslider_alt=&#8220; &#8220; _builder_version=&#8220;4.9.4&#8243; _module_preset=&#8220;default&#8220;][\/dnxte_coverflowslider_child][dnxte_coverflowslider_child coverflowslider_image=&#8220;https:\/\/www.les-sablons.com\/wp-content\/uploads\/2025\/03\/KEYWEST-5.png&#8220; coverflowslider_alt=&#8220; &#8220; _builder_version=&#8220;4.9.4&#8243; _module_preset=&#8220;default&#8220;][\/dnxte_coverflowslider_child][dnxte_coverflowslider_child coverflowslider_image=&#8220;https:\/\/www.les-sablons.com\/wp-content\/uploads\/2025\/03\/KEYWEST-6.png&#8220; coverflowslider_alt=&#8220; &#8220; _builder_version=&#8220;4.9.4&#8243; _module_preset=&#8220;default&#8220;][\/dnxte_coverflowslider_child][dnxte_coverflowslider_child coverflowslider_image=&#8220;https:\/\/www.les-sablons.com\/wp-content\/uploads\/2025\/03\/KEYWEST-7.png&#8220; coverflowslider_alt=&#8220; &#8220; _builder_version=&#8220;4.9.4&#8243; _module_preset=&#8220;default&#8220;][\/dnxte_coverflowslider_child][dnxte_coverflowslider_child coverflowslider_image=&#8220;https:\/\/www.les-sablons.com\/wp-content\/uploads\/2025\/03\/KEYWEST-8.jpg&#8220; coverflowslider_alt=&#8220; &#8220; _builder_version=&#8220;4.9.4&#8243; _module_preset=&#8220;default&#8220;][\/dnxte_coverflowslider_child][\/dnxte_coverflowslider_parent][\/et_pb_column][\/et_pb_row][\/et_pb_section][et_pb_section fb_built=&#8220;1&#8243; module_class=&#8220;bleu_medi24&#8243; _builder_version=&#8220;4.9.4&#8243; _module_preset=&#8220;default&#8220; background_color=&#8220;#f7f2ec&#8220; locked=&#8220;off&#8220;][et_pb_row _builder_version=&#8220;4.9.4&#8243; _module_preset=&#8220;default&#8220; max_width=&#8220;1200px&#8220;][et_pb_column type=&#8220;4_4&#8243; _builder_version=&#8220;4.9.4&#8243; _module_preset=&#8220;default&#8220;][et_pb_text disabled_on=&#8220;off|off|off&#8220; admin_label=&#8220;BIENVENUE DANS LE QUARTIER CARIGNAN&#8220; module_class=&#8220;ls_border_bottom&#8220; _builder_version=&#8220;4.9.4&#8243; _module_preset=&#8220;default&#8220; header_3_text_color=&#8220;#3796aa&#8220; text_orientation=&#8220;center&#8220; custom_padding=&#8220;||15px||false|false&#8220; border_style_all=&#8220;none&#8220; border_width_bottom=&#8220;2px&#8220; border_color_bottom=&#8220;#3796aa&#8220;]<\/p>\n<h2>WILLKOMMEN IM MUSCAT- VORORT<\/h2>\n<p>[\/et_pb_text][\/et_pb_column][\/et_pb_row][\/et_pb_section][et_pb_section fb_built=&#8220;1&#8243; module_class=&#8220;vacance_reve24&#8243; _builder_version=&#8220;4.9.4&#8243; _module_preset=&#8220;default&#8220; background_color=&#8220;#f7f2ec&#8220; locked=&#8220;off&#8220;][et_pb_row _builder_version=&#8220;4.9.4&#8243; _module_preset=&#8220;default&#8220; max_width=&#8220;1200px&#8220;][et_pb_column type=&#8220;4_4&#8243; _builder_version=&#8220;4.9.4&#8243; _module_preset=&#8220;default&#8220;][et_pb_image src=&#8220;https:\/\/www.les-sablons.com\/wp-content\/uploads\/2024\/09\/1920&#215;1080-BAS-muscat.jpg&#8220; title_text=&#8220;1920&#215;1080-BAS-muscat&#8220; _builder_version=&#8220;4.9.4&#8243; _module_preset=&#8220;default&#8220;][\/et_pb_image][\/et_pb_column][\/et_pb_row][et_pb_row _builder_version=&#8220;4.9.4&#8243; _module_preset=&#8220;default&#8220; max_width=&#8220;1200px&#8220;][et_pb_column type=&#8220;4_4&#8243; _builder_version=&#8220;4.9.4&#8243; _module_preset=&#8220;default&#8220;][et_pb_text disabled_on=&#8220;off|off|off&#8220; admin_label=&#8220;Profitez d\u2019une double terrasse offrant un large espace ext\u00e9rieur&#8220; module_class=&#8220;bloc_vacance24&#8243; _builder_version=&#8220;4.9.4&#8243; _module_preset=&#8220;default&#8220; header_3_text_color=&#8220;#3796aa&#8220; text_orientation=&#8220;center&#8220; custom_padding=&#8220;||15px||false|false&#8220; border_style_all=&#8220;none&#8220; border_width_bottom=&#8220;2px&#8220; border_color_bottom=&#8220;#3796aa&#8220;]<\/p>\n<p style=\"text-align: center;\">Mit dem KEY WEST-Vorort entwickelt sich Sun\u00ealia Les Sablons weiter, immer mit dem Ziel, Ihre W\u00fcnsche nach Genuss und Komfort besser zu erf\u00fcllen. In der Muscat-Zone, 50 Jahre nach seiner Er\u00f6ffnung, haben wir eines der allerersten Grundst\u00fccke, das nach der Er\u00f6ffnung des Campingplatzes im Jahr 1969 entwickelt wurde, revitalisiert. Diese luxuri\u00f6sen Unterk\u00fcnfte sind entlang eines Weges eingebettet, an dem die Reben mit ihren langen Ranken stets pr\u00e4sent sind. Von Ihrer ger\u00e4umigen Terrasse aus k\u00f6nnen Sie die Landschaft genie\u00dfen, w\u00e4hrend Sie unter der bel\u00fcfteten Pergola sitzen oder sich ruhig auf Ihrer Mezzanine-Bank entspannen und sich in der Sonne sonnen.<br \/>Wenn der Abend einbricht, wird die Ambientebeleuchtung Ihre Schritte zu und von Ihrem Plancha-Grill leiten.<\/p>\n<p>[\/et_pb_text][\/et_pb_column][\/et_pb_row][\/et_pb_section][et_pb_section fb_built=&#8220;1&#8243; _builder_version=&#8220;4.9.4&#8243; _module_preset=&#8220;default&#8220; background_color=&#8220;#f7f2ec&#8220; custom_padding=&#8220;0px||||false|false&#8220; locked=&#8220;off&#8220;][et_pb_row _builder_version=&#8220;4.9.4&#8243; _module_preset=&#8220;default&#8220; max_width=&#8220;1200px&#8220;][et_pb_column type=&#8220;4_4&#8243; _builder_version=&#8220;4.9.4&#8243; _module_preset=&#8220;default&#8220;][et_pb_text disabled_on=&#8220;off|off|off&#8220; admin_label=&#8220;TROUVER VOTRE LOGEMENT SUR LA CARTE&#8220; module_class=&#8220;ls_24_title_carte&#8220; _builder_version=&#8220;4.9.4&#8243; _module_preset=&#8220;default&#8220; header_3_text_color=&#8220;#3796aa&#8220; text_orientation=&#8220;center&#8220; custom_padding=&#8220;||15px||false|false&#8220; border_style_all=&#8220;none&#8220; border_width_bottom=&#8220;2px&#8220; border_color_bottom=&#8220;#3796aa&#8220;]<\/p>\n<h2><strong>PLANS DES MOBILEHOMES LUXES<\/strong><\/h2>\n<p>[\/et_pb_text][et_pb_image src=&#8220;https:\/\/www.les-sablons.com\/wp-content\/uploads\/2024\/10\/LES-SABLONS-MAP-MOBILSHOMES-LUXES-scaled.jpg&#8220; title_text=&#8220;LES-SABLONS-MAP-MOBILSHOMES-LUXES&#8220; show_in_lightbox=&#8220;on&#8220; module_class=&#8220;ls_24_carte_interactive&#8220; _builder_version=&#8220;4.9.4&#8243; _module_preset=&#8220;default&#8220; locked=&#8220;off&#8220;][\/et_pb_image][et_pb_button button_url=&#8220;@ET-DC@eyJkeW5hbWljIjp0cnVlLCJjb250ZW50IjoicG9zdF9saW5rX3VybF9wYWdlIiwic2V0dGluZ3MiOnsicG9zdF9pZCI6IjMyMTk5In19@&#8220; button_text=&#8220;Tous les mobilehomes luxes&#8220; admin_label=&#8220;Tous les mobilehomes luxes&#8220; module_class=&#8220;ls_24_btn&#8220; _builder_version=&#8220;4.9.4&#8243; _dynamic_attributes=&#8220;button_url&#8220; _module_preset=&#8220;default&#8220; custom_button=&#8220;on&#8220; button_text_color=&#8220;#FFFFFF&#8220; button_bg_color=&#8220;#3796aa&#8220; button_icon=&#8220;%%20%%&#8220; button_icon_color=&#8220;#FFFFFF&#8220; button_on_hover=&#8220;off&#8220; background_layout=&#8220;dark&#8220; locked=&#8220;off&#8220;][\/et_pb_button][\/et_pb_column][\/et_pb_row][\/et_pb_section][et_pb_section fb_built=&#8220;1&#8243; module_class=&#8220;heb24_centter_vertical_col&#8220; _builder_version=&#8220;4.9.4&#8243; _module_preset=&#8220;default&#8220; module_alignment=&#8220;center&#8220; locked=&#8220;off&#8220;][et_pb_row make_equal=&#8220;on&#8220; _builder_version=&#8220;4.9.4&#8243; _module_preset=&#8220;default&#8220; max_width=&#8220;1200px&#8220; module_alignment=&#8220;center&#8220;][et_pb_column type=&#8220;4_4&#8243; _builder_version=&#8220;4.9.4&#8243; _module_preset=&#8220;default&#8220; background_enable_image=&#8220;off&#8220; background_size=&#8220;initial&#8220; background_position=&#8220;top_left&#8220;][et_pb_text admin_label=&#8220;Vos \u00e9quipements pour un s\u00e9jour comme \u00e0 la maison !&#8220; _builder_version=&#8220;4.9.4&#8243; _module_preset=&#8220;default&#8220; text_font_size=&#8220;16px&#8220;]<\/p>\n<h2 class=\"heb_soleil_title_24 heb_title_w_quote\">IHRE AUSR\u00dcSTUNG F\u00dcR EINEN AUFENTHALT WIE ZUHAUSE!<\/h2>\n<p>[\/et_pb_text][et_pb_toggle title=&#8220;Ausstattung &#038; Dienstleistungen inklusive&#8220; admin_label=&#8220;\u00c9quipements &#038; services inclus&#8220; module_class=&#8220;ls_24_accordeon&#8220; _builder_version=&#8220;4.9.4&#8243; _module_preset=&#8220;default&#8220; hover_enabled=&#8220;0&#8243; sticky_enabled=&#8220;0&#8243;]<\/p>\n<table style=\"border-collapse: collapse; width: 100%;\" border=\"1\">\n<tbody>\n<tr>\n<td style=\"width: 50%;\"><strong>Ausgestattete K\u00fcche<br \/><\/strong>K\u00fchlschrank &amp; Gefrierschrank<br \/>Geschirrsp\u00fcler<br \/>Gasherd<br \/>Kombi-Mikrowellenofen<br \/>Nespresso-Kaffeemaschine<br \/>Toaster und Wasserkocher<br \/>B\u00fcgelbrett<\/p>\n<p>&nbsp;<\/p>\n<p><strong>Schlafbereich<br \/><\/strong>Schlafzimmer 1 : 1x Doppelbett 160&#215;200<br \/>Schlafzimmer 2 : 2x Einzelbett 80&#215;190<br \/>Schlafzimmer 3 : 2x Einzelbett 80&#215;190<\/p>\n<p><strong>Badezimmer<\/strong><br \/>Handt\u00fccher &amp; Badem\u00e4ntel<br \/>Haartrockner<br \/>1 Badezimmer mit Dusche und WC<\/p>\n<\/td>\n<td style=\"width: 50%;\"><strong>Hauswirtschaft<br \/><\/strong>B\u00fcgeleisen und B\u00fcgelbrett (auf Anfrage)<br \/>Endreinigung<br \/>Ankleidezimmer<\/p>\n<p>&nbsp;<\/p>\n<p><strong>High tech<br \/><\/strong>Zentralisierte Klimaanlage<br \/>WLAN-Verbindung (bis zu 4 Ger\u00e4te)<br \/>Safe<\/p>\n<p><strong>Terrasse<br \/><\/strong>Gartenm\u00f6bel<br \/>3 Liegen<\/p>\n<\/td>\n<\/tr>\n<\/tbody>\n<\/table>\n<p>[\/et_pb_toggle][et_pb_toggle title=&#8220;Optional&#8220; admin_label=&#8220;En option&#8220; module_class=&#8220;ls_24_accordeon&#8220; _builder_version=&#8220;4.9.4&#8243; _module_preset=&#8220;default&#8220;]<\/p>\n<p>Babyset auf Reservierung<br \/>Haustier<br \/>Restaurantangebot (Halbpension \u00b7 Vollpension)<\/p>\n<p>&nbsp;<\/p>\n<p>[\/et_pb_toggle][\/et_pb_column][\/et_pb_row][\/et_pb_section][et_pb_section fb_built=&#8220;1&#8243; fullwidth=&#8220;on&#8220; custom_padding_last_edited=&#8220;on|phone&#8220; _builder_version=&#8220;4.9.4&#8243; _module_preset=&#8220;default&#8220; background_color=&#8220;#3796aa&#8220; custom_padding_tablet=&#8220;&#8220; custom_padding_phone=&#8220;15px||15px||false|false&#8220;][et_pb_fullwidth_header title=&#8220;N\u00dcTZLICHE INFORMATIONEN&#8220; admin_label=&#8220;Informations utiles&#8220; _builder_version=&#8220;4.9.4&#8243; _module_preset=&#8220;default&#8220; title_level=&#8220;h2&#8243; title_font=&#8220;|||on|||||&#8220;]<\/p>\n<div class=\"ls_24_infos_utiles\">\n<div class=\"ls_24_infos_utiles_ctnr ls_24_infos_utiles_arrivee\">\n<div class=\"ls_24_infos_utiles_picto\"><img decoding=\"async\" class=\"wp-image-32489 aligncenter size-full\" src=\"https:\/\/www.les-sablons.com\/wp-content\/uploads\/2024\/09\/arrivee-1.svg\" alt=\"\" width=\"90\" height=\"89\" \/><\/div>\n<div class=\"ls_24_infos_utiles_txt ls_24_infos_utiles_txt_arrivee\">\n<p><strong>Ankunft<\/strong><\/p>\n<p>Von 16:00 bis 19:00 Uhr (18:00 Uhr in der Nebensaison)<\/p>\n<\/div>\n<\/div>\n<div class=\"ls_24_infos_utiles_ctnr ls_24_infos_utiles_depart\">\n<div class=\"ls_24_infos_utiles_picto\"><img decoding=\"async\" class=\"wp-image-32485 aligncenter size-full\" src=\"https:\/\/www.les-sablons.com\/wp-content\/uploads\/2024\/09\/depart.svg\" alt=\"\" width=\"108\" height=\"108\" \/><\/div>\n<div class=\"ls_24_infos_utiles_txt ls_24_infos_utiles_txt_depart\">\n<p><strong>Abreise<\/strong><\/p>\n<p>Von 08:00 bis 10:00 Uhr<\/p>\n<\/div>\n<\/div>\n<\/div>\n<p>[\/et_pb_fullwidth_header][\/et_pb_section][et_pb_section fb_built=&#8220;1&#8243; disabled_on=&#8220;on|on|on&#8220; module_class=&#8220;heb24_centter_vertical_col&#8220; _builder_version=&#8220;4.9.4&#8243; _module_preset=&#8220;default&#8220; module_alignment=&#8220;center&#8220; disabled=&#8220;on&#8220; locked=&#8220;off&#8220;][et_pb_row make_equal=&#8220;on&#8220; _builder_version=&#8220;4.9.4&#8243; _module_preset=&#8220;default&#8220; max_width=&#8220;1200px&#8220; module_alignment=&#8220;center&#8220;][et_pb_column type=&#8220;4_4&#8243; _builder_version=&#8220;4.9.4&#8243; _module_preset=&#8220;default&#8220; background_enable_image=&#8220;off&#8220; background_size=&#8220;initial&#8220; background_position=&#8220;top_left&#8220;][et_pb_text admin_label=&#8220;Vos \u00e9quipements pour un s\u00e9jour comme \u00e0 la maison !&#8220; _builder_version=&#8220;4.9.4&#8243; _module_preset=&#8220;default&#8220; text_font_size=&#8220;16px&#8220;]<\/p>\n<h2 class=\"heb_soleil_title_24 heb_title_w_quote\">Ihre Ausstattung f\u00fcr einen Aufenthalt wie zu Hause!<\/h2>\n<p>[\/et_pb_text][et_pb_toggle title=&#8220;\u00c9quipements &#038; services inclus&#8220; admin_label=&#8220;\u00c9quipements &#038; services inclus&#8220; module_class=&#8220;ls_24_accordeon&#8220; _builder_version=&#8220;4.9.4&#8243; _module_preset=&#8220;default&#8220;]<\/p>\n<table style=\"border-collapse: collapse;width: 100%\" border=\"1\">\n<tbody>\n<tr>\n<td style=\"width: 50%\"><strong>Cuisine \u00e9quip\u00e9e<\/strong><br \/>\nR\u00e9frig\u00e9rateur &amp; cong\u00e9lateur<br \/>\nLave-vaisselle<br \/>\nPlaque de cuisson \u00e0 gaz<br \/>\nFour micro-ondes combin\u00e9<br \/>\nMachine \u00e0 caf\u00e9 Nespreso<br \/>\nGrille pain et bouilloire<br \/>\nPlanche<strong>Espace nuit<\/strong><br \/>\nChambre 1 : 1 lit double 160&#215;200<br \/>\nChambre 2 : 1 lit superpos\u00e9 90&#215;190<br \/>\nSalon : 1 canap\u00e9 convertible 140&#215;190<\/p>\n<p><strong>Salle de bain<\/strong><br \/>\nServiettes &amp; Peignoirs<br \/>\nS\u00e8che-cheveux<br \/>\n1 Salle de bain avec douche et WC<br \/>\nIntendance<\/td>\n<td style=\"width: 50%\"><strong>Lave linge<\/strong><br \/>\nFer et table \u00e0 repasser (sur demande)<br \/>\nM\u00e9nage final<br \/>\nDressing<br \/>\nHigh tech<strong>Climatisation centralis\u00e9e<\/strong><br \/>\nConnexion WIFI (jusqu\u2019\u00e0 4 appareils)<br \/>\nCoffre-fort<br \/>\n2 TV satellite<br \/>\nTerrasse &amp; ext\u00e9rieurs<\/p>\n<p><strong>Terrasse<\/strong><br \/>\nMobilier de jardin<br \/>\n3 Transats<\/td>\n<\/tr>\n<\/tbody>\n<\/table>\n<p>[\/et_pb_toggle][et_pb_toggle title=&#8220;En option&#8220; admin_label=&#8220;En option&#8220; module_class=&#8220;ls_24_accordeon&#8220; _builder_version=&#8220;4.9.4&#8243; _module_preset=&#8220;default&#8220;]<\/p>\n<p><strong>Kit b\u00e9b\u00e9 sur r\u00e9servation<\/strong><br \/><strong>Animal de compagnie<\/strong><br \/><strong>Formulation restaurant (demi pension \u00b7\u00a0pension compl\u00e8te)<\/strong><\/p>\n<p>[\/et_pb_toggle][\/et_pb_column][\/et_pb_row][\/et_pb_section][et_pb_section fb_built=&#8220;1&#8243; fullwidth=&#8220;on&#8220; custom_padding_last_edited=&#8220;on|phone&#8220; disabled_on=&#8220;on|on|on&#8220; _builder_version=&#8220;4.9.4&#8243; _module_preset=&#8220;default&#8220; background_color=&#8220;#3796aa&#8220; custom_padding_tablet=&#8220;&#8220; custom_padding_phone=&#8220;15px||15px||false|false&#8220; disabled=&#8220;on&#8220;][et_pb_fullwidth_header title=&#8220;Informations utiles&#8220; admin_label=&#8220;Informations utiles&#8220; _builder_version=&#8220;4.9.4&#8243; _module_preset=&#8220;default&#8220; title_level=&#8220;h2&#8243; title_font=&#8220;|||on|||||&#8220;]<\/p>\n<div class=\"ls_24_infos_utiles\">\n<div class=\"ls_24_infos_utiles_ctnr ls_24_infos_utiles_arrivee\">\n<div class=\"ls_24_infos_utiles_picto\"><img decoding=\"async\" class=\"wp-image-32489 aligncenter size-full\" src=\"https:\/\/www.les-sablons.com\/wp-content\/uploads\/2024\/09\/arrivee-1.svg\" alt=\"\" width=\"90\" height=\"89\" \/><\/div>\n<div class=\"ls_24_infos_utiles_txt ls_24_infos_utiles_txt_arrivee\">\n<p><strong>Arriv\u00e9e<\/strong><\/p>\n<p>de 16h00 \u00e0 19h00 (18h00 en basse saison)<\/p>\n<\/p><\/div>\n<\/p><\/div>\n<div class=\"ls_24_infos_utiles_ctnr ls_24_infos_utiles_depart\">\n<div class=\"ls_24_infos_utiles_picto\"><img decoding=\"async\" class=\"wp-image-32485 aligncenter size-full\" src=\"https:\/\/www.les-sablons.com\/wp-content\/uploads\/2024\/09\/depart.svg\" alt=\"\" width=\"108\" height=\"108\" \/><\/div>\n<div class=\"ls_24_infos_utiles_txt ls_24_infos_utiles_txt_depart\">\n<p><strong>D\u00e9part<\/strong><\/p>\n<p>de 08h00 \u00e0 10h00<\/p>\n<\/p><\/div>\n<\/p><\/div>\n<\/div>\n<p>[\/et_pb_fullwidth_header][\/et_pb_section][et_pb_section fb_built=&#8220;1&#8243; module_id=&#8220;ls_disponibilities&#8220; _builder_version=&#8220;4.9.4&#8243; _module_preset=&#8220;default&#8220; locked=&#8220;off&#8220;][et_pb_row _builder_version=&#8220;4.9.4&#8243; _module_preset=&#8220;default&#8220; width=&#8220;100%&#8220; max_width=&#8220;1200px&#8220; custom_margin_tablet=&#8220;&#8220; custom_margin_phone=&#8220;&#8220; custom_margin_last_edited=&#8220;on|tablet&#8220; custom_padding=&#8220;|15px||15px|false|false&#8220;][et_pb_column type=&#8220;4_4&#8243; _builder_version=&#8220;4.9.4&#8243; _module_preset=&#8220;default&#8220;][et_pb_text admin_label=&#8220;TARIFS ET DISPONIBILIT\u00c9S&#8220; _builder_version=&#8220;4.9.4&#8243; _module_preset=&#8220;default&#8220; header_text_align=&#8220;center&#8220; text_orientation=&#8220;center&#8220; module_alignment=&#8220;center&#8220; custom_margin=&#8220;|30px|||false|false&#8220; custom_margin_tablet=&#8220;&#8220; custom_margin_phone=&#8220;|0px|||false|false&#8220; custom_margin_last_edited=&#8220;on|phone&#8220; text_orientation_tablet=&#8220;&#8220; text_orientation_phone=&#8220;center&#8220; text_orientation_last_edited=&#8220;on|desktop&#8220; module_alignment_tablet=&#8220;center&#8220; module_alignment_phone=&#8220;center&#8220; module_alignment_last_edited=&#8220;on|desktop&#8220; locked=&#8220;off&#8220;]<\/p>\n<h2>BUCHEN SIE IHREN AUFENTHALT!<\/h2>\n<p>[\/et_pb_text][et_pb_code _builder_version=&#8220;4.9.4&#8243; _module_preset=&#8220;default&#8220;]<ctv-availability data-product-id=\"136375, 136442\" data- background-color=\"#FFFFFFFF\" ><\/ctv-availability>[\/et_pb_code][\/et_pb_column][\/et_pb_row][\/et_pb_section][et_pb_section fb_built=&#8220;1&#8243; fullwidth=&#8220;on&#8220; module_class=&#8220;ls_bottom_banner&#8220; _builder_version=&#8220;4.9.4&#8243; _module_preset=&#8220;default&#8220; background_color=&#8220;RGBA(0,0,0,0)&#8220; background_image=&#8220;https:\/\/www.les-sablons.com\/wp-content\/uploads\/2024\/09\/tous-les-hebergements-les-sablons.jpg&#8220; locked=&#8220;off&#8220;][et_pb_fullwidth_header title=&#8220;ALLE UNTERK\u00dcNFTE&#8220; button_one_text=&#8220; Zur\u00fcck zu den Unterk\u00fcnften&#8220; button_one_url=&#8220;@ET-DC@eyJkeW5hbWljIjp0cnVlLCJjb250ZW50IjoicG9zdF9saW5rX3VybF9wYWdlIiwic2V0dGluZ3MiOnsicG9zdF9pZCI6IjI3MDUxIn19@&#8220; _builder_version=&#8220;4.9.4&#8243; _dynamic_attributes=&#8220;button_one_url&#8220; _module_preset=&#8220;default&#8220; background_enable_color=&#8220;off&#8220;][\/et_pb_fullwidth_header][\/et_pb_section]<\/p>\n","protected":false},"excerpt":{"rendered":"<p>[et_pb_section fb_built=&#8220;1&#8243; fullwidth=&#8220;on&#8220; admin_label=&#8220;SECTION-VIDEO&#8220; module_id=&#8220;home-video-hero&#8220; module_class=&#8220;video-hero-section&#8220; _builder_version=&#8220;4.9.4&#8243; _module_preset=&#8220;default&#8220; background_color=&#8220;RGBA(0,0,0,0)&#8220; background_image=&#8220;https:\/\/www.les-sablons.com\/wp-content\/uploads\/2024\/09\/1920&#215;1080-HEADER-keywest.jpg&#8220; background_last_edited=&#8220;on|phone&#8220; background_image_phone=&#8220;https:\/\/www.les-sablons.com\/wp-content\/uploads\/2025\/02\/SmallDvice-HEADER-keywest.jpg&#8220; background_enable_image_phone=&#8220;on&#8220; custom_css_main_element=&#8220;height:90vh;&#8220; locked=&#8220;off&#8220; collapsed=&#8220;off&#8220; custom_css_main_element_last_edited=&#8220;on|desktop&#8220; custom_css_main_element_phone=&#8220;height:80vh;&#8220;][et_pb_fullwidth_header title=&#8220;MOBILHEIM KEYWEST&#8220; subhead=&#8220;Entdecken Sie dieses Mobilheim, das nat\u00fcrlichen Charme mit franz\u00f6sischer Eleganz verbindet!&#8220; module_class=&#8220;hero-video-title_container&#8220; _builder_version=&#8220;4.9.4&#8243; _module_preset=&#8220;default&#8220; background_enable_color=&#8220;off&#8220; positioning=&#8220;absolute&#8220; position_origin_a=&#8220;center_center&#8220; z_index=&#8220;10&#8243; width=&#8220;100%&#8220;]VORSTADT MUSCAT[\/et_pb_fullwidth_header][et_pb_fullwidth_code disabled_on=&#8220;on|off|off&#8220; admin_label=&#8220;CODE-VIDEO-DESKTOP&#8220; module_class=&#8220;hero-video-codecontainer&#8220; _builder_version=&#8220;4.9.4&#8243; _module_preset=&#8220;default&#8220;][\/et_pb_fullwidth_code][et_pb_fullwidth_code disabled_on=&#8220;off|on|on&#8220; admin_label=&#8220;CODE-VIDEO-MOBILE&#8220; module_class=&#8220;hero-video-codecontainer&#8220; _builder_version=&#8220;4.9.4&#8243; _module_preset=&#8220;default&#8220;][\/et_pb_fullwidth_code][\/et_pb_section][et_pb_section fb_built=&#8220;1&#8243; module_class=&#8220;bleu_medi24&#8243; _builder_version=&#8220;4.9.4&#8243; _module_preset=&#8220;default&#8220; locked=&#8220;off&#8220;][et_pb_row [&hellip;]<\/p>\n","protected":false},"author":1,"featured_media":0,"parent":33049,"menu_order":0,"comment_status":"closed","ping_status":"closed","template":"","meta":{"_acf_changed":false,"_et_pb_use_builder":"on","_et_pb_old_content":"","_et_gb_content_width":"","inline_featured_image":false,"footnotes":""},"acf":[],"yoast_head":"<!-- This site is optimized with the Yoast SEO plugin v22.0 - https:\/\/yoast.com\/wordpress\/plugins\/seo\/ -->\n<title>Mobilhome KEYWEST - Camping ***** les Sablons<\/title>\n<meta name=\"robots\" content=\"index, follow, max-snippet:-1, max-image-preview:large, max-video-preview:-1\" \/>\n<link rel=\"canonical\" href=\"https:\/\/www.les-sablons.com\/de\/les-mobilhomes\/mobilhome-keywest\/\" \/>\n<meta property=\"og:locale\" content=\"de_DE\" \/>\n<meta property=\"og:type\" content=\"article\" \/>\n<meta property=\"og:title\" content=\"Mobilhome KEYWEST - Camping ***** les Sablons\" \/>\n<meta property=\"og:description\" content=\"[et_pb_section fb_built=&#8220;1&#8243; fullwidth=&#8220;on&#8220; admin_label=&#8220;SECTION-VIDEO&#8220; module_id=&#8220;home-video-hero&#8220; module_class=&#8220;video-hero-section&#8220; _builder_version=&#8220;4.9.4&#8243; _module_preset=&#8220;default&#8220; background_color=&#8220;RGBA(0,0,0,0)&#8220; background_image=&#8220;https:\/\/www.les-sablons.com\/wp-content\/uploads\/2024\/09\/1920&#215;1080-HEADER-keywest.jpg&#8220; background_last_edited=&#8220;on|phone&#8220; background_image_phone=&#8220;https:\/\/www.les-sablons.com\/wp-content\/uploads\/2025\/02\/SmallDvice-HEADER-keywest.jpg&#8220; background_enable_image_phone=&#8220;on&#8220; custom_css_main_element=&#8220;height:90vh;&#8220; locked=&#8220;off&#8220; collapsed=&#8220;off&#8220; custom_css_main_element_last_edited=&#8220;on|desktop&#8220; custom_css_main_element_phone=&#8220;height:80vh;&#8220;][et_pb_fullwidth_header title=&#8220;MOBILHEIM KEYWEST&#8220; subhead=&#8220;Entdecken Sie dieses Mobilheim, das nat\u00fcrlichen Charme mit franz\u00f6sischer Eleganz verbindet!&#8220; module_class=&#8220;hero-video-title_container&#8220; _builder_version=&#8220;4.9.4&#8243; _module_preset=&#8220;default&#8220; background_enable_color=&#8220;off&#8220; positioning=&#8220;absolute&#8220; position_origin_a=&#8220;center_center&#8220; z_index=&#8220;10&#8243; width=&#8220;100%&#8220;]VORSTADT MUSCAT[\/et_pb_fullwidth_header][et_pb_fullwidth_code disabled_on=&#8220;on|off|off&#8220; admin_label=&#8220;CODE-VIDEO-DESKTOP&#8220; module_class=&#8220;hero-video-codecontainer&#8220; _builder_version=&#8220;4.9.4&#8243; _module_preset=&#8220;default&#8220;][\/et_pb_fullwidth_code][et_pb_fullwidth_code disabled_on=&#8220;off|on|on&#8220; admin_label=&#8220;CODE-VIDEO-MOBILE&#8220; module_class=&#8220;hero-video-codecontainer&#8220; _builder_version=&#8220;4.9.4&#8243; _module_preset=&#8220;default&#8220;][\/et_pb_fullwidth_code][\/et_pb_section][et_pb_section fb_built=&#8220;1&#8243; module_class=&#8220;bleu_medi24&#8243; _builder_version=&#8220;4.9.4&#8243; _module_preset=&#8220;default&#8220; locked=&#8220;off&#8220;][et_pb_row [&hellip;]\" \/>\n<meta property=\"og:url\" content=\"https:\/\/www.les-sablons.com\/de\/les-mobilhomes\/mobilhome-keywest\/\" \/>\n<meta property=\"og:site_name\" content=\"Camping ***** les Sablons\" \/>\n<meta property=\"article:modified_time\" content=\"2025-09-04T12:47:08+00:00\" \/>\n<meta property=\"og:image\" content=\"https:\/\/www.les-sablons.com\/wp-content\/uploads\/2024\/09\/arrivee-1.svg\" \/>\n<meta name=\"twitter:card\" content=\"summary_large_image\" \/>\n<meta name=\"twitter:label1\" content=\"Gesch\u00e4tzte Lesezeit\" \/>\n\t<meta name=\"twitter:data1\" content=\"5\u00a0Minuten\" \/>\n<script type=\"application\/ld+json\" class=\"yoast-schema-graph\">{\"@context\":\"https:\/\/schema.org\",\"@graph\":[{\"@type\":\"WebPage\",\"@id\":\"https:\/\/www.les-sablons.com\/de\/les-mobilhomes\/mobilhome-keywest\/\",\"url\":\"https:\/\/www.les-sablons.com\/de\/les-mobilhomes\/mobilhome-keywest\/\",\"name\":\"Mobilhome KEYWEST - Camping ***** les Sablons\",\"isPartOf\":{\"@id\":\"https:\/\/www.les-sablons.com\/de\/#website\"},\"datePublished\":\"2024-09-26T11:55:45+00:00\",\"dateModified\":\"2025-09-04T12:47:08+00:00\",\"breadcrumb\":{\"@id\":\"https:\/\/www.les-sablons.com\/de\/les-mobilhomes\/mobilhome-keywest\/#breadcrumb\"},\"inLanguage\":\"de\",\"potentialAction\":[{\"@type\":\"ReadAction\",\"target\":[\"https:\/\/www.les-sablons.com\/de\/les-mobilhomes\/mobilhome-keywest\/\"]}]},{\"@type\":\"BreadcrumbList\",\"@id\":\"https:\/\/www.les-sablons.com\/de\/les-mobilhomes\/mobilhome-keywest\/#breadcrumb\",\"itemListElement\":[{\"@type\":\"ListItem\",\"position\":1,\"name\":\"Accueil\",\"item\":\"https:\/\/www.les-sablons.com\/de\/\"},{\"@type\":\"ListItem\",\"position\":2,\"name\":\"2024 Les mobilhomes Luxes\",\"item\":\"https:\/\/www.les-sablons.com\/de\/les-mobilhomes\/\"},{\"@type\":\"ListItem\",\"position\":3,\"name\":\"Mobilhome KEYWEST\"}]},{\"@type\":\"WebSite\",\"@id\":\"https:\/\/www.les-sablons.com\/de\/#website\",\"url\":\"https:\/\/www.les-sablons.com\/de\/\",\"name\":\"Camping ***** les Sablons\",\"description\":\"les Sablons \u00e0 Portiragnes-Plage, bord de mer M\u00e9diterran\u00e9e, proche Cap d&#039;Agde, Languedoc Roussillon\",\"potentialAction\":[{\"@type\":\"SearchAction\",\"target\":{\"@type\":\"EntryPoint\",\"urlTemplate\":\"https:\/\/www.les-sablons.com\/de\/?s={search_term_string}\"},\"query-input\":\"required name=search_term_string\"}],\"inLanguage\":\"de\"}]}<\/script>\n<!-- \/ Yoast SEO plugin. -->","yoast_head_json":{"title":"Mobilhome KEYWEST - Camping ***** les Sablons","robots":{"index":"index","follow":"follow","max-snippet":"max-snippet:-1","max-image-preview":"max-image-preview:large","max-video-preview":"max-video-preview:-1"},"canonical":"https:\/\/www.les-sablons.com\/de\/les-mobilhomes\/mobilhome-keywest\/","og_locale":"de_DE","og_type":"article","og_title":"Mobilhome KEYWEST - Camping ***** les Sablons","og_description":"[et_pb_section fb_built=&#8220;1&#8243; fullwidth=&#8220;on&#8220; admin_label=&#8220;SECTION-VIDEO&#8220; module_id=&#8220;home-video-hero&#8220; module_class=&#8220;video-hero-section&#8220; _builder_version=&#8220;4.9.4&#8243; _module_preset=&#8220;default&#8220; background_color=&#8220;RGBA(0,0,0,0)&#8220; background_image=&#8220;https:\/\/www.les-sablons.com\/wp-content\/uploads\/2024\/09\/1920&#215;1080-HEADER-keywest.jpg&#8220; background_last_edited=&#8220;on|phone&#8220; background_image_phone=&#8220;https:\/\/www.les-sablons.com\/wp-content\/uploads\/2025\/02\/SmallDvice-HEADER-keywest.jpg&#8220; background_enable_image_phone=&#8220;on&#8220; custom_css_main_element=&#8220;height:90vh;&#8220; locked=&#8220;off&#8220; collapsed=&#8220;off&#8220; custom_css_main_element_last_edited=&#8220;on|desktop&#8220; custom_css_main_element_phone=&#8220;height:80vh;&#8220;][et_pb_fullwidth_header title=&#8220;MOBILHEIM KEYWEST&#8220; subhead=&#8220;Entdecken Sie dieses Mobilheim, das nat\u00fcrlichen Charme mit franz\u00f6sischer Eleganz verbindet!&#8220; module_class=&#8220;hero-video-title_container&#8220; _builder_version=&#8220;4.9.4&#8243; _module_preset=&#8220;default&#8220; background_enable_color=&#8220;off&#8220; positioning=&#8220;absolute&#8220; position_origin_a=&#8220;center_center&#8220; z_index=&#8220;10&#8243; width=&#8220;100%&#8220;]VORSTADT MUSCAT[\/et_pb_fullwidth_header][et_pb_fullwidth_code disabled_on=&#8220;on|off|off&#8220; admin_label=&#8220;CODE-VIDEO-DESKTOP&#8220; module_class=&#8220;hero-video-codecontainer&#8220; _builder_version=&#8220;4.9.4&#8243; _module_preset=&#8220;default&#8220;][\/et_pb_fullwidth_code][et_pb_fullwidth_code disabled_on=&#8220;off|on|on&#8220; admin_label=&#8220;CODE-VIDEO-MOBILE&#8220; module_class=&#8220;hero-video-codecontainer&#8220; _builder_version=&#8220;4.9.4&#8243; _module_preset=&#8220;default&#8220;][\/et_pb_fullwidth_code][\/et_pb_section][et_pb_section fb_built=&#8220;1&#8243; module_class=&#8220;bleu_medi24&#8243; _builder_version=&#8220;4.9.4&#8243; _module_preset=&#8220;default&#8220; locked=&#8220;off&#8220;][et_pb_row [&hellip;]","og_url":"https:\/\/www.les-sablons.com\/de\/les-mobilhomes\/mobilhome-keywest\/","og_site_name":"Camping ***** les Sablons","article_modified_time":"2025-09-04T12:47:08+00:00","og_image":[{"url":"https:\/\/www.les-sablons.com\/wp-content\/uploads\/2024\/09\/arrivee-1.svg"}],"twitter_card":"summary_large_image","twitter_misc":{"Gesch\u00e4tzte Lesezeit":"5\u00a0Minuten"},"schema":{"@context":"https:\/\/schema.org","@graph":[{"@type":"WebPage","@id":"https:\/\/www.les-sablons.com\/de\/les-mobilhomes\/mobilhome-keywest\/","url":"https:\/\/www.les-sablons.com\/de\/les-mobilhomes\/mobilhome-keywest\/","name":"Mobilhome KEYWEST - Camping ***** les Sablons","isPartOf":{"@id":"https:\/\/www.les-sablons.com\/de\/#website"},"datePublished":"2024-09-26T11:55:45+00:00","dateModified":"2025-09-04T12:47:08+00:00","breadcrumb":{"@id":"https:\/\/www.les-sablons.com\/de\/les-mobilhomes\/mobilhome-keywest\/#breadcrumb"},"inLanguage":"de","potentialAction":[{"@type":"ReadAction","target":["https:\/\/www.les-sablons.com\/de\/les-mobilhomes\/mobilhome-keywest\/"]}]},{"@type":"BreadcrumbList","@id":"https:\/\/www.les-sablons.com\/de\/les-mobilhomes\/mobilhome-keywest\/#breadcrumb","itemListElement":[{"@type":"ListItem","position":1,"name":"Accueil","item":"https:\/\/www.les-sablons.com\/de\/"},{"@type":"ListItem","position":2,"name":"2024 Les mobilhomes Luxes","item":"https:\/\/www.les-sablons.com\/de\/les-mobilhomes\/"},{"@type":"ListItem","position":3,"name":"Mobilhome KEYWEST"}]},{"@type":"WebSite","@id":"https:\/\/www.les-sablons.com\/de\/#website","url":"https:\/\/www.les-sablons.com\/de\/","name":"Camping ***** les Sablons","description":"les Sablons \u00e0 Portiragnes-Plage, bord de mer M\u00e9diterran\u00e9e, proche Cap d&#039;Agde, Languedoc Roussillon","potentialAction":[{"@type":"SearchAction","target":{"@type":"EntryPoint","urlTemplate":"https:\/\/www.les-sablons.com\/de\/?s={search_term_string}"},"query-input":"required name=search_term_string"}],"inLanguage":"de"}]}},"_links":{"self":[{"href":"https:\/\/www.les-sablons.com\/de\/wp-json\/wp\/v2\/pages\/33061"}],"collection":[{"href":"https:\/\/www.les-sablons.com\/de\/wp-json\/wp\/v2\/pages"}],"about":[{"href":"https:\/\/www.les-sablons.com\/de\/wp-json\/wp\/v2\/types\/page"}],"author":[{"embeddable":true,"href":"https:\/\/www.les-sablons.com\/de\/wp-json\/wp\/v2\/users\/1"}],"replies":[{"embeddable":true,"href":"https:\/\/www.les-sablons.com\/de\/wp-json\/wp\/v2\/comments?post=33061"}],"version-history":[{"count":1,"href":"https:\/\/www.les-sablons.com\/de\/wp-json\/wp\/v2\/pages\/33061\/revisions"}],"predecessor-version":[{"id":46675,"href":"https:\/\/www.les-sablons.com\/de\/wp-json\/wp\/v2\/pages\/33061\/revisions\/46675"}],"up":[{"embeddable":true,"href":"https:\/\/www.les-sablons.com\/de\/wp-json\/wp\/v2\/pages\/33049"}],"wp:attachment":[{"href":"https:\/\/www.les-sablons.com\/de\/wp-json\/wp\/v2\/media?parent=33061"}],"curies":[{"name":"wp","href":"https:\/\/api.w.org\/{rel}","templated":true}]}}