{"id":33058,"date":"2024-09-23T14:06:39","date_gmt":"2024-09-23T14:06:39","guid":{"rendered":"https:\/\/www.les-sablons.com\/les-mobilhomes\/mobilhome-casa\/"},"modified":"2025-09-04T12:20:28","modified_gmt":"2025-09-04T12:20:28","slug":"mobilhome-casa","status":"publish","type":"page","link":"https:\/\/www.les-sablons.com\/de\/les-mobilhomes\/mobilhome-casa\/","title":{"rendered":"Mobilhome CASA"},"content":{"rendered":"<p>[et_pb_section fb_built=&#8220;1&#8243; fullwidth=&#8220;on&#8220; admin_label=&#8220;SECTION-VIDEO&#8220; module_id=&#8220;home-video-hero&#8220; module_class=&#8220;video-hero-section&#8220; _builder_version=&#8220;4.9.4&#8243; _module_preset=&#8220;default&#8220; background_color=&#8220;RGBA(0,0,0,0)&#8220; background_image=&#8220;https:\/\/www.les-sablons.com\/wp-content\/uploads\/2024\/08\/2-HOME.jpg&#8220; custom_css_main_element=&#8220;height:90vh;&#8220; locked=&#8220;off&#8220; collapsed=&#8220;off&#8220; custom_css_main_element_last_edited=&#8220;on|desktop&#8220; custom_css_main_element_phone=&#8220;height:80vh;&#8220;][et_pb_fullwidth_header title=&#8220;CASA MOBILHEIME&#8220; subhead=&#8220;Entdecken Sie dieses Mobilheim, das nat\u00fcrlichen Charme mit franz\u00f6sischer Eleganz vereint!&#8220; module_class=&#8220;hero-video-title_container&#8220; _builder_version=&#8220;4.9.4&#8243; _module_preset=&#8220;default&#8220; background_enable_color=&#8220;off&#8220; positioning=&#8220;absolute&#8220; position_origin_a=&#8220;center_center&#8220; z_index=&#8220;10&#8243; width=&#8220;100%&#8220;]<span class=\"ls_24_fake_btn\">VIERTEL CARIGNAN<\/span>[\/et_pb_fullwidth_header][et_pb_fullwidth_code disabled_on=&#8220;on|off|off&#8220; admin_label=&#8220;CODE-VIDEO-DESKTOP&#8220; module_class=&#8220;hero-video-codecontainer&#8220; _builder_version=&#8220;4.9.4&#8243; _module_preset=&#8220;default&#8220;]<div class=\"nk-awb \" ><div class=\"nk-awb-wrap\" data-awb-type=\"yt_vm_video\" data-awb-image-background-size=\"cover\" data-awb-image-background-position=\"50% 50%\" data-awb-video=\"https:\/\/youtu.be\/K_BX03IM7sw?si=Hvdr294t5MwJY4D5\" data-awb-video-start-time=\"0\" data-awb-video-end-time=\"0\" data-awb-video-volume=\"0\" data-awb-video-mobile=\"false\"><div  class=\"nk-awb-inner\"><\/div><\/div><\/div>[\/et_pb_fullwidth_code][et_pb_fullwidth_code disabled_on=&#8220;off|on|on&#8220; admin_label=&#8220;CODE-VIDEO-MOBILE&#8220; module_class=&#8220;hero-video-codecontainer&#8220; _builder_version=&#8220;4.9.4&#8243; _module_preset=&#8220;default&#8220;]<div class=\"nk-awb \" ><div class=\"nk-awb-wrap\" data-awb-type=\"yt_vm_video\" data-awb-image-background-size=\"cover\" data-awb-image-background-position=\"50% 50%\" data-awb-video=\"https:\/\/youtube.com\/shorts\/nExjD50WP50\" data-awb-video-start-time=\"0\" data-awb-video-end-time=\"0\" data-awb-video-volume=\"0\" data-awb-video-mobile=\"true\"><div  class=\"nk-awb-inner\"><\/div><\/div><\/div>[\/et_pb_fullwidth_code][\/et_pb_section][et_pb_section fb_built=&#8220;1&#8243; fullwidth=&#8220;on&#8220; disabled_on=&#8220;on|on|on&#8220; admin_label=&#8220;Section- A- supprimer -apres validation&#8220; module_class=&#8220;home_top24&#8243; _builder_version=&#8220;4.9.4&#8243; _module_preset=&#8220;default&#8220; background_color=&#8220;RGBA(0,0,0,0)&#8220; background_image=&#8220;https:\/\/www.les-sablons.com\/wp-content\/uploads\/2024\/09\/1920&#215;1080-HEADER-Casa.jpg&#8220; width_tablet=&#8220;&#8220; width_phone=&#8220;&#8220; width_last_edited=&#8220;on|phone&#8220; disabled=&#8220;on&#8220; locked=&#8220;off&#8220; collapsed=&#8220;on&#8220;][et_pb_fullwidth_header title=&#8220;CASA MOBILHEIME&#8220; subhead=&#8220;Entdecken Sie dieses Mobilheim, das nat\u00fcrlichen  Charme mit franz\u00f6sischer Eleganz vereint!&#8220; module_class=&#8220;ls_24_entete&#8220; _builder_version=&#8220;4.9.4&#8243; _module_preset=&#8220;default&#8220; background_enable_color=&#8220;off&#8220; button_one_bg_color=&#8220;#3796aa&#8220; button_one_border_width=&#8220;0px&#8220; button_one_border_color=&#8220;RGBA(0,0,0,0)&#8220;]<span class=\"ls_24_fake_btn\">VIERTEL CARIGNAN<\/span>[\/et_pb_fullwidth_header][\/et_pb_section][et_pb_section fb_built=&#8220;1&#8243; module_class=&#8220;bleu_medi24&#8243; _builder_version=&#8220;4.9.4&#8243; _module_preset=&#8220;default&#8220; locked=&#8220;off&#8220; collapsed=&#8220;on&#8220;][et_pb_row _builder_version=&#8220;4.9.4&#8243; _module_preset=&#8220;default&#8220; max_width=&#8220;1200px&#8220;][et_pb_column type=&#8220;4_4&#8243; _builder_version=&#8220;4.9.4&#8243; _module_preset=&#8220;default&#8220;][et_pb_text disabled_on=&#8220;off|off|off&#8220; admin_label=&#8220;DESCRIPTION&#8220; module_class=&#8220;ls_24_desc_bloc&#8220; _builder_version=&#8220;4.9.4&#8243; _module_preset=&#8220;default&#8220; header_3_text_color=&#8220;#3796aa&#8220; text_orientation=&#8220;center&#8220; custom_padding=&#8220;||15px||false|false&#8220; text_orientation_tablet=&#8220;&#8220; text_orientation_phone=&#8220;left&#8220; text_orientation_last_edited=&#8220;on|phone&#8220; border_style_all=&#8220;none&#8220; border_width_bottom=&#8220;2px&#8220; border_color_bottom=&#8220;#3796aa&#8220;]<\/p>\n<h2 style=\"text-align: center;\">BESCHREIBUNG<\/h2>\n<p style=\"text-align: center;\">Bis zu 40 m\u00b2. Vom Studio bis zu 3 Schlafzimmern. 1 bis 6 Personen.<\/p>\n<p style=\"text-align: center;\">Eine doppelte Terrasse f\u00fcr noch mehr Au\u00dfenfl\u00e4che im Herzen unseres Viertels \u201eP\u00eacherie\u201c.<\/p>\n<p style=\"text-align: center;\">Tauchen Sie in eine maritime Atmosph\u00e4re ein: Fischernetz, durchdachte Dekoration und das Ger\u00e4usch der Wellen gleich nebenan. Das vierseitige Dach bricht mit dem Loft-Stil des TAOS, die Farbe des Holzes ist nat\u00fcrlich, und das wei\u00dfe Stahldach erinnert an Strandh\u00fctten und sch\u00fctzt vor UV-Strahlen. Der Essbereich im Freien ist vom Wohnbereich getrennt, unter einem Pavillon mit einer Outdoork\u00fcche, die eine Plancha und einen Ger\u00e4teschuppen integriert.<br \/>Im Inneren strahlen die Farben, Materialien und das Raumgef\u00fchl franz\u00f6sischen Stil aus.<br \/>Der Garten ist eine Kombination aus Rasen und vielf\u00e4ltiger Vegetation, mit zahlreichen Gr\u00e4sern, die im Wind wehen und die Farben in Bewegung bringen. Genie\u00dfen Sie in aller Ruhe die Meeresluft unter Ihrem Pavillon.<\/p>\n<p>[\/et_pb_text][et_pb_button button_url=&#8220;#ls_disponibilities&#8220; button_text=&#8220;Aufenthalt buchen&#8220; admin_label=&#8220; R\u00e9server un s\u00e9jour&#8220; module_class=&#8220;ls_24_btn&#8220; _builder_version=&#8220;4.9.4&#8243; _module_preset=&#8220;default&#8220; custom_button=&#8220;on&#8220; button_text_color=&#8220;#FFFFFF&#8220; button_bg_color=&#8220;#3796aa&#8220; button_icon=&#8220;%%20%%&#8220; button_icon_color=&#8220;#FFFFFF&#8220; button_on_hover=&#8220;off&#8220; background_layout=&#8220;dark&#8220; locked=&#8220;off&#8220;][\/et_pb_button][\/et_pb_column][\/et_pb_row][\/et_pb_section][et_pb_section fb_built=&#8220;1&#8243; custom_padding_last_edited=&#8220;on|phone&#8220; module_class=&#8220;heb24_centter_vertical_col&#8220; _builder_version=&#8220;4.9.4&#8243; _module_preset=&#8220;default&#8220; module_alignment=&#8220;center&#8220; custom_padding_tablet=&#8220;&#8220; custom_padding_phone=&#8220;0px||||false|false&#8220; locked=&#8220;off&#8220; collapsed=&#8220;off&#8220;][et_pb_row make_equal=&#8220;on&#8220; _builder_version=&#8220;4.9.4&#8243; _module_preset=&#8220;default&#8220; max_width=&#8220;1200px&#8220; module_alignment=&#8220;center&#8220;][et_pb_column type=&#8220;4_4&#8243; _builder_version=&#8220;4.9.4&#8243; _module_preset=&#8220;default&#8220; background_enable_image=&#8220;off&#8220; background_size=&#8220;initial&#8220; background_position=&#8220;top_left&#8220;][et_pb_text admin_label=&#8220;UNE PARENTH\u00c8SE D\u00c9PAYSANTE \u00c0 LA MER&#8220; _builder_version=&#8220;4.9.4&#8243; _module_preset=&#8220;default&#8220; text_font_size=&#8220;16px&#8220;]<\/p>\n<h2 class=\"heb_soleil_title_24 heb_title_w_quote\">EINE ENTSPANNENDE PAUSE AM MEER<\/h2>\n<p><span style=\"color: #3796aa;\"><strong>Die Highlights der Unterkunft:<\/strong>\u00a0.<\/span> Begr\u00fcntes Viertel, modernes und schlichtes Design<\/p>\n<p>[\/et_pb_text][\/et_pb_column][\/et_pb_row][\/et_pb_section][et_pb_section fb_built=&#8220;1&#8243; custom_padding_last_edited=&#8220;on|phone&#8220; module_class=&#8220;heb24_slide_sejour&#8220; _builder_version=&#8220;4.9.4&#8243; _module_preset=&#8220;default&#8220; background_enable_color=&#8220;off&#8220; custom_padding_tablet=&#8220;&#8220; custom_padding_phone=&#8220;||0px||false|false&#8220; locked=&#8220;off&#8220; collapsed=&#8220;off&#8220;][et_pb_row _builder_version=&#8220;4.9.4&#8243; _module_preset=&#8220;default&#8220; width=&#8220;100%&#8220; max_width=&#8220;100%&#8220; module_alignment=&#8220;center&#8220;][et_pb_column type=&#8220;4_4&#8243; _builder_version=&#8220;4.9.4&#8243; _module_preset=&#8220;default&#8220;][dnxte_coverflowslider_parent dnxte_coverflow_autoplay_show_hide=&#8220;off&#8220; dnxte_coverflow_loop=&#8220;on&#8220; dnxte_coverflow_centered_slides=&#8220;on&#8220; dnxte_coverflow_auto_height=&#8220;off&#8220; dnxte_coverflow_grab=&#8220;on&#8220; dnxte_coverflow_mousewheel_enable=&#8220;off&#8220; dnxte_coverflow_dots_color=&#8220;#adadad&#8220; dnxte_coverflow_dots_active_color=&#8220;#3796aa&#8220; _builder_version=&#8220;4.9.4&#8243; _module_preset=&#8220;default&#8220; border_width_all_image_border=&#8220;10px&#8220; border_color_all_image_border=&#8220;#FFFFFF&#8220;][dnxte_coverflowslider_child coverflowslider_image=&#8220;https:\/\/www.les-sablons.com\/wp-content\/uploads\/2025\/03\/Casa.png&#8220; coverflowslider_alt=&#8220; &#8220; _builder_version=&#8220;4.9.4&#8243; _module_preset=&#8220;default&#8220;][\/dnxte_coverflowslider_child][dnxte_coverflowslider_child coverflowslider_image=&#8220;https:\/\/www.les-sablons.com\/wp-content\/uploads\/2025\/03\/Casa-7.png&#8220; coverflowslider_alt=&#8220; &#8220; _builder_version=&#8220;4.9.4&#8243; _module_preset=&#8220;default&#8220;][\/dnxte_coverflowslider_child][dnxte_coverflowslider_child coverflowslider_image=&#8220;https:\/\/www.les-sablons.com\/wp-content\/uploads\/2025\/03\/Casa-6.png&#8220; coverflowslider_alt=&#8220; &#8220; _builder_version=&#8220;4.9.4&#8243; _module_preset=&#8220;default&#8220;][\/dnxte_coverflowslider_child][dnxte_coverflowslider_child coverflowslider_image=&#8220;https:\/\/www.les-sablons.com\/wp-content\/uploads\/2025\/03\/Casa-5.png&#8220; coverflowslider_alt=&#8220; &#8220; _builder_version=&#8220;4.9.4&#8243; _module_preset=&#8220;default&#8220;][\/dnxte_coverflowslider_child][dnxte_coverflowslider_child coverflowslider_image=&#8220;https:\/\/www.les-sablons.com\/wp-content\/uploads\/2025\/03\/Casa-4.png&#8220; coverflowslider_alt=&#8220; &#8220; _builder_version=&#8220;4.9.4&#8243; _module_preset=&#8220;default&#8220;][\/dnxte_coverflowslider_child][dnxte_coverflowslider_child coverflowslider_image=&#8220;https:\/\/www.les-sablons.com\/wp-content\/uploads\/2025\/03\/Casa-3.png&#8220; coverflowslider_alt=&#8220; &#8220; _builder_version=&#8220;4.9.4&#8243; _module_preset=&#8220;default&#8220;][\/dnxte_coverflowslider_child][dnxte_coverflowslider_child coverflowslider_image=&#8220;https:\/\/www.les-sablons.com\/wp-content\/uploads\/2025\/03\/Casa-2.png&#8220; coverflowslider_alt=&#8220; &#8220; _builder_version=&#8220;4.9.4&#8243; _module_preset=&#8220;default&#8220;][\/dnxte_coverflowslider_child][dnxte_coverflowslider_child coverflowslider_image=&#8220;https:\/\/www.les-sablons.com\/wp-content\/uploads\/2025\/03\/Casa-1.png&#8220; coverflowslider_alt=&#8220; &#8220; _builder_version=&#8220;4.9.4&#8243; _module_preset=&#8220;default&#8220;][\/dnxte_coverflowslider_child][\/dnxte_coverflowslider_parent][\/et_pb_column][\/et_pb_row][\/et_pb_section][et_pb_section fb_built=&#8220;1&#8243; module_class=&#8220;bleu_medi24&#8243; _builder_version=&#8220;4.9.4&#8243; _module_preset=&#8220;default&#8220; background_color=&#8220;#f7f2ec&#8220; locked=&#8220;off&#8220; collapsed=&#8220;on&#8220;][et_pb_row _builder_version=&#8220;4.9.4&#8243; _module_preset=&#8220;default&#8220; max_width=&#8220;1200px&#8220;][et_pb_column type=&#8220;4_4&#8243; _builder_version=&#8220;4.9.4&#8243; _module_preset=&#8220;default&#8220;][et_pb_text disabled_on=&#8220;off|off|off&#8220; admin_label=&#8220;BIENVENUE DANS LE QUARTIER CARIGNAN&#8220; module_class=&#8220;ls_border_bottom&#8220; _builder_version=&#8220;4.9.4&#8243; _module_preset=&#8220;default&#8220; header_3_text_color=&#8220;#3796aa&#8220; text_orientation=&#8220;center&#8220; custom_padding=&#8220;||15px||false|false&#8220; border_style_all=&#8220;none&#8220; border_width_bottom=&#8220;2px&#8220; border_color_bottom=&#8220;#3796aa&#8220;]<\/p>\n<h2>WILLKOMMEN IM VIERTEL CARIGNAN<\/h2>\n<p>[\/et_pb_text][\/et_pb_column][\/et_pb_row][\/et_pb_section][et_pb_section fb_built=&#8220;1&#8243; module_class=&#8220;vacance_reve24&#8243; _builder_version=&#8220;4.9.4&#8243; _module_preset=&#8220;default&#8220; background_color=&#8220;#f7f2ec&#8220; locked=&#8220;off&#8220; collapsed=&#8220;on&#8220;][et_pb_row _builder_version=&#8220;4.9.4&#8243; _module_preset=&#8220;default&#8220; max_width=&#8220;1200px&#8220;][et_pb_column type=&#8220;4_4&#8243; _builder_version=&#8220;4.9.4&#8243; _module_preset=&#8220;default&#8220;][et_pb_image src=&#8220;https:\/\/www.les-sablons.com\/wp-content\/uploads\/2024\/09\/1920&#215;1080-BAS-carignan.jpg&#8220; title_text=&#8220;1920&#215;1080-BAS-carignan&#8220; _builder_version=&#8220;4.9.4&#8243; _module_preset=&#8220;default&#8220;][\/et_pb_image][\/et_pb_column][\/et_pb_row][et_pb_row _builder_version=&#8220;4.9.4&#8243; _module_preset=&#8220;default&#8220; max_width=&#8220;1200px&#8220;][et_pb_column type=&#8220;4_4&#8243; _builder_version=&#8220;4.9.4&#8243; _module_preset=&#8220;default&#8220;][et_pb_text disabled_on=&#8220;off|off|off&#8220; admin_label=&#8220;Profitez d\u2019une double terrasse offrant un large espace ext\u00e9rieur&#8220; module_class=&#8220;bloc_vacance24&#8243; _builder_version=&#8220;4.9.4&#8243; _module_preset=&#8220;default&#8220; header_3_text_color=&#8220;#3796aa&#8220; text_orientation=&#8220;center&#8220; custom_padding=&#8220;||15px||false|false&#8220; border_style_all=&#8220;none&#8220; border_width_bottom=&#8220;2px&#8220; border_color_bottom=&#8220;#3796aa&#8220;]<\/p>\n<p style=\"text-align: center;\">Genie\u00dfen Sie eine doppelte Terrasse mit gro\u00dfz\u00fcgigem Au\u00dfenbereich im Herzen des Fischerviertels. Tauchen Sie ein in eine maritime Atmosph\u00e4re mit Fischernetzen, geschmackvoller Dekoration und dem Klang der Wellen im Hintergrund.<\/p>\n<p>[\/et_pb_text][\/et_pb_column][\/et_pb_row][\/et_pb_section][et_pb_section fb_built=&#8220;1&#8243; _builder_version=&#8220;4.9.4&#8243; _module_preset=&#8220;default&#8220; background_color=&#8220;#f7f2ec&#8220; custom_padding=&#8220;0px||||false|false&#8220; locked=&#8220;off&#8220; collapsed=&#8220;off&#8220;][et_pb_row _builder_version=&#8220;4.9.4&#8243; _module_preset=&#8220;default&#8220; max_width=&#8220;1200px&#8220;][et_pb_column type=&#8220;4_4&#8243; _builder_version=&#8220;4.9.4&#8243; _module_preset=&#8220;default&#8220;][et_pb_text disabled_on=&#8220;off|off|off&#8220; admin_label=&#8220;TROUVER VOTRE LOGEMENT SUR LA CARTE&#8220; module_class=&#8220;ls_24_title_carte&#8220; _builder_version=&#8220;4.9.4&#8243; _module_preset=&#8220;default&#8220; header_3_text_color=&#8220;#3796aa&#8220; text_orientation=&#8220;center&#8220; custom_padding=&#8220;||15px||false|false&#8220; border_style_all=&#8220;none&#8220; border_width_bottom=&#8220;2px&#8220; border_color_bottom=&#8220;#3796aa&#8220;]<\/p>\n<h2>FINDEN SIE IHRE UNTERKUNFT AUF DER KARTE<\/h2>\n<p>[\/et_pb_text][et_pb_image src=&#8220;https:\/\/www.les-sablons.com\/wp-content\/uploads\/2024\/10\/LES-SABLONS-MAP-MOBILSHOMES-LUXES-scaled.jpg&#8220; title_text=&#8220;LES-SABLONS-MAP-MOBILSHOMES-LUXES&#8220; show_in_lightbox=&#8220;on&#8220; module_class=&#8220;ls_24_carte_interactive&#8220; _builder_version=&#8220;4.9.4&#8243; _module_preset=&#8220;default&#8220; locked=&#8220;off&#8220;][\/et_pb_image][et_pb_button button_url=&#8220;@ET-DC@eyJkeW5hbWljIjp0cnVlLCJjb250ZW50IjoicG9zdF9saW5rX3VybF9wYWdlIiwic2V0dGluZ3MiOnsicG9zdF9pZCI6IjMyMTk5In19@&#8220; button_text=&#8220;Alle Luxusunterk\u00fcnfte&#8220; admin_label=&#8220;Tous les mobilehomes luxes&#8220; module_class=&#8220;ls_24_btn&#8220; _builder_version=&#8220;4.9.4&#8243; _dynamic_attributes=&#8220;button_url&#8220; _module_preset=&#8220;default&#8220; custom_button=&#8220;on&#8220; button_text_color=&#8220;#FFFFFF&#8220; button_bg_color=&#8220;#3796aa&#8220; button_icon=&#8220;%%20%%&#8220; button_icon_color=&#8220;#FFFFFF&#8220; button_on_hover=&#8220;off&#8220; background_layout=&#8220;dark&#8220; locked=&#8220;off&#8220;][\/et_pb_button][\/et_pb_column][\/et_pb_row][\/et_pb_section][et_pb_section fb_built=&#8220;1&#8243; module_class=&#8220;heb24_centter_vertical_col&#8220; _builder_version=&#8220;4.9.4&#8243; _module_preset=&#8220;default&#8220; module_alignment=&#8220;center&#8220; locked=&#8220;off&#8220; collapsed=&#8220;off&#8220;][et_pb_row make_equal=&#8220;on&#8220; _builder_version=&#8220;4.9.4&#8243; _module_preset=&#8220;default&#8220; max_width=&#8220;1200px&#8220; module_alignment=&#8220;center&#8220;][et_pb_column type=&#8220;4_4&#8243; _builder_version=&#8220;4.9.4&#8243; _module_preset=&#8220;default&#8220; background_enable_image=&#8220;off&#8220; background_size=&#8220;initial&#8220; background_position=&#8220;top_left&#8220;][et_pb_text admin_label=&#8220;Vos \u00e9quipements pour un s\u00e9jour comme \u00e0 la maison !&#8220; _builder_version=&#8220;4.9.4&#8243; _module_preset=&#8220;default&#8220; text_font_size=&#8220;16px&#8220;]<\/p>\n<h2 class=\"heb_soleil_title_24 heb_title_w_quote\">IHRE AUSR\u00dcSTUNG F\u00dcR EINEN AUFENTHALT WIE ZUHAUSE!<\/h2>\n<p>[\/et_pb_text][et_pb_toggle title=&#8220;Ausstattung &#038; Dienstleistungen inklusive&#8220; admin_label=&#8220;\u00c9quipements &#038; services inclus&#8220; module_class=&#8220;ls_24_accordeon&#8220; _builder_version=&#8220;4.9.4&#8243; _module_preset=&#8220;default&#8220;]<\/p>\n<table style=\"border-collapse: collapse; width: 100%;\" border=\"1\">\n<tbody>\n<tr>\n<td style=\"width: 50%;\"><strong>Ausgestattete K\u00fcche<br \/><\/strong>K\u00fchlschrank &amp; Gefrierschrank<br \/>Geschirrsp\u00fcler<br \/>Gasherd<br \/>Kombi-Mikrowellenofen<br \/>Nespresso-Kaffeemaschine<br \/>Toaster und Wasserkocher<br \/>B\u00fcgelbrett<\/p>\n<p><strong>Schlafbereich<br \/><\/strong>Schlafzimmer 1 : 1x Doppelbett 160&#215;200<br \/>Schlafzimmer 2 : 2x Einzelbett 80&#215;190<br \/>Schlafzimmer 3 : 2x Einzelbett 80&#215;190<\/p>\n<p><strong>Badezimmer<\/strong><br \/>Handt\u00fccher &amp; Badem\u00e4ntel<br \/>Haartrockner<br \/>1 Badezimmer mit Dusche und WC<\/p>\n<\/td>\n<td style=\"width: 50%;\"><strong>Hauswirtschaft<br \/><\/strong>B\u00fcgeleisen und B\u00fcgelbrett (auf Anfrage)<br \/>Endreinigung<br \/>Ankleidezimmer<\/p>\n<p><strong>High tech<br \/><\/strong>Zentralisierte Klimaanlage<br \/>WLAN-Verbindung (bis zu 4 Ger\u00e4te)<br \/>Safe<\/p>\n<p><strong>Terrasse<br \/><\/strong>Gartenm\u00f6bel<br \/>3 Liegen<\/p>\n<\/td>\n<\/tr>\n<\/tbody>\n<\/table>\n<p>[\/et_pb_toggle][et_pb_toggle title=&#8220;Optional&#8220; admin_label=&#8220;En option&#8220; module_class=&#8220;ls_24_accordeon&#8220; _builder_version=&#8220;4.9.4&#8243; _module_preset=&#8220;default&#8220;]<\/p>\n<p>Babyset auf Reservierung<br \/>Haustier<br \/>Restaurantangebot (Halbpension \u00b7 Vollpension)<\/p>\n<p>&nbsp;<\/p>\n<p>[\/et_pb_toggle][\/et_pb_column][\/et_pb_row][\/et_pb_section][et_pb_section fb_built=&#8220;1&#8243; fullwidth=&#8220;on&#8220; custom_padding_last_edited=&#8220;on|phone&#8220; _builder_version=&#8220;4.9.4&#8243; _module_preset=&#8220;default&#8220; background_color=&#8220;#3796aa&#8220; custom_padding_tablet=&#8220;&#8220; custom_padding_phone=&#8220;15px||15px||false|false&#8220; collapsed=&#8220;off&#8220;][et_pb_fullwidth_header title=&#8220;N\u00dcTZLICHE INFORMATIONEN&#8220; admin_label=&#8220;Informations utiles&#8220; _builder_version=&#8220;4.9.4&#8243; _module_preset=&#8220;default&#8220; title_level=&#8220;h2&#8243; title_font=&#8220;|||on|||||&#8220;]<\/p>\n<div class=\"ls_24_infos_utiles\">\n<div class=\"ls_24_infos_utiles_ctnr ls_24_infos_utiles_arrivee\">\n<div class=\"ls_24_infos_utiles_picto\"><img decoding=\"async\" class=\"wp-image-32489 aligncenter size-full\" src=\"https:\/\/www.les-sablons.com\/wp-content\/uploads\/2024\/09\/arrivee-1.svg\" alt=\"\" width=\"90\" height=\"89\" \/><\/div>\n<div class=\"ls_24_infos_utiles_txt ls_24_infos_utiles_txt_arrivee\">\n<p><strong>Ankunft<\/strong><\/p>\n<p>Von 16:00 bis 19:00 Uhr (18:00 Uhr in der Nebensaison)<\/p>\n<\/div>\n<\/div>\n<div class=\"ls_24_infos_utiles_ctnr ls_24_infos_utiles_depart\">\n<div class=\"ls_24_infos_utiles_picto\"><img decoding=\"async\" class=\"wp-image-32485 aligncenter size-full\" src=\"https:\/\/www.les-sablons.com\/wp-content\/uploads\/2024\/09\/depart.svg\" alt=\"\" width=\"108\" height=\"108\" \/><\/div>\n<div class=\"ls_24_infos_utiles_txt ls_24_infos_utiles_txt_depart\">\n<p><strong>Abreise<\/strong><\/p>\n<p>Von 08:00 bis 10:00 Uhr<\/p>\n<\/div>\n<\/div>\n<\/div>\n<p>[\/et_pb_fullwidth_header][\/et_pb_section][et_pb_section fb_built=&#8220;1&#8243; module_id=&#8220;ls_disponibilities&#8220; _builder_version=&#8220;4.9.4&#8243; _module_preset=&#8220;default&#8220; locked=&#8220;off&#8220; collapsed=&#8220;off&#8220;][et_pb_row _builder_version=&#8220;4.9.4&#8243; _module_preset=&#8220;default&#8220; width=&#8220;100%&#8220; max_width=&#8220;1200px&#8220; custom_margin_tablet=&#8220;&#8220; custom_margin_phone=&#8220;&#8220; custom_margin_last_edited=&#8220;on|tablet&#8220; custom_padding=&#8220;|15px||15px|false|false&#8220;][et_pb_column type=&#8220;4_4&#8243; _builder_version=&#8220;4.9.4&#8243; _module_preset=&#8220;default&#8220;][et_pb_text admin_label=&#8220;TARIFS ET DISPONIBILIT\u00c9S&#8220; _builder_version=&#8220;4.9.4&#8243; _module_preset=&#8220;default&#8220; header_text_align=&#8220;center&#8220; text_orientation=&#8220;center&#8220; module_alignment=&#8220;center&#8220; custom_margin=&#8220;|30px|||false|false&#8220; custom_margin_tablet=&#8220;&#8220; custom_margin_phone=&#8220;|0px|||false|false&#8220; custom_margin_last_edited=&#8220;on|phone&#8220; text_orientation_tablet=&#8220;&#8220; text_orientation_phone=&#8220;center&#8220; text_orientation_last_edited=&#8220;on|desktop&#8220; module_alignment_tablet=&#8220;center&#8220; module_alignment_phone=&#8220;center&#8220; module_alignment_last_edited=&#8220;on|desktop&#8220; locked=&#8220;off&#8220;]<\/p>\n<h2>ALLE UNTERK\u00dcNFTE<\/h2>\n<p>[\/et_pb_text][et_pb_code _builder_version=&#8220;4.9.4&#8243; _module_preset=&#8220;default&#8220;]<ctv-availability data-product-id=\"136367, 136373, 136374\" data- background-color=\"#FFFFFFFF\" ><\/ctv-availability>[\/et_pb_code][\/et_pb_column][\/et_pb_row][\/et_pb_section][et_pb_section fb_built=&#8220;1&#8243; fullwidth=&#8220;on&#8220; module_class=&#8220;ls_bottom_banner&#8220; _builder_version=&#8220;4.9.4&#8243; _module_preset=&#8220;default&#8220; background_color=&#8220;RGBA(0,0,0,0)&#8220; background_image=&#8220;https:\/\/www.les-sablons.com\/wp-content\/uploads\/2024\/09\/tous-les-hebergements-les-sablons.jpg&#8220; locked=&#8220;off&#8220; collapsed=&#8220;off&#8220;][et_pb_fullwidth_header title=&#8220;TOUS LES H\u00c9BERGEMENTS&#8220; button_one_text=&#8220;Revenir aux h\u00e9bergements&#8220; button_one_url=&#8220;@ET-DC@eyJkeW5hbWljIjp0cnVlLCJjb250ZW50IjoicG9zdF9saW5rX3VybF9wYWdlIiwic2V0dGluZ3MiOnsicG9zdF9pZCI6IjI3MDUxIn19@&#8220; _builder_version=&#8220;4.9.4&#8243; _dynamic_attributes=&#8220;button_one_url&#8220; _module_preset=&#8220;default&#8220; background_enable_color=&#8220;off&#8220;][\/et_pb_fullwidth_header][\/et_pb_section]<\/p>\n","protected":false},"excerpt":{"rendered":"<p>[et_pb_section fb_built=&#8220;1&#8243; fullwidth=&#8220;on&#8220; admin_label=&#8220;SECTION-VIDEO&#8220; module_id=&#8220;home-video-hero&#8220; module_class=&#8220;video-hero-section&#8220; _builder_version=&#8220;4.9.4&#8243; _module_preset=&#8220;default&#8220; background_color=&#8220;RGBA(0,0,0,0)&#8220; background_image=&#8220;https:\/\/www.les-sablons.com\/wp-content\/uploads\/2024\/08\/2-HOME.jpg&#8220; custom_css_main_element=&#8220;height:90vh;&#8220; locked=&#8220;off&#8220; collapsed=&#8220;off&#8220; custom_css_main_element_last_edited=&#8220;on|desktop&#8220; custom_css_main_element_phone=&#8220;height:80vh;&#8220;][et_pb_fullwidth_header title=&#8220;CASA MOBILHEIME&#8220; subhead=&#8220;Entdecken Sie dieses Mobilheim, das nat\u00fcrlichen Charme mit franz\u00f6sischer Eleganz vereint!&#8220; module_class=&#8220;hero-video-title_container&#8220; _builder_version=&#8220;4.9.4&#8243; _module_preset=&#8220;default&#8220; background_enable_color=&#8220;off&#8220; positioning=&#8220;absolute&#8220; position_origin_a=&#8220;center_center&#8220; z_index=&#8220;10&#8243; width=&#8220;100%&#8220;]VIERTEL CARIGNAN[\/et_pb_fullwidth_header][et_pb_fullwidth_code disabled_on=&#8220;on|off|off&#8220; admin_label=&#8220;CODE-VIDEO-DESKTOP&#8220; module_class=&#8220;hero-video-codecontainer&#8220; _builder_version=&#8220;4.9.4&#8243; _module_preset=&#8220;default&#8220;][\/et_pb_fullwidth_code][et_pb_fullwidth_code disabled_on=&#8220;off|on|on&#8220; admin_label=&#8220;CODE-VIDEO-MOBILE&#8220; module_class=&#8220;hero-video-codecontainer&#8220; _builder_version=&#8220;4.9.4&#8243; _module_preset=&#8220;default&#8220;][\/et_pb_fullwidth_code][\/et_pb_section][et_pb_section fb_built=&#8220;1&#8243; fullwidth=&#8220;on&#8220; disabled_on=&#8220;on|on|on&#8220; admin_label=&#8220;Section- A- supprimer -apres validation&#8220; [&hellip;]<\/p>\n","protected":false},"author":1,"featured_media":0,"parent":33049,"menu_order":0,"comment_status":"closed","ping_status":"closed","template":"","meta":{"_acf_changed":false,"_et_pb_use_builder":"on","_et_pb_old_content":"","_et_gb_content_width":"","inline_featured_image":false,"footnotes":""},"acf":[],"yoast_head":"<!-- This site is optimized with the Yoast SEO plugin v22.0 - https:\/\/yoast.com\/wordpress\/plugins\/seo\/ -->\n<title>Mobilhome CASA - Camping ***** les Sablons<\/title>\n<meta name=\"robots\" content=\"index, follow, max-snippet:-1, max-image-preview:large, max-video-preview:-1\" \/>\n<link rel=\"canonical\" href=\"https:\/\/www.les-sablons.com\/de\/les-mobilhomes\/mobilhome-casa\/\" \/>\n<meta property=\"og:locale\" content=\"de_DE\" \/>\n<meta property=\"og:type\" content=\"article\" \/>\n<meta property=\"og:title\" content=\"Mobilhome CASA - Camping ***** les Sablons\" \/>\n<meta property=\"og:description\" content=\"[et_pb_section fb_built=&#8220;1&#8243; fullwidth=&#8220;on&#8220; admin_label=&#8220;SECTION-VIDEO&#8220; module_id=&#8220;home-video-hero&#8220; module_class=&#8220;video-hero-section&#8220; _builder_version=&#8220;4.9.4&#8243; _module_preset=&#8220;default&#8220; background_color=&#8220;RGBA(0,0,0,0)&#8220; background_image=&#8220;https:\/\/www.les-sablons.com\/wp-content\/uploads\/2024\/08\/2-HOME.jpg&#8220; custom_css_main_element=&#8220;height:90vh;&#8220; locked=&#8220;off&#8220; collapsed=&#8220;off&#8220; custom_css_main_element_last_edited=&#8220;on|desktop&#8220; custom_css_main_element_phone=&#8220;height:80vh;&#8220;][et_pb_fullwidth_header title=&#8220;CASA MOBILHEIME&#8220; subhead=&#8220;Entdecken Sie dieses Mobilheim, das nat\u00fcrlichen Charme mit franz\u00f6sischer Eleganz vereint!&#8220; module_class=&#8220;hero-video-title_container&#8220; _builder_version=&#8220;4.9.4&#8243; _module_preset=&#8220;default&#8220; background_enable_color=&#8220;off&#8220; positioning=&#8220;absolute&#8220; position_origin_a=&#8220;center_center&#8220; z_index=&#8220;10&#8243; width=&#8220;100%&#8220;]VIERTEL CARIGNAN[\/et_pb_fullwidth_header][et_pb_fullwidth_code disabled_on=&#8220;on|off|off&#8220; admin_label=&#8220;CODE-VIDEO-DESKTOP&#8220; module_class=&#8220;hero-video-codecontainer&#8220; _builder_version=&#8220;4.9.4&#8243; _module_preset=&#8220;default&#8220;][\/et_pb_fullwidth_code][et_pb_fullwidth_code disabled_on=&#8220;off|on|on&#8220; admin_label=&#8220;CODE-VIDEO-MOBILE&#8220; module_class=&#8220;hero-video-codecontainer&#8220; _builder_version=&#8220;4.9.4&#8243; _module_preset=&#8220;default&#8220;][\/et_pb_fullwidth_code][\/et_pb_section][et_pb_section fb_built=&#8220;1&#8243; fullwidth=&#8220;on&#8220; disabled_on=&#8220;on|on|on&#8220; admin_label=&#8220;Section- A- supprimer -apres validation&#8220; [&hellip;]\" \/>\n<meta property=\"og:url\" content=\"https:\/\/www.les-sablons.com\/de\/les-mobilhomes\/mobilhome-casa\/\" \/>\n<meta property=\"og:site_name\" content=\"Camping ***** les Sablons\" \/>\n<meta property=\"article:modified_time\" content=\"2025-09-04T12:20:28+00:00\" \/>\n<meta property=\"og:image\" content=\"https:\/\/www.les-sablons.com\/wp-content\/uploads\/2024\/09\/arrivee-1.svg\" \/>\n<meta name=\"twitter:card\" content=\"summary_large_image\" \/>\n<meta name=\"twitter:label1\" content=\"Gesch\u00e4tzte Lesezeit\" \/>\n\t<meta name=\"twitter:data1\" content=\"5\u00a0Minuten\" \/>\n<script type=\"application\/ld+json\" class=\"yoast-schema-graph\">{\"@context\":\"https:\/\/schema.org\",\"@graph\":[{\"@type\":\"WebPage\",\"@id\":\"https:\/\/www.les-sablons.com\/de\/les-mobilhomes\/mobilhome-casa\/\",\"url\":\"https:\/\/www.les-sablons.com\/de\/les-mobilhomes\/mobilhome-casa\/\",\"name\":\"Mobilhome CASA - Camping ***** les Sablons\",\"isPartOf\":{\"@id\":\"https:\/\/www.les-sablons.com\/de\/#website\"},\"datePublished\":\"2024-09-23T14:06:39+00:00\",\"dateModified\":\"2025-09-04T12:20:28+00:00\",\"breadcrumb\":{\"@id\":\"https:\/\/www.les-sablons.com\/de\/les-mobilhomes\/mobilhome-casa\/#breadcrumb\"},\"inLanguage\":\"de\",\"potentialAction\":[{\"@type\":\"ReadAction\",\"target\":[\"https:\/\/www.les-sablons.com\/de\/les-mobilhomes\/mobilhome-casa\/\"]}]},{\"@type\":\"BreadcrumbList\",\"@id\":\"https:\/\/www.les-sablons.com\/de\/les-mobilhomes\/mobilhome-casa\/#breadcrumb\",\"itemListElement\":[{\"@type\":\"ListItem\",\"position\":1,\"name\":\"Accueil\",\"item\":\"https:\/\/www.les-sablons.com\/de\/\"},{\"@type\":\"ListItem\",\"position\":2,\"name\":\"2024 Les mobilhomes Luxes\",\"item\":\"https:\/\/www.les-sablons.com\/de\/les-mobilhomes\/\"},{\"@type\":\"ListItem\",\"position\":3,\"name\":\"Mobilhome CASA\"}]},{\"@type\":\"WebSite\",\"@id\":\"https:\/\/www.les-sablons.com\/de\/#website\",\"url\":\"https:\/\/www.les-sablons.com\/de\/\",\"name\":\"Camping ***** les Sablons\",\"description\":\"les Sablons \u00e0 Portiragnes-Plage, bord de mer M\u00e9diterran\u00e9e, proche Cap d&#039;Agde, Languedoc Roussillon\",\"potentialAction\":[{\"@type\":\"SearchAction\",\"target\":{\"@type\":\"EntryPoint\",\"urlTemplate\":\"https:\/\/www.les-sablons.com\/de\/?s={search_term_string}\"},\"query-input\":\"required name=search_term_string\"}],\"inLanguage\":\"de\"}]}<\/script>\n<!-- \/ Yoast SEO plugin. -->","yoast_head_json":{"title":"Mobilhome CASA - Camping ***** les Sablons","robots":{"index":"index","follow":"follow","max-snippet":"max-snippet:-1","max-image-preview":"max-image-preview:large","max-video-preview":"max-video-preview:-1"},"canonical":"https:\/\/www.les-sablons.com\/de\/les-mobilhomes\/mobilhome-casa\/","og_locale":"de_DE","og_type":"article","og_title":"Mobilhome CASA - Camping ***** les Sablons","og_description":"[et_pb_section fb_built=&#8220;1&#8243; fullwidth=&#8220;on&#8220; admin_label=&#8220;SECTION-VIDEO&#8220; module_id=&#8220;home-video-hero&#8220; module_class=&#8220;video-hero-section&#8220; _builder_version=&#8220;4.9.4&#8243; _module_preset=&#8220;default&#8220; background_color=&#8220;RGBA(0,0,0,0)&#8220; background_image=&#8220;https:\/\/www.les-sablons.com\/wp-content\/uploads\/2024\/08\/2-HOME.jpg&#8220; custom_css_main_element=&#8220;height:90vh;&#8220; locked=&#8220;off&#8220; collapsed=&#8220;off&#8220; custom_css_main_element_last_edited=&#8220;on|desktop&#8220; custom_css_main_element_phone=&#8220;height:80vh;&#8220;][et_pb_fullwidth_header title=&#8220;CASA MOBILHEIME&#8220; subhead=&#8220;Entdecken Sie dieses Mobilheim, das nat\u00fcrlichen Charme mit franz\u00f6sischer Eleganz vereint!&#8220; module_class=&#8220;hero-video-title_container&#8220; _builder_version=&#8220;4.9.4&#8243; _module_preset=&#8220;default&#8220; background_enable_color=&#8220;off&#8220; positioning=&#8220;absolute&#8220; position_origin_a=&#8220;center_center&#8220; z_index=&#8220;10&#8243; width=&#8220;100%&#8220;]VIERTEL CARIGNAN[\/et_pb_fullwidth_header][et_pb_fullwidth_code disabled_on=&#8220;on|off|off&#8220; admin_label=&#8220;CODE-VIDEO-DESKTOP&#8220; module_class=&#8220;hero-video-codecontainer&#8220; _builder_version=&#8220;4.9.4&#8243; _module_preset=&#8220;default&#8220;][\/et_pb_fullwidth_code][et_pb_fullwidth_code disabled_on=&#8220;off|on|on&#8220; admin_label=&#8220;CODE-VIDEO-MOBILE&#8220; module_class=&#8220;hero-video-codecontainer&#8220; _builder_version=&#8220;4.9.4&#8243; _module_preset=&#8220;default&#8220;][\/et_pb_fullwidth_code][\/et_pb_section][et_pb_section fb_built=&#8220;1&#8243; fullwidth=&#8220;on&#8220; disabled_on=&#8220;on|on|on&#8220; admin_label=&#8220;Section- A- supprimer -apres validation&#8220; [&hellip;]","og_url":"https:\/\/www.les-sablons.com\/de\/les-mobilhomes\/mobilhome-casa\/","og_site_name":"Camping ***** les Sablons","article_modified_time":"2025-09-04T12:20:28+00:00","og_image":[{"url":"https:\/\/www.les-sablons.com\/wp-content\/uploads\/2024\/09\/arrivee-1.svg"}],"twitter_card":"summary_large_image","twitter_misc":{"Gesch\u00e4tzte Lesezeit":"5\u00a0Minuten"},"schema":{"@context":"https:\/\/schema.org","@graph":[{"@type":"WebPage","@id":"https:\/\/www.les-sablons.com\/de\/les-mobilhomes\/mobilhome-casa\/","url":"https:\/\/www.les-sablons.com\/de\/les-mobilhomes\/mobilhome-casa\/","name":"Mobilhome CASA - Camping ***** les Sablons","isPartOf":{"@id":"https:\/\/www.les-sablons.com\/de\/#website"},"datePublished":"2024-09-23T14:06:39+00:00","dateModified":"2025-09-04T12:20:28+00:00","breadcrumb":{"@id":"https:\/\/www.les-sablons.com\/de\/les-mobilhomes\/mobilhome-casa\/#breadcrumb"},"inLanguage":"de","potentialAction":[{"@type":"ReadAction","target":["https:\/\/www.les-sablons.com\/de\/les-mobilhomes\/mobilhome-casa\/"]}]},{"@type":"BreadcrumbList","@id":"https:\/\/www.les-sablons.com\/de\/les-mobilhomes\/mobilhome-casa\/#breadcrumb","itemListElement":[{"@type":"ListItem","position":1,"name":"Accueil","item":"https:\/\/www.les-sablons.com\/de\/"},{"@type":"ListItem","position":2,"name":"2024 Les mobilhomes Luxes","item":"https:\/\/www.les-sablons.com\/de\/les-mobilhomes\/"},{"@type":"ListItem","position":3,"name":"Mobilhome CASA"}]},{"@type":"WebSite","@id":"https:\/\/www.les-sablons.com\/de\/#website","url":"https:\/\/www.les-sablons.com\/de\/","name":"Camping ***** les Sablons","description":"les Sablons \u00e0 Portiragnes-Plage, bord de mer M\u00e9diterran\u00e9e, proche Cap d&#039;Agde, Languedoc Roussillon","potentialAction":[{"@type":"SearchAction","target":{"@type":"EntryPoint","urlTemplate":"https:\/\/www.les-sablons.com\/de\/?s={search_term_string}"},"query-input":"required name=search_term_string"}],"inLanguage":"de"}]}},"_links":{"self":[{"href":"https:\/\/www.les-sablons.com\/de\/wp-json\/wp\/v2\/pages\/33058"}],"collection":[{"href":"https:\/\/www.les-sablons.com\/de\/wp-json\/wp\/v2\/pages"}],"about":[{"href":"https:\/\/www.les-sablons.com\/de\/wp-json\/wp\/v2\/types\/page"}],"author":[{"embeddable":true,"href":"https:\/\/www.les-sablons.com\/de\/wp-json\/wp\/v2\/users\/1"}],"replies":[{"embeddable":true,"href":"https:\/\/www.les-sablons.com\/de\/wp-json\/wp\/v2\/comments?post=33058"}],"version-history":[{"count":2,"href":"https:\/\/www.les-sablons.com\/de\/wp-json\/wp\/v2\/pages\/33058\/revisions"}],"predecessor-version":[{"id":46674,"href":"https:\/\/www.les-sablons.com\/de\/wp-json\/wp\/v2\/pages\/33058\/revisions\/46674"}],"up":[{"embeddable":true,"href":"https:\/\/www.les-sablons.com\/de\/wp-json\/wp\/v2\/pages\/33049"}],"wp:attachment":[{"href":"https:\/\/www.les-sablons.com\/de\/wp-json\/wp\/v2\/media?parent=33058"}],"curies":[{"name":"wp","href":"https:\/\/api.w.org\/{rel}","templated":true}]}}