{"id":23083,"date":"2022-10-03T15:12:42","date_gmt":"2022-10-03T15:12:42","guid":{"rendered":"https:\/\/www.les-sablons.com\/campingreglement\/"},"modified":"2022-10-07T07:33:10","modified_gmt":"2022-10-07T07:33:10","slug":"campingplatzordnung","status":"publish","type":"page","link":"https:\/\/www.les-sablons.com\/de\/campingplatzordnung\/","title":{"rendered":"Campingplatzordnung"},"content":{"rendered":"<p>[et_pb_section fb_built=&#8220;1&#8243; fullwidth=&#8220;on&#8220; module_class=&#8220;ls_top_slide&#8220; _builder_version=&#8220;4.7.7&#8243; _module_preset=&#8220;default&#8220;][et_pb_fullwidth_slider show_arrows=&#8220;off&#8220; show_pagination=&#8220;off&#8220; _builder_version=&#8220;4.9.4&#8243; _module_preset=&#8220;default&#8220; auto=&#8220;on&#8220;][et_pb_slide heading=&#8220;Campingplatzordnung&#8220; admin_title=&#8220;CONDITIONS GENERALES DE RESERVATION&#8220; _builder_version=&#8220;4.9.4&#8243; _module_preset=&#8220;default&#8220; background_image=&#8220;https:\/\/www.les-sablons.com\/wp-content\/uploads\/2020\/12\/camping-les-sablons-acces-direct-a-la-plage-3-1270&#215;847-1.jpg&#8220; background_enable_image=&#8220;on&#8220; sticky_transition=&#8220;on&#8220;]<\/p>\n<p>Camping Les Sablons<\/p>\n<p>[\/et_pb_slide][\/et_pb_fullwidth_slider][\/et_pb_section][et_pb_section fb_built=&#8220;1&#8243; _builder_version=&#8220;4.3.2&#8243; vertical_offset_tablet=&#8220;0&#8243; horizontal_offset_tablet=&#8220;0&#8243; custom_padding=&#8220;||0px|&#8220; z_index_tablet=&#8220;0&#8243; box_shadow_horizontal_tablet=&#8220;0px&#8220; box_shadow_vertical_tablet=&#8220;0px&#8220; box_shadow_blur_tablet=&#8220;40px&#8220; box_shadow_spread_tablet=&#8220;0px&#8220;][et_pb_row custom_padding_last_edited=&#8220;on|desktop&#8220; _builder_version=&#8220;4.3.2&#8243; custom_margin=&#8220;||||false|false&#8220; custom_padding=&#8220;37px||||false|false&#8220; custom_padding_tablet=&#8220;||0px||false|false&#8220; custom_padding_phone=&#8220;&#8220;][et_pb_column type=&#8220;4_4&#8243; _builder_version=&#8220;4.3.2&#8243;][et_pb_text _builder_version=&#8220;4.9.4&#8243; _module_preset=&#8220;default&#8220; hover_enabled=&#8220;0&#8243; sticky_enabled=&#8220;0&#8243;]<\/p>\n<h2>Campingplatzordnung<\/h2>\n<p>[\/et_pb_text][et_pb_text module_class=&#8220;conditions_f&#8220; _builder_version=&#8220;4.9.4&#8243; _module_preset=&#8220;default&#8220; hover_enabled=&#8220;0&#8243; sticky_enabled=&#8220;0&#8243;]<\/p>\n<ol>\n<li><span style=\"font-weight: 600;\">Die maximale Personenkapazit\u00e4t wird f\u00fcr jedes Produkt <\/span><span style=\"font-weight: 400;\">(Stellplatz oder Miete) individuell festgelegt. Kinder oder Babys jeden Alters gelten als Vollzahler. F\u00fcr die Hinzuf\u00fcgung einer Person kann ein Aufpreis erhoben werden, wenn diese Zahl die urspr\u00fcngliche Grundausstattung \u00fcbersteigt.<\/span><span style=\"font-weight: 400;\"><br \/>\n<\/span><\/li>\n<li><span style=\"font-weight: 400;\">Jede andere Person als die angemeldeten Personen wird als <\/span><span style=\"font-weight: 600;\">\u00ab Besucher \u00bb<\/span><span style=\"font-weight: 400;\"> betrachtet (siehe Tarife). Die Anmeldung dieses Besuchers erfolgt an der Rezeption in Anwesenheit des Besuchers. Sie m\u00fcssen ihr Fahrzeug au\u00dferhalb des Campingplatzes parken und einen Ausweis bis zu ihrer Abreise hinterlegen. Wenn er\/sie \u00fcber Nacht bleiben m\u00f6chte, wird er\/sie als <\/span><span style=\"font-weight: 600;\">\u00ab Zus\u00e4tzliche Person \u00bb<\/span><span style=\"font-weight: 400;\"> registriert (siehe Tarife).<\/span><span style=\"font-weight: 400;\"><br \/>\n<\/span><\/li>\n<li><span style=\"font-weight: 600;\">Minderj\u00e4hrige<\/span><span style=\"font-weight: 400;\">, die nicht von ihren Eltern oder Erziehungsberechtigten begleitet werden, k\u00f6nnen nicht eingelassen werden. <\/span><span style=\"font-weight: 600;\">Jeder Gast muss einen Personalausweis vorlegen<\/span><span style=\"font-weight: 400;\">, um seinen Namen, sein Alter und seine Adresse nachzuweisen.<\/span><span style=\"font-weight: 400;\"><br \/>\n<\/span><\/li>\n<li><span style=\"font-weight: 600;\">Jede \u00c4nderung<\/span><span style=\"font-weight: 400;\">, die sich auf die Gesamtkosten des Aufenthaltes auswirkt (verschiedene Zuschl\u00e4ge, &#8230;) oder Aufenthalte der Passage, <\/span><span style=\"font-weight: 600;\">muss<\/span><span style=\"font-weight: 400;\"> bei der Ankunft oder zum Zeitpunkt ihrer Ber\u00fccksichtigung <\/span><span style=\"font-weight: 600;\">geregelt werden.<\/span><\/li>\n<li><span style=\"font-weight: 600;\">Hunde m\u00fcssen angemeldet, t\u00e4towiert und mindestens gegen Tollwut geimpft sein und m\u00fcssen an der Leine gef\u00fchrt werden<\/span><span style=\"font-weight: 400;\">. Auf dem Campingplatz sind kostenlos &#8222;Hygienebeutel&#8220; erh\u00e4ltlich (Tiere sind am Strand und im Schwimmbad nicht erlaubt).<\/span><\/li>\n<li><span style=\"font-weight: 400;\">Es liegt in der Verantwortung der G\u00e4ste, auf ihre pers\u00f6nlichen Gegenst\u00e4nde (Fahrr\u00e4der, W\u00e4sche zum Trocknen usw.) sowohl auf dem Campingplatz als auch in den auf dem Campingplatz geparkten Autos aufzupassen. <\/span><span style=\"font-weight: 600;\">Der Campingplatz lehnt jede Verantwortung im Falle von Diebstahl und bei Vorf\u00e4llen ab, die in der Verantwortung des Gastes liegen.<\/span><span style=\"font-weight: 400;\"><br \/>\n<\/span><\/li>\n<li><span style=\"font-weight: 600;\">Das Tragen des &#8222;Club-Armbandes&#8220; ist jederzeit Pflicht<\/span><span style=\"font-weight: 400;\">. Es erm\u00f6glicht den Zugang zu internen Aktivit\u00e4ten und Schwimmb\u00e4dern. Es tr\u00e4gt zur Sicherheit bei, indem es die Kontrolle am Eingang\/Ausgang des Campingplatzes erm\u00f6glicht.<\/span><span style=\"font-weight: 400;\"><br \/>\n<\/span><\/li>\n<li><span style=\"font-weight: 400;\">Der Zugang zum Wasserpark ist nur den G\u00e4sten des Campingplatzes vorbehalten. <\/span><span style=\"font-weight: 600;\">Im Wasser ist das Tragen eines traditionellen Badeanzugs oder von Boxershorts vorgeschrieben (keine Badeshorts).<\/span><span style=\"font-weight: 400;\"> Ballspiele sind verboten, um die Ruhe der G\u00e4ste zu respektieren.<\/span><span style=\"font-weight: 400;\"><br \/>\n<\/span><span style=\"font-weight: 400;\"><br \/>\n<\/span><span style=\"font-weight: 600;\">Der Zugang zu den Toboggans ist geregelt<\/span><span style=\"font-weight: 400;\">. Sie wird vor Ort ausgeh\u00e4ngt. Alle Kinder unter 1,30 m m\u00fcssen von einem Erwachsenen begleitet werden. <\/span><span style=\"font-weight: 400;\"><br \/>\n<\/span><span style=\"font-weight: 400;\"><br \/>\n<\/span><span style=\"font-weight: 400;\">Bitte beachten Sie auch, dass Kinder unter 10 Jahren unter der Verantwortung ihrer Eltern stehen und unter st\u00e4ndiger Aufsicht eines verantwortlichen Erwachsenen stehen m\u00fcssen.\u00a0 <\/span><span style=\"font-weight: 400;\"><\/span><\/li>\n<li><span style=\"font-weight: 600;\">Der Zugang zum Espace Baln\u00e9o ist Minderj\u00e4hrigen verboten<\/span><span style=\"font-weight: 400;\">, auch begleitet.<\/span><span style=\"font-weight: 400;\"><br \/>\n<\/span><\/li>\n<li><span style=\"font-weight: 600;\">Grillen und andere Feuer (insbesondere am Strand) sind streng verboten.<\/span><span style=\"font-weight: 400;\"><br \/>\n<\/span><\/li>\n<li><span style=\"font-weight: 600;\">Die Geschwindigkeit der Fahrzeuge innerhalb des Campingplatzes ist auf 10 km\/h begrenzt<\/span><span style=\"font-weight: 400;\">. Der Verkehr ist von 24:00 bis 7:00 Uhr verboten. Das Tor des Campingplatzes auf der Meerseite ist von 23:00 bis 7:00 Uhr geschlossen. Generell m\u00fcssen alle Fahrzeugnutzer die auf dem Gel\u00e4nde aufgestellten Verkehrsschilder beachten (Einbahnstra\u00dfen, Einbahnverkehr, Parkvorschriften usw.). Dies gilt f\u00fcr alle Fahrzeuge, ob motorisiert oder nicht (Autos, Motorr\u00e4der, Motorroller, Fahrr\u00e4der, Scooter usw.).<\/span><span style=\"font-weight: 400;\"><br \/>\n<\/span><\/li>\n<li><span style=\"font-weight: 600;\">Im Falle eines Unfalls zwischen zwei Fahrzeugen<\/span><span style=\"font-weight: 400;\"> muss zwischen den beiden Parteien ein Bericht erstellt werden und die Versicherung der Fahrer muss abgeschlossen werden. Wenn ein Fahrzeug auf einem Parkplatz besch\u00e4digt wird (ohne dass ein Dritter identifiziert wird), muss sich der Eigent\u00fcmer des Fahrzeugs an seine Versicherung wenden und <\/span><span style=\"font-weight: 600;\">der Campingplatz kann nicht haftbar gemacht werden.<\/span><span style=\"font-weight: 400;\"><br \/>\n<\/span><\/li>\n<li><span style=\"font-weight: 600;\">Bitte verlassen Sie die sanit\u00e4ren Anlagen so sauber, wie Sie sie vorgefunden haben<\/span><span style=\"font-weight: 400;\">. Spiele sind nicht erlaubt.<\/span><span style=\"font-weight: 400;\"><br \/>\n<\/span><\/li>\n<li><span style=\"font-weight: 400;\">Bitte respektieren Sie <\/span><span style=\"font-weight: 600;\">die Nachtruhe Ihrer Nachbarn<\/span><span style=\"font-weight: 400;\"> nach Mitternacht.<\/span><span style=\"font-weight: 400;\"><br \/>\n<\/span><\/li>\n<li><span style=\"font-weight: 400;\">Unser Campingplatz hat seinen Ruf auf dem famili\u00e4ren Charakter seiner Dienstleistungen aufgebaut; die Infrastrukturen, die Organisation und die Programme sind diesem Ziel angepasst. <\/span><span style=\"font-weight: 600;\">Wir behalten uns das Recht vor, Einzelpersonen oder Gruppen von Personen, die diesen Geist nicht respektieren, abzuweisen oder zu trennen.<\/span><span style=\"font-weight: 400;\"><br \/>\n<\/span><\/li>\n<li><span style=\"font-weight: 600;\">Am Tag Ihrer Ankunft <\/span><span style=\"font-weight: 400;\">empfangen wir Sie ab 11 Uhr f\u00fcr die Check-in-Formalit\u00e4ten und das Anlegen der Armb\u00e4nder, damit Sie unsere Einrichtungen nutzen k\u00f6nnen. Die Schl\u00fcssel\u00fcbergabe findet ab 17.00 Uhr f\u00fcr Vermietungen und ab 14.00 Uhr f\u00fcr Camping statt.<\/span><span style=\"font-weight: 400;\"><br \/>\n<\/span><\/li>\n<li><span style=\"font-weight: 600;\">Am Abreisetag<\/span><span style=\"font-weight: 400;\"> m\u00fcssen die Mietobjekte vor 10 Uhr verlassen werden, die Stellpl\u00e4tze vor 12 Uhr, andernfalls kann ein zus\u00e4tzlicher Tag zum aktuellen Nachttarif in Rechnung gestellt werden.<\/span><span style=\"font-weight: 400;\"><br \/>\n<\/span><\/li>\n<li><span style=\"font-weight: 600;\">Wir sind nur an die Informationen gebunden, die in den f\u00fcr unsere eigene spezifischen Medien<\/span><span style=\"font-weight: 400;\"> (Brosch\u00fcre, Website) enthalten sind. Die Mitteilungen unserer m\u00f6glichen Partner k\u00f6nnen direkt bei unserer Rezeption (telefonisch oder per E-Mail, in der Saison 7 Tage die Woche) oder auf unserer Website <\/span><span style=\"font-weight: 400;\">www.les-sablons.com<\/span><span style=\"font-weight: 400;\"> abgefragt werden.<\/span><span style=\"font-weight: 400;\"><br \/>\n<\/span><\/li>\n<li><span style=\"font-weight: 600;\">Im Falle von Streitigkeiten<\/span><span style=\"font-weight: 400;\"> sind die Gerichte von B\u00e9ziers zust\u00e4ndig. Etwaige Beschwerden \u00fcber M\u00e4ngel der Einrichtung m\u00fcssen innerhalb von 30 Tagen nach der Abreise schriftlich mitgeteilt werden.<\/span><span style=\"font-weight: 400;\"><br \/>\n<\/span><\/li>\n<li><span style=\"font-weight: 600;\">Schlichtung. <\/span><span style=\"font-weight: 400;\">Bei Streitigkeiten mit unserer Einrichtung kann jeder Kunde des Campingplatzes, nachdem er sich an den Kundendienst der Einrichtung gewandt hat, innerhalb einer Frist von h\u00f6chstens einem Jahr ab dem Datum der per Einschreiben an den Betreiber gerichteten Beschwerde einen Verbraucher-Ombudsmann anrufen. Zu diesem Zweck m\u00fcssen Sie ein Dossier online auf der folgenden Website einreichen: <\/span><a href=\"https:\/\/www.mediateur-consommation-smp.fr\"><span style=\"font-weight: 400;\">https:\/\/www.mediateur-consommation-smp.fr<\/span><\/a><span style=\"font-weight: 400;\"> oder ein Dossier per Post an die folgende Adresse senden :\u00a0 <\/span><span style=\"font-weight: 600;\">soci\u00e9t\u00e9 M\u00e9diation professionnelle \u2013 24 rue Albert de Mun \u2013 33000 Bordeaux.<\/span><span style=\"font-weight: 600;\"><br \/>\n<\/span><\/li>\n<li style=\"font-weight: 400;\"><span style=\"font-weight: 600;\">Informationstechnologie und Freiheit.<\/span><span style=\"font-weight: 400;\"> Die vertraulichen Informationen, die wir \u00fcber Sie sammeln, werden nicht an Dritte weitergegeben. Sie bleiben strikt unserem eigenen Gebrauch im Rahmen unserer vertraglichen Beziehung zur besseren Information \u00fcber unseren Service entsprechend Ihrer Anfrage oder Ihren Interessenschwerpunkten vorbehalten. Gem\u00e4\u00df dem franz\u00f6sischen Datenschutzgesetz vom 6. Januar 1978 haben Sie das Recht auf Zugang, Berichtigung und Widerspruch zu den Sie betreffenden personenbezogenen Daten.<\/span><span style=\"font-weight: 400;\"><br \/>\n<\/span><br \/>\n<span style=\"font-weight: 600;\">Nur f\u00fcr Mobilheimvermietungen :<\/span><\/li>\n<li style=\"font-weight: 400;\"><span style=\"font-weight: 400;\">Bei Vermietungen wird Ihnen an der Rezeption <\/span><span style=\"font-weight: 600;\">ein Inventarformular<\/span><span style=\"font-weight: 400;\"> ausgeh\u00e4ndigt. Es wird mit Ihren Anmerkungen ausgef\u00fcllt und muss innerhalb von 24 Stunden ausgef\u00fcllt und unterschrieben an uns zur\u00fcckgeschickt werden. Sollte etwas fehlen, was Sie ben\u00f6tigen, k\u00f6nnen Sie es im Restock abholen. Wenn Sie es nicht brauchen, m\u00fcssen Sie es nicht zur\u00fcckholen, solange Sie das Fehlen auf dem Inventar vermerkt haben.<\/span><\/li>\n<li><span style=\"font-weight: 600;\">Sie k\u00f6nnen<\/span><span style=\"font-weight: 400;\"> bis zu 3 Tage vor der Abreise <\/span><span style=\"font-weight: 600;\">eine Inventarbesprechung<\/span><span style=\"font-weight: 400;\"> f\u00fcr den Vormittag <\/span><span style=\"font-weight: 600;\">selbst beantragen<\/span><span style=\"font-weight: 400;\">, um sich zu vergewissern, dass Ihre Unterkunft frei von M\u00e4ngeln in Bezug auf Sauberkeit oder materielle G\u00fcter inventarisiert ist.<br \/>\n<\/span><span style=\"font-weight: 400;\"><br \/>\n<\/span><span style=\"font-weight: 600;\">F\u00fcr die Mobilheimvermietungen und sanierten Stellpl\u00e4tzen:<\/span><span style=\"font-weight: 600;\"><\/span><\/li>\n<li><span style=\"font-weight: 600;\">Die Endreinigung<\/span><span style=\"font-weight: 400;\"> muss von Ihnen bei der Abreise (vor 10 Uhr) erledigt werden. Sie haben die M\u00f6glichkeit, die Option &#8222;keine Endreinigung&#8220; ( mit Ausnahme von Geschirr und K\u00fcchenbereich) gegen Bezahlung an der Rezeption zu w\u00e4hlen (siehe Preise). Sollte die Endreinigung nicht oder nicht ordnungsgem\u00e4\u00df durchgef\u00fchrt werden, kann die Kaution je nach Zustand des Mobilheims oder der sanit\u00e4ren Anlagen ganz oder teilweise einbehalten werden.<\/span><span style=\"font-weight: 400;\"><br \/>\n<\/span><\/li>\n<li><span style=\"font-weight: 600;\">Jegliche Unzufriedenheit mit dem Zustand des Mobilheims oder der Sanit\u00e4ranlagen<\/span><span style=\"font-weight: 400;\"> muss am Anreisetag gemeldet werden, damit unser Personal die M\u00f6glichkeit hat, die Situation zu verbessern. Nach Ablauf dieser Frist wird keine Reklamation mehr angenommen.<\/span><span style=\"font-weight: 400;\"><br \/>\n<\/span><\/li>\n<li><span style=\"font-weight: 600;\">Die Einbehaltung der Kaution<\/span><span style=\"font-weight: 400;\"> schlie\u00dft eine zus\u00e4tzliche Entsch\u00e4digung f\u00fcr den Fall nicht aus, dass die tats\u00e4chlichen Wiederherstellungskosten den Betrag der Kaution \u00fcbersteigen.<\/span><\/li>\n<\/ol>\n<p>[\/et_pb_text][et_pb_text _builder_version=&#8220;4.9.4&#8243; _module_preset=&#8220;default&#8220;][\/et_pb_text][\/et_pb_column][\/et_pb_row][\/et_pb_section][et_pb_section fb_built=&#8220;1&#8243; module_class=&#8220;ls_link_before_footer&#8220; _builder_version=&#8220;4.7.7&#8243; background_color=&#8220;#afd4dd&#8220; global_module=&#8220;4180&#8243;][et_pb_row _builder_version=&#8220;4.3.2&#8243;][et_pb_column type=&#8220;4_4&#8243; _builder_version=&#8220;4.3.2&#8243;][et_pb_text admin_label=&#8220;CAMPINGPLATZ 5* LES SABLONS&#8220; module_class=&#8220;texte-cloud&#8220; _builder_version=&#8220;4.7.7&#8243; text_text_color=&#8220;#463c3c&#8220; text_font_size=&#8220;15px&#8220; header_2_font_size=&#8220;30px&#8220; header_3_font_size=&#8220;30px&#8220; header_2_font_size_tablet=&#8220;25px&#8220; header_2_font_size_phone=&#8220;&#8220; header_2_font_size_last_edited=&#8220;on|desktop&#8220; header_3_font_size_tablet=&#8220;25px&#8220; header_3_font_size_phone=&#8220;&#8220; header_3_font_size_last_edited=&#8220;on|desktop&#8220;]<\/p>\n<h3>CAMPINGPLATZ 5*<br \/>LES SABLONS<\/h3>\n<p>Camping 5* Les Sablons am meer zwischen Vias &#038; Portiragnes<\/p>\n<p>[\/et_pb_text][\/et_pb_column][\/et_pb_row][et_pb_row column_structure=&#8220;1_3,1_3,1_3&#8243; use_custom_gutter=&#8220;on&#8220; gutter_width=&#8220;2&#8243; make_equal=&#8220;on&#8220; _builder_version=&#8220;4.3.2&#8243;][et_pb_column type=&#8220;1_3&#8243; _builder_version=&#8220;4.3.2&#8243;][et_pb_blurb title=&#8220;STANDORT&#8220; image=&#8220;https:\/\/www.les-sablons.com\/wp-content\/uploads\/2020\/12\/camping-les-sablons-le-lieu-1-11.jpg&#8220; admin_label=&#8220;STANDORT&#8220; _builder_version=&#8220;4.7.7&#8243; custom_css_blurb_image=&#8220;margin-left: -16px;&#8220; custom_css_blurb_title=&#8220;margin-top: -10px;&#8220;]<\/p>\n<p>Direkter Zugang zum Strand<br \/>Allgegenw\u00e4rtige Natur<br \/>Gro\u00dfz\u00fcgige Pl\u00e4tze<br \/>Mediterranes Klima<\/p>\n<p>[\/et_pb_blurb][\/et_pb_column][et_pb_column type=&#8220;1_3&#8243; _builder_version=&#8220;4.3.2&#8243;][et_pb_blurb title=&#8220;AMBIANCE&#8220; image=&#8220;https:\/\/www.les-sablons.com\/wp-content\/uploads\/2020\/12\/camping-les-sablons-l-ambiance-1-1-1.jpg&#8220; admin_label=&#8220;AMBIANCE&#8220; _builder_version=&#8220;4.7.7&#8243; custom_css_blurb_image=&#8220;margin-left: -16px;&#8220; custom_css_blurb_title=&#8220;margin-top: -10px;&#8220;]<\/p>\n<p>Animationsprogramm<br \/>Konzentrierte und ansteckende Energie<br \/>Ein europ\u00e4ischer \u201cMelting Pot\u201d<br \/>Die kommunikative Freude der Kinder<\/p>\n<p>[\/et_pb_blurb][\/et_pb_column][et_pb_column type=&#8220;1_3&#8243; _builder_version=&#8220;4.3.2&#8243;][et_pb_blurb title=&#8220;POOLANLAGE&#8220; image=&#8220;https:\/\/www.les-sablons.com\/wp-content\/uploads\/2020\/12\/camping-les-sablons-parc-aquatique-1.jpg&#8220; admin_label=&#8220;POOLANLAGE&#8220; _builder_version=&#8220;4.7.7&#8243; custom_css_blurb_image=&#8220;margin-left: -16px;&#8220; custom_css_blurb_title=&#8220;margin-top: -10px;&#8220;]<\/p>\n<p>1 Becken zum Spielen, 1 Becken zum Schwimmen<br \/>1 Planschbecken, 5 Wasserrutschen<br \/>1 Wellnessbereich f\u00fcr Erwachsene<br \/>Alles beheizt und st\u00e4ndig bewacht<\/p>\n<p>[\/et_pb_blurb][\/et_pb_column][\/et_pb_row][et_pb_row column_structure=&#8220;1_3,1_3,1_3&#8243; use_custom_gutter=&#8220;on&#8220; gutter_width=&#8220;2&#8243; make_equal=&#8220;on&#8220; _builder_version=&#8220;4.3.2&#8243;][et_pb_column type=&#8220;1_3&#8243; _builder_version=&#8220;4.3.2&#8243;][et_pb_blurb title=&#8220;AUSWAHL&#8220; image=&#8220;https:\/\/www.les-sablons.com\/wp-content\/uploads\/2020\/12\/camping-les-sablons-le-choix-1.jpg&#8220; admin_label=&#8220;AUSWAHL&#8220; _builder_version=&#8220;4.7.7&#8243; custom_css_blurb_image=&#8220;margin-left: -16px;&#8220; custom_css_blurb_title=&#8220;margin-top: -10px;&#8220;]<\/p>\n<p>120 Stellpl\u00e4tze<br \/>Mobilheime, Chalets<br \/>Lodge Zelte &amp; VIP Bereich<br \/>Alle Unterk\u00fcnfte sind klimatisiert (ausser Zelte)<\/p>\n<p>[\/et_pb_blurb][\/et_pb_column][et_pb_column type=&#8220;1_3&#8243; _builder_version=&#8220;4.3.2&#8243;][et_pb_blurb title=&#8220;SERVICE-EINRICHTUNGEN&#8220; image=&#8220;https:\/\/www.les-sablons.com\/wp-content\/uploads\/2020\/12\/camping-les-sablons-les-services-1.jpg&#8220; admin_label=&#8220;SERVICE-EINRICHTUNGEN&#8220; _builder_version=&#8220;4.7.7&#8243; custom_css_blurb_image=&#8220;margin-left: -16px;&#8220; custom_css_blurb_title=&#8220;margin-top: -10px;&#8220;]<\/p>\n<p>Restaurant, Bar, Supermarkt, Fahrradverleih, Food Trucks<br \/>B\u00e4ckerei, Zeitungsstand, Geldautomat\u2026<br \/>Alles am Platz 7\/7<br \/>Das Informationsb\u00fcro<\/p>\n<p>[\/et_pb_blurb][\/et_pb_column][et_pb_column type=&#8220;1_3&#8243; _builder_version=&#8220;4.3.2&#8243;][et_pb_blurb title=&#8220;UND AUSSERDEM&#8220; image=&#8220;https:\/\/www.les-sablons.com\/wp-content\/uploads\/2020\/12\/camping-les-sablons-le-plus-1.jpg&#8220; admin_label=&#8220;UND AUSSERDEM&#8220; _builder_version=&#8220;4.7.7&#8243; custom_css_blurb_image=&#8220;margin-left: -16px;&#8220; custom_css_blurb_title=&#8220;margin-top: -10px;&#8220;]<\/p>\n<p>Freie Wahl des An- und Abreisedatums<br \/>Unabh\u00e4ngiger Campingplatz in privater Hand<br \/>50 Jahre Erfahrung<br \/>Eine gro\u00dfe Gemeinschaft von langj\u00e4hrigen G\u00e4sten<\/p>\n<p>[\/et_pb_blurb][\/et_pb_column][\/et_pb_row][\/et_pb_section][et_pb_section fb_built=&#8220;1&#8243; module_class=&#8220;footer-widgets&#8220; _builder_version=&#8220;4.7.7&#8243; background_color=&#8220;#3796aa&#8220; custom_padding=&#8220;0px||10px||false|false&#8220; global_module=&#8220;1035&#8243; saved_tabs=&#8220;all&#8220; collapsed=&#8220;off&#8220;][et_pb_row column_structure=&#8220;1_3,1_3,1_3&#8243; use_custom_gutter=&#8220;on&#8220; gutter_width=&#8220;2&#8243; make_equal=&#8220;on&#8220; disabled_on=&#8220;on|on|off&#8220; module_class=&#8220;footer-infos&#8220; _builder_version=&#8220;4.2.2&#8243; width=&#8220;100%&#8220; width_tablet=&#8220;auto&#8220; width_phone=&#8220;auto&#8220; width_last_edited=&#8220;on|phone&#8220; max_width=&#8220;1235px&#8220; max_width_tablet=&#8220;none&#8220; max_width_phone=&#8220;none&#8220; max_width_last_edited=&#8220;on|phone&#8220; custom_padding=&#8220;||10px||false|false&#8220;][et_pb_column type=&#8220;1_3&#8243; _builder_version=&#8220;4.2.2&#8243; custom_padding=&#8220;|||20px|false|false&#8220; custom_padding_tablet=&#8220;|||0px|false|false&#8220; custom_padding_phone=&#8220;&#8220; custom_padding_last_edited=&#8220;on|desktop&#8220;][et_pb_blurb title=&#8220;Hotline 7\/7j&#8220; admin_label=&#8220;Hotline 7\/7j&#8220; _builder_version=&#8220;4.7.7&#8243; header_font=&#8220;|||on|||||&#8220; header_text_color=&#8220;#ffffff&#8220; body_text_color=&#8220;#ffffff&#8220;]<\/p>\n<p class=\"ls_footer_social_2\">Stellen Sie uns alle Ihre Fragen von 9.00 bis 19.00 Uhr.<\/p>\n<p><a href=\"tel:+33467909055\"><span style=\"color: #ffffff; font-size: 16px;\">+33 4 67 90 90 55<\/span><\/a><\/p>\n<p>[\/et_pb_blurb][\/et_pb_column][et_pb_column type=&#8220;1_3&#8243; _builder_version=&#8220;4.2.2&#8243;][et_pb_blurb title=&#8220;Folge uns&#8220; admin_label=&#8220;Follow us&#8220; _builder_version=&#8220;4.7.7&#8243; header_font=&#8220;|||on|||||&#8220; header_text_color=&#8220;#ffffff&#8220; body_text_color=&#8220;#ffffff&#8220; custom_padding=&#8220;||0px||false|false&#8220; custom_css_main_element=&#8220;margin-bottom: 0 !important;&#8220;]<\/p>\n<p class=\"ls_footer_social\">Teilen Sie das Campingleben mit Ihren Freunden und Ihrer Familie<\/p>\n<p>[\/et_pb_blurb][et_pb_social_media_follow admin_label=&#8220;Follow us on social media&#8220; _builder_version=&#8220;4.7.7&#8243;][et_pb_social_media_follow_network social_network=&#8220;facebook&#8220; url=&#8220;https:\/\/www.facebook.com\/CampingClubLesSablons&#8220; icon_color=&#8220;#ffffff&#8220; _builder_version=&#8220;4.2.2&#8243; background_color=&#8220;rgba(59,89,152,0)&#8220; background_enable_color=&#8220;on&#8220; follow_button=&#8220;off&#8220; url_new_window=&#8220;on&#8220;]facebook[\/et_pb_social_media_follow_network][et_pb_social_media_follow_network social_network=&#8220;pinterest&#8220; url=&#8220;https:\/\/www.pinterest.fr\/campingsablons\/&#8220; icon_color=&#8220;#ffffff&#8220; _builder_version=&#8220;4.2.2&#8243; background_color=&#8220;rgba(203,32,39,0)&#8220; background_enable_color=&#8220;on&#8220; follow_button=&#8220;off&#8220; url_new_window=&#8220;on&#8220;]pinterest[\/et_pb_social_media_follow_network][et_pb_social_media_follow_network social_network=&#8220;youtube&#8220; url=&#8220;https:\/\/www.youtube.com\/channel\/UCJH1bcXs5nLomrHW-Efn-JA?feature=mhee&#8220; icon_color=&#8220;#ffffff&#8220; _builder_version=&#8220;4.2.2&#8243; background_color=&#8220;rgba(168,36,0,0)&#8220; background_enable_color=&#8220;on&#8220; follow_button=&#8220;off&#8220; url_new_window=&#8220;on&#8220;]youtube[\/et_pb_social_media_follow_network][et_pb_social_media_follow_network social_network=&#8220;instagram&#8220; url=&#8220;https:\/\/www.instagram.com\/campinglessablons\/&#8220; icon_color=&#8220;#ffffff&#8220; _builder_version=&#8220;4.2.2&#8243; background_color=&#8220;rgba(10,4,1,0)&#8220; background_enable_color=&#8220;on&#8220; follow_button=&#8220;off&#8220; url_new_window=&#8220;on&#8220;]instagram[\/et_pb_social_media_follow_network][\/et_pb_social_media_follow][\/et_pb_column][et_pb_column type=&#8220;1_3&#8243; _builder_version=&#8220;4.2.2&#8243;][et_pb_blurb title=&#8220;Newsletter&#8220; admin_label=&#8220;Newsletter&#8220; _builder_version=&#8220;4.7.7&#8243; header_font=&#8220;|||on|||||&#8220; header_text_color=&#8220;#ffffff&#8220; body_text_color=&#8220;#ffffff&#8220; custom_css_main_element=&#8220;margin-bottom: 0px !important;&#8220;]<\/p>\n<p>Erhalten Sie Neuigkeiten und Aktionen von Ihrem Campingplatz<\/p>\n<p>[\/et_pb_blurb][et_pb_code admin_label=&#8220;Code &#8211; Newsletter&#8220; _builder_version=&#8220;4.7.7&#8243; custom_margin=&#8220;-20px||||false|false&#8220;]<p><div class=\"tnp tnp-subscription \">\n<form method=\"post\" action=\"https:\/\/www.les-sablons.com\/de\/?na=s\">\n\n<input type=\"hidden\" name=\"nlang\" value=\"de\"><div class=\"tnp-field tnp-field-email\"><label for=\"tnp-1\">E-Mail-Adresse<\/label>\n<input class=\"tnp-email\" type=\"email\" name=\"ne\" id=\"tnp-1\" value=\"\" required><\/div>\n<div class=\"tnp-field tnp-field-button\"><input class=\"tnp-submit\" type=\"submit\" value=\"https:\/\/www.les-sablons.com\/wp-content\/uploads\/2020\/02\/send.png\" >\n<\/div>\n<\/form>\n<\/div>\n<\/p>[\/et_pb_code][\/et_pb_column][\/et_pb_row][et_pb_row disabled_on=&#8220;on|on|off&#8220; _builder_version=&#8220;4.2.2&#8243; width=&#8220;100%&#8220; width_tablet=&#8220;auto&#8220; width_phone=&#8220;auto&#8220; width_last_edited=&#8220;on|phone&#8220; max_width=&#8220;1235px&#8220; max_width_tablet=&#8220;none&#8220; max_width_phone=&#8220;none&#8220; max_width_last_edited=&#8220;on|phone&#8220; custom_margin=&#8220;0px||||false|false&#8220; custom_padding=&#8220;0px||0px||true|false&#8220;][et_pb_column type=&#8220;4_4&#8243; _builder_version=&#8220;4.2.2&#8243;][et_pb_divider color=&#8220;#333333&#8243; divider_position=&#8220;center&#8220; divider_weight=&#8220;1px&#8220; _builder_version=&#8220;4.7.7&#8243; module_alignment=&#8220;center&#8220; height=&#8220;1px&#8220;][\/et_pb_divider][et_pb_text _builder_version=&#8220;4.9.4&#8243; _module_preset=&#8220;default&#8220; text_font_size=&#8220;16px&#8220;]<\/p>\n<p style=\"text-align: center;\">* All of the photographs on our website and reservation platform are non-contractual *<\/p>\n<p>[\/et_pb_text][et_pb_divider color=&#8220;#333333&#8243; divider_position=&#8220;center&#8220; divider_weight=&#8220;1px&#8220; _builder_version=&#8220;4.7.7&#8243; module_alignment=&#8220;center&#8220; height=&#8220;1px&#8220;][\/et_pb_divider][\/et_pb_column][\/et_pb_row][et_pb_row column_structure=&#8220;2_3,1_3&#8243; use_custom_gutter=&#8220;on&#8220; gutter_width=&#8220;4&#8243; make_equal=&#8220;on&#8220; disabled_on=&#8220;on|on|off&#8220; module_class=&#8220;footer-recrutons&#8220; _builder_version=&#8220;4.2.2&#8243; width=&#8220;100%&#8220; width_tablet=&#8220;auto&#8220; width_phone=&#8220;auto&#8220; width_last_edited=&#8220;on|phone&#8220; max_width=&#8220;1235px&#8220; max_width_tablet=&#8220;none&#8220; max_width_phone=&#8220;none&#8220; max_width_last_edited=&#8220;on|phone&#8220;][et_pb_column type=&#8220;2_3&#8243; _builder_version=&#8220;4.2.2&#8243; custom_padding=&#8220;|||20px|false|false&#8220; custom_padding_tablet=&#8220;|||0px|false|false&#8220; custom_padding_phone=&#8220;&#8220; custom_padding_last_edited=&#8220;on|desktop&#8220;][et_pb_text admin_label=&#8220;5 star campsite Les Sablons&#8220; _builder_version=&#8220;4.9.4&#8243; text_text_color=&#8220;#ffffff&#8220; link_option_url=&#8220;https:\/\/www.google.fr\/maps\/place\/Camping+les+Sablons+5+%C3%A9toiles\/@43.2801167,3.3615559,17z\/data=!3m1!4b1!4m8!3m7!1s0x12b110cb8904248b:0xa4f1250526d3159!5m2!4m1!1i2!8m2!3d43.2801167!4d3.3637446&#8243; link_option_url_new_window=&#8220;on&#8220;]Camping 5 \u00e9toiles Les Sablons<br \/>\nAvenue des M\u00fbriers<br \/>\n34420 Portiragnes-Plage<br \/>\nFrance<\/p>\n<p><a href=\"https:\/\/qualite-tourisme-occitanie.fr\/\" target=\"_blank\" rel=\"noopener\"><img decoding=\"async\" class=\"qualite_tourisme alignleft wp-image-14181\" src=\"https:\/\/www.les-sablons.com\/wp-content\/uploads\/2020\/02\/logo-qualite\u0301-tourisme.png\" alt=\"\" width=\"125\" height=\"121\" \/><\/a><a href=\"https:\/\/www.laclefverte.org\/\" target=\"_blank\" rel=\"noopener\"><img decoding=\"async\" class=\"clef_verte alignleft wp-image-14179\" style=\"margin-left: 20px;\" src=\"https:\/\/www.les-sablons.com\/wp-content\/uploads\/2022\/02\/icone-clef-verte.svg\" width=\"100\" \/><\/a>[\/et_pb_text][et_pb_text disabled_on=&#8220;off|off|off&#8220; admin_label=&#8220;Bouton &#8211; Menu&#8220; _builder_version=&#8220;4.7.7&#8243; text_text_color=&#8220;#ffffff&#8220;]<\/p>\n<div class=\"footer-button\">\n<a href=\"\/plan-dacces\/\" class=\"learn_more\">Stra\u00dfenkarte<\/a>\n<\/div>\n<div class=\"footer-button\">\n<a href=\"\/contact\/\" class=\"learn_more\">KONTAKTIERE UNS<\/a>\n<\/div>\n<div class=\"footer-button\">\n<a href=\"\/questions-frequentes\/\" class=\"learn_more\">F.A.Q<\/a>\n<\/div>\n<div class=\"footer-button\">\n<a href=\"https:\/\/thelisresa.webcamp.fr\/formulaire.php?camping=sablons&#038;lang=de\" class=\"learn_more\">BUCH<\/a>\n<\/div>\n<p>[\/et_pb_text][\/et_pb_column][et_pb_column type=&#8220;1_3&#8243; _builder_version=&#8220;4.2.2&#8243;][et_pb_blurb title=&#8220;Wir stellen ein&#8220; admin_label=&#8220;Nous recrutons&#8220; _builder_version=&#8220;4.7.7&#8243; header_font=&#8220;|||on|||||&#8220; header_text_color=&#8220;#ffffff&#8220; body_text_color=&#8220;#ffffff&#8220; custom_css_main_element=&#8220;margin-bottom: 20px !important;&#8220;]In jeder Saison stellt Camping Les Sablons neue Mitarbeiter f\u00fcr verschiedene Dienstleistungen ein:<br \/>\nAnimation, Schwimmbad, Bar, Rezeption, Gr\u00fcnfl\u00e4chen und Wartung, Wartung und Reinigung und mehr!<br \/>\nZ\u00f6gern Sie nicht, sich f\u00fcr einen Saisonvertrag oder ein Praktikum zu bewerben[\/et_pb_blurb][et_pb_button button_url=&#8220;https:\/\/careers.werecruit.io\/fr\/camping-les-sablons&#8220; url_new_window=&#8220;on&#8220; button_text=&#8220;Postulat&#8220; button_alignment=&#8220;left&#8220; button_alignment_tablet=&#8220;center&#8220; button_alignment_phone=&#8220;&#8220; button_alignment_last_edited=&#8220;on|tablet&#8220; admin_label=&#8220;Bouton &#8211; Postuler&#8220; _builder_version=&#8220;4.7.7&#8243; custom_button=&#8220;on&#8220; button_text_size=&#8220;12px&#8220; button_text_color=&#8220;#ffffff&#8220; button_border_width=&#8220;1px&#8220; button_border_color=&#8220;#ffffff&#8220; button_font=&#8220;|||on|||||&#8220; button_use_icon=&#8220;off&#8220; button_text_size__hover_enabled=&#8220;on|hover&#8220; button_bg_color__hover_enabled=&#8220;on|hover&#8220; button_text_color__hover_enabled=&#8220;on|hover&#8220; button_text_color__hover=&#8220;#40a8c5&#8243; button_bg_color__hover=&#8220;#ffffff&#8220; button_bg_enable_color__hover=&#8220;on&#8220; button_border_color__hover_enabled=&#8220;on|desktop&#8220; button_border_color__hover=&#8220;#ffffff&#8220;][\/et_pb_button][\/et_pb_column][\/et_pb_row][et_pb_row disabled_on=&#8220;on|on|off&#8220; _builder_version=&#8220;4.2.2&#8243; width=&#8220;100%&#8220; width_tablet=&#8220;auto&#8220; width_phone=&#8220;auto&#8220; width_last_edited=&#8220;on|phone&#8220; max_width=&#8220;1235px&#8220; max_width_tablet=&#8220;none&#8220; max_width_phone=&#8220;&#8220; max_width_last_edited=&#8220;on|phone&#8220; custom_margin=&#8220;0px||||false|false&#8220; custom_padding=&#8220;0px||0px||true|false&#8220;][et_pb_column type=&#8220;4_4&#8243; _builder_version=&#8220;4.2.2&#8243;][et_pb_divider color=&#8220;#333333&#8243; divider_position=&#8220;center&#8220; divider_weight=&#8220;1px&#8220; _builder_version=&#8220;4.7.7&#8243; module_alignment=&#8220;center&#8220; height=&#8220;1px&#8220;][\/et_pb_divider][\/et_pb_column][\/et_pb_row][et_pb_row disabled_on=&#8220;off|off|on&#8220; _builder_version=&#8220;4.2.2&#8243;][et_pb_column type=&#8220;4_4&#8243; _builder_version=&#8220;4.2.2&#8243;][et_pb_text _builder_version=&#8220;4.9.4&#8243; _module_preset=&#8220;default&#8220; custom_padding=&#8220;||0px|||&#8220;]<\/p>\n<p style=\"text-align: center;\">* All of the photographs on our website and reservation platform are non-contractual *<\/p>\n<p>[\/et_pb_text][et_pb_blurb title=&#8220;Hotline 7\/7j&#8220; admin_label=&#8220;Hotline 7\/7j&#8220; module_class=&#8220;footer-info&#8220; _builder_version=&#8220;4.7.7&#8243; header_font=&#8220;|||on|||||&#8220; header_text_color=&#8220;#ffffff&#8220; body_text_color=&#8220;#ffffff&#8220; custom_css_main_element=&#8220;margin-bottom: 20px !important;&#8220;]Stellen Sie uns alle Ihre Fragen von 9.00 bis 19.00 Uhr.<br \/>\n<a href=\"tel:+33467909055\"><span style=\"color: #ffffff; font-size: 16px;\">+33 4 67 90 90 55<\/span><\/a>[\/et_pb_blurb][et_pb_divider color=&#8220;#9d1412&#8243; divider_position=&#8220;center&#8220; divider_weight=&#8220;1px&#8220; _builder_version=&#8220;4.2.2&#8243; module_alignment=&#8220;center&#8220; height=&#8220;1px&#8220;][\/et_pb_divider][et_pb_blurb title=&#8220;Newsletter&#8220; admin_label=&#8220;Newsletter&#8220; module_class=&#8220;footer-info&#8220; _builder_version=&#8220;4.7.7&#8243; header_font=&#8220;|||on|||||&#8220; header_text_color=&#8220;#ff4e1f&#8220; body_text_color=&#8220;#ffffff&#8220; custom_css_main_element=&#8220;margin-bottom: 0px !important;&#8220;]<\/p>\n<p>Erhalten Sie Neuigkeiten und Aktionen von Ihrem Campingplatz<\/p>\n<p>[\/et_pb_blurb][et_pb_code admin_label=&#8220;Code &#8211; Newsletter&#8220; _builder_version=&#8220;4.2.2&#8243; custom_margin=&#8220;-20px||||false|false&#8220;]<p><div class=\"tnp tnp-subscription \">\n<form method=\"post\" action=\"https:\/\/www.les-sablons.com\/de\/?na=s\">\n\n<input type=\"hidden\" name=\"nlang\" value=\"de\"><div class=\"tnp-field tnp-field-email\"><label for=\"tnp-3\">E-Mail-Adresse<\/label>\n<input class=\"tnp-email\" type=\"email\" name=\"ne\" id=\"tnp-3\" value=\"\" required><\/div>\n<div class=\"tnp-field tnp-field-button\"><input class=\"tnp-submit\" type=\"submit\" value=\"https:\/\/www.les-sablons.com\/wp-content\/uploads\/2020\/02\/send.png\" >\n<\/div>\n<\/form>\n<\/div>\n<\/p>[\/et_pb_code][et_pb_divider color=&#8220;#9d1412&#8243; divider_position=&#8220;center&#8220; divider_weight=&#8220;1px&#8220; _builder_version=&#8220;4.2.2&#8243; module_alignment=&#8220;center&#8220; height=&#8220;1px&#8220;][\/et_pb_divider][et_pb_blurb title=&#8220;Wir stellen ein&#8220; admin_label=&#8220;Nous recrutons&#8220; module_class=&#8220;footer-info&#8220; _builder_version=&#8220;4.7.7&#8243; header_font=&#8220;|||on|||||&#8220; header_text_color=&#8220;#ff4e1f&#8220; body_text_color=&#8220;#ffffff&#8220; custom_css_main_element=&#8220;margin-bottom: 20px !important;&#8220;]In jeder Saison stellt Camping Les Sablons neue Mitarbeiter f\u00fcr verschiedene Dienstleistungen ein:<br \/>\nAnimation, Schwimmbad, Bar, Rezeption, Gr\u00fcnfl\u00e4chen und Wartung, Wartung und Reinigung und mehr!<br \/>\nZ\u00f6gern Sie nicht, sich f\u00fcr einen Saisonvertrag oder ein Praktikum zu bewerben[\/et_pb_blurb][et_pb_button button_url=&#8220;https:\/\/careers.werecruit.io\/fr\/camping-les-sablons&#8220; url_new_window=&#8220;on&#8220; button_text=&#8220;Postulat&#8220; button_alignment=&#8220;left&#8220; button_alignment_tablet=&#8220;center&#8220; button_alignment_phone=&#8220;&#8220; button_alignment_last_edited=&#8220;on|tablet&#8220; admin_label=&#8220;Bouton &#8211; Postuler&#8220; _builder_version=&#8220;4.7.7&#8243; custom_button=&#8220;on&#8220; button_text_size=&#8220;12px&#8220; button_text_color=&#8220;#ffffff&#8220; button_border_width=&#8220;1px&#8220; button_border_color=&#8220;#ffffff&#8220; button_font=&#8220;|||on|||||&#8220; button_use_icon=&#8220;off&#8220; button_text_size__hover_enabled=&#8220;on|hover&#8220; button_bg_color__hover_enabled=&#8220;on|hover&#8220; button_text_color__hover_enabled=&#8220;on|desktop&#8220; button_text_color__hover=&#8220;#ffffff&#8220; button_bg_color__hover=&#8220;#eb1d1a&#8220; button_bg_enable_color__hover=&#8220;on&#8220; button_border_color__hover_enabled=&#8220;on|desktop&#8220; button_border_color__hover=&#8220;#eb1d1a&#8220;][\/et_pb_button][et_pb_divider color=&#8220;#9d1412&#8243; divider_position=&#8220;center&#8220; divider_weight=&#8220;1px&#8220; _builder_version=&#8220;4.2.2&#8243; module_alignment=&#8220;center&#8220; height=&#8220;1px&#8220;][\/et_pb_divider][et_pb_blurb title=&#8220;Folge uns&#8220; admin_label=&#8220;Nous suivre&#8220; module_class=&#8220;footer-info&#8220; _builder_version=&#8220;4.7.7&#8243; header_font=&#8220;|||on|||||&#8220; header_text_color=&#8220;#ffffff&#8220; body_text_color=&#8220;#ffffff&#8220; custom_padding=&#8220;||0px||false|false&#8220; custom_css_main_element=&#8220;margin-bottom: 0 !important;&#8220;]<\/p>\n<p>Teilen Sie das Campingleben mit Ihren Freunden und Ihrer Familie<\/p>\n<p>[\/et_pb_blurb][et_pb_social_media_follow _builder_version=&#8220;4.7.7&#8243;][et_pb_social_media_follow_network social_network=&#8220;facebook&#8220; url=&#8220;https:\/\/www.facebook.com\/CampingClubLesSablons&#8220; icon_color=&#8220;#ffffff&#8220; _builder_version=&#8220;4.2.2&#8243; background_color=&#8220;rgba(59,89,152,0)&#8220; background_enable_color=&#8220;on&#8220; follow_button=&#8220;off&#8220; url_new_window=&#8220;on&#8220;]facebook[\/et_pb_social_media_follow_network][et_pb_social_media_follow_network social_network=&#8220;pinterest&#8220; url=&#8220;https:\/\/www.pinterest.fr\/campingsablons\/&#8220; icon_color=&#8220;#ffffff&#8220; _builder_version=&#8220;4.2.2&#8243; background_color=&#8220;rgba(203,32,39,0)&#8220; background_enable_color=&#8220;on&#8220; follow_button=&#8220;off&#8220; url_new_window=&#8220;on&#8220;]pinterest[\/et_pb_social_media_follow_network][et_pb_social_media_follow_network social_network=&#8220;youtube&#8220; url=&#8220;https:\/\/www.youtube.com\/channel\/UCJH1bcXs5nLomrHW-Efn-JA?feature=mhee&#8220; icon_color=&#8220;#ffffff&#8220; _builder_version=&#8220;4.2.2&#8243; background_color=&#8220;rgba(168,36,0,0)&#8220; background_enable_color=&#8220;on&#8220; follow_button=&#8220;off&#8220; url_new_window=&#8220;on&#8220;]youtube[\/et_pb_social_media_follow_network][et_pb_social_media_follow_network social_network=&#8220;instagram&#8220; url=&#8220;https:\/\/www.instagram.com\/campinglessablons\/&#8220; icon_color=&#8220;#ffffff&#8220; _builder_version=&#8220;4.2.2&#8243; background_color=&#8220;rgba(10,4,1,0)&#8220; background_enable_color=&#8220;on&#8220; follow_button=&#8220;off&#8220; url_new_window=&#8220;on&#8220;]instagram[\/et_pb_social_media_follow_network][\/et_pb_social_media_follow][et_pb_divider color=&#8220;#9d1412&#8243; divider_position=&#8220;center&#8220; divider_weight=&#8220;1px&#8220; _builder_version=&#8220;4.2.2&#8243; module_alignment=&#8220;center&#8220; height=&#8220;1px&#8220;][\/et_pb_divider][et_pb_text module_class=&#8220;footer-propos&#8220; _builder_version=&#8220;4.9.4&#8243; text_text_color=&#8220;#ffffff&#8220; text_orientation=&#8220;center&#8220; link_option_url=&#8220;https:\/\/www.google.fr\/maps\/place\/Camping+les+Sablons+5+%C3%A9toiles\/@43.2801167,3.3615559,17z\/data=!3m1!4b1!4m8!3m7!1s0x12b110cb8904248b:0xa4f1250526d3159!5m2!4m1!1i2!8m2!3d43.2801167!4d3.3637446&#8243; link_option_url_new_window=&#8220;on&#8220;]Camping 5 \u00e9toiles Les Sablons<br \/>\nAvenue des M\u00fbriers<br \/>\n34420 Portiragnes-Plage<br \/>\nFrance<\/p>\n<p><a href=\"https:\/\/qualite-tourisme-occitanie.fr\/\" target=\"_blank\" rel=\"noopener\"><br \/>\n<img decoding=\"async\" class=\"qualite_tourisme wp-image-14181 alignleft\" src=\"https:\/\/www.les-sablons.com\/wp-content\/uploads\/2020\/02\/logo-qualite\u0301-tourisme.png\" alt=\"\" width=\"125\" height=\"121\" \/><\/a><br \/>\n<img decoding=\"async\" class=\"clef_verte alignleft wp-image-14181\" style=\"margin-left: 30px;\" src=\"https:\/\/www.les-sablons.com\/wp-content\/uploads\/2022\/02\/icone-clef-verte.svg\" width=\"100\"height=\"121\" \/>[\/et_pb_text][et_pb_divider color=&#8220;#9d1412&#8243; divider_position=&#8220;center&#8220; divider_weight=&#8220;1px&#8220; _builder_version=&#8220;4.9.4&#8243; module_alignment=&#8220;center&#8220; height=&#8220;1px&#8220; custom_margin=&#8220;140px||||false|false&#8220;][\/et_pb_divider][et_pb_text disabled_on=&#8220;off|off|off&#8220; admin_label=&#8220;Bouton &#8211; Menu&#8220; _builder_version=&#8220;4.7.7&#8243; text_text_color=&#8220;#ffffff&#8220;]<\/p>\n<div class=\"footer-button\"><a class=\"learn_more\" href=\"\/de\/anreiseplan\/\">Stra\u00dfenkarte<\/a><\/div>\n<div class=\"footer-button\"><a class=\"learn_more\" href=\"\/contact\/\">KONTAKTIERE UNS<\/a><\/div>\n<div class=\"footer-button\"><a class=\"learn_more\" href=\"\/de\/haeufig-fragen\/\">F.A.Q<\/a><\/div>\n<div class=\"footer-button\"><a class=\"learn_more\" href=\"https:\/\/thelisresa.webcamp.fr\/formulaire.php?camping=sablons&#038;lang=de\">BUCH<\/a><\/div>\n<p>[\/et_pb_text][\/et_pb_column][\/et_pb_row][\/et_pb_section]<\/p>\n","protected":false},"excerpt":{"rendered":"<p>[et_pb_section fb_built=&#8220;1&#8243; fullwidth=&#8220;on&#8220; module_class=&#8220;ls_top_slide&#8220; _builder_version=&#8220;4.7.7&#8243; _module_preset=&#8220;default&#8220;][et_pb_fullwidth_slider show_arrows=&#8220;off&#8220; show_pagination=&#8220;off&#8220; _builder_version=&#8220;4.9.4&#8243; _module_preset=&#8220;default&#8220; auto=&#8220;on&#8220;][et_pb_slide heading=&#8220;Campingplatzordnung&#8220; admin_title=&#8220;CONDITIONS GENERALES DE RESERVATION&#8220; _builder_version=&#8220;4.9.4&#8243; _module_preset=&#8220;default&#8220; background_image=&#8220;https:\/\/www.les-sablons.com\/wp-content\/uploads\/2020\/12\/camping-les-sablons-acces-direct-a-la-plage-3-1270&#215;847-1.jpg&#8220; background_enable_image=&#8220;on&#8220; sticky_transition=&#8220;on&#8220;] Camping Les Sablons [\/et_pb_slide][\/et_pb_fullwidth_slider][\/et_pb_section][et_pb_section fb_built=&#8220;1&#8243; _builder_version=&#8220;4.3.2&#8243; vertical_offset_tablet=&#8220;0&#8243; horizontal_offset_tablet=&#8220;0&#8243; custom_padding=&#8220;||0px|&#8220; z_index_tablet=&#8220;0&#8243; box_shadow_horizontal_tablet=&#8220;0px&#8220; box_shadow_vertical_tablet=&#8220;0px&#8220; box_shadow_blur_tablet=&#8220;40px&#8220; box_shadow_spread_tablet=&#8220;0px&#8220;][et_pb_row custom_padding_last_edited=&#8220;on|desktop&#8220; _builder_version=&#8220;4.3.2&#8243; custom_margin=&#8220;||||false|false&#8220; custom_padding=&#8220;37px||||false|false&#8220; custom_padding_tablet=&#8220;||0px||false|false&#8220; custom_padding_phone=&#8220;&#8220;][et_pb_column type=&#8220;4_4&#8243; _builder_version=&#8220;4.3.2&#8243;][et_pb_text _builder_version=&#8220;4.9.4&#8243; _module_preset=&#8220;default&#8220; hover_enabled=&#8220;0&#8243; sticky_enabled=&#8220;0&#8243;] Campingplatzordnung [\/et_pb_text][et_pb_text module_class=&#8220;conditions_f&#8220; _builder_version=&#8220;4.9.4&#8243; _module_preset=&#8220;default&#8220; hover_enabled=&#8220;0&#8243; sticky_enabled=&#8220;0&#8243;] Die [&hellip;]<\/p>\n","protected":false},"author":12,"featured_media":0,"parent":0,"menu_order":0,"comment_status":"closed","ping_status":"closed","template":"","meta":{"_acf_changed":false,"_et_pb_use_builder":"on","_et_pb_old_content":"","_et_gb_content_width":"","inline_featured_image":false,"footnotes":""},"acf":[],"yoast_head":"<!-- This site is optimized with the Yoast SEO plugin v22.0 - https:\/\/yoast.com\/wordpress\/plugins\/seo\/ -->\n<title>Campingplatzordnung - Camping ***** les Sablons<\/title>\n<meta name=\"robots\" content=\"index, follow, max-snippet:-1, max-image-preview:large, max-video-preview:-1\" \/>\n<link rel=\"canonical\" href=\"https:\/\/www.les-sablons.com\/de\/campingplatzordnung\/\" \/>\n<meta property=\"og:locale\" content=\"de_DE\" \/>\n<meta property=\"og:type\" content=\"article\" \/>\n<meta property=\"og:title\" content=\"Campingplatzordnung - Camping ***** les Sablons\" \/>\n<meta property=\"og:description\" content=\"[et_pb_section fb_built=&#8220;1&#8243; fullwidth=&#8220;on&#8220; module_class=&#8220;ls_top_slide&#8220; _builder_version=&#8220;4.7.7&#8243; _module_preset=&#8220;default&#8220;][et_pb_fullwidth_slider show_arrows=&#8220;off&#8220; show_pagination=&#8220;off&#8220; _builder_version=&#8220;4.9.4&#8243; _module_preset=&#8220;default&#8220; auto=&#8220;on&#8220;][et_pb_slide heading=&#8220;Campingplatzordnung&#8220; admin_title=&#8220;CONDITIONS GENERALES DE RESERVATION&#8220; _builder_version=&#8220;4.9.4&#8243; _module_preset=&#8220;default&#8220; background_image=&#8220;https:\/\/www.les-sablons.com\/wp-content\/uploads\/2020\/12\/camping-les-sablons-acces-direct-a-la-plage-3-1270&#215;847-1.jpg&#8220; background_enable_image=&#8220;on&#8220; sticky_transition=&#8220;on&#8220;] Camping Les Sablons [\/et_pb_slide][\/et_pb_fullwidth_slider][\/et_pb_section][et_pb_section fb_built=&#8220;1&#8243; _builder_version=&#8220;4.3.2&#8243; vertical_offset_tablet=&#8220;0&#8243; horizontal_offset_tablet=&#8220;0&#8243; custom_padding=&#8220;||0px|&#8220; z_index_tablet=&#8220;0&#8243; box_shadow_horizontal_tablet=&#8220;0px&#8220; box_shadow_vertical_tablet=&#8220;0px&#8220; box_shadow_blur_tablet=&#8220;40px&#8220; box_shadow_spread_tablet=&#8220;0px&#8220;][et_pb_row custom_padding_last_edited=&#8220;on|desktop&#8220; _builder_version=&#8220;4.3.2&#8243; custom_margin=&#8220;||||false|false&#8220; custom_padding=&#8220;37px||||false|false&#8220; custom_padding_tablet=&#8220;||0px||false|false&#8220; custom_padding_phone=&#8220;&#8220;][et_pb_column type=&#8220;4_4&#8243; _builder_version=&#8220;4.3.2&#8243;][et_pb_text _builder_version=&#8220;4.9.4&#8243; _module_preset=&#8220;default&#8220; hover_enabled=&#8220;0&#8243; sticky_enabled=&#8220;0&#8243;] Campingplatzordnung [\/et_pb_text][et_pb_text module_class=&#8220;conditions_f&#8220; _builder_version=&#8220;4.9.4&#8243; _module_preset=&#8220;default&#8220; hover_enabled=&#8220;0&#8243; sticky_enabled=&#8220;0&#8243;] Die [&hellip;]\" \/>\n<meta property=\"og:url\" content=\"https:\/\/www.les-sablons.com\/de\/campingplatzordnung\/\" \/>\n<meta property=\"og:site_name\" content=\"Camping ***** les Sablons\" \/>\n<meta property=\"article:modified_time\" content=\"2022-10-07T07:33:10+00:00\" \/>\n<meta property=\"og:image\" content=\"https:\/\/www.les-sablons.com\/wp-content\/uploads\/2020\/02\/logo-qualite\u0301-tourisme.png\" \/>\n<meta name=\"twitter:card\" content=\"summary_large_image\" \/>\n<meta name=\"twitter:label1\" content=\"Gesch\u00e4tzte Lesezeit\" \/>\n\t<meta name=\"twitter:data1\" content=\"19\u00a0Minuten\" \/>\n<script type=\"application\/ld+json\" class=\"yoast-schema-graph\">{\"@context\":\"https:\/\/schema.org\",\"@graph\":[{\"@type\":\"WebPage\",\"@id\":\"https:\/\/www.les-sablons.com\/de\/campingplatzordnung\/\",\"url\":\"https:\/\/www.les-sablons.com\/de\/campingplatzordnung\/\",\"name\":\"Campingplatzordnung - Camping ***** les Sablons\",\"isPartOf\":{\"@id\":\"https:\/\/www.les-sablons.com\/de\/#website\"},\"datePublished\":\"2022-10-03T15:12:42+00:00\",\"dateModified\":\"2022-10-07T07:33:10+00:00\",\"breadcrumb\":{\"@id\":\"https:\/\/www.les-sablons.com\/de\/campingplatzordnung\/#breadcrumb\"},\"inLanguage\":\"de\",\"potentialAction\":[{\"@type\":\"ReadAction\",\"target\":[\"https:\/\/www.les-sablons.com\/de\/campingplatzordnung\/\"]}]},{\"@type\":\"BreadcrumbList\",\"@id\":\"https:\/\/www.les-sablons.com\/de\/campingplatzordnung\/#breadcrumb\",\"itemListElement\":[{\"@type\":\"ListItem\",\"position\":1,\"name\":\"Accueil\",\"item\":\"https:\/\/www.les-sablons.com\/de\/\"},{\"@type\":\"ListItem\",\"position\":2,\"name\":\"Campingplatzordnung\"}]},{\"@type\":\"WebSite\",\"@id\":\"https:\/\/www.les-sablons.com\/de\/#website\",\"url\":\"https:\/\/www.les-sablons.com\/de\/\",\"name\":\"Camping ***** les Sablons\",\"description\":\"les Sablons \u00e0 Portiragnes-Plage, bord de mer M\u00e9diterran\u00e9e, proche Cap d&#039;Agde, Languedoc Roussillon\",\"potentialAction\":[{\"@type\":\"SearchAction\",\"target\":{\"@type\":\"EntryPoint\",\"urlTemplate\":\"https:\/\/www.les-sablons.com\/de\/?s={search_term_string}\"},\"query-input\":\"required name=search_term_string\"}],\"inLanguage\":\"de\"}]}<\/script>\n<!-- \/ Yoast SEO plugin. -->","yoast_head_json":{"title":"Campingplatzordnung - Camping ***** les Sablons","robots":{"index":"index","follow":"follow","max-snippet":"max-snippet:-1","max-image-preview":"max-image-preview:large","max-video-preview":"max-video-preview:-1"},"canonical":"https:\/\/www.les-sablons.com\/de\/campingplatzordnung\/","og_locale":"de_DE","og_type":"article","og_title":"Campingplatzordnung - Camping ***** les Sablons","og_description":"[et_pb_section fb_built=&#8220;1&#8243; fullwidth=&#8220;on&#8220; module_class=&#8220;ls_top_slide&#8220; _builder_version=&#8220;4.7.7&#8243; _module_preset=&#8220;default&#8220;][et_pb_fullwidth_slider show_arrows=&#8220;off&#8220; show_pagination=&#8220;off&#8220; _builder_version=&#8220;4.9.4&#8243; _module_preset=&#8220;default&#8220; auto=&#8220;on&#8220;][et_pb_slide heading=&#8220;Campingplatzordnung&#8220; admin_title=&#8220;CONDITIONS GENERALES DE RESERVATION&#8220; _builder_version=&#8220;4.9.4&#8243; _module_preset=&#8220;default&#8220; background_image=&#8220;https:\/\/www.les-sablons.com\/wp-content\/uploads\/2020\/12\/camping-les-sablons-acces-direct-a-la-plage-3-1270&#215;847-1.jpg&#8220; background_enable_image=&#8220;on&#8220; sticky_transition=&#8220;on&#8220;] Camping Les Sablons [\/et_pb_slide][\/et_pb_fullwidth_slider][\/et_pb_section][et_pb_section fb_built=&#8220;1&#8243; _builder_version=&#8220;4.3.2&#8243; vertical_offset_tablet=&#8220;0&#8243; horizontal_offset_tablet=&#8220;0&#8243; custom_padding=&#8220;||0px|&#8220; z_index_tablet=&#8220;0&#8243; box_shadow_horizontal_tablet=&#8220;0px&#8220; box_shadow_vertical_tablet=&#8220;0px&#8220; box_shadow_blur_tablet=&#8220;40px&#8220; box_shadow_spread_tablet=&#8220;0px&#8220;][et_pb_row custom_padding_last_edited=&#8220;on|desktop&#8220; _builder_version=&#8220;4.3.2&#8243; custom_margin=&#8220;||||false|false&#8220; custom_padding=&#8220;37px||||false|false&#8220; custom_padding_tablet=&#8220;||0px||false|false&#8220; custom_padding_phone=&#8220;&#8220;][et_pb_column type=&#8220;4_4&#8243; _builder_version=&#8220;4.3.2&#8243;][et_pb_text _builder_version=&#8220;4.9.4&#8243; _module_preset=&#8220;default&#8220; hover_enabled=&#8220;0&#8243; sticky_enabled=&#8220;0&#8243;] Campingplatzordnung [\/et_pb_text][et_pb_text module_class=&#8220;conditions_f&#8220; _builder_version=&#8220;4.9.4&#8243; _module_preset=&#8220;default&#8220; hover_enabled=&#8220;0&#8243; sticky_enabled=&#8220;0&#8243;] Die [&hellip;]","og_url":"https:\/\/www.les-sablons.com\/de\/campingplatzordnung\/","og_site_name":"Camping ***** les Sablons","article_modified_time":"2022-10-07T07:33:10+00:00","og_image":[{"url":"https:\/\/www.les-sablons.com\/wp-content\/uploads\/2020\/02\/logo-qualite\u0301-tourisme.png"}],"twitter_card":"summary_large_image","twitter_misc":{"Gesch\u00e4tzte Lesezeit":"19\u00a0Minuten"},"schema":{"@context":"https:\/\/schema.org","@graph":[{"@type":"WebPage","@id":"https:\/\/www.les-sablons.com\/de\/campingplatzordnung\/","url":"https:\/\/www.les-sablons.com\/de\/campingplatzordnung\/","name":"Campingplatzordnung - Camping ***** les Sablons","isPartOf":{"@id":"https:\/\/www.les-sablons.com\/de\/#website"},"datePublished":"2022-10-03T15:12:42+00:00","dateModified":"2022-10-07T07:33:10+00:00","breadcrumb":{"@id":"https:\/\/www.les-sablons.com\/de\/campingplatzordnung\/#breadcrumb"},"inLanguage":"de","potentialAction":[{"@type":"ReadAction","target":["https:\/\/www.les-sablons.com\/de\/campingplatzordnung\/"]}]},{"@type":"BreadcrumbList","@id":"https:\/\/www.les-sablons.com\/de\/campingplatzordnung\/#breadcrumb","itemListElement":[{"@type":"ListItem","position":1,"name":"Accueil","item":"https:\/\/www.les-sablons.com\/de\/"},{"@type":"ListItem","position":2,"name":"Campingplatzordnung"}]},{"@type":"WebSite","@id":"https:\/\/www.les-sablons.com\/de\/#website","url":"https:\/\/www.les-sablons.com\/de\/","name":"Camping ***** les Sablons","description":"les Sablons \u00e0 Portiragnes-Plage, bord de mer M\u00e9diterran\u00e9e, proche Cap d&#039;Agde, Languedoc Roussillon","potentialAction":[{"@type":"SearchAction","target":{"@type":"EntryPoint","urlTemplate":"https:\/\/www.les-sablons.com\/de\/?s={search_term_string}"},"query-input":"required name=search_term_string"}],"inLanguage":"de"}]}},"_links":{"self":[{"href":"https:\/\/www.les-sablons.com\/de\/wp-json\/wp\/v2\/pages\/23083"}],"collection":[{"href":"https:\/\/www.les-sablons.com\/de\/wp-json\/wp\/v2\/pages"}],"about":[{"href":"https:\/\/www.les-sablons.com\/de\/wp-json\/wp\/v2\/types\/page"}],"author":[{"embeddable":true,"href":"https:\/\/www.les-sablons.com\/de\/wp-json\/wp\/v2\/users\/12"}],"replies":[{"embeddable":true,"href":"https:\/\/www.les-sablons.com\/de\/wp-json\/wp\/v2\/comments?post=23083"}],"version-history":[{"count":0,"href":"https:\/\/www.les-sablons.com\/de\/wp-json\/wp\/v2\/pages\/23083\/revisions"}],"wp:attachment":[{"href":"https:\/\/www.les-sablons.com\/de\/wp-json\/wp\/v2\/media?parent=23083"}],"curies":[{"name":"wp","href":"https:\/\/api.w.org\/{rel}","templated":true}]}}