{"id":21450,"date":"2022-07-06T12:17:04","date_gmt":"2022-07-06T12:17:04","guid":{"rendered":"https:\/\/www.les-sablons.com\/?page_id=21450"},"modified":"2025-07-08T08:37:16","modified_gmt":"2025-07-08T08:37:16","slug":"les-velos-des-sablons","status":"publish","type":"page","link":"https:\/\/www.les-sablons.com\/de\/les-velos-des-sablons\/","title":{"rendered":"Les V\u00e9los des Sablons"},"content":{"rendered":"<p>[et_pb_section fb_built=&#8220;1&#8243; fullwidth=&#8220;on&#8220; _builder_version=&#8220;4.9.4&#8243; _module_preset=&#8220;default&#8220; collapsed=&#8220;off&#8220;][et_pb_fullwidth_slider show_arrows=&#8220;off&#8220; show_pagination=&#8220;off&#8220; use_bg_overlay=&#8220;off&#8220; use_text_overlay=&#8220;off&#8220; disabled_on=&#8220;off|off|off&#8220; _builder_version=&#8220;4.9.4&#8243; _module_preset=&#8220;default&#8220; background_enable_image=&#8220;off&#8220; background_position=&#8220;bottom_center&#8220; content_width=&#8220;100%&#8220; content_max_width=&#8220;1280px&#8220; height=&#8220;80vh&#8220; custom_padding=&#8220;8px||8px||false|false&#8220; auto=&#8220;on&#8220;][et_pb_slide use_bg_overlay=&#8220;on&#8220; use_text_overlay=&#8220;off&#8220; alignment=&#8220;bottom&#8220; admin_title=&#8220;ENTRE VIAS ET S\u00c9RIGNAN-PLAGE&#8220; _builder_version=&#8220;4.9.4&#8243; _module_preset=&#8220;default&#8220; body_font_size=&#8220;12px&#8220; body_line_height=&#8220;1em&#8220; background_image=&#8220;https:\/\/www.les-sablons.com\/wp-content\/uploads\/2025\/07\/location_velo_les_sabloons_web-2.jpg&#8220; background_enable_image=&#8220;on&#8220; background_position=&#8220;bottom_right&#8220; sticky_transition=&#8220;on&#8220;]<\/p>\n<p style=\"text-align: center;\"><img decoding=\"async\" class=\"wp-image-21426 alignnone size-full\" src=\"https:\/\/www.les-sablons.com\/wp-content\/uploads\/\/logo-velo-blanc.svg\" alt=\"\" width=\"0\" height=\"0\" \/><img decoding=\"async\" class=\"wp-image-21431 alignnone size-medium\" src=\"https:\/\/www.les-sablons.com\/wp-content\/uploads\/2022\/07\/Plan-de-travail-1-340x111.png\" alt=\"\" width=\"429\" height=\"140\" \/><a href=\"https:\/\/www.les-sablons.com\/wp-content\/uploads\/\/logo-velo-blanc.svg\"><img decoding=\"async\" class=\"wp-image-21426 alignnone size-full\" src=\"https:\/\/www.les-sablons.com\/wp-content\/uploads\/\/logo-velo-blanc.svg\" alt=\"\" width=\"0\" height=\"0\" \/><\/a><\/p>\n<p>[\/et_pb_slide][\/et_pb_fullwidth_slider][\/et_pb_section][et_pb_section fb_built=&#8220;1&#8243; _builder_version=&#8220;4.9.4&#8243; _module_preset=&#8220;default&#8220; background_enable_image=&#8220;off&#8220; background_size=&#8220;contain&#8220; background_position=&#8220;top_left&#8220; min_height=&#8220;650px&#8220; min_height_tablet=&#8220;&#8220; min_height_phone=&#8220;&#8220; min_height_last_edited=&#8220;on|desktop&#8220; locked=&#8220;off&#8220; collapsed=&#8220;on&#8220;][et_pb_row column_structure=&#8220;1_2,1_2&#8243; use_custom_gutter=&#8220;on&#8220; gutter_width=&#8220;2&#8243; make_equal=&#8220;on&#8220; _builder_version=&#8220;4.9.4&#8243; _module_preset=&#8220;default&#8220; background_enable_image=&#8220;off&#8220; background_position=&#8220;top_left&#8220; width=&#8220;100%&#8220; max_width=&#8220;1280px&#8220;][et_pb_column type=&#8220;1_2&#8243; _builder_version=&#8220;4.9.4&#8243; _module_preset=&#8220;default&#8220; background_enable_image=&#8220;off&#8220;][et_pb_image src=&#8220;https:\/\/www.les-sablons.com\/wp-content\/uploads\/2023\/01\/accueil-velo.png&#8220; title_text=&#8220;accueil-velo&#8220; align=&#8220;center&#8220; admin_label=&#8220;Logo-label&#8220; module_class=&#8220;logo-label-velo&#8220; _builder_version=&#8220;4.9.4&#8243; _module_preset=&#8220;default&#8220; width=&#8220;40%&#8220;][\/et_pb_image][et_pb_image src=&#8220;https:\/\/www.les-sablons.com\/wp-content\/uploads\/2025\/07\/location_velo_les_sabloons_web-11-1024&#215;683.jpg&#8220; title_text=&#8220;location_velo_les_sabloons_web-11&#8243; module_class=&#8220;double-img-item&#8220; _builder_version=&#8220;4.9.4&#8243; _module_preset=&#8220;default&#8220; max_width=&#8220;380px&#8220; custom_padding_tablet=&#8220;&#8220; custom_padding_phone=&#8220;15px|15px|15px|15px|true|true&#8220; custom_padding_last_edited=&#8220;on|phone&#8220;][\/et_pb_image][et_pb_image src=&#8220;https:\/\/www.les-sablons.com\/wp-content\/uploads\/2025\/07\/location_velo_les_sabloons_web-26-1024&#215;683.jpg&#8220; title_text=&#8220;location_velo_les_sabloons_web-26&#8243; disabled_on=&#8220;on|on|off&#8220; _builder_version=&#8220;4.9.4&#8243; _module_preset=&#8220;default&#8220; max_width=&#8220;375px&#8220; custom_padding_tablet=&#8220;&#8220; custom_padding_phone=&#8220;15px|15px|15px|15px|true|true&#8220; custom_padding_last_edited=&#8220;on|phone&#8220; custom_css_main_element=&#8220;text-align: right !important;||margin: -60px 0 auto auto !important;&#8220;][\/et_pb_image][\/et_pb_column][et_pb_column type=&#8220;1_2&#8243; _builder_version=&#8220;4.9.4&#8243; _module_preset=&#8220;default&#8220;][et_pb_blurb title=&#8220;Fahrradverleih &#038; -wartung<br \/> f\u00fcr alle Stile&#8220; content_max_width=&#8220;100%&#8220; module_class=&#8220;small-fermer-resume&#8220; _builder_version=&#8220;4.9.4&#8243; _module_preset=&#8220;default&#8220; header_level=&#8220;h2&#8243; header_font=&#8220;|800|||||||&#8220; header_text_color=&#8220;#000000&#8243; header_font_size=&#8220;30px&#8220; body_font_size=&#8220;1rem&#8220; body_line_height=&#8220;1.5rem&#8220; custom_margin=&#8220;|15px||15px|false|false&#8220; custom_padding_tablet=&#8220;&#8220; custom_padding_phone=&#8220;15px|15px|15px|15px|true|true&#8220; custom_padding_last_edited=&#8220;on|phone&#8220; header_font_size_tablet=&#8220;&#8220; header_font_size_phone=&#8220;25px&#8220; header_font_size_last_edited=&#8220;on|phone&#8220; body_font_size_tablet=&#8220;&#8220; body_font_size_phone=&#8220;&#8220; body_font_size_last_edited=&#8220;on|phone&#8220; custom_css_blurb_title=&#8220;margin-bottom:1.2rem;&#8220;]<\/p>\n<p style=\"font-size: 1.4rem; font-style: italic; line-height: 1.2;\">Ein Service mit der Bezeichnung \u201eAccueil V\u00e9lo\u201c f\u00fcr das Fahren in v\u00f6lliger Freiheit<\/p>\n<p>\u201eLes V\u00e9los des Sablons\u201c ist von France V\u00e9lo Tourisme mit dem \u201eWelcome V\u00e9lo\u201c-Zertifikat ausgezeichnet und bietet einen Fahrradverleih und -wartungsservice.<\/p>\n<p>Ob Sie mit Familie oder Freunden unterwegs sind, ob jung oder alt, ob Sie spazieren gehen, die Gegend erkunden oder eine sportliche Herausforderung suchen \u2013 in unserem Mietangebot finden Sie die passenden Fahrr\u00e4der f\u00fcr sich.<\/p>\n<p>&nbsp;<\/p>\n<p>[\/et_pb_blurb][dnxte_feature_list_parent dnxte_feature_list_icon_color=&#8220;#12b312&#8243; dnxte_feature_list_icon_bg_color=&#8220;RGBA(0,0,0,0)&#8220; dnxte_feature_list_item_margin=&#8220;||15px||false|false&#8220; dnxte_feature_list_item_padding=&#8220;||||false|true&#8220; dnxte_feature_list_item_padding_tablet=&#8220;|20px||20px|false|true&#8220; dnxte_feature_list_item_padding_phone=&#8220;|20px||20px|false|true&#8220; dnxte_feature_list_item_padding_last_edited=&#8220;on|desktop&#8220; module_class=&#8220;list-featured-list&#8220; _builder_version=&#8220;4.9.4&#8243; _module_preset=&#8220;default&#8220; title_font=&#8220;|700|||||||&#8220; custom_css_main_element=&#8220;margin-bottom:1.7rem !important;||margin-top:1.7rem;||margin-left:0;&#8220; custom_css_feature_list_icon=&#8220;background:none !important;&#8220; locked=&#8220;off&#8220; dnxte_feature_list_item_padding__hover_enabled=&#8220;off|desktop&#8220;][dnxte_feature_list_child dnxte_feature_list_title=&#8220;Ein komplettes Sortiment f\u00fcr alle Profile&#8220; _builder_version=&#8220;4.9.4&#8243; _module_preset=&#8220;default&#8220; custom_css_feature_list_icon=&#8220;background:none;&#8220;][\/dnxte_feature_list_child][dnxte_feature_list_child dnxte_feature_list_title=&#8220;Ein einfacher und flexibler Service&#8220; _builder_version=&#8220;4.9.4&#8243; _module_preset=&#8220;default&#8220;][\/dnxte_feature_list_child][dnxte_feature_list_child dnxte_feature_list_title=&#8220;Jedes Fahrrad wird gepr\u00fcft, gewartet und ist f\u00fcr eine sichere Fahrt bereit.&#8220; _builder_version=&#8220;4.9.4&#8243; _module_preset=&#8220;default&#8220;][\/dnxte_feature_list_child][\/dnxte_feature_list_parent][et_pb_button button_url=&#8220;https:\/\/cart.guidap.net\/v1\/iframe.html?g-token=IPMj2uT9k5HEzAwmV6lRrUL0bidZcxWeY8aK&#038;g-lang=fr&#038;g-currency=EUR&#038;g-hide-close&#038;g-fn%5b0%5d=openActivities&#8220; button_text=&#8220;Ich buche jetzt&#8220; button_alignment=&#8220;left&#8220; button_alignment_tablet=&#8220;&#8220; button_alignment_phone=&#8220;center&#8220; button_alignment_last_edited=&#8220;on|phone&#8220; _builder_version=&#8220;4.9.4&#8243; _module_preset=&#8220;default&#8220; custom_button=&#8220;on&#8220; button_text_size=&#8220;15px&#8220; button_bg_color=&#8220;#96c896&#8243; button_border_width=&#8220;0px&#8220; button_icon=&#8220;%%20%%&#8220; button_icon_color=&#8220;#FFFFFF&#8220; button_on_hover=&#8220;off&#8220; background_layout=&#8220;dark&#8220; custom_margin=&#8220;30px||||false|false&#8220; custom_padding=&#8220;10px|20px|10px|20px|true|true&#8220; locked=&#8220;off&#8220; custom_css_main_element_last_edited=&#8220;on|phone&#8220; custom_css_main_element_phone=&#8220;font-size:1.1rem !important;&#8220;][\/et_pb_button][\/et_pb_column][\/et_pb_row][\/et_pb_section][et_pb_section fb_built=&#8220;1&#8243; module_id=&#8220;__content-slide-show&#8220; _builder_version=&#8220;4.9.4&#8243; _module_preset=&#8220;default&#8220; background_color=&#8220;#f7f2ec&#8220; custom_css_before=&#8220;content: %22%22;||display: block;||width: 100%;||height: 80%;||background: #96c896;||position: absolute;||top:0;||left:0;&#8220; locked=&#8220;off&#8220; collapsed=&#8220;on&#8220;][et_pb_row _builder_version=&#8220;4.9.4&#8243; _module_preset=&#8220;default&#8220; width=&#8220;100%&#8220; max_width=&#8220;1480px&#8220;][et_pb_column type=&#8220;4_4&#8243; _builder_version=&#8220;4.9.4&#8243; _module_preset=&#8220;default&#8220;][et_pb_blurb title=&#8220;Unsere Fahrradfamilien&#8220; disabled_on=&#8220;off|off|off&#8220; admin_label=&#8220;Familles de v\u00e9los&#8220; _builder_version=&#8220;4.9.4&#8243; _module_preset=&#8220;default&#8220; header_level=&#8220;h3&#8243; header_font=&#8220;|700|||||||&#8220; header_text_align=&#8220;center&#8220; header_font_size=&#8220;30px&#8220; body_text_align=&#8220;center&#8220; body_font_size=&#8220;1rem&#8220; background_layout=&#8220;dark&#8220; header_font_size_tablet=&#8220;&#8220; header_font_size_phone=&#8220;20px&#8220; header_font_size_last_edited=&#8220;on|phone&#8220;]<\/p>\n<p>Entdecken Sie unsere Auswahl an Fahrr\u00e4dern f\u00fcr jeden Geschmack, jedes Gel\u00e4nde und jedes Profil. Ob Abenteurer, Eltern, Genussradler oder zuk\u00fcnftiger Champion \u2013 hier finden Sie, was Sie suchen!<\/p>\n<p>[\/et_pb_blurb][dnxte_coverflowslider_parent dnxte_coverflow_autoplay_show_hide=&#8220;off&#8220; dnxte_coverflow_auto_height=&#8220;off&#8220; dnxte_coverflow_keyboard_enable=&#8220;off&#8220; dnxte_coverflow_spacebetween=&#8220;30&#8243; dnxte_coverflow_arrows=&#8220;on&#8220; dnxte_coverflow_pagination_type=&#8220;none&#8220; dnxte_coverflow_breakpoint_desktop=&#8220;4&#8243; dnxte_coverflow_pause_on_hover=&#8220;off&#8220; dnxte_coverflow_slide_stretch=&#8220;1&#8243; dnxte_coverflow_slide_depth=&#8220;1&#8243; dnxte_coverflow_arrow_color=&#8220;#000000&#8243; dnxte_coverflow_arrow_position=&#8220;outer&#8220; admin_label=&#8220;Gamme velo&#8220; module_class=&#8220;portrait-slide-show&#8220; _builder_version=&#8220;4.9.4&#8243; _module_preset=&#8220;default&#8220; content_font_size=&#8220;1rem&#8220;][dnxte_coverflowslider_child coverflowslider_layouts=&#8220;inside-image&#8220; coverflowslider_text=&#8220;RIDE &#8220; coverflowslider_content=&#8220;<\/p>\n<p class=%22coverflow-sub-title%22>Die einfache Freude am Radfahren<\/p>\n<p><a class=%22a-link--btn%22 href=%22#gamme-ride%22>Entdecken<\/a><\/p>\n<p>&#8220; coverflowslider_image=&#8220;https:\/\/www.les-sablons.com\/wp-content\/uploads\/2025\/07\/location_velo_les_sabloons_web-6-1024&#215;683.jpg&#8220; coverflowslider_alt=&#8220;Ride&#8220; _builder_version=&#8220;4.9.4&#8243; _module_preset=&#8220;default&#8220; header_font=&#8220;|700|||||||&#8220; header_text_color=&#8220;#FFFFFF&#8220; header_font_size=&#8220;1.1rem&#8220; content_text_color=&#8220;#FFFFFF&#8220; content_font_size=&#8220;0.9rem&#8220; background_enable_image=&#8220;off&#8220; link_option_url=&#8220;#gamme-ride&#8220;][\/dnxte_coverflowslider_child][dnxte_coverflowslider_child coverflowslider_layouts=&#8220;inside-image&#8220; coverflowslider_text=&#8220;RIDE CHILL&#8220; coverflowslider_content=&#8220;<\/p>\n<p class=%22coverflow-sub-title%22>Das einfache, unterst\u00fctzte und stylische Fahrrad<\/p>\n<p><a class=%22a-link--btn%22 href=%22#gamme-ride-chill%22>Entdecken<\/a><\/p>\n<p>&#8220; coverflowslider_image=&#8220;https:\/\/www.les-sablons.com\/wp-content\/uploads\/2025\/07\/location_velo_les_sablons_web-14-1024&#215;683.jpg&#8220; coverflowslider_alt=&#8220;Ride Chill&#8220; _builder_version=&#8220;4.9.4&#8243; _module_preset=&#8220;default&#8220; header_font=&#8220;|700|||||||&#8220; header_text_color=&#8220;#FFFFFF&#8220; header_font_size=&#8220;1.1rem&#8220; content_text_color=&#8220;#FFFFFF&#8220; content_font_size=&#8220;0.9rem&#8220; link_option_url=&#8220;#gamme-ride-chill&#8220;][\/dnxte_coverflowslider_child][dnxte_coverflowslider_child coverflowslider_layouts=&#8220;inside-image&#8220; coverflowslider_text=&#8220;FAMILY&#8220; coverflowslider_content=&#8220;<\/p>\n<p class=%22coverflow-sub-title%22>Die Familienversion des Radfahrens<\/p>\n<p><a class=%22a-link--btn%22 href=%22#gamme-family%22>Entdecken<\/a><\/p>\n<p>&#8220; coverflowslider_image=&#8220;https:\/\/www.les-sablons.com\/wp-content\/uploads\/2025\/07\/location_velo_les_sabloons_web-23-1024&#215;683.jpg&#8220; coverflowslider_alt=&#8220;Family&#8220; _builder_version=&#8220;4.9.4&#8243; _module_preset=&#8220;default&#8220; header_font=&#8220;|700|||||||&#8220; header_text_color=&#8220;#FFFFFF&#8220; header_font_size=&#8220;1.1rem&#8220; content_text_color=&#8220;#FFFFFF&#8220; content_font_size=&#8220;0.9rem&#8220; link_option_url=&#8220;#gamme-family&#8220;][\/dnxte_coverflowslider_child][dnxte_coverflowslider_child coverflowslider_layouts=&#8220;inside-image&#8220; coverflowslider_text=&#8220;ADVENTURE&#8220; coverflowslider_content=&#8220;<\/p>\n<p class=%22coverflow-sub-title%22>Der Geschmack f\u00fcr Anstrengung (oder nicht)<\/p>\n<p><a class=%22a-link--btn%22 href=%22#gamme-aventure%22>Entdecken<\/a><\/p>\n<p>&#8220; coverflowslider_image=&#8220;https:\/\/www.les-sablons.com\/wp-content\/uploads\/2025\/07\/location_velo_les_sabloons_web-10-1024&#215;683.jpg&#8220; coverflowslider_alt=&#8220;Adventure&#8220; _builder_version=&#8220;4.9.4&#8243; _module_preset=&#8220;default&#8220; header_font=&#8220;|700|||||||&#8220; header_text_color=&#8220;#FFFFFF&#8220; header_font_size=&#8220;1.1rem&#8220; content_text_color=&#8220;#FFFFFF&#8220; content_font_size=&#8220;0.9rem&#8220; link_option_url=&#8220;#gamme-adventure&#8220;][\/dnxte_coverflowslider_child][dnxte_coverflowslider_child coverflowslider_layouts=&#8220;inside-image&#8220; coverflowslider_text=&#8220;KIDS&#8220; coverflowslider_content=&#8220;<\/p>\n<p class=%22coverflow-sub-title%22>Radfahren von klein auf<\/p>\n<p><a class=%22a-link--btn%22 href=%22#gamme-kids%22>Entdecken<\/a><\/p>\n<p>&#8220; coverflowslider_image=&#8220;https:\/\/www.les-sablons.com\/wp-content\/uploads\/2025\/07\/location_velo_les_sablons_web-50-1024&#215;683.jpg&#8220; coverflowslider_alt=&#8220;Kids&#8220; _builder_version=&#8220;4.9.4&#8243; _module_preset=&#8220;default&#8220; header_font=&#8220;|700|||||||&#8220; header_text_color=&#8220;#FFFFFF&#8220; header_font_size=&#8220;1.1rem&#8220; content_text_color=&#8220;#FFFFFF&#8220; content_font_size=&#8220;0.9rem&#8220; link_option_url=&#8220;#gamme-kids&#8220;][\/dnxte_coverflowslider_child][\/dnxte_coverflowslider_parent][\/et_pb_column][\/et_pb_row][\/et_pb_section][et_pb_section fb_built=&#8220;1&#8243; module_id=&#8220;gamme-ride&#8220; _builder_version=&#8220;4.9.4&#8243; _module_preset=&#8220;default&#8220; background_color=&#8220;#f7f2ec&#8220; locked=&#8220;off&#8220; collapsed=&#8220;on&#8220;][et_pb_row make_equal=&#8220;on&#8220; module_id=&#8220;bloc-ateliers-eco&#8220; _builder_version=&#8220;4.9.4&#8243; _module_preset=&#8220;default&#8220; width=&#8220;100%&#8220; max_width=&#8220;1280px&#8220; custom_css_main_element=&#8220;align-items:center;&#8220;][et_pb_column type=&#8220;4_4&#8243; _builder_version=&#8220;4.9.4&#8243; _module_preset=&#8220;default&#8220;][et_pb_blurb title=&#8220;<span>Unsere Produkte<\/span> Unser Ride-Sortiment&#8220; content_max_width=&#8220;640px&#8220; content_max_width_tablet=&#8220;940px&#8220; content_max_width_phone=&#8220;100%&#8220; content_max_width_last_edited=&#8220;on|tablet&#8220; admin_label=&#8220;Ride&#8220; module_class=&#8220;text-withSpan-block&#8220; _builder_version=&#8220;4.9.4&#8243; _module_preset=&#8220;default&#8220; header_level=&#8220;h2&#8243; header_font=&#8220;|800|||||||&#8220; header_text_align=&#8220;center&#8220; header_font_size=&#8220;2rem&#8220; header_line_height=&#8220;2.5rem&#8220; body_text_align=&#8220;center&#8220; body_font_size=&#8220;1rem&#8220; body_line_height=&#8220;1.7rem&#8220; text_orientation=&#8220;center&#8220; custom_padding_tablet=&#8220;|20px||20px|false|true&#8220; custom_padding_phone=&#8220;15px|15px|15px|15px|false|false&#8220; custom_padding_last_edited=&#8220;on|tablet&#8220; header_font_size_tablet=&#8220;&#8220; header_font_size_phone=&#8220;1.5rem&#8220; header_font_size_last_edited=&#8220;on|phone&#8220; locked=&#8220;off&#8220;]<\/p>\n<p>F\u00fcr Ihre ruhigen Spazierg\u00e4nge entlang des Kanals, am Meer oder f\u00fcr Ihre kurzen Tagesausfl\u00fcge w\u00e4hrend Ihres Aufenthalts<\/p>\n<p>[\/et_pb_blurb][dnxte_coverflowslider_parent dnxte_coverflow_autoplay_show_hide=&#8220;off&#8220; dnxte_coverflow_keyboard_enable=&#8220;off&#8220; dnxte_coverflow_spacebetween=&#8220;20&#8243; dnxte_coverflow_arrows=&#8220;on&#8220; dnxte_coverflow_pagination_type=&#8220;none&#8220; dnxte_coverflow_breakpoint_desktop=&#8220;4&#8243; dnxte_coverflow_slide_stretch=&#8220;0&#8243; dnxte_coverflow_slide_depth=&#8220;0&#8243; dnxte_coverflow_arrow_color=&#8220;#000000&#8243; dnxte_coverflow_arrow_position=&#8220;outer&#8220; admin_label=&#8220;SLIDER LOCATION VELO&#8220; module_class=&#8220;product-main-slider slider-formations&#8220; _builder_version=&#8220;4.9.4&#8243; _module_preset=&#8220;default&#8220;][dnxte_coverflowslider_child coverflowslider_layouts=&#8220;below-image&#8220; coverflowslider_text=&#8220;ONE V\u00e9lo City&#8220; coverflowslider_content=&#8220;<\/p>\n<div class=%22custom-content-inner%22>\n<p><strong class=%22custom-content__cat%22>Ride<\/strong><\/p>\n<ul>\n<li>1\/2 Tag<strong>8\u20ac<\/strong><\/li>\n<li>1 Tag<strong>12\u20ac<\/strong><\/li>\n<li>7 Tage<strong>60\u20ac<\/strong><\/li>\n<\/ul>\n<\/div>\n<p><a class=%22a-link%22 href=%22https:\/\/cart.guidap.net\/v1\/iframe.html?g-token=IPMj2uT9k5HEzAwmV6lRrUL0bidZcxWeY8aK&#038;g-lang=fr&#038;g-currency=EUR&#038;g-hide-close=&#038;g-fn%5B0%5D=openActivities&#038;g-path=%2Fcart%2Factivities%2FojuxCpwWm0GS7nsecK6ELz5FgZRITJB4lha9%22 data-et-target-link=%22_blank%22 rel=%22noopener%22>Buchen<\/a><\/p>\n<p>&#8220; coverflowslider_image=&#8220;https:\/\/www.les-sablons.com\/wp-content\/uploads\/2025\/06\/photo_one_02-1024&#215;744.jpg&#8220; coverflowslider_alt=&#8220;One v\u00e9lo city &#8220; coverflowslider_text_margin=&#8220;10px||||false|false&#8220; coverflowslider_text_padding=&#8220;20px|30px||30px|false|false&#8220; coverflowslider_content_margin=&#8220;||||false|false&#8220; coverflowslider_content_padding=&#8220;|30px|30px|30px|false|false&#8220; _builder_version=&#8220;4.9.4&#8243; _module_preset=&#8220;default&#8220; header_level=&#8220;h3&#8243; header_font=&#8220;|700|||||||&#8220; header_font_size=&#8220;15px&#8220; link_option_url=&#8220;https:\/\/cart.guidap.net\/v1\/iframe.html?g-token=IPMj2uT9k5HEzAwmV6lRrUL0bidZcxWeY8aK&#038;g-lang=fr&#038;g-currency=EUR&#038;g-hide-close=&#038;g-fn%5B0%5D=openActivities&#038;g-path=%2Fcart%2Factivities%2FojuxCpwWm0GS7nsecK6ELz5FgZRITJB4lha9&#8243; link_option_url_new_window=&#8220;on&#8220; header_font_size_tablet=&#8220;&#8220; header_font_size_phone=&#8220;16px&#8220; header_font_size_last_edited=&#8220;on|phone&#8220; custom_css_image=&#8220;width:100%;&#8220;][\/dnxte_coverflowslider_child][dnxte_coverflowslider_child coverflowslider_layouts=&#8220;below-image&#8220; coverflowslider_text=&#8220;STYLE BeachCruiser&#8220; coverflowslider_content=&#8220;<\/p>\n<div class=%22custom-content-inner%22><strong class=%22custom-content__cat%22>Ride<\/strong><\/p>\n<ul>\n<li>1\/2 Tag<strong>10\u20ac<\/strong><\/li>\n<li>1 Tag<strong>15\u20ac<\/strong><\/li>\n<li>7 Tage<strong>75\u20ac<\/strong><\/li>\n<\/ul>\n<\/div>\n<p><a class=%22a-link%22 href=%22https:\/\/cart.guidap.net\/v1\/iframe.html?g-token=IPMj2uT9k5HEzAwmV6lRrUL0bidZcxWeY8aK&#038;g-lang=fr&#038;g-currency=EUR&#038;g-hide-close=&#038;g-fn%5B0%5D=openActivities&#038;g-path=%2Fcart%2Factivities%2FYvM2IOSsle0qjK95mrDkH3xQw4CPhn6ziFAB%22>Buchen<\/a><\/p>\n<p>&#8220; coverflowslider_image=&#8220;https:\/\/www.les-sablons.com\/wp-content\/uploads\/2025\/06\/Ride_style_02-1024&#215;744.jpg&#8220; coverflowslider_alt=&#8220;Style BeachCruiser&#8220; coverflowslider_text_margin=&#8220;10px||||false|false&#8220; coverflowslider_text_padding=&#8220;20px|30px||30px|false|false&#8220; coverflowslider_content_margin=&#8220;||||false|false&#8220; coverflowslider_content_padding=&#8220;|30px|30px|30px|false|false&#8220; _builder_version=&#8220;4.9.4&#8243; _module_preset=&#8220;default&#8220; header_level=&#8220;h3&#8243; header_font=&#8220;|700|||||||&#8220; header_font_size=&#8220;15px&#8220; link_option_url=&#8220;https:\/\/cart.guidap.net\/v1\/iframe.html?g-token=IPMj2uT9k5HEzAwmV6lRrUL0bidZcxWeY8aK&#038;g-lang=fr&#038;g-currency=EUR&#038;g-hide-close=&#038;g-fn%5B0%5D=openActivities&#038;g-path=%2Fcart%2Factivities%2FYvM2IOSsle0qjK95mrDkH3xQw4CPhn6ziFAB&#8220; link_option_url_new_window=&#8220;on&#8220; header_font_size_tablet=&#8220;&#8220; header_font_size_phone=&#8220;16px&#8220; header_font_size_last_edited=&#8220;on|phone&#8220; custom_css_image=&#8220;width:100%;&#8220;][\/dnxte_coverflowslider_child][dnxte_coverflowslider_child coverflowslider_layouts=&#8220;below-image&#8220; coverflowslider_text=&#8220;COUNTRY vtc&#8220; coverflowslider_content=&#8220;<\/p>\n<div class=%22custom-content-inner%22>\n<p><strong class=%22custom-content__cat%22>Ride<\/strong><\/p>\n<ul>\n<li>1\/2 Tag<strong>12\u20ac<\/strong><\/li>\n<li>1 Tag<strong>18\u20ac<\/strong><\/li>\n<li>7 Tage<strong>90\u20ac<\/strong><\/li>\n<\/ul>\n<\/div>\n<p><a class=%22a-link%22 href=%22https:\/\/cart.guidap.net\/v1\/iframe.html?g-token=IPMj2uT9k5HEzAwmV6lRrUL0bidZcxWeY8aK&#038;g-lang=fr&#038;g-currency=EUR&#038;g-hide-close=&#038;g-fn%5B0%5D=openActivities&#038;g-path=%2Fcart%2Factivities%2FmFHP067flohEZUzi2BQqebDdA5GKNgxXnkIp%22 data-et-target-link=%22_blank%22 rel=%22noopener%22>Buchen<\/a><\/p>\n<p>&#8220; coverflowslider_image=&#8220;https:\/\/www.les-sablons.com\/wp-content\/uploads\/2025\/06\/Ride_country_02-1024&#215;744.jpg&#8220; coverflowslider_alt=&#8220;Country vtc&#8220; coverflowslider_text_margin=&#8220;10px||||false|false&#8220; coverflowslider_text_padding=&#8220;20px|30px||30px|false|false&#8220; coverflowslider_content_margin=&#8220;||||false|false&#8220; coverflowslider_content_padding=&#8220;|30px|30px|30px|false|false&#8220; _builder_version=&#8220;4.9.4&#8243; _module_preset=&#8220;default&#8220; header_level=&#8220;h3&#8243; header_font=&#8220;|700|||||||&#8220; header_font_size=&#8220;15px&#8220; link_option_url=&#8220;https:\/\/cart.guidap.net\/v1\/iframe.html?g-token=IPMj2uT9k5HEzAwmV6lRrUL0bidZcxWeY8aK&#038;g-lang=fr&#038;g-currency=EUR&#038;g-hide-close=&#038;g-fn%5B0%5D=openActivities&#038;g-path=%2Fcart%2Factivities%2FmFHP067flohEZUzi2BQqebDdA5GKNgxXnkIp&#8220; link_option_url_new_window=&#8220;on&#8220; header_font_size_tablet=&#8220;&#8220; header_font_size_phone=&#8220;16px&#8220; header_font_size_last_edited=&#8220;on|phone&#8220; custom_css_image=&#8220;width:100%;&#8220;][\/dnxte_coverflowslider_child][\/dnxte_coverflowslider_parent][et_pb_blurb content_max_width=&#8220;640px&#8220; content_max_width_tablet=&#8220;940px&#8220; content_max_width_phone=&#8220;100%&#8220; content_max_width_last_edited=&#8220;on|tablet&#8220; admin_label=&#8220;Ride&#8220; module_class=&#8220;text-withSpan-block&#8220; _builder_version=&#8220;4.9.4&#8243; _module_preset=&#8220;default&#8220; header_level=&#8220;h2&#8243; header_font=&#8220;|800|||||||&#8220; header_text_align=&#8220;center&#8220; header_font_size=&#8220;2rem&#8220; header_line_height=&#8220;2.5rem&#8220; body_text_align=&#8220;center&#8220; body_font_size=&#8220;1rem&#8220; body_line_height=&#8220;1.7rem&#8220; text_orientation=&#8220;center&#8220; custom_padding_tablet=&#8220;|20px||20px|false|true&#8220; custom_padding_phone=&#8220;15px|15px|15px|15px|false|false&#8220; custom_padding_last_edited=&#8220;on|tablet&#8220; header_font_size_tablet=&#8220;&#8220; header_font_size_phone=&#8220;1.5rem&#8220; header_font_size_last_edited=&#8220;on|phone&#8220; locked=&#8220;off&#8220;]<\/p>\n<p>Komfortable, vielseitige und erschwingliche Trekkingr\u00e4der. Perfekt f\u00fcr Radtouren, Ausfl\u00fcge ans Meer, entlang des Canal du Midi oder auf den Nebenstra\u00dfen rund um den Campingplatz. F\u00fcr entspannte und stressfreie Erkundungstouren.<\/p>\n<p>[\/et_pb_blurb][\/et_pb_column][\/et_pb_row][\/et_pb_section][et_pb_section fb_built=&#8220;1&#8243; module_id=&#8220;gamme-ride-chill&#8220; _builder_version=&#8220;4.9.4&#8243; _module_preset=&#8220;default&#8220; background_color=&#8220;RGBA(0,0,0,0)&#8220; locked=&#8220;off&#8220; collapsed=&#8220;on&#8220;][et_pb_row make_equal=&#8220;on&#8220; module_id=&#8220;bloc-ateliers-eco&#8220; _builder_version=&#8220;4.9.4&#8243; _module_preset=&#8220;default&#8220; width=&#8220;100%&#8220; max_width=&#8220;1280px&#8220; custom_css_main_element=&#8220;align-items:center;&#8220;][et_pb_column type=&#8220;4_4&#8243; _builder_version=&#8220;4.9.4&#8243; _module_preset=&#8220;default&#8220;][et_pb_blurb title=&#8220;<span>Unsere Produkte<\/span> Unser Ride Chill-Sortiment&#8220; content_max_width=&#8220;640px&#8220; content_max_width_tablet=&#8220;940px&#8220; content_max_width_phone=&#8220;100%&#8220; content_max_width_last_edited=&#8220;on|tablet&#8220; admin_label=&#8220;Ride chill&#8220; module_class=&#8220;text-withSpan-block&#8220; _builder_version=&#8220;4.9.4&#8243; _module_preset=&#8220;default&#8220; header_level=&#8220;h2&#8243; header_font=&#8220;|800|||||||&#8220; header_text_align=&#8220;center&#8220; header_font_size=&#8220;2rem&#8220; header_line_height=&#8220;2.5rem&#8220; body_text_align=&#8220;center&#8220; body_font_size=&#8220;1rem&#8220; body_line_height=&#8220;1.7rem&#8220; text_orientation=&#8220;center&#8220; custom_padding_tablet=&#8220;|20px||20px|false|true&#8220; custom_padding_phone=&#8220;15px|15px|15px|15px|false|false&#8220; custom_padding_last_edited=&#8220;on|tablet&#8220; header_font_size_tablet=&#8220;&#8220; header_font_size_phone=&#8220;1.5rem&#8220; header_font_size_last_edited=&#8220;on|phone&#8220; locked=&#8220;off&#8220;]<\/p>\n<p>F\u00fcr alle, die die Erkundung und den Komfort der elektrischen Unterst\u00fctzung zu sch\u00e4tzen wissen<\/p>\n<p>[\/et_pb_blurb][dnxte_coverflowslider_parent dnxte_coverflow_autoplay_show_hide=&#8220;off&#8220; dnxte_coverflow_keyboard_enable=&#8220;off&#8220; dnxte_coverflow_spacebetween=&#8220;20&#8243; dnxte_coverflow_arrows=&#8220;on&#8220; dnxte_coverflow_breakpoint_desktop=&#8220;4&#8243; dnxte_coverflow_slide_stretch=&#8220;0&#8243; dnxte_coverflow_slide_depth=&#8220;0&#8243; dnxte_coverflow_arrow_color=&#8220;#000000&#8243; dnxte_coverflow_dots_active_color=&#8220;#96c896&#8243; dnxte_coverflow_arrow_position=&#8220;outer&#8220; admin_label=&#8220;SLIDER LOCATION VELO&#8220; module_class=&#8220;product-main-slider slider-formations&#8220; _builder_version=&#8220;4.9.4&#8243; _module_preset=&#8220;default&#8220;][dnxte_coverflowslider_child coverflowslider_layouts=&#8220;below-image&#8220; coverflowslider_text=&#8220;E-COUNTRY VTCae&#8220; coverflowslider_content=&#8220;<\/p>\n<div class=%22custom-content-inner%22><strong class=%22custom-content__cat%22>Ride Chill<\/strong><\/p>\n<ul>\n<li>1\/2 Tag<strong>20\u20ac<\/strong><\/li>\n<li>1 Tag<strong>35\u20ac<\/strong><\/li>\n<li> <\/li>\n<\/ul>\n<\/div>\n<p><a class=%22a-link%22 href=%22https:\/\/cart.guidap.net\/v1\/iframe.html?g-token=IPMj2uT9k5HEzAwmV6lRrUL0bidZcxWeY8aK&#038;g-lang=fr&#038;g-currency=EUR&#038;g-hide-close=&#038;g-fn%5B0%5D=openActivities&#038;g-path=%2Fcart%2Factivities%2For8Bn2vZgmDGpi1aCbTexhd4klALWyROVjuS%22 data-et-target-link=%22_blank%22 rel=%22noopener%22>Buchen<\/a><\/p>\n<p>&#8220; coverflowslider_image=&#8220;https:\/\/www.les-sablons.com\/wp-content\/uploads\/2025\/06\/Ride_chill_Ecounytry_02-1024&#215;744.jpg&#8220; coverflowslider_alt=&#8220;E-COUNTRY VTCae&#8220; coverflowslider_text_margin=&#8220;10px||||false|false&#8220; coverflowslider_text_padding=&#8220;20px|30px||30px|false|false&#8220; coverflowslider_content_margin=&#8220;||||false|false&#8220; coverflowslider_content_padding=&#8220;|30px|30px|30px|false|false&#8220; _builder_version=&#8220;4.9.4&#8243; _module_preset=&#8220;default&#8220; header_level=&#8220;h3&#8243; header_font=&#8220;|700|||||||&#8220; header_font_size=&#8220;15px&#8220; link_option_url=&#8220;https:\/\/cart.guidap.net\/v1\/iframe.html?g-token=IPMj2uT9k5HEzAwmV6lRrUL0bidZcxWeY8aK&#038;g-lang=fr&#038;g-currency=EUR&#038;g-hide-close=&#038;g-fn%5B0%5D=openActivities&#038;g-path=%2Fcart%2Factivities%2For8Bn2vZgmDGpi1aCbTexhd4klALWyROVjuS&#8220; link_option_url_new_window=&#8220;on&#8220; header_font_size_tablet=&#8220;&#8220; header_font_size_phone=&#8220;16px&#8220; header_font_size_last_edited=&#8220;on|desktop&#8220; custom_css_image=&#8220;width:100%;&#8220;][\/dnxte_coverflowslider_child][dnxte_coverflowslider_child coverflowslider_layouts=&#8220;below-image&#8220; coverflowslider_text=&#8220;E-PREMIUM VTCae premium&#8220; coverflowslider_content=&#8220;<\/p>\n<div class=%22custom-content-inner%22><strong class=%22custom-content__cat%22>Ride Chill<\/strong><\/p>\n<ul>\n<li>1\/2 Tag<strong>30\u20ac<\/strong><\/li>\n<li>1 Tag<strong>45\u20ac<\/strong><\/li>\n<li> <\/li>\n<\/ul>\n<\/div>\n<p><a class=%22a-link%22 href=%22https:\/\/cart.guidap.net\/v1\/iframe.html?g-token=IPMj2uT9k5HEzAwmV6lRrUL0bidZcxWeY8aK&#038;g-lang=fr&#038;g-currency=EUR&#038;g-hide-close=&#038;g-fn%5B0%5D=openActivities&#038;g-path=%2Fcart%2Factivities%2FhBKC0a4IzoUq9sHAiy2OcnMT8pjr3WEfwbLP%22 data-et-target-link=%22_blank%22 rel=%22noopener%22>Buchen<\/a><\/p>\n<p>&#8220; coverflowslider_image=&#8220;https:\/\/www.les-sablons.com\/wp-content\/uploads\/2025\/06\/Ride_chill_Epremium_02-1024&#215;744.jpg&#8220; coverflowslider_alt=&#8220;E-PREMIUM VTCae premium&#8220; coverflowslider_text_margin=&#8220;10px||||false|false&#8220; coverflowslider_text_padding=&#8220;20px|30px||30px|false|false&#8220; coverflowslider_content_margin=&#8220;||||false|false&#8220; coverflowslider_content_padding=&#8220;|30px|30px|30px|false|false&#8220; _builder_version=&#8220;4.9.4&#8243; _module_preset=&#8220;default&#8220; header_level=&#8220;h3&#8243; header_font=&#8220;|700|||||||&#8220; header_font_size=&#8220;15px&#8220; link_option_url=&#8220;https:\/\/cart.guidap.net\/v1\/iframe.html?g-token=IPMj2uT9k5HEzAwmV6lRrUL0bidZcxWeY8aK&#038;g-lang=fr&#038;g-currency=EUR&#038;g-hide-close=&#038;g-fn%5B0%5D=openActivities&#038;g-path=%2Fcart%2Factivities%2FhBKC0a4IzoUq9sHAiy2OcnMT8pjr3WEfwbLP&#8220; link_option_url_new_window=&#8220;on&#8220; header_font_size_tablet=&#8220;&#8220; header_font_size_phone=&#8220;16px&#8220; header_font_size_last_edited=&#8220;on|desktop&#8220; custom_css_image=&#8220;width:100%;&#8220;][\/dnxte_coverflowslider_child][\/dnxte_coverflowslider_parent][et_pb_blurb content_max_width=&#8220;640px&#8220; content_max_width_tablet=&#8220;940px&#8220; content_max_width_phone=&#8220;100%&#8220; content_max_width_last_edited=&#8220;on|tablet&#8220; admin_label=&#8220;Ride chill&#8220; module_class=&#8220;text-withSpan-block&#8220; _builder_version=&#8220;4.9.4&#8243; _module_preset=&#8220;default&#8220; header_level=&#8220;h2&#8243; header_font=&#8220;|800|||||||&#8220; header_text_align=&#8220;center&#8220; header_font_size=&#8220;2rem&#8220; header_line_height=&#8220;2.5rem&#8220; body_text_align=&#8220;center&#8220; body_font_size=&#8220;1rem&#8220; body_line_height=&#8220;1.7rem&#8220; text_orientation=&#8220;center&#8220; custom_padding_tablet=&#8220;|20px||20px|false|true&#8220; custom_padding_phone=&#8220;15px|15px|15px|15px|false|false&#8220; custom_padding_last_edited=&#8220;on|tablet&#8220; header_font_size_tablet=&#8220;&#8220; header_font_size_phone=&#8220;1.5rem&#8220; header_font_size_last_edited=&#8220;on|phone&#8220; locked=&#8220;off&#8220;]<\/p>\n<p>Mit unserer Ride Chill-Reihe reisen Sie weiter, l\u00e4nger und m\u00fcheloser. Entdecken Sie dank elektrischer Unterst\u00fctzung die Freuden einer gem\u00fctlichen Fahrt \u2013 auch bergauf oder gegen den Wind. Ideal f\u00fcr Gelegenheitsradler oder alle, die ihren Urlaub optimal nutzen m\u00f6chten.<\/p>\n<p>[\/et_pb_blurb][\/et_pb_column][\/et_pb_row][\/et_pb_section][et_pb_section fb_built=&#8220;1&#8243; module_id=&#8220;gamme-family&#8220; _builder_version=&#8220;4.9.4&#8243; _module_preset=&#8220;default&#8220; background_color=&#8220;#f7f2ec&#8220; locked=&#8220;off&#8220; collapsed=&#8220;on&#8220;][et_pb_row make_equal=&#8220;on&#8220; module_id=&#8220;bloc-ateliers-eco&#8220; _builder_version=&#8220;4.9.4&#8243; _module_preset=&#8220;default&#8220; width=&#8220;100%&#8220; max_width=&#8220;1280px&#8220; custom_css_main_element=&#8220;align-items:center;&#8220;][et_pb_column type=&#8220;4_4&#8243; _builder_version=&#8220;4.9.4&#8243; _module_preset=&#8220;default&#8220;][et_pb_blurb title=&#8220;<span>Unsere Produkte<\/span> Unser Familiensortiment&#8220; content_max_width=&#8220;640px&#8220; content_max_width_tablet=&#8220;940px&#8220; content_max_width_phone=&#8220;100%&#8220; content_max_width_last_edited=&#8220;on|tablet&#8220; admin_label=&#8220;Family&#8220; module_class=&#8220;text-withSpan-block&#8220; _builder_version=&#8220;4.9.4&#8243; _module_preset=&#8220;default&#8220; header_level=&#8220;h2&#8243; header_font=&#8220;|800|||||||&#8220; header_text_align=&#8220;center&#8220; header_font_size=&#8220;2rem&#8220; header_line_height=&#8220;2.5rem&#8220; body_text_align=&#8220;center&#8220; body_font_size=&#8220;1rem&#8220; body_line_height=&#8220;1.7rem&#8220; text_orientation=&#8220;center&#8220; custom_padding_tablet=&#8220;|20px||20px|false|true&#8220; custom_padding_phone=&#8220;15px|15px|15px|15px|false|false&#8220; custom_padding_last_edited=&#8220;on|tablet&#8220; header_font_size_tablet=&#8220;&#8220; header_font_size_phone=&#8220;1.5rem&#8220; header_font_size_last_edited=&#8220;on|phone&#8220; locked=&#8220;off&#8220;]<\/p>\n<p>F\u00fcr Familienentdecker oder beladene Entdecker, die elektrische Unterst\u00fctzung und Sicherheit ben\u00f6tigen<\/p>\n<p>[\/et_pb_blurb][dnxte_coverflowslider_parent dnxte_coverflow_autoplay_show_hide=&#8220;off&#8220; dnxte_coverflow_keyboard_enable=&#8220;off&#8220; dnxte_coverflow_spacebetween=&#8220;20&#8243; dnxte_coverflow_arrows=&#8220;on&#8220; dnxte_coverflow_breakpoint_desktop=&#8220;4&#8243; dnxte_coverflow_slide_stretch=&#8220;0&#8243; dnxte_coverflow_slide_depth=&#8220;0&#8243; dnxte_coverflow_arrow_color=&#8220;#000000&#8243; dnxte_coverflow_dots_active_color=&#8220;#96c896&#8243; dnxte_coverflow_arrow_position=&#8220;outer&#8220; admin_label=&#8220;SLIDER LOCATION VELO&#8220; module_class=&#8220;product-main-slider slider-formations&#8220; _builder_version=&#8220;4.9.4&#8243; _module_preset=&#8220;default&#8220;][dnxte_coverflowslider_child coverflowslider_layouts=&#8220;below-image&#8220; coverflowslider_text=&#8220;E-STYLE Gaya Compact&#8220; coverflowslider_content=&#8220;<\/p>\n<div class=%22custom-content-inner%22><strong class=%22custom-content__cat%22>Family<\/strong><\/p>\n<ul>\n<li>1\/2 Tag<strong>35\u20ac<\/strong><\/li>\n<li>1 Tag<strong>50\u20ac<\/strong><\/li>\n<li> <\/li>\n<\/ul>\n<\/div>\n<p><a class=%22a-link%22 href=%22https:\/\/cart.guidap.net\/v1\/iframe.html?g-token=IPMj2uT9k5HEzAwmV6lRrUL0bidZcxWeY8aK&#038;g-lang=fr&#038;g-currency=EUR&#038;g-hide-close=&#038;g-fn%5B0%5D=openActivities&#038;g-path=%2Fcart%2Factivities%2F2j3TlKqxMQSghEV0HvZsG4icoOt6mb7Y8XNW%22 data-et-target-link=%22_blank%22 rel=%22noopener%22>Buchen<\/a><\/p>\n<p>&#8220; coverflowslider_image=&#8220;https:\/\/www.les-sablons.com\/wp-content\/uploads\/2025\/06\/Familly_Estyle_gayat_02-1024&#215;744.jpg&#8220; coverflowslider_alt=&#8220;E-STYLE Gaya Compact&#8220; coverflowslider_text_margin=&#8220;10px||||false|false&#8220; coverflowslider_text_padding=&#8220;20px|30px||30px|false|false&#8220; coverflowslider_content_margin=&#8220;||||false|false&#8220; coverflowslider_content_padding=&#8220;|30px|30px|30px|false|false&#8220; _builder_version=&#8220;4.9.4&#8243; _module_preset=&#8220;default&#8220; header_level=&#8220;h3&#8243; header_font=&#8220;|700|||||||&#8220; header_font_size=&#8220;15px&#8220; link_option_url=&#8220;https:\/\/cart.guidap.net\/v1\/iframe.html?g-token=IPMj2uT9k5HEzAwmV6lRrUL0bidZcxWeY8aK&#038;g-lang=fr&#038;g-currency=EUR&#038;g-hide-close=&#038;g-fn%5B0%5D=openActivities&#038;g-path=%2Fcart%2Factivities%2F2j3TlKqxMQSghEV0HvZsG4icoOt6mb7Y8XNW&#8220; link_option_url_new_window=&#8220;on&#8220; header_font_size_tablet=&#8220;&#8220; header_font_size_phone=&#8220;16px&#8220; header_font_size_last_edited=&#8220;on|desktop&#8220; custom_css_image=&#8220;width:100%;&#8220;][\/dnxte_coverflowslider_child][dnxte_coverflowslider_child coverflowslider_layouts=&#8220;below-image&#8220; coverflowslider_text=&#8220;E-STYLE Gaya Long Tail&#8220; coverflowslider_content=&#8220;<\/p>\n<div class=%22custom-content-inner%22><strong class=%22custom-content__cat%22>Family<\/strong><\/p>\n<ul>\n<li>1\/2 Tag<strong>35\u20ac<\/strong><\/li>\n<li>1 Tag<strong>50\u20ac<\/strong><\/li>\n<li> <\/li>\n<\/ul>\n<\/div>\n<p><a class=%22a-link%22 href=%22https:\/\/cart.guidap.net\/v1\/iframe.html?g-token=IPMj2uT9k5HEzAwmV6lRrUL0bidZcxWeY8aK&#038;g-lang=fr&#038;g-currency=EUR&#038;g-hide-close=&#038;g-fn%5B0%5D=openActivities&#038;g-path=%2Fcart%2Factivities%2FhB8rPFnHsfQpxK5CjveXEORdWJ1qgl7wa0Mb%22 data-et-target-link=%22_blank%22 rel=%22noopener%22>Buchen<\/a><\/p>\n<p>&#8220; coverflowslider_image=&#8220;https:\/\/www.les-sablons.com\/wp-content\/uploads\/2025\/06\/Familly_Estyle_compact_03-1024&#215;744.jpg&#8220; coverflowslider_alt=&#8220;E-STYLE Gaya Long Tail&#8220; coverflowslider_text_margin=&#8220;10px||||false|false&#8220; coverflowslider_text_padding=&#8220;20px|30px||30px|false|false&#8220; coverflowslider_content_margin=&#8220;||||false|false&#8220; coverflowslider_content_padding=&#8220;|30px|30px|30px|false|false&#8220; _builder_version=&#8220;4.9.4&#8243; _module_preset=&#8220;default&#8220; header_level=&#8220;h3&#8243; header_font=&#8220;|700|||||||&#8220; header_font_size=&#8220;15px&#8220; link_option_url=&#8220;https:\/\/cart.guidap.net\/v1\/iframe.html?g-token=IPMj2uT9k5HEzAwmV6lRrUL0bidZcxWeY8aK&#038;g-lang=fr&#038;g-currency=EUR&#038;g-hide-close=&#038;g-fn%5B0%5D=openActivities&#038;g-path=%2Fcart%2Factivities%2FhB8rPFnHsfQpxK5CjveXEORdWJ1qgl7wa0Mb&#8220; link_option_url_new_window=&#8220;on&#8220; header_font_size_tablet=&#8220;&#8220; header_font_size_phone=&#8220;16px&#8220; header_font_size_last_edited=&#8220;on|desktop&#8220; custom_css_image=&#8220;width:100%;&#8220;][\/dnxte_coverflowslider_child][\/dnxte_coverflowslider_parent][et_pb_blurb content_max_width=&#8220;740px&#8220; content_max_width_tablet=&#8220;940px&#8220; content_max_width_phone=&#8220;100%&#8220; content_max_width_last_edited=&#8220;on|tablet&#8220; admin_label=&#8220;Family&#8220; module_class=&#8220;text-withSpan-block&#8220; _builder_version=&#8220;4.9.4&#8243; _module_preset=&#8220;default&#8220; header_level=&#8220;h2&#8243; header_font=&#8220;|800|||||||&#8220; header_text_align=&#8220;center&#8220; header_font_size=&#8220;2rem&#8220; header_line_height=&#8220;2.5rem&#8220; body_text_align=&#8220;center&#8220; body_font_size=&#8220;1rem&#8220; body_line_height=&#8220;1.7rem&#8220; text_orientation=&#8220;center&#8220; custom_padding_tablet=&#8220;|20px||20px|false|true&#8220; custom_padding_phone=&#8220;15px|15px|15px|15px|false|false&#8220; custom_padding_last_edited=&#8220;on|tablet&#8220; header_font_size_tablet=&#8220;&#8220; header_font_size_phone=&#8220;1.5rem&#8220; header_font_size_last_edited=&#8220;on|phone&#8220; locked=&#8220;off&#8220;]<\/p>\n<p>Fahren Sie gemeinsam mit Familie oder Freunden. Unser Familiensortiment umfasst zwei Arten ultrapraktischer Fahrr\u00e4der:<br \/>\u2013 Longtail: Verl\u00e4ngerte Fahrr\u00e4der f\u00fcr den Transport von 1 oder 2 Kindern (max. 75 kg), Taschen oder beidem.<br \/>\u2013 Compact: Handlich, praktisch und mit Platz f\u00fcr einen Beifahrer auf dem R\u00fccksitz \u2013 Kind oder Erwachsener (bis max. 75 kg).<\/p>\n<p>[\/et_pb_blurb][\/et_pb_column][\/et_pb_row][\/et_pb_section][et_pb_section fb_built=&#8220;1&#8243; module_id=&#8220;gamme-adventure&#8220; _builder_version=&#8220;4.9.4&#8243; _module_preset=&#8220;default&#8220; background_color=&#8220;RGBA(0,0,0,0)&#8220; locked=&#8220;off&#8220; collapsed=&#8220;on&#8220;][et_pb_row make_equal=&#8220;on&#8220; module_id=&#8220;bloc-ateliers-eco&#8220; _builder_version=&#8220;4.9.4&#8243; _module_preset=&#8220;default&#8220; width=&#8220;100%&#8220; max_width=&#8220;1280px&#8220; custom_css_main_element=&#8220;align-items:center;&#8220;][et_pb_column type=&#8220;4_4&#8243; _builder_version=&#8220;4.9.4&#8243; _module_preset=&#8220;default&#8220;][et_pb_blurb title=&#8220;<span>Unsere Produkte<\/span> Unser Adventure-Sortiment&#8220; content_max_width=&#8220;640px&#8220; content_max_width_tablet=&#8220;940px&#8220; content_max_width_phone=&#8220;100%&#8220; content_max_width_last_edited=&#8220;on|tablet&#8220; admin_label=&#8220;Adventure&#8220; module_class=&#8220;text-withSpan-block&#8220; _builder_version=&#8220;4.9.4&#8243; _module_preset=&#8220;default&#8220; header_level=&#8220;h2&#8243; header_font=&#8220;|800|||||||&#8220; header_text_align=&#8220;center&#8220; header_font_size=&#8220;2rem&#8220; header_line_height=&#8220;2.5rem&#8220; body_text_align=&#8220;center&#8220; body_font_size=&#8220;1rem&#8220; body_line_height=&#8220;1.7rem&#8220; text_orientation=&#8220;center&#8220; custom_padding_tablet=&#8220;|20px||20px|false|true&#8220; custom_padding_phone=&#8220;15px|15px|15px|15px|false|false&#8220; custom_padding_last_edited=&#8220;on|tablet&#8220; header_font_size_tablet=&#8220;&#8220; header_font_size_phone=&#8220;1.5rem&#8220; header_font_size_last_edited=&#8220;on|phone&#8220; locked=&#8220;off&#8220;]<\/p>\n<p>F\u00fcr Liebhaber von Abenteuern im Gel\u00e4nde; mit oder ohne elektrische Unterst\u00fctzung<\/p>\n<p>[\/et_pb_blurb][dnxte_coverflowslider_parent dnxte_coverflow_autoplay_show_hide=&#8220;off&#8220; dnxte_coverflow_keyboard_enable=&#8220;off&#8220; dnxte_coverflow_spacebetween=&#8220;20&#8243; dnxte_coverflow_arrows=&#8220;on&#8220; dnxte_coverflow_breakpoint_desktop=&#8220;4&#8243; dnxte_coverflow_slide_stretch=&#8220;0&#8243; dnxte_coverflow_slide_depth=&#8220;0&#8243; dnxte_coverflow_arrow_color=&#8220;#000000&#8243; dnxte_coverflow_dots_active_color=&#8220;#96c896&#8243; dnxte_coverflow_arrow_position=&#8220;outer&#8220; admin_label=&#8220;SLIDER LOCATION VELO&#8220; module_class=&#8220;product-main-slider slider-formations&#8220; _builder_version=&#8220;4.9.4&#8243; _module_preset=&#8220;default&#8220;][dnxte_coverflowslider_child coverflowslider_layouts=&#8220;below-image&#8220; coverflowslider_text=&#8220;ONE vtt&#8220; coverflowslider_content=&#8220;<\/p>\n<div class=%22custom-content-inner%22><strong class=%22custom-content__cat%22>Adventure<\/strong><\/p>\n<ul>\n<li>1\/2 Tag<strong>12\u20ac<\/strong><\/li>\n<li>1 Tag<strong>18\u20ac<\/strong><\/li>\n<li> <\/li>\n<\/ul>\n<\/div>\n<p><a class=%22a-link%22 href=%22https:\/\/cart.guidap.net\/v1\/iframe.html?g-token=IPMj2uT9k5HEzAwmV6lRrUL0bidZcxWeY8aK&#038;g-lang=fr&#038;g-currency=EUR&#038;g-hide-close=&#038;g-fn%5B0%5D=openActivities&#038;g-path=%2Fcart%2Factivities%2FEcTmidIOjzh6Pf8Sp1qWMbYJr5XRQCeu4N0U%22 data-et-target-link=%22_blank%22 rel=%22noopener%22>Buchen<\/a><\/p>\n<p>&#8220; coverflowslider_image=&#8220;https:\/\/www.les-sablons.com\/wp-content\/uploads\/2025\/06\/Adventure_one_02-1024&#215;744.jpg&#8220; coverflowslider_alt=&#8220;ONE vtt&#8220; coverflowslider_text_margin=&#8220;10px||||false|false&#8220; coverflowslider_text_padding=&#8220;20px|30px||30px|false|false&#8220; coverflowslider_content_margin=&#8220;||||false|false&#8220; coverflowslider_content_padding=&#8220;|30px|30px|30px|false|false&#8220; _builder_version=&#8220;4.9.4&#8243; _module_preset=&#8220;default&#8220; header_level=&#8220;h3&#8243; header_font=&#8220;|700|||||||&#8220; header_font_size=&#8220;15px&#8220; link_option_url=&#8220;https:\/\/cart.guidap.net\/v1\/iframe.html?g-token=IPMj2uT9k5HEzAwmV6lRrUL0bidZcxWeY8aK&#038;g-lang=fr&#038;g-currency=EUR&#038;g-hide-close=&#038;g-fn%5B0%5D=openActivities&#038;g-path=%2Fcart%2Factivities%2FEcTmidIOjzh6Pf8Sp1qWMbYJr5XRQCeu4N0U&#8220; link_option_url_new_window=&#8220;on&#8220; header_font_size_tablet=&#8220;&#8220; header_font_size_phone=&#8220;16px&#8220; header_font_size_last_edited=&#8220;on|desktop&#8220; custom_css_image=&#8220;width:100%;&#8220;][\/dnxte_coverflowslider_child][dnxte_coverflowslider_child coverflowslider_layouts=&#8220;below-image&#8220; coverflowslider_text=&#8220;E-COUTRY VTTae&#8220; coverflowslider_content=&#8220;<\/p>\n<div class=%22custom-content-inner%22><strong class=%22custom-content__cat%22>Adventure<\/strong><\/p>\n<ul>\n<li>1\/2 Tag<strong>20\u20ac<\/strong><\/li>\n<li>1 Tag<strong>35\u20ac<\/strong><\/li>\n<li> <\/li>\n<\/ul>\n<\/div>\n<p><a class=%22a-link%22 href=%22https:\/\/cart.guidap.net\/v1\/iframe.html?g-token=IPMj2uT9k5HEzAwmV6lRrUL0bidZcxWeY8aK&#038;g-lang=fr&#038;g-currency=EUR&#038;g-hide-close=&#038;g-fn%5B0%5D=openActivities&#038;g-path=%2Fcart%2Factivities%2Fn0RJlPCA58hIKEzdHMZyG6XpBDoemw2i3Yju%22 data-et-target-link=%22_blank%22 rel=%22noopener%22>Buchen<\/a><\/p>\n<p>&#8220; coverflowslider_image=&#8220;https:\/\/www.les-sablons.com\/wp-content\/uploads\/2025\/06\/Adventure_Ecountry_02-1024&#215;744.jpg&#8220; coverflowslider_alt=&#8220;E-COUTRY VTTae&#8220; coverflowslider_text_margin=&#8220;10px||||false|false&#8220; coverflowslider_text_padding=&#8220;20px|30px||30px|false|false&#8220; coverflowslider_content_margin=&#8220;||||false|false&#8220; coverflowslider_content_padding=&#8220;|30px|30px|30px|false|false&#8220; _builder_version=&#8220;4.9.4&#8243; _module_preset=&#8220;default&#8220; header_level=&#8220;h3&#8243; header_font=&#8220;|700|||||||&#8220; header_font_size=&#8220;15px&#8220; link_option_url=&#8220;https:\/\/cart.guidap.net\/v1\/iframe.html?g-token=IPMj2uT9k5HEzAwmV6lRrUL0bidZcxWeY8aK&#038;g-lang=fr&#038;g-currency=EUR&#038;g-hide-close=&#038;g-fn%5B0%5D=openActivities&#038;g-path=%2Fcart%2Factivities%2Fn0RJlPCA58hIKEzdHMZyG6XpBDoemw2i3Yju&#8220; link_option_url_new_window=&#8220;on&#8220; header_font_size_tablet=&#8220;&#8220; header_font_size_phone=&#8220;16px&#8220; header_font_size_last_edited=&#8220;on|desktop&#8220; custom_css_image=&#8220;width:100%;&#8220;][\/dnxte_coverflowslider_child][dnxte_coverflowslider_child coverflowslider_layouts=&#8220;below-image&#8220; coverflowslider_text=&#8220;E-EXTREM VTTae Giant&#8220; coverflowslider_content=&#8220;<\/p>\n<div class=%22custom-content-inner%22>\n<p><strong class=%22custom-content__cat%22>Adventure<\/strong><\/p>\n<ul>\n<li>1\/2 Tag<strong>40\u20ac<\/strong><\/li>\n<li>1 Tag<strong>60\u20ac<\/strong><\/li>\n<li> <\/li>\n<\/ul>\n<\/div>\n<p><a class=%22a-link%22 href=%22https:\/\/cart.guidap.net\/v1\/iframe.html?g-token=IPMj2uT9k5HEzAwmV6lRrUL0bidZcxWeY8aK&#038;g-lang=fr&#038;g-currency=EUR&#038;g-hide-close=&#038;g-fn%5B0%5D=openActivities&#038;g-path=%2Fcart%2Factivities%2F7g4NsTSclZtLoV5He8kxJUzbBY2IRPKQW9rD%22 data-et-target-link=%22_blank%22 rel=%22noopener%22>Buchen<\/a><\/p>\n<p>&#8220; coverflowslider_image=&#8220;https:\/\/www.les-sablons.com\/wp-content\/uploads\/2025\/06\/Adventure_Extrem_02-1024&#215;744.jpg&#8220; coverflowslider_alt=&#8220;E-EXTREM VTTae Giant&#8220; coverflowslider_text_margin=&#8220;10px||||false|false&#8220; coverflowslider_text_padding=&#8220;20px|30px||30px|false|false&#8220; coverflowslider_content_margin=&#8220;||||false|false&#8220; coverflowslider_content_padding=&#8220;|30px|30px|30px|false|false&#8220; _builder_version=&#8220;4.9.4&#8243; _module_preset=&#8220;default&#8220; header_level=&#8220;h3&#8243; header_font=&#8220;|700|||||||&#8220; header_font_size=&#8220;15px&#8220; link_option_url=&#8220;https:\/\/cart.guidap.net\/v1\/iframe.html?g-token=IPMj2uT9k5HEzAwmV6lRrUL0bidZcxWeY8aK&#038;g-lang=fr&#038;g-currency=EUR&#038;g-hide-close=&#038;g-fn%5B0%5D=openActivities&#038;g-path=%2Fcart%2Factivities%2F7g4NsTSclZtLoV5He8kxJUzbBY2IRPKQW9rD&#8220; link_option_url_new_window=&#8220;on&#8220; header_font_size_tablet=&#8220;&#8220; header_font_size_phone=&#8220;16px&#8220; header_font_size_last_edited=&#8220;on|desktop&#8220; custom_css_image=&#8220;width:100%;&#8220;][\/dnxte_coverflowslider_child][\/dnxte_coverflowslider_parent][et_pb_blurb content_max_width=&#8220;640px&#8220; content_max_width_tablet=&#8220;940px&#8220; content_max_width_phone=&#8220;100%&#8220; content_max_width_last_edited=&#8220;on|tablet&#8220; admin_label=&#8220;Adventure&#8220; module_class=&#8220;text-withSpan-block&#8220; _builder_version=&#8220;4.9.4&#8243; _module_preset=&#8220;default&#8220; header_level=&#8220;h2&#8243; header_font=&#8220;|800|||||||&#8220; header_text_align=&#8220;center&#8220; header_font_size=&#8220;2rem&#8220; header_line_height=&#8220;2.5rem&#8220; body_text_align=&#8220;center&#8220; body_font_size=&#8220;1rem&#8220; body_line_height=&#8220;1.7rem&#8220; text_orientation=&#8220;center&#8220; custom_padding_tablet=&#8220;|20px||20px|false|true&#8220; custom_padding_phone=&#8220;15px|15px|15px|15px|false|false&#8220; custom_padding_last_edited=&#8220;on|tablet&#8220; header_font_size_tablet=&#8220;&#8220; header_font_size_phone=&#8220;1.5rem&#8220; header_font_size_last_edited=&#8220;on|phone&#8220; locked=&#8220;off&#8220;]<\/p>\n<p>Bikes f\u00fcr Abenteuer abseits der ausgetretenen Pfade. Unser Adventure-Sortiment umfasst Muscle-Mountainbikes, E-Mountainbikes und extrem vollgefederte (elektrische) Modelle f\u00fcr alle, die den Nervenkitzel suchen. Anspruchsvolles Gel\u00e4nde, W\u00e4lder, Schotter, Felsen &#8230; Nichts kann dich aufhalten. Das Abenteuer beginnt dort, wo die Trails enden.<\/p>\n<p>[\/et_pb_blurb][\/et_pb_column][\/et_pb_row][\/et_pb_section][et_pb_section fb_built=&#8220;1&#8243; module_id=&#8220;gamme-kids&#8220; _builder_version=&#8220;4.9.4&#8243; _module_preset=&#8220;default&#8220; background_color=&#8220;#f7f2ec&#8220; locked=&#8220;off&#8220; collapsed=&#8220;on&#8220;][et_pb_row make_equal=&#8220;on&#8220; module_id=&#8220;bloc-ateliers-eco&#8220; _builder_version=&#8220;4.9.4&#8243; _module_preset=&#8220;default&#8220; width=&#8220;100%&#8220; max_width=&#8220;1280px&#8220; custom_css_main_element=&#8220;align-items:center;&#8220;][et_pb_column type=&#8220;4_4&#8243; _builder_version=&#8220;4.9.4&#8243; _module_preset=&#8220;default&#8220;][et_pb_blurb title=&#8220;<span>Unsere Produkte<\/span> Unser Kindersortiment&#8220; content_max_width=&#8220;640px&#8220; content_max_width_tablet=&#8220;940px&#8220; content_max_width_phone=&#8220;100%&#8220; content_max_width_last_edited=&#8220;on|tablet&#8220; admin_label=&#8220;Kids&#8220; module_class=&#8220;text-withSpan-block&#8220; _builder_version=&#8220;4.9.4&#8243; _module_preset=&#8220;default&#8220; header_level=&#8220;h2&#8243; header_font=&#8220;|800|||||||&#8220; header_text_align=&#8220;center&#8220; header_font_size=&#8220;2rem&#8220; header_line_height=&#8220;2.5rem&#8220; body_text_align=&#8220;center&#8220; body_font_size=&#8220;1rem&#8220; body_line_height=&#8220;1.7rem&#8220; text_orientation=&#8220;center&#8220; custom_padding_tablet=&#8220;|20px||20px|false|true&#8220; custom_padding_phone=&#8220;15px|15px|15px|15px|false|false&#8220; custom_padding_last_edited=&#8220;on|tablet&#8220; header_font_size_tablet=&#8220;&#8220; header_font_size_phone=&#8220;1.5rem&#8220; header_font_size_last_edited=&#8220;on|phone&#8220; locked=&#8220;off&#8220;]<\/p>\n<p>F\u00fcr kleine Abenteurer, unabh\u00e4ngig oder nicht<\/p>\n<p>[\/et_pb_blurb][dnxte_coverflowslider_parent dnxte_coverflow_autoplay_show_hide=&#8220;off&#8220; dnxte_coverflow_keyboard_enable=&#8220;off&#8220; dnxte_coverflow_spacebetween=&#8220;20&#8243; dnxte_coverflow_arrows=&#8220;on&#8220; dnxte_coverflow_breakpoint_desktop=&#8220;4&#8243; dnxte_coverflow_slide_stretch=&#8220;0&#8243; dnxte_coverflow_slide_depth=&#8220;0&#8243; dnxte_coverflow_arrow_color=&#8220;#000000&#8243; dnxte_coverflow_dots_active_color=&#8220;#96c896&#8243; dnxte_coverflow_arrow_position=&#8220;outer&#8220; admin_label=&#8220;SLIDER LOCATION VELO&#8220; module_class=&#8220;product-main-slider slider-formations&#8220; _builder_version=&#8220;4.9.4&#8243; _module_preset=&#8220;default&#8220;][dnxte_coverflowslider_child coverflowslider_layouts=&#8220;below-image&#8220; coverflowslider_text=&#8220;TRAILER Kids\/dog&#8220; coverflowslider_content=&#8220;<\/p>\n<div class=%22custom-content-inner%22>\n<p><strong class=%22custom-content__cat%22>Kids<\/strong><\/p>\n<ul>\n<li>1\/2 Tag<strong>20\u20ac<\/strong><\/li>\n<li>1 Tag<strong>35\u20ac<\/strong><\/li>\n<li style=%22color: transparent;%22>&#8230;.<strong> &#8230;<\/strong><\/li>\n<\/ul>\n<\/div>\n<p><a class=%22a-link%22 href=%22https:\/\/cart.guidap.net\/v1\/iframe.html?g-token=IPMj2uT9k5HEzAwmV6lRrUL0bidZcxWeY8aK&#038;g-lang=fr&#038;g-currency=EUR&#038;g-hide-close=&#038;g-fn%5B0%5D=openActivities&#038;g-path=%2Fcart%2Factivities%2F5TZVehJ4FQpoLqMusB2tPC3ablrOvy9SxYGi%22 data-et-target-link=%22_blank%22 rel=%22noopener%22>Buchen<\/a><\/p>\n<p>&#8220; coverflowslider_image=&#8220;https:\/\/www.les-sablons.com\/wp-content\/uploads\/2025\/07\/Kids_tryler_02-1024&#215;744.jpg&#8220; coverflowslider_alt=&#8220;TRAILER Kids\/dog&#8220; coverflowslider_text_margin=&#8220;10px||||false|false&#8220; coverflowslider_text_padding=&#8220;20px|30px||30px|false|false&#8220; coverflowslider_content_margin=&#8220;||||false|false&#8220; coverflowslider_content_padding=&#8220;|30px|30px|30px|false|false&#8220; _builder_version=&#8220;4.9.4&#8243; _module_preset=&#8220;default&#8220; header_level=&#8220;h3&#8243; header_font=&#8220;|700|||||||&#8220; header_font_size=&#8220;15px&#8220; link_option_url=&#8220;https:\/\/cart.guidap.net\/v1\/iframe.html?g-token=IPMj2uT9k5HEzAwmV6lRrUL0bidZcxWeY8aK&#038;g-lang=fr&#038;g-currency=EUR&#038;g-hide-close=&#038;g-fn%5B0%5D=openActivities&#038;g-path=%2Fcart%2Factivities%2F5TZVehJ4FQpoLqMusB2tPC3ablrOvy9SxYGi&#8220; link_option_url_new_window=&#8220;on&#8220; header_font_size_tablet=&#8220;&#8220; header_font_size_phone=&#8220;16px&#8220; header_font_size_last_edited=&#8220;on|desktop&#8220; custom_css_image=&#8220;width:100%;&#8220;][\/dnxte_coverflowslider_child][dnxte_coverflowslider_child coverflowslider_layouts=&#8220;below-image&#8220; coverflowslider_text=&#8220;SEAT&#8220; coverflowslider_content=&#8220;<\/p>\n<div class=%22custom-content-inner%22><strong class=%22custom-content__cat%22>Kids<\/strong><\/p>\n<ul>\n<li>1\/2 Tag<strong>4\u20ac<\/strong><\/li>\n<li>1 Tag<strong>07\u20ac<\/strong><\/li>\n<li>7 Tage <strong>35\u20ac<\/strong><\/li>\n<\/ul>\n<\/div>\n<p><a class=%22a-link%22 href=%22https:\/\/cart.guidap.net\/v1\/iframe.html?g-token=IPMj2uT9k5HEzAwmV6lRrUL0bidZcxWeY8aK&#038;g-lang=fr&#038;g-currency=EUR&#038;g-hide-close=&#038;g-fn%5B0%5D=openActivities&#038;g-path=%2Fcart%2Factivities%2FkHqrjomDKaCeYbRhSszBPXf8UTcQ6O2gW5yZ%22 data-et-target-link=%22_blank%22 rel=%22noopener%22>Buchen<\/a><\/p>\n<p>&#8220; coverflowslider_image=&#8220;https:\/\/www.les-sablons.com\/wp-content\/uploads\/2025\/06\/Kids_seat_02-1024&#215;744.jpg&#8220; coverflowslider_alt=&#8220;SEAT&#8220; coverflowslider_text_margin=&#8220;10px||||false|false&#8220; coverflowslider_text_padding=&#8220;20px|30px||30px|false|false&#8220; coverflowslider_content_margin=&#8220;||||false|false&#8220; coverflowslider_content_padding=&#8220;|30px|30px|30px|false|false&#8220; _builder_version=&#8220;4.9.4&#8243; _module_preset=&#8220;default&#8220; header_level=&#8220;h3&#8243; header_font=&#8220;|700|||||||&#8220; header_font_size=&#8220;15px&#8220; link_option_url=&#8220;https:\/\/cart.guidap.net\/v1\/iframe.html?g-token=IPMj2uT9k5HEzAwmV6lRrUL0bidZcxWeY8aK&#038;g-lang=fr&#038;g-currency=EUR&#038;g-hide-close=&#038;g-fn%5B0%5D=openActivities&#038;g-path=%2Fcart%2Factivities%2FkHqrjomDKaCeYbRhSszBPXf8UTcQ6O2gW5yZ&#8220; link_option_url_new_window=&#8220;on&#8220; header_font_size_tablet=&#8220;&#8220; header_font_size_phone=&#8220;16px&#8220; header_font_size_last_edited=&#8220;on|desktop&#8220; custom_css_image=&#8220;width:100%;&#8220;][\/dnxte_coverflowslider_child][dnxte_coverflowslider_child coverflowslider_layouts=&#8220;below-image&#8220; coverflowslider_text=&#8220;BIKE V\u00e9los 16\u2019\u2019\/20\u2019\u2019\/24\u2019\u2019&#8220; coverflowslider_content=&#8220;<\/p>\n<div class=%22custom-content-inner%22>\n<p><strong class=%22custom-content__cat%22>Kids<\/strong><\/p>\n<ul>\n<li>1\/2 Tag<strong>8\u20ac<\/strong><\/li>\n<li>1 Tag<strong>12\u20ac<\/strong><\/li>\n<li>7 Tage <strong> 60\u20ac<\/strong><\/li>\n<\/ul>\n<\/div>\n<p><a class=%22a-link%22 href=%22https:\/\/cart.guidap.net\/v1\/iframe.html?g-token=IPMj2uT9k5HEzAwmV6lRrUL0bidZcxWeY8aK&#038;g-lang=fr&#038;g-currency=EUR&#038;g-hide-close=&#038;g-fn%5B0%5D=openActivities&#038;g-path=%2Fcart%2Factivities%2F8YoHqCNa29fn3xtTFdcz1yuGWvgbZXrmBR0l%22 data-et-target-link=%22_blank%22 rel=%22noopener%22>Buchen<\/a><\/p>\n<p>&#8220; coverflowslider_image=&#8220;https:\/\/www.les-sablons.com\/wp-content\/uploads\/2025\/06\/Kids_bikeD_02-1024&#215;744.jpg&#8220; coverflowslider_alt=&#8220;BIKE V\u00e9los 16\u2019\u2019\/20\u2019\u2019\/24\u2019\u2019&#8220; coverflowslider_text_margin=&#8220;10px||||false|false&#8220; coverflowslider_text_padding=&#8220;20px|30px||30px|false|false&#8220; coverflowslider_content_margin=&#8220;||||false|false&#8220; coverflowslider_content_padding=&#8220;|30px|30px|30px|false|false&#8220; _builder_version=&#8220;4.9.4&#8243; _module_preset=&#8220;default&#8220; header_level=&#8220;h3&#8243; header_font=&#8220;|700|||||||&#8220; header_font_size=&#8220;15px&#8220; link_option_url=&#8220;https:\/\/cart.guidap.net\/v1\/iframe.html?g-token=IPMj2uT9k5HEzAwmV6lRrUL0bidZcxWeY8aK&#038;g-lang=fr&#038;g-currency=EUR&#038;g-hide-close=&#038;g-fn%5B0%5D=openActivities&#038;g-path=%2Fcart%2Factivities%2F8YoHqCNa29fn3xtTFdcz1yuGWvgbZXrmBR0l&#8220; link_option_url_new_window=&#8220;on&#8220; header_font_size_tablet=&#8220;&#8220; header_font_size_phone=&#8220;16px&#8220; header_font_size_last_edited=&#8220;on|desktop&#8220; custom_css_image=&#8220;width:100%;&#8220;][\/dnxte_coverflowslider_child][dnxte_coverflowslider_child coverflowslider_layouts=&#8220;below-image&#8220; coverflowslider_text=&#8220;BIKE Draisienne 12\u2019\u2019\/14&#8243; coverflowslider_content=&#8220;<\/p>\n<div class=%22custom-content-inner%22><strong class=%22custom-content__cat%22>Kids<\/strong><\/p>\n<ul>\n<li>1\/2 Tag<strong>8\u20ac<\/strong><\/li>\n<li>1 Tag<strong>12\u20ac<\/strong><\/li>\n<li>7 Tage <strong>60\u20ac<\/strong><\/li>\n<\/ul>\n<\/div>\n<p><a class=%22a-link%22 href=%22https:\/\/cart.guidap.net\/v1\/iframe.html?g-token=IPMj2uT9k5HEzAwmV6lRrUL0bidZcxWeY8aK&#038;g-lang=fr&#038;g-currency=EUR&#038;g-hide-close=&#038;g-fn%5B0%5D=openActivities&#038;g-path=%2Fcart%2Factivities%2FOhTMrYnsFUVol9KJikN4RzqtGxwI6fmgXbHc%22 data-et-target-link=%22_blank%22 rel=%22noopener%22>Buchen<\/a><\/p>\n<p>&#8220; coverflowslider_image=&#8220;https:\/\/www.les-sablons.com\/wp-content\/uploads\/2025\/06\/Kids_bikeV_02-1024&#215;744.jpg&#8220; coverflowslider_alt=&#8220;BIKE Draisienne 12\u2019\u2019\/14&#8243; coverflowslider_text_margin=&#8220;10px||||false|false&#8220; coverflowslider_text_padding=&#8220;20px|30px||30px|false|false&#8220; coverflowslider_content_margin=&#8220;||||false|false&#8220; coverflowslider_content_padding=&#8220;|30px|30px|30px|false|false&#8220; _builder_version=&#8220;4.9.4&#8243; _module_preset=&#8220;default&#8220; header_level=&#8220;h3&#8243; header_font=&#8220;|700|||||||&#8220; header_font_size=&#8220;15px&#8220; link_option_url=&#8220;https:\/\/cart.guidap.net\/v1\/iframe.html?g-token=IPMj2uT9k5HEzAwmV6lRrUL0bidZcxWeY8aK&#038;g-lang=fr&#038;g-currency=EUR&#038;g-hide-close=&#038;g-fn%5B0%5D=openActivities&#038;g-path=%2Fcart%2Factivities%2FOhTMrYnsFUVol9KJikN4RzqtGxwI6fmgXbHc&#8220; link_option_url_new_window=&#8220;on&#8220; header_font_size_tablet=&#8220;&#8220; header_font_size_phone=&#8220;16px&#8220; header_font_size_last_edited=&#8220;on|desktop&#8220; custom_css_image=&#8220;width:100%;&#8220;][\/dnxte_coverflowslider_child][\/dnxte_coverflowslider_parent][et_pb_blurb content_max_width=&#8220;640px&#8220; content_max_width_tablet=&#8220;940px&#8220; content_max_width_phone=&#8220;100%&#8220; content_max_width_last_edited=&#8220;on|tablet&#8220; admin_label=&#8220;Kids&#8220; module_class=&#8220;text-withSpan-block&#8220; _builder_version=&#8220;4.9.4&#8243; _module_preset=&#8220;default&#8220; header_level=&#8220;h2&#8243; header_font=&#8220;|800|||||||&#8220; header_text_align=&#8220;center&#8220; header_font_size=&#8220;2rem&#8220; header_line_height=&#8220;2.5rem&#8220; body_text_align=&#8220;center&#8220; body_font_size=&#8220;1rem&#8220; body_line_height=&#8220;1.7rem&#8220; text_orientation=&#8220;center&#8220; custom_padding_tablet=&#8220;|20px||20px|false|true&#8220; custom_padding_phone=&#8220;15px|15px|15px|15px|false|false&#8220; custom_padding_last_edited=&#8220;on|tablet&#8220; header_font_size_tablet=&#8220;&#8220; header_font_size_phone=&#8220;1.5rem&#8220; header_font_size_last_edited=&#8220;on|phone&#8220; locked=&#8220;off&#8220;]<\/p>\n<p>Laufr\u00e4der, 16-, 20- oder 24-Zoll-Kinderfahrr\u00e4der, Helme und Zubeh\u00f6r: Alles, was Sie brauchen, damit die Kleinen neben den Gro\u00dfen fahren k\u00f6nnen. Und f\u00fcr die J\u00fcngeren? W\u00e4hlen Sie einen Kindersitz oder Anh\u00e4nger, den Sie an Ihrem Fahrrad befestigen k\u00f6nnen. Von den ersten Fahrten bis hin zu langen Familienausfl\u00fcgen.<\/p>\n<p>[\/et_pb_blurb][et_pb_text admin_label=&#8220;Disclaimer&#8220; _builder_version=&#8220;4.9.4&#8243; _module_preset=&#8220;default&#8220; text_font_size=&#8220;12px&#8220; text_orientation=&#8220;center&#8220;]<\/p>\n<p>*Fahrradfotos dienen nur zur Veranschaulichung. Verf\u00fcgbare Modelle k\u00f6nnen je nach Saison und Lagerbestand variieren.<\/p>\n<p>[\/et_pb_text][\/et_pb_column][\/et_pb_row][\/et_pb_section][et_pb_section fb_built=&#8220;1&#8243; _builder_version=&#8220;4.9.4&#8243; _module_preset=&#8220;default&#8220; background_enable_image=&#8220;off&#8220; custom_css_main_element=&#8220;overflow:hidden;&#8220; locked=&#8220;off&#8220; collapsed=&#8220;off&#8220;][et_pb_row admin_label=&#8220;bg-anim&#8220; module_class=&#8220;fakeSliderBgAnim&#8220; _builder_version=&#8220;4.9.4&#8243; _module_preset=&#8220;default&#8220; background_image=&#8220;https:\/\/www.les-sablons.com\/wp-content\/uploads\/2025\/07\/location_velo_les_sabloons_web-15.jpg&#8220; positioning=&#8220;absolute&#8220; width=&#8220;100%&#8220; max_width=&#8220;100%&#8220; min_height=&#8220;100%&#8220; height=&#8220;100%&#8220; max_height=&#8220;100%&#8220; background_color_phone=&#8220;#e3ffe3&#8243; background_last_edited=&#8220;on|phone&#8220; background_enable_color_phone=&#8220;on&#8220; background_enable_image_phone=&#8220;off&#8220; custom_css_before=&#8220;content: %22%22;||display: block;||height: 100%;||width: 100%;||background: rgba(0, 0, 0, 0.4);||position: absolute;||left: 0;||bottom: 0;&#8220; collapsed=&#8220;on&#8220; custom_css_before_last_edited=&#8220;on|phone&#8220; custom_css_before_phone=&#8220;display:none;&#8220;][et_pb_column type=&#8220;4_4&#8243; _builder_version=&#8220;4.9.4&#8243; _module_preset=&#8220;default&#8220;][\/et_pb_column][\/et_pb_row][et_pb_row column_structure=&#8220;1_2,1_2&#8243; _builder_version=&#8220;4.9.4&#8243; _module_preset=&#8220;default&#8220; width=&#8220;100%&#8220; max_width=&#8220;1380px&#8220;][et_pb_column type=&#8220;1_2&#8243; _builder_version=&#8220;4.9.4&#8243; _module_preset=&#8220;default&#8220; background_color=&#8220;#FFFFFF&#8220; custom_padding=&#8220;30px|35px|60px|50px|false|false&#8220; custom_padding_tablet=&#8220;&#8220; custom_padding_phone=&#8220;|15px||15px|false|false&#8220; custom_padding_last_edited=&#8220;on|tablet&#8220;][et_pb_blurb title=&#8220;<span style=%22color:#3796aa;margin-bottom:0%22>Reparaturservice<\/span> Reparieren Sie Ihre Fahrr\u00e4der auf unserer Website!&#8220; content_max_width=&#8220;100%&#8220; module_class=&#8220;permat-text&#8211;resume&#8220; _builder_version=&#8220;4.9.4&#8243; _module_preset=&#8220;default&#8220; header_level=&#8220;h3&#8243; header_font=&#8220;|700|||||||&#8220; header_font_size=&#8220;35px&#8220; body_font_size=&#8220;1rem&#8220; custom_margin=&#8220;||0px||false|false&#8220; custom_padding=&#8220;||0px||false|false&#8220; header_font_size_tablet=&#8220;&#8220; header_font_size_phone=&#8220;25px&#8220; header_font_size_last_edited=&#8220;on|desktop&#8220; custom_css_blurb_title=&#8220;margin-bottom:1.25rem;||line-height:1.3;||&#8220;]<\/p>\n<p>Lassen Sie sich Ihr Outdoor-Abenteuer nicht durch Fahrradpannen verderben. Mit unserem erfahrenen Team und hochwertiger Ausr\u00fcstung sorgen wir daf\u00fcr, dass Ihr Zweirad im Handumdrehen wieder fahrbereit ist!<\/p>\n<h4 style=\"color: #3796aa; font-weight: bold; margin-bottom: 20px; margin-top: 10px;\">Unsere Teams beraten Sie.<\/h4>\n<p>M\u00f6chten Sie die Umgebung mit dem Fahrrad erkunden, wissen aber nicht, wo Sie anfangen sollen? Lassen Sie sich von unseren Expertenteams f\u00fchren! Wir empfehlen Ihnen die besten Routen f\u00fcr Ihr Niveau und helfen Ihnen, das perfekte Fahrrad f\u00fcr Ihr Abenteuer zu finden.<\/p>\n<p>[\/et_pb_blurb][et_pb_blurb title=&#8220;<span style=%22font-size:.9rem;display:block;color: #463c3c;%22>Telefonisch buchen unter <\/span> 06 24 48 79 09&#8243; use_icon=&#8220;on&#8220; font_icon=&#8220;%%132%%&#8220; icon_color=&#8220;#FFFFFF&#8220; use_circle=&#8220;on&#8220; icon_placement=&#8220;left&#8220; use_icon_font_size=&#8220;on&#8220; _builder_version=&#8220;4.9.4&#8243; _module_preset=&#8220;default&#8220; header_level=&#8220;h3&#8243; header_font=&#8220;|600|||||||&#8220; header_text_color=&#8220;#3796aa&#8220; header_font_size=&#8220;25px&#8220; body_font=&#8220;|600|||||||&#8220; custom_margin=&#8220;25px||||false|false&#8220; custom_css_blurb_title=&#8220;padding-bottom:0;||margin-bottom:0;&#8220;]<\/p>\n<p>(verf\u00fcgbar ab 24.03.)<\/p>\n<p>[\/et_pb_blurb][\/et_pb_column][et_pb_column type=&#8220;1_2&#8243; _builder_version=&#8220;4.9.4&#8243; _module_preset=&#8220;default&#8220;][\/et_pb_column][\/et_pb_row][\/et_pb_section][et_pb_section fb_built=&#8220;1&#8243; admin_label=&#8220;SECTION LOCALISATION &#8220; _builder_version=&#8220;4.9.4&#8243; _module_preset=&#8220;default&#8220; background_enable_image=&#8220;off&#8220; background_size=&#8220;contain&#8220; background_position=&#8220;top_left&#8220; min_height=&#8220;650px&#8220; min_height_tablet=&#8220;&#8220; min_height_phone=&#8220;&#8220; min_height_last_edited=&#8220;on|desktop&#8220; locked=&#8220;off&#8220; collapsed=&#8220;on&#8220;][et_pb_row column_structure=&#8220;1_2,1_2&#8243; use_custom_gutter=&#8220;on&#8220; gutter_width=&#8220;2&#8243; make_equal=&#8220;on&#8220; _builder_version=&#8220;4.9.4&#8243; _module_preset=&#8220;default&#8220; background_enable_image=&#8220;off&#8220; background_position=&#8220;top_left&#8220; width=&#8220;100%&#8220; max_width=&#8220;1280px&#8220;][et_pb_column type=&#8220;1_2&#8243; _builder_version=&#8220;4.9.4&#8243; _module_preset=&#8220;default&#8220; background_enable_image=&#8220;off&#8220;][et_pb_image src=&#8220;https:\/\/www.les-sablons.com\/wp-content\/uploads\/2025\/06\/promenade-velo-1-1024&#215;768.jpg&#8220; title_text=&#8220;promenade-velo&#8220; _builder_version=&#8220;4.9.4&#8243; _module_preset=&#8220;default&#8220;][\/et_pb_image][\/et_pb_column][et_pb_column type=&#8220;1_2&#8243; _builder_version=&#8220;4.9.4&#8243; _module_preset=&#8220;default&#8220;][et_pb_blurb title=&#8220;Der Campingplatz Sablons ist ideal f\u00fcr Radsportbegeisterte gelegen&#8220; content_max_width=&#8220;600px&#8220; module_class=&#8220;small-fermer-resume&#8220; _builder_version=&#8220;4.9.4&#8243; _module_preset=&#8220;default&#8220; header_level=&#8220;h2&#8243; header_font=&#8220;|800|||||||&#8220; header_text_color=&#8220;#000000&#8243; header_font_size=&#8220;30px&#8220; body_font_size=&#8220;1rem&#8220; body_line_height=&#8220;1.5rem&#8220; custom_margin=&#8220;|15px||15px|false|false&#8220; custom_padding_tablet=&#8220;&#8220; custom_padding_phone=&#8220;15px|15px|15px|15px|true|true&#8220; custom_padding_last_edited=&#8220;on|phone&#8220; header_font_size_tablet=&#8220;&#8220; header_font_size_phone=&#8220;25px&#8220; header_font_size_last_edited=&#8220;on|phone&#8220; body_font_size_tablet=&#8220;&#8220; body_font_size_phone=&#8220;&#8220; body_font_size_last_edited=&#8220;on|phone&#8220; custom_css_blurb_title=&#8220;margin-bottom:1.2rem;&#8220;]<\/p>\n<p style=\"font-size: 1.2rem; font-style: italic; line-height: 1.1;\">Direkt an einem Radweg gelegen, erm\u00f6glicht Ihnen unsere Anlage in nur 5 Minuten Zugang zum Ufer des Canal du Midi, einem UNESCO-Weltkulturerbe, zum EuroVelo 8 oder zum Canal des 2 Mers.<\/p>\n<p>Kommen Sie und entdecken Sie das maritime, landschaftliche und kulinarische Erbe der Region, wahre Sch\u00e4tze f\u00fcr jeden Radsportbegeisterten, wie die 9 Schleusen von Fonseranes (unter Denkmalschutz), die Artenvielfalt des Etang de Thau, ohne die Austern und Muscheln von Bouzigues zu vergessen.<\/p>\n<p>[\/et_pb_blurb][dnxte_feature_list_parent dnxte_feature_list_icon_color=&#8220;#12b312&#8243; dnxte_feature_list_icon_bg_color=&#8220;RGBA(0,0,0,0)&#8220; dnxte_feature_list_item_margin=&#8220;||15px||false|false&#8220; dnxte_feature_list_item_padding=&#8220;||||false|true&#8220; dnxte_feature_list_item_padding_tablet=&#8220;|20px||20px|false|true&#8220; dnxte_feature_list_item_padding_phone=&#8220;|20px||20px|false|true&#8220; dnxte_feature_list_item_padding_last_edited=&#8220;on|desktop&#8220; module_class=&#8220;list-featured-list&#8220; _builder_version=&#8220;4.9.4&#8243; _module_preset=&#8220;default&#8220; title_font=&#8220;|700|||||||&#8220; custom_css_main_element=&#8220;margin-bottom:1.7rem !important;||margin-top:1.7rem;||margin-left:0;&#8220; custom_css_feature_list_icon=&#8220;background:none !important;&#8220; locked=&#8220;off&#8220; dnxte_feature_list_item_padding__hover_enabled=&#8220;off|desktop&#8220;][dnxte_feature_list_child dnxte_feature_list_title=&#8220;Direkter Zugang zu den sch\u00f6nsten Radwegen&#8220; _builder_version=&#8220;4.9.4&#8243; _module_preset=&#8220;default&#8220; custom_css_feature_list_icon=&#8220;background:none;&#8220;][\/dnxte_feature_list_child][dnxte_feature_list_child dnxte_feature_list_title=&#8220;Ein au\u00dfergew\u00f6hnliches Erbe in Reichweite der Pedale&#8220; _builder_version=&#8220;4.9.4&#8243; _module_preset=&#8220;default&#8220;][\/dnxte_feature_list_child][dnxte_feature_list_child dnxte_feature_list_title=&#8220;Kurse f\u00fcr alle Niveaus&#8220; _builder_version=&#8220;4.9.4&#8243; _module_preset=&#8220;default&#8220;][\/dnxte_feature_list_child][\/dnxte_feature_list_parent][et_pb_button button_url=&#8220;https:\/\/cart.guidap.net\/v1\/iframe.html?g-token=IPMj2uT9k5HEzAwmV6lRrUL0bidZcxWeY8aK&#038;g-lang=fr&#038;g-currency=EUR&#038;g-hide-close&#038;g-fn%5b0%5d=openActivities&#8220; url_new_window=&#8220;on&#8220; button_text=&#8220;Ich buche jetzt&#8220; button_alignment=&#8220;left&#8220; _builder_version=&#8220;4.9.4&#8243; _module_preset=&#8220;default&#8220; custom_button=&#8220;on&#8220; button_text_size=&#8220;15px&#8220; button_bg_color=&#8220;#96c896&#8243; button_border_width=&#8220;0px&#8220; button_icon=&#8220;%%20%%&#8220; button_icon_color=&#8220;#FFFFFF&#8220; button_on_hover=&#8220;off&#8220; background_layout=&#8220;dark&#8220; custom_margin=&#8220;30px||||false|false&#8220; custom_padding=&#8220;10px|20px|10px|20px|true|true&#8220; locked=&#8220;off&#8220; custom_css_main_element_last_edited=&#8220;on|phone&#8220; custom_css_main_element_phone=&#8220;font-size:1.1rem !important;&#8220;][\/et_pb_button][\/et_pb_column][\/et_pb_row][et_pb_row make_equal=&#8220;on&#8220; _builder_version=&#8220;4.9.4&#8243; _module_preset=&#8220;default&#8220; custom_margin=&#8220;50px||||false|false&#8220; custom_padding=&#8220;30px||30px||true|false&#8220; custom_css_main_element=&#8220;justify-content:center;&#8220; border_width_top=&#8220;1px&#8220; border_color_top=&#8220;#dedede&#8220;][et_pb_column type=&#8220;4_4&#8243; _builder_version=&#8220;4.9.4&#8243; _module_preset=&#8220;default&#8220;][et_pb_blurb _builder_version=&#8220;4.9.4&#8243; _module_preset=&#8220;default&#8220; body_text_align=&#8220;center&#8220; body_font_size=&#8220;16px&#8220;]Pour les plus audacieux, la proximit\u00e9 avec \u00e0 la Grande Travers\u00e9e du Massif Central en v\u00e9lo tout terrain qui se termine \u00e0 Agde promet des escapades riches en sensations.[\/et_pb_blurb][\/et_pb_column][\/et_pb_row][\/et_pb_section][et_pb_section fb_built=&#8220;1&#8243; admin_label=&#8220;SECTION ITINERAIRES&#8220; _builder_version=&#8220;4.9.4&#8243; _module_preset=&#8220;default&#8220; background_enable_image=&#8220;off&#8220; background_size=&#8220;contain&#8220; background_position=&#8220;top_left&#8220; min_height=&#8220;650px&#8220; min_height_tablet=&#8220;&#8220; min_height_phone=&#8220;&#8220; min_height_last_edited=&#8220;on|desktop&#8220; locked=&#8220;off&#8220; collapsed=&#8220;on&#8220;][et_pb_row column_structure=&#8220;1_2,1_2&#8243; use_custom_gutter=&#8220;on&#8220; gutter_width=&#8220;2&#8243; make_equal=&#8220;on&#8220; _builder_version=&#8220;4.9.4&#8243; _module_preset=&#8220;default&#8220; background_enable_image=&#8220;off&#8220; background_position=&#8220;top_left&#8220; width=&#8220;100%&#8220; max_width=&#8220;1280px&#8220;][et_pb_column type=&#8220;1_2&#8243; _builder_version=&#8220;4.9.4&#8243; _module_preset=&#8220;default&#8220; background_enable_image=&#8220;off&#8220;][dnxte_tooltip tooltip_image=&#8220;https:\/\/www.les-sablons.com\/wp-content\/uploads\/2025\/06\/mape-phone-1024&#215;800.png&#8220; hotspot_bg=&#8220;#96c896&#8243; module_class=&#8220;map-hub-spots&#8220; _builder_version=&#8220;4.9.4&#8243; _module_preset=&#8220;default&#8220;][dnxte_tooltip_child tooltip_hotspot_icon=&#8220;%%122%%&#8220; tooltip_bg=&#8220;#96c896&#8243; tooltip_text=&#8220;LE CANAL DES 2 MERS&#8220; tooltip_content=&#8220;D\u00e9couvrez le Canal des Deux Mers \u00e0 v\u00e9lo, itin\u00e9raire cyclable qui relie la M\u00e9diterran\u00e9e \u00e0 l&#8217;Atlantique. Sur 750 km, p\u00e9dalez le long de l\u2019Estuaire de La Gironde&#8230;&#8220; hotspot_horizontal=&#8220;80%&#8220; hotspot_vertical=&#8220;40%&#8220; hotspot_bg=&#8220;#96c896&#8243; _builder_version=&#8220;4.9.4&#8243; _module_preset=&#8220;default&#8220; tooltip_text_font=&#8220;|||||on|||&#8220; tooltip_text_font_size=&#8220;12px&#8220; tooltip_desc_text_color=&#8220;#FFFFFF&#8220; tooltip_desc_font_size=&#8220;12px&#8220; link_option_url=&#8220;https:\/\/www.canaldes2mersavelo.com\/&#8220; link_option_url_new_window=&#8220;on&#8220; box_shadow_style_tooltip_desc=&#8220;preset3&#8243;][\/dnxte_tooltip_child][dnxte_tooltip_child tooltip_hotspot_icon=&#8220;%%122%%&#8220; tooltip_bg=&#8220;#96c896&#8243; tooltip_text=&#8220;LA M\u00c9DITERRAN\u00c9E \u00c0 V\u00c9LO&#8220; tooltip_content=&#8220;850 km du Perthus \u00e0 Menton. Relier le pi\u00e9mont pyr\u00e9n\u00e9en \u00e0 la C\u00f4te d\u2019Azur, entre arri\u00e8re-pays et littoral. Relier \u00e0 travers la France, hors des sentiers battus, l\u2019Espagne \u00e0 l\u2019Italie.&#8220; hotspot_horizontal=&#8220;77%&#8220; hotspot_vertical=&#8220;74%&#8220; hotspot_bg=&#8220;#96c896&#8243; _builder_version=&#8220;4.9.4&#8243; _module_preset=&#8220;default&#8220; tooltip_text_font=&#8220;|||||on|||&#8220; tooltip_text_font_size=&#8220;12px&#8220; tooltip_desc_text_color=&#8220;#FFFFFF&#8220; tooltip_desc_font_size=&#8220;12px&#8220; link_option_url=&#8220;https:\/\/www.lamediterraneeavelo.com\/&#8220; link_option_url_new_window=&#8220;on&#8220; box_shadow_style_tooltip_desc=&#8220;preset3&#8243;][\/dnxte_tooltip_child][dnxte_tooltip_child tooltip_hotspot_icon=&#8220;%%122%%&#8220; tooltip_bg=&#8220;#96c896&#8243; tooltip_text=&#8220;AUTOUR DE PORTIRAGNES&#8220; tooltip_content=&#8220;D\u00e9couvrez les plus belles pistes cyclables autour de Portiragnes, faire du v\u00e9lo est l&#8217;une des meilleures fa\u00e7ons de d\u00e9couvrir la nature autour de Portiragnes &#8220; hotspot_horizontal=&#8220;20%&#8220; hotspot_vertical=&#8220;74%&#8220; hotspot_bg=&#8220;#96c896&#8243; _builder_version=&#8220;4.9.4&#8243; _module_preset=&#8220;default&#8220; tooltip_text_font=&#8220;|||||on|||&#8220; tooltip_text_font_size=&#8220;12px&#8220; tooltip_desc_text_color=&#8220;#FFFFFF&#8220; tooltip_desc_font_size=&#8220;12px&#8220; link_option_url=&#8220;https:\/\/www.komoot.fr\/guide\/1264245\/itineraires-et-pistes-cyclables-autour-de-portiragnes&#8220; link_option_url_new_window=&#8220;on&#8220; box_shadow_style_tooltip_desc=&#8220;preset3&#8243;][\/dnxte_tooltip_child][dnxte_tooltip_child tooltip_hotspot_icon=&#8220;%%122%%&#8220; tooltip_bg=&#8220;#96c896&#8243; tooltip_text=&#8220;FRANCE V\u00c9LO TOURISME&#8220; tooltip_content=&#8220;France V\u00e9lo Tourisme vous invite \u00e0 changer de rythme et partir en voyage \u00e0 v\u00e9lo le temps d&#8217;un week-end ou durant vos vacances. En famille, entre amis ou en solo&#8230;&#8220; hotspot_horizontal=&#8220;20%&#8220; hotspot_bg=&#8220;#96c896&#8243; _builder_version=&#8220;4.9.4&#8243; _module_preset=&#8220;default&#8220; tooltip_text_font=&#8220;|||||on|||&#8220; tooltip_text_font_size=&#8220;12px&#8220; tooltip_desc_text_color=&#8220;#FFFFFF&#8220; tooltip_desc_font_size=&#8220;12px&#8220; link_option_url=&#8220;https:\/\/www.francevelotourisme.com\/&#8220; link_option_url_new_window=&#8220;on&#8220; box_shadow_style_tooltip_desc=&#8220;preset3&#8243;][\/dnxte_tooltip_child][\/dnxte_tooltip][\/et_pb_column][et_pb_column type=&#8220;1_2&#8243; _builder_version=&#8220;4.9.4&#8243; _module_preset=&#8220;default&#8220;][et_pb_blurb title=&#8220;Radrouten f\u00fcr jedes Niveau&#8220; content_max_width=&#8220;600px&#8220; module_class=&#8220;small-fermer-resume&#8220; _builder_version=&#8220;4.9.4&#8243; _module_preset=&#8220;default&#8220; header_level=&#8220;h2&#8243; header_font=&#8220;|800|||||||&#8220; header_text_color=&#8220;#000000&#8243; header_font_size=&#8220;30px&#8220; body_font_size=&#8220;1rem&#8220; body_line_height=&#8220;1.5rem&#8220; custom_margin=&#8220;|15px||15px|false|false&#8220; custom_padding_tablet=&#8220;&#8220; custom_padding_phone=&#8220;15px|15px|15px|15px|true|true&#8220; custom_padding_last_edited=&#8220;on|phone&#8220; header_font_size_tablet=&#8220;&#8220; header_font_size_phone=&#8220;25px&#8220; header_font_size_last_edited=&#8220;on|phone&#8220; body_font_size_tablet=&#8220;&#8220; body_font_size_phone=&#8220;&#8220; body_font_size_last_edited=&#8220;on|phone&#8220; custom_css_blurb_title=&#8220;margin-bottom:1.2rem;&#8220;]<\/p>\n<p style=\"font-size: 1.2rem; font-style: italic; line-height: 1.1;\">Radsportbegeisterte werden begeistert sein, die zahlreichen Radwege zu entdecken, die direkt vom Campingplatz Les Sablons in Portiragnes Plage aus zug\u00e4nglich sind.<\/p>\n<p>Egal, ob Sie einen angenehmen Spaziergang oder eine intensive k\u00f6rperliche Herausforderung suchen, es gibt eine Route, die Ihren Bed\u00fcrfnissen entspricht.<\/p>\n<p>[\/et_pb_blurb][dnxte_feature_list_parent dnxte_feature_list_icon_color=&#8220;#12b312&#8243; dnxte_feature_list_icon_bg_color=&#8220;RGBA(0,0,0,0)&#8220; dnxte_feature_list_item_margin=&#8220;||15px||false|false&#8220; dnxte_feature_list_item_padding=&#8220;||||false|true&#8220; dnxte_feature_list_item_padding_tablet=&#8220;|20px||20px|false|true&#8220; dnxte_feature_list_item_padding_phone=&#8220;|20px||20px|false|true&#8220; dnxte_feature_list_item_padding_last_edited=&#8220;on|desktop&#8220; module_class=&#8220;list-featured-list&#8220; _builder_version=&#8220;4.9.4&#8243; _module_preset=&#8220;default&#8220; title_font=&#8220;|700|||||||&#8220; custom_css_main_element=&#8220;margin-bottom:1.7rem !important;||margin-top:1.7rem;||margin-left:0;&#8220; custom_css_feature_list_icon=&#8220;background:none !important;&#8220; locked=&#8220;off&#8220; dnxte_feature_list_item_padding__hover_enabled=&#8220;off|desktop&#8220;][dnxte_feature_list_child dnxte_feature_list_title=&#8220;Eine gr\u00fcne und sichere Route f\u00fcr alle&#8220; _builder_version=&#8220;4.9.4&#8243; _module_preset=&#8220;default&#8220; custom_css_feature_list_icon=&#8220;background:none;&#8220;][\/dnxte_feature_list_child][dnxte_feature_list_child dnxte_feature_list_title=&#8220;Ein freundlicher Treffpunkt f\u00fcr Radtouristen&#8220; _builder_version=&#8220;4.9.4&#8243; _module_preset=&#8220;default&#8220;][\/dnxte_feature_list_child][dnxte_feature_list_child dnxte_feature_list_title=&#8220;Abwechslungsreiche Reiserouten voller Entdeckungen&#8220; _builder_version=&#8220;4.9.4&#8243; _module_preset=&#8220;default&#8220;][\/dnxte_feature_list_child][\/dnxte_feature_list_parent][dnxte_dual_button button_text_one=&#8220;Der Canal des 2 Mers mit dem Fahrrad&#8220; button_link_one=&#8220;https:\/\/www.canaldes2mersavelo.com\/&#8220; button_text_two=&#8220;Das Mittelmeer mit dem Fahrrad&#8220; button_link_two=&#8220;https:\/\/www.lamediterraneeavelo.com\/&#8220; dnxt_dual_button_alignment=&#8220;center&#8220; btn_one_icon=&#8220;%%122%%&#8220; btn_one_icon_color=&#8220;#3796aa&#8220; btn_one_on_hover=&#8220;off&#8220; btn_two_icon=&#8220;%%122%%&#8220; btn_two_icon_color=&#8220;#3796aa&#8220; btn_two_on_hover=&#8220;off&#8220; _builder_version=&#8220;4.9.4&#8243; _module_preset=&#8220;default&#8220; btn_one_fonts_font_size=&#8220;14px&#8220; btn_two_fonts_font_size=&#8220;14px&#8220; module_alignment=&#8220;center&#8220; custom_css_button_wrapper=&#8220;display:flex;||gap:35px;&#8220; border_width_all_one_border=&#8220;2px&#8220; border_color_all_one_border=&#8220;RGBA(0,0,0,0)&#8220; border_width_all_two_border=&#8220;2px&#8220; border_color_all_two_border=&#8220;RGBA(0,0,0,0)&#8220; border_color_all_one_border__hover_enabled=&#8220;on|hover&#8220; border_color_all_one_border__hover=&#8220;#3796aa&#8220; border_width_all_two_border__hover_enabled=&#8220;off|desktop&#8220; border_color_all_two_border__hover_enabled=&#8220;on|hover&#8220; border_color_all_two_border__hover=&#8220;#3796aa&#8220;][\/dnxte_dual_button][dnxte_dual_button button_text_one=&#8220;Rund um Portiragnes&#8220; button_link_one=&#8220;https:\/\/www.komoot.fr\/guide\/1264245\/itineraires-et-pistes-cyclables-autour-de-portiragnes&#8220; button_text_two=&#8220;France V\u00e9lo Tourisme&#8220; button_link_two=&#8220;https:\/\/www.francevelotourisme.com\/&#8220; dnxt_dual_button_alignment=&#8220;center&#8220; btn_one_icon=&#8220;%%122%%&#8220; btn_one_icon_color=&#8220;#3796aa&#8220; btn_one_on_hover=&#8220;off&#8220; btn_two_icon=&#8220;%%122%%&#8220; btn_two_icon_color=&#8220;#3796aa&#8220; btn_two_on_hover=&#8220;off&#8220; _builder_version=&#8220;4.9.4&#8243; _module_preset=&#8220;default&#8220; btn_one_fonts_font_size=&#8220;14px&#8220; btn_two_fonts_font_size=&#8220;14px&#8220; module_alignment=&#8220;center&#8220; custom_css_button_wrapper=&#8220;display:flex;||gap:35px;&#8220; border_color_all_one_border=&#8220;RGBA(0,0,0,0)&#8220; border_color_all_two_border=&#8220;RGBA(0,0,0,0)&#8220; border_color_all_one_border__hover_enabled=&#8220;on|hover&#8220; border_color_all_one_border__hover=&#8220;#3796aa&#8220; border_color_all_two_border__hover_enabled=&#8220;on|desktop&#8220; border_color_all_two_border__hover=&#8220;#3796aa&#8220;][\/dnxte_dual_button][\/et_pb_column][\/et_pb_row][\/et_pb_section][et_pb_section fb_built=&#8220;1&#8243; custom_padding_last_edited=&#8220;on|desktop&#8220; _builder_version=&#8220;4.9.4&#8243; _module_preset=&#8220;default&#8220; background_color=&#8220;#f7f2ec&#8220; custom_padding=&#8220;||40px||false|false&#8220; custom_padding_tablet=&#8220;&#8220; custom_padding_phone=&#8220;|15px|50px|15px|false|true&#8220; locked=&#8220;off&#8220; collapsed=&#8220;on&#8220;][et_pb_row column_structure=&#8220;2_5,3_5&#8243; make_equal=&#8220;on&#8220; custom_padding_last_edited=&#8220;on|phone&#8220; _builder_version=&#8220;4.9.4&#8243; _module_preset=&#8220;default&#8220; width=&#8220;100%&#8220; max_width=&#8220;1280px&#8220; custom_padding=&#8220;45px||45px||true|false&#8220; custom_padding_tablet=&#8220;&#8220; custom_padding_phone=&#8220;30px||30px||true|false&#8220;][et_pb_column type=&#8220;2_5&#8243; _builder_version=&#8220;4.9.4&#8243; _module_preset=&#8220;default&#8220;][et_pb_blurb title=&#8220;Warum uns w\u00e4hlen?&#8220; module_id=&#8220;bloc-our-value&#8220; _builder_version=&#8220;4.9.4&#8243; _module_preset=&#8220;default&#8220; header_level=&#8220;h2&#8243; header_font=&#8220;|700|||||||&#8220; header_text_color=&#8220;#3796aa&#8220; header_font_size=&#8220;0.9rem&#8220; body_font_size=&#8220;18px&#8220; header_font_size_tablet=&#8220;&#8220; header_font_size_phone=&#8220;&#8220; header_font_size_last_edited=&#8220;on|desktop&#8220; custom_css_blurb_title=&#8220;font-size:.9rem !important;&#8220; custom_css_blurb_title_last_edited=&#8220;off|desktop&#8220;]<\/p>\n<h3>Ein Fahrradziel, das Kulturerbe, Natur und Geselligkeit vereint<\/h3>\n<p>Zwischen dem Canal du Midi und der EV8 bietet Ihnen unser Campingplatz ein umfassendes Fahrraderlebnis, das au\u00dfergew\u00f6hnliche Routen, Komfort und Momente der Entspannung vereint.<\/p>\n<p>[\/et_pb_blurb][\/et_pb_column][et_pb_column type=&#8220;3_5&#8243; _builder_version=&#8220;4.9.4&#8243; _module_preset=&#8220;default&#8220; custom_css_main_element=&#8220;display: grid;||grid-template-columns: repeat(auto-fit,minmax(200px,1fr));||gap: 20px;||&#8220;][et_pb_blurb title=&#8220;Ein au\u00dfergew\u00f6hnliches Erbe in Reichweite der Pedale&#8220; use_icon=&#8220;on&#8220; font_icon=&#8220;%%57%%&#8220; icon_alignment=&#8220;left&#8220; content_max_width=&#8220;100%&#8220; use_icon_font_size=&#8220;on&#8220; icon_font_size=&#8220;50px&#8220; admin_label=&#8220;Un patrimoine d\u2019exception \u00e0 port\u00e9e de p\u00e9dale&#8220; _builder_version=&#8220;4.9.4&#8243; _module_preset=&#8220;default&#8220; header_font=&#8220;|700|||||||&#8220; header_font_size=&#8220;1rem&#8220; header_letter_spacing=&#8220;0.03rem&#8220; custom_padding=&#8220;10px|10px|10px|10px|true|true&#8220; custom_css_blurb_image=&#8220;margin-bottom:20px;&#8220; custom_css_blurb_title=&#8220;margin-bottom:.75rem;||line-height:1.2;&#8220;]<\/p>\n<p>Der Canal du Midi, ein UNESCO-Weltkulturerbe, bietet eine Reise voller Geschichte, Poesie und friedlicher Landschaften.<\/p>\n<p>[\/et_pb_blurb][et_pb_blurb title=&#8220;Eine gr\u00fcne und sichere Route f\u00fcr alle&#8220; use_icon=&#8220;on&#8220; font_icon=&#8220;%%57%%&#8220; icon_alignment=&#8220;left&#8220; content_max_width=&#8220;100%&#8220; use_icon_font_size=&#8220;on&#8220; icon_font_size=&#8220;50px&#8220; admin_label=&#8220;Une voie verte et s\u00e9curis\u00e9e pour tous&#8220; _builder_version=&#8220;4.9.4&#8243; _module_preset=&#8220;default&#8220; header_font=&#8220;|700|||||||&#8220; header_font_size=&#8220;1rem&#8220; header_letter_spacing=&#8220;0.03rem&#8220; custom_padding=&#8220;10px|10px|10px|10px|true|true&#8220; custom_css_blurb_image=&#8220;margin-bottom:20px;&#8220; custom_css_blurb_title=&#8220;margin-bottom:.75rem;||line-height:1.2;&#8220;]<\/p>\n<p>Zwischen B\u00e9ziers und Portiragnes Plage garantiert der Radweg entlang des Canal du Midi Sicherheit, Komfort und Zug\u00e4nglichkeit f\u00fcr alle Radtouristen.<\/p>\n<p>[\/et_pb_blurb][et_pb_blurb title=&#8220;Ein freundlicher Treffpunkt f\u00fcr Radtouristen&#8220; use_icon=&#8220;on&#8220; font_icon=&#8220;%%57%%&#8220; icon_alignment=&#8220;left&#8220; content_max_width=&#8220;100%&#8220; use_icon_font_size=&#8220;on&#8220; icon_font_size=&#8220;50px&#8220; admin_label=&#8220;Un hub convivial pour cyclo-voyageurs&#8220; _builder_version=&#8220;4.9.4&#8243; _module_preset=&#8220;default&#8220; header_font=&#8220;|700|||||||&#8220; header_font_size=&#8220;1rem&#8220; header_letter_spacing=&#8220;0.03rem&#8220; custom_padding=&#8220;10px|10px|10px|10px|true|true&#8220; custom_css_blurb_image=&#8220;margin-bottom:20px;&#8220; custom_css_blurb_title=&#8220;margin-bottom:.75rem;||line-height:1.2;&#8220;]<\/p>\n<p>Unser Campingplatz in der N\u00e4he der EV8 zieht ein internationales Publikum von Enthusiasten an und bietet Einrichtungen, die auf Radfahrer zugeschnitten sind.<\/p>\n<p>[\/et_pb_blurb][et_pb_blurb title=&#8220;Abwechslungsreiche Reiserouten voller Entdeckungen&#8220; use_icon=&#8220;on&#8220; font_icon=&#8220;%%57%%&#8220; icon_alignment=&#8220;left&#8220; content_max_width=&#8220;100%&#8220; use_icon_font_size=&#8220;on&#8220; icon_font_size=&#8220;50px&#8220; admin_label=&#8220;Des itin\u00e9raires vari\u00e9s et riches en d\u00e9couvertes&#8220; _builder_version=&#8220;4.9.4&#8243; _module_preset=&#8220;default&#8220; header_font=&#8220;|700|||||||&#8220; header_font_size=&#8220;1rem&#8220; header_letter_spacing=&#8220;0.03rem&#8220; custom_padding=&#8220;10px|10px|10px|10px|true|true&#8220; custom_css_blurb_image=&#8220;margin-bottom:20px;&#8220; custom_css_blurb_title=&#8220;margin-bottom:.75rem;||line-height:1.2;&#8220;]<\/p>\n<p>Der Canal du Midi und die EV8 bieten markierte Routen zwischen Natur, Mittelmeer und typischen D\u00f6rfern f\u00fcr Spazierg\u00e4nge oder l\u00e4ngere Aufenthalte.<\/p>\n<p>[\/et_pb_blurb][et_pb_blurb title=&#8220;Ein idealer Rahmen zum Auftanken&#8220; use_icon=&#8220;on&#8220; font_icon=&#8220;%%57%%&#8220; icon_alignment=&#8220;left&#8220; content_max_width=&#8220;100%&#8220; use_icon_font_size=&#8220;on&#8220; icon_font_size=&#8220;50px&#8220; admin_label=&#8220;Un cadre id\u00e9al pour se ressourcer&#8220; _builder_version=&#8220;4.9.4&#8243; _module_preset=&#8220;default&#8220; header_font=&#8220;|700|||||||&#8220; header_font_size=&#8220;1rem&#8220; header_letter_spacing=&#8220;0.03rem&#8220; custom_padding=&#8220;10px|10px|10px|10px|true|true&#8220; custom_css_blurb_image=&#8220;margin-bottom:20px;&#8220; custom_css_blurb_title=&#8220;margin-bottom:.75rem;||line-height:1.2;&#8220;]<\/p>\n<p>Nach der Anstrengung kommt der Komfort: Entspannung am Meer, Natur und freundliche Atmosph\u00e4re bei der R\u00fcckkehr von Ihren Touren.<\/p>\n<p>[\/et_pb_blurb][et_pb_blurb title=&#8220;Ein kompletter Aufenthalt zwischen Sport, Entspannung und Kultur&#8220; use_icon=&#8220;on&#8220; font_icon=&#8220;%%57%%&#8220; icon_alignment=&#8220;left&#8220; content_max_width=&#8220;100%&#8220; use_icon_font_size=&#8220;on&#8220; icon_font_size=&#8220;50px&#8220; admin_label=&#8220;Un s\u00e9jour complet, entre sport, d\u00e9tente et culture&#8220; _builder_version=&#8220;4.9.4&#8243; _module_preset=&#8220;default&#8220; header_font=&#8220;|700|||||||&#8220; header_font_size=&#8220;1rem&#8220; header_letter_spacing=&#8220;0.03rem&#8220; custom_padding=&#8220;10px|10px|10px|10px|true|true&#8220; custom_css_blurb_image=&#8220;margin-bottom:20px;&#8220; custom_css_blurb_title=&#8220;margin-bottom:.75rem;||line-height:1.2;&#8220;]<\/p>\n<p>Jede Reiseroute unterstreicht die Idee eines abwechslungsreichen und ausgewogenen Aufenthalts, der Radfahren, Erkundungen und lokale Freuden kombiniert.<\/p>\n<p>[\/et_pb_blurb][\/et_pb_column][\/et_pb_row][\/et_pb_section][et_pb_section fb_built=&#8220;1&#8243; module_class=&#8220;footer-widgets&#8220; _builder_version=&#8220;4.7.7&#8243; background_color=&#8220;#3796aa&#8220; custom_padding=&#8220;0px||10px||false|false&#8220; saved_tabs=&#8220;all&#8220; locked=&#8220;on&#8220; collapsed=&#8220;on&#8220;][et_pb_row use_custom_gutter=&#8220;on&#8220; gutter_width=&#8220;2&#8243; make_equal=&#8220;on&#8220; disabled_on=&#8220;on|on|off&#8220; module_class=&#8220;footer-infos&#8220; _builder_version=&#8220;4.2.2&#8243; width=&#8220;100%&#8220; width_tablet=&#8220;auto&#8220; width_phone=&#8220;auto&#8220; width_last_edited=&#8220;on|phone&#8220; max_width=&#8220;1235px&#8220; max_width_tablet=&#8220;none&#8220; max_width_phone=&#8220;none&#8220; max_width_last_edited=&#8220;on|phone&#8220; custom_padding=&#8220;||10px||false|false&#8220;][et_pb_column type=&#8220;4_4&#8243; _builder_version=&#8220;4.2.2&#8243; custom_padding=&#8220;|||20px|false|false&#8220; custom_padding_tablet=&#8220;|||0px|false|false&#8220; custom_padding_phone=&#8220;&#8220; custom_padding_last_edited=&#8220;on|desktop&#8220;][\/et_pb_column][\/et_pb_row][et_pb_row column_structure=&#8220;1_3,1_3,1_3&#8243; use_custom_gutter=&#8220;on&#8220; gutter_width=&#8220;2&#8243; make_equal=&#8220;on&#8220; disabled_on=&#8220;on|on|off&#8220; module_class=&#8220;footer-infos&#8220; _builder_version=&#8220;4.2.2&#8243; width=&#8220;100%&#8220; width_tablet=&#8220;auto&#8220; width_phone=&#8220;auto&#8220; width_last_edited=&#8220;on|phone&#8220; max_width=&#8220;1235px&#8220; max_width_tablet=&#8220;none&#8220; max_width_phone=&#8220;none&#8220; max_width_last_edited=&#8220;on|phone&#8220; custom_padding=&#8220;||10px||false|false&#8220;][et_pb_column type=&#8220;1_3&#8243; _builder_version=&#8220;4.2.2&#8243; custom_padding=&#8220;|||20px|false|false&#8220; custom_padding_tablet=&#8220;|||0px|false|false&#8220; custom_padding_phone=&#8220;&#8220; custom_padding_last_edited=&#8220;on|desktop&#8220;][et_pb_blurb title=&#8220;Hotline 7\/7j&#8220; admin_label=&#8220;Hotline 7\/7j&#8220; _builder_version=&#8220;4.9.4&#8243; header_font=&#8220;|||on|||||&#8220; header_text_color=&#8220;#ffffff&#8220; body_text_color=&#8220;#ffffff&#8220;]<\/p>\n<p class=\"ls_footer_social_2\">Posez-nous toutes vos questions de 9h00 \u00e0 18h00<\/p>\n<p><a href=\"tel:+33467909055\"><span style=\"color: #ffffff;font-size: 16px\">+33 4 67 90 90 55<\/span><\/a><\/p>\n<p>[\/et_pb_blurb][\/et_pb_column][et_pb_column type=&#8220;1_3&#8243; _builder_version=&#8220;4.2.2&#8243;][et_pb_blurb title=&#8220;SUIVEZ NOUS&#8220; admin_label=&#8220;suivez-nous&#8220; _builder_version=&#8220;4.9.4&#8243; header_font=&#8220;|||on|||||&#8220; header_text_color=&#8220;#ffffff&#8220; body_text_color=&#8220;#ffffff&#8220; custom_padding=&#8220;||0px||false|false&#8220; custom_css_main_element=&#8220;margin-bottom: 0 !important;&#8220;]<\/p>\n<p class=\"ls_footer_social\">Partagez la vie de camping avec vos amis et votre famille<\/p>\n<p>[\/et_pb_blurb][et_pb_social_media_follow admin_label=&#8220;Follow us on social media&#8220; _builder_version=&#8220;4.7.7&#8243;][et_pb_social_media_follow_network social_network=&#8220;facebook&#8220; url=&#8220;https:\/\/www.facebook.com\/CampingClubLesSablons&#8220; icon_color=&#8220;#ffffff&#8220; _builder_version=&#8220;4.2.2&#8243; background_color=&#8220;rgba(59,89,152,0)&#8220; background_enable_color=&#8220;on&#8220;]facebook[\/et_pb_social_media_follow_network][et_pb_social_media_follow_network social_network=&#8220;pinterest&#8220; url=&#8220;https:\/\/www.pinterest.fr\/campingsablons\/&#8220; icon_color=&#8220;#ffffff&#8220; _builder_version=&#8220;4.2.2&#8243; background_color=&#8220;rgba(203,32,39,0)&#8220; background_enable_color=&#8220;on&#8220;]pinterest[\/et_pb_social_media_follow_network][et_pb_social_media_follow_network social_network=&#8220;youtube&#8220; url=&#8220;https:\/\/www.youtube.com\/channel\/UCJH1bcXs5nLomrHW-Efn-JA?feature=mhee&#8220; icon_color=&#8220;#ffffff&#8220; _builder_version=&#8220;4.2.2&#8243; background_color=&#8220;rgba(168,36,0,0)&#8220; background_enable_color=&#8220;on&#8220;]youtube[\/et_pb_social_media_follow_network][et_pb_social_media_follow_network social_network=&#8220;instagram&#8220; url=&#8220;https:\/\/www.instagram.com\/campinglessablons\/&#8220; icon_color=&#8220;#ffffff&#8220; _builder_version=&#8220;4.2.2&#8243; background_color=&#8220;rgba(10,4,1,0)&#8220; background_enable_color=&#8220;on&#8220;]instagram[\/et_pb_social_media_follow_network][\/et_pb_social_media_follow][\/et_pb_column][et_pb_column type=&#8220;1_3&#8243; _builder_version=&#8220;4.2.2&#8243;][et_pb_blurb title=&#8220;NEWSLETTER&#8220; admin_label=&#8220;NEWSLETTER&#8220; _builder_version=&#8220;4.9.4&#8243; header_font=&#8220;|||on|||||&#8220; header_text_color=&#8220;#ffffff&#8220; body_text_color=&#8220;#ffffff&#8220; custom_css_main_element=&#8220;margin-bottom: 0px !important;&#8220;]Recevez les actualit\u00e9s et promotions de votre camping[\/et_pb_blurb][et_pb_code admin_label=&#8220;Code &#8211; Newsletter&#8220; _builder_version=&#8220;4.7.7&#8243; custom_margin=&#8220;-20px||||false|false&#8220;]<p><div class=\"tnp tnp-subscription \">\n<form method=\"post\" action=\"https:\/\/www.les-sablons.com\/de\/?na=s\">\n\n<input type=\"hidden\" name=\"nlang\" value=\"de\"><div class=\"tnp-field tnp-field-email\"><label for=\"tnp-1\">E-Mail-Adresse<\/label>\n<input class=\"tnp-email\" type=\"email\" name=\"ne\" id=\"tnp-1\" value=\"\" required><\/div>\n<div class=\"tnp-field tnp-field-button\"><input class=\"tnp-submit\" type=\"submit\" value=\"https:\/\/www.les-sablons.com\/wp-content\/uploads\/2020\/02\/send.png\" >\n<\/div>\n<\/form>\n<\/div>\n<\/p>[\/et_pb_code][\/et_pb_column][\/et_pb_row][et_pb_row disabled_on=&#8220;on|on|off&#8220; _builder_version=&#8220;4.2.2&#8243; width=&#8220;100%&#8220; width_tablet=&#8220;auto&#8220; width_phone=&#8220;auto&#8220; width_last_edited=&#8220;on|phone&#8220; max_width=&#8220;1235px&#8220; max_width_tablet=&#8220;none&#8220; max_width_phone=&#8220;none&#8220; max_width_last_edited=&#8220;on|phone&#8220; custom_margin=&#8220;0px||||false|false&#8220; custom_padding=&#8220;0px||0px||true|false&#8220;][et_pb_column type=&#8220;4_4&#8243; _builder_version=&#8220;4.2.2&#8243;][et_pb_divider color=&#8220;#333333&#8243; divider_position=&#8220;center&#8220; divider_weight=&#8220;1px&#8220; _builder_version=&#8220;4.7.7&#8243; module_alignment=&#8220;center&#8220; height=&#8220;1px&#8220;][\/et_pb_divider][et_pb_text _builder_version=&#8220;4.9.4&#8243; _module_preset=&#8220;default&#8220; text_font_size=&#8220;16px&#8220;]<\/p>\n<p style=\"text-align: center\"><em>* L&#8217;ensemble des photographies diffus\u00e9es sur notre site internet et notre tunnel de r\u00e9servation sont non contractuelles *<\/em><\/p>\n<p>[\/et_pb_text][et_pb_divider color=&#8220;#333333&#8243; divider_position=&#8220;center&#8220; divider_weight=&#8220;1px&#8220; _builder_version=&#8220;4.7.7&#8243; module_alignment=&#8220;center&#8220; height=&#8220;1px&#8220;][\/et_pb_divider][\/et_pb_column][\/et_pb_row][et_pb_row column_structure=&#8220;2_3,1_3&#8243; use_custom_gutter=&#8220;on&#8220; gutter_width=&#8220;4&#8243; make_equal=&#8220;on&#8220; disabled_on=&#8220;on|on|off&#8220; module_class=&#8220;footer-recrutons&#8220; _builder_version=&#8220;4.2.2&#8243; width=&#8220;100%&#8220; width_tablet=&#8220;auto&#8220; width_phone=&#8220;auto&#8220; width_last_edited=&#8220;on|phone&#8220; max_width=&#8220;1235px&#8220; max_width_tablet=&#8220;none&#8220; max_width_phone=&#8220;none&#8220; max_width_last_edited=&#8220;on|phone&#8220;][et_pb_column type=&#8220;2_3&#8243; _builder_version=&#8220;4.2.2&#8243; custom_padding=&#8220;|||20px|false|false&#8220; custom_padding_tablet=&#8220;|||0px|false|false&#8220; custom_padding_phone=&#8220;&#8220; custom_padding_last_edited=&#8220;on|desktop&#8220;][et_pb_text admin_label=&#8220;Camping 5 \u00e9toiles Les Sablons&#8220; _builder_version=&#8220;4.9.4&#8243; text_text_color=&#8220;#ffffff&#8220; link_option_url=&#8220;https:\/\/www.google.fr\/maps\/place\/Camping+les+Sablons+5+%C3%A9toiles\/@43.2801167,3.3615559,17z\/data=!3m1!4b1!4m8!3m7!1s0x12b110cb8904248b:0xa4f1250526d3159!5m2!4m1!1i2!8m2!3d43.2801167!4d3.3637446&#8243; link_option_url_new_window=&#8220;on&#8220;]<\/p>\n<p>Camping 5 \u00e9toiles Les Sablons<br \/>Avenue des M\u00fbriers<br \/>34420 Portiragnes-Plage<br \/>France<\/p>\n<p><a href=\"https:\/\/qualite-tourisme-occitanie.fr\/\" target=\"_blank\" rel=\"noopener\"><img decoding=\"async\" class=\"qualite_tourisme alignleft wp-image-14179\" src=\"https:\/\/www.les-sablons.com\/wp-content\/uploads\/2020\/02\/logo-qualite\u0301-tourisme.png\" alt=\"\" width=\"125\" height=\"121\" \/><\/a><a href=\"https:\/\/www.laclefverte.org\/\" target=\"_blank\" rel=\"noopener\"><img decoding=\"async\" class=\"clef_verte alignleft wp-image-14179\" style=\"margin-left: 20px\" src=\"https:\/\/www.les-sablons.com\/wp-content\/uploads\/2022\/02\/icone-clef-verte.svg\" width=\"100\" \/><\/a><\/p>\n<div id=\"e6444e82-8043-4eae-aa3f-6fcda8e3eab8\" class=\"avis-footer\"><\/div>\n<p><script async charset=\"utf-8\" src=\"https:\/\/widgets.rr.skeepers.io\/generated\/5b3aff52-4d28-bc94-d148-f1bf8652f4a2\/e6444e82-8043-4eae-aa3f-6fcda8e3eab8.js\"><\/script>[\/et_pb_text][et_pb_text disabled_on=&#8220;off|off|off&#8220; admin_label=&#8220;Bouton &#8211; Menu&#8220; _builder_version=&#8220;4.9.4&#8243; text_text_color=&#8220;#ffffff&#8220;]<\/p>\n<div class=\"footer-button\"><a href=\"\/plan-dacces\/\" class=\"learn_more\">ACC\u00c8S<\/a><\/div>\n<div class=\"footer-button\"><a href=\"\/contact\/\" class=\"learn_more\">NOUS CONTACTER<\/a><\/div>\n<div class=\"footer-button\"><a href=\"\/questions-frequentes\/\" class=\"learn_more\">F.A.Q<\/a><\/div>\n<div class=\"footer-button\"><a href=\"https:\/\/thelisresa.webcamp.fr\/formulaire.php?camping=sablons\" class=\"learn_more\">RESERVER<\/a><\/div>\n<p>[\/et_pb_text][\/et_pb_column][et_pb_column type=&#8220;1_3&#8243; _builder_version=&#8220;4.2.2&#8243;][et_pb_blurb title=&#8220;NOUS RECRUTONS.&#8220; admin_label=&#8220;We huren&#8220; _builder_version=&#8220;4.9.4&#8243; header_font=&#8220;|||on|||||&#8220; header_text_color=&#8220;#ffffff&#8220; body_text_color=&#8220;#ffffff&#8220; custom_css_main_element=&#8220;margin-bottom: 20px !important;&#8220;]<\/p>\n<p>Chaque saison, le Camping Les Sablons recrute de nouveaux collaborateurs pour diff\u00e9rents services:<br \/>Animation, piscine, bar, r\u00e9ception, espaces verts et entretien, entretien et nettoyage, et plus encore!<br \/>Pour un contrat saisonnier ou un stage, n&#8217;h\u00e9sitez pas \u00e0 postuler<\/p>\n<p>[\/et_pb_blurb][et_pb_button button_url=&#8220;https:\/\/careers.werecruit.io\/fr\/camping-les-sablons&#8220; url_new_window=&#8220;on&#8220; button_text=&#8220;Postuler&#8220; button_alignment=&#8220;left&#8220; button_alignment_tablet=&#8220;center&#8220; button_alignment_phone=&#8220;&#8220; button_alignment_last_edited=&#8220;on|tablet&#8220; admin_label=&#8220;Bouton &#8211; Postuler&#8220; _builder_version=&#8220;4.9.4&#8243; custom_button=&#8220;on&#8220; button_text_size=&#8220;12px&#8220; button_text_color=&#8220;#ffffff&#8220; button_border_width=&#8220;1px&#8220; button_border_color=&#8220;#ffffff&#8220; button_font=&#8220;|||on|||||&#8220; button_use_icon=&#8220;off&#8220; button_text_size__hover_enabled=&#8220;on|hover&#8220; button_bg_color__hover_enabled=&#8220;on|hover&#8220; button_text_color__hover_enabled=&#8220;on|hover&#8220; button_text_color__hover=&#8220;#40a8c5&#8243; button_bg_color__hover=&#8220;#ffffff&#8220; button_bg_enable_color__hover=&#8220;on&#8220; button_border_color__hover_enabled=&#8220;on|desktop&#8220; button_border_color__hover=&#8220;#ffffff&#8220;][\/et_pb_button][\/et_pb_column][\/et_pb_row][et_pb_row disabled_on=&#8220;on|on|off&#8220; _builder_version=&#8220;4.9.4&#8243; width=&#8220;100%&#8220; width_tablet=&#8220;auto&#8220; width_phone=&#8220;auto&#8220; width_last_edited=&#8220;on|phone&#8220; max_width=&#8220;1235px&#8220; max_width_tablet=&#8220;none&#8220; max_width_phone=&#8220;&#8220; max_width_last_edited=&#8220;on|phone&#8220; custom_margin=&#8220;0px||||false|false&#8220; custom_padding=&#8220;0px||0px||true|false&#8220;][et_pb_column type=&#8220;4_4&#8243; _builder_version=&#8220;4.2.2&#8243;][et_pb_divider color=&#8220;#333333&#8243; divider_position=&#8220;center&#8220; divider_weight=&#8220;1px&#8220; _builder_version=&#8220;4.7.7&#8243; module_alignment=&#8220;center&#8220; height=&#8220;1px&#8220;][\/et_pb_divider][\/et_pb_column][\/et_pb_row][et_pb_row disabled_on=&#8220;off|off|on&#8220; _builder_version=&#8220;4.2.2&#8243;][et_pb_column type=&#8220;4_4&#8243; _builder_version=&#8220;4.2.2&#8243;][et_pb_text disabled_on=&#8220;on|on|off&#8220; _builder_version=&#8220;4.9.4&#8243; _module_preset=&#8220;default&#8220; custom_padding=&#8220;0px||4px|||&#8220;]<\/p>\n<p style=\"text-align: center\"><em>* L&#8217;ensemble des photographies diffus\u00e9es sur notre site internet et notre tunnel de r\u00e9servation sont non contractuelles *<\/em><\/p>\n<p>[\/et_pb_text][et_pb_blurb title=&#8220;Hotline 7\/7j&#8220; admin_label=&#8220;Hotline 7\/7j&#8220; module_class=&#8220;footer-info&#8220; _builder_version=&#8220;4.9.4&#8243; header_font=&#8220;|||on|||||&#8220; header_text_color=&#8220;#ffffff&#8220; body_text_color=&#8220;#ffffff&#8220; custom_css_main_element=&#8220;margin-bottom: 20px !important;&#8220;]<\/p>\n<p>Posez-nous toutes vos questions de 9h00 \u00e0 19h00.<br \/><a href=\"tel:+33467909055\"><span style=\"color: #ffffff;font-size: 16px\">+33 4 67 90 90 55<\/span><\/a><\/p>\n<p>[\/et_pb_blurb][et_pb_divider color=&#8220;#9d1412&#8243; divider_position=&#8220;center&#8220; divider_weight=&#8220;1px&#8220; _builder_version=&#8220;4.2.2&#8243; module_alignment=&#8220;center&#8220; height=&#8220;1px&#8220;][\/et_pb_divider][et_pb_blurb title=&#8220;NEWSLETTER&#8220; admin_label=&#8220;Nieuwsbrief&#8220; module_class=&#8220;footer-info&#8220; _builder_version=&#8220;4.9.4&#8243; header_font=&#8220;|||on|||||&#8220; header_text_color=&#8220;#ff4e1f&#8220; body_text_color=&#8220;#ffffff&#8220; custom_css_main_element=&#8220;margin-bottom: 0px !important;&#8220;]<\/p>\n<p>Recevez les actualit\u00e9s et promotions de votre camping<\/p>\n<p>[\/et_pb_blurb][et_pb_code admin_label=&#8220;Code &#8211; Newsletter&#8220; _builder_version=&#8220;4.2.2&#8243; custom_margin=&#8220;-20px||||false|false&#8220;]<p><div class=\"tnp tnp-subscription \">\n<form method=\"post\" action=\"https:\/\/www.les-sablons.com\/de\/?na=s\">\n\n<input type=\"hidden\" name=\"nlang\" value=\"de\"><div class=\"tnp-field tnp-field-email\"><label for=\"tnp-3\">E-Mail-Adresse<\/label>\n<input class=\"tnp-email\" type=\"email\" name=\"ne\" id=\"tnp-3\" value=\"\" required><\/div>\n<div class=\"tnp-field tnp-field-button\"><input class=\"tnp-submit\" type=\"submit\" value=\"https:\/\/www.les-sablons.com\/wp-content\/uploads\/2020\/02\/send.png\" >\n<\/div>\n<\/form>\n<\/div>\n<\/p>[\/et_pb_code][et_pb_divider color=&#8220;#9d1412&#8243; divider_position=&#8220;center&#8220; divider_weight=&#8220;1px&#8220; _builder_version=&#8220;4.9.4&#8243; module_alignment=&#8220;center&#8220; height=&#8220;1px&#8220;][\/et_pb_divider][et_pb_blurb title=&#8220;NOUS RECRUTONS&#8220; admin_label=&#8220;We huren&#8220; module_class=&#8220;footer-info&#8220; _builder_version=&#8220;4.9.4&#8243; header_font=&#8220;|||on|||||&#8220; header_text_color=&#8220;#ff4e1f&#8220; body_text_color=&#8220;#ffffff&#8220; custom_css_main_element=&#8220;margin-bottom: 20px !important;&#8220;]Chaque saison, le Camping Les Sablons recrute de nouveaux collaborateurs pour diff\u00e9rents services:<br \/>\nAnimation, piscine, bar, r\u00e9ception, espaces verts et entretien, entretien et nettoyage, et plus encore!<br \/>\nPour un contrat saisonnier ou un stage, n&#8217;h\u00e9sitez pas \u00e0 postuler[\/et_pb_blurb][et_pb_button button_url=&#8220;https:\/\/careers.werecruit.io\/fr\/camping-les-sablons&#8220; url_new_window=&#8220;on&#8220; button_text=&#8220;POSTULER&#8220; button_alignment=&#8220;left&#8220; button_alignment_tablet=&#8220;center&#8220; button_alignment_phone=&#8220;&#8220; button_alignment_last_edited=&#8220;on|tablet&#8220; admin_label=&#8220;Bouton &#8211; Postuler&#8220; _builder_version=&#8220;4.9.4&#8243; custom_button=&#8220;on&#8220; button_text_size=&#8220;12px&#8220; button_text_color=&#8220;#ffffff&#8220; button_border_width=&#8220;1px&#8220; button_border_color=&#8220;#ffffff&#8220; button_font=&#8220;|||on|||||&#8220; button_use_icon=&#8220;off&#8220; button_text_size__hover_enabled=&#8220;on|hover&#8220; button_bg_color__hover_enabled=&#8220;on|hover&#8220; button_text_color__hover_enabled=&#8220;on|desktop&#8220; button_text_color__hover=&#8220;#ffffff&#8220; button_bg_color__hover=&#8220;#eb1d1a&#8220; button_bg_enable_color__hover=&#8220;on&#8220; button_border_color__hover_enabled=&#8220;on|desktop&#8220; button_border_color__hover=&#8220;#eb1d1a&#8220;][\/et_pb_button][et_pb_divider color=&#8220;#9d1412&#8243; divider_position=&#8220;center&#8220; divider_weight=&#8220;1px&#8220; _builder_version=&#8220;4.2.2&#8243; module_alignment=&#8220;center&#8220; height=&#8220;1px&#8220;][\/et_pb_divider][et_pb_blurb title=&#8220;SUIVEZ NOUS&#8220; admin_label=&#8220;Volg ons&#8220; module_class=&#8220;footer-info&#8220; _builder_version=&#8220;4.9.4&#8243; header_font=&#8220;|||on|||||&#8220; header_text_color=&#8220;#ffffff&#8220; body_text_color=&#8220;#ffffff&#8220; custom_padding=&#8220;||0px||false|false&#8220; custom_css_main_element=&#8220;margin-bottom: 0 !important;&#8220;]Partagez la vie de camping avec vos amis et votre famille[\/et_pb_blurb][et_pb_social_media_follow _builder_version=&#8220;4.9.4&#8243;][et_pb_social_media_follow_network social_network=&#8220;facebook&#8220; url=&#8220;https:\/\/www.facebook.com\/CampingClubLesSablons&#8220; icon_color=&#8220;#ffffff&#8220; _builder_version=&#8220;4.2.2&#8243; background_color=&#8220;rgba(59,89,152,0)&#8220; background_enable_color=&#8220;on&#8220;]facebook[\/et_pb_social_media_follow_network][et_pb_social_media_follow_network social_network=&#8220;pinterest&#8220; url=&#8220;https:\/\/www.pinterest.fr\/campingsablons\/&#8220; icon_color=&#8220;#ffffff&#8220; _builder_version=&#8220;4.2.2&#8243; background_color=&#8220;rgba(203,32,39,0)&#8220; background_enable_color=&#8220;on&#8220;]pinterest[\/et_pb_social_media_follow_network][et_pb_social_media_follow_network social_network=&#8220;youtube&#8220; url=&#8220;https:\/\/www.youtube.com\/channel\/UCJH1bcXs5nLomrHW-Efn-JA?feature=mhee&#8220; icon_color=&#8220;#ffffff&#8220; _builder_version=&#8220;4.2.2&#8243; background_color=&#8220;rgba(168,36,0,0)&#8220; background_enable_color=&#8220;on&#8220;]youtube[\/et_pb_social_media_follow_network][et_pb_social_media_follow_network social_network=&#8220;instagram&#8220; url=&#8220;https:\/\/www.instagram.com\/campinglessablons\/&#8220; icon_color=&#8220;#ffffff&#8220; _builder_version=&#8220;4.2.2&#8243; background_color=&#8220;rgba(10,4,1,0)&#8220; background_enable_color=&#8220;on&#8220;]instagram[\/et_pb_social_media_follow_network][\/et_pb_social_media_follow][et_pb_divider color=&#8220;#9d1412&#8243; divider_position=&#8220;center&#8220; divider_weight=&#8220;1px&#8220; _builder_version=&#8220;4.2.2&#8243; module_alignment=&#8220;center&#8220; height=&#8220;1px&#8220;][\/et_pb_divider][et_pb_text module_class=&#8220;footer-propos&#8220; _builder_version=&#8220;4.9.4&#8243; text_text_color=&#8220;#ffffff&#8220; text_orientation=&#8220;center&#8220; link_option_url=&#8220;https:\/\/www.google.fr\/maps\/place\/Camping+les+Sablons+5+%C3%A9toiles\/@43.2801167,3.3615559,17z\/data=!3m1!4b1!4m8!3m7!1s0x12b110cb8904248b:0xa4f1250526d3159!5m2!4m1!1i2!8m2!3d43.2801167!4d3.3637446&#8243; link_option_url_new_window=&#8220;on&#8220;]<\/p>\n<p>Camping 5 \u00e9toiles Les Sablons<br \/>Avenue des M\u00fbriers<br \/>34420 Portiragnes-Plage<br \/>France<br \/><a href=\"https:\/\/qualite-tourisme-occitanie.fr\/\" target=\"_blank\" rel=\"noopener\"><br \/><img decoding=\"async\" class=\"qualite_tourisme wp-image-14179 alignleft\" src=\"https:\/\/www.les-sablons.com\/wp-content\/uploads\/2020\/02\/logo-qualite\u0301-tourisme.png\" alt=\"\" width=\"125\" height=\"121\" \/><\/a><br \/><img decoding=\"async\" class=\"clef_verte alignleft wp-image-14179\" style=\"margin-left: 30px\" src=\"https:\/\/www.les-sablons.com\/wp-content\/uploads\/2022\/02\/icone-clef-verte.svg\" width=\"100\" height=\"121\" \/><\/p>\n<p>[\/et_pb_text][et_pb_divider color=&#8220;#9d1412&#8243; divider_position=&#8220;center&#8220; divider_weight=&#8220;1px&#8220; _builder_version=&#8220;4.9.4&#8243; module_alignment=&#8220;center&#8220; height=&#8220;1px&#8220; custom_margin=&#8220;140px||||false|false&#8220;][\/et_pb_divider][et_pb_text disabled_on=&#8220;off|off|off&#8220; admin_label=&#8220;Bouton &#8211; Menu&#8220; _builder_version=&#8220;4.9.4&#8243; text_text_color=&#8220;#ffffff&#8220;]<\/p>\n<div class=\"footer-button\"><a class=\"learn_more\" href=\"\/plan-dacces\/\">ACC\u00c8S<\/a><\/div>\n<div class=\"footer-button\"><a class=\"learn_more\" href=\"\/contact\/\">NOUS CONTACTER<\/a><\/div>\n<div class=\"footer-button\"><a class=\"learn_more\" href=\"\/questions-frequentes\/\">F.A.Q<\/a><\/div>\n<div class=\"footer-button\"><a class=\"learn_more\" href=\"https:\/\/thelisresa.webcamp.fr\/formulaire.php?camping=sablons\">RESERVER<\/a><\/div>\n<p>[\/et_pb_text][\/et_pb_column][\/et_pb_row][\/et_pb_section]<\/p>\n","protected":false},"excerpt":{"rendered":"<p>[et_pb_section fb_built=&#8220;1&#8243; fullwidth=&#8220;on&#8220; _builder_version=&#8220;4.9.4&#8243; _module_preset=&#8220;default&#8220; collapsed=&#8220;off&#8220;][et_pb_fullwidth_slider show_arrows=&#8220;off&#8220; show_pagination=&#8220;off&#8220; use_bg_overlay=&#8220;off&#8220; use_text_overlay=&#8220;off&#8220; disabled_on=&#8220;off|off|off&#8220; _builder_version=&#8220;4.9.4&#8243; _module_preset=&#8220;default&#8220; background_enable_image=&#8220;off&#8220; background_position=&#8220;bottom_center&#8220; content_width=&#8220;100%&#8220; content_max_width=&#8220;1280px&#8220; height=&#8220;80vh&#8220; custom_padding=&#8220;8px||8px||false|false&#8220; auto=&#8220;on&#8220;][et_pb_slide use_bg_overlay=&#8220;on&#8220; use_text_overlay=&#8220;off&#8220; alignment=&#8220;bottom&#8220; admin_title=&#8220;ENTRE VIAS ET S\u00c9RIGNAN-PLAGE&#8220; _builder_version=&#8220;4.9.4&#8243; _module_preset=&#8220;default&#8220; body_font_size=&#8220;12px&#8220; body_line_height=&#8220;1em&#8220; background_image=&#8220;https:\/\/www.les-sablons.com\/wp-content\/uploads\/2025\/07\/location_velo_les_sabloons_web-2.jpg&#8220; background_enable_image=&#8220;on&#8220; background_position=&#8220;bottom_right&#8220; sticky_transition=&#8220;on&#8220;] [\/et_pb_slide][\/et_pb_fullwidth_slider][\/et_pb_section][et_pb_section fb_built=&#8220;1&#8243; _builder_version=&#8220;4.9.4&#8243; _module_preset=&#8220;default&#8220; background_enable_image=&#8220;off&#8220; background_size=&#8220;contain&#8220; background_position=&#8220;top_left&#8220; min_height=&#8220;650px&#8220; min_height_tablet=&#8220;&#8220; min_height_phone=&#8220;&#8220; min_height_last_edited=&#8220;on|desktop&#8220; locked=&#8220;off&#8220; collapsed=&#8220;on&#8220;][et_pb_row column_structure=&#8220;1_2,1_2&#8243; use_custom_gutter=&#8220;on&#8220; gutter_width=&#8220;2&#8243; make_equal=&#8220;on&#8220; _builder_version=&#8220;4.9.4&#8243; _module_preset=&#8220;default&#8220; background_enable_image=&#8220;off&#8220; [&hellip;]<\/p>\n","protected":false},"author":12,"featured_media":0,"parent":0,"menu_order":0,"comment_status":"closed","ping_status":"closed","template":"","meta":{"_acf_changed":false,"_et_pb_use_builder":"on","_et_pb_old_content":"[et_pb_section fb_built=\"1\" fullwidth=\"on\" module_class=\"ls_top_slide\" _builder_version=\"4.7.7\" _module_preset=\"default\" collapsed=\"off\"][et_pb_fullwidth_slider show_arrows=\"off\" show_pagination=\"off\" use_bg_overlay=\"off\" use_text_overlay=\"off\" _builder_version=\"4.9.4\" _module_preset=\"default\" background_enable_image=\"off\" custom_padding=\"8px||8px||false|false\" auto=\"on\"][et_pb_slide use_bg_overlay=\"on\" use_text_overlay=\"off\" alignment=\"bottom\" admin_title=\"ENTRE VIAS ET S\u00c9RIGNAN-PLAGE\" _builder_version=\"4.9.4\" _module_preset=\"default\" body_font_size=\"12px\" body_line_height=\"1em\" background_image=\"https:\/\/www.les-sablons.com\/wp-content\/uploads\/2022\/07\/LOCATION-VELOS-2020-3-banner.png\" background_enable_image=\"on\" sticky_transition=\"on\"]<p style=\"text-align: center;\"><img class=\"wp-image-21428 alignnone size-full\" src=\"https:\/\/www.les-sablons.com\/wp-content\/uploads\/\/logo-velo-blanc.svg\" alt=\"\" width=\"0\" height=\"0\" \/><img class=\"wp-image-21433 alignnone size-medium\" src=\"https:\/\/www.les-sablons.com\/wp-content\/uploads\/2022\/07\/Plan-de-travail-1-340x111.png\" alt=\"\" width=\"429\" height=\"140\" \/><a href=\"https:\/\/www.les-sablons.com\/wp-content\/uploads\/\/logo-velo-blanc.svg\"><img class=\"wp-image-21428 alignnone size-full\" src=\"https:\/\/www.les-sablons.com\/wp-content\/uploads\/\/logo-velo-blanc.svg\" alt=\"\" width=\"0\" height=\"0\" \/><\/a><\/p>\r\n[\/et_pb_slide][\/et_pb_fullwidth_slider][\/et_pb_section][et_pb_section fb_built=\"1\" _builder_version=\"4.9.4\" background_color=\"#96c896\" background_enable_image=\"off\" vertical_offset_tablet=\"0\" horizontal_offset_tablet=\"0\" custom_padding=\"8px||0px|||\" z_index_tablet=\"0\" box_shadow_horizontal_tablet=\"0px\" box_shadow_vertical_tablet=\"0px\" box_shadow_blur_tablet=\"40px\" box_shadow_spread_tablet=\"0px\"][et_pb_row custom_padding_last_edited=\"on|desktop\" _builder_version=\"4.3.2\" custom_margin=\"||||false|false\" custom_padding=\"||||false|false\" custom_padding_tablet=\"||0px||false|false\" custom_padding_phone=\"\"][et_pb_column type=\"4_4\" _builder_version=\"4.3.2\"][et_pb_text admin_label=\"Visiter les alentours\" _builder_version=\"4.9.4\" header_2_font_size=\"30px\" vertical_offset_tablet=\"0\" horizontal_offset_tablet=\"0\" hover_enabled=\"0\" header_2_font_size_tablet=\"25px\" header_2_font_size_phone=\"\" header_2_font_size_last_edited=\"on|desktop\" z_index_tablet=\"0\" text_text_shadow_horizontal_length_tablet=\"0px\" text_text_shadow_vertical_length_tablet=\"0px\" text_text_shadow_blur_strength_tablet=\"1px\" link_text_shadow_horizontal_length_tablet=\"0px\" link_text_shadow_vertical_length_tablet=\"0px\" link_text_shadow_blur_strength_tablet=\"1px\" ul_text_shadow_horizontal_length_tablet=\"0px\" ul_text_shadow_vertical_length_tablet=\"0px\" ul_text_shadow_blur_strength_tablet=\"1px\" ol_text_shadow_horizontal_length_tablet=\"0px\" ol_text_shadow_vertical_length_tablet=\"0px\" ol_text_shadow_blur_strength_tablet=\"1px\" quote_text_shadow_horizontal_length_tablet=\"0px\" quote_text_shadow_vertical_length_tablet=\"0px\" quote_text_shadow_blur_strength_tablet=\"1px\" header_text_shadow_horizontal_length_tablet=\"0px\" header_text_shadow_vertical_length_tablet=\"0px\" header_text_shadow_blur_strength_tablet=\"1px\" header_2_text_shadow_horizontal_length_tablet=\"0px\" header_2_text_shadow_vertical_length_tablet=\"0px\" header_2_text_shadow_blur_strength_tablet=\"1px\" header_3_text_shadow_horizontal_length_tablet=\"0px\" header_3_text_shadow_vertical_length_tablet=\"0px\" header_3_text_shadow_blur_strength_tablet=\"1px\" header_4_text_shadow_horizontal_length_tablet=\"0px\" header_4_text_shadow_vertical_length_tablet=\"0px\" header_4_text_shadow_blur_strength_tablet=\"1px\" header_5_text_shadow_horizontal_length_tablet=\"0px\" header_5_text_shadow_vertical_length_tablet=\"0px\" header_5_text_shadow_blur_strength_tablet=\"1px\" header_6_text_shadow_horizontal_length_tablet=\"0px\" header_6_text_shadow_vertical_length_tablet=\"0px\" header_6_text_shadow_blur_strength_tablet=\"1px\" box_shadow_horizontal_tablet=\"0px\" box_shadow_vertical_tablet=\"0px\" box_shadow_blur_tablet=\"40px\" box_shadow_spread_tablet=\"0px\" sticky_enabled=\"0\"]<h2 style=\"text-align: center;\"><span style=\"color: #ffffff;\">Bike rental in Portiragnes<\/span><\/h2>\r\n<p>\u00a0<\/p>\r\n<h4><span style=\"color: #ffffff;\"><em>During your holidays in Portiragnes, the best way to discover the area is to rent a bicycle!<\/em><\/span><\/h4>\r\n<p>\u00a0<\/p>\r\n<p><span style=\"color: #ffffff;\">The bike rental shop has been open for over 20 years and is located at the entrance of Les Sablons campsite, at the corner of the Proxy grocery shop. We offer several ranges of bikes: from \"city\" bikes to electrically assisted bikes. Get around, visit or simply spend some time relaxing and having fun. <\/span><\/p>\r\n<p>\u00a0<\/p>\r\n<p><span style=\"color: #ffffff;\">You can also come here for repairs on your own bike.<\/span><\/p>[\/et_pb_text][\/et_pb_column][\/et_pb_row][\/et_pb_section][et_pb_section fb_built=\"1\" _builder_version=\"4.9.4\" _module_preset=\"default\" custom_padding=\"23px||20px|||\"][et_pb_row column_structure=\"1_2,1_2\" _builder_version=\"4.9.4\" _module_preset=\"default\"][et_pb_column type=\"1_2\" _builder_version=\"4.9.4\" _module_preset=\"default\"][et_pb_image src=\"https:\/\/www.les-sablons.com\/wp-content\/uploads\/2022\/07\/LOCATION-VELOS.png\" title_text=\"LOCATION-VELOS\" _builder_version=\"4.9.4\" _module_preset=\"default\"][\/et_pb_image][\/et_pb_column][et_pb_column type=\"1_2\" _builder_version=\"4.9.4\" _module_preset=\"default\"][et_pb_text _builder_version=\"4.9.4\" _module_preset=\"default\"]<h2 style=\"text-align: center;\">Discovering the area<\/h2>\r\n<p><em>Observe the fauna and flora by cycling through the Grande Ma\u00efre natural reserve or discover the landscapes by going to the 9 locks along the Canal du Midi.<\/em><\/p>\r\n<p>Florent and Renaud will be delighted to welcome you and present you with the many routes available in the area. You can also find a selection of itineraries <a href=\"https:\/\/www.komoot.com\/guide\/1264245\/cycling-around-portiragnes\">on this website.<\/a><\/p>\r\n<p>\u00a0<\/p>\r\n<p style=\"text-align: center;\"><img class=\"wp-image-21422 alignnone size-full\" src=\"https:\/\/www.les-sablons.com\/wp-content\/uploads\/2022\/07\/Fichier-3.png\" alt=\"\" width=\"226\" height=\"129\" \/><\/p>[\/et_pb_text][\/et_pb_column][\/et_pb_row][\/et_pb_section][et_pb_section fb_built=\"1\" _builder_version=\"4.9.4\" _module_preset=\"default\" custom_padding=\"9px|||||\"][et_pb_row custom_padding_last_edited=\"on|desktop\" _builder_version=\"4.9.4\" use_background_color_gradient=\"on\" background_color_gradient_start=\"#3796aa\" background_color_gradient_end=\"#96c896\" background_color_gradient_type=\"radial\" background_color_gradient_direction_radial=\"left\" custom_margin=\"||||false|false\" custom_padding=\"||||false|false\" custom_padding_tablet=\"||0px||false|false\" custom_padding_phone=\"\"][et_pb_column type=\"4_4\" _builder_version=\"4.3.2\"][et_pb_text _builder_version=\"4.9.4\" _module_preset=\"default\"]<h2 style=\"text-align: center;\"><span style=\"color: #ffffff;\">Our bikes for hire in Portiragnes<\/span><\/h2>[\/et_pb_text][\/et_pb_column][\/et_pb_row][et_pb_row column_structure=\"1_3,1_3,1_3\" make_equal=\"on\" _builder_version=\"4.9.4\" _module_preset=\"default\"][et_pb_column type=\"1_3\" _builder_version=\"4.9.4\" _module_preset=\"default\" border_color_all=\"RGBA(0,0,0,0)\" border_style_all=\"double\" box_shadow_style=\"preset2\"][et_pb_text admin_label=\"vtt\" _builder_version=\"4.9.4\" _module_preset=\"default\" custom_padding=\"5%||||false|false\"]<h1 style=\"text-align: center;\">MOUNTAIN BIKE & VTC - Adults<\/h1>[\/et_pb_text][et_pb_image src=\"https:\/\/www.les-sablons.com\/wp-content\/uploads\/2022\/07\/LOCATION-VELOS-VTT.png\" title_text=\"LOCATION-VELOS VTT\" _builder_version=\"4.9.4\" _module_preset=\"default\"][\/et_pb_image][et_pb_text _builder_version=\"4.9.4\" _module_preset=\"default\" custom_padding=\"|5%|5%|5%|false|false\" hover_enabled=\"0\" sticky_enabled=\"0\"]<p style=\"text-align: center;\"><strong>1\/2 day: 11\u20ac<\/strong><br \/><strong>day: 15\u20ac<\/strong><\/p>\r\n<p style=\"text-align: justify;\">Ideal for inland adventures and rocky ground.<\/p>[\/et_pb_text][\/et_pb_column][et_pb_column type=\"1_3\" _builder_version=\"4.9.4\" _module_preset=\"default\" box_shadow_style=\"preset1\"][et_pb_text admin_label=\"city\" _builder_version=\"4.9.4\" _module_preset=\"default\" custom_padding=\"5%||||false|false\" hover_enabled=\"0\" sticky_enabled=\"0\"]<h1 style=\"text-align: center;\">City Bicycle - Adults<\/h1>[\/et_pb_text][et_pb_image src=\"https:\/\/www.les-sablons.com\/wp-content\/uploads\/2022\/07\/LOCATION-VELOS-CITY.png\" title_text=\"LOCATION-VELOS CITY\" _builder_version=\"4.9.4\" _module_preset=\"default\" hover_enabled=\"0\" sticky_enabled=\"0\"][\/et_pb_image][et_pb_text _builder_version=\"4.9.4\" _module_preset=\"default\" custom_padding=\"|5%|5%|5%|false|false\" hover_enabled=\"0\" sticky_enabled=\"0\"]<p style=\"text-align: center;\"><strong>1\/2 day: 8\u20ac<\/strong><br \/><strong>day: 10\u20ac<\/strong><br \/><strong>week: 50\u20ac<\/strong><\/p>\r\n<p style=\"text-align: justify;\">Stroll along the Canal du Midi, or through the neighbouring villages ; this comfortable bike will take you wherever you want to go.<\/p>[\/et_pb_text][\/et_pb_column][et_pb_column type=\"1_3\" _builder_version=\"4.9.4\" _module_preset=\"default\" box_shadow_style=\"preset2\"][et_pb_text admin_label=\"\u00e9lectrique\" _builder_version=\"4.9.4\" _module_preset=\"default\" custom_margin=\"||5px|||\" custom_padding=\"5%||||false|false\" hover_enabled=\"0\" sticky_enabled=\"0\"]<h1 style=\"text-align: center;\">Electrically assisted bicycle - Adults<\/h1>[\/et_pb_text][et_pb_image src=\"https:\/\/www.les-sablons.com\/wp-content\/uploads\/2022\/07\/LOCATION-VELOS-electrique.png\" title_text=\"LOCATION-VELOS \u00e9lectrique\" _builder_version=\"4.9.4\" _module_preset=\"default\" hover_enabled=\"0\" sticky_enabled=\"0\"][\/et_pb_image][et_pb_text _builder_version=\"4.9.4\" _module_preset=\"default\" custom_padding=\"|5%|5%|5%|false|false\" hover_enabled=\"0\" sticky_enabled=\"0\"]<p style=\"text-align: center;\"><strong>1\/2 day: 20\u20ac<\/strong><br \/><strong>day: 35\u20ac<\/strong><\/p>\r\n<p style=\"text-align: justify;\">This electrically assisted bike will allow you to easily cover long distances. Go discover our region!<\/p>[\/et_pb_text][\/et_pb_column][\/et_pb_row][et_pb_row column_structure=\"1_3,1_3,1_3\" make_equal=\"on\" _builder_version=\"4.9.4\" _module_preset=\"default\"][et_pb_column type=\"1_3\" _builder_version=\"4.9.4\" _module_preset=\"default\" border_color_all=\"RGBA(0,0,0,0)\" border_style_all=\"double\" box_shadow_style=\"preset2\"][et_pb_text admin_label=\"Grotte de Labeil \" _builder_version=\"4.9.4\" _module_preset=\"default\" custom_padding=\"5%||||false|false\" hover_enabled=\"0\" sticky_enabled=\"0\"]<h1 style=\"text-align: center;\">Bicycle - Children<\/h1>[\/et_pb_text][et_pb_image src=\"https:\/\/www.les-sablons.com\/wp-content\/uploads\/2022\/07\/LOCATION-VELOS-enfant.png\" title_text=\"LOCATION-VELOS enfant\" _builder_version=\"4.9.4\" _module_preset=\"default\" hover_enabled=\"0\" sticky_enabled=\"0\"][\/et_pb_image][et_pb_text _builder_version=\"4.9.4\" _module_preset=\"default\" custom_padding=\"|5%|5%|5%|false|false\" hover_enabled=\"0\" sticky_enabled=\"0\"]<p style=\"text-align: center;\"><strong>1\/2 day: 8\u20ac<\/strong><br \/><strong>day: 10\u20ac<br \/>week: 50\u20ac<\/strong><\/p>\r\n<p style=\"text-align: justify;\">Our children's bikes range from 16 to 24 inches. We also have children's trailers available. A great way to enjoy a family outing.<\/p>[\/et_pb_text][\/et_pb_column][et_pb_column type=\"1_3\" _builder_version=\"4.9.4\" _module_preset=\"default\"][\/et_pb_column][et_pb_column type=\"1_3\" _builder_version=\"4.9.4\" _module_preset=\"default\"][\/et_pb_column][\/et_pb_row][\/et_pb_section][et_pb_section fb_built=\"1\" fullwidth=\"on\" _builder_version=\"4.6.1\" _module_preset=\"default\"][et_pb_fullwidth_code _builder_version=\"4.6.1\" _module_preset=\"default\" custom_padding=\"43px|||||\"][ls_other_soirees][\/et_pb_fullwidth_code][\/et_pb_section][et_pb_section fb_built=\"1\" module_class=\"ls_link_before_footer\" _builder_version=\"4.7.7\" background_color=\"#afd4dd\" global_module=\"4180\" collapsed=\"off\"][et_pb_row _builder_version=\"4.3.2\"][et_pb_column type=\"4_4\" _builder_version=\"4.3.2\"][et_pb_text admin_label=\"CAMPSITE 5*<br \/>LES SABLONS\" module_class=\"texte-cloud\" _builder_version=\"4.7.7\" text_text_color=\"#463c3c\" text_font_size=\"15px\" header_2_font_size=\"30px\" header_3_font_size=\"30px\" header_2_font_size_tablet=\"25px\" header_2_font_size_phone=\"\" header_2_font_size_last_edited=\"on|desktop\" header_3_font_size_tablet=\"25px\" header_3_font_size_phone=\"\" header_3_font_size_last_edited=\"on|desktop\"]<h3>CAMPSITE 5*<br \/>LES SABLONS<\/h3>\r\n<p>Campsite by the sea between Vias and Portiragnes<\/p>[\/et_pb_text][\/et_pb_column][\/et_pb_row][et_pb_row column_structure=\"1_3,1_3,1_3\" use_custom_gutter=\"on\" gutter_width=\"2\" make_equal=\"on\" _builder_version=\"4.3.2\"][et_pb_column type=\"1_3\" _builder_version=\"4.3.2\"][et_pb_blurb title=\"LOCATION\" image=\"https:\/\/www.les-sablons.com\/wp-content\/uploads\/2020\/12\/camping-les-sablons-le-lieu-1-11.jpg\" admin_label=\"LOCATION\" _builder_version=\"4.7.7\" custom_css_blurb_image=\"margin-left: -16px;\" custom_css_blurb_title=\"margin-top: -10px;\"]<p>Direct access to the beach<br \/>A natural environment<br \/>A feeling of space & freedom<br \/>Cool coastal air<\/p>[\/et_pb_blurb][\/et_pb_column][et_pb_column type=\"1_3\" _builder_version=\"4.3.2\"][et_pb_blurb title=\"AMBIANCE\" image=\"https:\/\/www.les-sablons.com\/wp-content\/uploads\/2020\/12\/camping-les-sablons-l-ambiance-1-1-1.jpg\" admin_label=\"AMBIANCE\" _builder_version=\"4.7.7\" custom_css_blurb_image=\"margin-left: -16px;\" custom_css_blurb_title=\"margin-top: -10px;\"]<p>The Entertainments programme<br \/>All energies focussed at a single point<br \/>A truly European experience<br \/>The joy of our children<\/p>[\/et_pb_blurb][\/et_pb_column][et_pb_column type=\"1_3\" _builder_version=\"4.3.2\"][et_pb_blurb title=\"THE WATER PARK\" image=\"https:\/\/www.les-sablons.com\/wp-content\/uploads\/2020\/12\/camping-les-sablons-parc-aquatique-1.jpg\" admin_label=\"THE WATER PARK\" _builder_version=\"4.7.7\" custom_css_blurb_image=\"margin-left: -16px;\" custom_css_blurb_title=\"margin-top: -10px;\"]<p>1 pool for fun and games and 1 for swimming<br \/>1 paddling pool, 5 waterslides<br \/>A spa for over 18\u2019s only<br \/>All pools heated and fully supervised<\/p>[\/et_pb_blurb][\/et_pb_column][\/et_pb_row][et_pb_row column_structure=\"1_3,1_3,1_3\" use_custom_gutter=\"on\" gutter_width=\"2\" make_equal=\"on\" _builder_version=\"4.3.2\"][et_pb_column type=\"1_3\" _builder_version=\"4.3.2\"][et_pb_blurb title=\"CHOICE\" image=\"https:\/\/www.les-sablons.com\/wp-content\/uploads\/2020\/12\/camping-les-sablons-le-choix-1.jpg\" admin_label=\"CHOICE\" _builder_version=\"4.7.7\" custom_css_blurb_image=\"margin-left: -16px;\" custom_css_blurb_title=\"margin-top: -10px;\"]<p>120 Camping pitches (still!)<br \/>Mobile Homes, Chalets<br \/>Lodge Tents & TAOS\/VIP Quarter<br \/>Airconditioning in all our accommodation<\/p>[\/et_pb_blurb][\/et_pb_column][et_pb_column type=\"1_3\" _builder_version=\"4.3.2\"][et_pb_blurb title=\"SERVICES\" image=\"https:\/\/www.les-sablons.com\/wp-content\/uploads\/2020\/12\/camping-les-sablons-les-services-1.jpg\" admin_label=\"SERVICES\" _builder_version=\"4.7.7\" custom_css_blurb_image=\"margin-left: -16px;\" custom_css_blurb_title=\"margin-top: -10px;\"]<p>Restaurant, Bar, Supermarket, Bike Rental, Food Trucks<br \/>Bakery, Newsagent, DAB\u2026.<br \/>All on site \u2013 7 days a week<br \/>Information Centre for activities & entertainment<\/p>[\/et_pb_blurb][\/et_pb_column][et_pb_column type=\"1_3\" _builder_version=\"4.3.2\"][et_pb_blurb title=\"AND MORE...\" image=\"https:\/\/www.les-sablons.com\/wp-content\/uploads\/2020\/12\/camping-les-sablons-le-plus-1.jpg\" admin_label=\"AND MORE...\" _builder_version=\"4.7.7\" custom_css_blurb_image=\"margin-left: -16px;\" custom_css_blurb_title=\"margin-top: -10px;\"]<p>Any day arrival and departure<br \/>Independent Campsite<br \/>50 years of experience<br \/>Regular customers who return every year<\/p>[\/et_pb_blurb][\/et_pb_column][\/et_pb_row][\/et_pb_section][et_pb_section fb_built=\"1\" module_class=\"footer-widgets\" _builder_version=\"4.7.7\" background_color=\"#3796aa\" custom_padding=\"0px||10px||false|false\" global_module=\"1035\" saved_tabs=\"all\" collapsed=\"off\"][et_pb_row column_structure=\"1_3,1_3,1_3\" use_custom_gutter=\"on\" gutter_width=\"2\" make_equal=\"on\" disabled_on=\"on|on|off\" module_class=\"footer-infos\" _builder_version=\"4.2.2\" width=\"100%\" width_tablet=\"auto\" width_phone=\"auto\" width_last_edited=\"on|phone\" max_width=\"1235px\" max_width_tablet=\"none\" max_width_phone=\"none\" max_width_last_edited=\"on|phone\" custom_padding=\"||10px||false|false\"][et_pb_column type=\"1_3\" _builder_version=\"4.2.2\" custom_padding=\"|||20px|false|false\" custom_padding_tablet=\"|||0px|false|false\" custom_padding_phone=\"\" custom_padding_last_edited=\"on|desktop\"][et_pb_blurb title=\"Hotline 7\/7j\" admin_label=\"Hotline 7\/7j\" _builder_version=\"4.7.7\" header_font=\"|||on|||||\" header_text_color=\"#ffffff\" body_text_color=\"#ffffff\"]<p class=\"ls_footer_social_2\">Ask us all your questions from 9:00 a.m. to 7:00 p.m.<\/p>\r\n<p><a href=\"tel:+33467909055\"><span style=\"color: #ffffff; font-size: 16px;\">+33 4 67 90 90 55<\/span><\/a><\/p>[\/et_pb_blurb][\/et_pb_column][et_pb_column type=\"1_3\" _builder_version=\"4.2.2\"][et_pb_blurb title=\"Follow us\" admin_label=\"Follow us\" _builder_version=\"4.7.7\" header_font=\"|||on|||||\" header_text_color=\"#ffffff\" body_text_color=\"#ffffff\" custom_padding=\"||0px||false|false\" custom_css_main_element=\"margin-bottom: 0 !important;\"]<p class=\"ls_footer_social\">Share camping life with your friends and family<\/p>[\/et_pb_blurb][et_pb_social_media_follow admin_label=\"Follow us on social media\" _builder_version=\"4.7.7\"][et_pb_social_media_follow_network social_network=\"facebook\" url=\"https:\/\/www.facebook.com\/CampingClubLesSablons\" icon_color=\"#ffffff\" _builder_version=\"4.2.2\" background_color=\"rgba(59,89,152,0)\" background_enable_color=\"on\" follow_button=\"off\" url_new_window=\"on\"]facebook[\/et_pb_social_media_follow_network][et_pb_social_media_follow_network social_network=\"pinterest\" url=\"https:\/\/www.pinterest.fr\/campingsablons\/\" icon_color=\"#ffffff\" _builder_version=\"4.2.2\" background_color=\"rgba(203,32,39,0)\" background_enable_color=\"on\" follow_button=\"off\" url_new_window=\"on\"]pinterest[\/et_pb_social_media_follow_network][et_pb_social_media_follow_network social_network=\"youtube\" url=\"https:\/\/www.youtube.com\/channel\/UCJH1bcXs5nLomrHW-Efn-JA?feature=mhee\" icon_color=\"#ffffff\" _builder_version=\"4.2.2\" background_color=\"rgba(168,36,0,0)\" background_enable_color=\"on\" follow_button=\"off\" url_new_window=\"on\"]youtube[\/et_pb_social_media_follow_network][et_pb_social_media_follow_network social_network=\"instagram\" url=\"https:\/\/www.instagram.com\/campinglessablons\/\" icon_color=\"#ffffff\" _builder_version=\"4.2.2\" background_color=\"rgba(10,4,1,0)\" background_enable_color=\"on\" follow_button=\"off\" url_new_window=\"on\"]instagram[\/et_pb_social_media_follow_network][\/et_pb_social_media_follow][\/et_pb_column][et_pb_column type=\"1_3\" _builder_version=\"4.2.2\"][et_pb_blurb title=\"Newsletter\" admin_label=\"Newsletter\" _builder_version=\"4.7.7\" header_font=\"|||on|||||\" header_text_color=\"#ffffff\" body_text_color=\"#ffffff\" custom_css_main_element=\"margin-bottom: 0px !important;\"]<p>Receive news and promotions from your campsite<\/p>[\/et_pb_blurb][et_pb_code admin_label=\"Code - Newsletter\" _builder_version=\"4.7.7\" custom_margin=\"-20px||||false|false\"][newsletter][\/et_pb_code][\/et_pb_column][\/et_pb_row][et_pb_row disabled_on=\"on|on|off\" _builder_version=\"4.2.2\" width=\"100%\" width_tablet=\"auto\" width_phone=\"auto\" width_last_edited=\"on|phone\" max_width=\"1235px\" max_width_tablet=\"none\" max_width_phone=\"none\" max_width_last_edited=\"on|phone\" custom_margin=\"0px||||false|false\" custom_padding=\"0px||0px||true|false\"][et_pb_column type=\"4_4\" _builder_version=\"4.2.2\"][et_pb_divider color=\"#333333\" divider_position=\"center\" divider_weight=\"1px\" _builder_version=\"4.7.7\" module_alignment=\"center\" height=\"1px\"][\/et_pb_divider][\/et_pb_column][\/et_pb_row][et_pb_row column_structure=\"2_3,1_3\" use_custom_gutter=\"on\" gutter_width=\"4\" make_equal=\"on\" disabled_on=\"on|on|off\" module_class=\"footer-recrutons\" _builder_version=\"4.2.2\" width=\"100%\" width_tablet=\"auto\" width_phone=\"auto\" width_last_edited=\"on|phone\" max_width=\"1235px\" max_width_tablet=\"none\" max_width_phone=\"none\" max_width_last_edited=\"on|phone\"][et_pb_column type=\"2_3\" _builder_version=\"4.2.2\" custom_padding=\"|||20px|false|false\" custom_padding_tablet=\"|||0px|false|false\" custom_padding_phone=\"\" custom_padding_last_edited=\"on|desktop\"][et_pb_text admin_label=\"Camping 5 \u00e9toiles Les Sablons\" _builder_version=\"4.9.4\" text_text_color=\"#ffffff\" link_option_url=\"https:\/\/www.google.fr\/maps\/place\/Camping+les+Sablons+5+%C3%A9toiles\/@43.2801167,3.3615559,17z\/data=!3m1!4b1!4m8!3m7!1s0x12b110cb8904248b:0xa4f1250526d3159!5m2!4m1!1i2!8m2!3d43.2801167!4d3.3637446\" link_option_url_new_window=\"on\"]Camping 5 \u00e9toiles Les Sablons<br \/>\r\nAvenue des M\u00fbriers<br \/>\r\n34420 Portiragnes-Plage<br \/>\r\nFrance<\/p>\r\n<p><a href=\"https:\/\/qualite-tourisme-occitanie.fr\/\" target=\"_blank\" rel=\"noopener\"><img class=\"qualite_tourisme alignleft wp-image-14180\" src=\"https:\/\/www.les-sablons.com\/wp-content\/uploads\/2020\/02\/logo-qualite\u0301-tourisme.png\" alt=\"\" width=\"125\" height=\"121\" \/><\/a><a href=\"https:\/\/www.laclefverte.org\/\" target=\"_blank\" rel=\"noopener\"><img class=\"clef_verte alignleft wp-image-14179\" style=\"margin-left: 20px;\" src=\"https:\/\/www.les-sablons.com\/wp-content\/uploads\/2022\/02\/icone-clef-verte.svg\" width=\"100\" \/><\/a>[\/et_pb_text][et_pb_text disabled_on=\"off|off|off\" admin_label=\"Bouton - Menu\" _builder_version=\"4.7.7\" text_text_color=\"#ffffff\"]<div class=\"footer-button\">\r\n<a href=\"\/plan-dacces\/\" class=\"learn_more\">ITINERARY<\/a>\r\n<\/div>\r\n<div class=\"footer-button\">\r\n<a href=\"\/contact\/\" class=\"learn_more\">CONTACT US<\/a>\r\n<\/div>\r\n<div class=\"footer-button\">\r\n<a href=\"\/questions-frequentes\/\" class=\"learn_more\">F.A.Q<\/a>\r\n<\/div>\r\n<div class=\"footer-button\">\r\n<a href=\"https:\/\/thelisresa.webcamp.fr\/formulaire.php?camping=sablons&lang=en\" class=\"learn_more\">BOOK<\/a>\r\n<\/div>[\/et_pb_text][\/et_pb_column][et_pb_column type=\"1_3\" _builder_version=\"4.2.2\"][et_pb_blurb title=\"We are recruiting\" admin_label=\"We are recruiting\" _builder_version=\"4.7.7\" header_font=\"|||on|||||\" header_text_color=\"#ffffff\" body_text_color=\"#ffffff\" custom_css_main_element=\"margin-bottom: 20px !important;\"]Each season, Camping Les Sablons recruits new employees for different services:<br \/>\r\nAnimation, Swimming pool, Bar, Reception, Green spaces and Maintenance, Maintenance and Cleaning, and more!<br \/>\r\nFor a seasonal contract or an internship, do not hesitate to apply[\/et_pb_blurb][et_pb_button button_url=\"https:\/\/careers.werecruit.io\/fr\/camping-les-sablons\" url_new_window=\"on\" button_text=\"Postulate\" button_alignment=\"left\" button_alignment_tablet=\"center\" button_alignment_phone=\"\" button_alignment_last_edited=\"on|tablet\" admin_label=\"Bouton - Postuler\" _builder_version=\"4.7.7\" custom_button=\"on\" button_text_size=\"12px\" button_text_color=\"#ffffff\" button_border_width=\"1px\" button_border_color=\"#ffffff\" button_font=\"|||on|||||\" button_use_icon=\"off\" button_text_size__hover_enabled=\"on|hover\" button_bg_color__hover_enabled=\"on|hover\" button_text_color__hover_enabled=\"on|hover\" button_text_color__hover=\"#40a8c5\" button_bg_color__hover=\"#ffffff\" button_bg_enable_color__hover=\"on\" button_border_color__hover_enabled=\"on|desktop\" button_border_color__hover=\"#ffffff\"][\/et_pb_button][\/et_pb_column][\/et_pb_row][et_pb_row disabled_on=\"on|on|off\" _builder_version=\"4.2.2\" width=\"100%\" width_tablet=\"auto\" width_phone=\"auto\" width_last_edited=\"on|phone\" max_width=\"1235px\" max_width_tablet=\"none\" max_width_phone=\"\" max_width_last_edited=\"on|phone\" custom_margin=\"0px||||false|false\" custom_padding=\"0px||0px||true|false\"][et_pb_column type=\"4_4\" _builder_version=\"4.2.2\"][et_pb_divider color=\"#333333\" divider_position=\"center\" divider_weight=\"1px\" _builder_version=\"4.7.7\" module_alignment=\"center\" height=\"1px\"][\/et_pb_divider][\/et_pb_column][\/et_pb_row][et_pb_row disabled_on=\"off|off|on\" _builder_version=\"4.2.2\"][et_pb_column type=\"4_4\" _builder_version=\"4.2.2\"][et_pb_blurb title=\"Hotline 7\/7j\" admin_label=\"Hotline 7\/7j\" module_class=\"footer-info\" _builder_version=\"4.7.7\" header_font=\"|||on|||||\" header_text_color=\"#ffffff\" body_text_color=\"#ffffff\" custom_css_main_element=\"margin-bottom: 20px !important;\"]Ask us all your questions from 9:00 a.m. to 7:00 p.m.<br \/>\r\n<a href=\"tel:+33467909055\"><span style=\"color: #ffffff; font-size: 16px;\">+33 4 67 90 90 55<\/span><\/a>[\/et_pb_blurb][et_pb_divider color=\"#9d1412\" divider_position=\"center\" divider_weight=\"1px\" _builder_version=\"4.2.2\" module_alignment=\"center\" height=\"1px\"][\/et_pb_divider][et_pb_blurb title=\"Newsletter\" admin_label=\"Newsletter\" module_class=\"footer-info\" _builder_version=\"4.7.7\" header_font=\"|||on|||||\" header_text_color=\"#ff4e1f\" body_text_color=\"#ffffff\" custom_css_main_element=\"margin-bottom: 0px !important;\"]<p>Receive news and promotions from your campsite<\/p>[\/et_pb_blurb][et_pb_code admin_label=\"Code - Newsletter\" _builder_version=\"4.2.2\" custom_margin=\"-20px||||false|false\"][newsletter][\/et_pb_code][et_pb_divider color=\"#9d1412\" divider_position=\"center\" divider_weight=\"1px\" _builder_version=\"4.2.2\" module_alignment=\"center\" height=\"1px\"][\/et_pb_divider][et_pb_blurb title=\"Nous recrutons\" admin_label=\"Nous recrutons\" module_class=\"footer-info\" _builder_version=\"4.7.7\" header_font=\"|||on|||||\" header_text_color=\"#ff4e1f\" body_text_color=\"#ffffff\" custom_css_main_element=\"margin-bottom: 20px !important;\"]Each season, Camping Les Sablons recruits new employees for different services:<br \/>\r\nAnimation, Swimming pool, Bar, Reception, Green spaces and Maintenance, Maintenance and Cleaning, and more!<br \/>\r\nFor a seasonal contract or an internship, do not hesitate to apply[\/et_pb_blurb][et_pb_button button_url=\"https:\/\/careers.werecruit.io\/fr\/camping-les-sablons\" url_new_window=\"on\" button_text=\"Postulate\" button_alignment=\"left\" button_alignment_tablet=\"center\" button_alignment_phone=\"\" button_alignment_last_edited=\"on|tablet\" admin_label=\"Bouton - Postuler\" _builder_version=\"4.7.7\" custom_button=\"on\" button_text_size=\"12px\" button_text_color=\"#ffffff\" button_border_width=\"1px\" button_border_color=\"#ffffff\" button_font=\"|||on|||||\" button_use_icon=\"off\" button_text_size__hover_enabled=\"on|hover\" button_bg_color__hover_enabled=\"on|hover\" button_text_color__hover_enabled=\"on|desktop\" button_text_color__hover=\"#ffffff\" button_bg_color__hover=\"#eb1d1a\" button_bg_enable_color__hover=\"on\" button_border_color__hover_enabled=\"on|desktop\" button_border_color__hover=\"#eb1d1a\"][\/et_pb_button][et_pb_divider color=\"#9d1412\" divider_position=\"center\" divider_weight=\"1px\" _builder_version=\"4.2.2\" module_alignment=\"center\" height=\"1px\"][\/et_pb_divider][et_pb_blurb title=\"Follow us\" admin_label=\"Nous suivre\" module_class=\"footer-info\" _builder_version=\"4.7.7\" header_font=\"|||on|||||\" header_text_color=\"#ffffff\" body_text_color=\"#ffffff\" custom_padding=\"||0px||false|false\" custom_css_main_element=\"margin-bottom: 0 !important;\"]<p>Share camping life with your friends and family<\/p>[\/et_pb_blurb][et_pb_social_media_follow _builder_version=\"4.7.7\"][et_pb_social_media_follow_network social_network=\"facebook\" url=\"https:\/\/www.facebook.com\/CampingClubLesSablons\" icon_color=\"#ffffff\" _builder_version=\"4.2.2\" background_color=\"rgba(59,89,152,0)\" background_enable_color=\"on\" follow_button=\"off\" url_new_window=\"on\"]facebook[\/et_pb_social_media_follow_network][et_pb_social_media_follow_network social_network=\"pinterest\" url=\"https:\/\/www.pinterest.fr\/campingsablons\/\" icon_color=\"#ffffff\" _builder_version=\"4.2.2\" background_color=\"rgba(203,32,39,0)\" background_enable_color=\"on\" follow_button=\"off\" url_new_window=\"on\"]pinterest[\/et_pb_social_media_follow_network][et_pb_social_media_follow_network social_network=\"youtube\" url=\"https:\/\/www.youtube.com\/channel\/UCJH1bcXs5nLomrHW-Efn-JA?feature=mhee\" icon_color=\"#ffffff\" _builder_version=\"4.2.2\" background_color=\"rgba(168,36,0,0)\" background_enable_color=\"on\" follow_button=\"off\" url_new_window=\"on\"]youtube[\/et_pb_social_media_follow_network][et_pb_social_media_follow_network social_network=\"instagram\" url=\"https:\/\/www.instagram.com\/campinglessablons\/\" icon_color=\"#ffffff\" _builder_version=\"4.2.2\" background_color=\"rgba(10,4,1,0)\" background_enable_color=\"on\" follow_button=\"off\" url_new_window=\"on\"]instagram[\/et_pb_social_media_follow_network][\/et_pb_social_media_follow][et_pb_divider color=\"#9d1412\" divider_position=\"center\" divider_weight=\"1px\" _builder_version=\"4.2.2\" module_alignment=\"center\" height=\"1px\"][\/et_pb_divider][et_pb_text module_class=\"footer-propos\" _builder_version=\"4.9.4\" text_text_color=\"#ffffff\" text_orientation=\"center\" link_option_url=\"https:\/\/www.google.fr\/maps\/place\/Camping+les+Sablons+5+%C3%A9toiles\/@43.2801167,3.3615559,17z\/data=!3m1!4b1!4m8!3m7!1s0x12b110cb8904248b:0xa4f1250526d3159!5m2!4m1!1i2!8m2!3d43.2801167!4d3.3637446\" link_option_url_new_window=\"on\"]Camping 5 \u00e9toiles Les Sablons<br \/>\r\nAvenue des M\u00fbriers<br \/>\r\n34420 Portiragnes-Plage<br \/>\r\nFrance<br \/>\r\n<a href=\"https:\/\/qualite-tourisme-occitanie.fr\/\" target=\"_blank\" rel=\"noopener\"><br \/>\r\n<img class=\"qualite_tourisme wp-image-14180 alignleft\" src=\"https:\/\/www.les-sablons.com\/wp-content\/uploads\/2020\/02\/logo-qualite\u0301-tourisme.png\" alt=\"\" width=\"125\" height=\"121\" \/><\/a><br \/>\r\n<img class=\"clef_verte alignleft wp-image-14180\" style=\"margin-left: 30px;\" src=\"https:\/\/www.les-sablons.com\/wp-content\/uploads\/2022\/02\/icone-clef-verte.svg\" width=\"100\"height=\"121\" \/>[\/et_pb_text][et_pb_divider color=\"#9d1412\" divider_position=\"center\" divider_weight=\"1px\" _builder_version=\"4.9.4\" module_alignment=\"center\" height=\"1px\" custom_margin=\"140px||||false|false\"][\/et_pb_divider][et_pb_text disabled_on=\"off|off|off\" admin_label=\"Bouton - Menu\" _builder_version=\"4.7.7\" text_text_color=\"#ffffff\"]<div class=\"footer-button\"><a class=\"learn_more\" href=\"\/en\/plan-dacces\/\">ITINERARY<\/a><\/div>\r\n<div class=\"footer-button\"><a class=\"learn_more\" href=\"\/contact\/\">CONTACT US<\/a><\/div>\r\n<div class=\"footer-button\"><a class=\"learn_more\" href=\"\/en\/frequently-asked-questions\/\">F.A.Q<\/a><\/div>\r\n<div class=\"footer-button\"><a class=\"learn_more\" href=\"https:\/\/thelisresa.webcamp.fr\/formulaire.php?camping=sablons&lang=en\">BOOK<\/a><\/div>[\/et_pb_text][\/et_pb_column][\/et_pb_row][\/et_pb_section]","_et_gb_content_width":"","inline_featured_image":false,"footnotes":""},"acf":[],"yoast_head":"<!-- This site is optimized with the Yoast SEO plugin v22.0 - https:\/\/yoast.com\/wordpress\/plugins\/seo\/ -->\n<title>5-Sterne-Campingplatz mit Fahrradverleih an der Mittelmeerk\u00fcste<\/title>\n<meta name=\"robots\" content=\"index, follow, max-snippet:-1, max-image-preview:large, max-video-preview:-1\" \/>\n<link rel=\"canonical\" href=\"https:\/\/www.les-sablons.com\/de\/les-velos-des-sablons\/\" \/>\n<meta property=\"og:locale\" content=\"de_DE\" \/>\n<meta property=\"og:type\" content=\"article\" \/>\n<meta property=\"og:title\" content=\"5-Sterne-Campingplatz mit Fahrradverleih an der Mittelmeerk\u00fcste\" \/>\n<meta property=\"og:description\" content=\"[et_pb_section fb_built=&#8220;1&#8243; fullwidth=&#8220;on&#8220; _builder_version=&#8220;4.9.4&#8243; _module_preset=&#8220;default&#8220; collapsed=&#8220;off&#8220;][et_pb_fullwidth_slider show_arrows=&#8220;off&#8220; show_pagination=&#8220;off&#8220; use_bg_overlay=&#8220;off&#8220; use_text_overlay=&#8220;off&#8220; disabled_on=&#8220;off|off|off&#8220; _builder_version=&#8220;4.9.4&#8243; _module_preset=&#8220;default&#8220; background_enable_image=&#8220;off&#8220; background_position=&#8220;bottom_center&#8220; content_width=&#8220;100%&#8220; content_max_width=&#8220;1280px&#8220; height=&#8220;80vh&#8220; custom_padding=&#8220;8px||8px||false|false&#8220; auto=&#8220;on&#8220;][et_pb_slide use_bg_overlay=&#8220;on&#8220; use_text_overlay=&#8220;off&#8220; alignment=&#8220;bottom&#8220; admin_title=&#8220;ENTRE VIAS ET S\u00c9RIGNAN-PLAGE&#8220; _builder_version=&#8220;4.9.4&#8243; _module_preset=&#8220;default&#8220; body_font_size=&#8220;12px&#8220; body_line_height=&#8220;1em&#8220; background_image=&#8220;https:\/\/www.les-sablons.com\/wp-content\/uploads\/2025\/07\/location_velo_les_sabloons_web-2.jpg&#8220; background_enable_image=&#8220;on&#8220; background_position=&#8220;bottom_right&#8220; sticky_transition=&#8220;on&#8220;] [\/et_pb_slide][\/et_pb_fullwidth_slider][\/et_pb_section][et_pb_section fb_built=&#8220;1&#8243; _builder_version=&#8220;4.9.4&#8243; _module_preset=&#8220;default&#8220; background_enable_image=&#8220;off&#8220; background_size=&#8220;contain&#8220; background_position=&#8220;top_left&#8220; min_height=&#8220;650px&#8220; min_height_tablet=&#8220;&#8220; min_height_phone=&#8220;&#8220; min_height_last_edited=&#8220;on|desktop&#8220; locked=&#8220;off&#8220; collapsed=&#8220;on&#8220;][et_pb_row column_structure=&#8220;1_2,1_2&#8243; use_custom_gutter=&#8220;on&#8220; gutter_width=&#8220;2&#8243; make_equal=&#8220;on&#8220; _builder_version=&#8220;4.9.4&#8243; _module_preset=&#8220;default&#8220; background_enable_image=&#8220;off&#8220; [&hellip;]\" \/>\n<meta property=\"og:url\" content=\"https:\/\/www.les-sablons.com\/de\/les-velos-des-sablons\/\" \/>\n<meta property=\"og:site_name\" content=\"Camping ***** les Sablons\" \/>\n<meta property=\"article:modified_time\" content=\"2025-07-08T08:37:16+00:00\" \/>\n<meta property=\"og:image\" content=\"https:\/\/www.les-sablons.com\/wp-content\/uploads\/\/logo-velo-blanc.svg\" \/>\n<meta name=\"twitter:card\" content=\"summary_large_image\" \/>\n<meta name=\"twitter:label1\" content=\"Gesch\u00e4tzte Lesezeit\" \/>\n\t<meta name=\"twitter:data1\" content=\"14\u00a0Minuten\" \/>\n<script type=\"application\/ld+json\" class=\"yoast-schema-graph\">{\"@context\":\"https:\/\/schema.org\",\"@graph\":[{\"@type\":\"WebPage\",\"@id\":\"https:\/\/www.les-sablons.com\/de\/les-velos-des-sablons\/\",\"url\":\"https:\/\/www.les-sablons.com\/de\/les-velos-des-sablons\/\",\"name\":\"5-Sterne-Campingplatz mit Fahrradverleih an der Mittelmeerk\u00fcste\",\"isPartOf\":{\"@id\":\"https:\/\/www.les-sablons.com\/de\/#website\"},\"datePublished\":\"2022-07-06T12:17:04+00:00\",\"dateModified\":\"2025-07-08T08:37:16+00:00\",\"breadcrumb\":{\"@id\":\"https:\/\/www.les-sablons.com\/de\/les-velos-des-sablons\/#breadcrumb\"},\"inLanguage\":\"de\",\"potentialAction\":[{\"@type\":\"ReadAction\",\"target\":[\"https:\/\/www.les-sablons.com\/de\/les-velos-des-sablons\/\"]}]},{\"@type\":\"BreadcrumbList\",\"@id\":\"https:\/\/www.les-sablons.com\/de\/les-velos-des-sablons\/#breadcrumb\",\"itemListElement\":[{\"@type\":\"ListItem\",\"position\":1,\"name\":\"Accueil\",\"item\":\"https:\/\/www.les-sablons.com\/de\/\"},{\"@type\":\"ListItem\",\"position\":2,\"name\":\"Les V\u00e9los des Sablons\"}]},{\"@type\":\"WebSite\",\"@id\":\"https:\/\/www.les-sablons.com\/de\/#website\",\"url\":\"https:\/\/www.les-sablons.com\/de\/\",\"name\":\"Camping ***** les Sablons\",\"description\":\"les Sablons \u00e0 Portiragnes-Plage, bord de mer M\u00e9diterran\u00e9e, proche Cap d&#039;Agde, Languedoc Roussillon\",\"potentialAction\":[{\"@type\":\"SearchAction\",\"target\":{\"@type\":\"EntryPoint\",\"urlTemplate\":\"https:\/\/www.les-sablons.com\/de\/?s={search_term_string}\"},\"query-input\":\"required name=search_term_string\"}],\"inLanguage\":\"de\"}]}<\/script>\n<!-- \/ Yoast SEO plugin. -->","yoast_head_json":{"title":"5-Sterne-Campingplatz mit Fahrradverleih an der Mittelmeerk\u00fcste","robots":{"index":"index","follow":"follow","max-snippet":"max-snippet:-1","max-image-preview":"max-image-preview:large","max-video-preview":"max-video-preview:-1"},"canonical":"https:\/\/www.les-sablons.com\/de\/les-velos-des-sablons\/","og_locale":"de_DE","og_type":"article","og_title":"5-Sterne-Campingplatz mit Fahrradverleih an der Mittelmeerk\u00fcste","og_description":"[et_pb_section fb_built=&#8220;1&#8243; fullwidth=&#8220;on&#8220; _builder_version=&#8220;4.9.4&#8243; _module_preset=&#8220;default&#8220; collapsed=&#8220;off&#8220;][et_pb_fullwidth_slider show_arrows=&#8220;off&#8220; show_pagination=&#8220;off&#8220; use_bg_overlay=&#8220;off&#8220; use_text_overlay=&#8220;off&#8220; disabled_on=&#8220;off|off|off&#8220; _builder_version=&#8220;4.9.4&#8243; _module_preset=&#8220;default&#8220; background_enable_image=&#8220;off&#8220; background_position=&#8220;bottom_center&#8220; content_width=&#8220;100%&#8220; content_max_width=&#8220;1280px&#8220; height=&#8220;80vh&#8220; custom_padding=&#8220;8px||8px||false|false&#8220; auto=&#8220;on&#8220;][et_pb_slide use_bg_overlay=&#8220;on&#8220; use_text_overlay=&#8220;off&#8220; alignment=&#8220;bottom&#8220; admin_title=&#8220;ENTRE VIAS ET S\u00c9RIGNAN-PLAGE&#8220; _builder_version=&#8220;4.9.4&#8243; _module_preset=&#8220;default&#8220; body_font_size=&#8220;12px&#8220; body_line_height=&#8220;1em&#8220; background_image=&#8220;https:\/\/www.les-sablons.com\/wp-content\/uploads\/2025\/07\/location_velo_les_sabloons_web-2.jpg&#8220; background_enable_image=&#8220;on&#8220; background_position=&#8220;bottom_right&#8220; sticky_transition=&#8220;on&#8220;] [\/et_pb_slide][\/et_pb_fullwidth_slider][\/et_pb_section][et_pb_section fb_built=&#8220;1&#8243; _builder_version=&#8220;4.9.4&#8243; _module_preset=&#8220;default&#8220; background_enable_image=&#8220;off&#8220; background_size=&#8220;contain&#8220; background_position=&#8220;top_left&#8220; min_height=&#8220;650px&#8220; min_height_tablet=&#8220;&#8220; min_height_phone=&#8220;&#8220; min_height_last_edited=&#8220;on|desktop&#8220; locked=&#8220;off&#8220; collapsed=&#8220;on&#8220;][et_pb_row column_structure=&#8220;1_2,1_2&#8243; use_custom_gutter=&#8220;on&#8220; gutter_width=&#8220;2&#8243; make_equal=&#8220;on&#8220; _builder_version=&#8220;4.9.4&#8243; _module_preset=&#8220;default&#8220; background_enable_image=&#8220;off&#8220; [&hellip;]","og_url":"https:\/\/www.les-sablons.com\/de\/les-velos-des-sablons\/","og_site_name":"Camping ***** les Sablons","article_modified_time":"2025-07-08T08:37:16+00:00","og_image":[{"url":"https:\/\/www.les-sablons.com\/wp-content\/uploads\/\/logo-velo-blanc.svg"}],"twitter_card":"summary_large_image","twitter_misc":{"Gesch\u00e4tzte Lesezeit":"14\u00a0Minuten"},"schema":{"@context":"https:\/\/schema.org","@graph":[{"@type":"WebPage","@id":"https:\/\/www.les-sablons.com\/de\/les-velos-des-sablons\/","url":"https:\/\/www.les-sablons.com\/de\/les-velos-des-sablons\/","name":"5-Sterne-Campingplatz mit Fahrradverleih an der Mittelmeerk\u00fcste","isPartOf":{"@id":"https:\/\/www.les-sablons.com\/de\/#website"},"datePublished":"2022-07-06T12:17:04+00:00","dateModified":"2025-07-08T08:37:16+00:00","breadcrumb":{"@id":"https:\/\/www.les-sablons.com\/de\/les-velos-des-sablons\/#breadcrumb"},"inLanguage":"de","potentialAction":[{"@type":"ReadAction","target":["https:\/\/www.les-sablons.com\/de\/les-velos-des-sablons\/"]}]},{"@type":"BreadcrumbList","@id":"https:\/\/www.les-sablons.com\/de\/les-velos-des-sablons\/#breadcrumb","itemListElement":[{"@type":"ListItem","position":1,"name":"Accueil","item":"https:\/\/www.les-sablons.com\/de\/"},{"@type":"ListItem","position":2,"name":"Les V\u00e9los des Sablons"}]},{"@type":"WebSite","@id":"https:\/\/www.les-sablons.com\/de\/#website","url":"https:\/\/www.les-sablons.com\/de\/","name":"Camping ***** les Sablons","description":"les Sablons \u00e0 Portiragnes-Plage, bord de mer M\u00e9diterran\u00e9e, proche Cap d&#039;Agde, Languedoc Roussillon","potentialAction":[{"@type":"SearchAction","target":{"@type":"EntryPoint","urlTemplate":"https:\/\/www.les-sablons.com\/de\/?s={search_term_string}"},"query-input":"required name=search_term_string"}],"inLanguage":"de"}]}},"_links":{"self":[{"href":"https:\/\/www.les-sablons.com\/de\/wp-json\/wp\/v2\/pages\/21450"}],"collection":[{"href":"https:\/\/www.les-sablons.com\/de\/wp-json\/wp\/v2\/pages"}],"about":[{"href":"https:\/\/www.les-sablons.com\/de\/wp-json\/wp\/v2\/types\/page"}],"author":[{"embeddable":true,"href":"https:\/\/www.les-sablons.com\/de\/wp-json\/wp\/v2\/users\/12"}],"replies":[{"embeddable":true,"href":"https:\/\/www.les-sablons.com\/de\/wp-json\/wp\/v2\/comments?post=21450"}],"version-history":[{"count":6,"href":"https:\/\/www.les-sablons.com\/de\/wp-json\/wp\/v2\/pages\/21450\/revisions"}],"predecessor-version":[{"id":43771,"href":"https:\/\/www.les-sablons.com\/de\/wp-json\/wp\/v2\/pages\/21450\/revisions\/43771"}],"wp:attachment":[{"href":"https:\/\/www.les-sablons.com\/de\/wp-json\/wp\/v2\/media?parent=21450"}],"curies":[{"name":"wp","href":"https:\/\/api.w.org\/{rel}","templated":true}]}}